{"id":3182,"date":"2024-05-04T17:55:23","date_gmt":"2024-05-04T15:55:23","guid":{"rendered":"https:\/\/agora.xtec.cat\/escolagermanesbertomeu\/?page_id=3182"},"modified":"2024-05-04T17:58:34","modified_gmt":"2024-05-04T15:58:34","slug":"no-al-tancament-de-linies","status":"publish","type":"page","link":"https:\/\/agora.xtec.cat\/escolagermanesbertomeu\/serveis\/no-al-tancament-de-linies\/","title":{"rendered":"No al tancament de l\u00ednies!"},"content":{"rendered":"<p dir=\"ltr\">Aquest dimarts 30 d\u2019abril de 2024 els Serveis Territorials de Maresme-Vall\u00e8s Oriental han informat l\u2019escola p\u00fablica Germanes Bertomeu que tancaran una l\u00ednia l\u2019I3. Com a AFA del centre, i amb el suport de les fam\u00edlies afectades, considerem aquesta decisi\u00f3 totalment inadmissible i exigim als Serveis Territorials que rectifiquin la seva decisi\u00f3 de manera immediata pels seg\u00fcents motius:<\/p>\n<ul>\n<li dir=\"ltr\">\n<p dir=\"ltr\">La decisi\u00f3 xoca frontalment amb el Pacte contra la segregaci\u00f3 escolar, ja que, lluny de reduir-la, far\u00e0 que augmenti encara m\u00e9s al nostre centre.<\/p>\n<\/li>\n<li dir=\"ltr\">\n<p dir=\"ltr\">El ple de Matar\u00f3 va validar per unanimitat el document elaborat pel Consell Escolar de Matar\u00f3 sobre la planificaci\u00f3 escolar 22-27, en qu\u00e8 desaconsellava el tancament de l\u00ednies a Centres de M\u00e0xima Complexitat com el nostre, at\u00e8s que el tancament fa que augmenti encara m\u00e9s el nivell de segregaci\u00f3.<\/p>\n<\/li>\n<li dir=\"ltr\">\n<p dir=\"ltr\">Per a prendre la decisi\u00f3 del tancament, no s\u2019han tingut en compte les segones, terceres i quartes opcions de les fam\u00edlies, malgrat que sabem que amb aquestes matr\u00edcules hi hauria prou alumnat per a fer dos grups. Aquesta omissi\u00f3 \u00e9s especialment preocupant, perqu\u00e8 aquestes fam\u00edlies permetrien reduir el grau de segregaci\u00f3.<\/p>\n<\/li>\n<li dir=\"ltr\">\n<p dir=\"ltr\">La proposta del Departament de comen\u00e7ar per sobre la r\u00e0tio far\u00e0 que el grup, amb un \u00edndex d\u2019alumnat NESE molt m\u00e9s alt que a la majoria de centres, tingui, a m\u00e9s a m\u00e9s, una r\u00e0tio m\u00e9s elevada.<\/p>\n<\/li>\n<li dir=\"ltr\">\n<p dir=\"ltr\">El tancament d\u2019una l\u00ednia aquest any pot afectar molt les matriculacions del curs vinent, i pot condemnar el centre a una segregaci\u00f3 absoluta de manera perp\u00e8tua.<\/p>\n<\/li>\n<li dir=\"ltr\">\n<p dir=\"ltr\">Els Articles 27 i 28 del DECRET 11\/2021 deixen clar que l\u2019oferta educativa ha d\u2019atendre, en primer lloc, l\u2019impacte sobre la segregaci\u00f3 escolar, i \u00e9s evident que el tancament de la l\u00ednia va clarament en direcci\u00f3 contr\u00e0ria.<\/p>\n<\/li>\n<li dir=\"ltr\">\n<p dir=\"ltr\">\u00c9s incomprensible que el Departament d\u2019Educaci\u00f3, en comptes de planificar i gestionar les l\u00ednies amb criteris educatius, continu\u00ef sense planificar i deixant la decisi\u00f3 dels tancaments a merc\u00e8 de la tria de les fam\u00edlies, malgrat saber que aix\u00f2 el que fa \u00e9s augmentar la segregaci\u00f3.<\/p>\n<\/li>\n<li dir=\"ltr\">\n<p dir=\"ltr\">El tancament de la l\u00ednia durant el per\u00edode de preinscripci\u00f3 i matr\u00edcula \u00e9s poc \u00e8tic i \u00e9s un greuge comparatiu entre les fam\u00edlies, que han fet la tria segons la oferta inicial i han vist com se\u2019ls modificava enmig del proc\u00e9s.<\/p>\n<\/li>\n<li dir=\"ltr\">\n<p dir=\"ltr\">La nostra escola, malgrat tenir un projecte educatiu brillant, fa anys que arrossega un estigma per l\u2019alt grau de segregaci\u00f3 que pateix, i aquesta decisi\u00f3 dinamita tots els esfor\u00e7os que l\u2019equip docent i les fam\u00edlies estem fent per a revertir aquesta situaci\u00f3.<\/p>\n<\/li>\n<li dir=\"ltr\">\n<p dir=\"ltr\">No entenem que des del Departament es tanquin l\u00ednies p\u00fabliques i s\u2019afavoreixi que part de l\u2019alumnat que no pot accedir-hi acabi a centres concertats, augmentant aix\u00ed la privatitzaci\u00f3 de l\u2019ensenyament i el grau de segregaci\u00f3.<\/p>\n<\/li>\n<li dir=\"ltr\">\n<p dir=\"ltr\">\u00c9s pervers que, mentre ERC presenta un programa electoral per als propers comicis del 12 de maig en el qual defensa un pla de xoc contra la segregaci\u00f3 escolar, prengui decisions que van en la l\u00ednia contr\u00e0ria.<\/p>\n<\/li>\n<li dir=\"ltr\">\n<p dir=\"ltr\">Tancar una l\u00ednia d\u2019una escola de barri \u00e9s posar en perill un model de conviv\u00e8ncia i atacar la nostra identitat de barri, per la qual treballem cada dia. Som un barri cohesionat, amb una comunitat ve\u00efnal i educativa forta, i activarem tots els mecanismes de pressi\u00f3 que considerem oportuns per a demostrar-ho.<\/p>\n<\/li>\n<\/ul>\n<p dir=\"ltr\">Per tot aix\u00f2, exigim als Serveis Territorials una rectificaci\u00f3 immediata. Des de l\u2019AFA farem servir totes les eines que tinguem a l\u2019abast per aconseguir una rectificaci\u00f3. En aquest sentit, us emplacem a adherir-vos a aquest manifest omplint aquest formulari:<\/p>\n<p><a href=\"https:\/\/docs.google.com\/forms\/d\/e\/1FAIpQLSerCj3VwcRseJtVR9NdCmNw8ls5ERnC_NiTEwLg5EKwDX3ZiA\/viewform?fbzx=-4308510926222823619\" target=\"_blank\" rel=\"noopener\">Manifest contra el tancament de la l\u00ednia a l&#8217;escola<\/a><\/p>\n<p>Ja s\u00f3n moltes les entitats i les persones que ens donen el seu suport: <a href=\"https:\/\/sites.google.com\/xtec.cat\/aturemlasegregaciescolar\/llistat-dadhesions\" target=\"_blank\" rel=\"noopener\">Llistat d&#8217;adhesions<\/a><\/p>\n<p dir=\"ltr\">Signat:<\/p>\n<p dir=\"ltr\"><em>AFA Escola P\u00fablica GERMANES BERTOMEU<\/em><\/p>\n<p dir=\"ltr\"><em>Grup de Fam\u00edlies Afectades<\/em><\/p>\n","protected":false},"excerpt":{"rendered":"<p>Aquest dimarts 30 d\u2019abril de 2024 els Serveis Territorials de Maresme-Vall\u00e8s Oriental han informat l\u2019escola p\u00fablica Germanes Bertomeu que tancaran una l\u00ednia l\u2019I3. Com a AFA del centre, i amb el suport de les fam\u00edlies afectades, considerem aquesta decisi\u00f3 totalment inadmissible i exigim als Serveis&hellip;  <a href=\"https:\/\/agora.xtec.cat\/escolagermanesbertomeu\/serveis\/no-al-tancament-de-linies\/\" title=\"Read No al tancament de l\u00ednies!\">Llegeix m\u00e9s\u00bb<\/a><\/p>\n","protected":false},"author":1,"featured_media":0,"parent":66,"menu_order":4,"comment_status":"closed","ping_status":"closed","template":"page-templates\/side-menu.php","meta":{"_bbp_topic_count":0,"_bbp_reply_count":0,"_bbp_total_topic_count":0,"_bbp_total_reply_count":0,"_bbp_voice_count":0,"_bbp_anonymous_reply_count":0,"_bbp_topic_count_hidden":0,"_bbp_reply_count_hidden":0,"_bbp_forum_subforum_count":0,"footnotes":""},"class_list":["post-3182","page","type-page","status-publish","hentry"],"post_mailing_queue_ids":[],"_links":{"self":[{"href":"https:\/\/agora.xtec.cat\/escolagermanesbertomeu\/wp-json\/wp\/v2\/pages\/3182","targetHints":{"allow":["GET"]}}],"collection":[{"href":"https:\/\/agora.xtec.cat\/escolagermanesbertomeu\/wp-json\/wp\/v2\/pages"}],"about":[{"href":"https:\/\/agora.xtec.cat\/escolagermanesbertomeu\/wp-json\/wp\/v2\/types\/page"}],"author":[{"embeddable":true,"href":"https:\/\/agora.xtec.cat\/escolagermanesbertomeu\/wp-json\/wp\/v2\/users\/1"}],"replies":[{"embeddable":true,"href":"https:\/\/agora.xtec.cat\/escolagermanesbertomeu\/wp-json\/wp\/v2\/comments?post=3182"}],"version-history":[{"count":1,"href":"https:\/\/agora.xtec.cat\/escolagermanesbertomeu\/wp-json\/wp\/v2\/pages\/3182\/revisions"}],"predecessor-version":[{"id":3183,"href":"https:\/\/agora.xtec.cat\/escolagermanesbertomeu\/wp-json\/wp\/v2\/pages\/3182\/revisions\/3183"}],"up":[{"embeddable":true,"href":"https:\/\/agora.xtec.cat\/escolagermanesbertomeu\/wp-json\/wp\/v2\/pages\/66"}],"wp:attachment":[{"href":"https:\/\/agora.xtec.cat\/escolagermanesbertomeu\/wp-json\/wp\/v2\/media?parent=3182"}],"curies":[{"name":"wp","href":"https:\/\/api.w.org\/{rel}","templated":true}]}}