{"id":2487,"date":"2021-01-17T19:39:54","date_gmt":"2021-01-17T18:39:54","guid":{"rendered":"http:\/\/agora.xtec.cat\/escolagermanesbertomeu\/?page_id=2487"},"modified":"2026-04-23T09:25:35","modified_gmt":"2026-04-23T07:25:35","slug":"portes-obertes-preinscripcio-i-matricula","status":"publish","type":"page","link":"https:\/\/agora.xtec.cat\/escolagermanesbertomeu\/lescola\/portes-obertes-preinscripcio-i-matricula\/","title":{"rendered":"Preinscripci\u00f3, matr\u00edcula i portes obertes (curs 2026-2027)"},"content":{"rendered":"<p>Aquesta p\u00e0gina va adre\u00e7ada a totes aquelles <strong>fam\u00edlies<\/strong> que esteu valorant o heu fet la sol\u00b7licitud de preinscripci\u00f3 a l&#8217;escola Germanes Bertomeu. Hi trobareu la<strong> informaci\u00f3<\/strong> m\u00e9s pr\u00e0ctica de l&#8217;escola i <strong>enlla\u00e7os d&#8217;inter\u00e8s<\/strong>.<\/p>\n<h2><strong>Publicacions: <\/strong><\/h2>\n<ul>\n<li style=\"list-style-type: none;\">\n<ul>\n<li><a href=\"https:\/\/agora.xtec.cat\/escolagermanesbertomeu\/wp-content\/uploads\/usu1488\/2026\/03\/INFORME_OFERTA_OME_INFORME_OFERTA.pdf\" target=\"_blank\" rel=\"noopener\">oferta inicial<\/a><\/li>\n<li><a href=\"https:\/\/agora.xtec.cat\/escolagermanesbertomeu\/wp-content\/uploads\/usu1488\/2026\/04\/INFORME_BAREM_PROVISIONAL_BAREM.pdf\" target=\"_blank\" rel=\"noopener\">Llistat de sol\u00b7licituds amb puntuaci\u00f3 provisional<\/a><\/li>\n<li><a href=\"https:\/\/agora.xtec.cat\/escolagermanesbertomeu\/wp-content\/uploads\/usu1488\/2026\/04\/INFORME_BAREM_RESOLTES_BAREM.pdf\" target=\"_blank\" rel=\"noopener\">Llistat de sol\u00b7licituds amb puntuaci\u00f3 definitiva i n\u00ba de desempat assignat<\/a><\/li>\n<li>N\u00famero de desempat (pendent publicaci\u00f3 28.04.26)<\/li>\n<\/ul>\n<\/li>\n<\/ul>\n<p>&nbsp;<\/p>\n<p><strong style=\"font-family: inherit; font-size: 1em;\">Enlla\u00e7 a la sol\u00b7licitud en l\u00ednia:<\/strong><\/p>\n<h5><strong>\u00a0 \u00a0<a href=\"https:\/\/tramits.gencat.cat\/ca\/tramits\/tramits-temes\/perinscripcio-obligatoris?&amp;moda=1\" target=\"_blank\" rel=\"noopener\">Educaci\u00f3 Infantil (3-6 anys)<\/a>\u00a0 \u00a0 \u00a0 \u00a0 \u00a0 <a href=\"https:\/\/tramits.gencat.cat\/ca\/tramits\/tramits-temes\/perinscripcio-obligatoris?&amp;moda=2\" target=\"_blank\" rel=\"noopener\">Educaci\u00f3 Prim\u00e0ria (6-12 anys)<\/a><\/strong><\/h5>\n<p><a href=\"https:\/\/preinscripcio.gencat.cat\/ca\/estudis\/infantil-3-6\/inici\/\"><img loading=\"lazy\" decoding=\"async\" class=\"alignnone wp-image-3132 size-full\" src=\"https:\/\/agora.xtec.cat\/escolagermanesbertomeu\/wp-content\/uploads\/usu1488\/2024\/02\/infantil-3-6.png\" alt=\"\" width=\"271\" height=\"271\" srcset=\"https:\/\/agora.xtec.cat\/escolagermanesbertomeu\/wp-content\/uploads\/usu1488\/2024\/02\/infantil-3-6.png 271w, https:\/\/agora.xtec.cat\/escolagermanesbertomeu\/wp-content\/uploads\/usu1488\/2024\/02\/infantil-3-6-150x150.png 150w\" sizes=\"auto, (max-width: 271px) 100vw, 271px\" \/><\/a> <a href=\"https:\/\/preinscripcio.gencat.cat\/ca\/estudis\/primaria\/inici\/\"><img loading=\"lazy\" decoding=\"async\" class=\"alignnone wp-image-3133 size-full\" src=\"https:\/\/agora.xtec.cat\/escolagermanesbertomeu\/wp-content\/uploads\/usu1488\/2024\/02\/primaria.png\" alt=\"\" width=\"271\" height=\"271\" srcset=\"https:\/\/agora.xtec.cat\/escolagermanesbertomeu\/wp-content\/uploads\/usu1488\/2024\/02\/primaria.png 271w, https:\/\/agora.xtec.cat\/escolagermanesbertomeu\/wp-content\/uploads\/usu1488\/2024\/02\/primaria-150x150.png 150w\" sizes=\"auto, (max-width: 271px) 100vw, 271px\" \/><\/a><\/p>\n<h4><a href=\"https:\/\/preinscripcio.gencat.cat\/ca\/inici\/\" target=\"_blank\" rel=\"noopener\">Preinscripcions<\/a>:<\/h4>\n<ul>\n<li>Segon cicle d&#8217;Ed. Infantil i Prim\u00e0ria: del <strong>4 al 18 de mar\u00e7<\/strong><\/li>\n<li>Possibilitat de sol\u00b7licitar formar part d&#8217;un <a href=\"https:\/\/www.mataro.cat\/sites\/mataro-ciutat-educadora\/preinscripcio\/escoles-infantil-primaria-i-secundaria-26-27\" target=\"_blank\" rel=\"noopener\"><strong>Grup Singular<\/strong><\/a><\/li>\n<\/ul>\n<h3><strong>Portes Obertes 2026<\/strong><\/h3>\n<p><iframe loading=\"lazy\" src=\"\/\/www.youtube.com\/embed\/t4vAYonquyo\" width=\"300\" height=\"168\" allowfullscreen=\"allowfullscreen\" data-mce-fragment=\"1\"><\/iframe><\/p>\n<ul>\n<li><strong>JORNADA de Portes Obertes: <\/strong>\n<ul>\n<li>Dia: dissabte <strong>28 de febrer de 2026 de 10:30-13h<\/strong><\/li>\n<li>Empla\u00e7ament: <a href=\"https:\/\/goo.gl\/maps\/BPVm8J2CNbkSJTw3A\" target=\"_blank\" rel=\"noopener\">Edifici Infantil: Ronda Rafael Estrany, 2<\/a><\/li>\n<li>Reserves: <a href=\"mailto:a8020929@xtec.cat\">a8020929@xtec.cat<\/a> \/ 937960092<\/li>\n<\/ul>\n<\/li>\n<\/ul>\n<ul>\n<li><strong>Projecte Educatiu:<\/strong>\n<ul>\n<li style=\"list-style-type: none;\">\n<ul>\n<li>Versi\u00f3 <a href=\"https:\/\/www.youtube.com\/watch?v=t4vAYonquyo&amp;feature=youtu.be\">clip de video<\/a><\/li>\n<li>Versi\u00f3 <a href=\"https:\/\/agora.xtec.cat\/escolagermanesbertomeu\/wp-content\/uploads\/usu1488\/2026\/01\/PROJECTE-EDUCATIU-Tamano-original.pdf\" target=\"_blank\" rel=\"noopener\">infografia<\/a><\/li>\n<li><a href=\"https:\/\/agora.xtec.cat\/escolagermanesbertomeu\/wp-content\/uploads\/usu1488\/2026\/01\/Ladaptacio-a-lescola.pdf\" target=\"_blank\" rel=\"noopener\">L&#8217;adaptaci\u00f3 a l&#8217;escola<\/a> (3 anys)<\/li>\n<\/ul>\n<\/li>\n<\/ul>\n<\/li>\n<\/ul>\n<ul>\n<li><strong>Les instal\u00b7lacions<\/strong>:\n<ul>\n<li><a href=\"https:\/\/photos.google.com\/share\/AF1QipOlNlEnYaPMUSqoKjvuLPazVM-u583TDCecspYZWzrQ5WycQlAW7lk00Tirkfg28A?key=dWRJd2RMbEk0TEllTnpOWjhPWFMzWGlod3pfUmdn\">Escola Petita<\/a><\/li>\n<li><a href=\"https:\/\/photos.google.com\/share\/AF1QipND2p3_RBrvGMHgC0Wxu3aLNW3pAvdgkTqd87X_TRlpuvx-1UUZZ6m2e-vU7vRdcA?key=alFJZVFmTGJjRUJVZ25XTXlTbEVQWUV2NUxQaFVB\">Prim\u00e0ria<\/a><\/li>\n<\/ul>\n<\/li>\n<\/ul>\n<ul>\n<li><strong>Horari lectiu<\/strong>:\n<ul>\n<li>Ed. Infantil: 8.30h-12h i de 15h-16.30h<\/li>\n<li>Ed. Prim\u00e0ria: de 8.30h-13h i de 15h-16.30h<\/li>\n<\/ul>\n<\/li>\n<\/ul>\n<ul>\n<li><strong>Serveis<\/strong>:\n<ul>\n<li><a href=\"https:\/\/agora.xtec.cat\/escolagermanesbertomeu\/serveis\/acollida\/\">Perman\u00e8ncies<\/a>:\n<ul>\n<li>Matinal: 7.45h &#8211; 8.30h<\/li>\n<li>Migdia (nom\u00e9s infants Ed. Infantil): 12h &#8211; 13h<\/li>\n<\/ul>\n<\/li>\n<li><a href=\"https:\/\/agora.xtec.cat\/escolagermanesbertomeu\/serveis\/menjador-escolar\/\">Menjador escolar<\/a>: 12h\/13h &#8211; 15h<\/li>\n<li><a href=\"https:\/\/www.mataro.cat\/sites\/mataro-educa\/activitats#b_start=0&amp;c10=mataro-educa-rocafonda\" target=\"_blank\" rel=\"noopener\">Activitats de lleure<\/a>: 16.30 &#8211; 18.15h<\/li>\n<\/ul>\n<\/li>\n<\/ul>\n<ul>\n<li><strong>Quotes (previsi\u00f3)<\/strong>:\n<ul>\n<li>Material: 100\u20ac<\/li>\n<li>Sortides: 70\u20ac\/curs<\/li>\n<li><a href=\"https:\/\/agora.xtec.cat\/escolagermanesbertomeu\/wp-content\/uploads\/usu1488\/2026\/03\/Triptic-AFA.pdf\" target=\"_blank\" rel=\"noopener\">AFA<\/a>: 15\u20ac\/fam\u00edlia\/curs<\/li>\n<li>Perman\u00e8ncies: 1&#8217;50\u20ac\/dia<\/li>\n<li>Menjador: 7&#8217;25\u20ac<\/li>\n<li>Activitats de lleure: <a href=\"https:\/\/www.mataro.cat\/sites\/mataro-educa\/activitats#b_start=0&amp;c10=mataro-educa-rocafonda\" target=\"_blank\" rel=\"noopener\">Matar\u00f3 Educa+<\/a> (gesti\u00f3 municipal)<\/li>\n<\/ul>\n<\/li>\n<\/ul>\n<p><span style=\"font-family: inherit; font-size: 1em;\">Si necessiteu ampliar la informaci\u00f3, no dubteu a contactar amb nosaltres:<\/span><\/p>\n<ul>\n<li>Tel\u00e8fon: 937 960 092\u00a0 \/ 640 142 176 (9-13h i de 15-16.30h)<\/li>\n<li>Correu electr\u00f2nic: <span style=\"text-decoration: underline;\">a8020929<span class=\"\">@xtec.ca<\/span>t<\/span><\/li>\n<\/ul>\n<p>&nbsp;<\/p>\n<p><strong>PORTES OBERTES A LES ESCOLES P\u00daBLIQUES DE MATAR\u00d3<\/strong><\/p>\n<p>Les escoles p\u00fabliques de Matar\u00f3 <a href=\"https:\/\/www.mataro.cat\/sites\/mataro-ciutat-educadora\/preinscripcio\/escoles-infantil-primaria-i-secundaria-26-27\" target=\"_blank\" rel=\"noopener\">obrim les nostres portes<\/a> perqu\u00e8 pugueu con\u00e8ixer de prop els projectes educatius, els espais i els valors d\u2019una escola inclusiva i de qualitat.<\/p>\n<p><strong>Per qu\u00e8 triar l\u2019escola p\u00fablica?<\/strong><\/p>\n<p>\u2665\u00a0Educaci\u00f3 de qualitat i per a tothom<br \/>\n\u2665\u00a0Inclusi\u00f3 i valors<br \/>\n\u2665 Comprom\u00eds<\/p>\n<p><a href=\"https:\/\/agora.xtec.cat\/escolagermanesbertomeu\/wp-content\/uploads\/usu1488\/2026\/01\/Cartell-publica-INSTAGRAM.png\"><img loading=\"lazy\" decoding=\"async\" class=\"alignnone wp-image-3402 size-large\" src=\"https:\/\/agora.xtec.cat\/escolagermanesbertomeu\/wp-content\/uploads\/usu1488\/2026\/01\/Cartell-publica-INSTAGRAM-819x1024.png\" alt=\"\" width=\"819\" height=\"1024\" srcset=\"https:\/\/agora.xtec.cat\/escolagermanesbertomeu\/wp-content\/uploads\/usu1488\/2026\/01\/Cartell-publica-INSTAGRAM-819x1024.png 819w, https:\/\/agora.xtec.cat\/escolagermanesbertomeu\/wp-content\/uploads\/usu1488\/2026\/01\/Cartell-publica-INSTAGRAM-240x300.png 240w, https:\/\/agora.xtec.cat\/escolagermanesbertomeu\/wp-content\/uploads\/usu1488\/2026\/01\/Cartell-publica-INSTAGRAM-768x960.png 768w, https:\/\/agora.xtec.cat\/escolagermanesbertomeu\/wp-content\/uploads\/usu1488\/2026\/01\/Cartell-publica-INSTAGRAM.png 1080w\" sizes=\"auto, (max-width: 819px) 100vw, 819px\" \/><\/a><\/p>\n<p><a href=\"https:\/\/agora.xtec.cat\/escolagermanesbertomeu\/wp-content\/uploads\/usu1488\/2026\/03\/escola-publica_cartell_page-0001-scaled.jpg\"><img loading=\"lazy\" decoding=\"async\" class=\"alignnone size-large wp-image-3450\" src=\"https:\/\/agora.xtec.cat\/escolagermanesbertomeu\/wp-content\/uploads\/usu1488\/2026\/03\/escola-publica_cartell_page-0001-724x1024.jpg\" alt=\"\" width=\"724\" height=\"1024\" srcset=\"https:\/\/agora.xtec.cat\/escolagermanesbertomeu\/wp-content\/uploads\/usu1488\/2026\/03\/escola-publica_cartell_page-0001-724x1024.jpg 724w, https:\/\/agora.xtec.cat\/escolagermanesbertomeu\/wp-content\/uploads\/usu1488\/2026\/03\/escola-publica_cartell_page-0001-212x300.jpg 212w, https:\/\/agora.xtec.cat\/escolagermanesbertomeu\/wp-content\/uploads\/usu1488\/2026\/03\/escola-publica_cartell_page-0001-768x1086.jpg 768w, https:\/\/agora.xtec.cat\/escolagermanesbertomeu\/wp-content\/uploads\/usu1488\/2026\/03\/escola-publica_cartell_page-0001-1086x1536.jpg 1086w, https:\/\/agora.xtec.cat\/escolagermanesbertomeu\/wp-content\/uploads\/usu1488\/2026\/03\/escola-publica_cartell_page-0001-1448x2048.jpg 1448w, https:\/\/agora.xtec.cat\/escolagermanesbertomeu\/wp-content\/uploads\/usu1488\/2026\/03\/escola-publica_cartell_page-0001-scaled.jpg 1810w\" sizes=\"auto, (max-width: 724px) 100vw, 724px\" \/><\/a><\/p>\n","protected":false},"excerpt":{"rendered":"<p>Aquesta p\u00e0gina va adre\u00e7ada a totes aquelles fam\u00edlies que esteu valorant o heu fet la sol\u00b7licitud de preinscripci\u00f3 a l&#8217;escola Germanes Bertomeu. Hi trobareu la informaci\u00f3 m\u00e9s pr\u00e0ctica de l&#8217;escola i enlla\u00e7os d&#8217;inter\u00e8s.<br \/>\nPublicacions: <\/p>\n<ul>\n<li style=\"list-style-type: none;\">\n<ul>\n<li><a href=\"https:\/\/agora.xtec.cat\/escolagermanesbertomeu\/wp-content\/uploads\/usu1488\/2026\/03\/INFORME_OFERTA_OME_INFORME_OFERTA.pdf\" target=\"_blank\" rel=\"noopener\">oferta inicial<\/a><\/li>\n<li><a href=\"https:\/\/agora.xtec.cat\/escolagermanesbertomeu\/wp-content\/uploads\/usu1488\/2026\/04\/INFORME_BAREM_PROVISIONAL_BAREM.pdf\" target=\"_blank\" rel=\"noopener\">Llistat de sol\u00b7licituds&hellip;  <a href=\"https:\/\/agora.xtec.cat\/escolagermanesbertomeu\/lescola\/portes-obertes-preinscripcio-i-matricula\/\" title=\"Read Preinscripci\u00f3, matr\u00edcula i portes obertes (curs 2026-2027)\">Llegeix m\u00e9s\u00bb<\/a><br \/>\n","protected":false},"author":1,"featured_media":0,"parent":22,"menu_order":0,"comment_status":"closed","ping_status":"closed","template":"page-templates\/side-menu.php","meta":{"_bbp_topic_count":0,"_bbp_reply_count":0,"_bbp_total_topic_count":0,"_bbp_total_reply_count":0,"_bbp_voice_count":0,"_bbp_anonymous_reply_count":0,"_bbp_topic_count_hidden":0,"_bbp_reply_count_hidden":0,"_bbp_forum_subforum_count":0,"footnotes":""},"class_list":["post-2487","page","type-page","status-publish","hentry"],"post_mailing_queue_ids":[],"_links":{"self":[{"href":"https:\/\/agora.xtec.cat\/escolagermanesbertomeu\/wp-json\/wp\/v2\/pages\/2487","targetHints":{"allow":["GET"]}}],"collection":[{"href":"https:\/\/agora.xtec.cat\/escolagermanesbertomeu\/wp-json\/wp\/v2\/pages"}],"about":[{"href":"https:\/\/agora.xtec.cat\/escolagermanesbertomeu\/wp-json\/wp\/v2\/types\/page"}],"author":[{"embeddable":true,"href":"https:\/\/agora.xtec.cat\/escolagermanesbertomeu\/wp-json\/wp\/v2\/users\/1"}],"replies":[{"embeddable":true,"href":"https:\/\/agora.xtec.cat\/escolagermanesbertomeu\/wp-json\/wp\/v2\/comments?post=2487"}],"version-history":[{"count":6,"href":"https:\/\/agora.xtec.cat\/escolagermanesbertomeu\/wp-json\/wp\/v2\/pages\/2487\/revisions"}],"predecessor-version":[{"id":3461,"href":"https:\/\/agora.xtec.cat\/escolagermanesbertomeu\/wp-json\/wp\/v2\/pages\/2487\/revisions\/3461"}],"up":[{"embeddable":true,"href":"https:\/\/agora.xtec.cat\/escolagermanesbertomeu\/wp-json\/wp\/v2\/pages\/22"}],"wp:attachment":[{"href":"https:\/\/agora.xtec.cat\/escolagermanesbertomeu\/wp-json\/wp\/v2\/media?parent=2487"}],"curies":[{"name":"wp","href":"https:\/\/api.w.org\/{rel}","templated":true}]}}