{"id":2151,"date":"2020-02-03T21:13:04","date_gmt":"2020-02-03T20:13:04","guid":{"rendered":"http:\/\/agora.xtec.cat\/escolagermanesbertomeu\/?page_id=2151"},"modified":"2024-03-22T10:26:06","modified_gmt":"2024-03-22T09:26:06","slug":"projectes-dequitat","status":"publish","type":"page","link":"https:\/\/agora.xtec.cat\/escolagermanesbertomeu\/projectes-dequitat\/","title":{"rendered":"Projectes d&#8217;equitat i millora educativa"},"content":{"rendered":"<p>El curs <strong>2019-2020<\/strong>, l&#8217;escola va participar de dos programes co-finan\u00e7ats pel Ministeri d&#8217;Educaci\u00f3 i Formaci\u00f3 Professional i el Fons Social Europeu 2014-2020. Concretament, aquests programes van ser:<\/p>\n<div>\n<ul>\n<li style=\"text-align: justify;\">Programa d&#8217;orientaci\u00f3 i refor\u00e7 per a l&#8217;avan\u00e7 i suport a l&#8217;educaci\u00f3 (POEFE).<\/li>\n<li style=\"text-align: justify;\">Projecte d&#8217;\u00e8xit educatiu en favor de l&#8217;alumnat, (POEFA).<\/li>\n<\/ul>\n<\/div>\n<p>El primer es va concretar en l&#8217;organitzaci\u00f3 d&#8217;un <strong>Taller de refor\u00e7 educatiu<\/strong> dirigit a alguns alumnes de 5\u00e8 en horari no lectiu i de dues sessions setmanals.<\/p>\n<p>El segon, anomenat <strong>Educaci\u00f3 360 per a tothom<\/strong>, va constar de diferents activitats dirigides a alumnes i fam\u00edlies:<\/p>\n<div>\n<ul>\n<li>suport als alumnes de CS dins l&#8217;aula ordin\u00e0ria per part d&#8217;una professional.<\/li>\n<li>ajuts a fam\u00edlies d&#8217;alumnes per participar en activitats complement\u00e0ries, com col\u00f2nies i sortides.<\/li>\n<li>tractaments espec\u00edfics a infants amb necessitats educatives per part de professionals, fora de l&#8217;horari escolar.<\/li>\n<li>tallers dirigits a fam\u00edlies i alumnes sobre diferents tem\u00e0tiques.<\/li>\n<\/ul>\n<p><a href=\"https:\/\/agora.xtec.cat\/escolagermanesbertomeu\/wp-content\/uploads\/usu1488\/2019\/12\/logo-UE.jpg\"><img loading=\"lazy\" decoding=\"async\" class=\"aligncenter wp-image-2081\" src=\"https:\/\/agora.xtec.cat\/escolagermanesbertomeu\/wp-content\/uploads\/usu1488\/2019\/12\/logo-UE.jpg\" alt=\"\" width=\"237\" height=\"55\" srcset=\"https:\/\/agora.xtec.cat\/escolagermanesbertomeu\/wp-content\/uploads\/usu1488\/2019\/12\/logo-UE.jpg 500w, https:\/\/agora.xtec.cat\/escolagermanesbertomeu\/wp-content\/uploads\/usu1488\/2019\/12\/logo-UE-300x70.jpg 300w\" sizes=\"auto, (max-width: 237px) 100vw, 237px\" \/><\/a><\/p>\n<p><a href=\"https:\/\/agora.xtec.cat\/escolagermanesbertomeu\/wp-content\/uploads\/usu1488\/2019\/12\/logo-ESP.jpg\"><img loading=\"lazy\" decoding=\"async\" class=\"aligncenter wp-image-2082\" src=\"https:\/\/agora.xtec.cat\/escolagermanesbertomeu\/wp-content\/uploads\/usu1488\/2019\/12\/logo-ESP.jpg\" alt=\"\" width=\"219\" height=\"55\" srcset=\"https:\/\/agora.xtec.cat\/escolagermanesbertomeu\/wp-content\/uploads\/usu1488\/2019\/12\/logo-ESP.jpg 689w, https:\/\/agora.xtec.cat\/escolagermanesbertomeu\/wp-content\/uploads\/usu1488\/2019\/12\/logo-ESP-300x75.jpg 300w\" sizes=\"auto, (max-width: 219px) 100vw, 219px\" \/><\/a><\/p>\n<p>Els cursos <strong>2020-2021 i 2021-2022<\/strong>, l&#8217;escola va gaudir d&#8217;un fons provinent del Departament d&#8217;Educaci\u00f3 que promocionava l&#8217;equitat educativa, augmentant les oportunitats d&#8217;\u00e8xit a tothom. Es tracta del <strong>Programa de Millora de les Oportunitats Educatives<\/strong> (PMOE), que es va elaborar tot implementant diverses mesures al voltant d&#8217;aquests \u00e0mbits:<\/p>\n<ul>\n<li>Reducci\u00f3 de les barreres econ\u00f2miques<\/li>\n<li>Acompanyament, motivaci\u00f3 i suport a l&#8217;alumnat i refor\u00e7 de l&#8217;atenci\u00f3 educativa<\/li>\n<li>Acompanyament, implicaci\u00f3 i participaci\u00f3 de les fam\u00edlies<\/li>\n<li>Acci\u00f3 educativa comunit\u00e0ria i oportunitats educatives m\u00e9s enll\u00e0 de l\u2019escola<\/li>\n<\/ul>\n<p>Si voleu, aqu\u00ed podeu consultar els extractes de <span style=\"font-family: inherit; font-size: 1em;\">les mem\u00f2ries corresponents:<\/span><\/p>\n<ul>\n<li><a style=\"font-family: inherit; font-size: 1em;\" href=\"https:\/\/drive.google.com\/file\/d\/1cyyipFowRYBHdWnT8i6pelLlNWILo7jn\/view?usp=sharing\" target=\"_blank\" rel=\"noopener\">Mem\u00f2ria PMOE curs 2020-21\u00a0<\/a><\/li>\n<li><a href=\"https:\/\/agora.xtec.cat\/escolagermanesbertomeu\/wp-content\/uploads\/usu1488\/2023\/01\/Memoria-PMOE-2021-2022.pdf\">Mem\u00f2ria PMOE 2021-2022<\/a><\/li>\n<\/ul>\n<p>&nbsp;<\/p>\n<p><span style=\"font-family: inherit; font-size: 1em;\">Des del curs 2022-23 i fins el 2023-24, l&#8217;escola participa del <\/span><b style=\"font-family: inherit; font-size: 1em;\">Programa per al l&#8217;Orientaci\u00f3, Aven\u00e7 i enriquiment Educatiu, PROA+<\/b><span style=\"font-family: inherit; font-size: 1em;\">, tamb\u00e9 amb finan\u00e7ament econ\u00f2mic espec\u00edfic per part de les administracions:<\/span><\/p>\n<p><img loading=\"lazy\" decoding=\"async\" class=\"size-large wp-image-2801 aligncenter\" src=\"https:\/\/agora.xtec.cat\/escolagermanesbertomeu\/wp-content\/uploads\/usu1488\/2023\/01\/5-Logos-actualitzat-19-01-2023-1024x137.jpg\" alt=\"\" width=\"1024\" height=\"137\" srcset=\"https:\/\/agora.xtec.cat\/escolagermanesbertomeu\/wp-content\/uploads\/usu1488\/2023\/01\/5-Logos-actualitzat-19-01-2023-1024x137.jpg 1024w, https:\/\/agora.xtec.cat\/escolagermanesbertomeu\/wp-content\/uploads\/usu1488\/2023\/01\/5-Logos-actualitzat-19-01-2023-300x40.jpg 300w, https:\/\/agora.xtec.cat\/escolagermanesbertomeu\/wp-content\/uploads\/usu1488\/2023\/01\/5-Logos-actualitzat-19-01-2023-768x103.jpg 768w, https:\/\/agora.xtec.cat\/escolagermanesbertomeu\/wp-content\/uploads\/usu1488\/2023\/01\/5-Logos-actualitzat-19-01-2023-1536x205.jpg 1536w, https:\/\/agora.xtec.cat\/escolagermanesbertomeu\/wp-content\/uploads\/usu1488\/2023\/01\/5-Logos-actualitzat-19-01-2023-2048x273.jpg 2048w\" sizes=\"auto, (max-width: 1024px) 100vw, 1024px\" \/><\/p>\n<p>La pla\u00e7a de la t\u00e8cnica Educadora Social est\u00e0 cofinan\u00e7ada pel Programa FSE plus durant<br \/>\nel per\u00edode 2021-2027.<\/p>\n<p>Els objectius m\u00e9s destacats del programa s\u00f3n:<\/p>\n<ul>\n<li>Incrementar els resultats escolars d&#8217;aprenentatge cognitius i socioemocionals<\/li>\n<li>Avan\u00e7ar cap a una escola inclusiva i sense segregaci\u00f3 interna<\/li>\n<li>Reduir l&#8217;alumnat amb dificultats per a l&#8217;aprenentatge<\/li>\n<li>Aconseguir i mantenir un bon clima en el centre educatiu<\/li>\n<\/ul>\n<p>Aqu\u00ed podeu consultar la<span style=\"font-family: inherit; font-size: 1em;\"> mem\u00f2ria del darrer curs:<\/span><\/p>\n<ul>\n<li><a href=\"https:\/\/agora.xtec.cat\/escolagermanesbertomeu\/wp-content\/uploads\/usu1488\/2024\/03\/Memoria-PROA-2022-2023.pdf\">Mem\u00f2ria PROA+ 2022-2023<\/a><\/li>\n<\/ul>\n<\/div>\n","protected":false},"excerpt":{"rendered":"<p>El curs 2019-2020, l&#8217;escola va participar de dos programes co-finan\u00e7ats pel Ministeri d&#8217;Educaci\u00f3 i Formaci\u00f3 Professional i el Fons Social Europeu 2014-2020. Concretament, aquests programes van ser:<\/p>\n<ul>\n<li style=\"text-align: justify;\">Programa d&#8217;orientaci\u00f3 i refor\u00e7 per a l&#8217;avan\u00e7 i suport a l&#8217;educaci\u00f3 (POEFE).<\/li>\n<li style=\"text-align: justify;\">Projecte d&#8217;\u00e8xit educatiu en&hellip;  <a href=\"https:\/\/agora.xtec.cat\/escolagermanesbertomeu\/projectes-dequitat\/\" title=\"Read Projectes d&#8217;equitat i millora educativa\">Llegeix m\u00e9s\u00bb<\/a><br \/>\n","protected":false},"author":1,"featured_media":0,"parent":0,"menu_order":0,"comment_status":"closed","ping_status":"closed","template":"page-templates\/side-menu.php","meta":{"_bbp_topic_count":0,"_bbp_reply_count":0,"_bbp_total_topic_count":0,"_bbp_total_reply_count":0,"_bbp_voice_count":0,"_bbp_anonymous_reply_count":0,"_bbp_topic_count_hidden":0,"_bbp_reply_count_hidden":0,"_bbp_forum_subforum_count":0,"footnotes":""},"class_list":["post-2151","page","type-page","status-publish","hentry"],"post_mailing_queue_ids":[],"_links":{"self":[{"href":"https:\/\/agora.xtec.cat\/escolagermanesbertomeu\/wp-json\/wp\/v2\/pages\/2151","targetHints":{"allow":["GET"]}}],"collection":[{"href":"https:\/\/agora.xtec.cat\/escolagermanesbertomeu\/wp-json\/wp\/v2\/pages"}],"about":[{"href":"https:\/\/agora.xtec.cat\/escolagermanesbertomeu\/wp-json\/wp\/v2\/types\/page"}],"author":[{"embeddable":true,"href":"https:\/\/agora.xtec.cat\/escolagermanesbertomeu\/wp-json\/wp\/v2\/users\/1"}],"replies":[{"embeddable":true,"href":"https:\/\/agora.xtec.cat\/escolagermanesbertomeu\/wp-json\/wp\/v2\/comments?post=2151"}],"version-history":[{"count":6,"href":"https:\/\/agora.xtec.cat\/escolagermanesbertomeu\/wp-json\/wp\/v2\/pages\/2151\/revisions"}],"predecessor-version":[{"id":3169,"href":"https:\/\/agora.xtec.cat\/escolagermanesbertomeu\/wp-json\/wp\/v2\/pages\/2151\/revisions\/3169"}],"wp:attachment":[{"href":"https:\/\/agora.xtec.cat\/escolagermanesbertomeu\/wp-json\/wp\/v2\/media?parent=2151"}],"curies":[{"name":"wp","href":"https:\/\/api.w.org\/{rel}","templated":true}]}}