{"id":7004,"date":"2024-02-20T11:52:52","date_gmt":"2024-02-20T10:52:52","guid":{"rendered":"https:\/\/agora.xtec.cat\/escolagaudisabadell\/?page_id=7004"},"modified":"2024-02-20T12:39:22","modified_gmt":"2024-02-20T11:39:22","slug":"programa-tis-i-educadors-socials","status":"publish","type":"page","link":"https:\/\/agora.xtec.cat\/escolagaudisabadell\/programa-tis-i-educadors-socials\/","title":{"rendered":"Programa TIS i Educadors Socials"},"content":{"rendered":"<table style=\"width: 98.1207%; height: 237px;\" width=\"281\">\n<tbody>\n<tr style=\"height: 137px;\">\n<td style=\"width: 10.223%; height: 237px;\" width=\"29\"><\/td>\n<td style=\"width: 341.354%; height: 237px;\" width=\"252\"><strong>Generalitat de Catalunya<\/strong><br \/>\n<strong>Departament d\u2019Educaci\u00f3<\/strong><br \/>\n<img loading=\"lazy\" decoding=\"async\" class=\"size-full wp-image-7027 alignright\" src=\"https:\/\/agora.xtec.cat\/escolagaudisabadell\/wp-content\/uploads\/usu1563\/2024\/02\/ORIGINAL-nou-marc-2022-petit.jpg\" alt=\"\" width=\"205\" height=\"205\" srcset=\"https:\/\/agora.xtec.cat\/escolagaudisabadell\/wp-content\/uploads\/usu1563\/2024\/02\/ORIGINAL-nou-marc-2022-petit.jpg 205w, https:\/\/agora.xtec.cat\/escolagaudisabadell\/wp-content\/uploads\/usu1563\/2024\/02\/ORIGINAL-nou-marc-2022-petit-150x150.jpg 150w\" sizes=\"auto, (max-width: 205px) 100vw, 205px\" \/><strong>Escola Gaud\u00ed<\/strong><br \/>\nCarrer Ordesa, 14-16<br \/>\n08207 SABADELL<br \/>\nTel. 93 716 48 48<\/p>\n<p>&nbsp;<\/p>\n<p>M\u00f2bil: 638 571 697<br \/>\n<a href=\"mailto:a8023943@xtec.cat\">a8023943@xtec.cat<\/a><\/td>\n<\/tr>\n<\/tbody>\n<\/table>\n<p>&nbsp;<\/p>\n<p>&nbsp;<\/p>\n<h3><strong>Programa T\u00e8cnics d\u2019Integraci\u00f3 Social (TIS) i Educadors Socials<\/strong><\/h3>\n<p>El centre\u00a0 <strong>ESCOLA GAUD\u00cd (Sabadell)<\/strong>\u00a0 disposa de professionals d\u2019atenci\u00f3 educativa amb la finalitat de garantir l\u2019equitat en l\u2019acc\u00e9s a l\u2019educaci\u00f3: T\u00e8cnic d\u2019integraci\u00f3 social<em>.<\/em><\/p>\n<p>La contractaci\u00f3 d\u2019aquests professionals est\u00e0 cofinan\u00e7at en un 40% per la Uni\u00f3 Europea i la resta pel Departament d\u2019Educaci\u00f3 aix\u00f2 comporta el compliment d\u2019unes mesures de publicitat i comunicaci\u00f3.<\/p>\n<p>La incorporaci\u00f3 de t\u00e8cnics d\u2019integraci\u00f3 social i educador socials<strong> t\u00e9 com a objecte<\/strong> suplementar amb professionals d&#8217;atenci\u00f3 educativa l&#8217;activitat que es presta en els centres docents<span style=\"text-decoration: line-through;\">,<\/span> amb la finalitat de garantir l&#8217;equitat en l&#8217;acc\u00e9s a l\u2019educaci\u00f3.<\/p>\n<p>Els objectius del <strong>Programa de t\u00e8cnics d\u2019integraci\u00f3 social i els educadors socials<\/strong> <strong>cofinan\u00e7at per la Uni\u00f3 Europea<\/strong> s\u00f3n:<\/p>\n<p>&#8211;\u00a0\u00a0\u00a0\u00a0\u00a0\u00a0\u00a0\u00a0\u00a0 Prevenir l\u2019abandonament prematur i el frac\u00e0s escolar Procurar el benestar \u00a0\u00a0emocional dels alumnes<\/p>\n<p>&#8211;\u00a0\u00a0\u00a0\u00a0\u00a0\u00a0\u00a0\u00a0\u00a0 Facilitar una bona conviv\u00e8ncia en els centres educatius.<\/p>\n<p>&#8211;\u00a0\u00a0\u00a0\u00a0\u00a0\u00a0\u00a0\u00a0\u00a0 Contribuir a l\u2019orientaci\u00f3 dels alumnes<\/p>\n<p>&#8211;\u00a0\u00a0\u00a0\u00a0\u00a0\u00a0\u00a0\u00a0\u00a0 Fomentar la implicaci\u00f3 de les fam\u00edlies<\/p>\n<p>&#8211;\u00a0\u00a0\u00a0\u00a0\u00a0\u00a0\u00a0\u00a0\u00a0 Fomentar el vincle entre l\u2019escola i el seu entorn.<\/p>\n<p>&#8211;\u00a0\u00a0\u00a0\u00a0\u00a0\u00a0\u00a0\u00a0\u00a0 Contribuir al desenvolupament de plans d\u2019\u00e0mbit comunitari.<\/p>\n<p>El resultat esperat del programa \u00e9s reduir l\u2019absentisme escolar i l\u2019abandonament prematur.<\/p>\n<p>&nbsp;<\/p>\n<p><img loading=\"lazy\" decoding=\"async\" class=\"alignnone size-full wp-image-7023\" src=\"https:\/\/agora.xtec.cat\/escolagaudisabadell\/wp-content\/uploads\/usu1563\/2024\/02\/img12-1.jpg\" alt=\"\" width=\"976\" height=\"100\" srcset=\"https:\/\/agora.xtec.cat\/escolagaudisabadell\/wp-content\/uploads\/usu1563\/2024\/02\/img12-1.jpg 976w, https:\/\/agora.xtec.cat\/escolagaudisabadell\/wp-content\/uploads\/usu1563\/2024\/02\/img12-1-300x31.jpg 300w, https:\/\/agora.xtec.cat\/escolagaudisabadell\/wp-content\/uploads\/usu1563\/2024\/02\/img12-1-768x79.jpg 768w\" sizes=\"auto, (max-width: 976px) 100vw, 976px\" \/><\/p>\n","protected":false},"excerpt":{"rendered":"<p>Generalitat de Catalunya<br \/>\nDepartament d\u2019Educaci\u00f3<br \/>\nEscola Gaud\u00ed<br \/>\nCarrer Ordesa, 14-16<br \/>\n08207 SABADELL<br \/>\nTel. 93 716 48 48<br \/>\n&nbsp;<br \/>\nM\u00f2bil: 638 571 697<br \/>\n<a href=\"mailto:a8023943@xtec.cat\">a8023943@xtec.cat<\/a><\/p>\n<p>&nbsp;<br \/>\n&nbsp;<br \/>\nPrograma T\u00e8cnics d\u2019Integraci\u00f3 Social (TIS) i Educadors Socials<br \/>\nEl centre\u00a0 ESCOLA GAUD\u00cd (Sabadell)\u00a0 disposa de professionals d\u2019atenci\u00f3 educativa amb la finalitat de garantir l\u2019equitat en l\u2019acc\u00e9s a l\u2019educaci\u00f3: T\u00e8cnic d\u2019integraci\u00f3 social.<br \/>\nLa&hellip;  <a href=\"https:\/\/agora.xtec.cat\/escolagaudisabadell\/programa-tis-i-educadors-socials\/\" title=\"Read Programa TIS i Educadors Socials\">Llegeix m\u00e9s\u00bb<\/a><\/p>\n","protected":false},"author":1,"featured_media":0,"parent":0,"menu_order":0,"comment_status":"closed","ping_status":"closed","template":"","meta":{"_bbp_topic_count":0,"_bbp_reply_count":0,"_bbp_total_topic_count":0,"_bbp_total_reply_count":0,"_bbp_voice_count":0,"_bbp_anonymous_reply_count":0,"_bbp_topic_count_hidden":0,"_bbp_reply_count_hidden":0,"_bbp_forum_subforum_count":0,"footnotes":""},"class_list":["post-7004","page","type-page","status-publish","hentry"],"post_mailing_queue_ids":[],"_links":{"self":[{"href":"https:\/\/agora.xtec.cat\/escolagaudisabadell\/wp-json\/wp\/v2\/pages\/7004","targetHints":{"allow":["GET"]}}],"collection":[{"href":"https:\/\/agora.xtec.cat\/escolagaudisabadell\/wp-json\/wp\/v2\/pages"}],"about":[{"href":"https:\/\/agora.xtec.cat\/escolagaudisabadell\/wp-json\/wp\/v2\/types\/page"}],"author":[{"embeddable":true,"href":"https:\/\/agora.xtec.cat\/escolagaudisabadell\/wp-json\/wp\/v2\/users\/1"}],"replies":[{"embeddable":true,"href":"https:\/\/agora.xtec.cat\/escolagaudisabadell\/wp-json\/wp\/v2\/comments?post=7004"}],"version-history":[{"count":6,"href":"https:\/\/agora.xtec.cat\/escolagaudisabadell\/wp-json\/wp\/v2\/pages\/7004\/revisions"}],"predecessor-version":[{"id":7022,"href":"https:\/\/agora.xtec.cat\/escolagaudisabadell\/wp-json\/wp\/v2\/pages\/7004\/revisions\/7022"}],"wp:attachment":[{"href":"https:\/\/agora.xtec.cat\/escolagaudisabadell\/wp-json\/wp\/v2\/media?parent=7004"}],"curies":[{"name":"wp","href":"https:\/\/api.w.org\/{rel}","templated":true}]}}