{"id":64,"date":"2014-09-18T12:39:08","date_gmt":"2014-09-18T11:39:08","guid":{"rendered":"http:\/\/agora.xtec.cat\/escolagaudisabadell\/?page_id=64"},"modified":"2019-01-22T10:57:23","modified_gmt":"2019-01-22T09:57:23","slug":"projecte-educatiu","status":"publish","type":"page","link":"https:\/\/agora.xtec.cat\/escolagaudisabadell\/projecte-educatiu\/","title":{"rendered":"Projecte educatiu"},"content":{"rendered":"<h2 class=\"Estilo13\"><u>Projecte educatiu<\/u><\/h2>\n<blockquote><p><em><strong>Trets d\u2019Identitat del Centre<\/strong><\/em><\/p><\/blockquote>\n<p>L\u2019escola es defineix com una entitat p\u00fablica, no confessional, pluralista i integradora.<\/p>\n<p>L\u2019objectiu de l\u2019escola es desenvolupar de forma integral els nostres alumnes. Comencem potenciant les seves capacitats tant socioemocionals com intel\u00b7lectuals per arribar a assolir unes compet\u00e8ncies i habilitats que els hi permetin ser persones aut\u00f2nomes, responsables i compromeses amb la societat actual.<\/p>\n<p><img loading=\"lazy\" decoding=\"async\" src=\"http:\/\/www.xtec.cat\/centres\/a8023943\/Imatges\/nens.jpg\" alt=\"\" width=\"200\" height=\"160\" align=\"right\" hspace=\"10\" \/>Considerem important l\u2019adquisici\u00f3 d\u2019una bona autoestima dels alumnes, per aix\u00f2 es procura ajudar en el seu proc\u00e9s de creixement, procurant un ambient de confian\u00e7a.<\/p>\n<p>La nostra escola d\u00f3na un tracte d\u2019igualtat a tots els alumnes sense difer\u00e8ncia de sexes amb la prioritat de formar persones capaces de saber relacionar-se i conviure en un m\u00f3n plural i canviant.<\/p>\n<p>Es forma els alumnes dins d\u2019un marc democr\u00e0tic de di\u00e0leg i de respecte de les opinions dels membres de la comunitat educativa.<\/p>\n<p>Eduquem en la conviv\u00e8ncia, la toler\u00e0ncia, el respecte a la personalitat i la conservaci\u00f3 del medi ambient.<\/p>\n<p>Procurem fomentar en els alumnes una actitud cr\u00edtica i responsable davant la societat, en la defensa de la pau, la igualtat de drets, la solidaritat i la cooperaci\u00f3<\/p>\n<p>Som\u00a0 un centre obert a la participaci\u00f3 dels pares i altres entitats a on es treballa donant import\u00e0ncia a les persones de la comunitat escolar: alumnes, mestres, pares i personal no docent. Fomentem aquesta participaci\u00f3 mitjan\u00e7ant la representaci\u00f3 de pares i mares al Consell Escolar i a l\u2019Associaci\u00f3 de Mares i Pares dels alumnes (AMPA).<\/p>\n<blockquote><p><em><strong>Projecte ling\u00fc\u00edstic<\/strong><\/em><\/p><\/blockquote>\n<p>El catal\u00e0 \u00e9s la llengua\u00a0 vehicular i d\u2019aprenentatge de l\u2019escola. El castell\u00e0 s\u2019introdueix sistem\u00e0ticament com a segona llengua de cicle inicial.<\/p>\n<p>La llengua estrangera que s\u2019estudia a l\u2019escola \u00e9s l\u2019angl\u00e8s i s\u2019introdueix a\u00a0 Educaci\u00f3 Infantil,\u00a0 s\u2019incrementa la dedicaci\u00f3 hor\u00e0ria a prim\u00e0ria\u00a0 a mida que pugen els cursos, per tal d\u2019aconseguir un adequat\u00a0 coneixement de la llengua escrita i un bon domini de la llengua oral.<\/p>\n<p>A continuaci\u00f3 podeu consultar la <strong><a href=\"http:\/\/www.xtec.cat\/escolagaudisabadell\/PEC I PLC\/portada.pdf\" target=\"_blank\" rel=\"noopener\">Portada<\/a><\/strong>, <strong><a href=\"http:\/\/www.xtec.cat\/escolagaudisabadell\/PEC I PLC\/Index PLC 2018.pdf\" target=\"_blank\" rel=\"noopener\">l&#8217;\u00edndex<\/a> <\/strong>i el <strong><a href=\"http:\/\/www.xtec.cat\/escolagaudisabadell\/PEC I PLC\/PLC_2018.pdf\" target=\"_blank\" rel=\"noopener\">PLC<\/a> <\/strong>2019 de l&#8217;Escola Gaud\u00ed.<\/p>\n<blockquote><p><em><strong>Noves tecnologies<\/strong><\/em><\/p><\/blockquote>\n<p>Els nostres alumnes utilitzen els mitjans inform\u00e0tics com una eina de treball i de comunicaci\u00f3 en tots els cursos.<\/p>\n<blockquote><p><em><strong>Participaci\u00f3 en projectes<\/strong><\/em><\/p><\/blockquote>\n<ul>\n<li>Duem a terme el projecte de lleng\u00fces estrangeres incidint sobre l\u2019aprenentatge de l\u2019angl\u00e8s des d\u2019Infantil i amb un increment d\u2019hores a prim\u00e0ria per tal de refor\u00e7ar l\u2019\u00fas de l\u2019angl\u00e8s.<\/li>\n<\/ul>\n<ul>\n<li>L\u2019escola participa en el projecte Agenda 21 amb la finalitat de conscienciar\u00a0 als nostres alumnes en la conservaci\u00f3 i respecte al medi ambient.<\/li>\n<\/ul>\n<ul>\n<li>Treballem el projecte de conviv\u00e8ncia per tal d\u2019afavorir la cooperaci\u00f3, la resoluci\u00f3 de conflictes\u00a0 i l\u2019autonomia personal que ajuden a millorar la comunicaci\u00f3 i el respecte.<\/li>\n<\/ul>\n","protected":false},"excerpt":{"rendered":"<p>Projecte educatiu<br \/>\nTrets d\u2019Identitat del Centre<br \/>\nL\u2019escola es defineix com una entitat p\u00fablica, no confessional, pluralista i integradora.<br \/>\nL\u2019objectiu de l\u2019escola es desenvolupar de forma integral els nostres alumnes. Comencem potenciant les seves capacitats tant socioemocionals com intel\u00b7lectuals per arribar a assolir unes compet\u00e8ncies i habilitats que els&hellip;  <a href=\"https:\/\/agora.xtec.cat\/escolagaudisabadell\/projecte-educatiu\/\" title=\"Read Projecte educatiu\">Llegeix m\u00e9s\u00bb<\/a><\/p>\n","protected":false},"author":1,"featured_media":0,"parent":0,"menu_order":0,"comment_status":"closed","ping_status":"closed","template":"page-templates\/side-menu.php","meta":{"_bbp_topic_count":0,"_bbp_reply_count":0,"_bbp_total_topic_count":0,"_bbp_total_reply_count":0,"_bbp_voice_count":0,"_bbp_anonymous_reply_count":0,"_bbp_topic_count_hidden":0,"_bbp_reply_count_hidden":0,"_bbp_forum_subforum_count":0,"footnotes":""},"class_list":["post-64","page","type-page","status-publish","hentry"],"post_mailing_queue_ids":[],"_links":{"self":[{"href":"https:\/\/agora.xtec.cat\/escolagaudisabadell\/wp-json\/wp\/v2\/pages\/64","targetHints":{"allow":["GET"]}}],"collection":[{"href":"https:\/\/agora.xtec.cat\/escolagaudisabadell\/wp-json\/wp\/v2\/pages"}],"about":[{"href":"https:\/\/agora.xtec.cat\/escolagaudisabadell\/wp-json\/wp\/v2\/types\/page"}],"author":[{"embeddable":true,"href":"https:\/\/agora.xtec.cat\/escolagaudisabadell\/wp-json\/wp\/v2\/users\/1"}],"replies":[{"embeddable":true,"href":"https:\/\/agora.xtec.cat\/escolagaudisabadell\/wp-json\/wp\/v2\/comments?post=64"}],"version-history":[{"count":4,"href":"https:\/\/agora.xtec.cat\/escolagaudisabadell\/wp-json\/wp\/v2\/pages\/64\/revisions"}],"predecessor-version":[{"id":7008,"href":"https:\/\/agora.xtec.cat\/escolagaudisabadell\/wp-json\/wp\/v2\/pages\/64\/revisions\/7008"}],"wp:attachment":[{"href":"https:\/\/agora.xtec.cat\/escolagaudisabadell\/wp-json\/wp\/v2\/media?parent=64"}],"curies":[{"name":"wp","href":"https:\/\/api.w.org\/{rel}","templated":true}]}}