{"id":30,"date":"2014-09-18T12:30:23","date_gmt":"2014-09-18T11:30:23","guid":{"rendered":"http:\/\/agora.xtec.cat\/escolagaudisabadell\/?page_id=30"},"modified":"2017-02-22T12:49:50","modified_gmt":"2017-02-22T11:49:50","slug":"instal%c2%b7lacions","status":"publish","type":"page","link":"https:\/\/agora.xtec.cat\/escolagaudisabadell\/lescola\/instal%c2%b7lacions\/","title":{"rendered":"Instal\u00b7lacions"},"content":{"rendered":"<p class=\"Estilo13\" align=\"center\"><img loading=\"lazy\" decoding=\"async\" src=\"http:\/\/www.xtec.cat\/escolagaudisabadell\/Imatges\/espais%20escola\/edifici1.jpg\" width=\"348\" height=\"261\" \/><\/p>\n<p>&nbsp;<\/p>\n<p>La nostra escola disposa de biblioteca, aula de m\u00fasica, audiovisuals, aula d&#8217;inform\u00e0tica, aula d&#8217;angl\u00e8s, ludoteca, teatre, aules de desdoblament i refor\u00e7, tutories, pista esportiva, zona d&#8217;esbarjo i menjador. I el gran vest\u00edbul es fa servir com espai polivalent, per desenvolupar tot tipus d&#8217;activitats .<\/p>\n<p>&nbsp;<\/p>\n<div class=\"Estilo13\" style=\"text-align: left;\" align=\"center\">El vest\u00edbul i acc\u00e9s a l&#8217;ala dreta de l&#8217;escola \u00a0 \u00a0 \u00a0 \u00a0 \u00a0 \u00a0 \u00a0 \u00a0 \u00a0 \u00a0 \u00a0 \u00a0 \u00a0 \u00a0 \u00a0 \u00a0 \u00a0 \u00a0 \u00a0 \u00a0 \u00a0 \u00a0 \u00a0 \u00a0<span class=\"Estilo15\">Pujada al Teatre\/gimn\u00e0s desde el vest\u00edbu<\/span>l<\/div>\n<div class=\"Estilo13\" align=\"center\"><\/div>\n<p class=\"Estilo13\" align=\"center\"><img loading=\"lazy\" decoding=\"async\" class=\"alignleft\" src=\"http:\/\/www.xtec.cat\/escolagaudisabadell\/Imatges\/espais%20escola\/edifici2.jpg\" width=\"348\" height=\"261\" \/><img loading=\"lazy\" decoding=\"async\" class=\"aligncenter\" src=\"http:\/\/www.xtec.cat\/escolagaudisabadell\/Imatges\/espais%20escola\/edifici3.jpg\" width=\"348\" height=\"261\" \/><\/p>\n<p style=\"text-align: left;\" align=\"center\">Vest\u00edbul i zona d&#8217;acc\u00e9s a l&#8217;ala esquerra<br \/>\nde l&#8217;escola i al menjador. \u00a0 \u00a0 \u00a0 \u00a0 \u00a0 \u00a0 \u00a0 \u00a0 \u00a0 \u00a0 \u00a0 \u00a0 \u00a0 \u00a0 \u00a0 \u00a0 \u00a0 \u00a0 \u00a0 \u00a0 \u00a0 \u00a0 \u00a0 \u00a0 \u00a0 \u00a0 \u00a0 \u00a0 \u00a0 \u00a0 \u00a0 \u00a0 \u00a0 \u00a0 \u00a0 \u00a0 \u00a0 \u00a0 Pati de Prim\u00e0ria<\/p>\n<p align=\"center\"><img loading=\"lazy\" decoding=\"async\" class=\"alignleft\" src=\"http:\/\/www.xtec.cat\/escolagaudisabadell\/Imatges\/espais%20escola\/edifici4.jpg\" width=\"348\" height=\"261\" \/><\/p>\n<p class=\"Estilo15\" align=\"center\"><img loading=\"lazy\" decoding=\"async\" src=\"http:\/\/www.xtec.cat\/escolagaudisabadell\/Imatges\/espais%20escola\/pati1.jpg\" width=\"348\" height=\"261\" \/><\/p>\n<p class=\"Estilo15\" style=\"text-align: left;\" align=\"center\">Pati d&#8217;Infantil 1 \u00a0 \u00a0 \u00a0 \u00a0 \u00a0 \u00a0 \u00a0 \u00a0 \u00a0 \u00a0 \u00a0 \u00a0 \u00a0 \u00a0 \u00a0 \u00a0 \u00a0 \u00a0 \u00a0 \u00a0 \u00a0 \u00a0 \u00a0 \u00a0 \u00a0 \u00a0 \u00a0 \u00a0 \u00a0 \u00a0 \u00a0 \u00a0 \u00a0 \u00a0 \u00a0 \u00a0 \u00a0 \u00a0 \u00a0 \u00a0 \u00a0 \u00a0 \u00a0 \u00a0 \u00a0 \u00a0 \u00a0 \u00a0Pati d&#8217;Infantil 2<\/p>\n<p class=\"Estilo15\" align=\"center\"><img loading=\"lazy\" decoding=\"async\" class=\"alignleft\" src=\"http:\/\/www.xtec.cat\/escolagaudisabadell\/Imatges\/espais%20escola\/pati2.jpg\" width=\"348\" height=\"261\" \/><\/p>\n<p class=\"Estilo15\" align=\"center\"><img loading=\"lazy\" decoding=\"async\" src=\"http:\/\/www.xtec.cat\/escolagaudisabadell\/Imatges\/espais%20escola\/pati3.jpg\" width=\"348\" height=\"261\" \/><\/p>\n","protected":false},"excerpt":{"rendered":"<p>&nbsp;<br \/>\nLa nostra escola disposa de biblioteca, aula de m\u00fasica, audiovisuals, aula d&#8217;inform\u00e0tica, aula d&#8217;angl\u00e8s, ludoteca, teatre, aules de desdoblament i refor\u00e7, tutories, pista esportiva, zona d&#8217;esbarjo i menjador. I el gran vest\u00edbul es fa servir com espai polivalent, per desenvolupar tot tipus d&#8217;activitats .<br \/>\n&nbsp;<br \/>\nEl vest\u00edbul&hellip;  <a href=\"https:\/\/agora.xtec.cat\/escolagaudisabadell\/lescola\/instal%c2%b7lacions\/\" title=\"Read Instal\u00b7lacions\">Llegeix m\u00e9s\u00bb<\/a><\/p>\n","protected":false},"author":1,"featured_media":0,"parent":22,"menu_order":40,"comment_status":"closed","ping_status":"closed","template":"page-templates\/side-menu.php","meta":{"_bbp_topic_count":0,"_bbp_reply_count":0,"_bbp_total_topic_count":0,"_bbp_total_reply_count":0,"_bbp_voice_count":0,"_bbp_anonymous_reply_count":0,"_bbp_topic_count_hidden":0,"_bbp_reply_count_hidden":0,"_bbp_forum_subforum_count":0,"footnotes":""},"class_list":["post-30","page","type-page","status-publish","hentry"],"post_mailing_queue_ids":[],"_links":{"self":[{"href":"https:\/\/agora.xtec.cat\/escolagaudisabadell\/wp-json\/wp\/v2\/pages\/30","targetHints":{"allow":["GET"]}}],"collection":[{"href":"https:\/\/agora.xtec.cat\/escolagaudisabadell\/wp-json\/wp\/v2\/pages"}],"about":[{"href":"https:\/\/agora.xtec.cat\/escolagaudisabadell\/wp-json\/wp\/v2\/types\/page"}],"author":[{"embeddable":true,"href":"https:\/\/agora.xtec.cat\/escolagaudisabadell\/wp-json\/wp\/v2\/users\/1"}],"replies":[{"embeddable":true,"href":"https:\/\/agora.xtec.cat\/escolagaudisabadell\/wp-json\/wp\/v2\/comments?post=30"}],"version-history":[{"count":3,"href":"https:\/\/agora.xtec.cat\/escolagaudisabadell\/wp-json\/wp\/v2\/pages\/30\/revisions"}],"predecessor-version":[{"id":559,"href":"https:\/\/agora.xtec.cat\/escolagaudisabadell\/wp-json\/wp\/v2\/pages\/30\/revisions\/559"}],"up":[{"embeddable":true,"href":"https:\/\/agora.xtec.cat\/escolagaudisabadell\/wp-json\/wp\/v2\/pages\/22"}],"wp:attachment":[{"href":"https:\/\/agora.xtec.cat\/escolagaudisabadell\/wp-json\/wp\/v2\/media?parent=30"}],"curies":[{"name":"wp","href":"https:\/\/api.w.org\/{rel}","templated":true}]}}