{"id":10006,"date":"2022-10-04T12:49:35","date_gmt":"2022-10-04T10:49:35","guid":{"rendered":"https:\/\/agora.xtec.cat\/escolafrancescfeliu\/?page_id=10006"},"modified":"2026-02-16T23:34:49","modified_gmt":"2026-02-16T22:34:49","slug":"correus-corporatius-dels-mestres","status":"publish","type":"page","link":"https:\/\/agora.xtec.cat\/escolafrancescfeliu\/correus-corporatius-dels-mestres\/","title":{"rendered":"CORREUS CORPORATIUS DELS MESTRES"},"content":{"rendered":"<table style=\"border-collapse: collapse; width: 100%; height: 1874px;\">\n<tbody>\n<tr style=\"height: 415px;\">\n<td style=\"width: 100%; height: 415px;\" colspan=\"2\">\n<p style=\"text-align: left;\">EQUIP DIRECTIU<\/p>\n<p style=\"text-align: left;\">Directora:<\/p>\n<p style=\"text-align: left;\">Maite Codina<\/p>\n<p><a href=\"mailto:mcodina@escolafrancescfeliu.cat\" target=\"_blank\" rel=\"noopener\"><span data-sheets-root=\"1\">mcodina@escolafrancescfeliu.cat<\/span><\/a><\/p>\n<p style=\"text-align: left;\">Cap d&#8217;estudis:<\/p>\n<p style=\"text-align: left;\">N\u00faria Farr\u00e9<\/p>\n<p><a href=\"mailto:nfarre@escolafrancescfeliu.cat\" target=\"_blank\" rel=\"noopener\"><span data-sheets-root=\"1\">nfarre@escolafrancescfeliu.cat<\/span><\/a><\/p>\n<p style=\"text-align: left;\">Secretaria:<\/p>\n<p style=\"text-align: left;\">Imma Segura<\/p>\n<p><a href=\"mailto:isegura@escolafrancescfeliu.cat\">isegura@escolafrancescfeliu.cat<\/a><\/td>\n<\/tr>\n<tr style=\"height: 63px;\">\n<td style=\"width: 50%; height: 80px;\">I3:Sonia Calet<br \/>\n<a style=\"background-color: #f9f9f9;\" href=\"mailto:scalet@escolafrancescfeliu.cat\">scalet@escolafrancescfeliu.cat<\/a><\/td>\n<td style=\"width: 50%; height: 80px;\">I4 A:<\/p>\n<p style=\"text-align: left;\">Montse Prim<br style=\"background-color: #ffffff;\" \/><a style=\"font-family: inherit; font-size: 0.875em; background-color: #ffffff;\" href=\"mailto:mprim@escolafrancescfeliu.cat\">mprim@escolafrancescfeliu.cat<\/a><span style=\"font-family: inherit; font-size: 0.875em;\"><br \/>\n<\/span><\/p>\n<\/td>\n<\/tr>\n<tr style=\"height: 139px;\">\n<td style=\"width: 50%; height: 139px; text-align: left;\">I4B:<span style=\"font-family: inherit; font-size: 0.875em;\">Tere Garc\u00eda<\/span><br style=\"background-color: #ffffff;\" \/><a href=\"mailto:mgarcia@escolafrancescfeliu.cat\">mgarcia@escolafrancescfeliu.cat<\/a><\/td>\n<td style=\"width: 50%; height: 139px; text-align: left;\">I5:Judit Dolad\u00e9<br style=\"background-color: #f9f9f9;\" \/><a style=\"background-color: #f9f9f9;\" href=\"mailto:jdolade@escolafrancescfeliu.cat\">jdolade@escolafrancescfeliu.cat<\/a><\/td>\n<\/tr>\n<tr style=\"height: 101px;\">\n<td style=\"width: 50%; height: 101px; text-align: left;\">1r A:<span style=\"font-family: inherit; font-size: 0.875em;\">Montse Teixid\u00f3<\/span><\/p>\n<p><a href=\"mailto:mteixido@escolafrancescfeliu.cat\"><span data-sheets-root=\"1\" data-sheets-value=\"{&quot;1&quot;:2,&quot;2&quot;:&quot;mteixido@escolafrancescfeliu.cat&quot;}\" data-sheets-userformat=\"{&quot;2&quot;:14851,&quot;3&quot;:{&quot;1&quot;:0},&quot;4&quot;:{&quot;1&quot;:2,&quot;2&quot;:16777215},&quot;12&quot;:0,&quot;14&quot;:{&quot;1&quot;:2,&quot;2&quot;:0},&quot;15&quot;:&quot;Arial&quot;,&quot;16&quot;:10}\">mteixido@escolafrancescfeliu.cat<\/span><\/a><\/td>\n<td style=\"width: 50%; height: 101px; text-align: left;\">1r B:Mariona Palau<br \/>\n<a href=\"mailto:mpalau2@escolafrancescfeliu.cat\">mpalau2@escolafrancescfeliu.cat<\/a><\/td>\n<\/tr>\n<tr style=\"height: 101px;\">\n<td style=\"width: 50%; height: 101px; text-align: left;\">\n<p style=\"font-family: 'Helvetica Neue', Helvetica, Helvetica, Arial, sans-serif; font-size: 14px; background-color: #f9f9f9;\">2n:<\/p>\n<p style=\"font-family: 'Helvetica Neue', Helvetica, Helvetica, Arial, sans-serif; font-size: 14px; background-color: #f9f9f9;\">Juan Hinojo<br \/>\n<a href=\"mailto:jhinojo@escolafrancescfeliu.cat\">jhinojo@escolafrancescfeliu.cat<\/a><\/p>\n<\/td>\n<td style=\"width: 50%; height: 101px; text-align: left;\"><\/td>\n<\/tr>\n<tr style=\"height: 56px;\">\n<td style=\"width: 50%; height: 86px;\"><span style=\"background-color: #ffffff;\">3r A:<\/span><br style=\"background-color: #ffffff;\" \/><span style=\"background-color: #f9f9f9;\">M\u00aaRosa CorretgeLourdes Tejero<\/span><br \/>\n<span style=\"background-color: #f9f9f9;\"><a href=\"mailto:ltejero@escolafrancescfeliu.cat\">ltejero@escolafrancescfeliu.cat<\/a><\/span><\/td>\n<td style=\"width: 50%; height: 86px;\">3r B:<br \/>\n<span style=\"background-color: #f9f9f9;\">Noem\u00ed Sis\u00f3<\/span><br style=\"background-color: #f9f9f9;\" \/><span style=\"background-color: #f9f9f9;\"><a href=\"nsiso@escolafrancescfeliu.cat\"><span data-sheets-root=\"1\" data-sheets-value=\"{&quot;1&quot;:2,&quot;2&quot;:&quot;nsiso@escolafrancescfeliu.cat&quot;}\" data-sheets-userformat=\"{&quot;2&quot;:513,&quot;3&quot;:{&quot;1&quot;:0},&quot;12&quot;:0}\">nsiso@escolafrancescfeliu.cat<\/span><\/a><\/span><\/td>\n<\/tr>\n<tr style=\"height: 63px;\">\n<td style=\"width: 50%; height: 101px;\"><span style=\"background-color: #f9f9f9;\">4t A:<\/span><br style=\"background-color: #f9f9f9;\" \/><span style=\"background-color: #f9f9f9;\">M\u00aaRosa Corretge<br \/>\n<a href=\"mailto:mcorretge@escolafrancescfeliu.cat\">mcorretge@escolafrancescfeliu.cat<\/a><\/span><\/td>\n<td style=\"width: 50%; height: 101px;\"><span style=\"background-color: #f9f9f9;\">4t B:<\/span><br style=\"background-color: #f9f9f9;\" \/><span style=\"background-color: #f9f9f9;\">Mar Perez<br \/>\n<a style=\"background-color: #f9f9f9;\" href=\"mailto:mperez@escolafrancescfeliu.cat\">mperez@escolafrancescfeliu.cat<\/a><\/span><\/td>\n<\/tr>\n<tr style=\"height: 63px;\">\n<td style=\"width: 50%; height: 104px;\"><span style=\"background-color: #ffffff;\">5\u00e8 A:<\/span>Judith Re\u00f1\u00e9<br \/>\n<a href=\"mailto:jrene@escolafrancescfeliu.cat\" target=\"_blank\" rel=\"noopener\"><span data-sheets-root=\"1\">jrene@escolafrancescfeliu.cat<\/span><\/a><\/td>\n<td style=\"width: 50%; height: 104px;\"><span style=\"background-color: #ffffff;\">5\u00e8 B:<\/span><span style=\"background-color: #ffffff;\">Agust\u00ed Miret<\/span><br style=\"background-color: #ffffff;\" \/><a style=\"color: #2795b6; background-color: #ffffff;\" href=\"mailto:amiret@escolafrancescfeliu.cat\">amiret@escolafrancescfeliu.cat<\/a><\/td>\n<\/tr>\n<tr style=\"height: 32px;\">\n<td style=\"width: 50%; height: 32px;\"><span style=\"background-color: #f9f9f9;\">6\u00e8 A:<\/span><span style=\"background-color: #ffffff;\">Davinia Satorres<\/span><\/p>\n<p><a style=\"color: #2795b6; background-color: #ffffff;\" href=\"mailto:dsatorres@escolafrancescfeliu.cat\">dsatorres@escolafrancescfeliu.cat<\/a><\/td>\n<td style=\"width: 50%; height: 32px;\"><span style=\"background-color: #f9f9f9;\">6\u00e8 B:<\/span><span style=\"background-color: #f9f9f9;\">Esther D\u00edaz<\/span><br style=\"background-color: #f9f9f9;\" \/><a style=\"color: #2795b6;\" href=\"mailto:ediaz@escolafrancescfeliu.cat\">ediaz@escolafrancescfeliu.cat<\/a><\/td>\n<\/tr>\n<tr style=\"height: 32px;\">\n<td style=\"width: 100%; height: 32px;\" colspan=\"2\"><\/td>\n<\/tr>\n<tr style=\"height: 32px;\">\n<td style=\"width: 50%; height: 32px;\">\n<p style=\"font-family: 'Helvetica Neue', Helvetica, Helvetica, Arial, sans-serif; font-size: 14px;\">M\u00fasica:<\/p>\n<p style=\"font-family: 'Helvetica Neue', Helvetica, Helvetica, Arial, sans-serif; font-size: 14px;\">Rub\u00e9n Satorra<\/p>\n<p style=\"font-family: 'Helvetica Neue', Helvetica, Helvetica, Arial, sans-serif; font-size: 14px;\"><a style=\"color: #2795b6;\" href=\"mailto:rsatorra@escolafrancescfeliu.cat\">rsatorra@escolafrancescfeliu.cat<\/a><\/p>\n<p style=\"font-family: 'Helvetica Neue', Helvetica, Helvetica, Arial, sans-serif; font-size: 14px;\">Elena Llop<\/p>\n<p style=\"font-family: 'Helvetica Neue', Helvetica, Helvetica, Arial, sans-serif; font-size: 14px;\"><a href=\"mailto:ellop@escolafrancescfeliu.cat\">ellop@escolafrancescfeliu.cat<\/a><\/p>\n<\/td>\n<td style=\"width: 50%; height: 32px;\">\n<p style=\"font-family: 'Helvetica Neue', Helvetica, Helvetica, Arial, sans-serif; font-size: 14px;\">Angl\u00e8s:<\/p>\n<p style=\"font-family: 'Helvetica Neue', Helvetica, Helvetica, Arial, sans-serif; font-size: 14px;\">Maria Calzada<\/p>\n<p style=\"font-family: 'Helvetica Neue', Helvetica, Helvetica, Arial, sans-serif; font-size: 14px;\"><a href=\"mailto:mcalzada@escolafrancescfeliu.cat\">mcalzada@escolafrancescfeliu.cat<\/a><\/p>\n<p style=\"font-family: 'Helvetica Neue', Helvetica, Helvetica, Arial, sans-serif; font-size: 14px;\">N\u00faria Farr\u00e9<\/p>\n<p style=\"font-family: 'Helvetica Neue', Helvetica, Helvetica, Arial, sans-serif; font-size: 14px;\"><a href=\"mailto:nfarre@escolafrancescfeliu.cat\">nfarre@escolafrancescfeliu.cat<\/a><\/p>\n<p>Laura Lonc\u00e0<\/p>\n<p><a href=\"mailto:llonca@escolafrancescfeliu.cat\" target=\"_blank\" rel=\"noopener\"><span data-sheets-root=\"1\">llonca@escolafrancescfeliu.cat<\/span><\/a><\/p>\n<p>Blanca Franc\u00e9s<\/p>\n<p><a href=\"mailto:bfrances@escolafrancescfeliu.cat\" target=\"_blank\" rel=\"noopener\"><span data-sheets-root=\"1\">bfrances@escolafrancescfeliu.cat<\/span><\/a><\/td>\n<\/tr>\n<tr style=\"height: 215px;\">\n<td style=\"width: 50%; height: 215px;\">\n<p style=\"font-family: 'Helvetica Neue', Helvetica, Helvetica, Arial, sans-serif; font-size: 14px;\">Educaci\u00f3 F\u00edsica:<\/p>\n<p style=\"font-family: 'Helvetica Neue', Helvetica, Helvetica, Arial, sans-serif; font-size: 14px;\">Jose Pe\u00f1a<\/p>\n<p style=\"font-family: 'Helvetica Neue', Helvetica, Helvetica, Arial, sans-serif; font-size: 14px;\"><a href=\"mailto:jpena@escolafrancescfeliu.cat\">jpena@escolafrancescfeliu.cat<\/a><\/p>\n<p style=\"font-family: 'Helvetica Neue', Helvetica, Helvetica, Arial, sans-serif; font-size: 14px;\">Juan Hinojo<\/p>\n<p style=\"font-family: 'Helvetica Neue', Helvetica, Helvetica, Arial, sans-serif; font-size: 14px;\"><a style=\"color: #2795b6;\" href=\"mailto:jhinojo@escolafrancescfeliu.cat\">jhinojo@escolafrancescfeliu.cat<\/a><\/p>\n<\/td>\n<td style=\"width: 50%; height: 215px;\">Atenci\u00f3 a la diversitatMargarita Durano<\/p>\n<p><a href=\"mailto:mdurano@escolafrancescfeliu.cat\" target=\"_blank\" rel=\"noopener\"><span data-sheets-root=\"1\">mdurano@escolafrancescfeliu.cat<\/span><\/a><\/td>\n<\/tr>\n<tr style=\"height: 260px;\">\n<td style=\"width: 50%; height: 260px;\">\n<p style=\"font-family: 'Helvetica Neue', Helvetica, Helvetica, Arial, sans-serif; font-size: 14px;\">Refor\u00e7 infantil<\/p>\n<p style=\"font-family: 'Helvetica Neue', Helvetica, Helvetica, Arial, sans-serif; font-size: 14px;\">Judith Navarro<\/p>\n<p style=\"font-family: 'Helvetica Neue', Helvetica, Helvetica, Arial, sans-serif; font-size: 14px;\"><a href=\"mailto:jnavarro@escolafrancescfeliu.cat\" target=\"_blank\" rel=\"noopener\"><span data-sheets-root=\"1\">jnavarro@escolafrancescfeliu.cat<\/span><\/a><\/p>\n<p>Joana Flix<\/p>\n<p><a href=\"mailto:jflix@escolafrancescfeliu.cat\" target=\"_blank\" rel=\"noopener\">jflix@escolafrancescfeliu.cat<\/a><\/p>\n<p>TEI<\/p>\n<p>Eva Ser\u00f3<\/p>\n<p><a href=\"mailto:esero@escolafrancescfeliu.cat\" target=\"_blank\" rel=\"noopener\"><span data-sheets-root=\"1\">esero@escolafrancescfeliu.cat<\/span><\/a><\/p>\n<p style=\"font-family: 'Helvetica Neue', Helvetica, Helvetica, Arial, sans-serif; font-size: 14px;\">\n<\/td>\n<td style=\"width: 50%; height: 260px;\">\n<p style=\"font-family: 'Helvetica Neue', Helvetica, Helvetica, Arial, sans-serif; font-size: 14px;\">Refor\u00e7 prim\u00e0ria: (Medi i rob\u00f2tica)<\/p>\n<p style=\"font-family: 'Helvetica Neue', Helvetica, Helvetica, Arial, sans-serif; font-size: 14px;\">Marc Palau<br \/>\n<a href=\"mailto:mpalau@escolafrancescfeliu.cat\">mpalau@escolafrancescfeliu.cat<\/a><\/p>\n<p>Joan Florensa<\/p>\n<p><a href=\"mailto:jflorensa@escolafrancescfeliu.cat\" target=\"_blank\" rel=\"noopener\"><span data-sheets-root=\"1\">jflorensa@escolafrancescfeliu.cat<\/span><\/a><\/td>\n<\/tr>\n<tr style=\"height: 176px;\">\n<td style=\"width: 50%; height: 176px;\">\n<p style=\"font-family: 'Helvetica Neue', Helvetica, Helvetica, Arial, sans-serif; font-size: 14px;\">Mestre Audici\u00f3 i Llenguatge<\/p>\n<p>Raquel Sanz<\/p>\n<p><a href=\"mailto:rsanz@escolafrancescfeliu.cat\" target=\"_blank\" rel=\"noopener\"><span data-sheets-root=\"1\">rsanz@escolafrancescfeliu.cat<\/span><\/a><\/td>\n<td style=\"width: 50%; height: 176px;\">\n<p style=\"font-family: 'Helvetica Neue', Helvetica, Helvetica, Arial, sans-serif; font-size: 14px;\">Religi\u00f3<\/p>\n<p>Jeroni Lloret<\/p>\n<p><a href=\"mailto:jlloret@escolafrancescfeliu.cat\" target=\"_blank\" rel=\"noopener\"><span data-sheets-root=\"1\">jlloret@escolafrancescfeliu.cat<\/span><\/a><\/td>\n<\/tr>\n<tr>\n<td style=\"width: 50%;\">\n<p style=\"font-family: 'Helvetica Neue', Helvetica, Helvetica, Arial, sans-serif; font-size: 14px;\">Aula d&#8217;Acollida<\/p>\n<p>Sandra Pi\u00f1ol<\/p>\n<p><a href=\"mailto:spinol@escolafrancescfeliu.cat\" target=\"_blank\" rel=\"noopener\"><span data-sheets-root=\"1\">spinol@escolafrancescfeliu.cat<\/span><\/a><\/p>\n<p>Aida Fo<\/p>\n<p><a href=\"mailto:afo@escolafrancescfeliu.cat\" target=\"_blank\" rel=\"noopener\"><span data-sheets-root=\"1\">afo@escolafrancescfeliu.cat<\/span><\/a><\/td>\n<td style=\"width: 50%;\">\n<p style=\"font-family: 'Helvetica Neue', Helvetica, Helvetica, Arial, sans-serif; font-size: 14px;\">\n<\/td>\n<\/tr>\n<\/tbody>\n<\/table>\n","protected":false},"excerpt":{"rendered":"<p>EQUIP DIRECTIU Directora: Maite Codina mcodina@escolafrancescfeliu.cat Cap d&#8217;estudis: N\u00faria Farr\u00e9 nfarre@escolafrancescfeliu.cat Secretaria: Imma Segura isegura@escolafrancescfeliu.cat I3:Sonia Calet scalet@escolafrancescfeliu.cat I4 A: Montse Primmprim@escolafrancescfeliu.cat I4B:Tere Garc\u00edamgarcia@escolafrancescfeliu.cat I5:Judit Dolad\u00e9jdolade@escolafrancescfeliu.cat 1r A:Montse Teixid\u00f3 mteixido@escolafrancescfeliu.cat 1r B:Mariona Palau mpalau2@escolafrancescfeliu.cat 2n: Juan Hinojo jhinojo@escolafrancescfeliu.cat 3r A:M\u00aaRosa CorretgeLourdes Tejero ltejero@escolafrancescfeliu.cat 3r B: Noem\u00ed Sis\u00f3nsiso@escolafrancescfeliu.cat 4t A:M\u00aaRosa Corretge mcorretge@escolafrancescfeliu.cat 4t B:Mar Perez mperez@escolafrancescfeliu.cat [&hellip;]<\/p>\n","protected":false},"author":1,"featured_media":0,"parent":0,"menu_order":0,"comment_status":"closed","ping_status":"closed","template":"","meta":{"_bbp_topic_count":0,"_bbp_reply_count":0,"_bbp_total_topic_count":0,"_bbp_total_reply_count":0,"_bbp_voice_count":0,"_bbp_anonymous_reply_count":0,"_bbp_topic_count_hidden":0,"_bbp_reply_count_hidden":0,"_bbp_forum_subforum_count":0,"site-sidebar-layout":"default","site-content-layout":"","ast-site-content-layout":"default","site-content-style":"default","site-sidebar-style":"default","ast-global-header-display":"","ast-banner-title-visibility":"","ast-main-header-display":"","ast-hfb-above-header-display":"","ast-hfb-below-header-display":"","ast-hfb-mobile-header-display":"","site-post-title":"","ast-breadcrumbs-content":"","ast-featured-img":"","footer-sml-layout":"","theme-transparent-header-meta":"","adv-header-id-meta":"","stick-header-meta":"","header-above-stick-meta":"","header-main-stick-meta":"","header-below-stick-meta":"","astra-migrate-meta-layouts":"set","ast-page-background-enabled":"default","ast-page-background-meta":{"desktop":{"background-color":"var(--ast-global-color-4)","background-image":"","background-repeat":"repeat","background-position":"center center","background-size":"auto","background-attachment":"scroll","background-type":"","background-media":"","overlay-type":"","overlay-color":"","overlay-opacity":"","overlay-gradient":""},"tablet":{"background-color":"","background-image":"","background-repeat":"repeat","background-position":"center center","background-size":"auto","background-attachment":"scroll","background-type":"","background-media":"","overlay-type":"","overlay-color":"","overlay-opacity":"","overlay-gradient":""},"mobile":{"background-color":"","background-image":"","background-repeat":"repeat","background-position":"center center","background-size":"auto","background-attachment":"scroll","background-type":"","background-media":"","overlay-type":"","overlay-color":"","overlay-opacity":"","overlay-gradient":""}},"ast-content-background-meta":{"desktop":{"background-color":"var(--ast-global-color-5)","background-image":"","background-repeat":"repeat","background-position":"center center","background-size":"auto","background-attachment":"scroll","background-type":"","background-media":"","overlay-type":"","overlay-color":"","overlay-opacity":"","overlay-gradient":""},"tablet":{"background-color":"var(--ast-global-color-5)","background-image":"","background-repeat":"repeat","background-position":"center center","background-size":"auto","background-attachment":"scroll","background-type":"","background-media":"","overlay-type":"","overlay-color":"","overlay-opacity":"","overlay-gradient":""},"mobile":{"background-color":"var(--ast-global-color-5)","background-image":"","background-repeat":"repeat","background-position":"center center","background-size":"auto","background-attachment":"scroll","background-type":"","background-media":"","overlay-type":"","overlay-color":"","overlay-opacity":"","overlay-gradient":""}},"footnotes":""},"class_list":["post-10006","page","type-page","status-publish","hentry"],"post_mailing_queue_ids":[],"_links":{"self":[{"href":"https:\/\/agora.xtec.cat\/escolafrancescfeliu\/wp-json\/wp\/v2\/pages\/10006","targetHints":{"allow":["GET"]}}],"collection":[{"href":"https:\/\/agora.xtec.cat\/escolafrancescfeliu\/wp-json\/wp\/v2\/pages"}],"about":[{"href":"https:\/\/agora.xtec.cat\/escolafrancescfeliu\/wp-json\/wp\/v2\/types\/page"}],"author":[{"embeddable":true,"href":"https:\/\/agora.xtec.cat\/escolafrancescfeliu\/wp-json\/wp\/v2\/users\/1"}],"replies":[{"embeddable":true,"href":"https:\/\/agora.xtec.cat\/escolafrancescfeliu\/wp-json\/wp\/v2\/comments?post=10006"}],"version-history":[{"count":5,"href":"https:\/\/agora.xtec.cat\/escolafrancescfeliu\/wp-json\/wp\/v2\/pages\/10006\/revisions"}],"predecessor-version":[{"id":11432,"href":"https:\/\/agora.xtec.cat\/escolafrancescfeliu\/wp-json\/wp\/v2\/pages\/10006\/revisions\/11432"}],"wp:attachment":[{"href":"https:\/\/agora.xtec.cat\/escolafrancescfeliu\/wp-json\/wp\/v2\/media?parent=10006"}],"curies":[{"name":"wp","href":"https:\/\/api.w.org\/{rel}","templated":true}]}}