{"id":64,"date":"2014-09-18T12:39:08","date_gmt":"2014-09-18T11:39:08","guid":{"rendered":"http:\/\/agora.xtec.cat\/escolafmistral\/?page_id=64"},"modified":"2025-09-09T15:07:32","modified_gmt":"2025-09-09T13:07:32","slug":"projecte-educatiu","status":"publish","type":"page","link":"https:\/\/agora.xtec.cat\/escolafmistral\/escola\/projecte-educatiu\/","title":{"rendered":"Projecte Educatiu"},"content":{"rendered":"<p><a href=\"https:\/\/agora.xtec.cat\/escolafmistral\/wp-content\/uploads\/usu688\/2018\/10\/Projecte-educatiu-descola.png\"><img loading=\"lazy\" decoding=\"async\" class=\"wp-image-9477 alignright\" src=\"https:\/\/agora.xtec.cat\/escolafmistral\/wp-content\/uploads\/usu688\/2018\/10\/Projecte-educatiu-descola.png\" alt=\"\" width=\"220\" height=\"78\" srcset=\"https:\/\/agora.xtec.cat\/escolafmistral\/wp-content\/uploads\/usu688\/2018\/10\/Projecte-educatiu-descola.png 862w, https:\/\/agora.xtec.cat\/escolafmistral\/wp-content\/uploads\/usu688\/2018\/10\/Projecte-educatiu-descola-300x106.png 300w, https:\/\/agora.xtec.cat\/escolafmistral\/wp-content\/uploads\/usu688\/2018\/10\/Projecte-educatiu-descola-768x273.png 768w\" sizes=\"auto, (max-width: 220px) 100vw, 220px\" \/><\/a><\/p>\n<p>Podeu consultar els seg\u00fcents documents oficials vigents que fan refer\u00e8ncia al nostre Projecte Educatiu i funcionament intern d&#8217;escola.<\/p>\n<table style=\"border-collapse: collapse; width: 100%; height: 273px;\" border=\"1\">\n<tbody>\n<tr style=\"height: 30px;\">\n<td style=\"width: 33.3333%; height: 30px; text-align: center;\">\n<h6><strong>PROJECTES I PLANS DE CENTRE<\/strong><\/h6>\n<\/td>\n<td style=\"text-align: center; height: 30px; width: 33.3333%;\">\n<h6><strong>ESTAT<\/strong><\/h6>\n<\/td>\n<td style=\"text-align: center; height: 30px; width: 33.3333%;\">\n<h6><strong>ACC\u00c9S AL DOCUMENT<\/strong><\/h6>\n<\/td>\n<\/tr>\n<tr style=\"height: 31px;\">\n<td style=\"width: 33.3333%; height: 31px; text-align: center;\">Projecte Educatiu<\/td>\n<td style=\"width: 33.3333%; height: 31px; text-align: center;\">Del 2016, vigent i en estat de revisi\u00f3.<\/td>\n<td style=\"width: 33.3333%; height: 31px; text-align: center;\"><a href=\"http:\/\/agora.xtec.cat\/escolafmistral\/wp-content\/uploads\/usu688\/2014\/09\/PEC.pdf\">PEC<\/a><\/td>\n<\/tr>\n<tr style=\"height: 45px;\">\n<td style=\"width: 33.3333%; height: 45px; text-align: center;\">Projecte Ling\u00fc\u00edstic<\/td>\n<td style=\"width: 33.3333%; height: 45px; text-align: center;\">Actualitzat i aprovat Juny 2021.<\/td>\n<td style=\"width: 33.3333%; height: 45px; text-align: center;\"><a href=\"https:\/\/drive.google.com\/file\/d\/1ixcpjYtUBh39IE_ZDyltZh7XnuPeL5vj\/view\">Projecte Ling\u00fc\u00edstic<\/a><\/td>\n<\/tr>\n<tr style=\"height: 45px;\">\n<td style=\"width: 33.3333%; height: 45px; text-align: center;\">Pla Tac<\/td>\n<td style=\"width: 33.3333%; height: 45px; text-align: center;\">Del 2019, vigent i en revisi\u00f3 anual.<\/td>\n<td style=\"width: 33.3333%; height: 45px; text-align: center;\"><strong><a href=\"https:\/\/agora.xtec.cat\/escolafmistral\/wp-content\/uploads\/usu688\/2019\/02\/PLA-TAC.pdf\" target=\"_blank\" rel=\"noopener noreferrer\">PLA TAC<\/a><\/strong><\/td>\n<\/tr>\n<tr style=\"height: 30px;\">\n<td style=\"width: 33.3333%; text-align: center; height: 30px;\">Normes d&#8217;Organitzaci\u00f3 i Funcionament<\/td>\n<td style=\"width: 33.3333%; text-align: center; height: 30px;\">Juny 2025<\/td>\n<td style=\"width: 33.3333%; text-align: center; height: 30px;\"><a href=\"https:\/\/agora.xtec.cat\/escolafmistral\/wp-content\/uploads\/usu688\/2025\/06\/NOFC-JUNY-2025.pdf\">NOFC<\/a><\/td>\n<\/tr>\n<tr style=\"height: 23px;\">\n<td style=\"width: 33.3333%; text-align: center; height: 23px;\">Pla d&#8217;Acollida<\/td>\n<td style=\"width: 33.3333%; text-align: center; height: 23px;\">Curs 2021-22<\/td>\n<td style=\"width: 33.3333%; text-align: center; height: 23px;\"><a href=\"https:\/\/agora.xtec.cat\/escolafmistral\/wp-content\/uploads\/usu688\/2023\/09\/Pla-dAcollida-Curs-2021-22.pdf\">Pla d&#8217;Acollida Curs<\/a><\/td>\n<\/tr>\n<tr style=\"height: 23px;\">\n<td style=\"width: 33.3333%; text-align: center; height: 23px;\">Estrat\u00e8gia digital de centre<\/td>\n<td style=\"width: 33.3333%; text-align: center; height: 23px;\">2023<\/td>\n<td style=\"width: 33.3333%; text-align: center; height: 23px;\"><a href=\"https:\/\/agora.xtec.cat\/escolafmistral\/escola\/documents-de-centre\/edc-estrategia-digital-de-centre\/\">Estrat\u00e8gia digital de Centre<\/a><\/td>\n<\/tr>\n<tr style=\"height: 23px;\">\n<td style=\"width: 33.3333%; text-align: center; height: 23px;\">Programaci\u00f3 General Anual<\/td>\n<td style=\"width: 33.3333%; text-align: center; height: 23px;\">22-23<\/td>\n<td style=\"width: 33.3333%; text-align: center; height: 23px;\"><a href=\"https:\/\/agora.xtec.cat\/escolafmistral\/escola\/documents-de-centre\/edc-estrategia-digital-de-centre\/\">PGA 22-23<\/a><\/td>\n<\/tr>\n<tr style=\"height: 23px;\">\n<td style=\"width: 33.3333%; text-align: center; height: 23px;\">Projecte de Conviv\u00e8ncia<\/td>\n<td style=\"width: 33.3333%; text-align: center; height: 23px;\">juny 2025<\/td>\n<td style=\"width: 33.3333%; text-align: center; height: 23px;\"><a href=\"https:\/\/agora.xtec.cat\/escolafmistral\/wp-content\/uploads\/usu688\/2025\/09\/Projecte-de-convivencia.-Escola-F-Mistral.pdf\">Projecte de Conviv\u00e8ncia<\/a><\/td>\n<\/tr>\n<\/tbody>\n<\/table>\n<table style=\"border-collapse: collapse; width: 100%;\" border=\"1\">\n<tbody>\n<tr style=\"height: 40px;\">\n<td style=\"width: 100%; height: 40px;\">\n<p style=\"text-align: center;\"><strong>ALTRES INFORMACIONS<\/strong><\/p>\n<\/td>\n<\/tr>\n<tr style=\"height: 54px;\">\n<td style=\"width: 100%; height: 54px;\"><a href=\"http:\/\/agora.xtec.cat\/escolafmistral\/wp-content\/uploads\/usu688\/2016\/03\/TOTS.-Carta-de-comprom\u00eds-educatiu.pdf\">Carta de comprom\u00eds educatiu<\/a><\/td>\n<\/tr>\n<tr>\n<td style=\"width: 100%;\"><a href=\"http:\/\/ensenyament.gencat.cat\/web\/.content\/home\/departament\/publicacions\/a-cop-ull\/info-primaria.pdf\">El sistema d&#8217;avaluaci\u00f3<\/a> <a href=\"http:\/\/ensenyament.gencat.cat\/web\/.content\/home\/departament\/publicacions\/a-cop-ull\/info-primaria.pdf\">Infografia informativa<\/a><a href=\"http:\/\/ensenyament.gencat.cat\/web\/.content\/home\/departament\/publicacions\/a-cop-ull\/info-primaria.pdf\">\u00a0<\/a><\/td>\n<\/tr>\n<\/tbody>\n<\/table>\n<h5>XARXA DE COMPET\u00c8NCIES B\u00c0SIQUES<a href=\"http:\/\/xtec.gencat.cat\/web\/.content\/curriculum\/xarxacb\/documents\/Qui-som.pdf\" target=\"_blank\" rel=\"noopener noreferrer\"><img loading=\"lazy\" decoding=\"async\" class=\"size-medium wp-image-7403 alignright\" src=\"http:\/\/agora.xtec.cat\/escolafmistral\/wp-content\/uploads\/usu688\/2018\/02\/xcblogo-300x101.png\" alt=\"\" width=\"300\" height=\"101\" srcset=\"https:\/\/agora.xtec.cat\/escolafmistral\/wp-content\/uploads\/usu688\/2018\/02\/xcblogo-300x101.png 300w, https:\/\/agora.xtec.cat\/escolafmistral\/wp-content\/uploads\/usu688\/2018\/02\/xcblogo.png 373w\" sizes=\"auto, (max-width: 300px) 100vw, 300px\" \/><\/a><\/h5>\n<p>Pertanyem a la Xarxa de Compet\u00e8ncies B\u00e0siques des del curs 2016\/17.<\/p>\n<p>La Xarxa CB est\u00e0 formada per un equip de docents que desenvolupem el treball per compet\u00e8ncies als nostres centres, elaborem instruments de suport per orientar els processos de reflexi\u00f3 i la gesti\u00f3 del curr\u00edculum per compet\u00e8ncies b\u00e0siques i compartim processos d&#8217;autoavaluaci\u00f3.<\/p>\n<h5>FEM T\u00c0NDEM amb L&#8217;H Digital<\/h5>\n<p><img loading=\"lazy\" decoding=\"async\" class=\"wp-image-7475 alignright\" src=\"http:\/\/agora.xtec.cat\/escolafmistral\/wp-content\/uploads\/usu688\/2018\/03\/TANDEM_LOGO.jpg\" alt=\"\" width=\"175\" height=\"115\" srcset=\"https:\/\/agora.xtec.cat\/escolafmistral\/wp-content\/uploads\/usu688\/2018\/03\/TANDEM_LOGO.jpg 700w, https:\/\/agora.xtec.cat\/escolafmistral\/wp-content\/uploads\/usu688\/2018\/03\/TANDEM_LOGO-300x197.jpg 300w\" sizes=\"auto, (max-width: 175px) 100vw, 175px\" \/><\/p>\n<p>Els t\u00e0ndems s\u00f3n projectes col\u2022laboratius duts a terme entre escoles p\u00fabliques, equipaments culturals, institucions i entitats que tenen com a objectiu desenvolupar continguts especialitzats a les escoles de prim\u00e0ria i secund\u00e0ria de l&#8217;Hospitalet. Amb els t\u00e0ndems es desenvolupen programes educatius a trav\u00e9s de les arts, la ci\u00e8ncia, la comunicaci\u00f3 i les tecnologies, la lectura o els nous aprenentatges, per promoure l&#8217;excel\u2022l\u00e8ncia i la singularitat als centres educatius p\u00fablics de la ciutat. Els t\u00e0ndems tracten d&#8217;incorporar projectes innovadors en els curr\u00edculums acad\u00e8mics dels centres perqu\u00e8 esdevinguin refer\u00e8ncia al seu barri.<\/p>\n<p style=\"text-align: right;\"><a href=\"http:\/\/agora.xtec.cat\/escolafmistral\/wp-content\/uploads\/usu688\/2018\/09\/Comprom\u00eds-de-ciutat-amb-l\u00e8xit-educatiu.png\"><img loading=\"lazy\" decoding=\"async\" class=\"alignnone size-full wp-image-9216\" src=\"http:\/\/agora.xtec.cat\/escolafmistral\/wp-content\/uploads\/usu688\/2018\/09\/Comprom\u00eds-de-ciutat-amb-l\u00e8xit-educatiu.png\" alt=\"\" width=\"1018\" height=\"468\" srcset=\"https:\/\/agora.xtec.cat\/escolafmistral\/wp-content\/uploads\/usu688\/2018\/09\/Comprom\u00eds-de-ciutat-amb-l\u00e8xit-educatiu.png 1018w, https:\/\/agora.xtec.cat\/escolafmistral\/wp-content\/uploads\/usu688\/2018\/09\/Comprom\u00eds-de-ciutat-amb-l\u00e8xit-educatiu-300x138.png 300w, https:\/\/agora.xtec.cat\/escolafmistral\/wp-content\/uploads\/usu688\/2018\/09\/Comprom\u00eds-de-ciutat-amb-l\u00e8xit-educatiu-768x353.png 768w\" sizes=\"auto, (max-width: 1018px) 100vw, 1018px\" \/><\/a>M\u00e9s informaci\u00f3 a www.lhdigital.cat<\/p>\n<div id=\"embed-alacarta-68334\"><\/div>\n<p><script src=\"https:\/\/www.alacarta.cat\/js\/embed.js\" data-container=\"embed-alacarta-68334\" data-src=\"5c41cac9754fe32884572ec1\"><\/script><\/p>\n<p>Aprofitant el programa T\u00e0ndem que fa Televisi\u00f3 L&#8217;Hospitalet amb l&#8217;escola Frederic Mistral, hem demanat a alguns alumnes de quart d&#8217;aquest centre que ens expliquin com entenen ells el Nadal, que \u00e9s all\u00f2 que m\u00e9s els agrada, qui porta els regals a casas seva i quins s\u00f3n els seus desitjos per al 2018. La nostra companya Marina Toledo ha preparat aquest reportatge amb els testimonis de la Claudia, l&#8217;Elisa, L&#8217;AIna, l&#8217;Ian, l&#8217;Aron, el Sama, el Jan, la Cl\u00e0udia, la Naiara i la Nat\u00e0lia.<\/p>\n<p><iframe loading=\"lazy\" src=\"https:\/\/www.youtube.com\/embed\/JOQ1-N6UooM\" width=\"560\" height=\"315\" frameborder=\"0\"><\/iframe><\/p>\n<p><iframe loading=\"lazy\" src=\"https:\/\/www.youtube.com\/embed\/bG6P_Q4FMGE\" width=\"560\" height=\"315\" frameborder=\"0\"><\/iframe><\/p>\n","protected":false},"excerpt":{"rendered":"<p>Podeu consultar els seg\u00fcents documents oficials vigents que fan refer\u00e8ncia al nostre Projecte Educatiu i funcionament intern d&#8217;escola. PROJECTES I PLANS DE CENTRE ESTAT ACC\u00c9S AL DOCUMENT Projecte Educatiu Del 2016, vigent i en estat de revisi\u00f3. PEC Projecte Ling\u00fc\u00edstic Actualitzat i aprovat Juny 2021. Projecte Ling\u00fc\u00edstic Pla Tac Del 2019, vigent i en revisi\u00f3 [&hellip;]<\/p>\n","protected":false},"author":1,"featured_media":0,"parent":22,"menu_order":0,"comment_status":"closed","ping_status":"closed","template":"page-templates\/side-menu.php","meta":{"_bbp_topic_count":0,"_bbp_reply_count":0,"_bbp_total_topic_count":0,"_bbp_total_reply_count":0,"_bbp_voice_count":0,"_bbp_anonymous_reply_count":0,"_bbp_topic_count_hidden":0,"_bbp_reply_count_hidden":0,"_bbp_forum_subforum_count":0,"site-sidebar-layout":"default","site-content-layout":"","ast-site-content-layout":"","site-content-style":"default","site-sidebar-style":"default","ast-global-header-display":"","ast-banner-title-visibility":"","ast-main-header-display":"","ast-hfb-above-header-display":"","ast-hfb-below-header-display":"","ast-hfb-mobile-header-display":"","site-post-title":"","ast-breadcrumbs-content":"","ast-featured-img":"","footer-sml-layout":"","theme-transparent-header-meta":"","adv-header-id-meta":"","stick-header-meta":"","header-above-stick-meta":"","header-main-stick-meta":"","header-below-stick-meta":"","astra-migrate-meta-layouts":"default","ast-page-background-enabled":"default","ast-page-background-meta":{"desktop":{"background-color":"var(--ast-global-color-4)","background-image":"","background-repeat":"repeat","background-position":"center center","background-size":"auto","background-attachment":"scroll","background-type":"","background-media":"","overlay-type":"","overlay-color":"","overlay-opacity":"","overlay-gradient":""},"tablet":{"background-color":"","background-image":"","background-repeat":"repeat","background-position":"center center","background-size":"auto","background-attachment":"scroll","background-type":"","background-media":"","overlay-type":"","overlay-color":"","overlay-opacity":"","overlay-gradient":""},"mobile":{"background-color":"","background-image":"","background-repeat":"repeat","background-position":"center center","background-size":"auto","background-attachment":"scroll","background-type":"","background-media":"","overlay-type":"","overlay-color":"","overlay-opacity":"","overlay-gradient":""}},"ast-content-background-meta":{"desktop":{"background-color":"var(--ast-global-color-5)","background-image":"","background-repeat":"repeat","background-position":"center center","background-size":"auto","background-attachment":"scroll","background-type":"","background-media":"","overlay-type":"","overlay-color":"","overlay-opacity":"","overlay-gradient":""},"tablet":{"background-color":"var(--ast-global-color-5)","background-image":"","background-repeat":"repeat","background-position":"center center","background-size":"auto","background-attachment":"scroll","background-type":"","background-media":"","overlay-type":"","overlay-color":"","overlay-opacity":"","overlay-gradient":""},"mobile":{"background-color":"var(--ast-global-color-5)","background-image":"","background-repeat":"repeat","background-position":"center center","background-size":"auto","background-attachment":"scroll","background-type":"","background-media":"","overlay-type":"","overlay-color":"","overlay-opacity":"","overlay-gradient":""}},"footnotes":""},"class_list":["post-64","page","type-page","status-publish","hentry"],"post_mailing_queue_ids":[],"_links":{"self":[{"href":"https:\/\/agora.xtec.cat\/escolafmistral\/wp-json\/wp\/v2\/pages\/64","targetHints":{"allow":["GET"]}}],"collection":[{"href":"https:\/\/agora.xtec.cat\/escolafmistral\/wp-json\/wp\/v2\/pages"}],"about":[{"href":"https:\/\/agora.xtec.cat\/escolafmistral\/wp-json\/wp\/v2\/types\/page"}],"author":[{"embeddable":true,"href":"https:\/\/agora.xtec.cat\/escolafmistral\/wp-json\/wp\/v2\/users\/1"}],"replies":[{"embeddable":true,"href":"https:\/\/agora.xtec.cat\/escolafmistral\/wp-json\/wp\/v2\/comments?post=64"}],"version-history":[{"count":6,"href":"https:\/\/agora.xtec.cat\/escolafmistral\/wp-json\/wp\/v2\/pages\/64\/revisions"}],"predecessor-version":[{"id":16756,"href":"https:\/\/agora.xtec.cat\/escolafmistral\/wp-json\/wp\/v2\/pages\/64\/revisions\/16756"}],"up":[{"embeddable":true,"href":"https:\/\/agora.xtec.cat\/escolafmistral\/wp-json\/wp\/v2\/pages\/22"}],"wp:attachment":[{"href":"https:\/\/agora.xtec.cat\/escolafmistral\/wp-json\/wp\/v2\/media?parent=64"}],"curies":[{"name":"wp","href":"https:\/\/api.w.org\/{rel}","templated":true}]}}