{"id":16657,"date":"2025-04-29T12:16:43","date_gmt":"2025-04-29T10:16:43","guid":{"rendered":"https:\/\/agora.xtec.cat\/escolafmistral\/?page_id=16657"},"modified":"2025-05-11T10:46:57","modified_gmt":"2025-05-11T08:46:57","slug":"pla-dacollida-digital-families","status":"publish","type":"page","link":"https:\/\/agora.xtec.cat\/escolafmistral\/pla-dacollida-digital-families\/","title":{"rendered":"PLA D&#8217;ACOLLIDA DIGITAL: Fam\u00edlies"},"content":{"rendered":"\n<p>Benvolgudes fam\u00edlies de l&#8217;Escola Frederic Mistral, <\/p>\n\n\n\n<p>Aquest \u00e9s l&#8217;espai on trobareu tota la informaci\u00f3 referent als aspectes digitals del nostre centre. <\/p>\n\n\n\n<div class=\"wp-block-getwid-toggle has-icon-left\">\n<div class=\"wp-block-getwid-toggle__row\"><div class=\"wp-block-getwid-toggle__header-wrapper\"><span class=\"wp-block-getwid-toggle__header\"><a href=\"#\"><span class=\"wp-block-getwid-toggle__header-title\">COMUNICACI\u00d3 DIGITAL<\/span><span class=\"wp-block-getwid-toggle__icon is-active\"><i class=\"fas fa-plus\"><\/i><\/span><span class=\"wp-block-getwid-toggle__icon is-passive\"><i class=\"fas fa-minus\"><\/i><\/span><\/a><\/span><\/div><div class=\"wp-block-getwid-toggle__content-wrapper\"><div class=\"wp-block-getwid-toggle__content\">\n<p><\/p>\n\n\n\n<div data-wp-interactive=\"core\/file\" class=\"wp-block-file\"><object data-wp-bind--hidden=\"!state.hasPdfPreview\" hidden class=\"wp-block-file__embed\" data=\"https:\/\/agora.xtec.cat\/escolafmistral\/wp-content\/uploads\/usu688\/2025\/05\/PAD_families_comunicaciodigital_escolafmistral2025.pdf\" type=\"application\/pdf\" style=\"width:100%;height:600px\" aria-label=\"Incrustaci\u00f3 del fitxer PAD_families_comunicaciodigital_escolafmistral2025.\"><\/object><a id=\"wp-block-file--media-addd0c6f-40d4-45d3-b42f-776f26fb71ba\" href=\"https:\/\/agora.xtec.cat\/escolafmistral\/wp-content\/uploads\/usu688\/2025\/05\/PAD_families_comunicaciodigital_escolafmistral2025.pdf\">PAD_families_comunicaciodigital_escolafmistral2025<\/a><a href=\"https:\/\/agora.xtec.cat\/escolafmistral\/wp-content\/uploads\/usu688\/2025\/05\/PAD_families_comunicaciodigital_escolafmistral2025.pdf\" class=\"wp-block-file__button wp-element-button\" download aria-describedby=\"wp-block-file--media-addd0c6f-40d4-45d3-b42f-776f26fb71ba\">Baixa<\/a><\/div>\n<\/div><\/div><\/div>\n\n\n\n<div class=\"wp-block-getwid-toggle__row\"><div class=\"wp-block-getwid-toggle__header-wrapper\"><span class=\"wp-block-getwid-toggle__header\"><a href=\"#\"><span class=\"wp-block-getwid-toggle__header-title\">DINANTIA: eina de comunicaci\u00f3 escola-fam\u00edlies<\/span><span class=\"wp-block-getwid-toggle__icon is-active\"><i class=\"fas fa-plus\"><\/i><\/span><span class=\"wp-block-getwid-toggle__icon is-passive\"><i class=\"fas fa-minus\"><\/i><\/span><\/a><\/span><\/div><div class=\"wp-block-getwid-toggle__content-wrapper\"><div class=\"wp-block-getwid-toggle__content\">\n<p>A l\u2019escola fem servir&nbsp;l\u2019aplicaci\u00f3 de m\u00f2bil&nbsp;<em><a href=\"https:\/\/www.dinantia.com\/es\/\">Din\u00e0ntia<\/a>&nbsp;<\/em>per enviar circulars i avisos directament al vostre m\u00f2bil.<\/p>\n\n\n\n<p>Per aix\u00f2, us recomanem que la descarregueu al m\u00f2bil. \u00c9s, una eina r\u00e0pida i ecol\u00f2gica de comunicaci\u00f3.<\/p>\n\n\n\n<figure class=\"wp-block-image alignleft is-resized\"><img decoding=\"async\" src=\"https:\/\/agora.xtec.cat\/ceiplacarpa\/wp-content\/uploads\/usu1915\/2020\/09\/hqdefault.jpg\" alt=\"\" class=\"wp-image-3930\" style=\"width:230px;height:auto\"\/><\/figure>\n\n\n\n<p><\/p>\n\n\n\n<p><em><a href=\"https:\/\/play.google.com\/store\/apps\/details?id=com.dinantia.dinantia\">Enlla\u00e7 descarrega Android<\/a><\/em><\/p>\n\n\n\n<p><em><a href=\"https:\/\/apps.apple.com\/es\/app\/dinantia\/id1057051981\">Enlla\u00e7 descarrega Apple\/iphone<\/a><\/em><\/p>\n\n\n\n<p><\/p>\n\n\n\n<ol class=\"wp-block-list\">\n<li>Descarregueu la App al m\u00f2bil<\/li>\n\n\n\n<li>Registreu-vos escrivint el mail que vau donar a l\u2019escola.<\/li>\n\n\n\n<li>Si us valida correctament, rebreu un correu electr\u00f2nic que heu d\u2019obrir i acceptar.<\/li>\n\n\n\n<li>Torneu a obrir la App i a escriure el mail i ja podreu accedir i rebre els missatges.<\/li>\n<\/ol>\n\n\n\n<p><strong>Si no us podeu registrar o no troba cap usuari amb aquest mail voldr\u00e0 dir que no esteu posant el correu que vau donar a l\u2019escola o que el mail que tenim a l\u2019escola no es correcte.<\/strong><\/p>\n\n\n\n<p><em>Si no us descarregueu l\u2019aplicaci\u00f3 rebreu les circulars al mail que vau donar a l\u2019escola.<\/em><\/p>\n<\/div><\/div><\/div>\n\n\n\n<div class=\"wp-block-getwid-toggle__row\"><div class=\"wp-block-getwid-toggle__header-wrapper\"><span class=\"wp-block-getwid-toggle__header\"><a href=\"#\"><span class=\"wp-block-getwid-toggle__header-title\">CORREU ELECTR\u00d2NIC D&#8217;AULA: eina de comunicaci\u00f3 tutor\/a-fam\u00edlia<\/span><span class=\"wp-block-getwid-toggle__icon is-active\"><i class=\"fas fa-plus\"><\/i><\/span><span class=\"wp-block-getwid-toggle__icon is-passive\"><i class=\"fas fa-minus\"><\/i><\/span><\/a><\/span><\/div><div class=\"wp-block-getwid-toggle__content-wrapper\"><div class=\"wp-block-getwid-toggle__content\">\n<p>Benvolgudes fam\u00edlies,&nbsp;<\/p>\n\n\n\n<p>Aquests s\u00f3n les adreces de correu electr\u00f2nic d\u2019aula, s\u00f3n una via directa de comunicaci\u00f3 amb la tutora o tutor de les vostres filles i fills.&nbsp;<\/p>\n\n\n\n<figure class=\"wp-block-table\"><table><tbody><tr><td class=\"has-text-align-center\" data-align=\"center\" colspan=\"2\"><strong>COMUNITAT DE PETITS<\/strong><\/td><\/tr><tr><td class=\"has-text-align-center\" data-align=\"center\">P3A<\/td><td>p3a@escolafmistral.cat&nbsp;<\/td><\/tr><tr><td class=\"has-text-align-center\" data-align=\"center\">P3B<\/td><td>p3b@escolafmistral.cat<\/td><\/tr><tr><td class=\"has-text-align-center\" data-align=\"center\">P4A<\/td><td>p4a@escolafmistral.cat<\/td><\/tr><tr><td class=\"has-text-align-center\" data-align=\"center\">P4B<\/td><td>p4b@escolafmistral.cat<\/td><\/tr><tr><td class=\"has-text-align-center\" data-align=\"center\">P5A<\/td><td>p5a@escolafmistral.cat<\/td><\/tr><tr><td class=\"has-text-align-center\" data-align=\"center\">P5B<\/td><td>p5b@escolafmistral.cat<\/td><\/tr><tr><td class=\"has-text-align-center\" data-align=\"center\" colspan=\"2\"><strong>COMUNITAT DE MITJANS<\/strong><\/td><\/tr><tr><td class=\"has-text-align-center\" data-align=\"center\">1A<\/td><td>1a@escolafmistral.cat<\/td><\/tr><tr><td class=\"has-text-align-center\" data-align=\"center\">1B<\/td><td>1b@escolafmistral.cat<\/td><\/tr><tr><td class=\"has-text-align-center\" data-align=\"center\">2A<\/td><td>2a@escolafmistral.cat<\/td><\/tr><tr><td class=\"has-text-align-center\" data-align=\"center\">2B<\/td><td>2b@escolafmistral.cat<\/td><\/tr><tr><td class=\"has-text-align-center\" data-align=\"center\">3A<\/td><td>3a@escolafmistral.cat<\/td><\/tr><tr><td class=\"has-text-align-center\" data-align=\"center\">3B<\/td><td>3b@escolafmistral.cat<\/td><\/tr><tr><td class=\"has-text-align-center\" data-align=\"center\" colspan=\"2\"><strong>COMUNITAT DE GRANS<\/strong><\/td><\/tr><tr><td class=\"has-text-align-center\" data-align=\"center\">4A<\/td><td>4a@escolafmistral.cat<\/td><\/tr><tr><td class=\"has-text-align-center\" data-align=\"center\">4B<\/td><td>4b@escolafmistral.cat<\/td><\/tr><tr><td class=\"has-text-align-center\" data-align=\"center\">5A<\/td><td>5a@escolafmistral.cat<\/td><\/tr><tr><td class=\"has-text-align-center\" data-align=\"center\">5B<\/td><td>5b@escolafmistral.cat<\/td><\/tr><tr><td class=\"has-text-align-center\" data-align=\"center\">6A<\/td><td>6a@escolafmistral.cat<\/td><\/tr><tr><td class=\"has-text-align-center\" data-align=\"center\">6B<\/td><td>6b@escolafmistral.cat<\/td><\/tr><\/tbody><\/table><\/figure>\n\n\n\n<p><\/p>\n<\/div><\/div><\/div>\n\n\n\n<div class=\"wp-block-getwid-toggle__row\"><div class=\"wp-block-getwid-toggle__header-wrapper\"><span class=\"wp-block-getwid-toggle__header\"><a href=\"#\"><span class=\"wp-block-getwid-toggle__header-title\">LLOC WEB DE L&#8217;ESCOLA<\/span><span class=\"wp-block-getwid-toggle__icon is-active\"><i class=\"fas fa-plus\"><\/i><\/span><span class=\"wp-block-getwid-toggle__icon is-passive\"><i class=\"fas fa-minus\"><\/i><\/span><\/a><\/span><\/div><div class=\"wp-block-getwid-toggle__content-wrapper\"><div class=\"wp-block-getwid-toggle__content\">\n<p>Al web de la nostra escola trobareu informaci\u00f3 sobre el funcionament de la nostra escola: calendari, quota, material, autoritzacions, menjador, AFA, etc.<\/p>\n\n\n\n<p><\/p>\n<\/div><\/div><\/div>\n\n\n\n<div class=\"wp-block-getwid-toggle__row\"><div class=\"wp-block-getwid-toggle__header-wrapper\"><span class=\"wp-block-getwid-toggle__header\"><a href=\"#\"><span class=\"wp-block-getwid-toggle__header-title\">INSTAGRAM<\/span><span class=\"wp-block-getwid-toggle__icon is-active\"><i class=\"fas fa-plus\"><\/i><\/span><span class=\"wp-block-getwid-toggle__icon is-passive\"><i class=\"fas fa-minus\"><\/i><\/span><\/a><\/span><\/div><div class=\"wp-block-getwid-toggle__content-wrapper\"><div class=\"wp-block-getwid-toggle__content\">\n<p>Podeu trobar les publicacions del compte d&#8217;instagram de l&#8217;escola<strong> <a href=\"https:\/\/www.instagram.com\/escolafrederic\/\">@escolafrederic<\/a> <\/strong>en aquest <a href=\"https:\/\/www.instagram.com\/escolafrederic\/\">enlla\u00e7<\/a>.<\/p>\n<\/div><\/div><\/div>\n\n\n\n<div class=\"wp-block-getwid-toggle__row\"><div class=\"wp-block-getwid-toggle__header-wrapper\"><span class=\"wp-block-getwid-toggle__header\"><a href=\"#\"><span class=\"wp-block-getwid-toggle__header-title\">DISPOSITIUS DIGITALS AL CENTRE<\/span><span class=\"wp-block-getwid-toggle__icon is-active\"><i class=\"fas fa-plus\"><\/i><\/span><span class=\"wp-block-getwid-toggle__icon is-passive\"><i class=\"fas fa-minus\"><\/i><\/span><\/a><\/span><\/div><div class=\"wp-block-getwid-toggle__content-wrapper\"><div class=\"wp-block-getwid-toggle__content\">\n<p>A la nostra escola disposem: <\/p>\n\n\n\n<ul class=\"wp-block-list\">\n<li><a href=\"https:\/\/projectes.xtec.cat\/digital\/equipaments-i-infraestructures\/panells-digitals\/panell-newline\/\">Panells Interatius<\/a> a les aules de grup classe i d&#8217;angl\u00e8s. <\/li>\n\n\n\n<li><a href=\"https:\/\/projectes.xtec.cat\/digital\/equipaments-i-infraestructures\/ordinadors\/ordinadors-alumnat\/\">Port\u00e0tils individuals<\/a> per als alumnes de 5\u00e8 i 6\u00e8. <\/li>\n\n\n\n<li>Tauletes Digitals. <\/li>\n\n\n\n<li>Dotaci\u00f3 de rob\u00f2tica: \n<ul class=\"wp-block-list\">\n<li><a href=\"https:\/\/projectes.xtec.cat\/digital\/equipaments-i-infraestructures\/robotica\/formacio-tecnica-robotica\/robots-educatius\/blue-bot\/\">bluebots<\/a><\/li>\n\n\n\n<li><a href=\"https:\/\/projectes.xtec.cat\/digital\/equipaments-i-infraestructures\/robotica\/formacio-tecnica-robotica\/robots-educatius\/lego-spike-prime\/\">Lego Spike Education Prime<\/a><\/li>\n\n\n\n<li><a href=\"https:\/\/projectes.xtec.cat\/digital\/equipaments-i-infraestructures\/robotica\/formacio-tecnica-robotica\/robots-educatius\/mtiny\/\">M-Tiny<\/a><\/li>\n\n\n\n<li><a href=\"https:\/\/makeymakey.com\/\">Plaques Makey Makey<\/a><\/li>\n\n\n\n<li><a href=\"https:\/\/scottiego.vicensvives.com\/inici\/\">Scottie Go<\/a><\/li>\n<\/ul>\n<\/li>\n<\/ul>\n<\/div><\/div><\/div>\n<\/div>\n\n\n\n<p><\/p>\n","protected":false},"excerpt":{"rendered":"<p>Benvolgudes fam\u00edlies de l&#8217;Escola Frederic Mistral, Aquest \u00e9s l&#8217;espai on trobareu tota la informaci\u00f3 referent als aspectes digitals del nostre centre.<\/p>\n","protected":false},"author":26,"featured_media":0,"parent":0,"menu_order":0,"comment_status":"closed","ping_status":"close","template":"","meta":{"_bbp_topic_count":0,"_bbp_reply_count":0,"_bbp_total_topic_count":0,"_bbp_total_reply_count":0,"_bbp_voice_count":0,"_bbp_anonymous_reply_count":0,"_bbp_topic_count_hidden":0,"_bbp_reply_count_hidden":0,"_bbp_forum_subforum_count":0,"site-sidebar-layout":"default","site-content-layout":"","ast-site-content-layout":"","site-content-style":"default","site-sidebar-style":"default","ast-global-header-display":"","ast-banner-title-visibility":"","ast-main-header-display":"","ast-hfb-above-header-display":"","ast-hfb-below-header-display":"","ast-hfb-mobile-header-display":"","site-post-title":"","ast-breadcrumbs-content":"","ast-featured-img":"","footer-sml-layout":"","theme-transparent-header-meta":"","adv-header-id-meta":"","stick-header-meta":"","header-above-stick-meta":"","header-main-stick-meta":"","header-below-stick-meta":"","astra-migrate-meta-layouts":"default","ast-page-background-enabled":"default","ast-page-background-meta":{"desktop":{"background-color":"var(--ast-global-color-4)","background-image":"","background-repeat":"repeat","background-position":"center center","background-size":"auto","background-attachment":"scroll","background-type":"","background-media":"","overlay-type":"","overlay-color":"","overlay-opacity":"","overlay-gradient":""},"tablet":{"background-color":"","background-image":"","background-repeat":"repeat","background-position":"center center","background-size":"auto","background-attachment":"scroll","background-type":"","background-media":"","overlay-type":"","overlay-color":"","overlay-opacity":"","overlay-gradient":""},"mobile":{"background-color":"","background-image":"","background-repeat":"repeat","background-position":"center center","background-size":"auto","background-attachment":"scroll","background-type":"","background-media":"","overlay-type":"","overlay-color":"","overlay-opacity":"","overlay-gradient":""}},"ast-content-background-meta":{"desktop":{"background-color":"var(--ast-global-color-5)","background-image":"","background-repeat":"repeat","background-position":"center center","background-size":"auto","background-attachment":"scroll","background-type":"","background-media":"","overlay-type":"","overlay-color":"","overlay-opacity":"","overlay-gradient":""},"tablet":{"background-color":"var(--ast-global-color-5)","background-image":"","background-repeat":"repeat","background-position":"center center","background-size":"auto","background-attachment":"scroll","background-type":"","background-media":"","overlay-type":"","overlay-color":"","overlay-opacity":"","overlay-gradient":""},"mobile":{"background-color":"var(--ast-global-color-5)","background-image":"","background-repeat":"repeat","background-position":"center center","background-size":"auto","background-attachment":"scroll","background-type":"","background-media":"","overlay-type":"","overlay-color":"","overlay-opacity":"","overlay-gradient":""}},"footnotes":""},"class_list":["post-16657","page","type-page","status-publish","hentry"],"post_mailing_queue_ids":[],"_links":{"self":[{"href":"https:\/\/agora.xtec.cat\/escolafmistral\/wp-json\/wp\/v2\/pages\/16657","targetHints":{"allow":["GET"]}}],"collection":[{"href":"https:\/\/agora.xtec.cat\/escolafmistral\/wp-json\/wp\/v2\/pages"}],"about":[{"href":"https:\/\/agora.xtec.cat\/escolafmistral\/wp-json\/wp\/v2\/types\/page"}],"author":[{"embeddable":true,"href":"https:\/\/agora.xtec.cat\/escolafmistral\/wp-json\/wp\/v2\/users\/26"}],"replies":[{"embeddable":true,"href":"https:\/\/agora.xtec.cat\/escolafmistral\/wp-json\/wp\/v2\/comments?post=16657"}],"version-history":[{"count":6,"href":"https:\/\/agora.xtec.cat\/escolafmistral\/wp-json\/wp\/v2\/pages\/16657\/revisions"}],"predecessor-version":[{"id":16695,"href":"https:\/\/agora.xtec.cat\/escolafmistral\/wp-json\/wp\/v2\/pages\/16657\/revisions\/16695"}],"wp:attachment":[{"href":"https:\/\/agora.xtec.cat\/escolafmistral\/wp-json\/wp\/v2\/media?parent=16657"}],"curies":[{"name":"wp","href":"https:\/\/api.w.org\/{rel}","templated":true}]}}