{"id":9,"date":"2014-09-17T15:08:18","date_gmt":"2014-09-17T14:08:18","guid":{"rendered":"http:\/\/agora.xtec.cat\/escolafinestres\/?page_id=9"},"modified":"2026-04-29T13:01:18","modified_gmt":"2026-04-29T11:01:18","slug":"pagina-dinici-buida","status":"publish","type":"page","link":"https:\/\/agora.xtec.cat\/escolafinestres\/","title":{"rendered":"P\u00e0gina inici"},"content":{"rendered":"<h1 tabindex=\"-1\"><a href=\"https:\/\/agora.xtec.cat\/escolafinestres\/wp-content\/uploads\/usu1904\/2026\/03\/Preinscripcio_baners_Web_Consorci__Preinscripcio_web_consorci_746x250_SECUNDARIA.jpg\"><img loading=\"lazy\" decoding=\"async\" class=\"size-large wp-image-1867 aligncenter\" src=\"https:\/\/agora.xtec.cat\/escolafinestres\/wp-content\/uploads\/usu1904\/2026\/03\/Preinscripcio_baners_Web_Consorci__Preinscripcio_web_consorci_746x250_SECUNDARIA.jpg\" alt=\"\" width=\"744\" height=\"261\" srcset=\"https:\/\/agora.xtec.cat\/escolafinestres\/wp-content\/uploads\/usu1904\/2026\/03\/Preinscripcio_baners_Web_Consorci__Preinscripcio_web_consorci_746x250_SECUNDARIA.jpg 744w, https:\/\/agora.xtec.cat\/escolafinestres\/wp-content\/uploads\/usu1904\/2026\/03\/Preinscripcio_baners_Web_Consorci__Preinscripcio_web_consorci_746x250_SECUNDARIA-300x105.jpg 300w\" sizes=\"auto, (max-width: 744px) 100vw, 744px\" \/><\/a><\/h1>\n<p><strong><a href=\"https:\/\/preinscripcio.gencat.cat\/ca\/inici\/\">Enlla\u00e7 a la p\u00e0gina web del Departament d&#8217;Educaci\u00f3 <\/a><\/strong><\/p>\n<ul>\n<li><a href=\"https:\/\/agora.xtec.cat\/escolafinestres\/wp-content\/uploads\/usu1904\/2026\/03\/Oferta-INICIAL-Mieres.docx.pdf\">Oferta inicial de places Escola Finestres<\/a><\/li>\n<li><a href=\"https:\/\/agora.xtec.cat\/escolafinestres\/wp-content\/uploads\/usu1904\/2026\/04\/INFORME_BAREM_PROVISIONAL_BAREM.pdf\">Barem provisional alumnat preinscrit a l&#8217; Escola Finestres<\/a><\/li>\n<li><a href=\"https:\/\/agora.xtec.cat\/escolafinestres\/wp-content\/uploads\/usu1904\/2026\/04\/INFORME_BAREM_RESOLTES_BAREM.pdf\">Barem definitiu alumnat preinscrit a l&#8217;Escola Finestres<\/a><\/li>\n<li><a href=\"https:\/\/agora.xtec.cat\/escolafinestres\/wp-content\/uploads\/usu1904\/2026\/04\/INFORME_BAREM_DEFINITIU_BAREM.pdf\">Sol\u00b7licituds de preinscripci\u00f3 al centre ordenades amb la puntuaci\u00f3<\/a><\/li>\n<\/ul>\n<h1 tabindex=\"-1\"><a href=\"https:\/\/agora.xtec.cat\/escolafinestres\/wp-content\/uploads\/usu1904\/2026\/02\/IMG-20260211-WA0016-1.jpg\"><img loading=\"lazy\" decoding=\"async\" class=\"alignnone wp-image-1859\" src=\"https:\/\/agora.xtec.cat\/escolafinestres\/wp-content\/uploads\/usu1904\/2026\/02\/IMG-20260211-WA0016-1-1024x1024.jpg\" alt=\"\" width=\"455\" height=\"455\" srcset=\"https:\/\/agora.xtec.cat\/escolafinestres\/wp-content\/uploads\/usu1904\/2026\/02\/IMG-20260211-WA0016-1-1024x1024.jpg 1024w, https:\/\/agora.xtec.cat\/escolafinestres\/wp-content\/uploads\/usu1904\/2026\/02\/IMG-20260211-WA0016-1-300x300.jpg 300w, https:\/\/agora.xtec.cat\/escolafinestres\/wp-content\/uploads\/usu1904\/2026\/02\/IMG-20260211-WA0016-1-150x150.jpg 150w, https:\/\/agora.xtec.cat\/escolafinestres\/wp-content\/uploads\/usu1904\/2026\/02\/IMG-20260211-WA0016-1-768x768.jpg 768w, https:\/\/agora.xtec.cat\/escolafinestres\/wp-content\/uploads\/usu1904\/2026\/02\/IMG-20260211-WA0016-1-1536x1536.jpg 1536w, https:\/\/agora.xtec.cat\/escolafinestres\/wp-content\/uploads\/usu1904\/2026\/02\/IMG-20260211-WA0016-1.jpg 2048w\" sizes=\"auto, (max-width: 455px) 100vw, 455px\" \/><\/a><\/h1>\n<p>&nbsp;<\/p>\n<p>&nbsp;<\/p>\n<div tabindex=\"-1\"><\/div>\n<p><strong>ROCK DE l&#8217;ESCOLA DE MIERES:<\/strong><\/p>\n<!--[if lt IE 9]><script>document.createElement('audio');<\/script><![endif]-->\n<audio class=\"wp-audio-shortcode\" id=\"audio-9-1\" preload=\"none\" style=\"width: 100%;\" controls=\"controls\"><source type=\"audio\/mpeg\" src=\"https:\/\/agora.xtec.cat\/escolafinestres\/wp-content\/uploads\/usu1904\/2022\/10\/1.Rock-de-Mieres.mp3?_=1\" \/><a href=\"https:\/\/agora.xtec.cat\/escolafinestres\/wp-content\/uploads\/usu1904\/2022\/10\/1.Rock-de-Mieres.mp3\">https:\/\/agora.xtec.cat\/escolafinestres\/wp-content\/uploads\/usu1904\/2022\/10\/1.Rock-de-Mieres.mp3<\/a><\/audio>\n<p>&nbsp;<\/p>\n<hr \/>\n<p>&nbsp;<\/p>\n<p><strong>A L&#8217;ESCOLA FINESTRES DEFENSEM LA JORNADA CONT\u00cdNUA<\/strong><\/p>\n<p>Els nostres arguments&#8230;<\/p>\n<p><strong>Gaudir de m\u00e9s temps i temps de qualitat<\/strong><\/p>\n<p>Com a fam\u00edlies, l\u2019educaci\u00f3 dels nostres fills\/es \u00e9s quelcom prioritari en les nostres vides. Valorem molt positivament, doncs, el fet de poder tenir temps compartit amb les nostres fills\/es de manera continuada tota la tarda.<\/p>\n<p><strong>El migdia i el dinar<\/strong><\/p>\n<p>Som conscients que el temps del migdia \u00e9s molt important per adquirir uns bons h\u00e0bits alimentaris. Gaudir d\u2019aquest temps en fam\u00edlia i sense presses s\u00f3n condicions b\u00e0siques per aconseguir-ho.<\/p>\n<p><strong>Extraescolars i l\u2019organitzaci\u00f3 de l\u2019oci<\/strong><\/p>\n<p>La jornada cont\u00ednua possibilita als infants realitzar aquestes activitats extraescolars que s\u2019ofereixen en les proximitats de Mieres, i a m\u00e9s, permet a les fam\u00edlies diversificar el seu oci amb l\u2019oferta cultural, esportiva i de lleure d\u2019Olot i Banyoles.<\/p>\n<p><strong>Un parell d\u2019arguments m\u00e9s<\/strong><\/p>\n<p>Ens queden, per\u00f2, dos arguments m\u00e9s, per als quals volem i defensem la continu\u00eftat de la jornada continua al nostre centre. Arguments que exposem ara, com a ciutadans\/es i membres de la comunitat escolar.<\/p>\n<p><strong>Un altre concepte pedag\u00f2gic<\/strong><\/p>\n<p>Les fam\u00edlies ens reafirmem en qu\u00e8 l\u2019horari de la jornada continua permet a l\u2019alumnat rendir plenament.<\/p>\n<p><strong>La conciliaci\u00f3 de la vida laboral i la familiar<\/strong><\/p>\n<p>Apostem per una societat que avanci cap a un nou paradigma de la gesti\u00f3 de l\u2019horari laboral tendint a la racionalitzaci\u00f3 dels horaris i a una major adequaci\u00f3 als horaris europeus.<\/p>\n<p><strong>Conclusi\u00f3<\/strong><\/p>\n<p>El suport a la jornada continua \u00e9s del 100% de tota la comunitat educativa: infants, mestres, fam\u00edlies i ajuntament; i manifestem la nostra voluntat de continuar amb aquest horari.<\/p>\n<p>Les fam\u00edlies estem molt agra\u00efdes pel suport rebut per part del Departament d\u2019Educaci\u00f3 durant tots aquests anys en qu\u00e8 se\u2019ns ha perm\u00e8s fer jornada cont\u00ednua a la nostra escola.<\/p>\n","protected":false},"excerpt":{"rendered":"<p><a href=\"https:\/\/agora.xtec.cat\/escolafinestres\/wp-content\/uploads\/usu1904\/2026\/03\/Preinscripcio_baners_Web_Consorci__Preinscripcio_web_consorci_746x250_SECUNDARIA.jpg\"><\/a><br \/>\n<a href=\"https:\/\/preinscripcio.gencat.cat\/ca\/inici\/\">Enlla\u00e7 a la p\u00e0gina web del Departament d&#8217;Educaci\u00f3 <\/a><\/p>\n<ul>\n<li><a href=\"https:\/\/agora.xtec.cat\/escolafinestres\/wp-content\/uploads\/usu1904\/2026\/03\/Oferta-INICIAL-Mieres.docx.pdf\">Oferta inicial de places Escola Finestres<\/a><\/li>\n<li><a href=\"https:\/\/agora.xtec.cat\/escolafinestres\/wp-content\/uploads\/usu1904\/2026\/04\/INFORME_BAREM_PROVISIONAL_BAREM.pdf\">Barem provisional alumnat preinscrit a l&#8217; Escola Finestres<\/a><\/li>\n<li><a href=\"https:\/\/agora.xtec.cat\/escolafinestres\/wp-content\/uploads\/usu1904\/2026\/04\/INFORME_BAREM_RESOLTES_BAREM.pdf\">Barem definitiu alumnat preinscrit a l&#8217;Escola Finestres<\/a><\/li>\n<li><a href=\"https:\/\/agora.xtec.cat\/escolafinestres\/wp-content\/uploads\/usu1904\/2026\/04\/INFORME_BAREM_DEFINITIU_BAREM.pdf\">Sol\u00b7licituds de preinscripci\u00f3 al centre ordenades amb la puntuaci\u00f3<\/a><\/li>\n<\/ul>\n<p><a href=\"https:\/\/agora.xtec.cat\/escolafinestres\/wp-content\/uploads\/usu1904\/2026\/02\/IMG-20260211-WA0016-1.jpg\"><\/a><br \/>\n&nbsp;<br \/>\n&nbsp;<\/p>\n<p>ROCK DE l&#8217;ESCOLA DE&hellip;  <a href=\"https:\/\/agora.xtec.cat\/escolafinestres\/\" title=\"Read P\u00e0gina inici\">Llegeix m\u00e9s\u00bb<\/a><\/p>\n","protected":false},"author":1,"featured_media":0,"parent":7,"menu_order":0,"comment_status":"closed","ping_status":"closed","template":"page-templates\/front-page.php","meta":{"_bbp_topic_count":0,"_bbp_reply_count":0,"_bbp_total_topic_count":0,"_bbp_total_reply_count":0,"_bbp_voice_count":0,"_bbp_anonymous_reply_count":0,"_bbp_topic_count_hidden":0,"_bbp_reply_count_hidden":0,"_bbp_forum_subforum_count":0,"footnotes":""},"class_list":["post-9","page","type-page","status-publish","hentry"],"post_mailing_queue_ids":[],"_links":{"self":[{"href":"https:\/\/agora.xtec.cat\/escolafinestres\/wp-json\/wp\/v2\/pages\/9","targetHints":{"allow":["GET"]}}],"collection":[{"href":"https:\/\/agora.xtec.cat\/escolafinestres\/wp-json\/wp\/v2\/pages"}],"about":[{"href":"https:\/\/agora.xtec.cat\/escolafinestres\/wp-json\/wp\/v2\/types\/page"}],"author":[{"embeddable":true,"href":"https:\/\/agora.xtec.cat\/escolafinestres\/wp-json\/wp\/v2\/users\/1"}],"replies":[{"embeddable":true,"href":"https:\/\/agora.xtec.cat\/escolafinestres\/wp-json\/wp\/v2\/comments?post=9"}],"version-history":[{"count":8,"href":"https:\/\/agora.xtec.cat\/escolafinestres\/wp-json\/wp\/v2\/pages\/9\/revisions"}],"predecessor-version":[{"id":1880,"href":"https:\/\/agora.xtec.cat\/escolafinestres\/wp-json\/wp\/v2\/pages\/9\/revisions\/1880"}],"up":[{"embeddable":true,"href":"https:\/\/agora.xtec.cat\/escolafinestres\/wp-json\/wp\/v2\/pages\/7"}],"wp:attachment":[{"href":"https:\/\/agora.xtec.cat\/escolafinestres\/wp-json\/wp\/v2\/media?parent=9"}],"curies":[{"name":"wp","href":"https:\/\/api.w.org\/{rel}","templated":true}]}}