{"id":775,"date":"2019-11-20T19:29:34","date_gmt":"2019-11-20T18:29:34","guid":{"rendered":"https:\/\/agora.xtec.cat\/escolaestevebarrachina\/?page_id=775"},"modified":"2022-11-17T16:00:52","modified_gmt":"2022-11-17T15:00:52","slug":"pal-i-pacm","status":"publish","type":"page","link":"https:\/\/agora.xtec.cat\/escolaestevebarrachina\/nivells\/comunitat-de-grans\/pal-i-pacm\/","title":{"rendered":"Els projectes d&#8217;\u00e0mbit"},"content":{"rendered":"<p>En primer lloc trobem els <strong>Projectes d&#8217;\u00c0mbit Ling\u00fc\u00edsti<\/strong>c els quals estan composats per Projectes d\u2019\u00c0mbit Ling\u00fc\u00edstic en catal\u00e0 i castell\u00e0 i els Projectes d\u2019\u00c0mbit Ling\u00fc\u00edstic en Llengua Estrangera (angl\u00e8s).<\/p>\n<p>En segon lloc trobem els <strong>Projectes d\u2019\u00c0mbit Cient\u00edfic-Matem\u00e0tic<\/strong> els quals tal i com el seu nom indica treballa sobre les compet\u00e8ncies de l\u2019\u00e0mbit de coneixement del medi i sobre l\u2019\u00e0mbit matem\u00e0tic.<\/p>\n<p>Dins dels projectes d&#8217;\u00e0mbit, el nostre objectiu \u00e9s desenvolupar les 8 compet\u00e8ncies claus basades en el nou curr\u00edculum:<\/p>\n<p><strong>COMPET\u00c8NCIES CLAU PER L&#8217;APRENENTATGE<\/strong><br \/>\nTreballant de forma cooperativa els alumnes desenvolupen les 8 compet\u00e8ncies clau:<\/p>\n<ol>\n<li>Compet\u00e8ncia en comunicaci\u00f3 ling\u00fc\u00edstica.<\/li>\n<li>Compet\u00e8ncia pluriling\u00fce.<\/li>\n<li>Compet\u00e8ncia matem\u00e0tica i compet\u00e8ncia en ci\u00e8ncia i tecnologia i enginyeria.<\/li>\n<li>Compet\u00e8ncia digital.<\/li>\n<li>Compet\u00e8ncia personal, social i d&amp;#39;aprendre a aprendre.<\/li>\n<li>Compet\u00e8ncia ciutadana.<\/li>\n<li>Compet\u00e8ncia emprenedora.<\/li>\n<li>Compet\u00e8ncia en consci\u00e8ncia i expressi\u00f3 cultural.<\/li>\n<\/ol>\n<p>PROJECTES DE L&#8217;ESCOLA<br \/>\nL&#8217;alumnat de <strong>4t<\/strong> far\u00e0 un projecte sobre la <strong>recaptaci\u00f3 d&#8217;aliments.<\/strong><br \/>\nL\u2019alumnat de <strong>5\u00e8<\/strong> participa en el projecte<strong> d&#8217;emprenedoria.<\/strong><br \/>\nL&#8217;alumnat de <strong>6\u00e8<\/strong> participa en el projecte de <strong>donaci\u00f3 de sang.<\/strong><\/p>\n","protected":false},"excerpt":{"rendered":"<p>En primer lloc trobem els Projectes d&#8217;\u00c0mbit Ling\u00fc\u00edstic els quals estan composats per Projectes d\u2019\u00c0mbit Ling\u00fc\u00edstic en catal\u00e0 i castell\u00e0 i els Projectes d\u2019\u00c0mbit Ling\u00fc\u00edstic en Llengua Estrangera (angl\u00e8s).<br \/>\nEn segon lloc trobem els Projectes d\u2019\u00c0mbit Cient\u00edfic-Matem\u00e0tic els quals tal i com el seu nom indica&hellip;  <a href=\"https:\/\/agora.xtec.cat\/escolaestevebarrachina\/nivells\/comunitat-de-grans\/pal-i-pacm\/\" title=\"Read Els projectes d&#8217;\u00e0mbit\">Llegeix m\u00e9s\u00bb<\/a><\/p>\n","protected":false},"author":1,"featured_media":0,"parent":733,"menu_order":31,"comment_status":"closed","ping_status":"closed","template":"page-templates\/side-menu.php","meta":{"_bbp_topic_count":0,"_bbp_reply_count":0,"_bbp_total_topic_count":0,"_bbp_total_reply_count":0,"_bbp_voice_count":0,"_bbp_anonymous_reply_count":0,"_bbp_topic_count_hidden":0,"_bbp_reply_count_hidden":0,"_bbp_forum_subforum_count":0,"footnotes":""},"class_list":["post-775","page","type-page","status-publish","hentry"],"post_mailing_queue_ids":[],"_links":{"self":[{"href":"https:\/\/agora.xtec.cat\/escolaestevebarrachina\/wp-json\/wp\/v2\/pages\/775","targetHints":{"allow":["GET"]}}],"collection":[{"href":"https:\/\/agora.xtec.cat\/escolaestevebarrachina\/wp-json\/wp\/v2\/pages"}],"about":[{"href":"https:\/\/agora.xtec.cat\/escolaestevebarrachina\/wp-json\/wp\/v2\/types\/page"}],"author":[{"embeddable":true,"href":"https:\/\/agora.xtec.cat\/escolaestevebarrachina\/wp-json\/wp\/v2\/users\/1"}],"replies":[{"embeddable":true,"href":"https:\/\/agora.xtec.cat\/escolaestevebarrachina\/wp-json\/wp\/v2\/comments?post=775"}],"version-history":[{"count":3,"href":"https:\/\/agora.xtec.cat\/escolaestevebarrachina\/wp-json\/wp\/v2\/pages\/775\/revisions"}],"predecessor-version":[{"id":11865,"href":"https:\/\/agora.xtec.cat\/escolaestevebarrachina\/wp-json\/wp\/v2\/pages\/775\/revisions\/11865"}],"up":[{"embeddable":true,"href":"https:\/\/agora.xtec.cat\/escolaestevebarrachina\/wp-json\/wp\/v2\/pages\/733"}],"wp:attachment":[{"href":"https:\/\/agora.xtec.cat\/escolaestevebarrachina\/wp-json\/wp\/v2\/media?parent=775"}],"curies":[{"name":"wp","href":"https:\/\/api.w.org\/{rel}","templated":true}]}}