{"id":66,"date":"2014-09-18T12:40:47","date_gmt":"2014-09-18T11:40:47","guid":{"rendered":"http:\/\/agora.xtec.cat\/escolaestevebarrachina\/?page_id=66"},"modified":"2022-11-08T16:16:35","modified_gmt":"2022-11-08T15:16:35","slug":"serveis","status":"publish","type":"page","link":"https:\/\/agora.xtec.cat\/escolaestevebarrachina\/serveis\/","title":{"rendered":"Serveis"},"content":{"rendered":"<ul>\n<li><strong>Menjador Escolar. Cuina pr\u00f2pia.<br \/>\n<\/strong>Consells per a menjadors escolars i per a les fam\u00edlies.<br \/>\nZO<a href=\"https:\/\/www.zonadejoc.com\/espai-de-migdia-e-barrachina\" target=\"_blank\" rel=\"noopener\">NA DE JOCS<\/a><\/li>\n<li><strong>Acollida matinal de 8 a 9 del mat\u00ed.<\/strong><\/li>\n<li><strong>Atenci\u00f3 psicopedag\u00f2gica EAP del Departament d&#8217;Educaci\u00f3 de la Generalitat.<\/strong><\/li>\n<li><a href=\"https:\/\/app.dinantia.com\/\" target=\"_blank\" rel=\"noopener noreferrer\"><strong>DINANTIA<\/strong><\/a><\/li>\n<\/ul>\n","protected":false},"excerpt":{"rendered":"<ul>\n<li>Menjador Escolar. Cuina pr\u00f2pia.<br \/>\nConsells per a menjadors escolars i per a les fam\u00edlies.<br \/>\nZO<a href=\"https:\/\/www.zonadejoc.com\/espai-de-migdia-e-barrachina\" target=\"_blank\" rel=\"noopener\">NA DE JOCS<\/a><\/li>\n<li>Acollida matinal de 8 a 9 del mat\u00ed.<\/li>\n<li>Atenci\u00f3 psicopedag\u00f2gica EAP del Departament d&#8217;Educaci\u00f3 de la Generalitat.<\/li>\n<li><a href=\"https:\/\/app.dinantia.com\/\" target=\"_blank\" rel=\"noopener noreferrer\">DINANTIA<\/a><\/li>\n<\/ul>\n","protected":false},"author":1,"featured_media":0,"parent":0,"menu_order":0,"comment_status":"closed","ping_status":"closed","template":"page-templates\/side-menu.php","meta":{"_bbp_topic_count":0,"_bbp_reply_count":0,"_bbp_total_topic_count":0,"_bbp_total_reply_count":0,"_bbp_voice_count":0,"_bbp_anonymous_reply_count":0,"_bbp_topic_count_hidden":0,"_bbp_reply_count_hidden":0,"_bbp_forum_subforum_count":0,"footnotes":""},"class_list":["post-66","page","type-page","status-publish","hentry"],"post_mailing_queue_ids":[],"_links":{"self":[{"href":"https:\/\/agora.xtec.cat\/escolaestevebarrachina\/wp-json\/wp\/v2\/pages\/66","targetHints":{"allow":["GET"]}}],"collection":[{"href":"https:\/\/agora.xtec.cat\/escolaestevebarrachina\/wp-json\/wp\/v2\/pages"}],"about":[{"href":"https:\/\/agora.xtec.cat\/escolaestevebarrachina\/wp-json\/wp\/v2\/types\/page"}],"author":[{"embeddable":true,"href":"https:\/\/agora.xtec.cat\/escolaestevebarrachina\/wp-json\/wp\/v2\/users\/1"}],"replies":[{"embeddable":true,"href":"https:\/\/agora.xtec.cat\/escolaestevebarrachina\/wp-json\/wp\/v2\/comments?post=66"}],"version-history":[{"count":4,"href":"https:\/\/agora.xtec.cat\/escolaestevebarrachina\/wp-json\/wp\/v2\/pages\/66\/revisions"}],"predecessor-version":[{"id":11832,"href":"https:\/\/agora.xtec.cat\/escolaestevebarrachina\/wp-json\/wp\/v2\/pages\/66\/revisions\/11832"}],"wp:attachment":[{"href":"https:\/\/agora.xtec.cat\/escolaestevebarrachina\/wp-json\/wp\/v2\/media?parent=66"}],"curies":[{"name":"wp","href":"https:\/\/api.w.org\/{rel}","templated":true}]}}