{"id":553,"date":"2019-09-22T14:37:00","date_gmt":"2019-09-22T12:37:00","guid":{"rendered":"https:\/\/agora.xtec.cat\/escolaestevebarrachina\/?page_id=553"},"modified":"2020-01-29T13:12:29","modified_gmt":"2020-01-29T12:12:29","slug":"musica-i-comunitat","status":"publish","type":"page","link":"https:\/\/agora.xtec.cat\/escolaestevebarrachina\/projecte-educatiu\/musica-i-comunitat\/","title":{"rendered":"M\u00fasica i comunitat"},"content":{"rendered":"<p><iframe loading=\"lazy\" title=\"Escola Esteve Barrachina - M\u00fasica i Comunitat 18-19\" width=\"500\" height=\"281\" src=\"https:\/\/www.youtube.com\/embed\/DQrKAcs9dFc?feature=oembed\" frameborder=\"0\" allow=\"accelerometer; autoplay; clipboard-write; encrypted-media; gyroscope; picture-in-picture; web-share\" referrerpolicy=\"strict-origin-when-cross-origin\" allowfullscreen><\/iframe><\/p>\n<p style=\"text-align: justify;\">Aquest \u00e9s un projecte que es duu a terme amb la col\u2022laboraci\u00f3 de l\u2019Escola Municipal de M\u00fasica Montserrat Almirall de Sitges. Els projectes de m\u00fasica i comunitat atenen tant a objectius socials i educatius com art\u00edstics. Aix\u00ed, els resultats generats per cada iniciativa responen no \u00fanicament a q\u00fcestions t\u00e8cniques instrumentals sin\u00f3 que tenen una repercussi\u00f3 estretament relacionada amb l\u2019educaci\u00f3 en valors, al desenvolupament d\u2019habilitats comunicatives, socials, relacionals aix\u00ed com h\u00e0bits d\u2019escolta, de respecte, de treball en equip, entre d\u2019altres.<\/p>\n<p style=\"text-align: justify;\">Des d\u2019aquesta perspectiva hem creat un projecte de poble treballant en xarxa amb altres escoles on cada una treballa amb diversos instruments de vent i percussi\u00f3 i amb les que fem intercanvi de v\u00eddeos gravats pels propis alumnes i trobades musicals comunit\u00e0ries.<\/p>\n<p>&nbsp;<\/p>\n<p><a href=\"https:\/\/agora.xtec.cat\/escolaestevebarrachina\/wp-content\/uploads\/usu1360\/2020\/01\/ECO.jpg\"><img loading=\"lazy\" decoding=\"async\" class=\"wp-image-876 alignleft\" src=\"https:\/\/agora.xtec.cat\/escolaestevebarrachina\/wp-content\/uploads\/usu1360\/2020\/01\/ECO.jpg\" alt=\"\" width=\"394\" height=\"556\" srcset=\"https:\/\/agora.xtec.cat\/escolaestevebarrachina\/wp-content\/uploads\/usu1360\/2020\/01\/ECO.jpg 680w, https:\/\/agora.xtec.cat\/escolaestevebarrachina\/wp-content\/uploads\/usu1360\/2020\/01\/ECO-213x300.jpg 213w\" sizes=\"auto, (max-width: 394px) 100vw, 394px\" \/> <\/a><a href=\"https:\/\/agora.xtec.cat\/escolaestevebarrachina\/wp-content\/uploads\/usu1360\/2020\/01\/ECO-2.jpg\"><img loading=\"lazy\" decoding=\"async\" class=\"wp-image-878 alignright\" src=\"https:\/\/agora.xtec.cat\/escolaestevebarrachina\/wp-content\/uploads\/usu1360\/2020\/01\/ECO-2.jpg\" alt=\"\" width=\"396\" height=\"561\" srcset=\"https:\/\/agora.xtec.cat\/escolaestevebarrachina\/wp-content\/uploads\/usu1360\/2020\/01\/ECO-2.jpg 678w, https:\/\/agora.xtec.cat\/escolaestevebarrachina\/wp-content\/uploads\/usu1360\/2020\/01\/ECO-2-212x300.jpg 212w\" sizes=\"auto, (max-width: 396px) 100vw, 396px\" \/><\/a><\/p>\n<p>&nbsp;<\/p>\n<p>&nbsp;<\/p>\n<p>&nbsp;<\/p>\n<p>&nbsp;<\/p>\n<p>&nbsp;<\/p>\n<p>&nbsp;<\/p>\n<p>&nbsp;<\/p>\n<p>&nbsp;<\/p>\n<p>&nbsp;<\/p>\n<p>&nbsp;<\/p>\n<p>&nbsp;<\/p>\n<p>&nbsp;<\/p>\n<p>&nbsp;<\/p>\n<p><strong>\u00a0 \u00a0 \u00a0 \u00a0 \u00a0 \u00a0 \u00a0 \u00a0 \u00a0 \u00a0 \u00a0 \u00a0 \u00a0 \u00a0 \u00a0 \u00a0 \u00a0 \u00a0 \u00a0 \u00a0 \u00a0 \u00a0 \u00a0 \u00a0 \u00a0 \u00a0 \u00a0 \u00a0 \u00a0 \u00a0Article a L&#8217;Eco de Sitges, curs 2018\/19<\/strong><\/p>\n<p>&nbsp;<\/p>\n<p><a href=\"https:\/\/agora.xtec.cat\/escolaestevebarrachina\/wp-content\/uploads\/usu1360\/2020\/01\/PHOTO-2019-01-17-11-26-52.jpg\">\u00a0 <img loading=\"lazy\" decoding=\"async\" class=\"alignnone wp-image-880\" src=\"https:\/\/agora.xtec.cat\/escolaestevebarrachina\/wp-content\/uploads\/usu1360\/2020\/01\/PHOTO-2019-01-17-11-26-52-1024x768.jpg\" alt=\"\" width=\"374\" height=\"280\" srcset=\"https:\/\/agora.xtec.cat\/escolaestevebarrachina\/wp-content\/uploads\/usu1360\/2020\/01\/PHOTO-2019-01-17-11-26-52.jpg 1024w, https:\/\/agora.xtec.cat\/escolaestevebarrachina\/wp-content\/uploads\/usu1360\/2020\/01\/PHOTO-2019-01-17-11-26-52-300x225.jpg 300w, https:\/\/agora.xtec.cat\/escolaestevebarrachina\/wp-content\/uploads\/usu1360\/2020\/01\/PHOTO-2019-01-17-11-26-52-768x576.jpg 768w, https:\/\/agora.xtec.cat\/escolaestevebarrachina\/wp-content\/uploads\/usu1360\/2020\/01\/PHOTO-2019-01-17-11-26-52-200x150.jpg 200w\" sizes=\"auto, (max-width: 374px) 100vw, 374px\" \/>\u00a0\u00a0 <\/a><a href=\"https:\/\/agora.xtec.cat\/escolaestevebarrachina\/wp-content\/uploads\/usu1360\/2020\/01\/f6af2301-753b-4c2f-a2f8-6836fc858031.jpg\"><img loading=\"lazy\" decoding=\"async\" class=\"wp-image-883 alignright\" src=\"https:\/\/agora.xtec.cat\/escolaestevebarrachina\/wp-content\/uploads\/usu1360\/2020\/01\/f6af2301-753b-4c2f-a2f8-6836fc858031-1024x768.jpg\" alt=\"\" width=\"374\" height=\"280\" srcset=\"https:\/\/agora.xtec.cat\/escolaestevebarrachina\/wp-content\/uploads\/usu1360\/2020\/01\/f6af2301-753b-4c2f-a2f8-6836fc858031-1024x768.jpg 1024w, https:\/\/agora.xtec.cat\/escolaestevebarrachina\/wp-content\/uploads\/usu1360\/2020\/01\/f6af2301-753b-4c2f-a2f8-6836fc858031-300x225.jpg 300w, https:\/\/agora.xtec.cat\/escolaestevebarrachina\/wp-content\/uploads\/usu1360\/2020\/01\/f6af2301-753b-4c2f-a2f8-6836fc858031-768x576.jpg 768w, https:\/\/agora.xtec.cat\/escolaestevebarrachina\/wp-content\/uploads\/usu1360\/2020\/01\/f6af2301-753b-4c2f-a2f8-6836fc858031-200x150.jpg 200w, https:\/\/agora.xtec.cat\/escolaestevebarrachina\/wp-content\/uploads\/usu1360\/2020\/01\/f6af2301-753b-4c2f-a2f8-6836fc858031.jpg 1063w\" sizes=\"auto, (max-width: 374px) 100vw, 374px\" \/><\/a><\/p>\n<p style=\"text-align: left;\"><strong>Treball d&#8217;aula <\/strong>\u00a0 \u00a0 \u00a0 \u00a0 \u00a0 \u00a0 \u00a0 \u00a0 \u00a0 \u00a0 \u00a0 \u00a0 \u00a0 \u00a0 \u00a0 \u00a0 \u00a0 \u00a0 \u00a0 \u00a0 \u00a0 \u00a0 \u00a0 \u00a0 \u00a0 \u00a0 \u00a0 \u00a0 \u00a0 \u00a0 \u00a0 \u00a0 \u00a0 \u00a0 \u00a0 \u00a0 \u00a0 \u00a0 \u00a0 \u00a0 \u00a0 \u00a0 <strong>Trobada comunit\u00e0ria amb altres escoles<\/strong><\/p>\n<p>&nbsp;<\/p>\n<p style=\"text-align: left;\"><a href=\"https:\/\/agora.xtec.cat\/escolaestevebarrachina\/wp-content\/uploads\/usu1360\/2020\/01\/5393f5eb-42af-44cb-b6ca-41e2dfc4bd91.jpg\"><img loading=\"lazy\" decoding=\"async\" class=\"alignnone wp-image-882\" src=\"https:\/\/agora.xtec.cat\/escolaestevebarrachina\/wp-content\/uploads\/usu1360\/2020\/01\/5393f5eb-42af-44cb-b6ca-41e2dfc4bd91-576x1024.jpg\" alt=\"\" width=\"300\" height=\"534\" srcset=\"https:\/\/agora.xtec.cat\/escolaestevebarrachina\/wp-content\/uploads\/usu1360\/2020\/01\/5393f5eb-42af-44cb-b6ca-41e2dfc4bd91-576x1024.jpg 576w, https:\/\/agora.xtec.cat\/escolaestevebarrachina\/wp-content\/uploads\/usu1360\/2020\/01\/5393f5eb-42af-44cb-b6ca-41e2dfc4bd91-169x300.jpg 169w, https:\/\/agora.xtec.cat\/escolaestevebarrachina\/wp-content\/uploads\/usu1360\/2020\/01\/5393f5eb-42af-44cb-b6ca-41e2dfc4bd91-768x1366.jpg 768w, https:\/\/agora.xtec.cat\/escolaestevebarrachina\/wp-content\/uploads\/usu1360\/2020\/01\/5393f5eb-42af-44cb-b6ca-41e2dfc4bd91.jpg 899w\" sizes=\"auto, (max-width: 300px) 100vw, 300px\" \/>\u00a0\u00a0\u00a0\u00a0\u00a0\u00a0\u00a0\u00a0\u00a0\u00a0\u00a0\u00a0 <\/a><a href=\"https:\/\/agora.xtec.cat\/escolaestevebarrachina\/wp-content\/uploads\/usu1360\/2020\/01\/PHOTO-2018-12-13-11-28-30.jpg\"><img loading=\"lazy\" decoding=\"async\" class=\"wp-image-881 alignright\" src=\"https:\/\/agora.xtec.cat\/escolaestevebarrachina\/wp-content\/uploads\/usu1360\/2020\/01\/PHOTO-2018-12-13-11-28-30-768x1024.jpg\" alt=\"\" width=\"392\" height=\"522\" srcset=\"https:\/\/agora.xtec.cat\/escolaestevebarrachina\/wp-content\/uploads\/usu1360\/2020\/01\/PHOTO-2018-12-13-11-28-30.jpg 768w, https:\/\/agora.xtec.cat\/escolaestevebarrachina\/wp-content\/uploads\/usu1360\/2020\/01\/PHOTO-2018-12-13-11-28-30-225x300.jpg 225w\" sizes=\"auto, (max-width: 392px) 100vw, 392px\" \/><\/a><\/p>\n<p style=\"text-align: left;\"><strong>\u00a0 \u00a0 \u00a0 \u00a0 \u00a0 \u00a0 Desfilada per carnaval\u00a0<\/strong> \u00a0 \u00a0 \u00a0 \u00a0 \u00a0 \u00a0 \u00a0 \u00a0 \u00a0 \u00a0 \u00a0 \u00a0 \u00a0 \u00a0 \u00a0 \u00a0 \u00a0 \u00a0 \u00a0 \u00a0 \u00a0 \u00a0 \u00a0 \u00a0 \u00a0 \u00a0 \u00a0 \u00a0 \u00a0 \u00a0 \u00a0 \u00a0 \u00a0 \u00a0 \u00a0 \u00a0 \u00a0 \u00a0 \u00a0 \u00a0 \u00a0 <strong>Treball d&#8217;aula\u00a0<\/strong><\/p>\n<p><a href=\"https:\/\/agora.xtec.cat\/escolaestevebarrachina\/wp-content\/uploads\/usu1360\/2020\/01\/ECO-3.jpg\"><img loading=\"lazy\" decoding=\"async\" class=\"alignnone wp-image-879\" src=\"https:\/\/agora.xtec.cat\/escolaestevebarrachina\/wp-content\/uploads\/usu1360\/2020\/01\/ECO-3.jpg\" alt=\"\" width=\"571\" height=\"761\" srcset=\"https:\/\/agora.xtec.cat\/escolaestevebarrachina\/wp-content\/uploads\/usu1360\/2020\/01\/ECO-3.jpg 720w, https:\/\/agora.xtec.cat\/escolaestevebarrachina\/wp-content\/uploads\/usu1360\/2020\/01\/ECO-3-225x300.jpg 225w\" sizes=\"auto, (max-width: 571px) 100vw, 571px\" \/><\/a><\/p>\n<p><strong>Article a L&#8217;Eco de Sitges, curs 2019\/20<\/strong><\/p>\n","protected":false},"excerpt":{"rendered":"<p>Aquest \u00e9s un projecte que es duu a terme amb la col\u2022laboraci\u00f3 de l\u2019Escola Municipal de M\u00fasica Montserrat Almirall de Sitges. Els projectes de m\u00fasica i comunitat atenen tant a objectius socials i educatius com art\u00edstics. Aix\u00ed, els resultats generats per cada iniciativa responen no&hellip;  <a href=\"https:\/\/agora.xtec.cat\/escolaestevebarrachina\/projecte-educatiu\/musica-i-comunitat\/\" title=\"Read M\u00fasica i comunitat\">Llegeix m\u00e9s\u00bb<\/a><\/p>\n","protected":false},"author":1,"featured_media":0,"parent":64,"menu_order":60,"comment_status":"closed","ping_status":"closed","template":"page-templates\/side-menu.php","meta":{"_bbp_topic_count":0,"_bbp_reply_count":0,"_bbp_total_topic_count":0,"_bbp_total_reply_count":0,"_bbp_voice_count":0,"_bbp_anonymous_reply_count":0,"_bbp_topic_count_hidden":0,"_bbp_reply_count_hidden":0,"_bbp_forum_subforum_count":0,"footnotes":""},"class_list":["post-553","page","type-page","status-publish","hentry"],"post_mailing_queue_ids":[],"_links":{"self":[{"href":"https:\/\/agora.xtec.cat\/escolaestevebarrachina\/wp-json\/wp\/v2\/pages\/553","targetHints":{"allow":["GET"]}}],"collection":[{"href":"https:\/\/agora.xtec.cat\/escolaestevebarrachina\/wp-json\/wp\/v2\/pages"}],"about":[{"href":"https:\/\/agora.xtec.cat\/escolaestevebarrachina\/wp-json\/wp\/v2\/types\/page"}],"author":[{"embeddable":true,"href":"https:\/\/agora.xtec.cat\/escolaestevebarrachina\/wp-json\/wp\/v2\/users\/1"}],"replies":[{"embeddable":true,"href":"https:\/\/agora.xtec.cat\/escolaestevebarrachina\/wp-json\/wp\/v2\/comments?post=553"}],"version-history":[{"count":4,"href":"https:\/\/agora.xtec.cat\/escolaestevebarrachina\/wp-json\/wp\/v2\/pages\/553\/revisions"}],"predecessor-version":[{"id":890,"href":"https:\/\/agora.xtec.cat\/escolaestevebarrachina\/wp-json\/wp\/v2\/pages\/553\/revisions\/890"}],"up":[{"embeddable":true,"href":"https:\/\/agora.xtec.cat\/escolaestevebarrachina\/wp-json\/wp\/v2\/pages\/64"}],"wp:attachment":[{"href":"https:\/\/agora.xtec.cat\/escolaestevebarrachina\/wp-json\/wp\/v2\/media?parent=553"}],"curies":[{"name":"wp","href":"https:\/\/api.w.org\/{rel}","templated":true}]}}