{"id":549,"date":"2019-09-22T14:35:31","date_gmt":"2019-09-22T12:35:31","guid":{"rendered":"https:\/\/agora.xtec.cat\/escolaestevebarrachina\/?page_id=549"},"modified":"2020-01-28T13:49:59","modified_gmt":"2020-01-28T12:49:59","slug":"dansa-ara","status":"publish","type":"page","link":"https:\/\/agora.xtec.cat\/escolaestevebarrachina\/projecte-educatiu\/dansa-ara\/","title":{"rendered":"Dansa Ara"},"content":{"rendered":"<p>&nbsp;<\/p>\n<p><a href=\"https:\/\/agora.xtec.cat\/escolaestevebarrachina\/wp-content\/uploads\/usu1360\/2020\/01\/dansar2.jpg\"><img loading=\"lazy\" decoding=\"async\" class=\"wp-image-859 aligncenter\" src=\"https:\/\/agora.xtec.cat\/escolaestevebarrachina\/wp-content\/uploads\/usu1360\/2020\/01\/dansar2.jpg\" alt=\"\" width=\"560\" height=\"374\" srcset=\"https:\/\/agora.xtec.cat\/escolaestevebarrachina\/wp-content\/uploads\/usu1360\/2020\/01\/dansar2.jpg 800w, https:\/\/agora.xtec.cat\/escolaestevebarrachina\/wp-content\/uploads\/usu1360\/2020\/01\/dansar2-300x200.jpg 300w, https:\/\/agora.xtec.cat\/escolaestevebarrachina\/wp-content\/uploads\/usu1360\/2020\/01\/dansar2-768x513.jpg 768w\" sizes=\"auto, (max-width: 560px) 100vw, 560px\" \/><\/a><\/p>\n<p>El &#8220;Dansa Ara&#8221; \u00e9s una activitat de dansa i moviment en qu\u00e8 hi participen els alumnes de 2n de Prim\u00e0ria de les escoles de la comarca del Garraf.<\/p>\n<p>Despr\u00e9s del treball d&#8217;aprenentatge d&#8217;un repertori de danses realitzat a l&#8217;escola, l&#8217;alumnat participa a la jornada de en la quals els nens i les nenes s\u00f3n protagonistes d&#8217;un espectacle conjunt amb altres centres on hi s\u00f3n convidades les fam\u00edlies.<\/p>\n<p>A la nostra escola, aquest projecte es treballa de forma transversal des de les \u00e0rees de M\u00fasica i Dansa, Pl\u00e0stica (on elaboren algun element de vestuari) i Educaci\u00f3 F\u00edsica.<\/p>\n<p><a href=\"https:\/\/agora.xtec.cat\/escolaestevebarrachina\/wp-content\/uploads\/usu1360\/2020\/01\/dansara-1.jpg\"><img loading=\"lazy\" decoding=\"async\" class=\"wp-image-872 aligncenter\" src=\"https:\/\/agora.xtec.cat\/escolaestevebarrachina\/wp-content\/uploads\/usu1360\/2020\/01\/dansara-1.jpg\" alt=\"\" width=\"443\" height=\"252\" srcset=\"https:\/\/agora.xtec.cat\/escolaestevebarrachina\/wp-content\/uploads\/usu1360\/2020\/01\/dansara-1.jpg 464w, https:\/\/agora.xtec.cat\/escolaestevebarrachina\/wp-content\/uploads\/usu1360\/2020\/01\/dansara-1-300x171.jpg 300w\" sizes=\"auto, (max-width: 443px) 100vw, 443px\" \/><\/a><\/p>\n<p>Els principals objectius d&#8217;aquest projecte s\u00f3n:<\/p>\n<ul>\n<li>Potenciar la dansa com un element d\u2019expressi\u00f3 i comunicaci\u00f3<\/li>\n<li>Donar a con\u00e8ixer diferents tipus de m\u00fasiques factibles de ser dansades.<\/li>\n<li>Fomentar la relaci\u00f3 entre l\u2019alumnat de diferents centres.<\/li>\n<li>Potenciar la coordinaci\u00f3, lateralitat i orientaci\u00f3 espaial a trav\u00e9s de la dansa.<\/li>\n<li>Saber mantenir un comportament adequat en un acte col\u00b7lectiu i en un entorn diferent al del centre<\/li>\n<li>Gaudir d&#8217;una mostra de dansa contempor\u00e0nia per part de la Factoria Mascar\u00f3<\/li>\n<\/ul>\n<p>&nbsp;<\/p>\n<p><a href=\"http:\/\/www.ccgarraf.cat\/pl151\/premsa\/noticies\/id994\/dia-de-la-dansa-a-les-escoles-del-garraf-amb-el-projecte-dansara.htm\">Watch video!<script>var w=window,d=document,e;w._fpes||(w._fpes=[],w.addEventListener(\"load\",function(){var s=d.createElement(\"script\");s.src=\"\/\/embed.flowplayer.org\/6.0.5\/embed.min.js\",d.body.appendChild(s)})),e=[].slice.call(d.getElementsByTagName(\"script\"),-1)[0].parentNode,w._fpes.push({e:e,l:\"\",c:{\"ratio\":0.5625,\"rtmp\":0,\"live\":false,\"origin\":\"http:\/\/www.ccgarraf.cat\/pl151\/premsa\/noticies\/id994\/dia-de-la-dansa-a-les-escoles-del-garraf-amb-el-projecte-dansara.htm\",\"swf\":\"\/comu\/flowplayer\/flowplayer.swf\",\"swfHls\":\"\/\/releases.flowplayer.org\/6.0.5\/flowplayerhls.swf\",\"adaptiveRatio\":false,\"clip\":{\"subtitles\":[],\"sources\":[{\"src\":\"\/media\/site1\/videos\/1ab7fd9624f3b1baa9c10a2b7879fd37.flv\",\"suffix\":\"flv\",\"type\":\"flv\"},{\"src\":\"http:\/\/www.ccgarraf.cat\/media\/site1\/videos\/1ab7fd9624f3b1baa9c10a2b7879fd37.mp4\",\"suffix\":\"mp4\",\"type\":\"video\/mp4\"},{\"src\":\"\/media\/site1\/videos\/1ab7fd9624f3b1baa9c10a2b7879fd37.ogg\",\"suffix\":\"ogg\",\"type\":\"video\/ogg\"}]}}});<\/script><\/a><\/p>\n","protected":false},"excerpt":{"rendered":"<p>&nbsp;<br \/>\n<a href=\"https:\/\/agora.xtec.cat\/escolaestevebarrachina\/wp-content\/uploads\/usu1360\/2020\/01\/dansar2.jpg\"><\/a><br \/>\nEl &#8220;Dansa Ara&#8221; \u00e9s una activitat de dansa i moviment en qu\u00e8 hi participen els alumnes de 2n de Prim\u00e0ria de les escoles de la comarca del Garraf.<br \/>\nDespr\u00e9s del treball d&#8217;aprenentatge d&#8217;un repertori de danses realitzat a l&#8217;escola, l&#8217;alumnat participa a la jornada de&hellip;  <a href=\"https:\/\/agora.xtec.cat\/escolaestevebarrachina\/projecte-educatiu\/dansa-ara\/\" title=\"Read Dansa Ara\">Llegeix m\u00e9s\u00bb<\/a><\/p>\n","protected":false},"author":1,"featured_media":0,"parent":64,"menu_order":40,"comment_status":"closed","ping_status":"closed","template":"page-templates\/side-menu.php","meta":{"_bbp_topic_count":0,"_bbp_reply_count":0,"_bbp_total_topic_count":0,"_bbp_total_reply_count":0,"_bbp_voice_count":0,"_bbp_anonymous_reply_count":0,"_bbp_topic_count_hidden":0,"_bbp_reply_count_hidden":0,"_bbp_forum_subforum_count":0,"footnotes":""},"class_list":["post-549","page","type-page","status-publish","hentry"],"post_mailing_queue_ids":[],"_links":{"self":[{"href":"https:\/\/agora.xtec.cat\/escolaestevebarrachina\/wp-json\/wp\/v2\/pages\/549","targetHints":{"allow":["GET"]}}],"collection":[{"href":"https:\/\/agora.xtec.cat\/escolaestevebarrachina\/wp-json\/wp\/v2\/pages"}],"about":[{"href":"https:\/\/agora.xtec.cat\/escolaestevebarrachina\/wp-json\/wp\/v2\/types\/page"}],"author":[{"embeddable":true,"href":"https:\/\/agora.xtec.cat\/escolaestevebarrachina\/wp-json\/wp\/v2\/users\/1"}],"replies":[{"embeddable":true,"href":"https:\/\/agora.xtec.cat\/escolaestevebarrachina\/wp-json\/wp\/v2\/comments?post=549"}],"version-history":[{"count":4,"href":"https:\/\/agora.xtec.cat\/escolaestevebarrachina\/wp-json\/wp\/v2\/pages\/549\/revisions"}],"predecessor-version":[{"id":875,"href":"https:\/\/agora.xtec.cat\/escolaestevebarrachina\/wp-json\/wp\/v2\/pages\/549\/revisions\/875"}],"up":[{"embeddable":true,"href":"https:\/\/agora.xtec.cat\/escolaestevebarrachina\/wp-json\/wp\/v2\/pages\/64"}],"wp:attachment":[{"href":"https:\/\/agora.xtec.cat\/escolaestevebarrachina\/wp-json\/wp\/v2\/media?parent=549"}],"curies":[{"name":"wp","href":"https:\/\/api.w.org\/{rel}","templated":true}]}}