{"id":547,"date":"2019-09-22T14:34:44","date_gmt":"2019-09-22T12:34:44","guid":{"rendered":"https:\/\/agora.xtec.cat\/escolaestevebarrachina\/?page_id=547"},"modified":"2020-05-09T16:32:33","modified_gmt":"2020-05-09T14:32:33","slug":"musicoterapia","status":"publish","type":"page","link":"https:\/\/agora.xtec.cat\/escolaestevebarrachina\/projecte-educatiu\/musicoterapia\/","title":{"rendered":"Musicoter\u00e0pia"},"content":{"rendered":"<p style=\"text-align: justify;\"><a href=\"https:\/\/agora.xtec.cat\/escolaestevebarrachina\/wp-content\/uploads\/usu1360\/2020\/01\/mt-percu.jpg\"><img loading=\"lazy\" decoding=\"async\" class=\"wp-image-853 aligncenter\" src=\"https:\/\/agora.xtec.cat\/escolaestevebarrachina\/wp-content\/uploads\/usu1360\/2020\/01\/mt-percu-1024x724.jpg\" alt=\"\" width=\"610\" height=\"432\" srcset=\"https:\/\/agora.xtec.cat\/escolaestevebarrachina\/wp-content\/uploads\/usu1360\/2020\/01\/mt-percu-1024x724.jpg 1024w, https:\/\/agora.xtec.cat\/escolaestevebarrachina\/wp-content\/uploads\/usu1360\/2020\/01\/mt-percu-300x212.jpg 300w, https:\/\/agora.xtec.cat\/escolaestevebarrachina\/wp-content\/uploads\/usu1360\/2020\/01\/mt-percu-768x543.jpg 768w, https:\/\/agora.xtec.cat\/escolaestevebarrachina\/wp-content\/uploads\/usu1360\/2020\/01\/mt-percu.jpg 1095w\" sizes=\"auto, (max-width: 610px) 100vw, 610px\" \/><\/a><\/p>\n<p>Una de les atencions que oferim als alumnes de l\u2019aula SIEI s\u00f3n sessions setmanals de musicoter\u00e0pia en petit grup.<\/p>\n<p>El punt de partida del Projecte de Musicoter\u00e0pia \u00e9s que la m\u00fasica \u00e9s un llenguatge universal que arriba a tothom sigui quina sigui la seva condici\u00f3. Tothom en pot gaudir i tothom hi pot donar resposta f\u00edsica, intel\u00b7lectual o emocional. Aix\u00ed doncs, a partir de diferents activitats musicals com la can\u00e7\u00f3, la pr\u00e0ctica instrumental o el moviment es treballen els aspectes en qu\u00e8 aquests nens i nenes presenten dificultats.<\/p>\n<p>Atenent la definici\u00f3 de musicoter\u00e0pia que ens d\u00f3na la <em>World Federation of Music Therapy <\/em>\u00a0com \u201cla utilitzaci\u00f3 de la m\u00fasica, per un musicoterapeuta professional, en un proc\u00e9s dissenyat a promoure i facilitar la comunicaci\u00f3, la interacci\u00f3, l\u2019aprenentatge, la mobilitat, l\u2019expressi\u00f3, l\u2019organitzaci\u00f3 i altres objectius terap\u00e8utics per a treballar les necessitats f\u00edsiques, emocionals, socials i cognitives de les persones\u201d, establim uns objectius espec\u00edfics per a cada alumne\/a. Tanmateix, els objectius generals que es poden assolir des de la musicoter\u00e0pia en el camp de l\u2019Educaci\u00f3 Especial s\u00f3n, entre d&#8217;altres:<\/p>\n<p>\u00c0rea f\u00edsica: Promoure el moviment, potenciar les habilitats motores, millorar la postura i treballar la coordinaci\u00f3 \u00f2culo-manual<\/p>\n<p>\u00c0rea cognitiva: Estimular l\u2019atenci\u00f3 i la percepci\u00f3 (auditiva, visual i t\u00e0ctil), desenvolupar la comprensi\u00f3 del\u00a0 llenguatge i promoure l\u2019autonomia.<\/p>\n<p>\u00c0rea socio-emocional: Facilitar la socialitzaci\u00f3 amb els iguals, estimular la comunicaci\u00f3 verbal i no verbal, gaudir de la m\u00fasica i tenir una vida el m\u00e9s normalitzada possible.<\/p>\n<p>&nbsp;<\/p>\n<p>A m\u00e9s a m\u00e9s dels objectius terap\u00e8utics individuals, a partir d\u2019aquest projecte pretenem promoure la inclusi\u00f3 dels alumnes a trav\u00e9s de la m\u00fasica. Partint del treball fet a les sessions de musicoter\u00e0pia volem pal.liar dificultats d\u2019expressi\u00f3, comunicaci\u00f3 i socialitzaci\u00f3 per a ajudar aquests alumnes a participar en totes les activitats art\u00edstiques que es duen a terme a l\u2019aula de m\u00fasica amb el grup classe o en grans esdeveniments com la Setmana de la M\u00fasica o <a href=\"https:\/\/agora.xtec.cat\/escolaestevebarrachina\/projecte-educatiu\/gran-concert-de-primavera\/\">Gran Concert de Primavera<\/a>, entre d\u2019altres.<\/p>\n<p><a href=\"https:\/\/agora.xtec.cat\/escolaestevebarrachina\/wp-content\/uploads\/usu1360\/2020\/01\/sta-ceci.jpg\"><img loading=\"lazy\" decoding=\"async\" class=\"wp-image-856 aligncenter\" src=\"https:\/\/agora.xtec.cat\/escolaestevebarrachina\/wp-content\/uploads\/usu1360\/2020\/01\/sta-ceci.jpg\" alt=\"\" width=\"645\" height=\"484\" srcset=\"https:\/\/agora.xtec.cat\/escolaestevebarrachina\/wp-content\/uploads\/usu1360\/2020\/01\/sta-ceci.jpg 800w, https:\/\/agora.xtec.cat\/escolaestevebarrachina\/wp-content\/uploads\/usu1360\/2020\/01\/sta-ceci-300x225.jpg 300w, https:\/\/agora.xtec.cat\/escolaestevebarrachina\/wp-content\/uploads\/usu1360\/2020\/01\/sta-ceci-768x576.jpg 768w, https:\/\/agora.xtec.cat\/escolaestevebarrachina\/wp-content\/uploads\/usu1360\/2020\/01\/sta-ceci-200x150.jpg 200w\" sizes=\"auto, (max-width: 645px) 100vw, 645px\" \/><\/a><\/p>\n<p>&nbsp;<\/p>\n","protected":false},"excerpt":{"rendered":"<p><a href=\"https:\/\/agora.xtec.cat\/escolaestevebarrachina\/wp-content\/uploads\/usu1360\/2020\/01\/mt-percu.jpg\"><\/a><br \/>\nUna de les atencions que oferim als alumnes de l\u2019aula SIEI s\u00f3n sessions setmanals de musicoter\u00e0pia en petit grup.<br \/>\nEl punt de partida del Projecte de Musicoter\u00e0pia \u00e9s que la m\u00fasica \u00e9s un llenguatge universal que arriba a tothom sigui quina sigui la seva condici\u00f3.&hellip;  <a href=\"https:\/\/agora.xtec.cat\/escolaestevebarrachina\/projecte-educatiu\/musicoterapia\/\" title=\"Read Musicoter\u00e0pia\">Llegeix m\u00e9s\u00bb<\/a><\/p>\n","protected":false},"author":1,"featured_media":0,"parent":64,"menu_order":30,"comment_status":"closed","ping_status":"closed","template":"page-templates\/side-menu.php","meta":{"_bbp_topic_count":0,"_bbp_reply_count":0,"_bbp_total_topic_count":0,"_bbp_total_reply_count":0,"_bbp_voice_count":0,"_bbp_anonymous_reply_count":0,"_bbp_topic_count_hidden":0,"_bbp_reply_count_hidden":0,"_bbp_forum_subforum_count":0,"footnotes":""},"class_list":["post-547","page","type-page","status-publish","hentry"],"post_mailing_queue_ids":[],"_links":{"self":[{"href":"https:\/\/agora.xtec.cat\/escolaestevebarrachina\/wp-json\/wp\/v2\/pages\/547","targetHints":{"allow":["GET"]}}],"collection":[{"href":"https:\/\/agora.xtec.cat\/escolaestevebarrachina\/wp-json\/wp\/v2\/pages"}],"about":[{"href":"https:\/\/agora.xtec.cat\/escolaestevebarrachina\/wp-json\/wp\/v2\/types\/page"}],"author":[{"embeddable":true,"href":"https:\/\/agora.xtec.cat\/escolaestevebarrachina\/wp-json\/wp\/v2\/users\/1"}],"replies":[{"embeddable":true,"href":"https:\/\/agora.xtec.cat\/escolaestevebarrachina\/wp-json\/wp\/v2\/comments?post=547"}],"version-history":[{"count":3,"href":"https:\/\/agora.xtec.cat\/escolaestevebarrachina\/wp-json\/wp\/v2\/pages\/547\/revisions"}],"predecessor-version":[{"id":11363,"href":"https:\/\/agora.xtec.cat\/escolaestevebarrachina\/wp-json\/wp\/v2\/pages\/547\/revisions\/11363"}],"up":[{"embeddable":true,"href":"https:\/\/agora.xtec.cat\/escolaestevebarrachina\/wp-json\/wp\/v2\/pages\/64"}],"wp:attachment":[{"href":"https:\/\/agora.xtec.cat\/escolaestevebarrachina\/wp-json\/wp\/v2\/media?parent=547"}],"curies":[{"name":"wp","href":"https:\/\/api.w.org\/{rel}","templated":true}]}}