{"id":32,"date":"2014-09-18T12:31:33","date_gmt":"2014-09-18T11:31:33","guid":{"rendered":"http:\/\/agora.xtec.cat\/escolaestevebarrachina\/?page_id=32"},"modified":"2024-08-29T13:39:41","modified_gmt":"2024-08-29T11:39:41","slug":"calendari-del-curs","status":"publish","type":"page","link":"https:\/\/agora.xtec.cat\/escolaestevebarrachina\/lescola\/calendari-del-curs\/","title":{"rendered":"Calendari del curs"},"content":{"rendered":"<p><img loading=\"lazy\" decoding=\"async\" class=\"aligncenter size-full wp-image-12115\" src=\"https:\/\/agora.xtec.cat\/escolaestevebarrachina\/wp-content\/uploads\/usu1360\/2024\/08\/Calendari-Curs-24-25.jpg\" alt=\"\" width=\"1757\" height=\"1242\" srcset=\"https:\/\/agora.xtec.cat\/escolaestevebarrachina\/wp-content\/uploads\/usu1360\/2024\/08\/Calendari-Curs-24-25.jpg 1757w, https:\/\/agora.xtec.cat\/escolaestevebarrachina\/wp-content\/uploads\/usu1360\/2024\/08\/Calendari-Curs-24-25-300x212.jpg 300w, https:\/\/agora.xtec.cat\/escolaestevebarrachina\/wp-content\/uploads\/usu1360\/2024\/08\/Calendari-Curs-24-25-1024x724.jpg 1024w, https:\/\/agora.xtec.cat\/escolaestevebarrachina\/wp-content\/uploads\/usu1360\/2024\/08\/Calendari-Curs-24-25-768x543.jpg 768w, https:\/\/agora.xtec.cat\/escolaestevebarrachina\/wp-content\/uploads\/usu1360\/2024\/08\/Calendari-Curs-24-25-1536x1086.jpg 1536w\" sizes=\"auto, (max-width: 1757px) 100vw, 1757px\" \/><\/p>\n<p><span style=\"font-family: inherit; font-size: 1em;\"><br \/>\n<\/span><a style=\"font-family: inherit; font-size: 1em;\" href=\"https:\/\/drive.google.com\/file\/d\/1LRqs3u9FOfFLn5EyR9Yd64c04r2kYXSq\/view?usp=sharing\" target=\"_blank\" rel=\"noopener\">Descarrega calendari escolar<\/a><\/p>\n<p><strong>Inici de curs:<\/strong><\/p>\n<p>9 de setembre de 2024<\/p>\n<p><strong>Vacances:<\/strong><\/p>\n<p>Del 21 de desembre de 2024 al 7 de gener de 2025\u00a0 (ambd\u00f3s inclosos)<\/p>\n<p>Del 12 d&#8217;abril al 21 de mar\u00e7 de 2025 (ambd\u00f3s inclosos)<\/p>\n<p>A partir del 20 de juny de 2025<\/p>\n<p><strong>Dies festius \u00a0i de lliure disposici\u00f3:<\/strong><\/p>\n<p>5 de desembre de 2024<\/p>\n<p>3, 4, i 5 de mar\u00e7 de 2025<\/p>\n<p>2 de maig de 2025<\/p>\n<p><strong>Jornada compactada:<\/strong><\/p>\n<p><span style=\"font-family: inherit; font-size: 1em;\">20 de desembre de 2024 i del 9 al 20 de juny de 2025 (ambd\u00f3s inclosos)<\/span><\/p>\n<p>L\u2019<strong>horari lectiu<\/strong> del centre durant aquest curs \u00e9s:<\/p>\n<p><strong>Entrades 9h i 15h:<\/strong><\/p>\n<ul>\n<li>I3, I5, 1r, 2n, 3r i 4t per la porta d&#8217;Isabel Juli\u00e0<\/li>\n<li>I4, 5\u00e8 i 6\u00e8 per la porta de Rafael Llopart<\/li>\n<\/ul>\n<p><strong>Sortides 12.30 i 16.30h:<\/strong><\/p>\n<ul>\n<li>I3, I5, 1r, 2n, 3r i 4t per la porta d&#8217;Isabel Juli\u00e0<\/li>\n<li>I4, 5\u00e8 i 6\u00e8 per la porta de Rafael Llopart<\/li>\n<\/ul>\n<p>Per als alumnes que inicien l\u2019escolaritzaci\u00f3 a I3 s\u2019organitza un breu per\u00edode d\u2019adaptaci\u00f3 que suposa una certa modificaci\u00f3 dels horaris dels dos primers dies de classe, i que es fa saber a les fam\u00edlies en les reunions pr\u00e8vies corresponents.<\/p>\n","protected":false},"excerpt":{"rendered":"<p><a style=\"font-family: inherit; font-size: 1em;\" href=\"https:\/\/drive.google.com\/file\/d\/1LRqs3u9FOfFLn5EyR9Yd64c04r2kYXSq\/view?usp=sharing\" target=\"_blank\" rel=\"noopener\">Descarrega calendari escolar<\/a><br \/>\nInici de curs:<br \/>\n9 de setembre de 2024<br \/>\nVacances:<br \/>\nDel 21 de desembre de 2024 al 7 de gener de 2025\u00a0 (ambd\u00f3s inclosos)<br \/>\nDel 12 d&#8217;abril al 21 de mar\u00e7 de 2025 (ambd\u00f3s inclosos)<br \/>\nA partir del 20 de juny de&hellip;  <a href=\"https:\/\/agora.xtec.cat\/escolaestevebarrachina\/lescola\/calendari-del-curs\/\" title=\"Read Calendari del curs\">Llegeix m\u00e9s\u00bb<\/a><\/p>\n","protected":false},"author":1,"featured_media":0,"parent":22,"menu_order":40,"comment_status":"closed","ping_status":"closed","template":"page-templates\/side-menu.php","meta":{"_bbp_topic_count":0,"_bbp_reply_count":0,"_bbp_total_topic_count":0,"_bbp_total_reply_count":0,"_bbp_voice_count":0,"_bbp_anonymous_reply_count":0,"_bbp_topic_count_hidden":0,"_bbp_reply_count_hidden":0,"_bbp_forum_subforum_count":0,"footnotes":""},"class_list":["post-32","page","type-page","status-publish","hentry"],"post_mailing_queue_ids":[],"_links":{"self":[{"href":"https:\/\/agora.xtec.cat\/escolaestevebarrachina\/wp-json\/wp\/v2\/pages\/32","targetHints":{"allow":["GET"]}}],"collection":[{"href":"https:\/\/agora.xtec.cat\/escolaestevebarrachina\/wp-json\/wp\/v2\/pages"}],"about":[{"href":"https:\/\/agora.xtec.cat\/escolaestevebarrachina\/wp-json\/wp\/v2\/types\/page"}],"author":[{"embeddable":true,"href":"https:\/\/agora.xtec.cat\/escolaestevebarrachina\/wp-json\/wp\/v2\/users\/1"}],"replies":[{"embeddable":true,"href":"https:\/\/agora.xtec.cat\/escolaestevebarrachina\/wp-json\/wp\/v2\/comments?post=32"}],"version-history":[{"count":4,"href":"https:\/\/agora.xtec.cat\/escolaestevebarrachina\/wp-json\/wp\/v2\/pages\/32\/revisions"}],"predecessor-version":[{"id":12116,"href":"https:\/\/agora.xtec.cat\/escolaestevebarrachina\/wp-json\/wp\/v2\/pages\/32\/revisions\/12116"}],"up":[{"embeddable":true,"href":"https:\/\/agora.xtec.cat\/escolaestevebarrachina\/wp-json\/wp\/v2\/pages\/22"}],"wp:attachment":[{"href":"https:\/\/agora.xtec.cat\/escolaestevebarrachina\/wp-json\/wp\/v2\/media?parent=32"}],"curies":[{"name":"wp","href":"https:\/\/api.w.org\/{rel}","templated":true}]}}