{"id":22,"date":"2014-09-18T12:19:57","date_gmt":"2014-09-18T11:19:57","guid":{"rendered":"http:\/\/agora.xtec.cat\/escolaestevebarrachina\/?page_id=22"},"modified":"2023-02-07T19:21:43","modified_gmt":"2023-02-07T18:21:43","slug":"lescola","status":"publish","type":"page","link":"https:\/\/agora.xtec.cat\/escolaestevebarrachina\/lescola\/","title":{"rendered":"L&#8217;escola"},"content":{"rendered":"<p><img loading=\"lazy\" decoding=\"async\" class=\"alignleft wp-image-11833\" src=\"https:\/\/agora.xtec.cat\/escolaestevebarrachina\/wp-content\/uploads\/usu1360\/2022\/11\/Arbre.png\" alt=\"Eduquem per la vida\" width=\"213\" height=\"307\" srcset=\"https:\/\/agora.xtec.cat\/escolaestevebarrachina\/wp-content\/uploads\/usu1360\/2022\/11\/Arbre.png 452w, https:\/\/agora.xtec.cat\/escolaestevebarrachina\/wp-content\/uploads\/usu1360\/2022\/11\/Arbre-208x300.png 208w\" sizes=\"auto, (max-width: 213px) 100vw, 213px\" \/>L\u2019<strong>Escola Esteve Barrachina<\/strong> \u00e9s una escola p\u00fablica de doble l\u00ednia d\u2019educaci\u00f3 infantil i prim\u00e0ria. Es troba situada al municipi de Sitges, a la comarca del Garraf.<\/p>\n<p>Som una <strong>escola inclusiva<\/strong> que creu en la personalitzaci\u00f3 de l\u2019aprenentatge: \u201cTots som diversitat\u201d.<\/p>\n<p>Disposem de dues dotacions de suport intensiu a l&#8217;escolaritzaci\u00f3 inclusiva i treballem amb pr\u00e0ctiques metodol\u00f2giques que ens permeten dur a terme un acompanyament proper i respectu\u00f3s dels infants, atenent aix\u00ed la diversitat de cadasc\u00fa.<\/p>\n<p>L\u2019alumne construeix el seu propi aprenentatge a trav\u00e9s de <strong>metodologies actives<\/strong>, partint dels seus interessos i capacitats. El mestre ja no \u00e9s font i transmissor de continguts, sin\u00f3 un guia que de manera propera i amorosa ajuda l\u2019infant a desenvolupar el seu coneixement a trav\u00e9s de les experi\u00e8ncies i les activitats proposades.<\/p>\n<p>Aquestes pr\u00e0ctiques es concreten de la seg\u00fcent manera a trav\u00e9s de les comunitats de Petits, Mitjans i Grans:<\/p>\n<ul>\n<li>AMBIENTS DE LLIURE CIRCULACI\u00d3 <strong>\u21d2<\/strong> AMBIENTS AMB ITINERARI <strong>\u21d2<\/strong> CAPSES D\u2019APRENENTATGE<\/li>\n<li>PREGUNTES INTERESSANTS <strong>\u21d2<\/strong> INVESTIGACIONS <strong>\u21d2<\/strong> ABP<\/li>\n<li>PETITES DESCOBERTES <strong>\u21d2<\/strong> MONOGR\u00c0FICS DE LLIURE ELECCI\u00d3 <strong>\u21d2<\/strong> MONOGR\u00c0FICS<\/li>\n<\/ul>\n<p>El prop\u00f2sit de l\u2019escola: EDUCAR PER A LA VIDA.<\/p>\n<p>Fem nostres els 7 Principis de l\u2019Aprenentatge de la Unesco i els principis de la neuroci\u00e8ncia que resumim de la seg\u00fcent manera:<\/p>\n<ul>\n<li>L&#8217;infant\u00a0<strong>construeix<\/strong><strong>\u00a0<\/strong>el seu propi aprenentatge.<\/li>\n<li>L\u2019aprenentatge \u00e9s de naturalesa\u00a0<strong>social<\/strong>.<\/li>\n<li>Les\u00a0<strong>emocions<\/strong><strong>\u00a0<\/strong>s\u00f3n part integral de l\u2019aprenentatge.<\/li>\n<li>Cal tenir en compte les\u00a0<strong>difer\u00e8ncies<\/strong><strong>\u00a0<\/strong>individuals\u00a0(<strong>personalitzaci\u00f3<\/strong><strong>\u00a0<\/strong>de l\u2019aprenentatge).<\/li>\n<li>L\u2019<strong>esfor\u00e7<\/strong><strong>\u00a0<\/strong>\u00e9s un valor clau.<\/li>\n<li>L\u2019avaluaci\u00f3 ha de ser formativa i\u00a0<strong>formadora<\/strong>.<\/li>\n<li>Aprendre vol dir construir\u00a0<strong>connexions<\/strong><strong>\u00a0<\/strong>horitzontals.<\/li>\n<li>El coneixement no \u00e9s fragmentat, \u00e9s\u00a0<strong>global<\/strong>.<\/li>\n<\/ul>\n<p>&nbsp;<\/p>\n","protected":false},"excerpt":{"rendered":"<p>L\u2019Escola Esteve Barrachina \u00e9s una escola p\u00fablica de doble l\u00ednia d\u2019educaci\u00f3 infantil i prim\u00e0ria. Es troba situada al municipi de Sitges, a la comarca del Garraf.<br \/>\nSom una escola inclusiva que creu en la personalitzaci\u00f3 de l\u2019aprenentatge: \u201cTots som diversitat\u201d.<br \/>\nDisposem de dues dotacions de suport intensiu&hellip;  <a href=\"https:\/\/agora.xtec.cat\/escolaestevebarrachina\/lescola\/\" title=\"Read L&#8217;escola\">Llegeix m\u00e9s\u00bb<\/a><\/p>\n","protected":false},"author":1,"featured_media":0,"parent":0,"menu_order":0,"comment_status":"closed","ping_status":"closed","template":"page-templates\/side-menu.php","meta":{"_bbp_topic_count":0,"_bbp_reply_count":0,"_bbp_total_topic_count":0,"_bbp_total_reply_count":0,"_bbp_voice_count":0,"_bbp_anonymous_reply_count":0,"_bbp_topic_count_hidden":0,"_bbp_reply_count_hidden":0,"_bbp_forum_subforum_count":0,"footnotes":""},"class_list":["post-22","page","type-page","status-publish","hentry"],"post_mailing_queue_ids":[],"_links":{"self":[{"href":"https:\/\/agora.xtec.cat\/escolaestevebarrachina\/wp-json\/wp\/v2\/pages\/22","targetHints":{"allow":["GET"]}}],"collection":[{"href":"https:\/\/agora.xtec.cat\/escolaestevebarrachina\/wp-json\/wp\/v2\/pages"}],"about":[{"href":"https:\/\/agora.xtec.cat\/escolaestevebarrachina\/wp-json\/wp\/v2\/types\/page"}],"author":[{"embeddable":true,"href":"https:\/\/agora.xtec.cat\/escolaestevebarrachina\/wp-json\/wp\/v2\/users\/1"}],"replies":[{"embeddable":true,"href":"https:\/\/agora.xtec.cat\/escolaestevebarrachina\/wp-json\/wp\/v2\/comments?post=22"}],"version-history":[{"count":4,"href":"https:\/\/agora.xtec.cat\/escolaestevebarrachina\/wp-json\/wp\/v2\/pages\/22\/revisions"}],"predecessor-version":[{"id":11931,"href":"https:\/\/agora.xtec.cat\/escolaestevebarrachina\/wp-json\/wp\/v2\/pages\/22\/revisions\/11931"}],"wp:attachment":[{"href":"https:\/\/agora.xtec.cat\/escolaestevebarrachina\/wp-json\/wp\/v2\/media?parent=22"}],"curies":[{"name":"wp","href":"https:\/\/api.w.org\/{rel}","templated":true}]}}