{"id":11775,"date":"2022-09-08T15:12:36","date_gmt":"2022-09-08T13:12:36","guid":{"rendered":"https:\/\/agora.xtec.cat\/escolaestevebarrachina\/?page_id=11775"},"modified":"2026-03-18T17:22:46","modified_gmt":"2026-03-18T16:22:46","slug":"consell-escolar","status":"publish","type":"page","link":"https:\/\/agora.xtec.cat\/escolaestevebarrachina\/consell-escolar\/","title":{"rendered":"Consell escolar"},"content":{"rendered":"<p><em>INFORMACIONS I ACORDS DEL 4t CONSELL ESCOLAR DEL CURS 25-26 (16\/03\/2026)<\/em><\/p>\n<ul>\n<li>S\u2019aprova fer nom\u00e9s les sortides d\u2019un dia sencer que estiguin compromeses econ\u00f2micament durant el 3<sup>r<\/sup> trimestre.<\/li>\n<li>Fer una reuni\u00f3 per explicar el proc\u00e9s avaluatiu del centre.<\/li>\n<li>S&#8217;informa de les mobilitzacions i reivindicacions previstes per aquest curs i el proper, en cas que el Departament no negoci\u00ef el que els centres reclamen en aquest per\u00edode de vagues.<\/li>\n<\/ul>\n<p>__________________________________________________________________________________<\/p>\n<p><em>INFORMACIONS I ACORDS DEL 3r CONSELL ESCOLAR DEL CURS 25-26 (27\/01\/2026)<\/em><\/p>\n<ul>\n<li>Per unanimitat s&#8217;aprova la liquidaci\u00f3 de l&#8217;exercici 2025.<\/li>\n<li>Per unanimitat s&#8217;aprova el pressupost per l&#8217;exercici 2026.<\/li>\n<li>S&#8217;informa que amb la subvenci\u00f3 de l&#8217;Ajuntament pel suport educatiu de les escoles p\u00fabliques del 2025 i gr\u00e0cies tamb\u00e9, a l&#8217;ajuda de l&#8217;AFA s&#8217;ha pogut arreglar el teatre de l&#8217;escola.<\/li>\n<li>Cal reduir la despesa de fotoc\u00f2pies del centre.<\/li>\n<li>S&#8217;informa dels diferents materials de rob\u00f2tica adquirits per l&#8217;escola amb la subvenci\u00f3 rebuda des dels fons &#8220;Next Generation&#8221;.<\/li>\n<\/ul>\n<p>___________________________________________________________________________________<\/p>\n<p><em>INFORMACIONS I ACORDS DEL 2n CONSELL ESCOLAR DEL CURS 25-26 (09\/12\/2025)<\/em><\/p>\n<ul>\n<li class=\"western\">Els membres sortints per part del sector fam\u00edlies del Consell Escolar han estat l&#8217;Anna Salarich, l&#8217;Esther Cara i la Dolores Di Santo.<\/li>\n<li class=\"western\">Els membres sortints per part del sector professorat han estat el Marc Barn\u00e9s i la Cristina Segura.<\/li>\n<li class=\"western\">Els membres entrants per part del sector fam\u00edlies han estat les 3 candidates: Esther Pilar Ayarza, l&#8217;Anna Salarich i la Marta Rubio.<\/li>\n<li class=\"western\">Els membres entrants per part del sector professorat han estat l&#8217;<span style=\"font-family: inherit; font-size: 1em;\">Ariadna Font i la Gemma Silvestre.<\/span><\/li>\n<li class=\"western\">Es constitueix el nou consell escolar amb els seg\u00fcents representants: 3 membres de l&#8217;Equip Directiu, 1 personal PAS (conserge), 1 personal PAE (TEEI), 6 representants del sector professorat, 5 representants del sector fam\u00edlies, 1 representant de l\u2019Ajuntament (regidora d\u2019Educaci\u00f3) i<span style=\"font-family: inherit; font-size: 1em;\"> 1 representant de l\u2019AFA (presidenta). <\/span><span style=\"font-family: inherit; font-size: 1em;\">El responsable de coeducaci\u00f3 ser\u00e0 l\u2019Ariadna Font.<\/span><\/li>\n<li class=\"western\">Es distribueixen els membres en les diferents comissions de treball.<\/li>\n<li class=\"western\">Es fa el retorn del programa AVIM\u00a0 (Avaluaci\u00f3 Integral per a la Millora) impulsat pel Departament d&#8217;Educaci\u00f3 que s&#8217;ha fet a l&#8217;escola durant aquest primer trimestre amb l&#8217;acompanyament de dues inspectores del Departament.<\/li>\n<li><span style=\"font-family: inherit; font-size: 1em;\">Es tracta d&#8217;un programa que pret\u00e9n fer una diagnosi del centre i concretar propostes de millora a partir d&#8217;una avaluaci\u00f3 interna i externa de tota la comunitat educativa. Les propostes de millora es concretaran en un pla d&#8217;acci\u00f3 que es dur\u00e0 a terme durant els propers cursos per tal de reflexionar en tots aquells aspectes del centre que necessitem millorar.<\/span><\/li>\n<\/ul>\n<p align=\"justify\">___________________________________________________________________________________<\/p>\n<p><em>INFORMACIONS I ACORDS DEL 1r CONSELL ESCOLAR DEL CURS 25-26 (07\/10\/2025)<\/em><\/p>\n<ul>\n<li>S&#8217;omplen les graelles de la Programaci\u00f3 General Anual de les diferents comissions que pengen del Consell Escolar (permanent, diversitat, SEA, econ\u00f2mica, conviv\u00e8ncia, instal\u00b7lacions i espais i menjador).<\/li>\n<li>S&#8217;aprova la Programaci\u00f3 General Anual del centre.<\/li>\n<li>S&#8217;aprova l&#8217;adenda &#8220;SIEI+&#8221; de la Mem\u00f2ria Anual del curs 24-25.<\/li>\n<li>Resta pendent d&#8217;aprovar el Pla de Funcionament del Menjador pel curs 25-26 perqu\u00e8 cal revisar-lo.<\/li>\n<li>S&#8217;informa que es faran canvis de grup a finals d&#8217;I5 i 3r quan es faci el canvi a la seg\u00fcent comunitat.<\/li>\n<li>Respecte les eleccions del Consell Escolar d&#8217;enguany s&#8217;informa que per part dels mestres queden dues places vacants per ocupar i pel sector fam\u00edlies 3. Ambdues votacions seran el 18 de novembre.<\/li>\n<li>S&#8217;informa de la calendaritzaci\u00f3 de diversos Consells al llarg del curs.<\/li>\n<li>S&#8217;aproven algunes modificacions i canvis de les NOFC (Normes d&#8217;Organitzaci\u00f3 i Funcionament de Centre).<\/li>\n<li>Es comunica que l&#8217;escola formar\u00e0 part del Projecte Sensei dedicat a mestres novells.<\/li>\n<\/ul>\n<p>________________________________________________________________________________________________________________________________________________________<\/p>\n<p><em>INFORMACIONS I ACORDS DEL 3r CONSELL ESCOLAR DEL CURS 24-25 (27\/06\/2025)<\/em><\/p>\n<ul>\n<li>S&#8217;omplen les graelles de la Mem\u00f2ria Anual de les diferents comissions de treball i es plantegen les propostes de millora pel proper curs.<\/li>\n<li>S&#8217;aprova la Mem\u00f2ria Anual del curs 24-25.<\/li>\n<li>S&#8217;aprova el calendari pel curs 25-26.<\/li>\n<li>S&#8217;informa dels resultats de les proves diagn\u00f2stiques de 4t i Compet\u00e8ncies B\u00e0siques de 6\u00e8.<\/li>\n<li>S&#8217;informa de les obres que es faran a l&#8217;escola durant l&#8217;estiu.<\/li>\n<li>S&#8217;informa que des de l&#8217;Ajuntament s&#8217;est\u00e0 negociant la rotaci\u00f3 dels conserges del municipi.<\/li>\n<\/ul>\n<p>___________________________________________________________________________________________________________________________________________________________<\/p>\n<p><em>INFORMACIONS I ACORDS DEL 2n CONSELL ESCOLAR DEL CURS 24-25 (28\/01\/2025).<\/em><\/p>\n<ul>\n<li>Es presenten els nous membres que entren a formar part del Consell Escolar: la In\u00e9s Jan\u00e9 que entra com a representant del sector fam\u00edlies substituint a l&#8217;Eva Alonso que passa a ser representant de l&#8217;AFA per un mandat de 4 anys, la Dolores Di Santo que substitueix la Sara Moreno com a representant del sector fam\u00edlies per un mandat de 2 anys i la Carme Gasulla com a nova regidora d&#8217;Educaci\u00f3 de l&#8217;Ajuntament. Aquestes tres persones es distribueixen en les diferents comissions de treball ocupant el c\u00e0rrec de la persona que substitueixen.<\/li>\n<li>Es presenta la liquidaci\u00f3 de l&#8217;exercici 2024 i s&#8217;aprova el pressupost escolar per l&#8217;any 2025.<\/li>\n<li>S&#8217;acorda que el romanent de l\u2019escola no s\u2019invertir\u00e0 en obres ni manteniment de l\u2019edifici sin\u00f3 que revertir\u00e0 en materials, espais i recursos educatius per l\u2019alumnat.<\/li>\n<li>S&#8217;aprova l&#8217;Informe dels resultats de les proves diagn\u00f2stiques de 4t i CCBB de 6\u00e8 que s&#8217;afegir\u00e0 a la Mem\u00f2ria Anual del curs passat.<\/li>\n<li>S\u2019aprova la sortida prevista pel 18 de mar\u00e7 a Can Foix de tota la comunitat de petits.<\/li>\n<\/ul>\n<p>__________________________________________________________________________________________________________________________________________________________<\/p>\n<p><em>INFORMACIONS I ACORDS DEL 1r CONSELL ESCOLAR DEL CURS 24-25 (22\/10\/2024)<\/em><\/p>\n<ul>\n<li>S&#8217;acomiada a l&#8217;Esther Mart\u00ednez com a representant de l&#8217;AFA i queda un lloc pendent d&#8217;assignar.<\/li>\n<li>S&#8217;agraeix la feina feta per part de la junta de l&#8217;AFA anterior: Anna Salarich, Esther Cara,\u00a0 Esther Serramalera, Aleix Gr\u00e0cia, Marta Arco, Eva Mu\u00f1oz i Esther Aleixandre.<\/li>\n<li>Es presenta la nova junta de l&#8217;AFA: Eva Alonso (presidenta), Mariona Conill (tresorera), David Garc\u00eda (secretari), Nat\u00e0lia But\u00ed (vocal), S\u00edlvia Costa (vocal), Miriam Huguet (vocal), Sandra Olsina (vocal) i Sara Moreno (vocal).<\/li>\n<li>Es distribueixen els membres del Consell Escolar en les diferents les comissions: comissi\u00f3 SEA, comissi\u00f3 permanent, comissi\u00f3 de menjador, comissi\u00f3 d&#8217;instal\u00b7lacions i espais, comissi\u00f3 econ\u00f2mica, comissi\u00f3 de diversitat i comissi\u00f3 de conviv\u00e8ncia.<\/li>\n<li>S&#8217;omplen les graelles que de la Programaci\u00f3 General Anual (PGA) de les diferents comissions que pengen del Consell Escolar.<\/li>\n<li>S&#8217;aprova la PGA pel curs 24-25.<\/li>\n<li>La comissi\u00f3 de biblioteca de l&#8217;AFA es reunir\u00e0 dins horari lectiu amb la coordinadora de biblioteca.<\/li>\n<li>S&#8217;aprova l&#8217;article 78.3 i l&#8217;ampliaci\u00f3 del punt 4 de l&#8217;article 79.1 de les NOFC.<\/li>\n<li>Les diferents AFA&#8217;s de Sitges es mobilitzaran per buscar alguna soluci\u00f3 per l&#8217;emerg\u00e8ncia educativa de Sitges degut al degoteig constant de fam\u00edlies nouvingudes que cada any s&#8217;han d&#8217;escolaritzar al nostre municipi.<\/li>\n<\/ul>\n<p>__________________________________________________________________________________________________________________________________________________________<\/p>\n<p>&nbsp;<\/p>\n<p><em>INFORMACIONS I ACORDS DEL 9\u00e8 CONSELL ESCOLAR DEL CURS 23-24 (27\/06\/2024)<\/em><\/p>\n<ul style=\"list-style-type: disc;\">\n<li>Es presenta i s&#8217;aprova el Pla d&#8217;Atenci\u00f3 a la Diversitat.<\/li>\n<li><span style=\"font-family: inherit; font-size: 1em;\">Es presenta i s&#8217;aprova el Pla d&#8217;Acollida.<\/span><\/li>\n<li><span style=\"font-family: inherit; font-size: 1em;\">S&#8217;aprova el calendari pel curs escolar 2024-2025.<\/span><\/li>\n<li><span style=\"font-family: inherit; font-size: 1em;\">S&#8217;aprova la Mem\u00f2ria Anual d&#8217;aquest curs.<\/span><\/li>\n<li>S&#8217;acorda consensuar les dates i el dia del Consell Escolar pel proper curs.<\/li>\n<\/ul>\n<p>_________________________________________________________________________________________________________________________________________________________<\/p>\n<p><em>INFORMACIONS I ACORDS DEL 8\u00e8 CONSELL ESCOLAR DEL CURS 23-24 (25\/06\/2024)<\/em><\/p>\n<p>Es valora a la Mem\u00f2ria Anual, la feina de les diferents comissions que pengen del Consell Escolar durant el curs 23-24.<\/p>\n<p>__________________________________________________________________________________________________________________________________________________________<\/p>\n<p><em>INFORMACI\u00d3 I ACORDS DEL 7\u00e8 CONSELL ESCOLAR DEL CURS 23-24 (04\/06\/2024)<\/em><\/p>\n<ul>\n<li>Respecte el concert de Primavera, es parlar\u00e0 amb el teatre Prado per aclarir diversos problemes que van sorgir. De cara al proper curs, es mirar\u00e0 un altre lloc que permeti m\u00e9s aforament i es repensar\u00e0 el tema de repartir entrades a les fam\u00edlies per controlar aquest aforament.<\/li>\n<li>S&#8217;aprova que les quotes de material escolar i recursos educatius s&#8217;integrin en una sola quota pel curs 2024-2025 amb un total de 160\u20ac. L&#8217;AFA augmenta tamb\u00e9 la seva quota a 25\u20ac\u00a0 pel curs 2024-2025.<\/li>\n<li>Arran de l\u2019incident a la porta del Teatre Prado Suburense, es modifiquen les Normes d\u2019Organitzaci\u00f3\u00a0 i Funcional del Centre, perqu\u00e8 l\u2019article 83 quedi redactat de manera que englobi a m\u00e9s del recinte escolar englobi \u201cqualsevol activitat escolar\u201d.<\/li>\n<li>L&#8217;AFA posa de manifest la preocupaci\u00f3 per tots aquells infants d&#8217;I3 que no podran ser escolaritzats per manca de places i convida a fer una mobilitzaci\u00f3 per donar a con\u00e8ixer aquest greu problema\u00a0 que les escoles reclamen des de fa uns anys &#8220;fa falta una altra escola al nostre municipi&#8221;.<\/li>\n<\/ul>\n<p>__________________________________________________________________________________________________________________________________________________________<\/p>\n<p><em>INFORMACI\u00d3 I ACORDS DEL 6\u00e8 CONSELL ESCOLAR DEL CURS 23-24 (10\/05\/2024)<\/em><\/p>\n<p>S&#8217;aprova afegir a les NOFC els aspectes seg\u00fcents:<\/p>\n<ul style=\"list-style-type: disc;\">\n<li style=\"text-align: left;\">Les fam\u00edlies que entren a l&#8217;escola no poden intervenir directament amb els conflictes que puguin sorgir entre els alumnes, llevat que es doni un perill clar que requereixi d&#8217;una actuaci\u00f3 immediata. La seva actuaci\u00f3 ha de ser informar al centre, tutor\/a, responsable, etc. Si es sobrepassen aquests l\u00edmits, la comissi\u00f3 de conviv\u00e8ncia es reunir\u00e0 per valorar el temps que l&#8217;adult acompanyant no podr\u00e0 entrar al recinte escolar ni tampoc assistir a les activitats que es fan dins o fora del centre on puguin coincidir els implicats.<\/li>\n<li>La data l\u00edmit de pagament i autoritzaci\u00f3 de les sortides i activitats ser\u00e0 dos dies abans de realitzar-se, quedant sempre un dia lectiu entremig per tal de garantir que els responsables de la sortida en puguin fer el seguiment adequat.<\/li>\n<\/ul>\n<p>________________________________________________________________________________________________________________________________________<\/p>\n<p><em>INFORMACI\u00d3 I ACORDS DEL 5\u00e8 CONSELL ESCOLAR DEL CURS 23-24 (30\/01\/2024)<\/em><\/p>\n<p>S&#8217;aprova la proposta del pressupost 2024 i la liquidaci\u00f3 de l&#8217;exercici del 2023.<\/p>\n<p>Es debat quines millores cal fer al pati dels petits. De moment, l&#8217;AFA assumir\u00e0 el manteniment de la caseta i el tobogan del pati dels petits i treure o arreglar l&#8217;estructura de la passarel\u00b7la. Es compraran estris i joguines que s&#8217;emmagatzemaran al vest\u00edbul d&#8217;I5 per poder-les conservar millor.<\/p>\n<p>S&#8217;acorda arreglar la megafonia de l&#8217;escola com a tema prioritari per seguretat del centre. Aquesta ser\u00e0 l&#8217;obra de millora que es reclamar\u00e0 a l&#8217;Ajuntament.<\/p>\n<p>S&#8217;acorda afegir i\/o modificar a les NOFC els aspectes seg\u00fcents:<\/p>\n<ul>\n<li>Les portes d&#8217;acc\u00e9s al centre s&#8217;obriran a les 8:50h i a les 16:20h.<\/li>\n<li>Si un alumne ha de prendre medicaci\u00f3 dins l&#8217;horari escolar, cal que porti una autoritzaci\u00f3 de la fam\u00edlia i la recepta m\u00e8dica corresponent per poder-li administrar.<\/li>\n<li>Si un alumne est\u00e0 malalt i fa piscina, s&#8217;ha de quedar a casa.<\/li>\n<li><span style=\"font-weight: 400;\">En cas que un adult alteri les normes de conviv\u00e8ncia del centre, l\u2019escola es reserva el dret d\u2019admissi\u00f3 al recinte escolar. Aquest fet ser\u00e0 comunicat a inspecci\u00f3 i es prendran les mesures adients.<\/span><\/li>\n<li>El centre \u00e9s el responsable de difondre les imatges de l&#8217;escola a les xarxes internes i externes.<\/li>\n<\/ul>\n<p>__________________________________________________________________________________________________________________________________________________________<\/p>\n<p><em>INFORMACI\u00d3 I ACORDS DEL 4t CONSELL ESCOLAR DEL CURS 23-24 (13\/12\/2023)<\/em><\/p>\n<ul>\n<li>Es constitueix el nou Consell Escolar:<\/li>\n<\/ul>\n<p>Arantzazu Gasc\u00f3n, Sandra Escoto i Maite Forns (Equip Directiu), Marc Barn\u00e9s, Cristina Segura, Rosa Sol\u00e9, M\u00f2nica S\u00e1ez, Llu\u00efsa Vallmanya i M\u00f2nica Obreg\u00f3n (sector professorat), Esther Cara, Sara Moreno, Anna Salarich, Eva Alonso i Mariona Conill (sector fam\u00edlies), Xavier Cabezas (Sector PAS), Isabel Estradera (sector PAE), Esther Mart\u00ednez (representant AFA) i Albert Oliver (regidor d&#8217;Educaci\u00f3).<\/p>\n<p>Responsable de coeducaci\u00f3: Marc Barn\u00e9s.<\/p>\n<ul>\n<li>\u00a0Es reparteixen els membres entrants en les diferents comissions de treball del Consell Escolar. El resultat \u00e9s el seg\u00fcent:<\/li>\n<\/ul>\n<p><strong>\u00a0Comissi\u00f3 SEA:<\/strong> Arantxa i Esther M.<\/p>\n<p><strong>Comissi\u00f3 permanent:<\/strong> Arantxa, Sandra, Maite, Esther C. i Isabel.<\/p>\n<p><strong>Comissi\u00f3 d&#8217;instal\u00b7laci\u00f3 i espais:<\/strong> Arantxa, Maite, Albert, Esther M. Cristina, Esther C., Anna, Xavi C. M\u00f2nica O., M\u00f2nica S. i Eva.<\/p>\n<p><strong>Comissi\u00f3 de menjador:<\/strong> Arantxa, Sandra, Maite, Albert, Sara, Cristina i Llu\u00efsa.<\/p>\n<p><strong>Comissi\u00f3 econ\u00f2mica:<\/strong> Arantxa, Maite, Albert, Esther M., Sara, Marc, Sandra i Mariona.<\/p>\n<p><strong>Comissi\u00f3 de diversitat:<\/strong> Sandra, Arantxa, Maite, Anna, Esther M., Eva i Rosa.<\/p>\n<p><strong>Comissi\u00f3 de conviv\u00e8ncia:<\/strong> Arantxa, Maite, Sandra, Esther M., Anna, Marc i Llu\u00efsa i Mariona.<\/p>\n<ul>\n<li>S\u2019aprova la sortida a la Trinitat del 19 de desembre de l\u2019alumnat de 6\u00e8.<\/li>\n<li>S&#8217;informa de diferents modificacions que s&#8217;han fet al pressupost anual de l&#8217;escola en diverses partides d&#8217;ingressos i despeses.<\/li>\n<li>S&#8217;informa de la modificaci\u00f3 que s&#8217;ha fet, per part de la comissi\u00f3 de conviv\u00e8ncia, sobre els articles 94 i 95 de les NOFC que afecten a les conductes contr\u00e0ries a la conviv\u00e8ncia del centre i les mesures correctores.<\/li>\n<li>S&#8217;informa de les seg\u00fcents millores previstes pels patis: les estructures del pati d&#8217;infantil es poliran i s&#8217;arranjaran, es retirar\u00e0 la passarel\u00b7la i es substituir\u00e0 per una altra estructura i\u00a0 m\u00e9s a m\u00e9s, s&#8217;eliminaran els troncs. Es comprar\u00e0 una taula de ping pong pel pati de mitjans i grans i tamb\u00e9 s&#8217;arreglar\u00e0 la zona del chill out del pati. Es recorda que la roba perduda es retirar\u00e0 cada setmana.<\/li>\n<li>S&#8217;informa que es va aprovar la sortida de 4t al Parc Natural del Garraf prevista pel 4 de desembre.<\/li>\n<\/ul>\n<p>__________________________________________________________________________________________________________________________________________________________<\/p>\n<p><em>INFORMACI\u00d3 I ACORDS DEL 3r CONSELL ESCOLAR DEL CURS 23-24 (24\/10\/2023)<\/em><\/p>\n<ul>\n<li>S&#8217;aprova la Programaci\u00f3 General Anual (PGA) pel curs 23-24.<\/li>\n<li>S&#8217;aproven totes les sortides i col\u00f2nies previstes pel curs 23-24.<\/li>\n<li>La idea de les capses d&#8217;aprenentatge per treballar les festes de Sitges de l&#8217;empresa GamLab ha agradat a l&#8217;Ajuntament per\u00f2, es considera important tamb\u00e9, fer un grup de treball amb diferents representants de cada escola del municipi per treballar el seu desplegament conjuntament.<\/li>\n<\/ul>\n<p>__________________________________________________________________________________________________________________________________________________________<\/p>\n<p><em>INFORMACI\u00d3 I ACORDS DEL 2n CONSELL ESCOLAR DEL CURS 23-24 (10\/10\/2023)<\/em><\/p>\n<p>S&#8217;omplen les graelles de les diferents comissions que pengen del Consell Escolar amb els objectius i actuacions previstes per aquest curs 23-24.<\/p>\n<p>S&#8217;aprova la sortida al mass\u00eds del Garraf de l&#8217;alumnat de 3r pel proper 20 d&#8217;octubre.<\/p>\n<p>S&#8217;informa sobre algunes consideracions importants i dates establertes per celebrar les properes eleccions al Consell Escolar, que afecten al sector fam\u00edlies i l&#8217;AFA. Aquestes s\u00f3n les seg\u00fcents:<\/p>\n<ul>\n<li>El 30 d&#8217;octubre s&#8217;inicia el proc\u00e9s i es publicar\u00e0 el cens de fam\u00edlies provisional, la publicaci\u00f3 de les places vacants i la forma i termini de la presentaci\u00f3 de les candidatures.<\/li>\n<li>Les votacions es duran a terme durant la setmana del 20 al 24 de novembre del 2023.<\/li>\n<li>La mesa electoral del sector fam\u00edlies est\u00e0 formada per la directora, dues persones designades per sorteig entre totes les que integren el cens d\u2019aquest sector. La de menys antiguitat actuar\u00e0 de secretari\/a i en cas de coincid\u00e8ncia, ho far\u00e0 la de menor edat. Es designaran dues persones suplents.<\/li>\n<li>L\u2019AFA pot designar una persona que actu\u00ef a la mesa electoral com a supervisor. Termini m\u00e0xim el 16 de novembre.<\/li>\n<li>Cada elector pot votar un nombre m\u00e0xim de persones candidates igual al nombre de representants a renovar.<\/li>\n<li>Poden votar els dos progenitors llevat que la p\u00e0tria potestat de l\u2019alumne recaigui sobre un dels progenitors.<\/li>\n<li>No s\u2019admet la delegaci\u00f3 del vot ni el vot per correu.<\/li>\n<li>En situacions d\u2019empat de vots es resol a favor de la persona escollida de m\u00e9s edat.<\/li>\n<li>En cas de m\u00e9s vacants que candidats, totes les persones del sector fam\u00edlies s\u00f3n elegibles i, en cas que la persona elegida no vulgui assumir-ne la representaci\u00f3, el lloc queda vacant fins la propera convocat\u00f2ria.<\/li>\n<li>El 2 de novembre la directora sol\u00b7licitar\u00e0 a l\u2019AFA la designaci\u00f3 del seu representant, per nomenament de la seva presidenta.<\/li>\n<li>El 6 de novembre es far\u00e0 el sorteig per designar els vocals de les meses electorals.<\/li>\n<li>El 13 de novembre es constituir\u00e0 la mesa electoral i es publicar\u00e0 el cens definitiu.<\/li>\n<li>19 de desembre \u00e9s l\u2019\u00faltim dia per constituir el CE renovat.<\/li>\n<\/ul>\n<p>__________________________________________________________________________________________________________________________________________________________<\/p>\n<p><em>INFORMACI\u00d3 I ACORDS DEL 1r CONSELL ESCOLAR DEL CURS 23-24 (19\/09\/2023)<\/em><\/p>\n<ul>\n<li>Es presenta l&#8217;Albert Oliver com a nou regidor d&#8217;educaci\u00f3 i la Bere S\u00e1nchez com a membre del sector professorat, substituint a la Barbara Aran.<\/li>\n<li>S&#8217;informa de tots els mestres i educadores que formaran part de cada comunitat.<\/li>\n<li>Es llegeix l&#8217;actualitzaci\u00f3 del Projecte de Direcci\u00f3 pels propers 4 anys.<\/li>\n<li>Es distribueixen els membres del Consell Escolar en les diferents les comissions: comissi\u00f3 SEA, comissi\u00f3 permanent, comissi\u00f3 de menjador, comissi\u00f3 d&#8217;instal\u00b7lacions i espais, comissi\u00f3 econ\u00f2mica, comissi\u00f3 de diversitat i comissi\u00f3 de conviv\u00e8ncia.<\/li>\n<li>S&#8217;acorda canviar a les Normes d&#8217;Organitzaci\u00f3 del Centre (NOFC) l&#8217;horari d&#8217;entrada a l&#8217;escola al mat\u00ed (les portes s&#8217;obriran a les 8:50h perqu\u00e8 no s&#8217;acumuli tanta gent al carrer) i s&#8217;afegir\u00e0 tamb\u00e9, un punt sobre que l&#8217;escola no es fa responsables dels patinets, bicicletes i altres mitjans de transport que estiguin al centre durant l&#8217;horari escolar.<\/li>\n<li>Es fa la reclamaci\u00f3 al regidor de la necessitat de monitoratge pel menjador per tots aquells nens\/es que tenen necessitats especials i, que en aquests moments no poden ser atesos.<\/li>\n<li>Es proposar\u00e0 al Consell Escolar Municipal (CEM) la compra de capses d&#8217;aprenentatge dedicades a les festes i cultura de Sitges que ha creat l&#8217;empresa GamLab per poder treballar les festes des de totes les escoles del municipi.<\/li>\n<\/ul>\n<p>__________________________________________________________________________________________________________________________________________________________<\/p>\n<p><em>INFORMACI\u00d3 I ACORDS DEL 7\u00c8 CONSELL ESCOLAR DEL CURS 22-23 (27\/06\/2023)<\/em><\/p>\n<ul>\n<li>Es comenta i s&#8217;aprova la Mem\u00f2ria Anual de centre del curs 2022-2023.<\/li>\n<li>S&#8217;aproven les NOFC (Normes d&#8217;organitzaci\u00f3 i funcionament de centre).<\/li>\n<li>S&#8217;informa que s&#8217;enviar\u00e0 una carta als SSTT del Pened\u00e8s pel tema del calendari escolar, aprovada pel claustre de professorat.<\/li>\n<li>S&#8217;aprova el resum de l&#8217;estrat\u00e8gia digital de centre.<\/li>\n<\/ul>\n<p>__________________________________________________________________________________________________________________________________________________________<\/p>\n<p><em>INFORMACI\u00d3 I ACORDS DEL 6\u00e8 CONSELL ESCOLAR DEL CURS 22-23 (20\/06\/2023)<\/em><\/p>\n<ul>\n<li>S&#8217;omplen les graelles de la Mem\u00f2ria Anual del centre referents a les comissions del Consell Escolar.<\/li>\n<li>S&#8217;aprova el calendari i l&#8217;horari pel curs escolar 23-24.<\/li>\n<li>S&#8217;informa de les modificacions de pressupost que s&#8217;han dut a terme des del gener.<\/li>\n<li>Es llegeix una carta que s&#8217;ha preparat pel director de SSTT del Pened\u00e8s per fer una demanda d&#8217;obres necess\u00e0ries pel centre per atendre l&#8217;alumnat nou d&#8217;I3 i la SIEI.<\/li>\n<\/ul>\n<p>__________________________________________________________________________________________________________________________________________________________<\/p>\n<p><em>INFORMACI\u00d3 I ACORDS DEL 5\u00e8 CONSELL ESCOLAR DEL CURS 22-23 (23\/05\/2023)<\/em><\/p>\n<ul>\n<li>Es llegeixen els nous cap\u00edtols que s&#8217;han creat a les NOFC (Normes d&#8217;Organitzaci\u00f3 i Funcionament del Centre) sobre entrades i sortides del recinte escolar i la normativa sanit\u00e0ria que quedaran reflectits en aquest document.<\/li>\n<li>S&#8217;anomenen les mesures que es redactaran a les NOFC sobre sortides i col\u00f2nies.<\/li>\n<li>S&#8217; informa que s&#8217;afegir\u00e0 un apartat\u00a0 a les NOFC dedicat a l&#8217;\u00fas de dispositius m\u00f2bils a l&#8217;escola.<\/li>\n<li>S&#8217;informa que el curs 23-24 hi haur\u00e0 un grup m\u00e9s d&#8217;I3, el qual provocar\u00e0 la creaci\u00f3 d&#8217;una ambient nou per la Comunitat de Petits i s&#8217;haur\u00e0 de buscar on s&#8217;ubicar\u00e0 aquest grup durant l&#8217;estona del menjador.<\/li>\n<li>Els dies de lliure elecci\u00f3 pel curs 23-24\u00a0 escollits pel CEM (Consell Escolar Municipal) s\u00f3n: 13 d&#8217;octubre del 2023, 7 de desembre del 2023, 12 i 13 de febrer del 2024 i 20 de maig del 2024.<\/li>\n<li>L&#8217;Ajuntament ens arreglar\u00e0 els lavabos del porxo i els vestidors del gimn\u00e0s aquest estiu.<\/li>\n<li>S&#8217;informa que l&#8217;empresa &#8220;Zona de Joc&#8221; aquest estiu cuinar\u00e0 per tots els casals de l&#8217;Ajuntament.<\/li>\n<li>El regidor David Mart\u00ednez s&#8217;acomiada del Consell Escolar perqu\u00e8 acaba el seu mandat.<\/li>\n<li>S&#8217;informa que la mestra Sandra Escoto ocupar\u00e0 el c\u00e0rrec de cap d&#8217;estudis a partir del proper curs.<\/li>\n<\/ul>\n<p>_________________________________________________________________________________________________________________________________________________________<\/p>\n<p><em>INFORMACI\u00d3 I ACORDS DEL 4t CONSELL ESCOLAR DEL CURS 22-23 (25\/04\/2023)<\/em><\/p>\n<ul>\n<li>Es llegeixen les actes de les diferents comissions que pengen del Consell Escolar que s&#8217;han fet fins ara per tal que, tots els membres del Consell en quedin assabentats i s&#8217;acorda que totes aquestes actes es penjaran al drive perqu\u00e8 es puguin consultar quan es vulgui.<\/li>\n<li>S&#8217;acorden les mesures de puntualitat que es duran a terme el curs que ve, referents a l&#8217;entrada del mat\u00ed, les quals quedaran recollides a les NOFC (Normes d&#8217;organitzaci\u00f3 i Funcionament del Centre).<\/li>\n<li>S&#8217;informa i s&#8217;explica la Mem\u00f2ria de final del mandat 2019-2023.<\/li>\n<li>S&#8217;escullen els 3 membres que formaran part de l&#8217;avaluaci\u00f3 de la direcci\u00f3 durant aquests 4 anys. Els escollits s\u00f3n: Noem\u00ed P\u00e9rez (representant PAS), Marc Barn\u00e9s (representant sector professorat) i Anna Salarich (representant sector fam\u00edlies).<\/li>\n<li>La Cap d&#8217;Estudis anuncia que finalitzar\u00e0 el seu c\u00e0rrec el dia 30 de juny.<\/li>\n<\/ul>\n<p>__________________________________________________________________________________________________________________________________________________________<\/p>\n<p><em>INFORMACI\u00d3 I ACORDS DEL 3r CONSELL ESCOLAR DEL CURS 22-23 (31\/01\/2023)<\/em><\/p>\n<ul>\n<li>Es llegeixen les actes de les diferents comissions que pengen del Consell Escolar que s&#8217;han fet fins ara per tal que, tots els membres del Consell en quedin assabentats.<\/li>\n<li>S&#8217;acorda l&#8217;ordre de prioritats per les obres de millora de l&#8217;estiu que ens fa l&#8217;Ajuntament:<\/li>\n<\/ul>\n<p style=\"text-align: left;\">\u00a0&#8211; Megafonia de l\u2019escola (altaveus exteriors i interiors).<\/p>\n<p style=\"text-align: left;\">\u00a0&#8211; Vestidors i lavabos del gimn\u00e0s (treure dutxes).<\/p>\n<p>&#8211; Filtracions d\u2019aigua i tancaments d\u2019alumini.<\/p>\n<p>&#8211; Parquet a les aules de 1r i 2n, passad\u00eds de 1r i 2n i hall de l\u2019entrada.<\/p>\n<ul>\n<li>S&#8217;aprova el pressupost de l&#8217;escola per l&#8217;any 2023.<\/li>\n<li>Es debat sobre la inauguraci\u00f3 de la nova biblioteca escolar.<\/li>\n<li>Es proposa fer un curs de primers auxilis per fam\u00edlies i personal del centre.<\/li>\n<\/ul>\n<p>__________________________________________________________________________________________________________________________________________________________<\/p>\n<p><em>INFORMACI\u00d3 I ACORDS DEL 2n CONSELL ESCOLAR DEL CURS 22-23 (25\/10\/22)<\/em><\/p>\n<ul>\n<li>Es comenta i es revisa el document &#8220;PGA del curs 22-23&#8221;\u00a0 (Programaci\u00f3 General Anual) i despr\u00e9s de fer les modificacions que es creuen oportunes s&#8217;aprova.<\/li>\n<li>L&#8217;AFA comprar\u00e0 4 cascs de diferents mides per aquells nens\/es que els puguin necessitar en cas de massa soroll.<\/li>\n<li>Es torna a crear la Comissi\u00f3 de Diversitat del Consell Escolar.<\/li>\n<li>Es far\u00e0 una petita formaci\u00f3 al professorat sobre &#8220;calendaris visuals&#8221;.<\/li>\n<li>La previsi\u00f3 de les reunions de les diferents comissions \u00e9s la seg\u00fcent:<\/li>\n<\/ul>\n<blockquote><p><i><span style=\"font-weight: 400;\">&#8211; <\/span><\/i><i><span style=\"font-weight: 400;\">Comissi\u00f3 de menjador<\/span><\/i><span style=\"font-weight: 400;\">: una reuni\u00f3 per trimestre.<\/span><\/p>\n<p><i><span style=\"font-weight: 400;\">&#8211; Comissi\u00f3 de conviv\u00e8ncia<\/span><\/i><span style=\"font-weight: 400;\">: dues reunions al curs o en el cas que sorgeixi algun problema.<\/span><\/p>\n<p>&#8211; Comissi\u00f3 Permanent: sempre que sigui necessari.<\/p>\n<p><span style=\"font-weight: 400;\">&#8211; <\/span><i><span style=\"font-weight: 400;\">Comissi\u00f3 econ\u00f2mica i de recursos<\/span><\/i><span style=\"font-weight: 400;\">: dues reunions al curs.\u00a0\u00a0<\/span><\/p>\n<p><span style=\"font-weight: 400;\">&#8211; <\/span><i><span style=\"font-weight: 400;\">Comissi\u00f3 d\u2019instal\u00b7lacions i espais<\/span><\/i><span style=\"font-weight: 400;\"><span style=\"font-weight: 400;\">: dues reunions al curs.<\/span><\/span><\/p>\n<p><span style=\"font-weight: 400;\">&#8211; <\/span><i><span style=\"font-weight: 400;\">Comissi\u00f3 SEA: <\/span><\/i><span style=\"font-weight: 400;\">dues reunions al curs.<\/span><\/p>\n<p><span style=\"font-weight: 400;\">&#8211; <i>Comissi\u00f3 de Diversitat:<\/i> una reuni\u00f3 per trimestre.<\/span><\/p><\/blockquote>\n<ul>\n<li>S&#8217;aproven totes les sortides i col\u00f2nies del curs 22-23 que depenen d&#8217;autocar.<\/li>\n<li>Els acompanyants de piscina de 1r a 4t s\u00f3n 3 adults i en cas de portar algun alumne SIEI seran 4.<\/li>\n<li>La Comissi\u00f3 de Festes de l&#8217;escola es reunir\u00e0 amb l&#8217;AFA per treballar conjuntament la preparaci\u00f3 de totes les festivitats.<\/li>\n<\/ul>\n<p>__________________________________________________________________________________________________________________________________________________________<\/p>\n<blockquote><p><em style=\"font-family: inherit; font-size: 1em; color: #222222;\">INFORMACI\u00d3 I ACORDS DEL 1r CONSELL ESCOLAR DEL CURS 22-23 (06\/09\/22)<\/em><\/p><\/blockquote>\n<ul>\n<li>Es constitueixen les comissions del Consell Escolar:<\/li>\n<\/ul>\n<p><u><strong>Comissi\u00f3 de menjador:<\/strong> <\/u>. Es comenta que aquesta comissi\u00f3 es podria reunir amb la comissi\u00f3 de menjador que penja de l\u2019AFA.<\/p>\n<p><strong><u>Comissi\u00f3 econ\u00f2mica i de recursos educatius<\/u><\/strong><\/p>\n<p><strong><u>Comissi\u00f3 de conviv\u00e8ncia<\/u><\/strong><\/p>\n<p><strong><u>Comissi\u00f3 permanent<\/u><\/strong><\/p>\n<p><strong><u>Comissi\u00f3 d\u2019instal\u00b7lacions i espais<\/u><\/strong><\/p>\n<ul>\n<li>Es comenta la Mem\u00f2ria Anual del curs 21-22 per aprovar-la.<\/li>\n<li>El regidor d\u00f3na el vistiplau per poder fer el Concert de Primavera a l&#8217;auditori de l&#8217;hotel Meli\u00e0.<\/li>\n<\/ul>\n<ul>\n<li>L\u2019AFA far\u00e0 el rac\u00f3 \u201cchill out\u201d del pati que havien dissenyat els delegats de classe en un altre curs i pintaran pictogrames per l&#8217;escola.<\/li>\n<li>L&#8217;AFA posar\u00e0 una malla ombrejadora al pati d&#8217;Infantil.<\/li>\n<li>Tots els grups que s&#8217;han fet aquest curs han estat pensats seguint els requisits que es van establir el mes de juny.<\/li>\n<\/ul>\n","protected":false},"excerpt":{"rendered":"<p>INFORMACIONS I ACORDS DEL 4t CONSELL ESCOLAR DEL CURS 25-26 (16\/03\/2026)<\/p>\n<ul>\n<li>S\u2019aprova fer nom\u00e9s les sortides d\u2019un dia sencer que estiguin compromeses econ\u00f2micament durant el 3r trimestre.<\/li>\n<li>Fer una reuni\u00f3 per explicar el proc\u00e9s avaluatiu del centre.<\/li>\n<li>S&#8217;informa de les mobilitzacions i reivindicacions previstes per aquest curs i&hellip;  <a href=\"https:\/\/agora.xtec.cat\/escolaestevebarrachina\/consell-escolar\/\" title=\"Read Consell escolar\">Llegeix m\u00e9s\u00bb<\/a><br \/>\n","protected":false},"author":1,"featured_media":0,"parent":0,"menu_order":0,"comment_status":"closed","ping_status":"closed","template":"","meta":{"_bbp_topic_count":0,"_bbp_reply_count":0,"_bbp_total_topic_count":0,"_bbp_total_reply_count":0,"_bbp_voice_count":0,"_bbp_anonymous_reply_count":0,"_bbp_topic_count_hidden":0,"_bbp_reply_count_hidden":0,"_bbp_forum_subforum_count":0,"footnotes":""},"class_list":["post-11775","page","type-page","status-publish","hentry"],"post_mailing_queue_ids":[],"_links":{"self":[{"href":"https:\/\/agora.xtec.cat\/escolaestevebarrachina\/wp-json\/wp\/v2\/pages\/11775","targetHints":{"allow":["GET"]}}],"collection":[{"href":"https:\/\/agora.xtec.cat\/escolaestevebarrachina\/wp-json\/wp\/v2\/pages"}],"about":[{"href":"https:\/\/agora.xtec.cat\/escolaestevebarrachina\/wp-json\/wp\/v2\/types\/page"}],"author":[{"embeddable":true,"href":"https:\/\/agora.xtec.cat\/escolaestevebarrachina\/wp-json\/wp\/v2\/users\/1"}],"replies":[{"embeddable":true,"href":"https:\/\/agora.xtec.cat\/escolaestevebarrachina\/wp-json\/wp\/v2\/comments?post=11775"}],"version-history":[{"count":7,"href":"https:\/\/agora.xtec.cat\/escolaestevebarrachina\/wp-json\/wp\/v2\/pages\/11775\/revisions"}],"predecessor-version":[{"id":12256,"href":"https:\/\/agora.xtec.cat\/escolaestevebarrachina\/wp-json\/wp\/v2\/pages\/11775\/revisions\/12256"}],"wp:attachment":[{"href":"https:\/\/agora.xtec.cat\/escolaestevebarrachina\/wp-json\/wp\/v2\/media?parent=11775"}],"curies":[{"name":"wp","href":"https:\/\/api.w.org\/{rel}","templated":true}]}}