{"id":7871,"date":"2022-10-03T12:38:38","date_gmt":"2022-10-03T10:38:38","guid":{"rendered":"https:\/\/agora.xtec.cat\/escolaespronceda\/?page_id=7871"},"modified":"2023-12-01T11:59:20","modified_gmt":"2023-12-01T10:59:20","slug":"estrategia-digital-de-centre","status":"publish","type":"page","link":"https:\/\/agora.xtec.cat\/escolaespronceda\/pagines-dinici\/lescola\/estrategia-digital-de-centre\/","title":{"rendered":"Estrat\u00e8gia Digital de Centre"},"content":{"rendered":"<p>L\u2019<strong>Estrat\u00e8gia Digital de Centre<\/strong> (EDC) \u00e9s un document que recull totes les accions que es realitzen en un centre, i les que es realitzaran a mitj\u00e0 termini, per aconseguir la m\u00e0xima compet\u00e8ncia digital de l\u2019alumnat, del professorat i del centre educatiu. Ha de tenir com a referent el Pla d\u2019educaci\u00f3 digital de Catalunya (PEDC), on s\u2019indica la necessitat d\u2019assolir la fita d\u2019una societat digitalment competent, fent \u00e8mfasi en l\u2019equitat i tenint en compte l\u2019evoluci\u00f3 del context social i tecnol\u00f2gic.<\/p>\n<p><a href=\"https:\/\/sites.google.com\/escolaespronceda.cat\/httpsagora-xtec-catescolaespro\/\"><img loading=\"lazy\" decoding=\"async\" class=\"size-large wp-image-9603 aligncenter\" src=\"https:\/\/agora.xtec.cat\/escolaespronceda\/wp-content\/uploads\/usu1464\/2023\/12\/Minimalist-Laptop-Mockup-Beauty-Facebook-Cover-1024x577.png\" alt=\"\" width=\"1024\" height=\"577\" srcset=\"https:\/\/agora.xtec.cat\/escolaespronceda\/wp-content\/uploads\/usu1464\/2023\/12\/Minimalist-Laptop-Mockup-Beauty-Facebook-Cover-1024x577.png 1024w, https:\/\/agora.xtec.cat\/escolaespronceda\/wp-content\/uploads\/usu1464\/2023\/12\/Minimalist-Laptop-Mockup-Beauty-Facebook-Cover-300x169.png 300w, https:\/\/agora.xtec.cat\/escolaespronceda\/wp-content\/uploads\/usu1464\/2023\/12\/Minimalist-Laptop-Mockup-Beauty-Facebook-Cover-768x433.png 768w, https:\/\/agora.xtec.cat\/escolaespronceda\/wp-content\/uploads\/usu1464\/2023\/12\/Minimalist-Laptop-Mockup-Beauty-Facebook-Cover-1536x865.png 1536w, https:\/\/agora.xtec.cat\/escolaespronceda\/wp-content\/uploads\/usu1464\/2023\/12\/Minimalist-Laptop-Mockup-Beauty-Facebook-Cover.png 1640w\" sizes=\"auto, (max-width: 1024px) 100vw, 1024px\" \/><\/a><\/p>\n<p>&nbsp;<\/p>\n<p>Si cliqueu a la seg\u00fcent imatge, podreu accedir al web de suport amb tota la informaci\u00f3 sobre l&#8217;EDC:<\/p>\n<p><a href=\"https:\/\/projectes.xtec.cat\/edc-suport\/\"><strong><img loading=\"lazy\" decoding=\"async\" class=\"size-large wp-image-8917 aligncenter\" src=\"https:\/\/agora.xtec.cat\/escolaespronceda\/wp-content\/uploads\/usu1464\/2023\/04\/2_Que-es-la-Cultura-digital-dun-centre_v3-1024x723.png\" alt=\"\" width=\"1024\" height=\"723\" srcset=\"https:\/\/agora.xtec.cat\/escolaespronceda\/wp-content\/uploads\/usu1464\/2023\/04\/2_Que-es-la-Cultura-digital-dun-centre_v3-1024x723.png 1024w, https:\/\/agora.xtec.cat\/escolaespronceda\/wp-content\/uploads\/usu1464\/2023\/04\/2_Que-es-la-Cultura-digital-dun-centre_v3-300x212.png 300w, https:\/\/agora.xtec.cat\/escolaespronceda\/wp-content\/uploads\/usu1464\/2023\/04\/2_Que-es-la-Cultura-digital-dun-centre_v3-768x542.png 768w, https:\/\/agora.xtec.cat\/escolaespronceda\/wp-content\/uploads\/usu1464\/2023\/04\/2_Que-es-la-Cultura-digital-dun-centre_v3.png 1293w\" sizes=\"auto, (max-width: 1024px) 100vw, 1024px\" \/><\/strong><\/a><\/p>\n","protected":false},"excerpt":{"rendered":"<p>L\u2019Estrat\u00e8gia Digital de Centre (EDC) \u00e9s un document que recull totes les accions que es realitzen en un centre, i les que es realitzaran a mitj\u00e0 termini, per aconseguir la m\u00e0xima compet\u00e8ncia digital de l\u2019alumnat, del professorat i del centre educatiu. Ha de tenir com&hellip;  <a href=\"https:\/\/agora.xtec.cat\/escolaespronceda\/pagines-dinici\/lescola\/estrategia-digital-de-centre\/\" title=\"Read Estrat\u00e8gia Digital de Centre\">Llegeix m\u00e9s\u00bb<\/a><\/p>\n","protected":false},"author":1,"featured_media":0,"parent":22,"menu_order":0,"comment_status":"closed","ping_status":"closed","template":"","meta":{"_bbp_topic_count":0,"_bbp_reply_count":0,"_bbp_total_topic_count":0,"_bbp_total_reply_count":0,"_bbp_voice_count":0,"_bbp_anonymous_reply_count":0,"_bbp_topic_count_hidden":0,"_bbp_reply_count_hidden":0,"_bbp_forum_subforum_count":0,"footnotes":""},"class_list":["post-7871","page","type-page","status-publish","hentry"],"post_mailing_queue_ids":[],"_links":{"self":[{"href":"https:\/\/agora.xtec.cat\/escolaespronceda\/wp-json\/wp\/v2\/pages\/7871","targetHints":{"allow":["GET"]}}],"collection":[{"href":"https:\/\/agora.xtec.cat\/escolaespronceda\/wp-json\/wp\/v2\/pages"}],"about":[{"href":"https:\/\/agora.xtec.cat\/escolaespronceda\/wp-json\/wp\/v2\/types\/page"}],"author":[{"embeddable":true,"href":"https:\/\/agora.xtec.cat\/escolaespronceda\/wp-json\/wp\/v2\/users\/1"}],"replies":[{"embeddable":true,"href":"https:\/\/agora.xtec.cat\/escolaespronceda\/wp-json\/wp\/v2\/comments?post=7871"}],"version-history":[{"count":6,"href":"https:\/\/agora.xtec.cat\/escolaespronceda\/wp-json\/wp\/v2\/pages\/7871\/revisions"}],"predecessor-version":[{"id":9605,"href":"https:\/\/agora.xtec.cat\/escolaespronceda\/wp-json\/wp\/v2\/pages\/7871\/revisions\/9605"}],"up":[{"embeddable":true,"href":"https:\/\/agora.xtec.cat\/escolaespronceda\/wp-json\/wp\/v2\/pages\/22"}],"wp:attachment":[{"href":"https:\/\/agora.xtec.cat\/escolaespronceda\/wp-json\/wp\/v2\/media?parent=7871"}],"curies":[{"name":"wp","href":"https:\/\/api.w.org\/{rel}","templated":true}]}}