{"id":28,"date":"2014-09-18T12:29:35","date_gmt":"2014-09-18T12:29:35","guid":{"rendered":"http:\/\/agora.xtec.cat\/escolaempordanet\/?page_id=28"},"modified":"2026-03-09T13:52:17","modified_gmt":"2026-03-09T12:52:17","slug":"consell-escolar","status":"publish","type":"page","link":"https:\/\/agora.xtec.cat\/escolaempordanet\/lescola\/consell-escolar\/","title":{"rendered":"Consell escolar"},"content":{"rendered":"<p style=\"text-align: center;\"><b>Equip Docent<\/b><\/p>\n<p style=\"text-align: center;\"><span style=\"font-weight: 400;\">Anabel Braz\u00e1lez (Directora)\u00a0<\/span><\/p>\n<p style=\"text-align: center;\"><span style=\"font-weight: 400;\">Fanny Pons (Cap d\u2019Estudis)<\/span><\/p>\n<p style=\"text-align: center;\"><span style=\"font-weight: 400;\">Laia Moreno (Secret\u00e0ria)<\/span><\/p>\n<p style=\"text-align: center;\">Emma Pons<\/p>\n<p style=\"text-align: center;\">Gemma Ganigu\u00e9<\/p>\n<p style=\"text-align: center;\">Olaya de Heras<\/p>\n<p style=\"text-align: center;\">Aret\u00ed Gkika<\/p>\n<p style=\"text-align: center;\"><b>PAS<\/b><\/p>\n<p style=\"text-align: center;\">Thanya Segura<\/p>\n<p style=\"text-align: center;\"><b>PAE<\/b><\/p>\n<p style=\"text-align: center;\">Ver\u00f2nica Bay\u00f3<\/p>\n<p style=\"text-align: center;\"><b>AFA\u00a0<\/b><\/p>\n<p style=\"text-align: center;\">Joan Frigola<\/p>\n<p style=\"text-align: center;\"><b>Representants de les fam\u00edlies<\/b><\/p>\n<p style=\"text-align: center;\">Roger Vidal<\/p>\n<p style=\"text-align: center;\">Anna Garcia<\/p>\n<p style=\"text-align: center;\">Anna Serrahima<\/p>\n<p style=\"text-align: center;\">Eva Rold\u00f3s<\/p>\n<p style=\"text-align: center;\"><b>Ajuntament<\/b><\/p>\n<p style=\"text-align: center;\"><span style=\"font-weight: 400;\">Dolors Molina<\/span><\/p>\n","protected":false},"excerpt":{"rendered":"<p>Equip Docent Anabel Braz\u00e1lez (Directora)\u00a0 Fanny Pons (Cap d\u2019Estudis) Laia Moreno (Secret\u00e0ria) Emma Pons Gemma Ganigu\u00e9 Olaya de Heras Aret\u00ed Gkika PAS Thanya Segura PAE Ver\u00f2nica Bay\u00f3 AFA\u00a0 Joan Frigola Representants de les fam\u00edlies Roger Vidal Anna Garcia Anna Serrahima Eva Rold\u00f3s Ajuntament Dolors Molina<\/p>\n","protected":false},"author":2,"featured_media":0,"parent":22,"menu_order":2,"comment_status":"closed","ping_status":"closed","template":"","meta":{"_bbp_topic_count":0,"_bbp_reply_count":0,"_bbp_total_topic_count":0,"_bbp_total_reply_count":0,"_bbp_voice_count":0,"_bbp_anonymous_reply_count":0,"_bbp_topic_count_hidden":0,"_bbp_reply_count_hidden":0,"_bbp_forum_subforum_count":0,"site-sidebar-layout":"default","site-content-layout":"","ast-site-content-layout":"default","site-content-style":"default","site-sidebar-style":"default","ast-global-header-display":"","ast-banner-title-visibility":"","ast-main-header-display":"","ast-hfb-above-header-display":"","ast-hfb-below-header-display":"","ast-hfb-mobile-header-display":"","site-post-title":"","ast-breadcrumbs-content":"","ast-featured-img":"","footer-sml-layout":"","theme-transparent-header-meta":"default","adv-header-id-meta":"","stick-header-meta":"","header-above-stick-meta":"","header-main-stick-meta":"","header-below-stick-meta":"","astra-migrate-meta-layouts":"set","ast-page-background-enabled":"default","ast-page-background-meta":{"desktop":{"background-color":"var(--ast-global-color-4)","background-image":"","background-repeat":"repeat","background-position":"center center","background-size":"auto","background-attachment":"scroll","background-type":"","background-media":"","overlay-type":"","overlay-color":"","overlay-opacity":"","overlay-gradient":""},"tablet":{"background-color":"","background-image":"","background-repeat":"repeat","background-position":"center center","background-size":"auto","background-attachment":"scroll","background-type":"","background-media":"","overlay-type":"","overlay-color":"","overlay-opacity":"","overlay-gradient":""},"mobile":{"background-color":"","background-image":"","background-repeat":"repeat","background-position":"center center","background-size":"auto","background-attachment":"scroll","background-type":"","background-media":"","overlay-type":"","overlay-color":"","overlay-opacity":"","overlay-gradient":""}},"ast-content-background-meta":{"desktop":{"background-color":"var(--ast-global-color-5)","background-image":"","background-repeat":"repeat","background-position":"center center","background-size":"auto","background-attachment":"scroll","background-type":"","background-media":"","overlay-type":"","overlay-color":"","overlay-opacity":"","overlay-gradient":""},"tablet":{"background-color":"var(--ast-global-color-5)","background-image":"","background-repeat":"repeat","background-position":"center center","background-size":"auto","background-attachment":"scroll","background-type":"","background-media":"","overlay-type":"","overlay-color":"","overlay-opacity":"","overlay-gradient":""},"mobile":{"background-color":"var(--ast-global-color-5)","background-image":"","background-repeat":"repeat","background-position":"center center","background-size":"auto","background-attachment":"scroll","background-type":"","background-media":"","overlay-type":"","overlay-color":"","overlay-opacity":"","overlay-gradient":""}},"footnotes":""},"class_list":["post-28","page","type-page","status-publish","hentry"],"post_mailing_queue_ids":[],"_links":{"self":[{"href":"https:\/\/agora.xtec.cat\/escolaempordanet\/wp-json\/wp\/v2\/pages\/28","targetHints":{"allow":["GET"]}}],"collection":[{"href":"https:\/\/agora.xtec.cat\/escolaempordanet\/wp-json\/wp\/v2\/pages"}],"about":[{"href":"https:\/\/agora.xtec.cat\/escolaempordanet\/wp-json\/wp\/v2\/types\/page"}],"author":[{"embeddable":true,"href":"https:\/\/agora.xtec.cat\/escolaempordanet\/wp-json\/wp\/v2\/users\/2"}],"replies":[{"embeddable":true,"href":"https:\/\/agora.xtec.cat\/escolaempordanet\/wp-json\/wp\/v2\/comments?post=28"}],"version-history":[{"count":5,"href":"https:\/\/agora.xtec.cat\/escolaempordanet\/wp-json\/wp\/v2\/pages\/28\/revisions"}],"predecessor-version":[{"id":3068,"href":"https:\/\/agora.xtec.cat\/escolaempordanet\/wp-json\/wp\/v2\/pages\/28\/revisions\/3068"}],"up":[{"embeddable":true,"href":"https:\/\/agora.xtec.cat\/escolaempordanet\/wp-json\/wp\/v2\/pages\/22"}],"wp:attachment":[{"href":"https:\/\/agora.xtec.cat\/escolaempordanet\/wp-json\/wp\/v2\/media?parent=28"}],"curies":[{"name":"wp","href":"https:\/\/api.w.org\/{rel}","templated":true}]}}