{"id":32,"date":"2014-09-18T12:31:33","date_gmt":"2014-09-18T12:31:33","guid":{"rendered":"http:\/\/agora.xtec.cat\/escolaelviver\/?page_id=32"},"modified":"2019-02-23T09:34:59","modified_gmt":"2019-02-23T08:34:59","slug":"calendari-del-curs","status":"publish","type":"page","link":"https:\/\/agora.xtec.cat\/escolaelviver\/lescola\/calendari-del-curs\/","title":{"rendered":"Qui som?"},"content":{"rendered":"<table style=\"border-color: #1448e3;\" border=\"0\" cellspacing=\"0\">\n<tbody>\n<tr>\n<td style=\"width: 247.517px; text-align: left;\"><b>Directora \u00a0<\/b><\/td>\n<td style=\"width: 149.5px; text-align: left;\">Conxita Roca<\/td>\n<\/tr>\n<tr>\n<td style=\"width: 247.517px; text-align: left;\"><b>Cap d&#8217;estudis \u00a0<\/b><\/td>\n<td style=\"width: 149.5px; text-align: left;\">Al\u00edcia Cuello<\/td>\n<\/tr>\n<tr>\n<td style=\"width: 247.517px; text-align: left;\"><b>Secret\u00e0ria \u00a0<\/b><\/td>\n<td style=\"width: 149.5px; text-align: left;\">\u00c1ngels \u00c1lvarez<\/td>\n<\/tr>\n<tr>\n<td style=\"width: 247.517px; text-align: left;\"><b>Coordinadora d&#8217;Educaci\u00f3 Infantil<br \/>\n<\/b><\/td>\n<td style=\"width: 149.5px; text-align: left;\">Sonsoles Hern\u00e1ndez<\/td>\n<\/tr>\n<tr>\n<td style=\"width: 247.517px; text-align: left;\"><b>Coordinadora de Cicle Inicial<\/b><\/td>\n<td style=\"width: 149.5px; text-align: left;\">Cristina Rodr\u00edguez<\/td>\n<\/tr>\n<tr>\n<td style=\"width: 247.517px; text-align: left;\"><b>Coordinadora de Cicle Mitj\u00e0<\/b><\/td>\n<td style=\"width: 149.5px; text-align: left;\">In\u00e9s Pantoja<\/td>\n<\/tr>\n<tr>\n<td style=\"width: 247.517px; text-align: left;\"><b>Coordinadora de Cicle Superior<\/b><\/td>\n<td style=\"width: 149.5px; text-align: left;\">Merc\u00e8 Rueda<\/td>\n<\/tr>\n<\/tbody>\n<\/table>\n<div dir=\"ltr\">\n<table class=\" aligncenter\" style=\"width: 1361px; height: 219px;\" border=\"0\" cellspacing=\"0\">\n<tbody>\n<tr>\n<td style=\"width: 49px;\"><b>\u00a0P3A<\/b><\/td>\n<td style=\"width: 174px;\">Anna Vives i Montse M.<\/td>\n<td style=\"width: 48px;\"><b>\u00a0P3B<\/b><\/td>\n<td style=\"width: 161px;\">S\u00edvia Climent<\/td>\n<td style=\"width: 334px;\">\u00a0Sonsoles Hern\u00e1ndez<b> (Suport)<\/b><\/td>\n<\/tr>\n<tr>\n<td style=\"width: 49px;\"><b>\u00a0P4A<\/b><\/td>\n<td style=\"width: 174px;\">Paula Sanchis<\/td>\n<td style=\"width: 48px;\"><b>\u00a0P4B\u00a0<\/b><\/td>\n<td style=\"width: 161px;\">L\u00eddia Pino<\/td>\n<td style=\"width: 334px;\">\u00a0Al\u00edcia Cuello <b>(Suport)<\/b><\/td>\n<\/tr>\n<tr>\n<td style=\"width: 49px;\"><b>\u00a0P5A<\/b><\/td>\n<td style=\"width: 174px;\">Raquel Garc\u00eda<\/td>\n<td style=\"width: 48px;\"><b>\u00a0P5B<\/b><\/td>\n<td style=\"width: 161px;\">Isabel Mart\u00edn<\/td>\n<td style=\"width: 334px;\">\u00a0M\u00aaAngels Rosa <b>(Educaci\u00f3 Especial)<\/b><\/td>\n<\/tr>\n<tr>\n<td style=\"width: 49px;\"><\/td>\n<td style=\"width: 174px;\"><\/td>\n<td style=\"width: 48px;\"><\/td>\n<td style=\"width: 161px;\"><\/td>\n<td style=\"width: 334px;\">\u00a0Am\u00e0lia Gonz\u00e0lez <strong>(T\u00e8cnica d&#8217;Educaci\u00f3 Infantil)<\/strong><\/td>\n<\/tr>\n<tr>\n<td style=\"width: 49px;\"><\/td>\n<td style=\"width: 174px;\"><\/td>\n<td style=\"width: 48px;\"><\/td>\n<td style=\"width: 161px;\"><\/td>\n<td style=\"width: 334px;\">\u00a0Javi Carmona <strong>(Suport)<\/strong><\/td>\n<\/tr>\n<tr>\n<td style=\"width: 49px;\"><\/td>\n<td style=\"width: 174px;\"><\/td>\n<td style=\"width: 48px;\"><\/td>\n<td style=\"width: 161px;\"><\/td>\n<td style=\"width: 334px;\">\u00a0Marta Torres <strong>(Suport)<\/strong><\/td>\n<\/tr>\n<\/tbody>\n<\/table>\n<div>\n<table style=\"width: 777px;\" border=\"0\" cellspacing=\"0\">\n<tbody>\n<tr style=\"height: 33px;\">\n<td style=\"width: 58px; text-align: center; height: 33px;\"><b>1A<br \/>\n<\/b><\/td>\n<td style=\"width: 171px; height: 33px;\">Sandra Mu\u00f1oz<\/td>\n<td style=\"width: 51px; text-align: center; height: 33px;\"><b>1B<br \/>\n<\/b><\/td>\n<td style=\"width: 162px; text-align: left; height: 33px;\">Daniel Costa<\/td>\n<td style=\"width: 331px; height: 33px;\">\u00a0Rosa Garc\u00eda (<b>E. Especial i suport <\/b>)<b><br \/>\n<\/b><\/td>\n<\/tr>\n<tr style=\"height: 33px;\">\n<td style=\"width: 58px; text-align: center; height: 33px;\"><b>2A<\/b><\/td>\n<td style=\"width: 171px; height: 33px;\">Cristina Rodr\u00edguez<\/td>\n<td style=\"width: 51px; text-align: center; height: 33px;\"><b>2B\u00a0<\/b><\/td>\n<td style=\"width: 162px; text-align: left; height: 33px;\">Alba Reina<\/td>\n<td style=\"width: 331px; height: 33px;\">\u00a0M\u00aa Jos\u00e9 Esco\u00ed <b>(E. Especial i suport)<\/b><b> <\/b><\/td>\n<\/tr>\n<tr style=\"height: 33px;\">\n<td style=\"width: 58px; text-align: center; height: 33px;\"><b>\u00a03A<\/b><\/td>\n<td style=\"width: 171px; height: 33px;\">Mireia Sanz<\/td>\n<td style=\"width: 51px; text-align: center; height: 33px;\"><b>3B<\/b><\/td>\n<td style=\"width: 162px; text-align: left; height: 33px;\">Cristina Morant<\/td>\n<td style=\"width: 331px; height: 33px;\">\u00a0Quima Medina <b>(suport)<\/b><\/td>\n<\/tr>\n<tr style=\"height: 33px;\">\n<td style=\"width: 58px; text-align: center; height: 33px;\"><b>\u00a04A<\/b><\/td>\n<td style=\"width: 171px; height: 33px;\">In\u00e9s Pantoja<\/td>\n<td style=\"width: 51px; text-align: center; height: 33px;\"><b>4B<\/b><\/td>\n<td style=\"width: 162px; text-align: left; height: 33px;\">M\u00edriam Rodr\u00edguez<\/td>\n<td style=\"width: 331px; height: 33px;\">\u00a0Montse Casals\u00a0<b>(E. Especial i suport)<\/b><\/td>\n<\/tr>\n<tr style=\"height: 33px;\">\n<td style=\"width: 58px; text-align: center; height: 33px;\"><b>\u00a05A<\/b><\/td>\n<td style=\"width: 171px; height: 33px;\">Montserrat Valle<\/td>\n<td style=\"width: 51px; text-align: center; height: 33px;\"><b>\u00a05B<\/b><\/td>\n<td style=\"width: 162px; text-align: left; height: 33px;\">Gemma Camprub\u00ed<\/td>\n<td style=\"width: 331px; height: 33px;\">\u00a0Ra\u00fal Salmer\u00f3n <b>(suport)<\/b><\/td>\n<\/tr>\n<tr style=\"height: 33px;\">\n<td style=\"width: 58px; text-align: center; height: 33px;\"><b>\u00a06A<\/b><\/td>\n<td style=\"width: 171px; height: 33px;\">Merc\u00e8 Rueda<\/td>\n<td style=\"width: 51px; text-align: center; height: 33px;\"><b>\u00a06B<\/b><\/td>\n<td style=\"width: 162px; text-align: left; height: 33px;\">M\u00aaAngels Bardaj\u00ed<\/td>\n<td style=\"width: 331px; height: 33px;\">\u00a0M\u00aaAngels \u00c1lvarez <b>(suport)<\/b><\/td>\n<\/tr>\n<tr style=\"height: 33px;\">\n<td style=\"width: 58px; height: 33px;\"><\/td>\n<td style=\"width: 171px; height: 33px;\"><\/td>\n<td style=\"width: 51px; text-align: center; height: 33px;\"><\/td>\n<td style=\"width: 162px; height: 33px;\"><\/td>\n<td style=\"width: 331px; height: 33px;\">\u00a0Inma Corella\u00a0<b>(especialista d&#8217;angl\u00e8s)<\/b><\/td>\n<\/tr>\n<tr style=\"height: 33px;\">\n<td style=\"width: 58px; height: 33px;\"><\/td>\n<td style=\"width: 171px; height: 33px;\"><\/td>\n<td style=\"width: 51px; height: 33px;\"><\/td>\n<td style=\"width: 162px; height: 33px;\"><\/td>\n<td style=\"width: 331px; height: 33px;\">\u00a0Elisabet Giralt\u00a0<b>(especialista d&#8217;angl\u00e8s)<\/b><b>\u00a0\u00a0 <\/b><\/td>\n<\/tr>\n<tr style=\"height: 33px;\">\n<td style=\"width: 58px; height: 33px;\"><\/td>\n<td style=\"width: 171px; height: 33px;\"><\/td>\n<td style=\"width: 51px; height: 33px;\"><\/td>\n<td style=\"width: 162px; height: 33px;\"><\/td>\n<td style=\"width: 331px; height: 33px;\">\u00a0Lidia Font <b>(especialista d&#8217;E. Especial)<\/b><\/td>\n<\/tr>\n<tr style=\"height: 33px;\">\n<td style=\"width: 58px; height: 33px;\"><\/td>\n<td style=\"width: 171px; height: 33px;\"><\/td>\n<td style=\"width: 51px; height: 33px;\"><\/td>\n<td style=\"width: 162px; height: 33px;\"><\/td>\n<td style=\"width: 331px; height: 33px;\">\u00a0Pau Picard\u00a0<b>(especialista d&#8217;E. F\u00edsica)<\/b><\/td>\n<\/tr>\n<tr style=\"height: 33px;\">\n<td style=\"width: 58px; height: 33px;\"><\/td>\n<td style=\"width: 171px; height: 33px;\"><\/td>\n<td style=\"width: 51px; height: 33px;\"><\/td>\n<td style=\"width: 162px; height: 33px;\"><\/td>\n<td style=\"width: 331px; height: 33px;\">\u00a0S\u00f2nia Gallardo\u00a0<b>(especialista d&#8217;E. F\u00edsica<br \/>\n<\/b><\/td>\n<\/tr>\n<tr style=\"height: 33px;\">\n<td style=\"width: 58px; height: 33px;\"><\/td>\n<td style=\"width: 171px; height: 33px;\"><\/td>\n<td style=\"width: 51px; height: 33px;\"><\/td>\n<td style=\"width: 162px; height: 33px;\"><\/td>\n<td style=\"width: 331px; height: 33px;\">\u00a0Conxita Roca <b>(suport)<\/b><\/td>\n<\/tr>\n<\/tbody>\n<\/table>\n<\/div>\n<\/div>\n<div dir=\"ltr\"><\/div>\n<div dir=\"ltr\">\n<table border=\"0\" cellspacing=\"0\">\n<tbody>\n<tr>\n<td><b>Administrativa<\/b><\/td>\n<td>Imma G\u00e1zquez<\/td>\n<\/tr>\n<tr>\n<td><b>Conserge<\/b><\/td>\n<td>Cristina Fern\u00e1ndez<\/td>\n<\/tr>\n<\/tbody>\n<\/table>\n<\/div>\n","protected":false},"excerpt":{"rendered":"<p>Directora \u00a0<br \/>\nConxita Roca<\/p>\n<p>Cap d&#8217;estudis \u00a0<br \/>\nAl\u00edcia Cuello<\/p>\n<p>Secret\u00e0ria \u00a0<br \/>\n\u00c1ngels \u00c1lvarez<\/p>\n<p>Coordinadora d&#8217;Educaci\u00f3 Infantil<\/p>\n<p>Sonsoles Hern\u00e1ndez<\/p>\n<p>Coordinadora de Cicle Inicial<br \/>\nCristina Rodr\u00edguez<\/p>\n<p>Coordinadora de Cicle Mitj\u00e0<br \/>\nIn\u00e9s Pantoja<\/p>\n<p>Coordinadora de Cicle Superior<br \/>\nMerc\u00e8 Rueda<\/p>\n<p>\u00a0P3A<br \/>\nAnna Vives i Montse M.<br \/>\n\u00a0P3B<br \/>\nS\u00edvia Climent<br \/>\n\u00a0Sonsoles Hern\u00e1ndez (Suport)<\/p>\n<p>\u00a0P4A<br \/>\nPaula Sanchis<br \/>\n\u00a0P4B\u00a0<br \/>\nL\u00eddia Pino<br \/>\n\u00a0Al\u00edcia Cuello (Suport)<\/p>\n<p>\u00a0P5A<br \/>\nRaquel Garc\u00eda<br \/>\n\u00a0P5B<br \/>\nIsabel Mart\u00edn<br \/>\n\u00a0M\u00aaAngels Rosa (Educaci\u00f3 Especial)<\/p>\n<p>\u00a0Am\u00e0lia Gonz\u00e0lez (T\u00e8cnica d&#8217;Educaci\u00f3 Infantil)<\/p>\n<p>\u00a0Javi Carmona (Suport)<\/p>\n<p>\u00a0Marta&hellip;  <a href=\"https:\/\/agora.xtec.cat\/escolaelviver\/lescola\/calendari-del-curs\/\" title=\"Read Qui som?\">Llegeix m\u00e9s\u00bb<\/a><\/p>\n","protected":false},"author":2,"featured_media":0,"parent":22,"menu_order":3,"comment_status":"closed","ping_status":"closed","template":"page-templates\/side-menu.php","meta":{"_bbp_topic_count":0,"_bbp_reply_count":0,"_bbp_total_topic_count":0,"_bbp_total_reply_count":0,"_bbp_voice_count":0,"_bbp_anonymous_reply_count":0,"_bbp_topic_count_hidden":0,"_bbp_reply_count_hidden":0,"_bbp_forum_subforum_count":0,"footnotes":""},"class_list":["post-32","page","type-page","status-publish","hentry"],"post_mailing_queue_ids":[],"_links":{"self":[{"href":"https:\/\/agora.xtec.cat\/escolaelviver\/wp-json\/wp\/v2\/pages\/32","targetHints":{"allow":["GET"]}}],"collection":[{"href":"https:\/\/agora.xtec.cat\/escolaelviver\/wp-json\/wp\/v2\/pages"}],"about":[{"href":"https:\/\/agora.xtec.cat\/escolaelviver\/wp-json\/wp\/v2\/types\/page"}],"author":[{"embeddable":true,"href":"https:\/\/agora.xtec.cat\/escolaelviver\/wp-json\/wp\/v2\/users\/2"}],"replies":[{"embeddable":true,"href":"https:\/\/agora.xtec.cat\/escolaelviver\/wp-json\/wp\/v2\/comments?post=32"}],"version-history":[{"count":5,"href":"https:\/\/agora.xtec.cat\/escolaelviver\/wp-json\/wp\/v2\/pages\/32\/revisions"}],"predecessor-version":[{"id":3492,"href":"https:\/\/agora.xtec.cat\/escolaelviver\/wp-json\/wp\/v2\/pages\/32\/revisions\/3492"}],"up":[{"embeddable":true,"href":"https:\/\/agora.xtec.cat\/escolaelviver\/wp-json\/wp\/v2\/pages\/22"}],"wp:attachment":[{"href":"https:\/\/agora.xtec.cat\/escolaelviver\/wp-json\/wp\/v2\/media?parent=32"}],"curies":[{"name":"wp","href":"https:\/\/api.w.org\/{rel}","templated":true}]}}