{"id":727,"date":"2020-10-14T13:47:13","date_gmt":"2020-10-14T11:47:13","guid":{"rendered":"https:\/\/agora.xtec.cat\/escolaeldofi\/?page_id=727"},"modified":"2026-08-25T13:23:47","modified_gmt":"2026-08-25T11:23:47","slug":"menjador-escolar","status":"publish","type":"page","link":"https:\/\/agora.xtec.cat\/escolaeldofi\/serveis-escola\/menjador-escolar\/","title":{"rendered":"Menjador escolar"},"content":{"rendered":"<p><img loading=\"lazy\" decoding=\"async\" class=\"aligncenter\" src=\"https:\/\/fundesplai.org\/test-joomla\/wp-content\/uploads\/sites\/26\/2014\/04\/Fundesplai.jpg\" alt=\"La Fundaci\u00f3n estrena nombre y dominio - Fundesplai\" width=\"456\" height=\"121\" \/><\/p>\n<p style=\"text-align: justify;\">El menjador escolar<a href=\"https:\/\/www.cateringclick.com\/barcelona\/can-quim-catering-scp-p01255.html\"><img loading=\"lazy\" decoding=\"async\" class=\"alignright\" src=\"https:\/\/premiadedalt.com\/wp-content\/uploads\/logo-can-quim.png\" alt=\"Can Quim Catering S.C.P - DIRECTORI D'EMPRESES DE PREMI\u00c0 DE DALT\" width=\"292\" height=\"173\" \/><\/a> <span style=\"font-family: inherit; font-size: 1em;\">ofereix <\/span><span style=\"font-family: inherit; font-size: 1em;\">un servei regular o espor\u00e0dic en funci\u00f3 de les necessitats familiars. El monitoratge facilita que aquest temps pugui ser l\u00fadic o de descans <\/span><span style=\"font-family: inherit; font-size: 1em;\">pels m\u00e9s petits (<a href=\"https:\/\/agora.xtec.cat\/escolaeldofi\/wp-content\/uploads\/usu2141\/2026\/08\/DOFI-CARTA-Benvinguda-families-ESPAI-MIGDIA-CURS-26-27-Copia.pdf\">CARTA Benvinguda fam\u00edlies ESPAI MIGDIA CURS 26 27<\/a>)<\/span><\/p>\n<p style=\"text-align: left;\"><span style=\"font-family: inherit; font-size: 1em;\">El menjador est\u00e0 gestionat directament per l\u2019AFA de l\u2019escola amb total coordinaci\u00f3 amb la direcci\u00f3 del centre. L\u2019empresa contractada per fer aquest servei \u00e9s <a href=\"https:\/\/www.cateringclick.com\/barcelona\/can-quim-catering-scp-p01255.html\">Can Quim C\u00e0tering<\/a> (encarregada de la part d\u2019alimentaci\u00f3) i <a href=\"https:\/\/viudinamic.wordpress.com\/informat\/menjadors-1415\/\">Din\u00e0mic-Fundesplai<\/a> (encarregada del monitoratge).<\/span><\/p>\n<p style=\"text-align: left;\">Per poder accedir a la utilitzaci\u00f3 del servei cal fer la inscripci\u00f3 a trav\u00e9s de la plataforma de <a href=\"https:\/\/activitats.fundesplai.org\/public\/landing\/app\">l&#8217;app de Fundesplai<\/a>.\u00a0 Aquesta inscripci\u00f3 l\u2019han de fer totes les fam\u00edlies que vulguem utilitzar aquest servei.<\/p>\n<p style=\"text-align: center;\"><span style=\"font-size: 36pt;\"><strong><span style=\"font-family: arial, helvetica, sans-serif;\">MEN\u00da<\/span><\/strong><\/span><\/p>\n<p style=\"text-align: center;\"><a href=\"https:\/\/drive.google.com\/file\/d\/14S8KtrWFc__nGjLUwQRiIaOwVcv_feXs\/view?usp=sharing\">Men\u00fa de setembre 2025<\/a><\/p>\n<p style=\"text-align: center;\"><a href=\"https:\/\/drive.google.com\/file\/d\/1ETewtI-c6whqMkoxQz644TWT_FxZU1dt\/view?usp=sharing\">Men\u00fa d&#8217;octubre 2025<\/a><\/p>\n<p style=\"text-align: center;\"><a href=\"https:\/\/drive.google.com\/file\/d\/11aOZXRmvGQ_s6kfo9-uzvAVZQLHPERRm\/view?usp=sharing\">Men\u00fa de novembre 2025<\/a><\/p>\n<p style=\"text-align: center;\">Men\u00fa de desembre 2025<\/p>\n<p style=\"text-align: center;\"><a href=\"https:\/\/drive.google.com\/file\/d\/1z13d7CLAa1-XzRBfclRTsL8jpJ8K0oTW\/view?usp=sharing\">Men\u00fa de gener 2026<\/a><\/p>\n<p style=\"text-align: center;\"><a href=\"https:\/\/drive.google.com\/file\/d\/1pXBXYxLxRGGUrhZXAhuILoYaTzNNnjOq\/view?usp=sharing\">Men\u00fa de febrer 2026<\/a><\/p>\n<p style=\"text-align: center;\"><a href=\"https:\/\/drive.google.com\/file\/d\/1oB9SRGh9skDiTdJUZ3ysYjBlxoPJpw8Q\/view?usp=drive_link\">Men\u00fa de mar\u00e7 2026<\/a><\/p>\n<p style=\"text-align: center;\"><a href=\"https:\/\/drive.google.com\/file\/d\/1kDTQwp4_4MexKTTE3XhL51LAMVlapcLj\/view?usp=sharing\">Men\u00fa d&#8217;abril 2026<\/a><\/p>\n<p style=\"text-align: center;\"><a href=\"https:\/\/drive.google.com\/file\/d\/1z_LVNONqW7cZKIhZkd8N0gE1n5mI3Hwq\/view?usp=sharing\">Men\u00fa de maig 2026<\/a><\/p>\n<p style=\"text-align: center;\"><a href=\"https:\/\/drive.google.com\/file\/d\/1eXQyM4OKyL2i_Ktf4AcumtpkbMr9Fxul\/view?usp=sharing\">Men\u00fa de juny 2026<\/a><\/p>\n","protected":false},"excerpt":{"rendered":"<p>El menjador escolar<a href=\"https:\/\/www.cateringclick.com\/barcelona\/can-quim-catering-scp-p01255.html\"><\/a> ofereix un servei regular o espor\u00e0dic en funci\u00f3 de les necessitats familiars. El monitoratge facilita que aquest temps pugui ser l\u00fadic o de descans pels m\u00e9s petits (<a href=\"https:\/\/agora.xtec.cat\/escolaeldofi\/wp-content\/uploads\/usu2141\/2026\/08\/DOFI-CARTA-Benvinguda-families-ESPAI-MIGDIA-CURS-26-27-Copia.pdf\">CARTA Benvinguda fam\u00edlies ESPAI MIGDIA CURS 26 27<\/a>)<br \/>\nEl menjador est\u00e0 gestionat directament per&hellip;  <a href=\"https:\/\/agora.xtec.cat\/escolaeldofi\/serveis-escola\/menjador-escolar\/\" title=\"Read Menjador escolar\">Llegeix m\u00e9s\u00bb<\/a><\/p>\n","protected":false},"author":5,"featured_media":0,"parent":725,"menu_order":10,"comment_status":"closed","ping_status":"closed","template":"","meta":{"_bbp_topic_count":0,"_bbp_reply_count":0,"_bbp_total_topic_count":0,"_bbp_total_reply_count":0,"_bbp_voice_count":0,"_bbp_anonymous_reply_count":0,"_bbp_topic_count_hidden":0,"_bbp_reply_count_hidden":0,"_bbp_forum_subforum_count":0,"footnotes":""},"class_list":["post-727","page","type-page","status-publish","hentry"],"post_mailing_queue_ids":[],"_links":{"self":[{"href":"https:\/\/agora.xtec.cat\/escolaeldofi\/wp-json\/wp\/v2\/pages\/727","targetHints":{"allow":["GET"]}}],"collection":[{"href":"https:\/\/agora.xtec.cat\/escolaeldofi\/wp-json\/wp\/v2\/pages"}],"about":[{"href":"https:\/\/agora.xtec.cat\/escolaeldofi\/wp-json\/wp\/v2\/types\/page"}],"author":[{"embeddable":true,"href":"https:\/\/agora.xtec.cat\/escolaeldofi\/wp-json\/wp\/v2\/users\/5"}],"replies":[{"embeddable":true,"href":"https:\/\/agora.xtec.cat\/escolaeldofi\/wp-json\/wp\/v2\/comments?post=727"}],"version-history":[{"count":9,"href":"https:\/\/agora.xtec.cat\/escolaeldofi\/wp-json\/wp\/v2\/pages\/727\/revisions"}],"predecessor-version":[{"id":9348,"href":"https:\/\/agora.xtec.cat\/escolaeldofi\/wp-json\/wp\/v2\/pages\/727\/revisions\/9348"}],"up":[{"embeddable":true,"href":"https:\/\/agora.xtec.cat\/escolaeldofi\/wp-json\/wp\/v2\/pages\/725"}],"wp:attachment":[{"href":"https:\/\/agora.xtec.cat\/escolaeldofi\/wp-json\/wp\/v2\/media?parent=727"}],"curies":[{"name":"wp","href":"https:\/\/api.w.org\/{rel}","templated":true}]}}