{"id":8978,"date":"2021-04-30T16:18:18","date_gmt":"2021-04-30T14:18:18","guid":{"rendered":"http:\/\/agora.xtec.cat\/escolademusicsijpc\/?page_id=8978"},"modified":"2025-03-21T15:23:57","modified_gmt":"2025-03-21T14:23:57","slug":"casals-musicals","status":"publish","type":"page","link":"https:\/\/agora.xtec.cat\/escolademusicsijpc\/instruments\/casals-musicals\/","title":{"rendered":"Col\u00f2nies 2025"},"content":{"rendered":"<p><a href=\"https:\/\/agora.xtec.cat\/escolademusicsijpc\/wp-content\/uploads\/usu459\/2025\/03\/472460724_18359077090193594_6094024968895992366_n.jpg\"><img loading=\"lazy\" decoding=\"async\" class=\"aligncenter size-large wp-image-10173\" src=\"https:\/\/agora.xtec.cat\/escolademusicsijpc\/wp-content\/uploads\/usu459\/2025\/03\/472460724_18359077090193594_6094024968895992366_n-1024x1024.jpg\" alt=\"\" width=\"1024\" height=\"1024\" srcset=\"https:\/\/agora.xtec.cat\/escolademusicsijpc\/wp-content\/uploads\/usu459\/2025\/03\/472460724_18359077090193594_6094024968895992366_n-1024x1024.jpg 1024w, https:\/\/agora.xtec.cat\/escolademusicsijpc\/wp-content\/uploads\/usu459\/2025\/03\/472460724_18359077090193594_6094024968895992366_n-300x300.jpg 300w, https:\/\/agora.xtec.cat\/escolademusicsijpc\/wp-content\/uploads\/usu459\/2025\/03\/472460724_18359077090193594_6094024968895992366_n-150x150.jpg 150w, https:\/\/agora.xtec.cat\/escolademusicsijpc\/wp-content\/uploads\/usu459\/2025\/03\/472460724_18359077090193594_6094024968895992366_n-768x768.jpg 768w, https:\/\/agora.xtec.cat\/escolademusicsijpc\/wp-content\/uploads\/usu459\/2025\/03\/472460724_18359077090193594_6094024968895992366_n.jpg 1440w\" sizes=\"auto, (max-width: 1024px) 100vw, 1024px\" \/><\/a><\/p>\n<p>Col\u00f2nies 2025 Olimp\u00edades Musicals!<\/p>\n<p>Apunta\u2019t abans del\u00a0<strong>14 de febrer!<\/strong><\/p>\n<p>No et quedis sense pla\u00e7a.<\/p>\n<p>Link d\u2019inscripci\u00f3 a la Bio.<br \/>\n<a href=\"https:\/\/www.facebook.com\/hashtag\/lescoladem%C3%BAsics?__eep__=6&amp;__cft__[0]=AZWME3pWYCWWLoUGRPsP5yGH7Ja4N37aSJM4isyWJ6uzeV9YsZNtQ3xGqBnbf9b_Le98qbuLJqI7pqIRySEX4JTyj13M3zfPDn4vlTyDbZDlkoknsdV9aU8LPls4cRX5ZBk804X6y5KwQuVDzr1kKmpqZWs4mGeE2qTq-gbQSdVYADo_3kePYYgoOWhiGSSfuyk&amp;__tn__=*NK*F\">#lescoladem\u00fasics<\/a>\u00a0<a href=\"https:\/\/www.facebook.com\/hashtag\/raval?__eep__=6&amp;__cft__[0]=AZWME3pWYCWWLoUGRPsP5yGH7Ja4N37aSJM4isyWJ6uzeV9YsZNtQ3xGqBnbf9b_Le98qbuLJqI7pqIRySEX4JTyj13M3zfPDn4vlTyDbZDlkoknsdV9aU8LPls4cRX5ZBk804X6y5KwQuVDzr1kKmpqZWs4mGeE2qTq-gbQSdVYADo_3kePYYgoOWhiGSSfuyk&amp;__tn__=*NK*F\">#Raval<\/a>\u00a0<a href=\"https:\/\/www.facebook.com\/hashtag\/barcelona?__eep__=6&amp;__cft__[0]=AZWME3pWYCWWLoUGRPsP5yGH7Ja4N37aSJM4isyWJ6uzeV9YsZNtQ3xGqBnbf9b_Le98qbuLJqI7pqIRySEX4JTyj13M3zfPDn4vlTyDbZDlkoknsdV9aU8LPls4cRX5ZBk804X6y5KwQuVDzr1kKmpqZWs4mGeE2qTq-gbQSdVYADo_3kePYYgoOWhiGSSfuyk&amp;__tn__=*NK*F\">#Barcelona<\/a>\u00a0<a href=\"https:\/\/www.facebook.com\/hashtag\/art?__eep__=6&amp;__cft__[0]=AZWME3pWYCWWLoUGRPsP5yGH7Ja4N37aSJM4isyWJ6uzeV9YsZNtQ3xGqBnbf9b_Le98qbuLJqI7pqIRySEX4JTyj13M3zfPDn4vlTyDbZDlkoknsdV9aU8LPls4cRX5ZBk804X6y5KwQuVDzr1kKmpqZWs4mGeE2qTq-gbQSdVYADo_3kePYYgoOWhiGSSfuyk&amp;__tn__=*NK*F\">#art<\/a>\u00a0<a href=\"https:\/\/www.facebook.com\/hashtag\/cultura?__eep__=6&amp;__cft__[0]=AZWME3pWYCWWLoUGRPsP5yGH7Ja4N37aSJM4isyWJ6uzeV9YsZNtQ3xGqBnbf9b_Le98qbuLJqI7pqIRySEX4JTyj13M3zfPDn4vlTyDbZDlkoknsdV9aU8LPls4cRX5ZBk804X6y5KwQuVDzr1kKmpqZWs4mGeE2qTq-gbQSdVYADo_3kePYYgoOWhiGSSfuyk&amp;__tn__=*NK*F\">#cultura<\/a><\/p>\n<p>\ud83d\ude00 \u27a1<\/p>\n<h2 style=\"text-align: center;\">*****************<\/h2>\n<h1>Casals Musicals 2024<\/h1>\n<p>Ja s\u2019apropa l\u2019estiu i, amb ell, els nostres casals! <img loading=\"lazy\" decoding=\"async\" src=\"https:\/\/static.xx.fbcdn.net\/images\/emoji.php\/v9\/t6d\/1\/16\/2600.png\" alt=\"\u2600\ufe0f\" width=\"16\" height=\"16\" \/><\/p>\n<p><strong>Del 25 de juny al 5 de juliol<\/strong> celebrarem els casals d&#8217;estiu d&#8217;aquest curs 2024<b> \ud83d\ude42\u00a0<\/b><\/p>\n<p><a href=\"https:\/\/agora.xtec.cat\/escolademusicsijpc\/wp-content\/uploads\/usu459\/2024\/04\/Casal-Mamma.jpg\"><img loading=\"lazy\" decoding=\"async\" class=\"aligncenter size-full wp-image-9960\" src=\"https:\/\/agora.xtec.cat\/escolademusicsijpc\/wp-content\/uploads\/usu459\/2024\/04\/Casal-Mamma.jpg\" alt=\"\" width=\"800\" height=\"941\" srcset=\"https:\/\/agora.xtec.cat\/escolademusicsijpc\/wp-content\/uploads\/usu459\/2024\/04\/Casal-Mamma.jpg 800w, https:\/\/agora.xtec.cat\/escolademusicsijpc\/wp-content\/uploads\/usu459\/2024\/04\/Casal-Mamma-255x300.jpg 255w, https:\/\/agora.xtec.cat\/escolademusicsijpc\/wp-content\/uploads\/usu459\/2024\/04\/Casal-Mamma-768x903.jpg 768w\" sizes=\"auto, (max-width: 800px) 100vw, 800px\" \/><\/a><\/p>\n<h2 style=\"text-align: center;\">***********************<\/h2>\n<h1>Col\u00f2nies musicals 2024<\/h1>\n<p style=\"font-family: 'Helvetica Neue', Helvetica, Helvetica, Arial, sans-serif; font-size: 16px;\"><strong>18,19 i 20 de maig de 2024.<\/strong><\/p>\n<p>Cap de setmana de col\u00f2nies\u00a0 a la casa La Conreria (Tiana).<\/p>\n<p><a href=\"https:\/\/agora.xtec.cat\/escolademusicsijpc\/wp-content\/uploads\/usu459\/2024\/04\/Disseny-sense-titol.gif\"><img loading=\"lazy\" decoding=\"async\" class=\"aligncenter size-large wp-image-9916\" src=\"https:\/\/agora.xtec.cat\/escolademusicsijpc\/wp-content\/uploads\/usu459\/2024\/04\/Disseny-sense-titol-724x1024.gif\" alt=\"\" width=\"724\" height=\"1024\" srcset=\"https:\/\/agora.xtec.cat\/escolademusicsijpc\/wp-content\/uploads\/usu459\/2024\/04\/Disseny-sense-titol-724x1024.gif 724w, https:\/\/agora.xtec.cat\/escolademusicsijpc\/wp-content\/uploads\/usu459\/2024\/04\/Disseny-sense-titol-212x300.gif 212w, https:\/\/agora.xtec.cat\/escolademusicsijpc\/wp-content\/uploads\/usu459\/2024\/04\/Disseny-sense-titol-768x1087.gif 768w\" sizes=\"auto, (max-width: 724px) 100vw, 724px\" \/><\/a><\/p>\n<h2 style=\"text-align: center;\">***************************<\/h2>\n<div id=\"editor\" class=\"block-editor__container hide-if-no-js\">\n<div class=\"edit-post-layout is-mode-visual is-sidebar-opened interface-interface-skeleton has-footer\">\n<div class=\"interface-interface-skeleton__editor\">\n<div class=\"interface-interface-skeleton__body\">\n<div class=\"interface-interface-skeleton__content\" tabindex=\"-1\" role=\"region\" aria-label=\"Contenido del editor\">\n<div class=\"edit-post-visual-editor\">\n<div class=\"editor-styles-wrapper\">\n<div class=\"block-editor-writing-flow\">\n<div class=\"block-editor-block-list__layout is-root-container\">\n<p>Apr\u00e8n m\u00fasica amb altres nens i nenes de la teva edat, compartint la mateixa passi\u00f3 que tu.\u00a0<img loading=\"lazy\" decoding=\"async\" src=\"https:\/\/static.xx.fbcdn.net\/images\/emoji.php\/v9\/tb7\/1\/16\/1f917.png\" alt=\"\ud83e\udd17\" width=\"16\" height=\"16\" \/><img loading=\"lazy\" decoding=\"async\" src=\"https:\/\/static.xx.fbcdn.net\/images\/emoji.php\/v9\/tf4\/1\/16\/2728.png\" alt=\"\u2728\" width=\"16\" height=\"16\" \/><\/p>\n<p>I tot amb tallers i activitats divertides, perfectes per gaudir de l\u2019estiu. Contacte amb nosaltres per a m\u00e9s informaci\u00f3!\u00a0<img loading=\"lazy\" decoding=\"async\" src=\"https:\/\/static.xx.fbcdn.net\/images\/emoji.php\/v9\/td8\/1\/16\/1f4f2.png\" alt=\"\ud83d\udcf2\" width=\"16\" height=\"16\" \/><\/p>\n<p><a href=\"https:\/\/agora.xtec.cat\/escolademusicsijpc\/wp-content\/uploads\/usu459\/2024\/04\/436266119_947927373787908_7120354324207288021_n.jpg\"><img loading=\"lazy\" decoding=\"async\" class=\"aligncenter size-large wp-image-9937\" src=\"https:\/\/agora.xtec.cat\/escolademusicsijpc\/wp-content\/uploads\/usu459\/2024\/04\/436266119_947927373787908_7120354324207288021_n-1024x683.jpg\" alt=\"\" width=\"1024\" height=\"683\" srcset=\"https:\/\/agora.xtec.cat\/escolademusicsijpc\/wp-content\/uploads\/usu459\/2024\/04\/436266119_947927373787908_7120354324207288021_n-1024x683.jpg 1024w, https:\/\/agora.xtec.cat\/escolademusicsijpc\/wp-content\/uploads\/usu459\/2024\/04\/436266119_947927373787908_7120354324207288021_n-300x200.jpg 300w, https:\/\/agora.xtec.cat\/escolademusicsijpc\/wp-content\/uploads\/usu459\/2024\/04\/436266119_947927373787908_7120354324207288021_n-768x512.jpg 768w, https:\/\/agora.xtec.cat\/escolademusicsijpc\/wp-content\/uploads\/usu459\/2024\/04\/436266119_947927373787908_7120354324207288021_n-1536x1024.jpg 1536w, https:\/\/agora.xtec.cat\/escolademusicsijpc\/wp-content\/uploads\/usu459\/2024\/04\/436266119_947927373787908_7120354324207288021_n.jpg 2048w\" sizes=\"auto, (max-width: 1024px) 100vw, 1024px\" \/><\/a><\/p>\n<\/div>\n<\/div>\n<\/div>\n<\/div>\n<\/div>\n<\/div>\n<\/div>\n<\/div>\n<\/div>\n","protected":false},"excerpt":{"rendered":"<p><a href=\"https:\/\/agora.xtec.cat\/escolademusicsijpc\/wp-content\/uploads\/usu459\/2025\/03\/472460724_18359077090193594_6094024968895992366_n.jpg\"><\/a><br \/>\nCol\u00f2nies 2025 Olimp\u00edades Musicals!<br \/>\nApunta\u2019t abans del\u00a014 de febrer!<br \/>\nNo et quedis sense pla\u00e7a.<br \/>\nLink d\u2019inscripci\u00f3 a la Bio.<br \/>\n<a href=\"https:\/\/www.facebook.com\/hashtag\/lescoladem%C3%BAsics?__eep__=6&amp;__cft__[0]=AZWME3pWYCWWLoUGRPsP5yGH7Ja4N37aSJM4isyWJ6uzeV9YsZNtQ3xGqBnbf9b_Le98qbuLJqI7pqIRySEX4JTyj13M3zfPDn4vlTyDbZDlkoknsdV9aU8LPls4cRX5ZBk804X6y5KwQuVDzr1kKmpqZWs4mGeE2qTq-gbQSdVYADo_3kePYYgoOWhiGSSfuyk&amp;__tn__=*NK*F\">#lescoladem\u00fasics<\/a>\u00a0<a href=\"https:\/\/www.facebook.com\/hashtag\/raval?__eep__=6&amp;__cft__[0]=AZWME3pWYCWWLoUGRPsP5yGH7Ja4N37aSJM4isyWJ6uzeV9YsZNtQ3xGqBnbf9b_Le98qbuLJqI7pqIRySEX4JTyj13M3zfPDn4vlTyDbZDlkoknsdV9aU8LPls4cRX5ZBk804X6y5KwQuVDzr1kKmpqZWs4mGeE2qTq-gbQSdVYADo_3kePYYgoOWhiGSSfuyk&amp;__tn__=*NK*F\">#Raval<\/a>\u00a0<a href=\"https:\/\/www.facebook.com\/hashtag\/barcelona?__eep__=6&amp;__cft__[0]=AZWME3pWYCWWLoUGRPsP5yGH7Ja4N37aSJM4isyWJ6uzeV9YsZNtQ3xGqBnbf9b_Le98qbuLJqI7pqIRySEX4JTyj13M3zfPDn4vlTyDbZDlkoknsdV9aU8LPls4cRX5ZBk804X6y5KwQuVDzr1kKmpqZWs4mGeE2qTq-gbQSdVYADo_3kePYYgoOWhiGSSfuyk&amp;__tn__=*NK*F\">#Barcelona<\/a>\u00a0<a href=\"https:\/\/www.facebook.com\/hashtag\/art?__eep__=6&amp;__cft__[0]=AZWME3pWYCWWLoUGRPsP5yGH7Ja4N37aSJM4isyWJ6uzeV9YsZNtQ3xGqBnbf9b_Le98qbuLJqI7pqIRySEX4JTyj13M3zfPDn4vlTyDbZDlkoknsdV9aU8LPls4cRX5ZBk804X6y5KwQuVDzr1kKmpqZWs4mGeE2qTq-gbQSdVYADo_3kePYYgoOWhiGSSfuyk&amp;__tn__=*NK*F\">#art<\/a>\u00a0<a href=\"https:\/\/www.facebook.com\/hashtag\/cultura?__eep__=6&amp;__cft__[0]=AZWME3pWYCWWLoUGRPsP5yGH7Ja4N37aSJM4isyWJ6uzeV9YsZNtQ3xGqBnbf9b_Le98qbuLJqI7pqIRySEX4JTyj13M3zfPDn4vlTyDbZDlkoknsdV9aU8LPls4cRX5ZBk804X6y5KwQuVDzr1kKmpqZWs4mGeE2qTq-gbQSdVYADo_3kePYYgoOWhiGSSfuyk&amp;__tn__=*NK*F\">#cultura<\/a><br \/>\n\ud83d\ude00 \u27a1<br \/>\n*****************<br \/>\nCasals Musicals 2024<br \/>\nJa s\u2019apropa l\u2019estiu i, amb ell, els nostres casals!<br \/>\nDel 25 de juny al 5 de juliol celebrarem els casals d&#8217;estiu&hellip;  <a href=\"https:\/\/agora.xtec.cat\/escolademusicsijpc\/instruments\/casals-musicals\/\" title=\"Read Col\u00f2nies 2025\">Llegeix m\u00e9s\u00bb<\/a><\/p>\n","protected":false},"author":3,"featured_media":0,"parent":8694,"menu_order":1,"comment_status":"closed","ping_status":"closed","template":"page-templates\/side-menu.php","meta":{"_bbp_topic_count":0,"_bbp_reply_count":0,"_bbp_total_topic_count":0,"_bbp_total_reply_count":0,"_bbp_voice_count":0,"_bbp_anonymous_reply_count":0,"_bbp_topic_count_hidden":0,"_bbp_reply_count_hidden":0,"_bbp_forum_subforum_count":0,"footnotes":""},"class_list":["post-8978","page","type-page","status-publish","hentry"],"post_mailing_queue_ids":[],"_links":{"self":[{"href":"https:\/\/agora.xtec.cat\/escolademusicsijpc\/wp-json\/wp\/v2\/pages\/8978","targetHints":{"allow":["GET"]}}],"collection":[{"href":"https:\/\/agora.xtec.cat\/escolademusicsijpc\/wp-json\/wp\/v2\/pages"}],"about":[{"href":"https:\/\/agora.xtec.cat\/escolademusicsijpc\/wp-json\/wp\/v2\/types\/page"}],"author":[{"embeddable":true,"href":"https:\/\/agora.xtec.cat\/escolademusicsijpc\/wp-json\/wp\/v2\/users\/3"}],"replies":[{"embeddable":true,"href":"https:\/\/agora.xtec.cat\/escolademusicsijpc\/wp-json\/wp\/v2\/comments?post=8978"}],"version-history":[{"count":6,"href":"https:\/\/agora.xtec.cat\/escolademusicsijpc\/wp-json\/wp\/v2\/pages\/8978\/revisions"}],"predecessor-version":[{"id":10175,"href":"https:\/\/agora.xtec.cat\/escolademusicsijpc\/wp-json\/wp\/v2\/pages\/8978\/revisions\/10175"}],"up":[{"embeddable":true,"href":"https:\/\/agora.xtec.cat\/escolademusicsijpc\/wp-json\/wp\/v2\/pages\/8694"}],"wp:attachment":[{"href":"https:\/\/agora.xtec.cat\/escolademusicsijpc\/wp-json\/wp\/v2\/media?parent=8978"}],"curies":[{"name":"wp","href":"https:\/\/api.w.org\/{rel}","templated":true}]}}