{"id":8720,"date":"2020-10-15T19:08:04","date_gmt":"2020-10-15T17:08:04","guid":{"rendered":"http:\/\/agora.xtec.cat\/escolademusicsijpc\/?page_id=8720"},"modified":"2020-10-15T19:58:51","modified_gmt":"2020-10-15T17:58:51","slug":"the-musicakal-project","status":"publish","type":"page","link":"https:\/\/agora.xtec.cat\/escolademusicsijpc\/the-musicakal-project\/","title":{"rendered":"The MusicaK:al Project"},"content":{"rendered":"<p>The MusicaK:al Project\u00a0\u00e9s un projecte cultural i social que impulsa l\u2019Escola de M\u00fasics i JPC des de l\u2019any 2006\u00a0amb l\u2019objectiu d\u2019implantar la cohesi\u00f3 social mitjan\u00e7ant la m\u00fasica en molts \u00e0mbits de la vida di\u00e0ria com el que ja existeix al\u00a0barri del Raval, Ciutat Vella i del barri del Bes\u00f2s.<\/p>\n<div>\n<div>\n<h3>Qu\u00e8 \u00a0volem aconseguir amb The MusiK:al Project:<\/h3>\n<div>Exportar el \u00a0model d\u2019\u00e8xit a nivell educatiu, social i cultural de l\u2019Escola de M\u00fasics.<\/div>\n<div>Donar a con\u00e8ixer la m\u00fasica com a mitj\u00e0 de comunicaci\u00f3 i d\u2019expressi\u00f3 intercultural dirigida a totes aquelles persones que no poden tenir acc\u00e9s a ella intentant fer part\u00edcips als col\u2022lectius de persones en risc d\u2019exclusi\u00f3 social o marginalitat degut a la seva situaci\u00f3 social, econ\u00f2mica, o cultural, intentant afavorir aspectes del desenvolupament personal, augment de l\u2019autoestima, buscant objectius comuns i unificadors amb els altres usuaris del projecte, amb les escoles, amb les entitats i amb el barri en general.<\/div>\n<h3>Aquest projecte ha treballat aspectes com:<\/h3>\n<div>El desenvolupament personal a trav\u00e9s de la m\u00fasica, ha produit un canvi en els aspectes de la confian\u00e7a en si mateix, en la seva educaci\u00f3, coneixements, aptituds, habilitats i en les seves relacions personals di\u00e0ries.<\/div>\n<div>La m\u00fasica ha fet que la gent utilitzi aquest llenguatge universal i ha fet que les diferencies entre les persones desapareguin i es pugui conviure i relacionar-se m\u00e9s f\u00e0cilment sense tenir en compte les difer\u00e8ncies existents, millora la cohesi\u00f3 i la inclusi\u00f3 social. TOTHOM \u00e9s igual davant la M\u00fasica. Aix\u00f2 ha fet que s\u2019afavoreixi la toler\u00e0ncia, la comunicaci\u00f3 de tots els sectors de la societat ajudant a resoldre situacions de marginalitat produ\u00efts per edat, ra\u00e7a, nivell social, etc..<\/div>\n<div>La formaci\u00f3 d\u2019aquets grups ha ajudat a crear uns lligams m\u00e9s estrets entre les persones que han fet el projecte, entre la comunitat, el barri i la ciutat refor\u00e7ant la seva identitat, l\u2019autoconfian\u00e7a i la cooperaci\u00f3 de la seva comunitat.<\/div>\n<div>Aquest projecte s\u2019ha dut\u00a0a terme en diferents espais: Escoles del Districte de Ciutat Vella. Casals de Gent Gran, L\u2019Escola de M\u00fasics i Escola de M\u00fasica JPC, etc\u2026 segons es necessitava.<\/div>\n<div>Aquests projectes han tingut molt \u00c8XIT aquests \u00faltims anys. Cada any hi ha agut m\u00e9s demanda per part de la poblaci\u00f3 del Districte.<\/div>\n<\/div>\n<div><a href=\"https:\/\/krislanda1.wixsite.com\/website-7\">https:\/\/krislanda1.wixsite.com\/website-7<\/a><\/div>\n<div><\/div>\n<\/div>\n<p>CNL de Barcelona<\/p>\n<figure id=\"attachment_2554\" class=\"wp-caption alignright\" data-shortcode=\"caption\" aria-describedby=\"caption-attachment-2554\"><img loading=\"lazy\" decoding=\"async\" width=\"160\" height=\"120\" class=\"size-full wp-image-2554 \" src=\"https:\/\/lescolademusicsijpc.files.wordpress.com\/2013\/04\/e_1rdia_editora_128_8717_1.jpg?w=840\" sizes=\"auto, (max-width: 160px) 100vw, 160px\" srcset=\"https:\/\/lescolademusicsijpc.files.wordpress.com\/2013\/04\/e_1rdia_editora_128_8717_1.jpg 160w, https:\/\/lescolademusicsijpc.files.wordpress.com\/2013\/04\/e_1rdia_editora_128_8717_1.jpg?w=150 150w\" alt=\"Ciutat Vella m'encanta\" data-attachment-id=\"2554\" data-permalink=\"https:\/\/lescolademusicsijpc.wordpress.com\/2013\/04\/10\/conveni-per-a-la-normalitzacio-linguistica\/e_1rdia_editora_128_8717_1\/\" data-orig-file=\"https:\/\/lescolademusicsijpc.files.wordpress.com\/2013\/04\/e_1rdia_editora_128_8717_1.jpg\" data-orig-size=\"160,120\" data-comments-opened=\"1\" data-image-meta=\"{&quot;aperture&quot;:&quot;0&quot;,&quot;credit&quot;:&quot;&quot;,&quot;camera&quot;:&quot;&quot;,&quot;caption&quot;:&quot;&quot;,&quot;created_timestamp&quot;:&quot;0&quot;,&quot;copyright&quot;:&quot;&quot;,&quot;focal_length&quot;:&quot;0&quot;,&quot;iso&quot;:&quot;0&quot;,&quot;shutter_speed&quot;:&quot;0&quot;,&quot;title&quot;:&quot;&quot;}\" data-image-title=\"e_1rdia_editora_128_8717_1\" data-image-description=\"\" data-medium-file=\"https:\/\/lescolademusicsijpc.files.wordpress.com\/2013\/04\/e_1rdia_editora_128_8717_1.jpg?w=160\" data-large-file=\"https:\/\/lescolademusicsijpc.files.wordpress.com\/2013\/04\/e_1rdia_editora_128_8717_1.jpg?w=160\" \/><figcaption id=\"caption-attachment-2554\" class=\"wp-caption-text\">Ciutat Vella m\u2019encanta<\/figcaption><\/figure>\n<p>Neix la coral \u201cCiutat Vella m\u2019encanta\u201d, formada per alumnes de catal\u00e0.<\/p>\n<div><em>Ciutat Vella m\u2019encanta<\/em>\u00a0\u00e9s la nova coral formada per alumnes dels cursos de\u00a0 catal\u00e0 del CNL de Barcelona. Aquesta\u00a0 iniciativa \u00e9s fruit del conveni signat entre la delegaci\u00f3 de Ciutat Vella del CNL i l\u2019escola de M\u00fasica JPC i s\u2019emmarca en el programa \u201cApr\u00e8n catal\u00e0 tot cantant\u201d que es duu a terme al Raval.<\/div>\n<p>L\u2019aproximaci\u00f3 a la cultura popular a trav\u00e9s de la m\u00fasica \u00e9s una de les prioritats de l\u2019Escola de M\u00fasica JPC i enlla\u00e7a amb una de les prioritats del CNL de Barcelona que \u00e9s fer con\u00e8ixer i participar en la cultura popular catalana als alumnes dels cursos de catal\u00e0.<\/p>\n<p>La coral\u00a0<em>Ciutat Vella m\u2019encanta\u00a0<\/em>permetr\u00e0 als alumnes, de diferents nivells i proced\u00e8ncies, practicar el catal\u00e0 fora de l\u2019aula i, alhora, con\u00e8ixer i participar activament en la cultura popular, afavorir les relacions interpersonals i facilitar la plena integraci\u00f3 a la societat catalana.<\/p>\n<p>Alguns dels valors afegits que aquesta activitat pot aportar als alumnes s\u00f3n:<\/p>\n<ul>\n<li>Incrementar la motivaci\u00f3 per l\u2019aprenentatge de la llengua entre els alumnes nouvinguts; treballar la dicci\u00f3 i la fon\u00e8tica; ampliar vocabulari; fer pr\u00e0ctiques reals de la llengua fora de l\u2019aula; adquirir seguretat en les primeres converses, etc.<\/li>\n<\/ul>\n<ul>\n<li>Quant als alumnes de nivells m\u00e9s avan\u00e7ats, a m\u00e9s de refor\u00e7ar la llengua oral i treballar la dicci\u00f3 i la fon\u00e8tica, la seva participaci\u00f3 a la coral els animar\u00e0 a fer servir sempre el catal\u00e0, especialment amb aquelles persones que n\u2019estan iniciant l\u2019aprenentatge.<\/li>\n<\/ul>\n<p><a href=\"http:\/\/www.cpnl.cat\/xarxa\/cnlbarcelona\/noticies.html?ID=8717\">Consorci per a la Normalitzaci\u00f3 Ling\u00fc\u00edstica<\/a><\/p>\n<div><b><img loading=\"lazy\" decoding=\"async\" src=\"https:\/\/lescolademusicsijpc.files.wordpress.com\/2013\/04\/untitled.png?w=212&amp;h=124\" alt=\"untitled\" width=\"212\" height=\"124\" \/><\/b><b><img loading=\"lazy\" decoding=\"async\" src=\"https:\/\/lescolademusicsijpc.files.wordpress.com\/2013\/04\/captura-de-pantalla-2013-03-22-a-las-12_27_36.png?w=244&amp;h=123\" alt=\"Captura de pantalla 2013-03-22 a la(s) 12_27_36\" width=\"244\" height=\"123\" \/><\/b><\/div>\n<div><\/div>\n<div>****************************************<\/div>\n<h1>Els concerts al Centre Sant Pere Ap\u00f2stol.<\/h1>\n<div>\n<figure id=\"attachment_3463\" class=\"wp-caption alignright\" data-shortcode=\"caption\" aria-describedby=\"caption-attachment-3463\"><img loading=\"lazy\" decoding=\"async\" class=\"wp-image-3463 size-thumbnail\" src=\"https:\/\/lescolademusicsijpc.files.wordpress.com\/2014\/06\/vibracions-224-coral-2.gif?w=150&amp;h=99\" sizes=\"auto, (max-width: 150px) 100vw, 150px\" srcset=\"https:\/\/lescolademusicsijpc.files.wordpress.com\/2014\/06\/vibracions-224-coral-2.gif?w=150&amp;h=99 150w, https:\/\/lescolademusicsijpc.files.wordpress.com\/2014\/06\/vibracions-224-coral-2.gif 200w\" alt=\"\" width=\"150\" height=\"99\" data-attachment-id=\"3463\" data-permalink=\"https:\/\/lescolademusicsijpc.wordpress.com\/2014\/06\/11\/els-concerts-al-centre-sant-pere-apostol-per-jordi-gargallo\/vibracions-224-coral-2\/\" data-orig-file=\"https:\/\/lescolademusicsijpc.files.wordpress.com\/2014\/06\/vibracions-224-coral-2.gif\" data-orig-size=\"200,133\" data-comments-opened=\"1\" data-image-meta=\"{&quot;aperture&quot;:&quot;0&quot;,&quot;credit&quot;:&quot;&quot;,&quot;camera&quot;:&quot;&quot;,&quot;caption&quot;:&quot;&quot;,&quot;created_timestamp&quot;:&quot;0&quot;,&quot;copyright&quot;:&quot;&quot;,&quot;focal_length&quot;:&quot;0&quot;,&quot;iso&quot;:&quot;0&quot;,&quot;shutter_speed&quot;:&quot;0&quot;,&quot;title&quot;:&quot;&quot;}\" data-image-title=\"les corals\" data-image-description=\"\" data-medium-file=\"https:\/\/lescolademusicsijpc.files.wordpress.com\/2014\/06\/vibracions-224-coral-2.gif?w=200\" data-large-file=\"https:\/\/lescolademusicsijpc.files.wordpress.com\/2014\/06\/vibracions-224-coral-2.gif?w=200\" \/><figcaption id=\"caption-attachment-3463\" class=\"wp-caption-text\">les corals<\/figcaption><\/figure>\n<p>El darrer concert del mes de maig va estar a c\u00e0rrec de tres corals, la primera pertanyent a l\u2019Escola de M\u00fasics i JPC dirigida per Pablo Acosta i de molt recent creaci\u00f3 formada per alumnes adults i algun pare d\u2019estudiants de la mateixa, i la Coral Labour\u00e9 i Centre de Normalitzaci\u00f3 Ling\u00fc\u00edstica sota el comandament de la Cristina Colomer i acompanyats al piano per Merichel Sembrano, la primera formada per joves alumnes de l\u2019Escola de M\u00fasics i JPC i la segona per adults procedents de diferents nacionalitats que mitj\u00e0 del cant coral s\u2019integren al coneixement de la llengua i tradicions catalanes, un excel\u00b7lent objectiu!<\/p>\n<\/div>\n<div>Aquest ha estat sempre el principal punt de refer\u00e8ncia del foment del cant coral, unir esfor\u00e7os per agermanar els pobles ajudant a la cultura i la conviv\u00e8ncia. Una forta felicitaci\u00f3 per aquests projectes!!<\/div>\n<div>Maig del 2014<\/div>\n<div>***************************************<\/div>\n<div><\/div>\n<div>\n<h1 class=\"entry-title\">CONCERTS DE SANT JORDI<\/h1>\n<figure id=\"attachment_3352\" class=\"wp-caption alignright\" data-shortcode=\"caption\" aria-describedby=\"caption-attachment-3352\"><img loading=\"lazy\" decoding=\"async\" class=\"wp-image-3352 size-thumbnail\" src=\"https:\/\/lescolademusicsijpc.files.wordpress.com\/2014\/04\/foto-23.gif?w=150&amp;h=111\" sizes=\"auto, (max-width: 150px) 100vw, 150px\" srcset=\"https:\/\/lescolademusicsijpc.files.wordpress.com\/2014\/04\/foto-23.gif?w=150&amp;h=111 150w, https:\/\/lescolademusicsijpc.files.wordpress.com\/2014\/04\/foto-23.gif 200w\" alt=\"Coral Labour\u00e9 i CNL\" width=\"150\" height=\"111\" data-attachment-id=\"3352\" data-permalink=\"https:\/\/lescolademusicsijpc.wordpress.com\/2014\/04\/24\/concerts-de-sant-jordi\/foto-2-3\/\" data-orig-file=\"https:\/\/lescolademusicsijpc.files.wordpress.com\/2014\/04\/foto-23.gif\" data-orig-size=\"200,149\" data-comments-opened=\"1\" data-image-meta=\"{&quot;aperture&quot;:&quot;0&quot;,&quot;credit&quot;:&quot;&quot;,&quot;camera&quot;:&quot;&quot;,&quot;caption&quot;:&quot;&quot;,&quot;created_timestamp&quot;:&quot;0&quot;,&quot;copyright&quot;:&quot;&quot;,&quot;focal_length&quot;:&quot;0&quot;,&quot;iso&quot;:&quot;0&quot;,&quot;shutter_speed&quot;:&quot;0&quot;,&quot;title&quot;:&quot;&quot;}\" data-image-title=\"Coral Labour\u00e9 i CNL\" data-image-description=\"\" data-medium-file=\"https:\/\/lescolademusicsijpc.files.wordpress.com\/2014\/04\/foto-23.gif?w=200\" data-large-file=\"https:\/\/lescolademusicsijpc.files.wordpress.com\/2014\/04\/foto-23.gif?w=200\" \/><figcaption id=\"caption-attachment-3352\" class=\"wp-caption-text\">Coral Labour\u00e9 i CNL<\/figcaption><\/figure>\n<p>La Coral de l\u2019Escola\u00a0<span class=\"hiddenSpellError\">Labour\u00e9<\/span>\u00a0i la coral del\u00a0<a href=\"http:\/\/blocs.cpnl.cat\/ciutatvella\/tag\/coral-ciutat-vella-mencanta\/\" target=\"_blank\" rel=\"noopener noreferrer\">Centre de Normalitzaci\u00f3 Ling\u00fc\u00edstica<\/a>, corals dirigides per la mestra de l\u2019Escola de M\u00fasics Cristina Colomer i acompanyades per la pianista\u00a0<span class=\"hiddenSpellError\">Merichel\u00a0<\/span><span class=\"hiddenSpellError\">Sembrano,\u00a0<\/span>van actuar a la Biblioteca Nacional de Catalunya, amb motiu de la diada de Sant Jordi. La coral del Casal de Gent Gran Trueta i Tarradellas del Barri del Raval dirigit per Francesca Salcedo i acompanyat per Dami\u00e0 Riera professor de l\u2019Escola de M\u00fasics i JPC. I per acabar el concert a la Biblioteca,\u00a0<a href=\"https:\/\/www.flickr.com\/photos\/biblioteca_catalunya\/14004184451\/in\/photostream\/lightbox\/\">el duo\u00a0<span class=\"hiddenSpellError\">Capriccio<\/span>, Irene Andreu i Cristina Colomer<\/a>\u00a0han tocatobres de\u00a0<span class=\"hiddenSpellError\">Faur\u00e9<\/span>\u00a0i\u00a0<span class=\"hiddenSpellError\">Piazzolla<\/span>.<\/p>\n<div class=\"entry-content\">\n<p>Abril del 2014<\/p>\n<p>***************************************<\/p>\n<h1 class=\"entry-title\">CONCERTS A LA BIBLIOTECA DE CATALUNYA<\/h1>\n<figure id=\"attachment_3332\" class=\"wp-caption alignright\" data-shortcode=\"caption\" aria-describedby=\"caption-attachment-3332\"><img loading=\"lazy\" decoding=\"async\" class=\"wp-image-3332 size-thumbnail\" src=\"https:\/\/lescolademusicsijpc.files.wordpress.com\/2014\/04\/activitats-de-la-biblioteca-de-catalunya-el-dia-de-sant-jordi-jornada-de-portes-obertes_large.gif?w=150&amp;h=150\" sizes=\"auto, (max-width: 150px) 100vw, 150px\" srcset=\"https:\/\/lescolademusicsijpc.files.wordpress.com\/2014\/04\/activitats-de-la-biblioteca-de-catalunya-el-dia-de-sant-jordi-jornada-de-portes-obertes_large.gif?w=150&amp;h=150 150w, https:\/\/lescolademusicsijpc.files.wordpress.com\/2014\/04\/activitats-de-la-biblioteca-de-catalunya-el-dia-de-sant-jordi-jornada-de-portes-obertes_large.gif 200w\" alt=\"\" width=\"150\" height=\"150\" data-attachment-id=\"3332\" data-permalink=\"https:\/\/lescolademusicsijpc.wordpress.com\/2014\/04\/22\/concerts-a-la-biblioteca-de-catalunya\/activitats-de-la-biblioteca-de-catalunya-el-dia-de-sant-jordi-jornada-de-portes-obertes_large\/\" data-orig-file=\"https:\/\/lescolademusicsijpc.files.wordpress.com\/2014\/04\/activitats-de-la-biblioteca-de-catalunya-el-dia-de-sant-jordi-jornada-de-portes-obertes_large.gif\" data-orig-size=\"200,200\" data-comments-opened=\"1\" data-image-meta=\"{&quot;aperture&quot;:&quot;0&quot;,&quot;credit&quot;:&quot;&quot;,&quot;camera&quot;:&quot;&quot;,&quot;caption&quot;:&quot;&quot;,&quot;created_timestamp&quot;:&quot;0&quot;,&quot;copyright&quot;:&quot;&quot;,&quot;focal_length&quot;:&quot;0&quot;,&quot;iso&quot;:&quot;0&quot;,&quot;shutter_speed&quot;:&quot;0&quot;,&quot;title&quot;:&quot;&quot;}\" data-image-title=\"Biblioteca de Catalunya\" data-image-description=\"\" data-medium-file=\"https:\/\/lescolademusicsijpc.files.wordpress.com\/2014\/04\/activitats-de-la-biblioteca-de-catalunya-el-dia-de-sant-jordi-jornada-de-portes-obertes_large.gif?w=200\" data-large-file=\"https:\/\/lescolademusicsijpc.files.wordpress.com\/2014\/04\/activitats-de-la-biblioteca-de-catalunya-el-dia-de-sant-jordi-jornada-de-portes-obertes_large.gif?w=200\" \/><figcaption id=\"caption-attachment-3332\" class=\"wp-caption-text\">Biblioteca de Catalunya<\/figcaption><\/figure>\n<p>Dem\u00e0 23 d\u2019Abril l\u2019Escola de M\u00fasics t\u00e9 el privilegi de poder fer una s\u00e8rie de concerts a la Biblioteca de Catalunya. Un espai que s\u2019obre per primera vegada al p\u00fablic per fer una activitat com aquesta.<br \/>\nAl mat\u00ed de 10 a 11a actuar\u00e0 la Coral de l\u2019Escola\u00a0<span class=\"hiddenSpellError\">Labour\u00e9<\/span>, coral dirigida per la mestra de l\u2019Escola de M\u00fasics Cristina Colomer dins el projecte dels Cors de Ciutat Vella. Despr\u00e9s d\u201911 a 12a actuar\u00e0 la coral del Centre de Normalitzaci\u00f3 Ling\u00fc\u00edstica, tamb\u00e9 sota la direcci\u00f3 de Cristina Colomer. Les dues corals seran acompanyades per la pianista\u00a0<span class=\"hiddenSpellError\">Merichel\u00a0<\/span><span class=\"hiddenSpellError\">Sembrano<\/span>.<br \/>\nDe 12 a 13a faran diverses passes el duo\u00a0<span class=\"hiddenSpellError\">Capriccio<\/span>, Irene Andreu i Cristina Colomer tocaran obres de\u00a0<span class=\"hiddenSpellError\">Faur\u00e9<\/span>\u00a0i\u00a0<span class=\"hiddenSpellError\">Piazzolla<\/span>.<\/p>\n<p>Alguns alumnes de l\u2019escola tamb\u00e9 delectaran amb les seves interpretacions al mat\u00ed a les 12a i a la tarda de 17 a 19.<\/p>\n<p>Esperem passar un dia de Sant Jordi entre molts llibres i molta m\u00fasica.<\/p>\n<p><a href=\"http:\/\/www.bnc.cat\/Visita-ns\/Activitats\/Activitats-de-la-Biblioteca-de-Catalunya-el-dia-de-Sant-Jordi-jornada-de-portes-obertes\">http:\/\/www.bnc.cat\/Visita-ns\/Activitats\/Activitats-de-la-Biblioteca-de-Catalunya-el-dia-de-Sant-Jordi-jornada-de-portes-obertes<\/a><\/p>\n<\/div>\n<\/div>\n","protected":false},"excerpt":{"rendered":"<p>The MusicaK:al Project\u00a0\u00e9s un projecte cultural i social que impulsa l\u2019Escola de M\u00fasics i JPC des de l\u2019any 2006\u00a0amb l\u2019objectiu d\u2019implantar la cohesi\u00f3 social mitjan\u00e7ant la m\u00fasica en molts \u00e0mbits de la vida di\u00e0ria com el que ja existeix al\u00a0barri del Raval, Ciutat Vella i&hellip;  <a href=\"https:\/\/agora.xtec.cat\/escolademusicsijpc\/the-musicakal-project\/\" title=\"Read The MusicaK:al Project\">Llegeix m\u00e9s\u00bb<\/a><\/p>\n","protected":false},"author":3,"featured_media":0,"parent":0,"menu_order":0,"comment_status":"closed","ping_status":"closed","template":"page-templates\/side-menu.php","meta":{"_bbp_topic_count":0,"_bbp_reply_count":0,"_bbp_total_topic_count":0,"_bbp_total_reply_count":0,"_bbp_voice_count":0,"_bbp_anonymous_reply_count":0,"_bbp_topic_count_hidden":0,"_bbp_reply_count_hidden":0,"_bbp_forum_subforum_count":0,"footnotes":""},"class_list":["post-8720","page","type-page","status-publish","hentry"],"post_mailing_queue_ids":[],"_links":{"self":[{"href":"https:\/\/agora.xtec.cat\/escolademusicsijpc\/wp-json\/wp\/v2\/pages\/8720","targetHints":{"allow":["GET"]}}],"collection":[{"href":"https:\/\/agora.xtec.cat\/escolademusicsijpc\/wp-json\/wp\/v2\/pages"}],"about":[{"href":"https:\/\/agora.xtec.cat\/escolademusicsijpc\/wp-json\/wp\/v2\/types\/page"}],"author":[{"embeddable":true,"href":"https:\/\/agora.xtec.cat\/escolademusicsijpc\/wp-json\/wp\/v2\/users\/3"}],"replies":[{"embeddable":true,"href":"https:\/\/agora.xtec.cat\/escolademusicsijpc\/wp-json\/wp\/v2\/comments?post=8720"}],"version-history":[{"count":1,"href":"https:\/\/agora.xtec.cat\/escolademusicsijpc\/wp-json\/wp\/v2\/pages\/8720\/revisions"}],"predecessor-version":[{"id":8722,"href":"https:\/\/agora.xtec.cat\/escolademusicsijpc\/wp-json\/wp\/v2\/pages\/8720\/revisions\/8722"}],"wp:attachment":[{"href":"https:\/\/agora.xtec.cat\/escolademusicsijpc\/wp-json\/wp\/v2\/media?parent=8720"}],"curies":[{"name":"wp","href":"https:\/\/api.w.org\/{rel}","templated":true}]}}