{"id":8694,"date":"2020-10-15T17:28:19","date_gmt":"2020-10-15T15:28:19","guid":{"rendered":"http:\/\/agora.xtec.cat\/escolademusicsijpc\/?page_id=8694"},"modified":"2024-02-20T16:37:40","modified_gmt":"2024-02-20T15:37:40","slug":"instruments","status":"publish","type":"page","link":"https:\/\/agora.xtec.cat\/escolademusicsijpc\/instruments\/","title":{"rendered":"Instruments"},"content":{"rendered":"<h3 style=\"text-align: center;\"><\/h3>\r\n<p><a href=\"https:\/\/agora.xtec.cat\/escolademusicsijpc\/wp-content\/uploads\/usu459\/2024\/02\/shutterstock_2021399690.webp\"><img loading=\"lazy\" decoding=\"async\" class=\"aligncenter  wp-image-9826\" src=\"https:\/\/agora.xtec.cat\/escolademusicsijpc\/wp-content\/uploads\/usu459\/2024\/02\/shutterstock_2021399690.webp\" alt=\"\" width=\"536\" height=\"357\" srcset=\"https:\/\/agora.xtec.cat\/escolademusicsijpc\/wp-content\/uploads\/usu459\/2024\/02\/shutterstock_2021399690.webp 840w, https:\/\/agora.xtec.cat\/escolademusicsijpc\/wp-content\/uploads\/usu459\/2024\/02\/shutterstock_2021399690-300x200.webp 300w, https:\/\/agora.xtec.cat\/escolademusicsijpc\/wp-content\/uploads\/usu459\/2024\/02\/shutterstock_2021399690-768x512.webp 768w\" sizes=\"auto, (max-width: 536px) 100vw, 536px\" \/><\/a><\/p>\r\n<p>L\u2019Escola de M\u00fasics i JPC de Barcelona s\u2019ha consolidat com un punt de refer\u00e8ncia en l\u2019educaci\u00f3 musical de la ciutat. Amb una reputaci\u00f3 impecable, ofereix un entorn enriquidor per a l\u2019aprenentatge de diversos estils musicals amb professors de gran qualitat, la majoria d\u2019ells m\u00fasics en actiu.<strong>\u00a0La nostra escola \u00e9s reconeguda per impartir classes orientades al desenvolupament de l\u2019experimentaci\u00f3 t\u00e8cnica i la creativitat,\u00a0<\/strong>permetent als estudiants expressar-se musicalment de manera aut\u00e8ntica i innovadora.<\/p>\r\n<h3 style=\"text-align: center;\">\r\n\r\n<\/h3>\r\n<h3 class=\"wp-block-heading\">Coneix les diferents fam\u00edlies d\u2019instruments<\/h3>\r\n<h3 style=\"text-align: center;\">\r\n\r\n<\/h3>\r\n<h4 class=\"wp-block-heading\">Instruments de percussi\u00f3<\/h4>\r\n<h4 style=\"text-align: center;\">\r\n\r\n<\/h4>\r\n<p>Els instruments de percussi\u00f3 s\u00f3n una part vital del m\u00f3n musical. Des dels temps antics, els \u00e9ssers humans han utilitzat objectes per crear ritmes i sons diversos. A l\u2019Escola de M\u00fasics i JPC, els estudiants tenen\u00a0<strong>l\u2019oportunitat de con\u00e8ixer i dominar els instruments de percussi\u00f3 de fusta, metall i membrana<\/strong>.<\/p>\r\n<h3 style=\"text-align: center;\">\r\n\r\n<\/h3>\r\n<h4 class=\"wp-block-heading\">Fam\u00edlia de vent<\/h4>\r\n<h4 style=\"text-align: center;\">\r\n\r\n<\/h4>\r\n<p>A l\u2019escola, els estudiants poden explorar les subfam\u00edlies dels instruments de vent metall i fusta, aprenent les t\u00e8cniques i les subtileses que fan que aquests instruments siguin tan particulars.\u00a0<strong>T\u2019interessa la trompeta, el clarinet o la flauta travessera? Vine a la nostra escola per aprendre a tocar un instrument de vent<\/strong>.<\/p>\r\n<h3 style=\"text-align: center;\">\r\n\r\n<\/h3>\r\n<h4 class=\"wp-block-heading\">Fam\u00edlia de corda<\/h4>\r\n<h3 style=\"text-align: center;\">\r\n\r\n<\/h3>\r\n<p><strong>L\u2019Escola de M\u00fasics i JPC ofereix classes especialitzades en instruments de corda pin\u00e7ada, fregada i percudida<\/strong>. Apr\u00e8n la delicadesa del viol\u00ed o la profunditat del contrabaix, els estudiants poden explorar la riquesa tonal i la versatilitat expressiva d\u2019aquests instruments.<\/p>\r\n<h3 style=\"text-align: center;\">\r\n\r\n<\/h3>\r\n<h3 class=\"wp-block-heading\">Instruments que pots aprendre amb nosaltres<\/h3>\r\n<h3 style=\"text-align: center;\">\r\n\r\n<\/h3>\r\n<p>El baix el\u00e8ctric, la bateria, el cant cl\u00e0ssic, el cant modern, el clarinet, el contrabaix, el fagot, la flauta travessera, la guitarra, la percussi\u00f3, el piano cl\u00e0ssic, el piano modern, el sax\u00f2fon, el tromb\u00f3, la trompa, la trompeta, la tuba, l\u2019ukelele, la viola, el viol\u00ed, el violoncel.<\/p>\r\n<h3 style=\"text-align: center;\">\r\n\r\n<\/h3>\r\n<h3 class=\"wp-block-heading\">Els nostres nivells<\/h3>\r\n<h3 style=\"text-align: center;\">\r\n\r\n<\/h3>\r\n<p>Com a escola autoritzada pel Departament d\u2019Ensenyament, l\u2019<strong>Escola de M\u00fasics i JPC ofereix una estructura de nivells adaptada per a estudiants de totes les edats i nivells d\u2019experi\u00e8ncia musical<\/strong>. Des dels nivells inicials de sensibilitzaci\u00f3 fins al grau professional, els estudiants poden seguir un cam\u00ed formatiu adaptat a les seves necessitats i interessos musicals. Amb una atenci\u00f3 especial a l\u2019educaci\u00f3 musical per a adults, l\u2019escola ofereix opcions flexibles per als estudiants que desitgen explorar la m\u00fasica a un ritme personalitzat.<\/p>\r\n<h3 style=\"text-align: center;\">\r\n\r\n<\/h3>\r\n<h3 class=\"wp-block-heading\">Escola de M\u00fasics i JPC: descobreix el teu instrument preferit amb nosaltres<\/h3>\r\n<h3 style=\"text-align: center;\">\r\n\r\n<\/h3>\r\n<p><a href=\"https:\/\/lescolademusicsijpc.wordpress.com\/\"><strong>L\u2019Escola de M\u00fasics i JPC<\/strong><\/a>\u00a0de Barcelona \u00e9s el lloc ideal per als amants de la m\u00fasica que busquen un entorn d\u2019aprenentatge de primera classe.\u00a0<strong>Amb m\u00e9s de vint-i-cinc anys d\u2019experi\u00e8ncia en l\u2019ensenyament musical, instal\u00b7lacions de primer nivell i una facultat de professors excepcionals<\/strong>. Si desitges portar les teves habilitats al seg\u00fcent nivell i convertir-te en un m\u00fasic professional,\u00a0<a href=\"https:\/\/lescolademusicsijpc.wordpress.com\/projecte-2\/contacte\/\"><strong>posa\u2019t en contacte<\/strong><\/a><strong>\u00a0amb nosaltres avui mateix per descobrir com podem ajudar-te a assolir les teves metes musicals<\/strong>.<\/p>\r\n<h3 style=\"text-align: center;\">\r\n\r\n<\/h3>\r\n<h5 class=\"wp-block-heading has-black-color has-text-color has-link-color has-small-font-size wp-elements-5b6f3a257346625bc123883217e38091\">BAIX EL\u00c8CTRIC<\/h5>\r\n<h5 style=\"text-align: center;\">\r\n\r\n<\/h5>\r\n<h5 class=\"wp-block-heading has-black-color has-text-color has-link-color has-small-font-size wp-elements-146531273d489daf97548b0fe2751d99\">BATERIA<\/h5>\r\n<h5 style=\"text-align: center;\">\r\n\r\n<\/h5>\r\n<h5 class=\"wp-block-heading has-black-color has-text-color has-link-color has-small-font-size wp-elements-1c520213990e86c2a5e4b6e617524c27\">CANT CL\u00c0SSIC<\/h5>\r\n<h5 style=\"text-align: center;\">\r\n\r\n<\/h5>\r\n<h5 class=\"wp-block-heading has-black-color has-text-color has-link-color has-small-font-size wp-elements-6b5fea8c688c3dc56f91888bcff2945f\">CANT MODERN<\/h5>\r\n<h5 style=\"text-align: center;\">\r\n\r\n<\/h5>\r\n<h5 class=\"wp-block-heading has-black-color has-text-color has-link-color has-small-font-size wp-elements-362a1136911cd82890b5e1160f968bd9\">CLARINET<\/h5>\r\n<h5 style=\"text-align: center;\">\r\n\r\n<\/h5>\r\n<h5 class=\"wp-block-heading has-black-color has-text-color has-link-color has-small-font-size wp-elements-8cb4454bea7168c037cd5a5b182ce122\">CONTRABAIX<\/h5>\r\n<h5 style=\"text-align: center;\">\r\n\r\n<\/h5>\r\n<h5 class=\"wp-block-heading has-black-color has-text-color has-link-color has-small-font-size wp-elements-a7da64a6e3a4daf13f3bd7d032d8d794\">FAGOT<\/h5>\r\n<h5 style=\"text-align: center;\">\r\n\r\n<\/h5>\r\n<h5 class=\"wp-block-heading has-black-color has-text-color has-link-color has-small-font-size wp-elements-80d8608523d545326054fc24088ff133\">FLAUTA TRAVESSERA<\/h5>\r\n<h5 style=\"text-align: center;\">\r\n\r\n<\/h5>\r\n<h5 class=\"wp-block-heading has-black-color has-text-color has-link-color has-small-font-size wp-elements-71dbbce7d490da9acaf7633ff4f77916\">GUITARRA<\/h5>\r\n<h5 style=\"text-align: center;\">\r\n\r\n<\/h5>\r\n<h5 class=\"wp-block-heading has-black-color has-text-color has-link-color has-small-font-size wp-elements-ff84ff437855e3fbb93769bb0baba7a0\">PERCUSSI\u00d3<\/h5>\r\n<h5 style=\"text-align: center;\">\r\n\r\n<\/h5>\r\n<h5 class=\"wp-block-heading has-black-color has-text-color has-link-color has-small-font-size wp-elements-6682013bf2400c83c797055acfe72023\">PIANO CL\u00c0SSIC<\/h5>\r\n<h5 style=\"text-align: center;\">\r\n\r\n<\/h5>\r\n<h5 class=\"wp-block-heading has-black-color has-text-color has-link-color has-small-font-size wp-elements-50897bc0f7d733dcb11eedab8642d8ae\">PIANO MODERN<\/h5>\r\n<h5 style=\"text-align: center;\">\r\n\r\n<\/h5>\r\n<h5 class=\"wp-block-heading has-black-color has-text-color has-link-color has-small-font-size wp-elements-9a994549ad5eb840cd2af268ae6e8b5d\">SAX\u00d2FON<\/h5>\r\n<h5 style=\"text-align: center;\">\r\n\r\n<\/h5>\r\n<h5 class=\"wp-block-heading has-black-color has-text-color has-link-color has-small-font-size wp-elements-5ca94e7c5f5d8bfecbdf3ea89c2822ba\">TROMB\u00d3<\/h5>\r\n<h5 style=\"text-align: center;\">\r\n\r\n<\/h5>\r\n<h5 class=\"wp-block-heading has-black-color has-text-color has-link-color has-small-font-size wp-elements-0f90ad8cfb3ac68af42278dc55a3b5a5\">TROMPA<\/h5>\r\n<h5 style=\"text-align: center;\">\r\n\r\n<\/h5>\r\n<h5 class=\"wp-block-heading has-black-color has-text-color has-link-color has-small-font-size wp-elements-112338a9e496dfad06144c8e692075fc\">TROMPETA<\/h5>\r\n<h5 style=\"text-align: center;\">\r\n\r\n<\/h5>\r\n<h5 class=\"wp-block-heading has-black-color has-text-color has-link-color has-small-font-size wp-elements-6a606ee76abc688e1193bfb47c8e2043\">TUBA<\/h5>\r\n<h5 style=\"text-align: center;\">\r\n\r\n<\/h5>\r\n<h5 class=\"wp-block-heading has-black-color has-text-color has-link-color has-small-font-size wp-elements-61f833b35a66e43f7b2d3580be99b8e9\">UKELELE<\/h5>\r\n<h5 style=\"text-align: center;\">\r\n\r\n<\/h5>\r\n<h5 class=\"wp-block-heading has-black-color has-text-color has-link-color has-small-font-size wp-elements-36ba93d882abf510b6fb58a8d19e220f\">VIOLA<\/h5>\r\n<h5 style=\"text-align: center;\">\r\n\r\n<\/h5>\r\n<h5 class=\"wp-block-heading has-black-color has-text-color has-link-color has-small-font-size wp-elements-cef91eafd98b405a0094fe234c0d626f\">VIOL\u00cd<\/h5>\r\n<h5 style=\"text-align: center;\">\r\n\r\n<\/h5>\r\n<h5 class=\"wp-block-heading has-black-color has-text-color has-link-color has-small-font-size wp-elements-4ac63e73796bea6a5260894a0f329016\">VIOLONCEL<\/h5>","protected":false},"excerpt":{"rendered":"<p><a href=\"https:\/\/agora.xtec.cat\/escolademusicsijpc\/wp-content\/uploads\/usu459\/2024\/02\/shutterstock_2021399690.webp\"><\/a><br \/>\nL\u2019Escola de M\u00fasics i JPC de Barcelona s\u2019ha consolidat com un punt de refer\u00e8ncia en l\u2019educaci\u00f3 musical de la ciutat. Amb una reputaci\u00f3 impecable, ofereix un entorn enriquidor per a l\u2019aprenentatge de diversos estils musicals amb professors de gran qualitat, la majoria d\u2019ells m\u00fasics&hellip;  <a href=\"https:\/\/agora.xtec.cat\/escolademusicsijpc\/instruments\/\" title=\"Read Instruments\">Llegeix m\u00e9s\u00bb<\/a><\/p>\n","protected":false},"author":3,"featured_media":0,"parent":0,"menu_order":0,"comment_status":"closed","ping_status":"closed","template":"page-templates\/side-menu.php","meta":{"_bbp_topic_count":0,"_bbp_reply_count":0,"_bbp_total_topic_count":0,"_bbp_total_reply_count":0,"_bbp_voice_count":0,"_bbp_anonymous_reply_count":0,"_bbp_topic_count_hidden":0,"_bbp_reply_count_hidden":0,"_bbp_forum_subforum_count":0,"footnotes":""},"class_list":["post-8694","page","type-page","status-publish","hentry"],"post_mailing_queue_ids":[],"_links":{"self":[{"href":"https:\/\/agora.xtec.cat\/escolademusicsijpc\/wp-json\/wp\/v2\/pages\/8694","targetHints":{"allow":["GET"]}}],"collection":[{"href":"https:\/\/agora.xtec.cat\/escolademusicsijpc\/wp-json\/wp\/v2\/pages"}],"about":[{"href":"https:\/\/agora.xtec.cat\/escolademusicsijpc\/wp-json\/wp\/v2\/types\/page"}],"author":[{"embeddable":true,"href":"https:\/\/agora.xtec.cat\/escolademusicsijpc\/wp-json\/wp\/v2\/users\/3"}],"replies":[{"embeddable":true,"href":"https:\/\/agora.xtec.cat\/escolademusicsijpc\/wp-json\/wp\/v2\/comments?post=8694"}],"version-history":[{"count":3,"href":"https:\/\/agora.xtec.cat\/escolademusicsijpc\/wp-json\/wp\/v2\/pages\/8694\/revisions"}],"predecessor-version":[{"id":9827,"href":"https:\/\/agora.xtec.cat\/escolademusicsijpc\/wp-json\/wp\/v2\/pages\/8694\/revisions\/9827"}],"wp:attachment":[{"href":"https:\/\/agora.xtec.cat\/escolademusicsijpc\/wp-json\/wp\/v2\/media?parent=8694"}],"curies":[{"name":"wp","href":"https:\/\/api.w.org\/{rel}","templated":true}]}}