{"id":2121,"date":"2012-11-08T19:59:53","date_gmt":"2012-11-08T18:59:53","guid":{"rendered":"http:\/\/lescolademusicsijpc.wordpress.com\/?page_id=2121"},"modified":"2020-10-20T17:19:05","modified_gmt":"2020-10-20T15:19:05","slug":"ravals-band","status":"publish","type":"page","link":"https:\/\/agora.xtec.cat\/escolademusicsijpc\/the-musicakal-project\/ravals-band\/","title":{"rendered":"Raval&#8217;s Band"},"content":{"rendered":"<header class=\"entry-header\">\n<h1 class=\"entry-title\">Convocat\u00f2ria<\/h1>\n<\/header>\n<div class=\"entry-content\">\n<p><strong><a href=\"http:\/\/agora.xtec.cat\/escolademusicsijpc\/general\/ravals-band-%c2%b7-convocatoria-2017\/attachment\/butlleta-sinscripcio-davan-2\/\" rel=\"attachment wp-att-6038\"><img loading=\"lazy\" decoding=\"async\" class=\"alignright size-medium wp-image-6038\" src=\"http:\/\/agora.xtec.cat\/escolademusicsijpc\/wp-content\/uploads\/usu459\/2017\/09\/Butlleta-sinscripci\u00f3-davan-143x300.gif\" alt=\"\" width=\"143\" height=\"300\" \/><\/a>Qu\u00e8 \u00e9s la Raval\u2019s Band?<\/strong><\/p>\n<p><a href=\"http:\/\/agora.xtec.cat\/escolademusicsijpc\/projecte-educatiu\/ravals-band\/attachment\/butlleta-sinscripcio-davan\/\" rel=\"attachment wp-att-6031\"><img loading=\"lazy\" decoding=\"async\" class=\"alignright size-medium wp-image-6031\" src=\"http:\/\/agora.xtec.cat\/escolademusicsijpc\/wp-content\/uploads\/usu459\/2012\/11\/Butlleta-sinscripci\u00f3-davan-143x300.gif\" alt=\"\" width=\"143\" height=\"300\" \/><\/a>\u00c9s la banda de m\u00fasica del barri del Raval. Volem que estigui\u00a0formada per gent de Ciutat Vella que toqui instruments de vent metall, vent fusta i percussi\u00f3. A trav\u00e9s de la Raval\u2019s Band es facilita una formaci\u00f3 instrumental i de banda per a persones que tinguin algun coneixement musical.<\/p>\n<p><strong>Qui pot formar part de la Raval\u2019s Band?<\/strong><\/p>\n<p>Aquesta convocat\u00f2ria va adre\u00e7ada a totes aquelles persones que toquin un instrument de vent o percussi\u00f3 i visquin al districte de Ciutat Vella, o siguin membres d\u2019alguna associaci\u00f3 o entitat del districte. Tindran prefer\u00e8ncia aquells candidats o candidates que siguin del barri del Raval.<\/p>\n<p><strong>Inscripci\u00f3<\/strong><\/p>\n<p>Les persones interessades heu de presentar-vos a una audici\u00f3. Heu de fer-nos arribar abans del 30 de setembre d\u2019enguany la butlleta d\u2019inscripci\u00f3 correctament omplerta.<\/p>\n<ul>\n<li>\n<h1 class=\"entry-title\"><a href=\"http:\/\/agora.xtec.cat\/escolademusicsijpc\/projecte-educatiu\/ravals-band\/attachment\/butlleta-sinscripcio-davant\/\" rel=\"attachment wp-att-6033\">Butlleta d&#8217;inscripci\u00f3 pel davant<\/a><\/h1>\n<\/li>\n<li>\n<h1><a href=\"http:\/\/agora.xtec.cat\/escolademusicsijpc\/projecte-educatiu\/ravals-band\/attachment\/butlleta-sinscripcio-darrere\/\" rel=\"attachment wp-att-6032\">Butlleta d&#8217;inscripci\u00f3 pel darrere<\/a><\/h1>\n<\/li>\n<\/ul>\n<p><strong>Les butlletes es poden enviar per:<\/strong><\/p>\n<ul>\n<li>correu postal a l\u2019Escola de M\u00fasica Juan Pedro Carrero, carrer del Carme, 15-17. 08001 Barcelona, tel\u00e8fons 933 010 718 \/ 933 011 468.<\/li>\n<li>correu electr\u00f2nic:\u00a0<a href=\"mailto:escolademusics@hotmail.com\">escolademusics@hotmail.com<\/a><\/li>\n<li>o b\u00e9 lliurar en m\u00e0 a la mateixa associaci\u00f3, de dilluns a divendres, de 10 a 20 h.<\/li>\n<\/ul>\n<p><strong>Repertori<\/strong><\/p>\n<p>Si voleu formar part de la Raval\u2019s Band heu de presentar dues obres de lliure elecci\u00f3 i un petit curr\u00edculum explicant la vostra experi\u00e8ncia musical. No demanem grans coneixements de m\u00fasica. No \u00e9s imprescindible saber llegir m\u00fasica mentre sapigueu tocar el vostre instrument.<\/p>\n<\/div>\n<p style=\"text-align: center;\">*********<\/p>\n<p style=\"text-align: left;\">La Raval&#8217;s Band fou creada l&#8217;any 2006. \u00c9s una formaci\u00f3 instrumental de vents, que es crea amb el suport de l\u2019Ajuntament de Barcelona i sota la direcci\u00f3 musical de l\u2019escola de M\u00fasics i L\u2019Escola de M\u00fasica JPC.<\/p>\n<p>Els components s\u00f3n m\u00fasics amateurs que viuen, treballen o estudien al barri del Raval. La banda est\u00e0 formada actualment per uns 40 m\u00fasics.<\/p>\n<p>Cada any al mes de setembre fins el dia 30, s&#8217;obre la convocat\u00f2ria per presentar-se a les proves per entrar a la Banda. Les butlletes es poden recollir al carrer del Carme n\u00ba15 al\u00a0mateix mes.<\/p>\n<p style=\"text-align: center;\"><a href=\"http:\/\/lescolademusicsijpc.wordpress.com\/category\/ravals-band\/\">Concerts de la Raval&#8217;s Band.<\/a><\/p>\n<p style=\"text-align: center;\"><iframe loading=\"lazy\" src=\"https:\/\/www.youtube.com\/embed\/NgElJ7GjczA\" width=\"420\" height=\"315\" frameborder=\"0\"><\/iframe><\/p>\n<p style=\"text-align: center;\">Raval&#8217;s Band a RIBERMUSICA Gran festa de Tardor 2011<\/p>\n","protected":false},"excerpt":{"rendered":"<p>Convocat\u00f2ria<\/p>\n<p><a href=\"http:\/\/agora.xtec.cat\/escolademusicsijpc\/general\/ravals-band-%c2%b7-convocatoria-2017\/attachment\/butlleta-sinscripcio-davan-2\/\" rel=\"attachment wp-att-6038\"><\/a>Qu\u00e8 \u00e9s la Raval\u2019s Band?<br \/>\n<a href=\"http:\/\/agora.xtec.cat\/escolademusicsijpc\/projecte-educatiu\/ravals-band\/attachment\/butlleta-sinscripcio-davan\/\" rel=\"attachment wp-att-6031\"><\/a>\u00c9s la banda de m\u00fasica del barri del Raval. Volem que estigui\u00a0formada per gent de Ciutat Vella que toqui instruments de vent metall, vent fusta i percussi\u00f3. A trav\u00e9s de la Raval\u2019s Band es facilita&hellip;  <a href=\"https:\/\/agora.xtec.cat\/escolademusicsijpc\/the-musicakal-project\/ravals-band\/\" title=\"Read Raval&#8217;s Band\">Llegeix m\u00e9s\u00bb<\/a><\/p>\n","protected":false},"author":1,"featured_media":0,"parent":8720,"menu_order":1,"comment_status":"open","ping_status":"open","template":"page-templates\/side-menu.php","meta":{"_bbp_topic_count":0,"_bbp_reply_count":0,"_bbp_total_topic_count":0,"_bbp_total_reply_count":0,"_bbp_voice_count":0,"_bbp_anonymous_reply_count":0,"_bbp_topic_count_hidden":0,"_bbp_reply_count_hidden":0,"_bbp_forum_subforum_count":0,"footnotes":""},"class_list":["post-2121","page","type-page","status-publish","hentry"],"post_mailing_queue_ids":[],"_links":{"self":[{"href":"https:\/\/agora.xtec.cat\/escolademusicsijpc\/wp-json\/wp\/v2\/pages\/2121","targetHints":{"allow":["GET"]}}],"collection":[{"href":"https:\/\/agora.xtec.cat\/escolademusicsijpc\/wp-json\/wp\/v2\/pages"}],"about":[{"href":"https:\/\/agora.xtec.cat\/escolademusicsijpc\/wp-json\/wp\/v2\/types\/page"}],"author":[{"embeddable":true,"href":"https:\/\/agora.xtec.cat\/escolademusicsijpc\/wp-json\/wp\/v2\/users\/1"}],"replies":[{"embeddable":true,"href":"https:\/\/agora.xtec.cat\/escolademusicsijpc\/wp-json\/wp\/v2\/comments?post=2121"}],"version-history":[{"count":3,"href":"https:\/\/agora.xtec.cat\/escolademusicsijpc\/wp-json\/wp\/v2\/pages\/2121\/revisions"}],"predecessor-version":[{"id":4967,"href":"https:\/\/agora.xtec.cat\/escolademusicsijpc\/wp-json\/wp\/v2\/pages\/2121\/revisions\/4967"}],"up":[{"embeddable":true,"href":"https:\/\/agora.xtec.cat\/escolademusicsijpc\/wp-json\/wp\/v2\/pages\/8720"}],"wp:attachment":[{"href":"https:\/\/agora.xtec.cat\/escolademusicsijpc\/wp-json\/wp\/v2\/media?parent=2121"}],"curies":[{"name":"wp","href":"https:\/\/api.w.org\/{rel}","templated":true}]}}