{"id":516,"date":"2017-03-07T21:11:53","date_gmt":"2017-03-07T20:11:53","guid":{"rendered":"http:\/\/agora.xtec.cat\/escolacollserolacerdanyola\/?page_id=516"},"modified":"2020-04-10T13:44:42","modified_gmt":"2020-04-10T11:44:42","slug":"lhort-escolar","status":"publish","type":"page","link":"https:\/\/agora.xtec.cat\/escolacollserolacerdanyola\/projectes-de-lescola\/lhort-escolar\/","title":{"rendered":"L&#8217;hort escolar"},"content":{"rendered":"<p><a href=\"http:\/\/agora.xtec.cat\/escolacollserolacerdanyola\/wp-content\/uploads\/usu1390\/2017\/03\/hort.png\"><img loading=\"lazy\" decoding=\"async\" class=\"alignnone size-full wp-image-12582\" src=\"http:\/\/agora.xtec.cat\/escolacollserolacerdanyola\/wp-content\/uploads\/usu1390\/2017\/03\/hort.png\" alt=\"\" width=\"1021\" height=\"764\" srcset=\"https:\/\/agora.xtec.cat\/escolacollserolacerdanyola\/wp-content\/uploads\/usu1390\/2017\/03\/hort.png 1021w, https:\/\/agora.xtec.cat\/escolacollserolacerdanyola\/wp-content\/uploads\/usu1390\/2017\/03\/hort-300x224.png 300w, https:\/\/agora.xtec.cat\/escolacollserolacerdanyola\/wp-content\/uploads\/usu1390\/2017\/03\/hort-768x575.png 768w, https:\/\/agora.xtec.cat\/escolacollserolacerdanyola\/wp-content\/uploads\/usu1390\/2017\/03\/hort-200x150.png 200w\" sizes=\"auto, (max-width: 1021px) 100vw, 1021px\" \/><\/a>Creiem en\u00a0 l&#8217;hort escolar per esdevenir una extensi\u00f3 de l&#8217;aprenentatge del coneixement del medi natural, \u00e9s un ecosistema en qu\u00e8 \u00e9s possible aprendre gran part dels continguts de les ci\u00e8ncies naturals.<\/p>\n<p>Permet estudiar i integrar cicles, processos, la din\u00e0mica dels fen\u00f2mens naturals i les seves interrelacions . Dins d&#8217;aquest marc, es pot abordar l&#8217;aprenentatge d&#8217;altres \u00e0mbits de coneixement com les ci\u00e8ncies socials, les matem\u00e0tiques, els llenguatges verbal o pl\u00e0stic&#8230;<\/p>\n<p><strong>L&#8217;hort \u00e9s a m\u00e9s un espai privilegiat per plantejar-ne preguntes, formular hip\u00f2tesis i experimentar.<\/strong> \u00c9s un context on poder gaudir del contacte amb la natura i aprendre a tenir-ne cura. .<\/p>\n<p>Els objectius did\u00e0ctics del projecte amb els seus corresponents continguts es distribuiran al llarg del curs seguint els tres cicles naturals: tardor, hivern i primavera, i es desenvoluparan dintre de l&#8217;\u00e0rea de coneixement del medi natural i social i en els eixos transversals d&#8217;educaci\u00f3 per a la salut, medi ambient, alimentaci\u00f3 correcta i sostenibilitat.<\/p>\n<p>En aquest projecte treballen tots el nivells de l&#8217;escola, adaptant els objectius generals del projecte als objectius de cada unitat.<\/p>\n<p>Des de fa uns anys es va posar en marxa aquest projecte, preparant el terreny per tenir un hort a l\u2019escola, mitjan\u00e7ant la dinamitzaci\u00f3 per una comissi\u00f3 mixta amb fam\u00edlies col\u00b7laboradores i docents.<\/p>\n<p>Actualment la tasca que se\u2019n deriva de l\u2019hort es basa en un treball organitzat, diversificat i globalitzat amb activitats molt variants, tals com: estudi de l&#8217;espai, dibuix i observaci\u00f3 al natural, fer descripcions de plantes o verdures, treball sobre text instructiu d&#8217;una recepta amb herbes arom\u00e0tiques, diari de la natura, conrear la terra, treball de germinaci\u00f3 de llavors, plantaci\u00f3 i cura de l\u2019hort, elaboracions a partir dels elements conreats, conscienciaci\u00f3 sobre el medi ambient, compostatge\u2026<\/p>\n<p>Disposem de diferents espais: l\u2019hort gran on interv\u00e9 l\u2019alumnat de prim\u00e0ria que est\u00e0 situat a l\u2019entrada del centre; la zona d\u2019herbes arom\u00e0tiques que es troba al costat; i al pati d\u2019infantil, \u201cl\u2019hort petit o les jardineres\u201d, de les quals tenen cura els m\u00e9s petits de l\u2019escola.<\/p>\n<p>\u00c9s costum tamb\u00e9 a l\u2019escola celebrar, normalment al maig, <strong>la diada de l\u2019hort<\/strong> on tota l\u2019escola participa realitzant treballs, elaboracions i exposicions a partir dels aliments obtinguts de l\u2019hort.<\/p>\n<h4><a href=\"https:\/\/agora.xtec.cat\/escolacollserolacerdanyola\/?page_id=521&amp;preview=true\">El divendres a l&#8217;hort<\/a><\/h4>\n\r\n\t<div class=\"slideshow_container slideshow_container_style-light\" style=\"height: 300px; \" data-slideshow-id=\"524\" data-style-name=\"style-light\" data-style-version=\"2.3.1\" >\r\n\r\n\t\t\t\t\t<div class=\"slideshow_loading_icon\"><\/div>\r\n\t\t\r\n\t\t<div class=\"slideshow_content\" style=\"display: none;\">\r\n\r\n\t\t\t<div class=\"slideshow_view\">\r\n\t\t\t\t<div class=\"slideshow_slide slideshow_slide_image\">\r\n\t\t\t\t\t\t\t\t\t\t\t<img src=\"https:\/\/agora.xtec.cat\/escolacollserolacerdanyola\/wp-content\/uploads\/usu1390\/2017\/03\/Hort1-47d9d9983c.jpg\" alt=\"hort1-47d9d9983c\" width=\"600\" height=\"1067\" \/>\r\n\t\t\t\t\t\t\t\t\t\t<div class=\"slideshow_description_box slideshow_transparent\">\r\n\t\t\t\t\t\t<div class=\"slideshow_title\">hort1-47d9d9983c<\/div>\t\t\t\t\t\t\t\t\t\t\t<\/div>\r\n\t\t\t\t<\/div>\r\n\r\n\t\t\t\t\t\t<div style=\"clear: both;\"><\/div><\/div><div class=\"slideshow_view\">\r\n\t\t\t\t<div class=\"slideshow_slide slideshow_slide_image\">\r\n\t\t\t\t\t\t\t\t\t\t\t<img src=\"https:\/\/agora.xtec.cat\/escolacollserolacerdanyola\/wp-content\/uploads\/usu1390\/2017\/03\/Hort2-abf12ae140.jpg\" alt=\"hort2-abf12ae140\" width=\"800\" height=\"600\" \/>\r\n\t\t\t\t\t\t\t\t\t\t<div class=\"slideshow_description_box slideshow_transparent\">\r\n\t\t\t\t\t\t<div class=\"slideshow_title\">hort2-abf12ae140<\/div>\t\t\t\t\t\t\t\t\t\t\t<\/div>\r\n\t\t\t\t<\/div>\r\n\r\n\t\t\t\t\t\t<div style=\"clear: both;\"><\/div><\/div><div class=\"slideshow_view\">\r\n\t\t\t\t<div class=\"slideshow_slide slideshow_slide_image\">\r\n\t\t\t\t\t\t\t\t\t\t\t<img src=\"https:\/\/agora.xtec.cat\/escolacollserolacerdanyola\/wp-content\/uploads\/usu1390\/2017\/03\/Hort3-2c6d88c8f0.jpg\" alt=\"hort3-2c6d88c8f0\" width=\"800\" height=\"600\" \/>\r\n\t\t\t\t\t\t\t\t\t\t<div class=\"slideshow_description_box slideshow_transparent\">\r\n\t\t\t\t\t\t<div class=\"slideshow_title\">hort3-2c6d88c8f0<\/div>\t\t\t\t\t\t\t\t\t\t\t<\/div>\r\n\t\t\t\t<\/div>\r\n\r\n\t\t\t\t\t\t<div style=\"clear: both;\"><\/div><\/div>\r\n\t\t<\/div>\r\n\r\n\t\t<div class=\"slideshow_controlPanel slideshow_transparent\" style=\"display: none;\"><ul><li class=\"slideshow_togglePlay\" data-play-text=\"Visualitza\" data-pause-text=\"Pausa\"><\/li><\/ul><\/div>\r\n\r\n\t\t<div class=\"slideshow_button slideshow_previous slideshow_transparent\" role=\"button\" data-previous-text=\"Anterior\" style=\"display: none;\"><\/div>\r\n\t\t<div class=\"slideshow_button slideshow_next slideshow_transparent\" role=\"button\" data-next-text=\"Seg\u00fcent\" style=\"display: none;\"><\/div>\r\n\r\n\t\t<div class=\"slideshow_pagination\" style=\"display: none;\" data-go-to-text=\"V\u00e9s a la diapositiva\"><div class=\"slideshow_pagination_center\"><\/div><\/div>\r\n\r\n\t\t<!-- WordPress Slideshow Version 2.3.1 -->\r\n\r\n\t\t\t<\/div>\r\n\r\n\n","protected":false},"excerpt":{"rendered":"<p><a href=\"http:\/\/agora.xtec.cat\/escolacollserolacerdanyola\/wp-content\/uploads\/usu1390\/2017\/03\/hort.png\"><\/a>Creiem en\u00a0 l&#8217;hort escolar per esdevenir una extensi\u00f3 de l&#8217;aprenentatge del coneixement del medi natural, \u00e9s un ecosistema en qu\u00e8 \u00e9s possible aprendre gran part dels continguts de les ci\u00e8ncies naturals.<br \/>\nPermet estudiar i integrar cicles, processos, la din\u00e0mica dels fen\u00f2mens naturals i les seves&hellip;  <a href=\"https:\/\/agora.xtec.cat\/escolacollserolacerdanyola\/projectes-de-lescola\/lhort-escolar\/\" title=\"Read L&#8217;hort escolar\">Llegeix m\u00e9s\u00bb<\/a><\/p>\n","protected":false},"author":22,"featured_media":0,"parent":503,"menu_order":0,"comment_status":"closed","ping_status":"closed","template":"page-templates\/side-menu.php","meta":{"_bbp_topic_count":0,"_bbp_reply_count":0,"_bbp_total_topic_count":0,"_bbp_total_reply_count":0,"_bbp_voice_count":0,"_bbp_anonymous_reply_count":0,"_bbp_topic_count_hidden":0,"_bbp_reply_count_hidden":0,"_bbp_forum_subforum_count":0,"footnotes":""},"class_list":["post-516","page","type-page","status-publish","hentry"],"post_mailing_queue_ids":[],"_links":{"self":[{"href":"https:\/\/agora.xtec.cat\/escolacollserolacerdanyola\/wp-json\/wp\/v2\/pages\/516","targetHints":{"allow":["GET"]}}],"collection":[{"href":"https:\/\/agora.xtec.cat\/escolacollserolacerdanyola\/wp-json\/wp\/v2\/pages"}],"about":[{"href":"https:\/\/agora.xtec.cat\/escolacollserolacerdanyola\/wp-json\/wp\/v2\/types\/page"}],"author":[{"embeddable":true,"href":"https:\/\/agora.xtec.cat\/escolacollserolacerdanyola\/wp-json\/wp\/v2\/users\/22"}],"replies":[{"embeddable":true,"href":"https:\/\/agora.xtec.cat\/escolacollserolacerdanyola\/wp-json\/wp\/v2\/comments?post=516"}],"version-history":[{"count":3,"href":"https:\/\/agora.xtec.cat\/escolacollserolacerdanyola\/wp-json\/wp\/v2\/pages\/516\/revisions"}],"predecessor-version":[{"id":12583,"href":"https:\/\/agora.xtec.cat\/escolacollserolacerdanyola\/wp-json\/wp\/v2\/pages\/516\/revisions\/12583"}],"up":[{"embeddable":true,"href":"https:\/\/agora.xtec.cat\/escolacollserolacerdanyola\/wp-json\/wp\/v2\/pages\/503"}],"wp:attachment":[{"href":"https:\/\/agora.xtec.cat\/escolacollserolacerdanyola\/wp-json\/wp\/v2\/media?parent=516"}],"curies":[{"name":"wp","href":"https:\/\/api.w.org\/{rel}","templated":true}]}}