{"id":28,"date":"2014-09-18T12:29:35","date_gmt":"2014-09-18T11:29:35","guid":{"rendered":"http:\/\/agora.xtec.cat\/escolacollserolacerdanyola\/?page_id=28"},"modified":"2024-02-13T16:12:00","modified_gmt":"2024-02-13T15:12:00","slug":"consell-escolar","status":"publish","type":"page","link":"https:\/\/agora.xtec.cat\/escolacollserolacerdanyola\/lescola\/consell-escolar\/","title":{"rendered":"Consell escolar"},"content":{"rendered":"<p>1. El consell escolar \u00e9s l\u2019\u00f2rgan de participaci\u00f3 de la comunitat escolar en el\u00a0govern del centre.<\/p>\n<p>2. Corresponen al consell escolar les <strong>funcions<\/strong> seg\u00fcents:<\/p>\n<p>a) Intervenir en la designaci\u00f3 i el cessament del director o directora del centre i\u00a0en la selecci\u00f3 i l\u2019acomiadament de docents, en els termes establerts per la legislaci\u00f3 org\u00e0nica en aquesta mat\u00e8ria.<\/p>\n<p>b) Participar en el proc\u00e9s d\u2019admissi\u00f3 d\u2019alumnes i garantir el compliment de les\u00a0normes que el regulen.<\/p>\n<p>c) Aprovar, a proposta del titular o la titular del centre, la sol\u00b7licitud d\u2019autoritzaci\u00f3\u00a0de percepcions, o la comunicaci\u00f3 de l\u2019establiment de percepcions, segons\u00a0que escaigui, per les activitats complement\u00e0ries, les activitats extraescolars i els\u00a0serveis escolars establerts legalment i no coberts pels contractes programa, si se\u00a0n\u2019han subscrit.<\/p>\n<p>d) Aprovar, a proposta del titular o la titular del centre, el pressupost del centre\u00a0i el retiment de comptes, referit tant a les assignacions de recursos p\u00fablics com a\u00a0les quantitats percebudes a qu\u00e8 fa refer\u00e8ncia la lletra <em>c<\/em>.<\/p>\n<p>e) Con\u00e8ixer la resoluci\u00f3 de conflictes escolars i vetllar perqu\u00e8 s\u2019ajusti a la normativa\u00a0vigent. A inst\u00e0ncia de mares, pares o tutors, el consell escolar pot revisar\u00a0les decisions relatives a conductes dels alumnes que perjudiquin greument la conviv\u00e8ncia en el centre i proposar, si escau, les mesures pertinents.<\/p>\n<p>f) Aprovar, a proposta del titular o la titular del centre, les decisions pertinents\u00a0sobre l\u2019estructura organitzativa i les normes d\u2019organitzaci\u00f3 i funcionament del\u00a0centre.<\/p>\n<p>g) Participar en l\u2019aplicaci\u00f3 de la l\u00ednia pedag\u00f2gica general del centre, aprovar la\u00a0carta de comprom\u00eds educatiu, a proposta del titular o la titular del centre, i elaborar directrius per a programar i desenvolupar les activitats complement\u00e0ries, les activitats extraescolars i els serveis escolars.<\/p>\n<p>h) Aprovar, a proposta del titular o la titular del centre, la programaci\u00f3 general\u00a0anual del centre i participar en la supervisi\u00f3 i l\u2019avaluaci\u00f3 del desenvolupament\u00a0d\u2019aquesta programaci\u00f3, en l\u2019\u00e0mbit docent i en l\u2019\u00e0mbit administratiu, i dels resultats\u00a0que se n\u2019obtenen.<\/p>\n<p>i) Aprovar els criteris de col\u00b7laboraci\u00f3 amb altres centres i amb l\u2019entorn del centre, i\u00a0a proposta del titular o la titular del centre, aprovar els acords de coresponsabilitat i de subscripci\u00f3 de contractes programa i avaluar-ne l\u2019aplicaci\u00f3.<\/p>\n<p>El consell escolar actua normalment en ple. Es poden constituir comissions espec\u00edfiques d\u2019estudi i informaci\u00f3, a les quals, en tot cas, s\u2019hi ha d\u2019incorporar la direcci\u00f3 del centre, o en la seva representaci\u00f3, un altre \u00f2rgan\u00a0unipersonal de direcci\u00f3,\u00a0un professor o professora, i un alumne o alumna o un representant o una representant de les mares i els pares. Els centres de titularitat p\u00fablica, a m\u00e9s, hi ha d&#8217;haver preceptivament\u00a0una\u00a0<strong>comissi\u00f3 econ\u00f2mica<\/strong>\u00a0que supervisa la gesti\u00f3 econ\u00f2mica del centre<\/p>\n<h2><\/h2>\n<h2><a href=\"http:\/\/ensenyament.gencat.cat\/ca\/arees-actuacio\/centres-serveis-educatius\/centres\/consells-escolars-centres\/centres-publics\/#bloc6\">Renovaci\u00f3 de membres<\/a><\/h2>\n<p>Les persones del consell escolar s\u00f3n elegides per\u00a0<strong>un per\u00edode de quatre anys<\/strong>\u00a0i es renoven per meitats cada dos anys.<\/p>\n<p>Les eleccions per a la constituci\u00f3 o renovaci\u00f3 de membres del consell escolar, les convoca el director o directora del centre p\u00fablic, amb quinze dies d&#8217;antelaci\u00f3, dintre del per\u00edode que fixa el Departament d&#8217;Ensenyament.<\/p>\n<p>Les\u00a0<strong>vacants<\/strong>\u00a0del consell escolar s&#8217;han d&#8217;ocupar pel procediment establert a les normes d&#8217;organitzaci\u00f3 i funcionament del centre; si aquestes no ho preveuen, les ha d&#8217;ocupar la seg\u00fcent candidatura m\u00e9s votada en les darreres eleccions. Si no hi ha m\u00e9s candidats o candidates per cobrir-les, romanen sense cobrir fins a la propera renovaci\u00f3 del consell escolar.<\/p>\n<p>La condici\u00f3 de membre del consell escolar es perd quan es deixa el c\u00e0rrec que comporta ser-ne membre, quan es deixa de complir algun dels requisits per ser elegible o quan l&#8217;\u00f2rgan que l&#8217;ha designat en revoca la designaci\u00f3.<\/p>\n<p>&nbsp;<\/p>\n<h3><a href=\"https:\/\/agora.xtec.cat\/escolacollserolacerdanyola\/wp-content\/uploads\/usu1390\/2024\/02\/Disseny-sense-titol-1.pdf\">CLICA AQU\u00cd PER VEURE INFOGRAFIA<\/a><\/h3>\n","protected":false},"excerpt":{"rendered":"<p>1. El consell escolar \u00e9s l\u2019\u00f2rgan de participaci\u00f3 de la comunitat escolar en el\u00a0govern del centre.<br \/>\n2. Corresponen al consell escolar les funcions seg\u00fcents:<br \/>\na) Intervenir en la designaci\u00f3 i el cessament del director o directora del centre i\u00a0en la selecci\u00f3 i l\u2019acomiadament de docents, en els&hellip;  <a href=\"https:\/\/agora.xtec.cat\/escolacollserolacerdanyola\/lescola\/consell-escolar\/\" title=\"Read Consell escolar\">Llegeix m\u00e9s\u00bb<\/a><\/p>\n","protected":false},"author":22,"featured_media":0,"parent":22,"menu_order":30,"comment_status":"closed","ping_status":"closed","template":"page-templates\/side-menu.php","meta":{"_bbp_topic_count":0,"_bbp_reply_count":0,"_bbp_total_topic_count":0,"_bbp_total_reply_count":0,"_bbp_voice_count":0,"_bbp_anonymous_reply_count":0,"_bbp_topic_count_hidden":0,"_bbp_reply_count_hidden":0,"_bbp_forum_subforum_count":0,"footnotes":""},"class_list":["post-28","page","type-page","status-publish","hentry"],"post_mailing_queue_ids":[],"_links":{"self":[{"href":"https:\/\/agora.xtec.cat\/escolacollserolacerdanyola\/wp-json\/wp\/v2\/pages\/28","targetHints":{"allow":["GET"]}}],"collection":[{"href":"https:\/\/agora.xtec.cat\/escolacollserolacerdanyola\/wp-json\/wp\/v2\/pages"}],"about":[{"href":"https:\/\/agora.xtec.cat\/escolacollserolacerdanyola\/wp-json\/wp\/v2\/types\/page"}],"author":[{"embeddable":true,"href":"https:\/\/agora.xtec.cat\/escolacollserolacerdanyola\/wp-json\/wp\/v2\/users\/22"}],"replies":[{"embeddable":true,"href":"https:\/\/agora.xtec.cat\/escolacollserolacerdanyola\/wp-json\/wp\/v2\/comments?post=28"}],"version-history":[{"count":5,"href":"https:\/\/agora.xtec.cat\/escolacollserolacerdanyola\/wp-json\/wp\/v2\/pages\/28\/revisions"}],"predecessor-version":[{"id":28405,"href":"https:\/\/agora.xtec.cat\/escolacollserolacerdanyola\/wp-json\/wp\/v2\/pages\/28\/revisions\/28405"}],"up":[{"embeddable":true,"href":"https:\/\/agora.xtec.cat\/escolacollserolacerdanyola\/wp-json\/wp\/v2\/pages\/22"}],"wp:attachment":[{"href":"https:\/\/agora.xtec.cat\/escolacollserolacerdanyola\/wp-json\/wp\/v2\/media?parent=28"}],"curies":[{"name":"wp","href":"https:\/\/api.w.org\/{rel}","templated":true}]}}