{"id":10128,"date":"2025-09-26T10:20:34","date_gmt":"2025-09-26T08:20:34","guid":{"rendered":"https:\/\/agora.xtec.cat\/escolacansorts\/?page_id=10128"},"modified":"2025-09-26T10:25:13","modified_gmt":"2025-09-26T08:25:13","slug":"pla-de-digitalitzacio-responsable","status":"publish","type":"page","link":"https:\/\/agora.xtec.cat\/escolacansorts\/curs-25-26\/pla-de-digitalitzacio-responsable\/","title":{"rendered":"Pla de Digitalitzaci\u00f3 responsable"},"content":{"rendered":"<p data-pm-slice=\"1 1 []\"><img loading=\"lazy\" decoding=\"async\" class=\"aligncenter wp-image-10124\" src=\"https:\/\/agora.xtec.cat\/escolacansorts\/wp-content\/uploads\/usu1930\/2025\/09\/PLA-DIGITALITZACIO.png\" alt=\"\" width=\"439\" height=\"439\" srcset=\"https:\/\/agora.xtec.cat\/escolacansorts\/wp-content\/uploads\/usu1930\/2025\/09\/PLA-DIGITALITZACIO.png 1000w, https:\/\/agora.xtec.cat\/escolacansorts\/wp-content\/uploads\/usu1930\/2025\/09\/PLA-DIGITALITZACIO-300x300.png 300w, https:\/\/agora.xtec.cat\/escolacansorts\/wp-content\/uploads\/usu1930\/2025\/09\/PLA-DIGITALITZACIO-150x150.png 150w, https:\/\/agora.xtec.cat\/escolacansorts\/wp-content\/uploads\/usu1930\/2025\/09\/PLA-DIGITALITZACIO-768x768.png 768w\" sizes=\"auto, (max-width: 439px) 100vw, 439px\" \/><\/p>\n<p data-pm-slice=\"1 1 []\">El Departament d\u2019Educaci\u00f3 i Formaci\u00f3 Professional ha impulsat el Pla de digitalitzaci\u00f3 responsable, amb la finalitat de garantir que l\u2019alumnat adquireixi la compet\u00e8ncia digital i que faci un \u00fas adequat, \u00e8tic, saludable i responsable dels dispositius digitals, sempre al servei de l\u2019aprenentatge.<\/p>\n<p>El Pla interpel\u00b7la tota la comunitat educativa, i les fam\u00edlies hi teniu un paper clau. Per aquest motiu, s\u2019ha elaborat una guia d\u2019acompanyament a les fam\u00edlies, que us animem a consultar:<\/p>\n<p><a href=\"https:\/\/educacio.gencat.cat\/web\/.content\/home\/departament\/linies-estrategiques\/pla-digitalitzacio-responsable\/guia-families.pdf\" target=\"_blank\" rel=\"noopener noreferrer nofollow\">GUIA PER FAM\u00cdLIES<\/a><\/p>\n<p><a href=\"https:\/\/documents.espai.educacio.gencat.cat\/documents_publics\/Pla-digitalitzacio-responsable.pdf\" target=\"_blank\" rel=\"noopener noreferrer nofollow\">PRESENTACI\u00d3<\/a><\/p>\n<p><a href=\"https:\/\/www.youtube.com\/watch?v=wn7_gVc0FQc\" target=\"_blank\" rel=\"noopener noreferrer nofollow\">VIDEORESUM<\/a><\/p>\n<p><!--a=1--><\/p>\n<p><!--a=1--><\/p>\n<p><!--a=1--><\/p>\n","protected":false},"excerpt":{"rendered":"<p>El Departament d\u2019Educaci\u00f3 i Formaci\u00f3 Professional ha impulsat el Pla de digitalitzaci\u00f3 responsable, amb la finalitat de garantir que l\u2019alumnat adquireixi la compet\u00e8ncia digital i que faci un \u00fas adequat, \u00e8tic, saludable i responsable dels dispositius digitals, sempre al servei de l\u2019aprenentatge.<br \/>\nEl Pla interpel\u00b7la tota&hellip;  <a href=\"https:\/\/agora.xtec.cat\/escolacansorts\/curs-25-26\/pla-de-digitalitzacio-responsable\/\" title=\"Read Pla de Digitalitzaci\u00f3 responsable\">Llegeix m\u00e9s\u00bb<\/a><\/p>\n","protected":false},"author":1,"featured_media":0,"parent":9739,"menu_order":0,"comment_status":"closed","ping_status":"closed","template":"","meta":{"_bbp_topic_count":0,"_bbp_reply_count":0,"_bbp_total_topic_count":0,"_bbp_total_reply_count":0,"_bbp_voice_count":0,"_bbp_anonymous_reply_count":0,"_bbp_topic_count_hidden":0,"_bbp_reply_count_hidden":0,"_bbp_forum_subforum_count":0,"footnotes":""},"class_list":["post-10128","page","type-page","status-publish","hentry"],"post_mailing_queue_ids":[],"_links":{"self":[{"href":"https:\/\/agora.xtec.cat\/escolacansorts\/wp-json\/wp\/v2\/pages\/10128","targetHints":{"allow":["GET"]}}],"collection":[{"href":"https:\/\/agora.xtec.cat\/escolacansorts\/wp-json\/wp\/v2\/pages"}],"about":[{"href":"https:\/\/agora.xtec.cat\/escolacansorts\/wp-json\/wp\/v2\/types\/page"}],"author":[{"embeddable":true,"href":"https:\/\/agora.xtec.cat\/escolacansorts\/wp-json\/wp\/v2\/users\/1"}],"replies":[{"embeddable":true,"href":"https:\/\/agora.xtec.cat\/escolacansorts\/wp-json\/wp\/v2\/comments?post=10128"}],"version-history":[{"count":3,"href":"https:\/\/agora.xtec.cat\/escolacansorts\/wp-json\/wp\/v2\/pages\/10128\/revisions"}],"predecessor-version":[{"id":10132,"href":"https:\/\/agora.xtec.cat\/escolacansorts\/wp-json\/wp\/v2\/pages\/10128\/revisions\/10132"}],"up":[{"embeddable":true,"href":"https:\/\/agora.xtec.cat\/escolacansorts\/wp-json\/wp\/v2\/pages\/9739"}],"wp:attachment":[{"href":"https:\/\/agora.xtec.cat\/escolacansorts\/wp-json\/wp\/v2\/media?parent=10128"}],"curies":[{"name":"wp","href":"https:\/\/api.w.org\/{rel}","templated":true}]}}