{"id":28,"date":"2014-09-18T12:29:35","date_gmt":"2014-09-18T11:29:35","guid":{"rendered":"http:\/\/agora.xtec.cat\/escolacanfabra\/?page_id=28"},"modified":"2025-02-24T11:14:41","modified_gmt":"2025-02-24T10:14:41","slug":"consell-escolar","status":"publish","type":"page","link":"https:\/\/agora.xtec.cat\/escolacanfabra\/lescola\/consell-escolar\/","title":{"rendered":"Consell escolar"},"content":{"rendered":"<p>El Consell Escolar \u00e9s l\u2019\u00f2rgan col\u00b7legiat de participaci\u00f3 de la comunitat educativa en el govern del centre.<\/p>\n<p>En el consell hi ha representats tots els col\u00b7lectius que intervenen en la comunitat educativa: representants de les fam\u00edlies, representants del claustre, personal d\u2019administraci\u00f3 i serveis i representant de l\u2019Ajuntament.<\/p>\n<p>S\u00f3n persones elegides per un per\u00edode de quatre anys i es renoven la meitat cada dos anys.<\/p>\n<p>La seva funci\u00f3 principal \u00e9s participar en la presa de decisions en relaci\u00f3 amb aquells temes importants per al funcionament i l\u2019organitzaci\u00f3 del centre: el Projecte Educatiu, la Programaci\u00f3 General Anual i la seva Mem\u00f2ria, les Normes d\u2019Organitzaci\u00f3 i Funcionament, la gesti\u00f3 econ\u00f2mica i d\u2019altres que el consell consideri oportunes.<\/p>\n<h5><strong>Presidenta<\/strong><\/h5>\n<p>Txell Reg\u00e0s, directora<\/p>\n<h5><strong>Equip directiu<\/strong><\/h5>\n<p>Maria Elizondo, cap d&#8217;estudis<br \/>\nGema Aguilera, secret\u00e0ria<\/p>\n<h5><strong>Representants dels mestres<\/strong><\/h5>\n<p>Gemma Ordi<br \/>\nJudith Mu\u00f1oz<br \/>\nConchi Gallego<br \/>\nXavi Mat\u00edas<\/p>\n<h5><strong>Representants de les fam\u00edlies<\/strong><\/h5>\n<p>\u00d2scar Hernando<br \/>\nJoan Sunyer<br \/>\nVirginia S\u00e1nchez<br \/>\nSandra Garcia (AFA)<\/p>\n<h5><strong>Representant municipal<\/strong><\/h5>\n<p>L\u00eddia Callejo<\/p>\n<h5><strong>Representant del PAS<\/strong><\/h5>\n<p>Jes\u00fas Buitrago<\/p>\n<p style=\"text-align: right;\">\u00daltima actualitzaci\u00f3: Febrer de 2025<\/p>\n","protected":false},"excerpt":{"rendered":"<p>El Consell Escolar \u00e9s l\u2019\u00f2rgan col\u00b7legiat de participaci\u00f3 de la comunitat educativa en el govern del centre. En el consell hi ha representats tots els col\u00b7lectius que intervenen en la comunitat educativa: representants de les fam\u00edlies, representants del claustre, personal d\u2019administraci\u00f3 i serveis i representant de l\u2019Ajuntament. S\u00f3n persones elegides per un per\u00edode de quatre [&hellip;]<\/p>\n","protected":false},"author":1,"featured_media":0,"parent":22,"menu_order":30,"comment_status":"closed","ping_status":"closed","template":"page-templates\/side-menu.php","meta":{"_bbp_topic_count":0,"_bbp_reply_count":0,"_bbp_total_topic_count":0,"_bbp_total_reply_count":0,"_bbp_voice_count":0,"_bbp_anonymous_reply_count":0,"_bbp_topic_count_hidden":0,"_bbp_reply_count_hidden":0,"_bbp_forum_subforum_count":0,"site-sidebar-layout":"default","site-content-layout":"","ast-site-content-layout":"","site-content-style":"default","site-sidebar-style":"default","ast-global-header-display":"","ast-banner-title-visibility":"","ast-main-header-display":"","ast-hfb-above-header-display":"","ast-hfb-below-header-display":"","ast-hfb-mobile-header-display":"","site-post-title":"","ast-breadcrumbs-content":"","ast-featured-img":"","footer-sml-layout":"","theme-transparent-header-meta":"","adv-header-id-meta":"","stick-header-meta":"","header-above-stick-meta":"","header-main-stick-meta":"","header-below-stick-meta":"","astra-migrate-meta-layouts":"default","ast-page-background-enabled":"default","ast-page-background-meta":{"desktop":{"background-color":"var(--ast-global-color-5)","background-image":"","background-repeat":"repeat","background-position":"center center","background-size":"auto","background-attachment":"scroll","background-type":"","background-media":"","overlay-type":"","overlay-color":"","overlay-opacity":"","overlay-gradient":""},"tablet":{"background-color":"","background-image":"","background-repeat":"repeat","background-position":"center center","background-size":"auto","background-attachment":"scroll","background-type":"","background-media":"","overlay-type":"","overlay-color":"","overlay-opacity":"","overlay-gradient":""},"mobile":{"background-color":"","background-image":"","background-repeat":"repeat","background-position":"center center","background-size":"auto","background-attachment":"scroll","background-type":"","background-media":"","overlay-type":"","overlay-color":"","overlay-opacity":"","overlay-gradient":""}},"ast-content-background-meta":{"desktop":{"background-color":"var(--ast-global-color-4)","background-image":"","background-repeat":"repeat","background-position":"center center","background-size":"auto","background-attachment":"scroll","background-type":"","background-media":"","overlay-type":"","overlay-color":"","overlay-opacity":"","overlay-gradient":""},"tablet":{"background-color":"var(--ast-global-color-4)","background-image":"","background-repeat":"repeat","background-position":"center center","background-size":"auto","background-attachment":"scroll","background-type":"","background-media":"","overlay-type":"","overlay-color":"","overlay-opacity":"","overlay-gradient":""},"mobile":{"background-color":"var(--ast-global-color-4)","background-image":"","background-repeat":"repeat","background-position":"center center","background-size":"auto","background-attachment":"scroll","background-type":"","background-media":"","overlay-type":"","overlay-color":"","overlay-opacity":"","overlay-gradient":""}},"footnotes":""},"class_list":["post-28","page","type-page","status-publish","hentry"],"post_mailing_queue_ids":[],"_links":{"self":[{"href":"https:\/\/agora.xtec.cat\/escolacanfabra\/wp-json\/wp\/v2\/pages\/28","targetHints":{"allow":["GET"]}}],"collection":[{"href":"https:\/\/agora.xtec.cat\/escolacanfabra\/wp-json\/wp\/v2\/pages"}],"about":[{"href":"https:\/\/agora.xtec.cat\/escolacanfabra\/wp-json\/wp\/v2\/types\/page"}],"author":[{"embeddable":true,"href":"https:\/\/agora.xtec.cat\/escolacanfabra\/wp-json\/wp\/v2\/users\/1"}],"replies":[{"embeddable":true,"href":"https:\/\/agora.xtec.cat\/escolacanfabra\/wp-json\/wp\/v2\/comments?post=28"}],"version-history":[{"count":6,"href":"https:\/\/agora.xtec.cat\/escolacanfabra\/wp-json\/wp\/v2\/pages\/28\/revisions"}],"predecessor-version":[{"id":33196,"href":"https:\/\/agora.xtec.cat\/escolacanfabra\/wp-json\/wp\/v2\/pages\/28\/revisions\/33196"}],"up":[{"embeddable":true,"href":"https:\/\/agora.xtec.cat\/escolacanfabra\/wp-json\/wp\/v2\/pages\/22"}],"wp:attachment":[{"href":"https:\/\/agora.xtec.cat\/escolacanfabra\/wp-json\/wp\/v2\/media?parent=28"}],"curies":[{"name":"wp","href":"https:\/\/api.w.org\/{rel}","templated":true}]}}