{"id":26,"date":"2014-09-18T12:24:32","date_gmt":"2014-09-18T11:24:32","guid":{"rendered":"http:\/\/agora.xtec.cat\/escolaboragran\/?page_id=26"},"modified":"2023-07-17T14:31:46","modified_gmt":"2023-07-17T12:31:46","slug":"historia","status":"publish","type":"page","link":"https:\/\/agora.xtec.cat\/escolaboragran\/lescola\/historia\/","title":{"rendered":"Hist\u00f2ria"},"content":{"rendered":"<p style=\"text-align: justify;\"><span style=\"text-decoration: underline;\"><strong>Breu hist\u00f2ria de l\u2019escola de Seriny\u00e0<\/strong><\/span><br \/>\nEl 19 de setembre de 1857 es decreta una llei d\u2019instrucci\u00f3 p\u00fablica coneguda com a Llei Moyano la qual estableix l\u2019obligatorietat de l\u2019ensenyament de 6 a 9 anys. \u00c9s aleshores quan comen\u00e7a l\u2019escolaritzaci\u00f3 a Seriny\u00e0, com a tants altres pobles.<br \/>\nNo hi havia edifici escolar. Els nens i nenes juntament amb els seus mestres s\u2019ubicaven en edificis particulars com a Ca la Paquita, Cal Xerric, el sindicat, Cal Tui\u00e0, Cal Veterinari.<br \/>\nFou el 9 de juny de 1919 quan s\u2019inaugur\u00e0 l\u2019edifici de l\u2019actual Ajuntament, que acollia les sales consistorials, el jutjat, les escoles de nens i de nenes i les habitacions per a mestres. La construcci\u00f3 va ser possible gr\u00e0cies a la col\u00b7laboraci\u00f3 de la gent del poble, que va aportar diners, materials i estones de treball, i del doctor Valent\u00ed Carulla, aleshores rector de la Universitat de Barcelona.<br \/>\nEl 14 de gener de 1996 s\u2019inaugur\u00e0 un nou edifici, \u00e9s el que actualment acull els nens i nenes d\u2019Educaci\u00f3 Prim\u00e0ria i una aula d\u2019Educaci\u00f3 Infantil. Degut a l\u2019augment del nombre d\u2019alumnes aquest edifici no tenia prou cabuda, per aix\u00f2 es continuen utilitzant dues aules dels baixos de l\u2019Ajuntament per a Educaci\u00f3 Infantil i es van instal\u00b7lar dos barracons al pati de Prim\u00e0ria havent de reubicar la zona d\u2019esbarjo en un solar annex.<\/p>\n<p style=\"text-align: justify;\"><span style=\"text-decoration: underline;\"><strong>El nom de l\u2019escola<\/strong><\/span><br \/>\nL\u2019any 1998 es pos\u00e0 nom a l\u2019escola de Seriny\u00e0. El Consell Escolar, l\u2019APA, l\u2019Ajuntament i una consulta popular determinaren que l\u2019escola portaria el nom d\u2019una cova: Bora Gran, un nom molt vinculat a la hist\u00f2ria de Seriny\u00e0.<br \/>\nLa cova \u201cLa Bora Gran d\u2019en Carreras\u201d fou descoberta pel frare caputx\u00ed Josep Cat\u00e0 l\u2019any 1866 i excavada per primera vegada el 1871 i fins el 1944 amb els treballs de reconeguts arque\u00f2legs. \u00c9s el primer jaciment paleol\u00edtic conegut a les comarques gironines.<br \/>\nLa paraula Bora \u00e9s un top\u00f2nim no gaire usual que s\u2019utilitza en pocs indrets de les terres catalanes com a sin\u00f2nim de balma o cova.<\/p>\n<p style=\"text-align: justify;\"><span style=\"text-decoration: underline;\"><strong>El logotip de l\u2019escola<\/strong><\/span><br \/>\nEl logotip de l\u2019escola Bora Gran va ser dissenyat per l\u2019il\u00b7lustrador Xavi Garcia l\u2019any 2000. Aquest logotip representa un infant entrant a l\u2019escola amb un llapis i un llibre sota el bra\u00e7. A la coberta del llibre hi ha dibuixat un arp\u00f3 de banya de c\u00e9rvol de doble fila de dents, una de les millors peces trobades a la cova Bora Gran.<br \/>\nEl logotip de l\u2019escola Bora Gran fou presentat el diumenge 14 de maig de l\u2019any 2000, dia de la festa del 84\u00e8 Homenatge a la Vellesa.<\/p>\n<table style=\"width: 100%; border-collapse: collapse; border-color: transparent; background-color: transparent;\">\n<tbody>\n<tr>\n<td style=\"width: 49.8182%; border-color: transparent; background-color: transparent;\"><a href=\"https:\/\/agora.xtec.cat\/escolaboragran\/wp-content\/uploads\/usu747\/2017\/08\/20000514_Logo01.jpg\"><img loading=\"lazy\" decoding=\"async\" class=\"wp-image-491 aligncenter\" src=\"https:\/\/agora.xtec.cat\/escolaboragran\/wp-content\/uploads\/usu747\/2017\/08\/20000514_Logo01.jpg\" alt=\"\" width=\"408\" height=\"256\" srcset=\"https:\/\/agora.xtec.cat\/escolaboragran\/wp-content\/uploads\/usu747\/2017\/08\/20000514_Logo01.jpg 640w, https:\/\/agora.xtec.cat\/escolaboragran\/wp-content\/uploads\/usu747\/2017\/08\/20000514_Logo01-300x188.jpg 300w\" sizes=\"auto, (max-width: 408px) 100vw, 408px\" \/><\/a><\/td>\n<td style=\"width: 4.36358%; border-color: transparent; background-color: transparent;\"><\/td>\n<td style=\"width: 45.8181%; border-color: transparent; background-color: transparent;\"><a href=\"https:\/\/agora.xtec.cat\/escolaboragran\/wp-content\/uploads\/usu747\/2017\/08\/20000514_Logo02.jpg\"><img loading=\"lazy\" decoding=\"async\" class=\"wp-image-492 aligncenter\" src=\"https:\/\/agora.xtec.cat\/escolaboragran\/wp-content\/uploads\/usu747\/2017\/08\/20000514_Logo02.jpg\" alt=\"\" width=\"377\" height=\"256\" srcset=\"https:\/\/agora.xtec.cat\/escolaboragran\/wp-content\/uploads\/usu747\/2017\/08\/20000514_Logo02.jpg 640w, https:\/\/agora.xtec.cat\/escolaboragran\/wp-content\/uploads\/usu747\/2017\/08\/20000514_Logo02-300x204.jpg 300w\" sizes=\"auto, (max-width: 377px) 100vw, 377px\" \/><\/a><\/td>\n<\/tr>\n<\/tbody>\n<\/table>\n<p>El gener del 2023 es va iniciar un concurs, obert a tota la comunitat educativa, per canviar el logo de l&#8217;escola. Per fer una selecci\u00f3 dels logos presentats es va fer una votaci\u00f3 entre l&#8217;alumnat, les fam\u00edlies i el professorat. Finalment, el juny del 2023, en una darrera votaci\u00f3 al Consell Escolar va sortir guanyador el logo creat per en Martiri\u00e0 Pag\u00e8s.<\/p>\n<p><a href=\"https:\/\/agora.xtec.cat\/escolaboragran\/wp-content\/uploads\/usu747\/2023\/07\/LogoEscola_Jun23.png\"><img loading=\"lazy\" decoding=\"async\" class=\"aligncenter wp-image-6146\" src=\"https:\/\/agora.xtec.cat\/escolaboragran\/wp-content\/uploads\/usu747\/2023\/07\/LogoEscola_Jun23-1024x713.png\" alt=\"\" width=\"323\" height=\"225\" srcset=\"https:\/\/agora.xtec.cat\/escolaboragran\/wp-content\/uploads\/usu747\/2023\/07\/LogoEscola_Jun23-1024x713.png 1024w, https:\/\/agora.xtec.cat\/escolaboragran\/wp-content\/uploads\/usu747\/2023\/07\/LogoEscola_Jun23-300x209.png 300w, https:\/\/agora.xtec.cat\/escolaboragran\/wp-content\/uploads\/usu747\/2023\/07\/LogoEscola_Jun23-768x534.png 768w, https:\/\/agora.xtec.cat\/escolaboragran\/wp-content\/uploads\/usu747\/2023\/07\/LogoEscola_Jun23.png 1052w\" sizes=\"auto, (max-width: 323px) 100vw, 323px\" \/><\/a><\/p>\n<p>&nbsp;<\/p>\n<p style=\"text-align: justify;\"><strong>L\u2019escola que estimem<\/strong><br \/>\nL\u2019any 2019 es fan diversos actes per commemorar el centenari de la construcci\u00f3 de l\u2019edifici de l\u2019Ajuntament. Per aquest motiu, M. Rosa Cortada escriu \u201c<strong><a href=\"https:\/\/sites.google.com\/view\/contelescolaqueestimem\/inici\" target=\"_blank\" rel=\"noopener noreferrer\">L\u2019escola que estimem<\/a><\/strong>\u201d, un conte per a explicar a les nenes i als nens de Seriny\u00e0 la hist\u00f2ria d\u2019aquesta construcci\u00f3 i els alumnes de cicle mitj\u00e0 n\u2019han estat els il\u00b7lustradors.<br \/>\nLa Rosa havia estat mestra de la nostra escola durant vint-i-set anys, deu dels quals exercint la tasca de direcci\u00f3.<\/p>\n","protected":false},"excerpt":{"rendered":"<p>Breu hist\u00f2ria de l\u2019escola de Seriny\u00e0 El 19 de setembre de 1857 es decreta una llei d\u2019instrucci\u00f3 p\u00fablica coneguda com a Llei Moyano la qual estableix l\u2019obligatorietat de l\u2019ensenyament de 6 a 9 anys. \u00c9s aleshores quan comen\u00e7a l\u2019escolaritzaci\u00f3 a Seriny\u00e0, com a tants altres pobles. No hi havia edifici escolar. Els nens i nenes [&hellip;]<\/p>\n","protected":false},"author":1,"featured_media":0,"parent":22,"menu_order":20,"comment_status":"closed","ping_status":"closed","template":"page-templates\/side-menu.php","meta":{"_bbp_topic_count":0,"_bbp_reply_count":0,"_bbp_total_topic_count":0,"_bbp_total_reply_count":0,"_bbp_voice_count":0,"_bbp_anonymous_reply_count":0,"_bbp_topic_count_hidden":0,"_bbp_reply_count_hidden":0,"_bbp_forum_subforum_count":0,"site-sidebar-layout":"default","site-content-layout":"","ast-site-content-layout":"","site-content-style":"default","site-sidebar-style":"default","ast-global-header-display":"","ast-banner-title-visibility":"","ast-main-header-display":"","ast-hfb-above-header-display":"","ast-hfb-below-header-display":"","ast-hfb-mobile-header-display":"","site-post-title":"","ast-breadcrumbs-content":"","ast-featured-img":"","footer-sml-layout":"","theme-transparent-header-meta":"","adv-header-id-meta":"","stick-header-meta":"","header-above-stick-meta":"","header-main-stick-meta":"","header-below-stick-meta":"","astra-migrate-meta-layouts":"default","ast-page-background-enabled":"default","ast-page-background-meta":{"desktop":{"background-color":"var(--ast-global-color-4)","background-image":"","background-repeat":"repeat","background-position":"center center","background-size":"auto","background-attachment":"scroll","background-type":"","background-media":"","overlay-type":"","overlay-color":"","overlay-opacity":"","overlay-gradient":""},"tablet":{"background-color":"","background-image":"","background-repeat":"repeat","background-position":"center center","background-size":"auto","background-attachment":"scroll","background-type":"","background-media":"","overlay-type":"","overlay-color":"","overlay-opacity":"","overlay-gradient":""},"mobile":{"background-color":"","background-image":"","background-repeat":"repeat","background-position":"center center","background-size":"auto","background-attachment":"scroll","background-type":"","background-media":"","overlay-type":"","overlay-color":"","overlay-opacity":"","overlay-gradient":""}},"ast-content-background-meta":{"desktop":{"background-color":"var(--ast-global-color-5)","background-image":"","background-repeat":"repeat","background-position":"center center","background-size":"auto","background-attachment":"scroll","background-type":"","background-media":"","overlay-type":"","overlay-color":"","overlay-opacity":"","overlay-gradient":""},"tablet":{"background-color":"var(--ast-global-color-5)","background-image":"","background-repeat":"repeat","background-position":"center center","background-size":"auto","background-attachment":"scroll","background-type":"","background-media":"","overlay-type":"","overlay-color":"","overlay-opacity":"","overlay-gradient":""},"mobile":{"background-color":"var(--ast-global-color-5)","background-image":"","background-repeat":"repeat","background-position":"center center","background-size":"auto","background-attachment":"scroll","background-type":"","background-media":"","overlay-type":"","overlay-color":"","overlay-opacity":"","overlay-gradient":""}},"footnotes":""},"class_list":["post-26","page","type-page","status-publish","hentry"],"post_mailing_queue_ids":[],"_links":{"self":[{"href":"https:\/\/agora.xtec.cat\/escolaboragran\/wp-json\/wp\/v2\/pages\/26","targetHints":{"allow":["GET"]}}],"collection":[{"href":"https:\/\/agora.xtec.cat\/escolaboragran\/wp-json\/wp\/v2\/pages"}],"about":[{"href":"https:\/\/agora.xtec.cat\/escolaboragran\/wp-json\/wp\/v2\/types\/page"}],"author":[{"embeddable":true,"href":"https:\/\/agora.xtec.cat\/escolaboragran\/wp-json\/wp\/v2\/users\/1"}],"replies":[{"embeddable":true,"href":"https:\/\/agora.xtec.cat\/escolaboragran\/wp-json\/wp\/v2\/comments?post=26"}],"version-history":[{"count":3,"href":"https:\/\/agora.xtec.cat\/escolaboragran\/wp-json\/wp\/v2\/pages\/26\/revisions"}],"predecessor-version":[{"id":6144,"href":"https:\/\/agora.xtec.cat\/escolaboragran\/wp-json\/wp\/v2\/pages\/26\/revisions\/6144"}],"up":[{"embeddable":true,"href":"https:\/\/agora.xtec.cat\/escolaboragran\/wp-json\/wp\/v2\/pages\/22"}],"wp:attachment":[{"href":"https:\/\/agora.xtec.cat\/escolaboragran\/wp-json\/wp\/v2\/media?parent=26"}],"curies":[{"name":"wp","href":"https:\/\/api.w.org\/{rel}","templated":true}]}}