{"id":26,"date":"2014-09-18T12:24:32","date_gmt":"2014-09-18T11:24:32","guid":{"rendered":"http:\/\/agora.xtec.cat\/escolabacdecerdanya\/?page_id=26"},"modified":"2018-11-19T16:23:16","modified_gmt":"2018-11-19T15:23:16","slug":"historia","status":"publish","type":"page","link":"https:\/\/agora.xtec.cat\/escolabacdecerdanya\/lescola\/historia\/","title":{"rendered":"Projectes i programes escolars"},"content":{"rendered":"<p>A l&#8217;escola fem molts projectes! Alguns ja fa anys que el fem i estan molt consolidats i altres s\u00f3n d&#8217;implantaci\u00f3 recent.<br \/>\nCreiem que una escola s&#8217;ha d&#8217;anar adaptant als canvis que experimenta la societat i per aquest motiu, les nostres din\u00e0miques de treball van evolucionant.<\/p>\n<table style=\"border-collapse: collapse; width: 100%;\" border=\"1\">\n<tbody>\n<tr style=\"height: 165px;\">\n<td style=\"width: 50%; height: 165px;\"><strong>Programa d&#8217;estimulaci\u00f3 primerenca<\/strong><\/p>\n<ul>\n<li>Programa d&#8217;intel\u00b7lig\u00e8ncia (bits)<\/li>\n<li>Programa de desenvolupament b\u00e0sic (circuit de psicomotricitat)<\/li>\n<\/ul>\n<\/td>\n<td style=\"width: 50%; height: 165px;\"><img loading=\"lazy\" decoding=\"async\" class=\"aligncenter wp-image-741 size-thumbnail\" src=\"https:\/\/agora.xtec.cat\/escolabacdecerdanya\/wp-content\/uploads\/usu1753\/2018\/11\/CIRCUIT-150x150.jpg\" alt=\"\" width=\"150\" height=\"150\" \/><\/td>\n<\/tr>\n<tr style=\"height: 29px;\">\n<td style=\"width: 50%; height: 29px;\"><strong>Treball per projectes<\/strong><\/p>\n<ul>\n<li>\u00c0lber<\/li>\n<li>Projecte de l&#8217;entorn<\/li>\n<li>projectes de cada classe<\/li>\n<\/ul>\n<\/td>\n<td style=\"width: 50%; height: 29px;\"><img loading=\"lazy\" decoding=\"async\" class=\"size-thumbnail wp-image-742 aligncenter\" src=\"https:\/\/agora.xtec.cat\/escolabacdecerdanya\/wp-content\/uploads\/usu1753\/2018\/11\/DSC01885-150x150.jpg\" alt=\"\" width=\"150\" height=\"150\" \/><\/td>\n<\/tr>\n<tr style=\"height: 29px;\">\n<td style=\"width: 50%; height: 29px;\"><strong>Recursos 2.0<\/strong><\/p>\n<ul>\n<li>Pissarres digitals a totes les aules<\/li>\n<li>Aula d&#8217;inform\u00e0tica<\/li>\n<li>Tauletes i port\u00e0tils<\/li>\n<li>Rob\u00f2tica<\/li>\n<\/ul>\n<\/td>\n<td style=\"width: 50%; height: 29px;\"><img loading=\"lazy\" decoding=\"async\" class=\"size-thumbnail wp-image-743 aligncenter\" src=\"https:\/\/agora.xtec.cat\/escolabacdecerdanya\/wp-content\/uploads\/usu1753\/2018\/11\/DSC_1624-150x150.jpg\" alt=\"\" width=\"150\" height=\"150\" \/><\/td>\n<\/tr>\n<tr style=\"height: 29px;\">\n<td style=\"width: 50%; height: 29px;\"><strong>Atenci\u00f3 a la diversitat<\/strong><\/p>\n<ul>\n<li>Seguiment de la comissi\u00f3 d&#8217;atenci\u00f3 a la diversitat (CAD)<\/li>\n<li>Aula d&#8217;educaci\u00f3 especial<\/li>\n<li>Desdoblaments de les classes<\/li>\n<li>SEP<\/li>\n<li>Treball en grups redu\u00efts<\/li>\n<\/ul>\n<\/td>\n<td style=\"width: 50%; height: 29px;\"><img loading=\"lazy\" decoding=\"async\" class=\"size-thumbnail wp-image-744 aligncenter\" src=\"https:\/\/agora.xtec.cat\/escolabacdecerdanya\/wp-content\/uploads\/usu1753\/2018\/11\/dia-discapacidad1-150x150.jpg\" alt=\"\" width=\"150\" height=\"150\" \/><\/td>\n<\/tr>\n<tr style=\"height: 29px;\">\n<td style=\"width: 50%; height: 29px;\"><strong>Metodologia de Lleng\u00fces<\/strong><\/p>\n<ul>\n<li>Lleng\u00fces pr\u00f2pies (treballem sense llibres de text per tal d&#8217;aprofitar les pissarres digitals)<\/li>\n<li>Lleng\u00fces estrangeres (angl\u00e8s a partir d&#8217;infantil i franc\u00e8s a partir de cicle mitj\u00e0)<\/li>\n<li>AICLE (Aprenentatge integrat de continguts i llengua estrangera)<\/li>\n<\/ul>\n<\/td>\n<td style=\"width: 50%; height: 29px;\"><img loading=\"lazy\" decoding=\"async\" class=\"size-thumbnail wp-image-745 aligncenter\" src=\"https:\/\/agora.xtec.cat\/escolabacdecerdanya\/wp-content\/uploads\/usu1753\/2018\/11\/LLENG\u00dcES-150x150.jpg\" alt=\"\" width=\"150\" height=\"150\" \/><\/td>\n<\/tr>\n<tr>\n<td style=\"width: 50%;\"><strong>Projecte Escolta&#8217;m<\/strong><\/p>\n<ul>\n<li>Projecte que promou <em>personalitzar l&#8217;escola<\/em> amb un pla d&#8217;intervenci\u00f3 educativa que estableixi una vinculaci\u00f3 educativa positiva entre el tutor i l&#8217;alumne.<\/li>\n<\/ul>\n<\/td>\n<td style=\"width: 50%;\"><img loading=\"lazy\" decoding=\"async\" class=\"size-thumbnail wp-image-792 aligncenter\" src=\"https:\/\/agora.xtec.cat\/escolabacdecerdanya\/wp-content\/uploads\/usu1753\/2018\/11\/DSC_1751-150x150.jpg\" alt=\"\" width=\"150\" height=\"150\" \/><\/td>\n<\/tr>\n<tr>\n<td style=\"width: 50%;\"><strong>Padrins Lectors<\/strong><\/p>\n<ul>\n<li>Els alumnes m\u00e9s grans ajuden als petits a llegir.<\/li>\n<\/ul>\n<\/td>\n<td style=\"width: 50%;\">\u00a0<img loading=\"lazy\" decoding=\"async\" class=\"size-thumbnail wp-image-794 aligncenter\" src=\"https:\/\/agora.xtec.cat\/escolabacdecerdanya\/wp-content\/uploads\/usu1753\/2018\/11\/Destacada-1030x409-150x150.png\" alt=\"\" width=\"150\" height=\"150\" \/><\/td>\n<\/tr>\n<tr style=\"height: 29px;\">\n<td style=\"width: 50%; height: 29px;\"><strong>Setmana Cultural<\/strong><\/p>\n<ul>\n<li>Setmana dedicada a una tem\u00e0tica concreta i diferent als continguts habituals<\/li>\n<\/ul>\n<\/td>\n<td style=\"width: 50%; height: 29px;\"><img loading=\"lazy\" decoding=\"async\" class=\"size-thumbnail wp-image-746 aligncenter\" src=\"https:\/\/agora.xtec.cat\/escolabacdecerdanya\/wp-content\/uploads\/usu1753\/2018\/11\/IMG_3572-150x150.jpg\" alt=\"\" width=\"150\" height=\"150\" \/><\/td>\n<\/tr>\n<tr style=\"height: 29px;\">\n<td style=\"width: 50%; height: 29px;\"><strong>Esqu\u00ed<\/strong><\/p>\n<ul>\n<li>Setmana blanca d&#8217;esqu\u00ed alp\u00ed (un any a cada una de les nostres pistes municipals: La Molina i Masella)<\/li>\n<li>Esqu\u00ed n\u00f2rdic (a l&#8217;estaci\u00f3 de Guils de Cerdanya)<\/li>\n<li>Programa d&#8217;esport blanc de la Generalitat de Catalunya (cicle mitj\u00e0). *<i>Veure annex al final d&#8217;aquesta p\u00e0gina.<\/i><\/li>\n<\/ul>\n<\/td>\n<td style=\"width: 50%; height: 29px;\">\u00a0<img loading=\"lazy\" decoding=\"async\" class=\"size-thumbnail wp-image-785 aligncenter\" src=\"https:\/\/agora.xtec.cat\/escolabacdecerdanya\/wp-content\/uploads\/usu1753\/2018\/11\/IMG_5736-150x150.jpg\" alt=\"\" width=\"150\" height=\"150\" \/><\/td>\n<\/tr>\n<tr style=\"height: 29px;\">\n<td style=\"width: 50%; height: 29px;\"><strong>Nataci\u00f3<\/strong><\/p>\n<ul>\n<li>Infantil i inicial, al pavell\u00f3 poliesportiu de Puigcerd\u00e0)<\/li>\n<\/ul>\n<\/td>\n<td style=\"width: 50%; height: 29px;\">\u00a0<img loading=\"lazy\" decoding=\"async\" class=\"size-thumbnail wp-image-786 aligncenter\" src=\"https:\/\/agora.xtec.cat\/escolabacdecerdanya\/wp-content\/uploads\/usu1753\/2018\/11\/20180615_114122-150x150.jpg\" alt=\"\" width=\"150\" height=\"150\" \/><\/td>\n<\/tr>\n<tr style=\"height: 29px;\">\n<td style=\"width: 50%; height: 29px;\"><strong>Hort escolar<\/strong><\/p>\n<ul>\n<li>Projecte d&#8217;investigaci\u00f3 i pr\u00e0ctica destinat als alumnes de 3r.<\/li>\n<\/ul>\n<\/td>\n<td style=\"width: 50%; height: 29px;\">\u00a0<img loading=\"lazy\" decoding=\"async\" class=\"size-thumbnail wp-image-787 aligncenter\" src=\"https:\/\/agora.xtec.cat\/escolabacdecerdanya\/wp-content\/uploads\/usu1753\/2018\/11\/f5cca546-ccd8-44d7-9d75-1968026d5f09-150x150.jpg\" alt=\"\" width=\"150\" height=\"150\" \/><\/td>\n<\/tr>\n<tr style=\"height: 29px;\">\n<td style=\"width: 50%; height: 29px;\"><strong>Cant\u00e0nia<\/strong><\/p>\n<ul>\n<li>Activitat a l&#8217;auditori de Barcelona destinada als alumnes de cicle superior (cada dos anys)<\/li>\n<\/ul>\n<\/td>\n<td style=\"width: 50%; height: 29px;\">\u00a0<img loading=\"lazy\" decoding=\"async\" class=\"size-thumbnail wp-image-788 aligncenter\" src=\"https:\/\/agora.xtec.cat\/escolabacdecerdanya\/wp-content\/uploads\/usu1753\/2018\/11\/IMG-20170529-WA0039-150x150.jpg\" alt=\"\" width=\"150\" height=\"150\" \/><\/td>\n<\/tr>\n<tr style=\"height: 29px;\">\n<td style=\"width: 50%; height: 29px;\"><strong>Esmorzars saludables<\/strong><\/p>\n<ul>\n<li>Esmorzem fruita tots els dijous.<\/li>\n<li>Programa del Pla de consum de fruites i verdures de la Uni\u00f3 Europea i de la Generalitat de Catalunya.<\/li>\n<li>Programa de distribuci\u00f3 de llet de la Uni\u00f3 europea i la Generalitat de Catalunya<\/li>\n<\/ul>\n<\/td>\n<td style=\"width: 50%; height: 29px;\">\u00a0<img loading=\"lazy\" decoding=\"async\" class=\"size-thumbnail wp-image-789 aligncenter\" src=\"https:\/\/agora.xtec.cat\/escolabacdecerdanya\/wp-content\/uploads\/usu1753\/2018\/11\/fullsizeoutput_4ec3-150x150.jpeg\" alt=\"\" width=\"150\" height=\"150\" \/><\/td>\n<\/tr>\n<tr style=\"height: 29px;\">\n<td style=\"width: 50%; height: 29px;\"><strong>Col\u00f2nies<\/strong><\/p>\n<ul>\n<li>Infantil i Prim\u00e0ria tres dies i dues nits (un any de platja i un altre d&#8217;interior, per tal de con\u00e8ixer el territori).<\/li>\n<\/ul>\n<\/td>\n<td style=\"width: 50%; height: 29px;\">\u00a0<img loading=\"lazy\" decoding=\"async\" class=\"size-thumbnail wp-image-790 aligncenter\" src=\"https:\/\/agora.xtec.cat\/escolabacdecerdanya\/wp-content\/uploads\/usu1753\/2018\/11\/20180425_210439-150x150.jpg\" alt=\"\" width=\"150\" height=\"150\" \/><\/td>\n<\/tr>\n<\/tbody>\n<\/table>\n","protected":false},"excerpt":{"rendered":"<p>A l&#8217;escola fem molts projectes! Alguns ja fa anys que el fem i estan molt consolidats i altres s\u00f3n d&#8217;implantaci\u00f3 recent.<br \/>\nCreiem que una escola s&#8217;ha d&#8217;anar adaptant als canvis que experimenta la societat i per aquest motiu, les nostres din\u00e0miques de treball van evolucionant.<\/p>\n<p>Programa d&#8217;estimulaci\u00f3&hellip;  <a href=\"https:\/\/agora.xtec.cat\/escolabacdecerdanya\/lescola\/historia\/\" title=\"Read Projectes i programes escolars\">Llegeix m\u00e9s\u00bb<\/a><\/p>\n","protected":false},"author":1,"featured_media":0,"parent":22,"menu_order":20,"comment_status":"closed","ping_status":"closed","template":"page-templates\/side-menu.php","meta":{"_bbp_topic_count":0,"_bbp_reply_count":0,"_bbp_total_topic_count":0,"_bbp_total_reply_count":0,"_bbp_voice_count":0,"_bbp_anonymous_reply_count":0,"_bbp_topic_count_hidden":0,"_bbp_reply_count_hidden":0,"_bbp_forum_subforum_count":0,"footnotes":""},"class_list":["post-26","page","type-page","status-publish","hentry"],"post_mailing_queue_ids":[],"_links":{"self":[{"href":"https:\/\/agora.xtec.cat\/escolabacdecerdanya\/wp-json\/wp\/v2\/pages\/26","targetHints":{"allow":["GET"]}}],"collection":[{"href":"https:\/\/agora.xtec.cat\/escolabacdecerdanya\/wp-json\/wp\/v2\/pages"}],"about":[{"href":"https:\/\/agora.xtec.cat\/escolabacdecerdanya\/wp-json\/wp\/v2\/types\/page"}],"author":[{"embeddable":true,"href":"https:\/\/agora.xtec.cat\/escolabacdecerdanya\/wp-json\/wp\/v2\/users\/1"}],"replies":[{"embeddable":true,"href":"https:\/\/agora.xtec.cat\/escolabacdecerdanya\/wp-json\/wp\/v2\/comments?post=26"}],"version-history":[{"count":3,"href":"https:\/\/agora.xtec.cat\/escolabacdecerdanya\/wp-json\/wp\/v2\/pages\/26\/revisions"}],"predecessor-version":[{"id":795,"href":"https:\/\/agora.xtec.cat\/escolabacdecerdanya\/wp-json\/wp\/v2\/pages\/26\/revisions\/795"}],"up":[{"embeddable":true,"href":"https:\/\/agora.xtec.cat\/escolabacdecerdanya\/wp-json\/wp\/v2\/pages\/22"}],"wp:attachment":[{"href":"https:\/\/agora.xtec.cat\/escolabacdecerdanya\/wp-json\/wp\/v2\/media?parent=26"}],"curies":[{"name":"wp","href":"https:\/\/api.w.org\/{rel}","templated":true}]}}