{"id":28,"date":"2014-09-18T12:29:35","date_gmt":"2014-09-18T11:29:35","guid":{"rendered":"http:\/\/agora.xtec.cat\/escolaandersen\/?page_id=28"},"modified":"2024-10-16T08:41:51","modified_gmt":"2024-10-16T06:41:51","slug":"consell-escolar","status":"publish","type":"page","link":"https:\/\/agora.xtec.cat\/escolaandersen\/lescola\/consell-escolar\/","title":{"rendered":"Consell escolar"},"content":{"rendered":"<p>El Consell Escolar de l&#8217;escola \u00e9s l&#8217;<strong>\u00f2rgan col\u00b7legiat de participaci\u00f3<\/strong> de la comunitat escolar en el govern del centre. En el consell escolar hi ha representats tots els col\u00b7lectius que intervenen en la comunitat educativa: directora, equip docent, fam\u00edlies, alumnat, personal d&#8217;administraci\u00f3 i serveis.<\/p>\n<p>La funci\u00f3 principal del Consell Escolar \u00e9s participar en la presa de decisions en relaci\u00f3 amb aquells temes importants per al funcionament i l&#8217;organitzaci\u00f3 del centre: el projecte educatiu, la programaci\u00f3 general, la gesti\u00f3 econ\u00f2mica, etc.<\/p>\n<p>Els membres del Consell Escolar s\u00f3n elegits per un per\u00edode de quatre anys i es renoven per meitats cada dos anys.<\/p>\n<p>Actualment est\u00e0 format per:<\/p>\n<table class=\" aligncenter\" style=\"width: 83.9192%; border-collapse: collapse; height: 256px;\">\n<tbody>\n<tr style=\"height: 32px;\">\n<td style=\"width: 38.6504%; height: 32px;\">PRESIDENTA<\/td>\n<td style=\"width: 55.9122%; height: 32px;\">BEGO RAMIREZ<\/td>\n<\/tr>\n<tr style=\"height: 32px;\">\n<td style=\"width: 38.6504%; height: 32px;\">CAP D&#8217;ESTUDIS<\/td>\n<td style=\"width: 55.9122%; height: 32px;\">JUDIT MORUNO<\/td>\n<\/tr>\n<tr style=\"height: 32px;\">\n<td style=\"width: 38.6504%; height: 32px;\">SECRET\u00c0RIA<\/td>\n<td style=\"width: 55.9122%; height: 32px;\">PILAR SALVANS<\/td>\n<\/tr>\n<tr style=\"height: 32px;\">\n<td style=\"width: 38.6504%; height: 32px;\">REPRESENTANTS EQUIP DOCENT<\/td>\n<td style=\"width: 55.9122%; height: 32px;\">SARA FARRARONS, DEBORAH POYATO, MIREIA SIMON, PILI CANAL, SARA ESCUCHAS<\/td>\n<\/tr>\n<tr style=\"height: 32px;\">\n<td style=\"width: 38.6504%; height: 32px;\">REPRESENTANTS FAM\u00cdLIES<\/td>\n<td style=\"width: 55.9122%; height: 32px;\">MARIONA VI\u00d1AS, AMADEU BOSCH, TXELL PUIG, MARTA PINT\u00d3, JOAN COMA<\/td>\n<\/tr>\n<tr style=\"height: 32px;\">\n<td style=\"width: 38.6504%; height: 32px;\">REPRESENTANTS AFA<\/td>\n<td style=\"width: 55.9122%; height: 32px;\">ARIADNA CANADELL<\/td>\n<\/tr>\n<tr style=\"height: 32px;\">\n<td style=\"width: 38.6504%; height: 32px;\">REPRESENTANTS AJUNTAMENT<\/td>\n<td style=\"width: 55.9122%; height: 32px;\">ELISABET FRANQUESA<\/td>\n<\/tr>\n<tr style=\"height: 32px;\">\n<td style=\"width: 38.6504%; height: 32px;\">REPRESENTANT PAS<\/td>\n<td style=\"width: 55.9122%; height: 32px;\">MONTSERRAT FARRAN<\/td>\n<\/tr>\n<\/tbody>\n<\/table>\n<p>&nbsp;<\/p>\n<p style=\"text-align: center;\"><a href=\"https:\/\/drive.google.com\/drive\/folders\/1BocNgK4zxn1o0DJeeTYdzIkvDDg9Zw0g?usp=sharing\" target=\"_blank\" rel=\"noopener\">Acc\u00e9s a les actes de Consell Escolar<\/a><\/p>\n","protected":false},"excerpt":{"rendered":"<p>El Consell Escolar de l&#8217;escola \u00e9s l&#8217;\u00f2rgan col\u00b7legiat de participaci\u00f3 de la comunitat escolar en el govern del centre. En el consell escolar hi ha representats tots els col\u00b7lectius que intervenen en la comunitat educativa: directora, equip docent, fam\u00edlies, alumnat, personal d&#8217;administraci\u00f3 i serveis.<br \/>\nLa funci\u00f3&hellip;  <a href=\"https:\/\/agora.xtec.cat\/escolaandersen\/lescola\/consell-escolar\/\" title=\"Read Consell escolar\">Llegeix m\u00e9s\u00bb<\/a><\/p>\n","protected":false},"author":1,"featured_media":0,"parent":22,"menu_order":30,"comment_status":"closed","ping_status":"closed","template":"page-templates\/side-menu.php","meta":{"_bbp_topic_count":0,"_bbp_reply_count":0,"_bbp_total_topic_count":0,"_bbp_total_reply_count":0,"_bbp_voice_count":0,"_bbp_anonymous_reply_count":0,"_bbp_topic_count_hidden":0,"_bbp_reply_count_hidden":0,"_bbp_forum_subforum_count":0,"footnotes":""},"class_list":["post-28","page","type-page","status-publish","hentry"],"post_mailing_queue_ids":[],"_links":{"self":[{"href":"https:\/\/agora.xtec.cat\/escolaandersen\/wp-json\/wp\/v2\/pages\/28","targetHints":{"allow":["GET"]}}],"collection":[{"href":"https:\/\/agora.xtec.cat\/escolaandersen\/wp-json\/wp\/v2\/pages"}],"about":[{"href":"https:\/\/agora.xtec.cat\/escolaandersen\/wp-json\/wp\/v2\/types\/page"}],"author":[{"embeddable":true,"href":"https:\/\/agora.xtec.cat\/escolaandersen\/wp-json\/wp\/v2\/users\/1"}],"replies":[{"embeddable":true,"href":"https:\/\/agora.xtec.cat\/escolaandersen\/wp-json\/wp\/v2\/comments?post=28"}],"version-history":[{"count":6,"href":"https:\/\/agora.xtec.cat\/escolaandersen\/wp-json\/wp\/v2\/pages\/28\/revisions"}],"predecessor-version":[{"id":1925,"href":"https:\/\/agora.xtec.cat\/escolaandersen\/wp-json\/wp\/v2\/pages\/28\/revisions\/1925"}],"up":[{"embeddable":true,"href":"https:\/\/agora.xtec.cat\/escolaandersen\/wp-json\/wp\/v2\/pages\/22"}],"wp:attachment":[{"href":"https:\/\/agora.xtec.cat\/escolaandersen\/wp-json\/wp\/v2\/media?parent=28"}],"curies":[{"name":"wp","href":"https:\/\/api.w.org\/{rel}","templated":true}]}}