{"id":2092,"date":"2021-02-18T17:06:03","date_gmt":"2021-02-18T16:06:03","guid":{"rendered":"http:\/\/agora.xtec.cat\/escolaadultspremia\/?page_id=2092"},"modified":"2025-07-01T11:32:47","modified_gmt":"2025-07-01T09:32:47","slug":"acces-a-grau-superior","status":"publish","type":"page","link":"https:\/\/agora.xtec.cat\/escolaadultspremia\/el-centre\/ensenyaments\/preparacio-de-proves-dacces\/acces-a-grau-superior\/","title":{"rendered":"Acc\u00e9s a Grau Superior"},"content":{"rendered":"\n<h3 class=\"wp-block-heading has-text-align-center has-luminous-vivid-amber-background-color has-background\"><span style=\"color: #000000;\"><strong>Descripci\u00f3 de l&#8217;ensenyament<\/strong><\/span><\/h3>\n\n\n\n<h5 class=\"wp-block-heading\">Franja hor\u00e0ria i durada:<\/h5>\n\n\n\n<p>Es tracta d&#8217;un curs de 10 hores setmanals <strong>en franja hor\u00e0ria de mat\u00ed<\/strong>. El curs de preparaci\u00f3 per a la prova d&#8217;acc\u00e9s a Grau Superior t\u00e9 una durada anual, <strong>des de setembre fins al maig<\/strong>, mes en qu\u00e8 es realitza la prova d&#8217;acc\u00e9s.<\/p>\n\n\n\n<h5 class=\"wp-block-heading\">Modalitat presencial + IOC<\/h5>\n\n\n\n<p>El curs ofereix la preparaci\u00f3 per a les mat\u00e8ries de la <strong>fase comuna de manera presencial<\/strong>. D&#8217;altra banda, l&#8217;alumnat que comenci el curs al setembre ser\u00e0 matriculat a l&#8217;Institut Obert de Catalunya (IOC) perqu\u00e8 faci la <strong>preparaci\u00f3 de les mat\u00e8ries espec\u00edfiques en modalitat a dist\u00e0ncia<\/strong>. L&#8217;alumnat que s&#8217;incorpori <strong>a partir de mitjans d&#8217;octubre no podr\u00e0 ser matriculat a l&#8217;IOC<\/strong> ni avaluat de les mat\u00e8ries espec\u00edfiques, per la qual cosa <strong>no optar\u00e0 a obtenir el certificat<\/strong> de superaci\u00f3 del curs.<\/p>\n\n\n\n<h3 class=\"wp-block-heading has-text-align-center has-luminous-vivid-amber-background-color has-background\"><strong>Requisits d&#8217;inscripci\u00f3<\/strong> a les proves d&#8217;acc\u00e9s<\/h3>\n\n\n\n<p>Per inscriure&#8217;s a la prova cal:<\/p>\n\n\n\n<ul class=\"wp-block-list\">\n<li>Tenir 19 anys o m\u00e9s (o complir-los durant l&#8217;any natural de la prova).<\/li>\n\n\n\n<li>No tenir cap titulaci\u00f3 acad\u00e8mica equivalent o b\u00e9 que doni acc\u00e9s a un cicle formatiu de Grau Superior, com ara el Batxillerat o un cicle formatiu de Grau Mitj\u00e0.<\/li>\n\n\n\n<li>Des del curs 2017-2018, els alumnes que acreditin un Grau Mitj\u00e0 aprovat, no hauran de fer la Prova d&#8217;acc\u00e9s i la nota del curs de Preparaci\u00f3 els servir\u00e0 per accedir directament als centres on imparteixin els graus.<\/li>\n<\/ul>\n\n\n\n<h3 class=\"wp-block-heading has-text-align-center has-luminous-vivid-amber-background-color has-background\">Mat\u00e8ries i avaluaci\u00f3 del curs d&#8217;acc\u00e9s a Grau Superior<\/h3>\n\n\n\n<p>L&#8217;avaluaci\u00f3 del curs \u00e9s continuada i l&#8217;assist\u00e8ncia obligat\u00f2ria. El <strong>certificat de superaci\u00f3 del curs<\/strong> s&#8217;ha d&#8217;entregar al tribunal d&#8217;avaluaci\u00f3 de la prova d&#8217;acc\u00e9s, el resultat de multiplicar la nota obtinguda al certificat per 0,2 se sumar\u00e0 a la qualificaci\u00f3 final de la prova d&#8217;acc\u00e9s. <\/p>\n\n\n\n<ul class=\"wp-block-list\">\n<li>Exemple: La nota final del curs de 7 es multiplica per 0,2 = <strong>1,4 punts extra a la prova final<\/strong>.<\/li>\n<\/ul>\n\n\n\n<div class=\"wp-block-columns is-layout-flex wp-container-core-columns-is-layout-4 wp-block-columns-is-layout-flex\">\n<div class=\"wp-block-column is-layout-flow wp-block-column-is-layout-flow\" style=\"flex-basis:100%\">\n<div class=\"wp-block-columns is-layout-flex wp-container-core-columns-is-layout-2 wp-block-columns-is-layout-flex\">\n<div class=\"wp-block-column is-layout-flow wp-block-column-is-layout-flow\" style=\"flex-basis:100%\">\n<div class=\"wp-block-columns is-layout-flex wp-container-core-columns-is-layout-1 wp-block-columns-is-layout-flex\">\n<div class=\"wp-block-column is-layout-flow wp-block-column-is-layout-flow\">\n<h3 class=\"wp-block-heading has-text-align-center has-ast-global-color-0-background-color has-background\" style=\"border-width:4px;border-radius:23px\">Mat\u00e8ries comunes (50%)<\/h3>\n\n\n\n<p class=\"has-text-align-center\">(Mat\u00e8ries cursades en modalitat presencial al centre)<\/p>\n<\/div>\n\n\n\n<div class=\"wp-block-column is-layout-flow wp-block-column-is-layout-flow\">\n<h3 class=\"wp-block-heading has-text-align-center has-vivid-green-cyan-background-color has-background\" style=\"border-width:4px;border-radius:23px\">Mat\u00e8ries espec\u00edfiques (50%)<\/h3>\n\n\n\n<p class=\"has-text-align-center\">(Mat\u00e8ries cursades en modalitat en l\u00ednia a l&#8217;IOC)<\/p>\n<\/div>\n<\/div>\n<\/div>\n<\/div>\n\n\n\n<div class=\"wp-block-columns is-layout-flex wp-container-core-columns-is-layout-3 wp-block-columns-is-layout-flex\">\n<div class=\"wp-block-column is-layout-flow wp-block-column-is-layout-flow\">\n<p class=\"has-text-align-center has-ast-global-color-0-background-color has-background has-small-font-size\" style=\"border-radius:20px\"><strong>Catal\u00e0<\/strong><\/p>\n\n\n\n<p class=\"has-text-align-center has-ast-global-color-0-background-color has-background has-small-font-size\" style=\"border-radius:20px\"><strong>Castell\u00e0<\/strong><\/p>\n\n\n\n<p class=\"has-text-align-center has-ast-global-color-0-background-color has-background has-small-font-size\" style=\"border-radius:20px\"><strong>Angl\u00e8s<\/strong><\/p>\n\n\n\n<p class=\"has-text-align-center has-ast-global-color-0-background-color has-background has-small-font-size\" style=\"border-radius:20px\"><strong>Matem\u00e0tiques<\/strong><\/p>\n<\/div>\n\n\n\n<div class=\"wp-block-column is-layout-flow wp-block-column-is-layout-flow\">\n<p class=\"has-text-align-center has-vivid-green-cyan-background-color has-background has-small-font-size\" style=\"border-radius:20px\"><strong>Mat\u00e8ria espec\u00edfica A<\/strong><\/p>\n\n\n\n<p class=\"has-text-align-center has-vivid-green-cyan-background-color has-background has-small-font-size\" style=\"border-radius:20px\"><strong>Mat\u00e8ria espec\u00edfica B<\/strong><\/p>\n<\/div>\n<\/div>\n<\/div>\n<\/div>\n\n\n\n<h3 class=\"wp-block-heading has-text-align-center has-luminous-vivid-amber-background-color has-background\"><strong>Mat\u00e8ries espec\u00edfiques<\/strong><\/h3>\n\n\n\n<p>Cada alumne haur\u00e0 d&#8217;escollir dues assignatures de l&#8217;opci\u00f3 que li correspongui segons la fam\u00edlia professional a la qual pertanyin els estudis que vol&nbsp;realitzar. Aquestes dues assignatures es cursaran <strong><em>online <\/em><\/strong>a trav\u00e9s de l&#8217;Institut Obert de Catalunya (IOC), mitjan\u00e7ant matr\u00edcula compartida.  <\/p>\n\n\n\n<iframe loading=\"lazy\" src=\"https:\/\/drive.google.com\/file\/d\/1q6eH89oPdRvIHMSnAjOsBvz_Iw3CpSwW\/preview\" width=\"640\" height=\"800\" allow=\"autoplay\"><\/iframe>\n\n\n\n<h3 class=\"wp-block-heading has-text-align-center has-luminous-vivid-amber-background-color has-background\">Exempcions de la fase espec\u00edfica<\/h3>\n\n\n\n<p>Alguns alumnes poden estar exempts de realitzar la part de les mat\u00e8ries espec\u00edfiques si poden acreditar experi\u00e8ncia laboral relacionada amb el grau superior a cursar. Cliqueu sobre l&#8217;<a href=\"https:\/\/triaeducativa.gencat.cat\/ca\/proves\/proves-acces\/fp\/fp-gs\/exempcions\/\">enlla\u00e7<\/a> seg\u00fcent per a m\u00e9s informaci\u00f3 sobre les exempcions de mat\u00e8ries.<\/p>\n\n\n\n<h3 class=\"wp-block-heading has-text-align-center has-luminous-vivid-amber-background-color has-background\">Efectes de superaci\u00f3 de la prova d&#8217;acc\u00e9s<\/h3>\n\n\n\n<p>La superaci\u00f3 de la prova d&#8217;acc\u00e9s a cicles formatius de grau superior:<\/p>\n\n\n\n<ul class=\"wp-block-list\">\n<li>permetr\u00e0 l&#8217;acc\u00e9s als cicles formatius de grau superior que pertanyen a les fam\u00edlies professionals vinculades a la part espec\u00edfica de la prova superada per la persona aspirant.<\/li>\n\n\n\n<li>permet l&#8217;acc\u00e9s a qualsevol cicle de grau mitj\u00e0 d&#8217;ensenyaments esportius, sempre que es compleixin la resta de requisits d&#8217;acc\u00e9s a aquests ensenyaments.<\/li>\n\n\n\n<li>t\u00e9 equival\u00e8ncia al t\u00edtol de Batxillerat a efectes laborals sempre i quan s&#8217;acompanyi del t\u00edtol de l&#8217;ESO.<\/li>\n<\/ul>\n\n\n\n<h3 class=\"wp-block-heading has-text-align-center has-vivid-green-cyan-background-color has-background\">Prova d&#8217;acc\u00e9s a ensenyaments esportius<\/h3>\n\n\n\n<h5 class=\"wp-block-heading\">Prova d&#8217;acc\u00e9s a ensenyaments esportius<\/h5>\n\n\n\n<p>La prova d&#8217;acc\u00e9s als ensenyaments esportius de Grau Superior consisteixen d&#8217;una prova general i una d&#8217;espec\u00edfica que t\u00e9 relaci\u00f3 amb l&#8217;especialitat que vulguin cursar. En la prova general, l&#8217;alumnat s&#8217;ha d&#8217;examinar de les mat\u00e8ries seg\u00fcents:<\/p>\n\n\n\n<ul class=\"wp-block-list\">\n<li>Llengua Catalana<\/li>\n\n\n\n<li>Llengua Castellana<\/li>\n\n\n\n<li>Llengua Estrangera (angl\u00e8s, franc\u00e8s o alemany)<\/li>\n\n\n\n<li>Matem\u00e0tiques o Hist\u00f2ria<\/li>\n<\/ul>\n\n\n\n<h3 class=\"wp-block-heading has-text-align-center has-vivid-green-cyan-background-color has-background\">Prova d&#8217;acc\u00e9s a ensenyaments d&#8217;arts pl\u00e0stiques i disseny<\/h3>\n\n\n\n<p>La prova d&#8217;acc\u00e9s als ensenyaments d&#8217;arts pl\u00e0stiques i disseny de grau superior consisteixen d&#8217;<strong>una prova general i una d&#8217;espec\u00edfica<\/strong>. <\/p>\n\n\n\n<p>La superaci\u00f3 de la part general tamb\u00e9 dona acc\u00e9s a cicles formatius de grau superior <strong>\u00fanicament si s&#8217;opta per fer matem\u00e0tiques<\/strong>. En la <strong>prova general<\/strong>, l&#8217;alumnat s&#8217;ha d&#8217;examinar de les mat\u00e8ries seg\u00fcents:<\/p>\n\n\n\n<ul class=\"wp-block-list\">\n<li>Llengua Catalana<\/li>\n\n\n\n<li>Llengua Castellana<\/li>\n\n\n\n<li>Llengua Estrangera (angl\u00e8s, franc\u00e8s o alemany)<\/li>\n\n\n\n<li>Matem\u00e0tiques o Hist\u00f2ria<\/li>\n<\/ul>\n\n\n\n<p>En la <strong>prova espec\u00edfica<\/strong>, l&#8217;alumnat ha de triar una d&#8217;aquestes tres opcions:<\/p>\n\n\n\n<ul class=\"wp-block-list\">\n<li>Opci\u00f3 A (Comunicaci\u00f3 i disseny): \n<ul class=\"wp-block-list\">\n<li>Comunicaci\u00f3 audiovisual<\/li>\n\n\n\n<li>Disseny<\/li>\n<\/ul>\n<\/li>\n\n\n\n<li>Opci\u00f3 B (Expressi\u00f3 art\u00edstica):\n<ul class=\"wp-block-list\">\n<li>Fonaments de les arts<\/li>\n\n\n\n<li>Dibuix art\u00edstic<\/li>\n<\/ul>\n<\/li>\n\n\n\n<li>Opci\u00f3 C (Art i tecnologia):\n<ul class=\"wp-block-list\">\n<li>Dibuix t\u00e8cnic<\/li>\n\n\n\n<li>Disseny<\/li>\n<\/ul>\n<\/li>\n<\/ul>\n\n\n\n<div class=\"wp-block-buttons is-content-justification-center is-layout-flex wp-container-core-buttons-is-layout-1 wp-block-buttons-is-layout-flex\">\n<div class=\"wp-block-button has-custom-width wp-block-button__width-25 has-custom-font-size has-large-font-size\"><a class=\"wp-block-button__link has-text-align-center wp-element-button\" href=\"https:\/\/triaeducativa.gencat.cat\/ca\/proves\/proves-acces\/fp\/fp-gs\/\"><strong>M\u00c9S INFORMACI\u00d3<\/strong><\/a><\/div>\n<\/div>\n","protected":false},"excerpt":{"rendered":"<p>Descripci\u00f3 de l&#8217;ensenyament Franja hor\u00e0ria i durada: Es tracta d&#8217;un curs de 10 hores setmanals en franja hor\u00e0ria de mat\u00ed. [&hellip;]<\/p>\n","protected":false},"author":1,"featured_media":0,"parent":2090,"menu_order":0,"comment_status":"closed","ping_status":"closed","template":"","meta":{"_bbp_topic_count":0,"_bbp_reply_count":0,"_bbp_total_topic_count":0,"_bbp_total_reply_count":0,"_bbp_voice_count":0,"_bbp_anonymous_reply_count":0,"_bbp_topic_count_hidden":0,"_bbp_reply_count_hidden":0,"_bbp_forum_subforum_count":0,"site-sidebar-layout":"default","site-content-layout":"","ast-site-content-layout":"default","site-content-style":"default","site-sidebar-style":"default","ast-global-header-display":"","ast-banner-title-visibility":"","ast-main-header-display":"","ast-hfb-above-header-display":"","ast-hfb-below-header-display":"","ast-hfb-mobile-header-display":"","site-post-title":"","ast-breadcrumbs-content":"","ast-featured-img":"","footer-sml-layout":"","theme-transparent-header-meta":"","adv-header-id-meta":"","stick-header-meta":"","header-above-stick-meta":"","header-main-stick-meta":"","header-below-stick-meta":"","astra-migrate-meta-layouts":"set","ast-page-background-enabled":"default","ast-page-background-meta":{"desktop":{"background-color":"var(--ast-global-color-4)","background-image":"","background-repeat":"repeat","background-position":"center center","background-size":"auto","background-attachment":"scroll","background-type":"","background-media":"","overlay-type":"","overlay-color":"","overlay-opacity":"","overlay-gradient":""},"tablet":{"background-color":"","background-image":"","background-repeat":"repeat","background-position":"center center","background-size":"auto","background-attachment":"scroll","background-type":"","background-media":"","overlay-type":"","overlay-color":"","overlay-opacity":"","overlay-gradient":""},"mobile":{"background-color":"","background-image":"","background-repeat":"repeat","background-position":"center center","background-size":"auto","background-attachment":"scroll","background-type":"","background-media":"","overlay-type":"","overlay-color":"","overlay-opacity":"","overlay-gradient":""}},"ast-content-background-meta":{"desktop":{"background-color":"var(--ast-global-color-5)","background-image":"","background-repeat":"repeat","background-position":"center center","background-size":"auto","background-attachment":"scroll","background-type":"","background-media":"","overlay-type":"","overlay-color":"","overlay-opacity":"","overlay-gradient":""},"tablet":{"background-color":"var(--ast-global-color-5)","background-image":"","background-repeat":"repeat","background-position":"center center","background-size":"auto","background-attachment":"scroll","background-type":"","background-media":"","overlay-type":"","overlay-color":"","overlay-opacity":"","overlay-gradient":""},"mobile":{"background-color":"var(--ast-global-color-5)","background-image":"","background-repeat":"repeat","background-position":"center center","background-size":"auto","background-attachment":"scroll","background-type":"","background-media":"","overlay-type":"","overlay-color":"","overlay-opacity":"","overlay-gradient":""}},"footnotes":""},"class_list":["post-2092","page","type-page","status-publish","hentry"],"post_mailing_queue_ids":[],"_links":{"self":[{"href":"https:\/\/agora.xtec.cat\/escolaadultspremia\/wp-json\/wp\/v2\/pages\/2092","targetHints":{"allow":["GET"]}}],"collection":[{"href":"https:\/\/agora.xtec.cat\/escolaadultspremia\/wp-json\/wp\/v2\/pages"}],"about":[{"href":"https:\/\/agora.xtec.cat\/escolaadultspremia\/wp-json\/wp\/v2\/types\/page"}],"author":[{"embeddable":true,"href":"https:\/\/agora.xtec.cat\/escolaadultspremia\/wp-json\/wp\/v2\/users\/1"}],"replies":[{"embeddable":true,"href":"https:\/\/agora.xtec.cat\/escolaadultspremia\/wp-json\/wp\/v2\/comments?post=2092"}],"version-history":[{"count":6,"href":"https:\/\/agora.xtec.cat\/escolaadultspremia\/wp-json\/wp\/v2\/pages\/2092\/revisions"}],"predecessor-version":[{"id":3706,"href":"https:\/\/agora.xtec.cat\/escolaadultspremia\/wp-json\/wp\/v2\/pages\/2092\/revisions\/3706"}],"up":[{"embeddable":true,"href":"https:\/\/agora.xtec.cat\/escolaadultspremia\/wp-json\/wp\/v2\/pages\/2090"}],"wp:attachment":[{"href":"https:\/\/agora.xtec.cat\/escolaadultspremia\/wp-json\/wp\/v2\/media?parent=2092"}],"curies":[{"name":"wp","href":"https:\/\/api.w.org\/{rel}","templated":true}]}}