{"id":1594,"date":"2020-11-25T11:38:21","date_gmt":"2020-11-25T10:38:21","guid":{"rendered":"https:\/\/agora.xtec.cat\/escola-torreforta\/?page_id=1594"},"modified":"2026-04-30T15:57:00","modified_gmt":"2026-04-30T13:57:00","slug":"cicle-superior","status":"publish","type":"page","link":"https:\/\/agora.xtec.cat\/escola-torreforta\/nivells\/cicle-superior\/","title":{"rendered":"CICLE SUPERIOR"},"content":{"rendered":"<p style=\"text-align: center;\"><strong>ABRIL \u2013\u00a0 CURS 2025 \u2013 2026<\/strong><\/p>\n<p data-start=\"0\" data-end=\"34\">\ud83c\udffa <strong data-start=\"3\" data-end=\"34\">VISITEM L\u2019INS CAMPCLAR! \ud83d\udd0d\u2728<\/strong><\/p>\n<p data-start=\"36\" data-end=\"182\">Avui hem visitat l\u2019<span class=\"hover:entity-accent entity-underline inline cursor-pointer align-baseline\"><span class=\"whitespace-normal\">INS Campclar<\/span><\/span>, on l\u2019alumnat de 1r d\u2019ESO ens ha presentat el seu projecte <strong data-start=\"152\" data-end=\"168\">\u201cArque\u00f2legs\u201d<\/strong> \ud83e\uddd1\u200d\ud83c\udffa\ud83d\udc69\u200d\ud83c\udffa.<\/p>\n<p data-start=\"184\" data-end=\"360\">Durant la visita, ens han mostrat el museu que han creat despr\u00e9s de dues setmanes de feina \ud83c\udfdb\ufe0f, amb troballes fascinants com ossos \ud83e\uddb4, monedes \ud83e\ude99, cer\u00e0miques \ud83c\udffa i mosaics \ud83c\udfa8.<\/p>\n<p data-start=\"362\" data-end=\"456\">Tamb\u00e9 hem pogut llegir les cr\u00f2niques de la seva aventura als diaris de l\u2019excavaci\u00f3 \ud83d\udcd6\ud83d\udd75\ufe0f\u200d\u2642\ufe0f.<\/p>\n<p data-start=\"458\" data-end=\"518\" data-is-last-node=\"\" data-is-only-node=\"\">Una experi\u00e8ncia molt interessant i plena de descobriments! \u2728<\/p>\n<p><iframe loading=\"lazy\" title=\"5\u00e8_ARQUE\u00d2LEGS A L&#039;INS CAMPCLAR\" width=\"500\" height=\"281\" src=\"https:\/\/www.youtube.com\/embed\/1mB6hwBmUxk?feature=oembed\" frameborder=\"0\" allow=\"accelerometer; autoplay; clipboard-write; encrypted-media; gyroscope; picture-in-picture; web-share\" referrerpolicy=\"strict-origin-when-cross-origin\" allowfullscreen><\/iframe><\/p>\n<section class=\"text-token-text-primary w-full focus:outline-none [--shadow-height:45px] has-data-writing-block:pointer-events-none has-data-writing-block:-mt-(--shadow-height) has-data-writing-block:pt-(--shadow-height) [&amp;:has([data-writing-block])&gt;*]:pointer-events-auto R6Vx5W_threadScrollVars scroll-mb-[calc(var(--scroll-root-safe-area-inset-bottom,0px)+var(--thread-response-height))] scroll-mt-(--header-height)\" dir=\"auto\" data-turn-id=\"f802f523-c398-43cd-8627-9b32e0e012f0\" data-testid=\"conversation-turn-29\" data-scroll-anchor=\"false\" data-turn=\"user\">\n<div class=\"text-base my-auto mx-auto pt-12 [--thread-content-margin:var(--thread-content-margin-xs,calc(var(--spacing)*4))] @w-sm\/main:[--thread-content-margin:var(--thread-content-margin-sm,calc(var(--spacing)*6))] @w-lg\/main:[--thread-content-margin:var(--thread-content-margin-lg,calc(var(--spacing)*16))] px-(--thread-content-margin)\">\n<div class=\"[--thread-content-max-width:40rem] @w-lg\/main:[--thread-content-max-width:48rem] mx-auto max-w-(--thread-content-max-width) flex-1 group\/turn-messages focus-visible:outline-hidden relative flex w-full min-w-0 flex-col\">\n<div class=\"z-0 flex justify-end\"><\/div>\n<\/div>\n<\/div>\n<\/section>\n<section class=\"text-token-text-primary w-full focus:outline-none [--shadow-height:45px] has-data-writing-block:pointer-events-none has-data-writing-block:-mt-(--shadow-height) has-data-writing-block:pt-(--shadow-height) [&amp;:has([data-writing-block])&gt;*]:pointer-events-auto [content-visibility:auto] supports-[content-visibility:auto]:[contain-intrinsic-size:auto_100lvh] R6Vx5W_threadScrollVars scroll-mb-[calc(var(--scroll-root-safe-area-inset-bottom,0px)+var(--thread-response-height))] scroll-mt-[calc(var(--header-height)+min(200px,max(70px,20svh)))]\" dir=\"auto\" data-turn-id=\"request-WEB:52bddbcb-0de9-4f84-bd68-8860d6f45831-14\" data-testid=\"conversation-turn-30\" data-scroll-anchor=\"false\" data-turn=\"assistant\">\n<div class=\"text-base my-auto mx-auto pb-10 [--thread-content-margin:var(--thread-content-margin-xs,calc(var(--spacing)*4))] @w-sm\/main:[--thread-content-margin:var(--thread-content-margin-sm,calc(var(--spacing)*6))] @w-lg\/main:[--thread-content-margin:var(--thread-content-margin-lg,calc(var(--spacing)*16))] px-(--thread-content-margin)\">\n<div class=\"[--thread-content-max-width:40rem] @w-lg\/main:[--thread-content-max-width:48rem] mx-auto max-w-(--thread-content-max-width) flex-1 group\/turn-messages focus-visible:outline-hidden relative flex w-full min-w-0 flex-col agent-turn\">\n<div class=\"flex max-w-full flex-col gap-4 grow\">\n<div class=\"min-h-8 text-message relative flex w-full flex-col items-end gap-2 text-start break-words whitespace-normal outline-none keyboard-focused:focus-ring [.text-message+&amp;]:mt-1\" dir=\"auto\" tabindex=\"0\" data-message-author-role=\"assistant\" data-message-id=\"81b65578-2ead-48bc-97f9-5b387f5511e5\" data-message-model-slug=\"gpt-5-3\" data-turn-start-message=\"true\">\n<div class=\"flex w-full flex-col gap-1 empty:hidden\">\n<div class=\"markdown prose dark:prose-invert w-full wrap-break-word light markdown-new-styling\">\n<p data-start=\"0\" data-end=\"39\">\ud83d\udcda <strong data-start=\"5\" data-end=\"32\">UN RECITAL DE POESIA<\/strong><\/p>\n<p data-start=\"41\" data-end=\"200\">El passat 14 d\u2019abril, l\u2019alumnat de 6\u00e8 va visitar l\u2019<span class=\"hover:entity-accent entity-underline inline cursor-pointer align-baseline\"><span class=\"whitespace-normal\">INS Torreforta<\/span><\/span> per gaudir d\u2019un recital de poesia \ud83c\udfa4\ud83d\udcda, ofert pels alumnes de l\u2019ESO.<\/p>\n<p data-start=\"202\" data-end=\"398\" data-is-last-node=\"\" data-is-only-node=\"\">Va ser una experi\u00e8ncia cultural molt enriquidora, que ens va permetre compartir una estona agradable i comen\u00e7ar a con\u00e8ixer els que seran els seus futurs companys\/es i professors\/es \ud83e\udd1d\ud83d\udcab del curs vinent.<\/p>\n<p><iframe loading=\"lazy\" title=\"6\u00e8_POESIA INS TORREFORTA\" width=\"500\" height=\"281\" src=\"https:\/\/www.youtube.com\/embed\/6QO4gbOHMms?feature=oembed\" frameborder=\"0\" allow=\"accelerometer; autoplay; clipboard-write; encrypted-media; gyroscope; picture-in-picture; web-share\" referrerpolicy=\"strict-origin-when-cross-origin\" allowfullscreen><\/iframe><\/p>\n<\/div>\n<\/div>\n<\/div>\n<\/div>\n<\/div>\n<\/div>\n<\/section>\n<p>__________________________________________________________________________________<\/p>\n<p style=\"text-align: center;\"><strong>MAR\u00c7 \u2013\u00a0 CURS 2025 \u2013 2026<\/strong><\/p>\n<p data-start=\"71\" data-end=\"666\"><strong data-start=\"71\" data-end=\"144\">\ud83c\udf26\ufe0f Finalitzem la capsa d\u2019aprenentatge STEAM \u201cEl temps fa temps\u201d (6\u00e8)<\/strong><br data-start=\"144\" data-end=\"147\" \/>\ud83d\udcca L\u2019alumnat de 6\u00e8 ha culminat aquest projecte elaborant el seu propi climograma a partir de les dades reals de l\u2019any 2024 de la ciutat de Tarragona, publicades a l\u2019Idescat.<br data-start=\"320\" data-end=\"323\" data-is-only-node=\"\" \/>\ud83c\udf0d Al llarg de la capsa, hem aprofundit en el clima i el temps, hem apr\u00e8s a diferenciar-los i a interpretar dades meteorol\u00f2giques.<br data-start=\"472\" data-end=\"475\" \/>\ud83d\udd2c Una experi\u00e8ncia STEAM que combina ci\u00e8ncia, matem\u00e0tiques i pensament cr\u00edtic, ajudant-nos a entendre millor el nostre entorn.<br data-start=\"601\" data-end=\"604\" \/>\u2728 Aprenem investigant, analitzant i connectant coneixements!<\/p>\n<p data-start=\"668\" data-end=\"746\" data-is-last-node=\"\" data-is-only-node=\"\">#STEAMCAT #Aprenentatge #Ci\u00e8ncia #Clima #Educaci\u00f3 #Escola #TreballPerProjectes<a href=\"https:\/\/agora.xtec.cat\/escola-torreforta\/wp-content\/uploads\/usu181\/2026\/03\/Steam-6e-2-1.png\"><img loading=\"lazy\" decoding=\"async\" class=\"alignnone size-full wp-image-3802\" src=\"https:\/\/agora.xtec.cat\/escola-torreforta\/wp-content\/uploads\/usu181\/2026\/03\/Steam-6e-2-1.png\" alt=\"\" width=\"750\" height=\"600\" srcset=\"https:\/\/agora.xtec.cat\/escola-torreforta\/wp-content\/uploads\/usu181\/2026\/03\/Steam-6e-2-1.png 750w, https:\/\/agora.xtec.cat\/escola-torreforta\/wp-content\/uploads\/usu181\/2026\/03\/Steam-6e-2-1-300x240.png 300w\" sizes=\"auto, (max-width: 750px) 100vw, 750px\" \/><\/a><\/p>\n<p><strong data-start=\"76\" data-end=\"114\">\ud83c\udffa Sortida a T\u00e0rraco Romana amb 5\u00e8<\/strong><br data-start=\"114\" data-end=\"117\" \/>\ud83c\udf3f L\u2019alumnat de 5\u00e8 ha viscut una aut\u00e8ntica immersi\u00f3 a l\u2019antiga T\u00e0rraco. Hem passejat pel Passeig Arqueol\u00f2gic, hem admirat les majestuoses muralles i hem explorat espais tan emblem\u00e0tics com el circ i l\u2019amfiteatre.<br data-start=\"329\" data-end=\"332\" \/>\ud83c\udfad Una jornada plena de descobertes i aprenentatges, connectant amb la hist\u00f2ria i el nostre patrimoni d\u2019una manera vivencial i enriquidora.<\/p>\n<p><iframe loading=\"lazy\" title=\"SORTIDA T\u00c0RRACO ROMANA_5\u00e8\" width=\"500\" height=\"281\" src=\"https:\/\/www.youtube.com\/embed\/HJGDgLjJ-Wo?feature=oembed\" frameborder=\"0\" allow=\"accelerometer; autoplay; clipboard-write; encrypted-media; gyroscope; picture-in-picture; web-share\" referrerpolicy=\"strict-origin-when-cross-origin\" allowfullscreen><\/iframe><\/p>\n<p><strong data-start=\"69\" data-end=\"156\">\ud83d\udcda Lectura compartida i molta il\u00b7lusi\u00f3 en les sessions de padrinatge entre 6\u00e8 i I5.<\/strong><br data-start=\"156\" data-end=\"159\" \/>\u2728 Una experi\u00e8ncia preciosa on els llibres es converteixen en el nexe d\u2019uni\u00f3 per aprendre, cr\u00e9ixer i compartir valors junts. \ud83e\udd1d<br data-start=\"285\" data-end=\"288\" data-is-only-node=\"\" \/>\ud83d\udc9b Els m\u00e9s grans acompanyen amb estima, i els m\u00e9s petits descobreixen el plaer de llegir en un ambient de confian\u00e7a i complicitat.<\/p>\n<p><a href=\"https:\/\/agora.xtec.cat\/escola-torreforta\/wp-content\/uploads\/usu181\/2026\/03\/Padrins-de-lectura-1-2.png\"><img loading=\"lazy\" decoding=\"async\" class=\"alignnone size-full wp-image-3798\" src=\"https:\/\/agora.xtec.cat\/escola-torreforta\/wp-content\/uploads\/usu181\/2026\/03\/Padrins-de-lectura-1-2.png\" alt=\"\" width=\"750\" height=\"600\" srcset=\"https:\/\/agora.xtec.cat\/escola-torreforta\/wp-content\/uploads\/usu181\/2026\/03\/Padrins-de-lectura-1-2.png 750w, https:\/\/agora.xtec.cat\/escola-torreforta\/wp-content\/uploads\/usu181\/2026\/03\/Padrins-de-lectura-1-2-300x240.png 300w\" sizes=\"auto, (max-width: 750px) 100vw, 750px\" \/><\/a><\/p>\n<p data-start=\"0\" data-end=\"172\">\ud83d\udcda\u2728 <strong data-start=\"4\" data-end=\"78\">Aquest \u00e9s el nostre punt de llibre de Prim\u00e0ria inspirat en Santa Tecla<\/strong> \ud83c\udf89<br data-start=\"81\" data-end=\"84\" \/>\ud83c\udfa8 Hem creat i decorat un dels gegants del seguici de la Festa, ple de colors \ud83c\udf08 i alegria \ud83d\ude04.<br data-start=\"178\" data-end=\"181\" \/>\ud83d\udcd6 Un petit record de la tradici\u00f3 que ens acompanya en cada lectura, connectant cultura i aprenentatge \ud83d\udc9b\ud83c\udff0<a href=\"https:\/\/agora.xtec.cat\/escola-torreforta\/wp-content\/uploads\/usu181\/2026\/03\/PUNT-DE-LLIBRE-1.png\"><img loading=\"lazy\" decoding=\"async\" class=\"alignnone size-large wp-image-3805\" src=\"https:\/\/agora.xtec.cat\/escola-torreforta\/wp-content\/uploads\/usu181\/2026\/03\/PUNT-DE-LLIBRE-1-1024x819.png\" alt=\"\" width=\"1024\" height=\"819\" srcset=\"https:\/\/agora.xtec.cat\/escola-torreforta\/wp-content\/uploads\/usu181\/2026\/03\/PUNT-DE-LLIBRE-1-1024x819.png 1024w, https:\/\/agora.xtec.cat\/escola-torreforta\/wp-content\/uploads\/usu181\/2026\/03\/PUNT-DE-LLIBRE-1-300x240.png 300w, https:\/\/agora.xtec.cat\/escola-torreforta\/wp-content\/uploads\/usu181\/2026\/03\/PUNT-DE-LLIBRE-1-768x614.png 768w, https:\/\/agora.xtec.cat\/escola-torreforta\/wp-content\/uploads\/usu181\/2026\/03\/PUNT-DE-LLIBRE-1.png 1500w\" sizes=\"auto, (max-width: 1024px) 100vw, 1024px\" \/><\/a><\/p>\n<p data-start=\"0\" data-end=\"172\">\u2709\ufe0f <strong data-start=\"3\" data-end=\"92\">Aquestes setmanes els i les alumnes de 5\u00e8 hem apr\u00e8s com redactar una carta de veritat<\/strong> \ud83d\udcdd i, amb molta emoci\u00f3 \ud83d\ude04, les hem enviat a trav\u00e9s de la b\u00fastia del barri! \ud83d\udcee<\/p>\n<p data-start=\"174\" data-end=\"351\" data-is-last-node=\"\" data-is-only-node=\"\">\ud83d\udcac Ha estat una manera especial de practicar l\u2019escriptura, expressar-nos i connectar amb els companys \ud83e\udd1d\ud83d\udc9b\ud83c\udfe1 Quin somriure m\u00e9s gran quan rebrem una carta a casa nostra! \ud83d\ude0a\ud83d\udcec\u2728<\/p>\n<p data-start=\"174\" data-end=\"351\" data-is-last-node=\"\" data-is-only-node=\"\"><a href=\"https:\/\/agora.xtec.cat\/escola-torreforta\/wp-content\/uploads\/usu181\/2026\/03\/La-carta-2-1-1.png\"><img loading=\"lazy\" decoding=\"async\" class=\"alignnone size-full wp-image-3804\" src=\"https:\/\/agora.xtec.cat\/escola-torreforta\/wp-content\/uploads\/usu181\/2026\/03\/La-carta-2-1-1.png\" alt=\"\" width=\"750\" height=\"600\" srcset=\"https:\/\/agora.xtec.cat\/escola-torreforta\/wp-content\/uploads\/usu181\/2026\/03\/La-carta-2-1-1.png 750w, https:\/\/agora.xtec.cat\/escola-torreforta\/wp-content\/uploads\/usu181\/2026\/03\/La-carta-2-1-1-300x240.png 300w\" sizes=\"auto, (max-width: 750px) 100vw, 750px\" \/><\/a><\/p>\n<p>__________________________________________________________________________________<\/p>\n<p style=\"text-align: center;\"><strong>FEBRER \u2013\u00a0 CURS 2025 \u2013 2026<\/strong><\/p>\n<article class=\"text-token-text-primary w-full focus:outline-none [--shadow-height:45px] has-data-writing-block:pointer-events-none has-data-writing-block:-mt-(--shadow-height) has-data-writing-block:pt-(--shadow-height) [&amp;:has([data-writing-block])&gt;*]:pointer-events-auto scroll-mt-(--header-height)\" dir=\"auto\" tabindex=\"-1\" data-turn-id=\"1921e615-4d2f-4ee5-b136-f59b9b0e1d52\" data-testid=\"conversation-turn-3\" data-scroll-anchor=\"false\" data-turn=\"user\"><\/article>\n<article class=\"text-token-text-primary w-full focus:outline-none [--shadow-height:45px] has-data-writing-block:pointer-events-none has-data-writing-block:-mt-(--shadow-height) has-data-writing-block:pt-(--shadow-height) [&amp;:has([data-writing-block])&gt;*]:pointer-events-auto scroll-mt-[calc(var(--header-height)+min(200px,max(70px,20svh)))]\" dir=\"auto\" tabindex=\"-1\" data-turn-id=\"request-WEB:46688a3a-bd68-41af-bb24-ebd55cfe93cc-2\" data-testid=\"conversation-turn-4\" data-scroll-anchor=\"true\" data-turn=\"assistant\">\n<div class=\"text-base my-auto mx-auto pb-10 [--thread-content-margin:--spacing(4)] @w-sm\/main:[--thread-content-margin:--spacing(6)] @w-lg\/main:[--thread-content-margin:--spacing(16)] px-(--thread-content-margin)\">\n<div class=\"[--thread-content-max-width:40rem] @w-lg\/main:[--thread-content-max-width:48rem] mx-auto max-w-(--thread-content-max-width) flex-1 group\/turn-messages focus-visible:outline-hidden relative flex w-full min-w-0 flex-col agent-turn\" tabindex=\"-1\">\n<div class=\"flex max-w-full flex-col grow\">\n<div class=\"min-h-8 text-message relative flex w-full flex-col items-end gap-2 text-start break-words whitespace-normal [.text-message+&amp;]:mt-1\" dir=\"auto\" data-message-author-role=\"assistant\" data-message-id=\"3b1bda8d-77f2-40f0-9c22-4a16a39ee415\" data-message-model-slug=\"gpt-5-2\">\n<div class=\"flex w-full flex-col gap-1 empty:hidden first:pt-[1px]\">\n<div class=\"markdown prose dark:prose-invert w-full wrap-break-word light markdown-new-styling\">\n<p data-start=\"0\" data-end=\"166\">Els alumnes de 6\u00e8 han realitzat un <strong data-start=\"35\" data-end=\"58\">\u201cmur de conflictes\u201d<\/strong> \ud83e\uddf1\u270f\ufe0f, una activitat educativa on cadascun ha compartit un conflicte real \ud83d\ude15 i la seva soluci\u00f3 proposada \ud83d\udca1.<\/p>\n<p data-start=\"0\" data-end=\"166\">Aquesta iniciativa fomenta la reflexi\u00f3 \ud83e\udd14 sobre la conviv\u00e8ncia \ud83e\udd1d i la resoluci\u00f3 pac\u00edfica de problemes \ud83d\udd4a\ufe0f dins l\u2019aula \ud83c\udfeb.Ha estat una experi\u00e8ncia molt enriquidora que ajuda a cr\u00e9ixer com a grup i a millorar el respecte i la comunicaci\u00f3 entre companys \ud83d\udcac\u2728.<\/p>\n<p><iframe loading=\"lazy\" title=\"6\u00e8_DIA DE LA PAU\" width=\"500\" height=\"281\" src=\"https:\/\/www.youtube.com\/embed\/FRQUxaW4bkk?feature=oembed\" frameborder=\"0\" allow=\"accelerometer; autoplay; clipboard-write; encrypted-media; gyroscope; picture-in-picture; web-share\" referrerpolicy=\"strict-origin-when-cross-origin\" allowfullscreen><\/iframe><\/p>\n<\/div>\n<\/div>\n<\/div>\n<\/div>\n<\/div>\n<\/div>\n<\/article>\n<article class=\"text-token-text-primary w-full focus:outline-none [--shadow-height:45px] has-data-writing-block:pointer-events-none has-data-writing-block:-mt-(--shadow-height) has-data-writing-block:pt-(--shadow-height) [&amp;:has([data-writing-block])&gt;*]:pointer-events-auto scroll-mt-(--header-height)\" dir=\"auto\" tabindex=\"-1\" data-turn-id=\"6afcdfda-b8ba-4dee-a3e2-71adc2bf66f5\" data-testid=\"conversation-turn-1\" data-scroll-anchor=\"false\" data-turn=\"user\"><\/article>\n<article class=\"text-token-text-primary w-full focus:outline-none [--shadow-height:45px] has-data-writing-block:pointer-events-none has-data-writing-block:-mt-(--shadow-height) has-data-writing-block:pt-(--shadow-height) [&amp;:has([data-writing-block])&gt;*]:pointer-events-auto scroll-mt-[calc(var(--header-height)+min(200px,max(70px,20svh)))]\" dir=\"auto\" tabindex=\"-1\" data-turn-id=\"request-WEB:46688a3a-bd68-41af-bb24-ebd55cfe93cc-1\" data-testid=\"conversation-turn-2\" data-scroll-anchor=\"true\" data-turn=\"assistant\">\n<div class=\"text-base my-auto mx-auto pb-10 [--thread-content-margin:--spacing(4)] @w-sm\/main:[--thread-content-margin:--spacing(6)] @w-lg\/main:[--thread-content-margin:--spacing(16)] px-(--thread-content-margin)\">\n<div class=\"[--thread-content-max-width:40rem] @w-lg\/main:[--thread-content-max-width:48rem] mx-auto max-w-(--thread-content-max-width) flex-1 group\/turn-messages focus-visible:outline-hidden relative flex w-full min-w-0 flex-col agent-turn\" tabindex=\"-1\">\n<div class=\"flex max-w-full flex-col grow\">\n<div class=\"min-h-8 text-message relative flex w-full flex-col items-end gap-2 text-start break-words whitespace-normal [.text-message+&amp;]:mt-1\" dir=\"auto\" data-message-author-role=\"assistant\" data-message-id=\"9a0c218a-d41f-4006-b48f-39e72584c982\" data-message-model-slug=\"gpt-5-2\">\n<div class=\"flex w-full flex-col gap-1 empty:hidden first:pt-[1px]\">\n<div class=\"markdown prose dark:prose-invert w-full wrap-break-word light markdown-new-styling\">\n<p data-start=\"0\" data-end=\"165\">Aquestes setmanes els i les alumnes de 5\u00e8 hem apr\u00e8s com redactar una carta de veritat \u270d\ufe0f\ud83d\udcc4 i, amb molta emoci\u00f3 \ud83d\ude0d, les hem enviat a trav\u00e9s de la b\u00fastia del barri \ud83d\udcee.<\/p>\n<p data-start=\"167\" data-end=\"278\">Ha estat una manera especial de practicar l\u2019escriptura \ud83d\udd8a\ufe0f, expressar-nos \ud83d\udcac i connectar amb els companys \ud83e\udd1d. Quin somriure m\u00e9s gran \ud83d\ude04\u2728 quan rebrem una carta a casa nostra! \ud83c\udfe0\ud83d\udc8c<\/p>\n<p style=\"text-align: center;\" data-start=\"167\" data-end=\"278\"><a href=\"https:\/\/agora.xtec.cat\/escola-torreforta\/wp-content\/uploads\/usu181\/2026\/02\/La-carta-1-1.png\"><img loading=\"lazy\" decoding=\"async\" class=\"alignnone size-medium wp-image-3759\" src=\"https:\/\/agora.xtec.cat\/escola-torreforta\/wp-content\/uploads\/usu181\/2026\/02\/La-carta-1-1-300x240.png\" alt=\"\" width=\"300\" height=\"240\" srcset=\"https:\/\/agora.xtec.cat\/escola-torreforta\/wp-content\/uploads\/usu181\/2026\/02\/La-carta-1-1-300x240.png 300w, https:\/\/agora.xtec.cat\/escola-torreforta\/wp-content\/uploads\/usu181\/2026\/02\/La-carta-1-1.png 750w\" sizes=\"auto, (max-width: 300px) 100vw, 300px\" \/><\/a><\/p>\n<p data-start=\"0\" data-end=\"172\">El divendres 20 de febrer \ud83d\udcc5, des de l\u2019escola \ud83c\udfeb hem donat als alumnes llesquetes de pa amb tom\u00e0quet \ud83c\udf5e\ud83c\udf45 i les han pogut menjar a classe, ja que era Dijous Gras \ud83c\udfad\ud83e\udd73.<\/p>\n<p data-start=\"174\" data-end=\"319\" data-is-last-node=\"\" data-is-only-node=\"\">Ha estat un moment molt agradable \ud83d\ude0a per compartir una tradici\u00f3 \ud83c\udf89, refor\u00e7ar la conviv\u00e8ncia \ud83e\udd1d i gaudir tots junts d\u2019aquesta estona especial \ud83d\udcac\u2728.<\/p>\n<p style=\"text-align: center;\" data-start=\"0\" data-end=\"190\"><a href=\"https:\/\/agora.xtec.cat\/escola-torreforta\/wp-content\/uploads\/usu181\/2026\/02\/DIJOUS-GRAS-\u201826-2-1.png\"><img loading=\"lazy\" decoding=\"async\" class=\"alignnone size-medium wp-image-3757\" src=\"https:\/\/agora.xtec.cat\/escola-torreforta\/wp-content\/uploads\/usu181\/2026\/02\/DIJOUS-GRAS-\u201826-2-1-300x240.png\" alt=\"\" width=\"300\" height=\"240\" srcset=\"https:\/\/agora.xtec.cat\/escola-torreforta\/wp-content\/uploads\/usu181\/2026\/02\/DIJOUS-GRAS-\u201826-2-1-300x240.png 300w, https:\/\/agora.xtec.cat\/escola-torreforta\/wp-content\/uploads\/usu181\/2026\/02\/DIJOUS-GRAS-\u201826-2-1.png 750w\" sizes=\"auto, (max-width: 300px) 100vw, 300px\" \/><\/a><\/p>\n<p data-start=\"0\" data-end=\"190\">Els alumnes de sis\u00e8 han realitzat una excursi\u00f3 al <span class=\"hover:entity-accent entity-underline inline cursor-pointer align-baseline\"><span class=\"whitespace-normal\">CaixaForum<\/span><\/span> \ud83c\udfdb\ufe0f per participar en el taller <strong data-start=\"120\" data-end=\"185\">\u201cL\u2019energia: experiments per saber qu\u00e8 \u00e9s i com es transforma\u201d<\/strong> \u26a1\ud83d\udd2c.<\/p>\n<p data-start=\"192\" data-end=\"447\">Mitjan\u00e7ant diverses activitats experimentals \ud83e\uddea, han pogut con\u00e8ixer les principals formes d\u2019energia (llum \ud83d\udca1, calor \ud83d\udd25, moviment \ud83d\udeb4\u200d\u2642\ufe0f), observar com es transforma \ud83d\udd04 i reflexionar \ud83e\udd14 sobre la import\u00e0ncia d\u2019un \u00fas responsable dels recursos energ\u00e8tics \ud83c\udf0d\u267b\ufe0f.<\/p>\n<p data-start=\"449\" data-end=\"507\" data-is-last-node=\"\" data-is-only-node=\"\">Ha estat una experi\u00e8ncia molt enriquidora i divertida! \ud83d\ude04\u2728<\/p>\n<p><iframe loading=\"lazy\" title=\"6\u00e8_CAIXAF\u00d2RUM TGNA\" width=\"500\" height=\"281\" src=\"https:\/\/www.youtube.com\/embed\/2tsL6swXg5w?feature=oembed\" frameborder=\"0\" allow=\"accelerometer; autoplay; clipboard-write; encrypted-media; gyroscope; picture-in-picture; web-share\" referrerpolicy=\"strict-origin-when-cross-origin\" allowfullscreen><\/iframe><\/p>\n<\/div>\n<\/div>\n<\/div>\n<\/div>\n<\/div>\n<\/div>\n<\/article>\n<p>&nbsp;<\/p>\n<p>__________________________________________________________________________________<\/p>\n<p style=\"text-align: center;\"><strong>GENER \u2013\u00a0 CURS 2025 \u2013 2026<\/strong><\/p>\n<p>\u2728 L\u2019alumnat ha creat formes corbes i espirals amb plastilina sobre una base de cartr\u00f3 \ud83c\udf00.<br data-start=\"160\" data-end=\"163\" \/>Ens hem inspirat en les l\u00ednies org\u00e0niques i plenes de vida de l\u2019artista austr\u00edac <strong data-start=\"244\" data-end=\"275\" data-is-only-node=\"\">Friedensreich Hundertwasser<\/strong> \ud83c\udfa8, explorant la creativitat, el color i el moviment a trav\u00e9s del modelatge.<br data-start=\"352\" data-end=\"355\" \/>El resultat \u00e9s un conjunt d\u2019obres \u00faniques, expressives i plenes d\u2019imaginaci\u00f3 \ud83d\udcab<\/p>\n<p><iframe loading=\"lazy\" title=\"PL\u00c0STICA_CICLE SUPERIOR\" width=\"500\" height=\"281\" src=\"https:\/\/www.youtube.com\/embed\/oskH1d9s4kQ?feature=oembed\" frameborder=\"0\" allow=\"accelerometer; autoplay; clipboard-write; encrypted-media; gyroscope; picture-in-picture; web-share\" referrerpolicy=\"strict-origin-when-cross-origin\" allowfullscreen><\/iframe><\/p>\n<p>&nbsp;<\/p>\n<p data-start=\"74\" data-end=\"109\">\ud83d\uddbc\ufe0f <strong data-start=\"78\" data-end=\"107\">PROJECTE: Exposem al MAMT<\/strong><\/p>\n<p data-start=\"111\" data-end=\"482\">L\u2019alumnat elabora un <strong data-start=\"132\" data-end=\"162\">autoretrat parcial ampliat<\/strong>, explorant la identitat i la mirada personal \ud83d\udc41\ufe0f\ud83c\udfa8.<br data-start=\"214\" data-end=\"217\" \/>Els <strong data-start=\"221\" data-end=\"252\" data-is-only-node=\"\">millors treballs de 5\u00e9 i 6\u00e9<\/strong> seran seleccionats per ser <strong data-start=\"280\" data-end=\"300\">exposats al MAMT<\/strong> \ud83c\udfdb\ufe0f\u2728.<br data-start=\"306\" data-end=\"309\" \/>El projecte pren com a <strong data-start=\"332\" data-end=\"371\">artista de refer\u00e8ncia Itziar Okariz<\/strong>, una creadora contempor\u00e0nia que convida a reflexionar sobre el cos, l\u2019expressi\u00f3 i el llenguatge art\u00edstic \ud83d\udcad\ud83c\udfad.<\/p>\n<p data-start=\"111\" data-end=\"482\"><a href=\"https:\/\/agora.xtec.cat\/escola-torreforta\/wp-content\/uploads\/usu181\/2026\/01\/Collage-autoretrat-1.jpg\"><img loading=\"lazy\" decoding=\"async\" class=\"alignnone size-full wp-image-3684\" src=\"https:\/\/agora.xtec.cat\/escola-torreforta\/wp-content\/uploads\/usu181\/2026\/01\/Collage-autoretrat-1.jpg\" alt=\"\" width=\"1000\" height=\"800\" srcset=\"https:\/\/agora.xtec.cat\/escola-torreforta\/wp-content\/uploads\/usu181\/2026\/01\/Collage-autoretrat-1.jpg 1000w, https:\/\/agora.xtec.cat\/escola-torreforta\/wp-content\/uploads\/usu181\/2026\/01\/Collage-autoretrat-1-300x240.jpg 300w, https:\/\/agora.xtec.cat\/escola-torreforta\/wp-content\/uploads\/usu181\/2026\/01\/Collage-autoretrat-1-768x614.jpg 768w\" sizes=\"auto, (max-width: 1000px) 100vw, 1000px\" \/><\/a><\/p>\n<p>____________________________________________________________________________<\/p>\n<p style=\"text-align: center;\"><strong>DESEMBRE \u2013\u00a0 CURS 2025 \u2013 2026<\/strong><\/p>\n<p data-start=\"73\" data-end=\"318\">Aquest mes de desembre, l\u2019escola s\u2019ha omplert de m\u00e0gia nadalenca \ud83c\udf84\u2728 gr\u00e0cies a la creativitat de l\u2019alumnat. Hem decorat els passadissos amb <strong data-start=\"213\" data-end=\"239\">c\u00e9rvols molt divertits<\/strong>, creats per nosaltres mateixos \ud83e\udd8c\ud83c\udfa8, que han donat color i alegria a l\u2019escola.<\/p>\n<p data-start=\"320\" data-end=\"494\">A l\u2019<strong data-start=\"324\" data-end=\"351\">\u00e0rea de llengua anglesa<\/strong>, els nens i nenes han elaborat <strong data-start=\"383\" data-end=\"403\">postals de Nadal<\/strong> \u2709\ufe0f\ud83c\udf85 adre\u00e7ades a les fam\u00edlies, desitjant un <strong data-start=\"448\" data-end=\"478\">Bon Nadal i un Bon Any Nou<\/strong> en angl\u00e8s \ud83c\udf81\ud83c\udf1f.<\/p>\n<p data-start=\"496\" data-end=\"530\" data-is-last-node=\"\" data-is-only-node=\"\"><strong data-start=\"496\" data-end=\"524\">BONES FESTES PER TOTHOM!<\/strong> \ud83c\udf89\ud83c\udf84\u2728<\/p>\n<p><iframe loading=\"lazy\" title=\"NADAL_CICLE SUPERIOR\" width=\"500\" height=\"375\" src=\"https:\/\/www.youtube.com\/embed\/v5q0Uqn7UbI?feature=oembed\" frameborder=\"0\" allow=\"accelerometer; autoplay; clipboard-write; encrypted-media; gyroscope; picture-in-picture; web-share\" referrerpolicy=\"strict-origin-when-cross-origin\" allowfullscreen><\/iframe><\/p>\n<p>El dia <strong data-start=\"80\" data-end=\"98\">10 de desembre<\/strong> \ud83d\udcc5 l\u2019alumnat de <strong data-start=\"115\" data-end=\"152\">3r d\u2019ESO de l\u2019Institut Torreforta<\/strong> \ud83c\udfeb va preparar un fant\u00e0stic tast de jocs \ud83c\udfb2\ud83e\udde9 per als nens i nenes de <strong data-start=\"223\" data-end=\"252\">6\u00e8 de l\u2019Escola Torreforta<\/strong> \ud83d\udc67\ud83e\uddd2, dins del <strong data-start=\"268\" data-end=\"306\">Pla Educatiu d\u2019Entorn de Tarragona<\/strong> \ud83e\udd1d\ud83d\udccd.<br data-start=\"312\" data-end=\"315\" \/>Va ser una trobada plena de <strong data-start=\"343\" data-end=\"353\">riures<\/strong> \ud83d\ude04, <strong data-start=\"358\" data-end=\"373\">estrat\u00e8gies<\/strong> \u265f\ufe0f i <strong data-start=\"379\" data-end=\"399\">treball en equip<\/strong> \ud83e\udd1c\ud83e\udd1b, on grans i petits van compartir estones de <strong data-start=\"449\" data-end=\"456\">joc<\/strong> \ud83c\udfaf, <strong data-start=\"461\" data-end=\"477\">aprenentatge<\/strong> \ud83d\udcd8 i <strong data-start=\"483\" data-end=\"504\">molta complicitat<\/strong> \ud83d\udc99\u2728.<\/p>\n<p><iframe loading=\"lazy\" title=\"TAST DE JOCS_6\u00e8\" width=\"500\" height=\"281\" src=\"https:\/\/www.youtube.com\/embed\/XQrABioMAro?feature=oembed\" frameborder=\"0\" allow=\"accelerometer; autoplay; clipboard-write; encrypted-media; gyroscope; picture-in-picture; web-share\" referrerpolicy=\"strict-origin-when-cross-origin\" allowfullscreen><\/iframe><\/p>\n<p>&nbsp;<\/p>\n<p>&nbsp;<\/p>\n<p data-start=\"72\" data-end=\"115\">\ud83e\udde0\ud83e\udd38\u200d\u2642\ufe0f <strong data-start=\"80\" data-end=\"112\">Projecte STEAM: \u201cConnecta\u2019t\u201d<\/strong> \ud83d\udd17<\/p>\n<p data-start=\"117\" data-end=\"275\">L\u2019alumnat de <strong data-start=\"130\" data-end=\"136\">5\u00e8<\/strong> ha iniciat el projecte <strong data-start=\"160\" data-end=\"169\">STEAM<\/strong> a l\u2019\u00e0rea de <strong data-start=\"182\" data-end=\"206\">Coneixement del medi<\/strong>, treballant amb la metodologia de les <strong data-start=\"245\" data-end=\"270\">capses d\u2019aprenentatge<\/strong> \ud83d\udce6\u2728.<\/p>\n<p data-start=\"277\" data-end=\"552\">Amb el projecte <strong data-start=\"293\" data-end=\"309\">\u201cConnecta\u2019t\u201d<\/strong> \ud83d\udd17, els nens i nenes descobreixen la <strong data-start=\"347\" data-end=\"368\">funci\u00f3 de relaci\u00f3<\/strong> \ud83d\udc40\ud83e\udde0 i l\u2019<strong data-start=\"378\" data-end=\"399\">aparell locomotor<\/strong> \ud83e\uddb4\ud83d\udcaa a trav\u00e9s d\u2019activitats pr\u00e0ctiques, experiments i reptes que els ajuden a entendre com el nostre cos rep informaci\u00f3 i respon amb el moviment \ud83e\udd38\u200d\u2640\ufe0f\ud83d\udd2c.<\/p>\n<p data-start=\"554\" data-end=\"607\" data-is-last-node=\"\" data-is-only-node=\"\">#STEAMcat #Connecta\u2019t #AprendreFent #Ci\u00e8nciaALaEscola<\/p>\n<p><iframe loading=\"lazy\" title=\"STEAM 5\u00e8_CONNECTA&#039;T\" width=\"500\" height=\"281\" src=\"https:\/\/www.youtube.com\/embed\/48NRCVSV6nc?feature=oembed\" frameborder=\"0\" allow=\"accelerometer; autoplay; clipboard-write; encrypted-media; gyroscope; picture-in-picture; web-share\" referrerpolicy=\"strict-origin-when-cross-origin\" allowfullscreen><\/iframe><\/p>\n<p>&nbsp;<\/p>\n<p>___________________________________________________________________________________________<\/p>\n<p style=\"text-align: center;\"><strong>NOVEMBRE \u2013\u00a0 CURS 2025 \u2013 2026<\/strong><\/p>\n<p>\ud83c\udf4e\ud83c\udf4c<strong data-start=\"72\" data-end=\"136\">Xerrada sobre Alimentaci\u00f3 Saludable amb estudiants de la URV<\/strong><\/p>\n<p>El 10 de novembre, un grup d\u2019alumnes de la URV ens va oferir una xerrada sobre els aliments naturals, processats i ultraprocessats \ud83c\udf53\ud83e\udd66\ud83e\udd6b\ud83c\udf6a. Durant la sessi\u00f3 vam aprendre que els aliments naturals s\u00f3n beneficiosos per al nostre cos \ud83d\udcaa, que els processats s\u2019han de consumir amb moderaci\u00f3 \u2696\ufe0f i que els ultraprocessats no s\u00f3n gaire saludables \ud83d\udeab.<\/p>\n<p><iframe loading=\"lazy\" title=\"TALLER ALIMENTACI\u00d3 URV_6\u00e8\" width=\"500\" height=\"281\" src=\"https:\/\/www.youtube.com\/embed\/frPtmE9xL6A?feature=oembed\" frameborder=\"0\" allow=\"accelerometer; autoplay; clipboard-write; encrypted-media; gyroscope; picture-in-picture; web-share\" referrerpolicy=\"strict-origin-when-cross-origin\" allowfullscreen><\/iframe><\/p>\n<p>&nbsp;<\/p>\n<p>\ud83c\udfa8\u00a0<strong data-start=\"105\" data-end=\"149\">Projecte d\u2019Art inspirat en Hundertwasser<\/strong><\/p>\n<p>Aquest mes de novembre, a l&#8217;\u00e0rea d&#8217;educaci\u00f3 visual i pl\u00e0stica, hem comen\u00e7at a crear un disseny d\u2019edifici inspirat en l\u2019estil de <strong>Friedensreich Hundertwasser<\/strong> \ud83c\udfa8\ud83c\udfe2, observant les seves formes irregulars i colors vius. Hem utilitzat la t\u00e8cnica del collage amb peces tipus tangram \ud83d\udd37\ud83d\udd36 per combinar formes geom\u00e8triques i crear composicions originals. Ha estat una activitat creativa que ens ha perm\u00e8s explorar colors, formes i noves maneres de construir \ud83c\udf08\u2702\ufe0f.<\/p>\n<p><iframe loading=\"lazy\" title=\"DISSENY DE CASES_PL\u00c0STICA_CSUPERIOR\" width=\"500\" height=\"281\" src=\"https:\/\/www.youtube.com\/embed\/7ChRevwaBs8?feature=oembed\" frameborder=\"0\" allow=\"accelerometer; autoplay; clipboard-write; encrypted-media; gyroscope; picture-in-picture; web-share\" referrerpolicy=\"strict-origin-when-cross-origin\" allowfullscreen><\/iframe><\/p>\n<p>&nbsp;<\/p>\n<p>___________________________________________________________________________________<\/p>\n<p style=\"text-align: center;\"><strong>OCTUBRE \u2013\u00a0 CURS 2025 \u2013 2026<\/strong><\/p>\n<p data-start=\"85\" data-end=\"138\">\ud83d\ude8c<strong> Sortida al Museu de les Mines de Bellmunt<\/strong> \u26cf\ufe0f<\/p>\n<p data-start=\"140\" data-end=\"459\">L\u2019alumnat de <strong data-start=\"153\" data-end=\"159\">5\u00e8<\/strong> ha fet una sortida al <strong data-start=\"182\" data-end=\"228\">Museu de les Mines de Bellmunt del Priorat<\/strong>, situat en aquest encantador poble del Priorat \ud83c\udf04. Durant la jornada, els nens i nenes han gaudit d\u2019un seguit d\u2019activitats al <strong data-start=\"355\" data-end=\"404\">centre d\u2019interpretaci\u00f3 de la mineria del plom<\/strong>, ubicat a l\u2019antic complex de la <strong data-start=\"437\" data-end=\"453\">Mina Eug\u00e8nia<\/strong> \ud83c\udfed.<\/p>\n<p data-start=\"461\" data-end=\"675\">\ud83d\udca1 A m\u00e9s, han tingut l\u2019oportunitat d\u2019endinsar-se en les galeries subterr\u00e0nies d\u2019una aut\u00e8ntica mina i descobrir de prop <strong data-start=\"580\" data-end=\"624\">com era la vida i el treball dels miners<\/strong>, aix\u00ed com els processos d\u2019extracci\u00f3 del plom \u2699\ufe0f.<\/p>\n<p data-start=\"677\" data-end=\"843\">Ha estat una <strong data-start=\"690\" data-end=\"734\">experi\u00e8ncia molt enriquidora i divertida<\/strong> \ud83c\udf89, que els ha perm\u00e8s aprendre d\u2019una manera vivencial sobre el nostre patrimoni industrial i hist\u00f2ric \ud83e\udde0\u2728.<\/p>\n<p><iframe loading=\"lazy\" title=\"MUSEU MINES DE BELLMUNT_CICLE SUPERIOR\" width=\"500\" height=\"281\" src=\"https:\/\/www.youtube.com\/embed\/J952dLleoaE?feature=oembed\" frameborder=\"0\" allow=\"accelerometer; autoplay; clipboard-write; encrypted-media; gyroscope; picture-in-picture; web-share\" referrerpolicy=\"strict-origin-when-cross-origin\" allowfullscreen><\/iframe><\/p>\n<p>&nbsp;<\/p>\n<p data-start=\"166\" data-end=\"210\">\ud83c\udf21\ufe0f <strong>Projecte STEAM: \u201cEl temps fa temps\u201d<\/strong> \u23f3<\/p>\n<p data-start=\"212\" data-end=\"408\">Els nois i noies de <strong data-start=\"232\" data-end=\"238\">6\u00e8<\/strong> ja han engegat el <strong data-start=\"257\" data-end=\"275\">projecte STEAM<\/strong> dins l\u2019\u00e0rea de <strong data-start=\"291\" data-end=\"342\">Coneixement del medi natural, social i cultural<\/strong>, utilitzant la metodologia de les <strong data-start=\"377\" data-end=\"402\">capses d\u2019aprenentatge<\/strong> \ud83d\udce6.<\/p>\n<p data-start=\"410\" data-end=\"736\">Aquest trimestre treballen sota el t\u00edtol <strong data-start=\"451\" data-end=\"471\">\u201cTemps fa temps\u201d<\/strong> \u23f3, un projecte que els permet <strong data-start=\"502\" data-end=\"581\">descobrir i comprendre la difer\u00e8ncia entre el temps meteorol\u00f2gic i el clima<\/strong> \ud83c\udf24\ufe0f\u2744\ufe0f\ud83c\udf27\ufe0f. A trav\u00e9s d\u2019experiments, observacions i reflexions, l\u2019alumnat podr\u00e0 veure <strong data-start=\"665\" data-end=\"728\">com la ci\u00e8ncia ens ajuda a entendre millor el nostre entorn<\/strong> \ud83c\udf0d\ud83d\udd2c.<\/p>\n<p data-start=\"738\" data-end=\"783\">#STEAMcat #AprendreJugant #Ci\u00e8nciaALaEscola<\/p>\n<p><iframe loading=\"lazy\" title=\"PROJECTE STEAM_\ud83c\udf27\ufe0fEL TEMPS FA TEMPS\ud83c\udf24\ufe0f_6\u00e8\" width=\"500\" height=\"281\" src=\"https:\/\/www.youtube.com\/embed\/BPUpV5LNoqA?feature=oembed\" frameborder=\"0\" allow=\"accelerometer; autoplay; clipboard-write; encrypted-media; gyroscope; picture-in-picture; web-share\" referrerpolicy=\"strict-origin-when-cross-origin\" allowfullscreen><\/iframe><\/p>\n<p>_________________________________________________________________________________<\/p>\n<p style=\"text-align: center;\"><strong>SETEMBRE \u2013\u00a0 CURS 2025 \u2013 2026<\/strong><\/p>\n<p data-start=\"91\" data-end=\"295\">Aquest mes de setembre, des de l\u2019\u00e0rea de pl\u00e0stica \ud83c\udfa8, hem treballat el cartell de Santa Tecla d\u2019una manera especial: l\u2019hem convertit en un gran trenca-closques \ud83e\udde9 per dibuixar \u270f\ufe0f i muntar entre tots.<\/p>\n<p data-start=\"297\" data-end=\"446\">Ha estat una activitat molt divertida \ud83d\ude04 i participativa \ud83e\udd1d, que ens ha perm\u00e8s gaudir dels colors \ud83c\udf08 i de les formes d\u2019aquesta festa tan nostra \ud83c\udf89.<\/p>\n<p data-start=\"448\" data-end=\"655\">Al mateix temps, hem apr\u00e8s m\u00e9s coses sobre la hist\u00f2ria \ud83d\udcd6 i la tradici\u00f3 de Santa Tecla \ud83d\ude4c, tot fent que l\u2019experi\u00e8ncia fos no nom\u00e9s entretinguda i acolorida \ud83d\udd8c\ufe0f, sin\u00f3 tamb\u00e9 plena de significat cultural \ud83c\udfdb\ufe0f.<\/p>\n<p><iframe loading=\"lazy\" title=\"SANTA TECLA_CICLE SUPERIOR\" width=\"422\" height=\"750\" src=\"https:\/\/www.youtube.com\/embed\/j46kpxaqx4g?feature=oembed\" frameborder=\"0\" allow=\"accelerometer; autoplay; clipboard-write; encrypted-media; gyroscope; picture-in-picture; web-share\" referrerpolicy=\"strict-origin-when-cross-origin\" allowfullscreen><\/iframe><\/p>\n<p>______________________________________________________________________________________________________________________________________________________________________<\/p>\n<p style=\"text-align: center;\"><strong>JUNY \u2013\u00a0 CURS 2024 \u2013 2025<\/strong><\/p>\n<p data-start=\"89\" data-end=\"128\">\u26bd <strong data-start=\"91\" data-end=\"125\">Gimcana TEI al camp de futbol!<\/strong> \ud83c\udf89<\/p>\n<p data-start=\"130\" data-end=\"382\">L&#8217;alumnat de 3r i 5\u00e8 van viure una jornada plena de jocs \ud83c\udfaf, somriures \ud83d\ude04 i treball en equip \ud83e\udd1d! Els alumnes de 3r i 5\u00e8 van participar en una gimcana molt especial del projecte <strong data-start=\"292\" data-end=\"322\">TEI (Tutoria Entre Iguals)<\/strong>, compartint reptes i diversi\u00f3 al camp de futbol \ud83c\udfc3\u200d\u2640\ufe0f\ud83c\udfc3\u200d\u2642\ufe0f.<\/p>\n<p data-start=\"384\" data-end=\"522\">Va ser una gran oportunitat per enfortir vincles \ud83d\udcac i seguir construint un entorn escolar basat en el respecte \ud83d\ude4c i la col\u00b7laboraci\u00f3 \ud83d\udca1.<\/p>\n<p><iframe loading=\"lazy\" title=\"GIMCANA TEI_3r_5\u00e8\" width=\"500\" height=\"375\" src=\"https:\/\/www.youtube.com\/embed\/5wbnO_oXK0k?feature=oembed\" frameborder=\"0\" allow=\"accelerometer; autoplay; clipboard-write; encrypted-media; gyroscope; picture-in-picture; web-share\" referrerpolicy=\"strict-origin-when-cross-origin\" allowfullscreen><\/iframe><\/p>\n<p data-start=\"74\" data-end=\"114\">\ud83c\udf0a <strong data-start=\"77\" data-end=\"106\">CLUB N\u00c0UTIC \u2013 EXCURSI\u00d3 5\u00e8<\/strong> \ud83d\udef6\ud83c\udfc4\u200d\u2642\ufe0f<\/p>\n<p data-start=\"116\" data-end=\"362\">Els alumnes de cinqu\u00e8 van anar d&#8217;excursi\u00f3 de final de curs al <strong data-start=\"174\" data-end=\"202\">Club N\u00e0utic de Tarragona<\/strong>, on van gaudir d\u2019activitats aqu\u00e0tiques com <strong data-start=\"246\" data-end=\"255\">caiac<\/strong> \ud83d\udea3\u200d\u2640\ufe0f i <strong data-start=\"264\" data-end=\"278\">p\u00e0del surf<\/strong> \ud83c\udfc4\u200d\u2640\ufe0f.<br data-start=\"285\" data-end=\"288\" \/>Va ser una jornada <strong data-start=\"309\" data-end=\"322\" data-is-only-node=\"\">divertida<\/strong> \ud83d\ude04 i <strong data-start=\"328\" data-end=\"356\">plena d\u2019aventures al mar<\/strong> \ud83c\udf1e\ud83c\udf0a!<\/p>\n<p><iframe loading=\"lazy\" title=\"CLUB N\u00c0UTIC_5\u00e8\" width=\"500\" height=\"375\" src=\"https:\/\/www.youtube.com\/embed\/0727juHTqT0?feature=oembed\" frameborder=\"0\" allow=\"accelerometer; autoplay; clipboard-write; encrypted-media; gyroscope; picture-in-picture; web-share\" referrerpolicy=\"strict-origin-when-cross-origin\" allowfullscreen><\/iframe><\/p>\n<p data-start=\"82\" data-end=\"131\">\ud83c\udf89 <strong>Sortida a Golf Costa Daurada Tarragona<\/strong>\u00a0\u26f3\ud83c\udfbe<\/p>\n<p data-start=\"133\" data-end=\"412\">L\u2019alumnat de 6\u00e8 <strong data-start=\"149\" data-end=\"162\">va gaudir<\/strong> d\u2019un dia ple d\u2019activitat f\u00edsica \ud83c\udfc3\u200d\u2642\ufe0f i diversi\u00f3 \ud83d\ude04 al Golf Costa Daurada Tarragona. Van poder provar esports com el <strong data-start=\"274\" data-end=\"283\">p\u00e0del<\/strong> \ud83e\udd4e, el <strong data-start=\"291\" data-end=\"299\">golf<\/strong> \u26f3, el <strong data-start=\"306\" data-end=\"315\">tenis<\/strong> \ud83c\udfbe i fins i tot una <strong data-start=\"336\" data-end=\"355\">sessi\u00f3 de zumba<\/strong> \ud83d\udc83 que ens va fer moure a tots al ritme de la m\u00fasica \ud83c\udfb5!<\/p>\n<p data-start=\"414\" data-end=\"572\">Va ser una jornada per <strong data-start=\"437\" data-end=\"450\">compartir<\/strong> \ud83e\udd1d, <strong data-start=\"455\" data-end=\"467\">aprendre<\/strong> \ud83d\udcda i <strong data-start=\"473\" data-end=\"495\">gaudir de l&#8217;esport<\/strong> en un entorn fant\u00e0stic \ud83c\udf3f.<br data-start=\"522\" data-end=\"525\" \/><strong data-start=\"525\" data-end=\"569\">Gr\u00e0cies a tothom qui ho va fer possible!<\/strong> \ud83d\ude4c<\/p>\n<p><iframe loading=\"lazy\" title=\"GOLF COSTA DAURADA_6\u00e8\" width=\"500\" height=\"375\" src=\"https:\/\/www.youtube.com\/embed\/2W9Gh62d2sg?feature=oembed\" frameborder=\"0\" allow=\"accelerometer; autoplay; clipboard-write; encrypted-media; gyroscope; picture-in-picture; web-share\" referrerpolicy=\"strict-origin-when-cross-origin\" allowfullscreen><\/iframe><\/p>\n<p>\ud83d\udca6 <strong data-start=\"66\" data-end=\"105\">Gimcana d\u2019aigua per tancar el curs!<\/strong> \ud83c\udf89<\/p>\n<p>L\u2019alumnat de cicle superior va acomiadar el curs amb una refrescant <strong data-start=\"215\" data-end=\"242\">gimcana de jocs d\u2019aigua<\/strong> en grups internivell. Una activitat divertida i plena de somriures per celebrar el final de curs com cal! \ud83c\udf1e\ud83c\udf8a<\/p>\n<p><iframe loading=\"lazy\" title=\"\u00daLTIM DIA CICLE SUPERIOR\" width=\"500\" height=\"375\" src=\"https:\/\/www.youtube.com\/embed\/LDU_KR4FmrU?feature=oembed\" frameborder=\"0\" allow=\"accelerometer; autoplay; clipboard-write; encrypted-media; gyroscope; picture-in-picture; web-share\" referrerpolicy=\"strict-origin-when-cross-origin\" allowfullscreen><\/iframe><\/p>\n<p>&nbsp;<\/p>\n<p>L&#8217;alumnat de 6\u00e8 s&#8217;ha acomiadat dels seus fillols i filloles lectors. Ha estat un curs de grans aprenentatges ensenyant a llegir als companys i companyes m\u00e9s petites de l&#8217;escola. Els recordarem sempre i els animem a seguir en la lectura.\u00a0 \ud83d\udc9c\u200b\ud83d\udc9c\u200b\ud83d\udcda\u200b\ud83d\udcd6\u200b<\/p>\n<p><iframe loading=\"lazy\" title=\"PADRINS LECTORS_6\u00e8\" width=\"500\" height=\"375\" src=\"https:\/\/www.youtube.com\/embed\/7ZgCz3inMzw?feature=oembed\" frameborder=\"0\" allow=\"accelerometer; autoplay; clipboard-write; encrypted-media; gyroscope; picture-in-picture; web-share\" referrerpolicy=\"strict-origin-when-cross-origin\" allowfullscreen><\/iframe><\/p>\n<p>__________________________________________________________________________________<\/p>\n<p style=\"text-align: center;\"><strong>MAIG \u2013\u00a0 CURS 2024 \u2013 2025<\/strong><\/p>\n<p>L&#8217;alumnat de 1r d&#8217;ESO de l&#8217;INS Campclar ens convida a ser arque\u00f2legs per un dia! \ud83c\udffa\ud83c\udffa<\/p>\n<p>L\u2019alumnat de 1r d\u2019ESO de l\u2019INS Campclar ens ha presentat el seu projecte <strong data-start=\"185\" data-end=\"205\">\u201cSom arque\u00f2legs\u201d<\/strong>, ens ha explicat tot el que han apr\u00e8s i ens ha convidat a viure l\u2019experi\u00e8ncia de ser arque\u00f2legs per un dia, ajudant-nos a fer troballes en el seu jaciment. Tamb\u00e9 hem pogut visitar el seu <strong data-start=\"394\" data-end=\"415\">museu arqueol\u00f2gic<\/strong>, on cada classe exposa les troballes que ha descobert.<\/p>\n<p>Moltes gr\u00e0cies a l\u2019INS Campclar i al seu alumnat per compartir amb nosaltres aquest projecte tan interessant i per fer-nos sentir com aut\u00e8ntics arque\u00f2legs per un dia! \ud83d\ude4c\ud83d\ude4c<\/p>\n<p><iframe loading=\"lazy\" title=\"SOM ARQUE\u00d4LEGS_5\u00e8\" width=\"500\" height=\"375\" src=\"https:\/\/www.youtube.com\/embed\/o1wjlrU1imQ?feature=oembed\" frameborder=\"0\" allow=\"accelerometer; autoplay; clipboard-write; encrypted-media; gyroscope; picture-in-picture; web-share\" referrerpolicy=\"strict-origin-when-cross-origin\" allowfullscreen><\/iframe><\/p>\n<p data-start=\"64\" data-end=\"147\"><strong data-start=\"64\" data-end=\"147\">\ud83c\udf1e Avui els alumnes de 5\u00e8 hem fet el taller de salut solar amb la Blanca! \ud83e\uddf4\ud83d\udd76\ufe0f<\/strong><\/p>\n<p data-start=\"149\" data-end=\"251\">Hem apr\u00e8s com protegir-nos del sol i cuidar la nostra pell mentre ens divertim a l\u2019aire lliure \ud83d\ude0e\ud83c\udf3f. <strong data-start=\"253\" data-end=\"347\">Gr\u00e0cies, Blanca, per tots els consells i per fer-nos passar una estona tan divertida! \ud83d\ude4c\ud83d\udc9b<\/strong><\/p>\n<p data-start=\"253\" data-end=\"347\"><a href=\"https:\/\/agora.xtec.cat\/escola-torreforta\/wp-content\/uploads\/usu181\/2025\/06\/salut-solar-scaled.jpg\"><img loading=\"lazy\" decoding=\"async\" class=\"alignnone size-large wp-image-3502\" src=\"https:\/\/agora.xtec.cat\/escola-torreforta\/wp-content\/uploads\/usu181\/2025\/06\/salut-solar-1024x1024.jpg\" alt=\"\" width=\"1024\" height=\"1024\" srcset=\"https:\/\/agora.xtec.cat\/escola-torreforta\/wp-content\/uploads\/usu181\/2025\/06\/salut-solar-1024x1024.jpg 1024w, https:\/\/agora.xtec.cat\/escola-torreforta\/wp-content\/uploads\/usu181\/2025\/06\/salut-solar-300x300.jpg 300w, https:\/\/agora.xtec.cat\/escola-torreforta\/wp-content\/uploads\/usu181\/2025\/06\/salut-solar-150x150.jpg 150w, https:\/\/agora.xtec.cat\/escola-torreforta\/wp-content\/uploads\/usu181\/2025\/06\/salut-solar-768x768.jpg 768w, https:\/\/agora.xtec.cat\/escola-torreforta\/wp-content\/uploads\/usu181\/2025\/06\/salut-solar-1536x1536.jpg 1536w, https:\/\/agora.xtec.cat\/escola-torreforta\/wp-content\/uploads\/usu181\/2025\/06\/salut-solar-2048x2048.jpg 2048w\" sizes=\"auto, (max-width: 1024px) 100vw, 1024px\" \/><\/a><\/p>\n<p data-start=\"59\" data-end=\"150\"><strong data-start=\"59\" data-end=\"150\">\ud83c\udfdb\ufe0f El dijous 15 de maig, l&#8217;alumnat de 5\u00e8 vam gaudir de la 23a edici\u00f3 de T\u00e0rraco Viva! \ud83c\udf89<\/strong><\/p>\n<p data-start=\"152\" data-end=\"305\">Vam participar en l\u2019activitat <strong data-start=\"182\" data-end=\"234\">\u201cJuguem com jugaven els nens i nenes de T\u00e0rraco\u201d<\/strong>, on vam descobrir com es divertien els infants a l\u2019antiga Roma \ud83c\udffa\ud83c\udfb2.<\/p>\n<p data-start=\"307\" data-end=\"389\">Una experi\u00e8ncia \u00fanica per aprendre hist\u00f2ria de manera divertida i vivencial! \ud83d\udcda\u2728<\/p>\n<p data-start=\"391\" data-end=\"419\"><strong data-start=\"391\" data-end=\"419\">Gr\u00e0cies, TarracoViva! \ud83d\ude4c<\/strong><\/p>\n<p><iframe loading=\"lazy\" title=\"JUGUEM COM JUGAVEN ELS NENS I NENES DE T\u00c0RRACO_5\u00e8\" width=\"500\" height=\"375\" src=\"https:\/\/www.youtube.com\/embed\/yf92-LjhC48?feature=oembed\" frameborder=\"0\" allow=\"accelerometer; autoplay; clipboard-write; encrypted-media; gyroscope; picture-in-picture; web-share\" referrerpolicy=\"strict-origin-when-cross-origin\" allowfullscreen><\/iframe><\/p>\n<p>____________________________________________________________________________________________<\/p>\n<p style=\"text-align: center;\"><strong>ABRIL \u2013\u00a0 CURS 2024 \u2013 2025<\/strong><\/p>\n<p>La setmana de Sant Jordi vam gaudir d&#8217;una sessi\u00f3 de Contacontes a c\u00e0rrec del mestre jubilat Jordi Massalles. Moltes gr\u00e0cies per la teva col\u00b7laboraci\u00f3 Jordi, ens va encantar! \ud83c\udf39\u200b\ud83d\udcd6\u200b<\/p>\n<p><iframe loading=\"lazy\" title=\"CONTACONTES SANT JORDI\" width=\"500\" height=\"375\" src=\"https:\/\/www.youtube.com\/embed\/cuFDJNRk5No?feature=oembed\" frameborder=\"0\" allow=\"accelerometer; autoplay; clipboard-write; encrypted-media; gyroscope; picture-in-picture; web-share\" referrerpolicy=\"strict-origin-when-cross-origin\" allowfullscreen><\/iframe><\/p>\n<p>&nbsp;<\/p>\n<p>____________________________________________________________________________________________<\/p>\n<p style=\"text-align: center;\"><strong>MAR\u00c7 \u2013\u00a0 CURS 2024 \u2013 2025<\/strong><\/p>\n<p><span style=\"font-weight: 400;\">Avui, els alumnes de 5\u00e8 han assistit al taller &#8220;Estrat\u00e8gies dels \u00e9ssers vius&#8221; al CaixaForum. En aquest taller, els estudiants han pogut explorar la diversitat de colors, formes, mides i comportaments dels \u00e9ssers vius, analitzant la funci\u00f3 d&#8217;aquestes caracter\u00edstiques en la superviv\u00e8ncia i adaptaci\u00f3 dels organismes.<\/span><\/p>\n<p><iframe loading=\"lazy\" title=\"CAIXAF\u00d2RUM TGNA_5\u00e8\" width=\"500\" height=\"375\" src=\"https:\/\/www.youtube.com\/embed\/7RjBMs-bujo?feature=oembed\" frameborder=\"0\" allow=\"accelerometer; autoplay; clipboard-write; encrypted-media; gyroscope; picture-in-picture; web-share\" referrerpolicy=\"strict-origin-when-cross-origin\" allowfullscreen><\/iframe><\/p>\n<p>&nbsp;<\/p>\n<p>L\u2019alumnat de sis\u00e8 va visitar el Complex Educatiu de Tarragona per realitzar l\u2019activitat <em data-start=\"138\" data-end=\"168\">Un tresor sota les xemeneies<\/em>, organitzada pel Camp d\u2019Aprenentatge Ciutat de Tarragona. Aquesta proposta educativa els va permetre descobrir quin tipus d\u2019ind\u00fastries tenim al territori, com funcionen i qu\u00e8 s\u2019hi fabrica, apropant-los d\u2019una manera vivencial al m\u00f3n industrial que ens envolta. \ud83c\udfed\u200b\ud83c\udfed\u200b\ud83d\udc69\u200d\ud83c\udfed\u200b\ud83d\udc68\u200d\ud83c\udfed\u200b<\/p>\n<p><iframe loading=\"lazy\" title=\"UN TRESOR SOTA LES XEMENEIES_6\u00e8\" width=\"500\" height=\"375\" src=\"https:\/\/www.youtube.com\/embed\/PmQf6CCVSAk?feature=oembed\" frameborder=\"0\" allow=\"accelerometer; autoplay; clipboard-write; encrypted-media; gyroscope; picture-in-picture; web-share\" referrerpolicy=\"strict-origin-when-cross-origin\" allowfullscreen><\/iframe><\/p>\n<p>_____________________________________________________________________________________________<\/p>\n<p style=\"text-align: center;\"><strong>FEBRER \u2013\u00a0 CURS 2024 \u2013 2025<\/strong><\/p>\n<p data-start=\"0\" data-end=\"206\">L\u2019alumnat de 6\u00e8 ha visitat el Museu de la Ci\u00e8ncia Cosmocaixa de Barcelona \ud83d\udd2c\u2728. Han participat en el taller <em data-start=\"107\" data-end=\"120\">Creactivity<\/em>, on han experimentat amb materials i eines per potenciar la seva creativitat \ud83c\udfa8\ud83d\udee0\ufe0f.<\/p>\n<p data-start=\"208\" data-end=\"401\" data-is-last-node=\"\" data-is-only-node=\"\">Tamb\u00e9 han fet la visita comentada <em data-start=\"242\" data-end=\"285\">Sapiens: el llarg cam\u00ed de la hominitzaci\u00f3<\/em>, descobrint l\u2019evoluci\u00f3 humana i els nostres avantpassats \ud83e\uddb4\ud83e\udde0. Ha estat una experi\u00e8ncia divertida i enriquidora! \ud83d\ude80<\/p>\n<p><iframe loading=\"lazy\" title=\"COSMOCAIXA_6\u00e8\" width=\"500\" height=\"375\" src=\"https:\/\/www.youtube.com\/embed\/FaeSgBdAwZY?feature=oembed\" frameborder=\"0\" allow=\"accelerometer; autoplay; clipboard-write; encrypted-media; gyroscope; picture-in-picture; web-share\" referrerpolicy=\"strict-origin-when-cross-origin\" allowfullscreen><\/iframe><\/p>\n<p>&nbsp;<\/p>\n<p>______________________________________________________________________________________________________________<\/p>\n<p style=\"text-align: center;\"><strong>GENER \u2013\u00a0 CURS 2024 \u2013 2025<\/strong><\/p>\n<p><span style=\"font-weight: 400;\">El passat 21 de gener els alumnes de tercer i cinqu\u00e8 van participar en el tradicional acte de lliurament de diplomes del Projecte TEI (Tutoria Entre Iguals) al centre c\u00edvic. Els alumnes de cinqu\u00e8 han estat nomenats tutors i tutores dels alumnes de 5\u00e8. A m\u00e9s a m\u00e9s, tamb\u00e9 es va realitzar el segon acte conjunt entre els alumnes de tercer i de cinqu\u00e9 en el que van conviure un mat\u00ed junts fent activitats de coneixen\u00e7a.<\/span><\/p>\n<p><iframe loading=\"lazy\" title=\"PROJECTE TEI_ACTE INICI\" width=\"500\" height=\"375\" src=\"https:\/\/www.youtube.com\/embed\/l5LUpTjcFbE?feature=oembed\" frameborder=\"0\" allow=\"accelerometer; autoplay; clipboard-write; encrypted-media; gyroscope; picture-in-picture; web-share\" referrerpolicy=\"strict-origin-when-cross-origin\" allowfullscreen><\/iframe><\/p>\n<p>________________________________________________________________________<\/p>\n<p style=\"text-align: center;\"><strong>DESEMBRE \u2013\u00a0 CURS 2024 \u2013 2025<\/strong><\/p>\n<p>Tot l&#8217;alumnat de cicle superior us desitja unes Bones Festes!! \ud83c\udf85\ud83c\udffc\u200b\ud83e\uddd1\ud83c\udffb\u200d\ud83c\udf84\u200b\ud83d\ude0d\u200b\ud83d\udc9c\u200b Mireu com hem decorat el passad\u00eds, ha quedat preci\u00f3s!! Esperem que us agradi!<\/p>\n<p><iframe loading=\"lazy\" title=\"NADAL_CICLE SUPERIOR\" width=\"500\" height=\"375\" src=\"https:\/\/www.youtube.com\/embed\/AaUOXNmsnnM?feature=oembed\" frameborder=\"0\" allow=\"accelerometer; autoplay; clipboard-write; encrypted-media; gyroscope; picture-in-picture; web-share\" referrerpolicy=\"strict-origin-when-cross-origin\" allowfullscreen><\/iframe><\/p>\n<p>&nbsp;<\/p>\n<p>________________________________________________________________________<\/p>\n<p style=\"text-align: center;\"><strong>NOVEMBRE \u2013\u00a0 CURS 2024 \u2013 2025<\/strong><\/p>\n<p data-start=\"176\" data-end=\"339\">Alguns alumnes de 5\u00e8 i 6\u00e8 ha participat en el primer torn del projecte <strong data-start=\"233\" data-end=\"265\">Turisme 2.0: Robots en acci\u00f3<\/strong>, una iniciativa que uneix <strong data-start=\"292\" data-end=\"336\">tecnologia, patrimoni i treball en equip<\/strong>.<\/p>\n<p data-start=\"341\" data-end=\"559\">\ud83c\udf0d El repte proposava posar-se a la pell d\u2019un turista que arriba a Tarragona i vol descobrir la ciutat de manera f\u00e0cil. Cada grup va dissenyar una <strong data-start=\"488\" data-end=\"524\">ruta circular amb quatre parades<\/strong> \ud83c\udfdb\ufe0f en punts clau del patrimoni.<\/p>\n<p data-start=\"561\" data-end=\"828\">\ud83e\udde9 Despr\u00e9s, utilitzant el kit de <strong data-start=\"594\" data-end=\"614\">LEGO Spike Prime<\/strong> i la programaci\u00f3 per blocs, van construir i programar un <strong data-start=\"672\" data-end=\"698\">robot-autob\u00fas el\u00e8ctric<\/strong> \ud83d\ude8d capa\u00e7 de seguir el recorregut, detectar colors \ud83c\udfa8 i reproduir \u00e0udios amb les explicacions gravades pels mateixos alumnes \ud83c\udfa4.<\/p>\n<p data-start=\"830\" data-end=\"1031\">\ud83d\udcfb Per compartir l\u2019experi\u00e8ncia, es va crear un <strong data-start=\"877\" data-end=\"922\">programa de r\u00e0dio escolar, Torrefortakids<\/strong>, on els participants van narrar les seves rutes i van posar en pr\u00e0ctica l\u2019expressi\u00f3 oral i la comunicaci\u00f3.<\/p>\n<p data-start=\"1033\" data-end=\"1276\">\u2728 Amb aquest projecte, els alumnes han apr\u00e8s a <strong data-start=\"1080\" data-end=\"1218\">aplicar el pensament computacional \ud83d\udcbb, con\u00e8ixer millor el patrimoni de Tarragona \ud83c\udff0 i treballar de manera col\u00b7laborativa i creativa \ud83e\udd1d<\/strong>, tot gaudint d\u2019una experi\u00e8ncia innovadora i motivadora.<\/p>\n<p data-start=\"1033\" data-end=\"1276\"><a href=\"https:\/\/agora.xtec.cat\/escola-torreforta\/wp-content\/uploads\/usu181\/2025\/09\/1000167860-1-1.png\"><img loading=\"lazy\" decoding=\"async\" class=\"alignnone size-large wp-image-3544\" src=\"https:\/\/agora.xtec.cat\/escola-torreforta\/wp-content\/uploads\/usu181\/2025\/09\/1000167860-1-1-1024x1024.png\" alt=\"\" width=\"1024\" height=\"1024\" srcset=\"https:\/\/agora.xtec.cat\/escola-torreforta\/wp-content\/uploads\/usu181\/2025\/09\/1000167860-1-1-1024x1024.png 1024w, https:\/\/agora.xtec.cat\/escola-torreforta\/wp-content\/uploads\/usu181\/2025\/09\/1000167860-1-1-300x300.png 300w, https:\/\/agora.xtec.cat\/escola-torreforta\/wp-content\/uploads\/usu181\/2025\/09\/1000167860-1-1-150x150.png 150w, https:\/\/agora.xtec.cat\/escola-torreforta\/wp-content\/uploads\/usu181\/2025\/09\/1000167860-1-1-768x768.png 768w, https:\/\/agora.xtec.cat\/escola-torreforta\/wp-content\/uploads\/usu181\/2025\/09\/1000167860-1-1-1536x1536.png 1536w, https:\/\/agora.xtec.cat\/escola-torreforta\/wp-content\/uploads\/usu181\/2025\/09\/1000167860-1-1-2048x2048.png 2048w\" sizes=\"auto, (max-width: 1024px) 100vw, 1024px\" \/><\/a><\/p>\n<p>&nbsp;<\/p>\n<p><span style=\"font-weight: 400;\">A l&#8217;\u00e0rea de pl\u00e0stica de cicle superior, els alumnes treballen el desenvolupament de la creativitat mitjan\u00e7ant t\u00e8cniques art\u00edstiques com el collage, l&#8217;an\u00e0lisi de la figura humana i la representaci\u00f3 de l&#8217;entorn proper. Quim Packard, productor cultural amb formaci\u00f3 en Belles Arts, pot servir d&#8217;inspiraci\u00f3 per projectes que relacionin art, educaci\u00f3 i cultura. \ud83d\ude0d\u200b\ud83d\ude0d\u200b\ud83c\udfa8\u200b\ud83d\uddbc\ufe0f\u200b\ud83d\udc9c\u200b<\/span><\/p>\n<p><a href=\"https:\/\/agora.xtec.cat\/escola-torreforta\/wp-content\/uploads\/usu181\/2024\/12\/PLASTICA.jpg\"><img loading=\"lazy\" decoding=\"async\" class=\"alignnone size-large wp-image-3314\" src=\"https:\/\/agora.xtec.cat\/escola-torreforta\/wp-content\/uploads\/usu181\/2024\/12\/PLASTICA-819x1024.jpg\" alt=\"\" width=\"819\" height=\"1024\" srcset=\"https:\/\/agora.xtec.cat\/escola-torreforta\/wp-content\/uploads\/usu181\/2024\/12\/PLASTICA-819x1024.jpg 819w, https:\/\/agora.xtec.cat\/escola-torreforta\/wp-content\/uploads\/usu181\/2024\/12\/PLASTICA-240x300.jpg 240w, https:\/\/agora.xtec.cat\/escola-torreforta\/wp-content\/uploads\/usu181\/2024\/12\/PLASTICA-768x960.jpg 768w, https:\/\/agora.xtec.cat\/escola-torreforta\/wp-content\/uploads\/usu181\/2024\/12\/PLASTICA-1229x1536.jpg 1229w, https:\/\/agora.xtec.cat\/escola-torreforta\/wp-content\/uploads\/usu181\/2024\/12\/PLASTICA.jpg 1638w\" sizes=\"auto, (max-width: 819px) 100vw, 819px\" \/><\/a><\/p>\n<p>&nbsp;<\/p>\n<p>___________________________________________________________________________________<\/p>\n<p style=\"text-align: center;\"><strong>OCTUBRE \u2013\u00a0 CURS 2024 \u2013 2025<\/strong><\/p>\n<p>L&#8217;alumnat de 6\u00e8 ha realitzat un taller al CaixaF\u00f2rum de Tarragona anomenat: &#8220;Viu les matem\u00e0tiques&#8221;. Aquest taller fomenta el pensament matem\u00e0tic que ajuda a interpretar moltes situacions de la vida quotidiana i, fins i tot, a resoldre problemes que aparentment no tenen una explicaci\u00f3 l\u00f2gica. \ud83d\udd22\ud83d\udccf \ud83e\udd70\ud83e\udd70<\/p>\n<p><iframe loading=\"lazy\" title=\"6\u00e8_CAIXAFORUM TARRAGONA\" width=\"422\" height=\"750\" src=\"https:\/\/www.youtube.com\/embed\/IJwDYuvrbc4?feature=oembed\" frameborder=\"0\" allow=\"accelerometer; autoplay; clipboard-write; encrypted-media; gyroscope; picture-in-picture; web-share\" referrerpolicy=\"strict-origin-when-cross-origin\" allowfullscreen><\/iframe><\/p>\n<p><span style=\"font-weight: 400;\">Les i els alumnes de cinqu\u00e8 van gaudir d&#8217;una sortida al Museu de les Mines de Bellmunt, situades a la comarca del Priorat. Aquesta visita va ser una gran oportunitat perqu\u00e8 els estudiants coneguessin de primera m\u00e0 la hist\u00f2ria minera d&#8217;aquesta zona, especialment la import\u00e0ncia de l&#8217;extracci\u00f3 de plom al llarg dels segles XIX i XX.<\/span><\/p>\n<p><span style=\"font-weight: 400;\">Durant l&#8217;excursi\u00f3, els alumnes van tenir l&#8217;oportunitat de baixar a les galeries subterr\u00e0nies de la mina Eug\u00e8nia, una de les m\u00e9s importants del complex miner de Bellmunt. All\u00e0, van poder observar com es treballava antigament a les mines i aprendre sobre les condicions de vida dels miners. Tamb\u00e9 van visitar el Museu de les Mines, on es mostren diferents eines i maquin\u00e0ria que s&#8217;utilitzaven durant l&#8217;\u00e8poca d&#8217;explotaci\u00f3 minera. \ud83e\udd29\ud83e\udd29<\/span><\/p>\n<p>&nbsp;<\/p>\n<p>__________________________________________________________________________________<\/p>\n<p style=\"text-align: center;\"><strong>SETEMBRE \u2013\u00a0 CURS 2024 \u2013 2025<\/strong><\/p>\n<p><span style=\"font-weight: 400;\">Els alumnes de cicle superior han tingut l&#8217;oportunitat de participar en una de les activitats m\u00e9s esperades de les Festes de Santa Tecla: la visita a l&#8217;Escola de la Cucafera. Amb molta il\u00b7lusi\u00f3, han descobert els secrets d&#8217;aquest element emblem\u00e0tic del Seguici Popular, aprenent sobre la seva hist\u00f2ria i el significat dins la cultura festiva de Tarragona. \ud83e\udd70\ud83e\udd70<\/span><\/p>\n<p><iframe loading=\"lazy\" title=\"VISITA CUCAFERA_CICLE SUPERIOR\" width=\"500\" height=\"375\" src=\"https:\/\/www.youtube.com\/embed\/GILiCcHJhr8?feature=oembed\" frameborder=\"0\" allow=\"accelerometer; autoplay; clipboard-write; encrypted-media; gyroscope; picture-in-picture; web-share\" referrerpolicy=\"strict-origin-when-cross-origin\" allowfullscreen><\/iframe><\/p>\n<p>&nbsp;<\/p>\n<p style=\"text-align: center;\"><strong>JUNY &#8211;\u00a0 \u00a0CURS 2023 &#8211; 2024<\/strong><\/p>\n<p>Aquest mes de juny l&#8217;alumnat de 6\u00e8 va fer una sortida a la Platja Llarga de Tarragona. S&#8217;ho va passar d&#8217;all\u00f2 m\u00e9s b\u00e9!! Aqu\u00ed us deixem un recull de fotografies. \ud83c\udf0a\u200b\ud83c\udf0a\u200b\ud83c\udfca\u200d\u2640\ufe0f\u200b\ud83c\udfca\u200d\u2642\ufe0f\u200b\ud83c\udfca\ud83c\udffe\u200d\u2642\ufe0f\u200b\ud83c\udfca\ud83c\udffe\u200d\u2640\ufe0f\u200b<\/p>\n<p><iframe loading=\"lazy\" title=\"PLATJA LLARGA TARRAGONA_6\u00e8\" width=\"500\" height=\"375\" src=\"https:\/\/www.youtube.com\/embed\/DoCZqE-LCuY?feature=oembed\" frameborder=\"0\" allow=\"accelerometer; autoplay; clipboard-write; encrypted-media; gyroscope; picture-in-picture; web-share\" referrerpolicy=\"strict-origin-when-cross-origin\" allowfullscreen><\/iframe><\/p>\n<p>L&#8217;alumnat de 5\u00e8 va fer una sortida al Club N\u00e0utic de Tarragona, van fer activitats com anar en kayak o paddle surf. Van divertir-se molt! Mireu com vam gaudir!! \u200b\ud83c\udf0a\u200b\u200b\ud83c\udfc4\ud83c\udffd\u200d\u2640\ufe0f\u200b\ud83c\udfc4\ud83c\udffd\u200d\u2642\ufe0f\u200b\ud83d\udef6\u200b<\/p>\n<p><iframe loading=\"lazy\" title=\"CLUB N\u00c0UTIC TARRAGONA_5\u00e8\" width=\"500\" height=\"375\" src=\"https:\/\/www.youtube.com\/embed\/sm45mUBiRgo?feature=oembed\" frameborder=\"0\" allow=\"accelerometer; autoplay; clipboard-write; encrypted-media; gyroscope; picture-in-picture; web-share\" referrerpolicy=\"strict-origin-when-cross-origin\" allowfullscreen><\/iframe><\/p>\n<p>&nbsp;<\/p>\n<p>L&#8217;\u00faltim dia del curs vam gaudir d&#8217;una estona tots i totes junts al Camp de Futbol tot realitzant jocs en grup. Vam passar una estona divertida que vam acabar remullant-nos i menjant un gelat.<\/p>\n<p>&nbsp;<\/p>\n<p>_____________________________________________________________________________________________________________<\/p>\n<p style=\"text-align: center;\"><strong>MAIG &#8211;\u00a0 \u00a0CURS 2023 &#8211; 2024<\/strong><\/p>\n<p><span style=\"font-weight: 400;\">Els alumnes de 6\u00e8 de la nostra escola han estat els padrins de lectura dels i de les alumnes d&#8217;I5 aquest mes de maig. Aquest treball ha perm\u00e8s una interacci\u00f3 i una cooperaci\u00f3 entre els i les alumnes de diferents nivells educatius, fomentant la lectura i l&#8217;aprenentatge en un ambient de col\u00b7laboraci\u00f3 i suport mutu. \ud83d\udcda\u200b\ud83d\udc68\u200d\ud83d\udc67\u200b\ud83d\udc68\u200d\ud83d\udc67\u200d\ud83d\udc67\u200b\ud83d\udc68\u200d\ud83d\udc67\u200d\ud83d\udc66\u200b\ud83d\udc68\u200d\ud83d\udc66\u200d\ud83d\udc66\u200b\ud83d\udc68\u200d\ud83d\udc66\u200b\ud83d\udcda<\/span><\/p>\n<p><iframe loading=\"lazy\" title=\"PADRINS DE LECTURA_I5_6\u00e8\" width=\"500\" height=\"375\" src=\"https:\/\/www.youtube.com\/embed\/HB08sNU6Qi4?feature=oembed\" frameborder=\"0\" allow=\"accelerometer; autoplay; clipboard-write; encrypted-media; gyroscope; picture-in-picture; web-share\" referrerpolicy=\"strict-origin-when-cross-origin\" allowfullscreen><\/iframe><\/p>\n<p>&nbsp;<\/p>\n<p><span style=\"font-weight: 400;\">Els alumnes de sis\u00e8 de l&#8217;Escola Torreforta han tingut el plaer d&#8217;assistir al musical de <\/span><i><span style=\"font-weight: 400;\">Grease<\/span><\/i><span style=\"font-weight: 400;\"> a l&#8217;IES Collblanc. Una experi\u00e8ncia incre\u00efble que ens ha fet viatjar als anys 50! \ud83c\udfb6\ud83d\udc83 #GreaseElMusical #EscolaTorreforta #IESCollblanc<\/span><\/p>\n<p><iframe loading=\"lazy\" title=\"MUSICAL GREASE_IES COLLBLANC_6\u00e8\" width=\"500\" height=\"375\" src=\"https:\/\/www.youtube.com\/embed\/9TE2lasEUvs?feature=oembed\" frameborder=\"0\" allow=\"accelerometer; autoplay; clipboard-write; encrypted-media; gyroscope; picture-in-picture; web-share\" referrerpolicy=\"strict-origin-when-cross-origin\" allowfullscreen><\/iframe><\/p>\n<p>L&#8217;alumnat de 5\u00e8 ha anat al teatre per veure l&#8217;obra &#8220;Rigoberta i el Windigo&#8221;, una hist\u00f2ria en qu\u00e8, des de l&#8217;humor, ens parla sobre com el model de consum dels pa\u00efsos del Nord Global afecta a les comunitats ind\u00edgenes del Sud Global, generant una crisi ecol\u00f2gica i social. Hem de cuidar el nostre planeta!! \ud83c\udf0e\u200b\ud83c\udf0f\ud83d\udc9c\u200b\ud83d\udc9c\u200b<\/p>\n<p><a href=\"https:\/\/agora.xtec.cat\/escola-torreforta\/wp-content\/uploads\/usu181\/2024\/06\/GridArt_20240529_210737935-1-1.jpg\"><img loading=\"lazy\" decoding=\"async\" class=\"alignnone size-large wp-image-3175\" src=\"https:\/\/agora.xtec.cat\/escola-torreforta\/wp-content\/uploads\/usu181\/2024\/06\/GridArt_20240529_210737935-1-1-819x1024.jpg\" alt=\"\" width=\"819\" height=\"1024\" srcset=\"https:\/\/agora.xtec.cat\/escola-torreforta\/wp-content\/uploads\/usu181\/2024\/06\/GridArt_20240529_210737935-1-1-819x1024.jpg 819w, https:\/\/agora.xtec.cat\/escola-torreforta\/wp-content\/uploads\/usu181\/2024\/06\/GridArt_20240529_210737935-1-1-240x300.jpg 240w, https:\/\/agora.xtec.cat\/escola-torreforta\/wp-content\/uploads\/usu181\/2024\/06\/GridArt_20240529_210737935-1-1-768x960.jpg 768w, https:\/\/agora.xtec.cat\/escola-torreforta\/wp-content\/uploads\/usu181\/2024\/06\/GridArt_20240529_210737935-1-1.jpg 1024w\" sizes=\"auto, (max-width: 819px) 100vw, 819px\" \/><\/a><\/p>\n<p>_____________________________________________________________________________________________________________<\/p>\n<p style=\"text-align: center;\"><strong>ABRIL &#8211;\u00a0 \u00a0CURS 2023 &#8211; 2024<\/strong><\/p>\n<p>L&#8217;alumnat de 5\u00e8 va realitzar una activitat a l&#8217;IES Campclar. L&#8217;alumnat de 1r ESO ens va mostrar el que havien apr\u00e8s en el seu projecte d&#8217;arqueologia: com s&#8217;inicien en l&#8217;excavaci\u00f3, com recullen les dades, com les classifiquen per antiguitat i despr\u00e9s com ho exposen en el seu &#8220;museu arqueol\u00f2gic&#8221;. Ens ha agradat molt i ens ho hem passat molt b\u00e9!! \ud83e\udd70\u200b\ud83e\udd70\u200b\ud83e\udd70\u200b<\/p>\n<p><iframe loading=\"lazy\" title=\"PROJECTE_ARQUEOLOGIA_IESCAMPCLAR_SORTIDA_5\u00e8\" width=\"500\" height=\"375\" src=\"https:\/\/www.youtube.com\/embed\/QixwUrgu8ag?feature=oembed\" frameborder=\"0\" allow=\"accelerometer; autoplay; clipboard-write; encrypted-media; gyroscope; picture-in-picture; web-share\" referrerpolicy=\"strict-origin-when-cross-origin\" allowfullscreen><\/iframe><\/p>\n<p>&nbsp;<\/p>\n<p>L&#8217;alumnat de cinqu\u00e8 va gaudir coneixent de prop el riu Francol\u00ed a trav\u00e9s de l&#8217;Escola de Natura de Mare Terra on van realitzar el taller &#8220;Descobrim el Francol\u00ed amb rastres i senyals&#8221;. Una trobada directa amb la natura. \ud83c\udf0f\u200b\ud83d\ude0d\u200b\ud83d\ude0d\u200b<\/p>\n<p><iframe loading=\"lazy\" title=\"SORTIDA RIU FRANCOL\u00cd_5\u00e8\" width=\"500\" height=\"375\" src=\"https:\/\/www.youtube.com\/embed\/Mckz2Z06x4E?feature=oembed\" frameborder=\"0\" allow=\"accelerometer; autoplay; clipboard-write; encrypted-media; gyroscope; picture-in-picture; web-share\" referrerpolicy=\"strict-origin-when-cross-origin\" allowfullscreen><\/iframe><\/p>\n<p>&nbsp;<\/p>\n<p>Avui l\u2019alumnat de 5\u00e8 A ha visitat les paradetes de Sant Jordi de les escoles de ponent. En aquesta visita, han pogut veure les elaboracions i escoltar les explicacions dels altres nens i nenes sobre els relats i les il\u2022lustracions que han anat treballant durant aquest temps per Sant Jordi. \ud83c\udf39\u200b\ud83c\udf39\u200b\ud83d\udcd6\u200b\ud83d\udcd6\u200b<\/p>\n<p><a href=\"https:\/\/agora.xtec.cat\/escola-torreforta\/wp-content\/uploads\/usu181\/2024\/05\/Paradetes-Sant-Jordi-2-1.jpg\"><img loading=\"lazy\" decoding=\"async\" class=\"alignnone size-full wp-image-3150\" src=\"https:\/\/agora.xtec.cat\/escola-torreforta\/wp-content\/uploads\/usu181\/2024\/05\/Paradetes-Sant-Jordi-2-1.jpg\" alt=\"\" width=\"512\" height=\"640\" srcset=\"https:\/\/agora.xtec.cat\/escola-torreforta\/wp-content\/uploads\/usu181\/2024\/05\/Paradetes-Sant-Jordi-2-1.jpg 512w, https:\/\/agora.xtec.cat\/escola-torreforta\/wp-content\/uploads\/usu181\/2024\/05\/Paradetes-Sant-Jordi-2-1-240x300.jpg 240w\" sizes=\"auto, (max-width: 512px) 100vw, 512px\" \/><\/a><\/p>\n<p>____________________________________________________________________________________________<\/p>\n<p style=\"text-align: center;\"><strong>MAR\u00c7 &#8211;\u00a0 \u00a0CURS 2023 &#8211; 2024<\/strong><\/p>\n<p><span style=\"font-weight: 400;\">Els alumnes de sis\u00e8 avui han gaudit d&#8217;un passeig per la part Alta de Tarragona, on ells han estat els protagonistes principals, ja que han explicat als seus companys els llocs m\u00e9s representatius de Tarragona en l&#8217;edat medieval. \ud83d\ude0d\u200b\ud83d\ude0d\u200b\ud83d\ude0a\u200b\ud83d\ude0a\u200b<\/span><\/p>\n<p><iframe loading=\"lazy\" title=\"MAR\u00c7_CICLE SUPERIOR\" width=\"500\" height=\"375\" src=\"https:\/\/www.youtube.com\/embed\/djATBDtZXP4?feature=oembed\" frameborder=\"0\" allow=\"accelerometer; autoplay; clipboard-write; encrypted-media; gyroscope; picture-in-picture; web-share\" referrerpolicy=\"strict-origin-when-cross-origin\" allowfullscreen><\/iframe><\/p>\n<p>__________________________________________________________________________________<\/p>\n<p style=\"text-align: center;\"><strong>FEBRER &#8211;\u00a0 \u00a0CURS 2023 &#8211; 2024<\/strong><\/p>\n<p><span style=\"font-weight: 400;\">Els alumnes de sis\u00e8 de l\u2019escola de Torreforta han visita els instituts del barri de cara a l\u2019any vinent, ja que comen\u00e7aran una nova etapa. \ud83d\ude0a\u200b\ud83e\udd70\u200b<\/span><\/p>\n<p><iframe loading=\"lazy\" title=\"VISITA IES TORREFORTA\/IES CAMPCLAR\" width=\"422\" height=\"750\" src=\"https:\/\/www.youtube.com\/embed\/uvQEFBtt7jE?feature=oembed\" frameborder=\"0\" allow=\"accelerometer; autoplay; clipboard-write; encrypted-media; gyroscope; picture-in-picture; web-share\" referrerpolicy=\"strict-origin-when-cross-origin\" allowfullscreen><\/iframe><\/p>\n<p>&nbsp;<\/p>\n<p><span style=\"font-weight: 400;\">Els alumnes de sis\u00e8 han assistit avui a un taller on han treballat i apr\u00e8s coses relacionades amb l&#8217;evoluci\u00f3 de l&#8217;\u00e9sser hum\u00e0, la sexualitat i la reproducci\u00f3. \u200b\ud83d\ude0a\u200b\ud83d\ude0a\u200b<\/span><\/p>\n<p><a href=\"https:\/\/agora.xtec.cat\/escola-torreforta\/wp-content\/uploads\/usu181\/2024\/03\/GridArt_20240301_105927110-1-1-1.jpg\"><img loading=\"lazy\" decoding=\"async\" class=\"alignnone size-large wp-image-3086\" src=\"https:\/\/agora.xtec.cat\/escola-torreforta\/wp-content\/uploads\/usu181\/2024\/03\/GridArt_20240301_105927110-1-1-1-819x1024.jpg\" alt=\"\" width=\"819\" height=\"1024\" srcset=\"https:\/\/agora.xtec.cat\/escola-torreforta\/wp-content\/uploads\/usu181\/2024\/03\/GridArt_20240301_105927110-1-1-1-819x1024.jpg 819w, https:\/\/agora.xtec.cat\/escola-torreforta\/wp-content\/uploads\/usu181\/2024\/03\/GridArt_20240301_105927110-1-1-1-240x300.jpg 240w, https:\/\/agora.xtec.cat\/escola-torreforta\/wp-content\/uploads\/usu181\/2024\/03\/GridArt_20240301_105927110-1-1-1-768x960.jpg 768w, https:\/\/agora.xtec.cat\/escola-torreforta\/wp-content\/uploads\/usu181\/2024\/03\/GridArt_20240301_105927110-1-1-1.jpg 1152w\" sizes=\"auto, (max-width: 819px) 100vw, 819px\" \/><\/a><\/p>\n<p>_______________________________________________________________________________<\/p>\n<p style=\"text-align: center;\"><strong>GENER &#8211;\u00a0 \u00a0CURS 2023 &#8211; 2024<\/strong><\/p>\n<p>Activitat realitzada en el marc del programa TEI. Els grups de 3r i 5\u00e8 participen en una gimcana de 6 proves on l\u2019objectiu \u00e9s fer vincle entre tutor i tutoritzat a trav\u00e9s del joc cooperatiu i del gaudi! \ud83d\ude03\u200b\ud83d\ude00\u200b\ud83e\udd70\u200b\ud83e\udd70\u200b<\/p>\n<p><iframe loading=\"lazy\" title=\"GIMCANA TEI\" width=\"500\" height=\"375\" src=\"https:\/\/www.youtube.com\/embed\/9VxLNwxCLY4?feature=oembed\" frameborder=\"0\" allow=\"accelerometer; autoplay; clipboard-write; encrypted-media; gyroscope; picture-in-picture; web-share\" referrerpolicy=\"strict-origin-when-cross-origin\" allowfullscreen><\/iframe><\/p>\n<p>&nbsp;<\/p>\n<p style=\"text-align: left;\"><span style=\"font-weight: 400;\">Qu\u00e8 \u00e9s una c\u00e8l\u00b7lula? D&#8217;on prov\u00e9? On podem trobar-la? Existeixen moltes c\u00e8l\u00b7lules diferents? <\/span><span style=\"font-weight: 400;\">En aquest taller dirigit als alumnes de cinqu\u00e8 i\u00a0 sis\u00e8; els alumnes realitzaran preparacions senzilles que permetran observar al microscopi diferents tipus de c\u00e8l\u00b7lules i descobrir com s\u00f3n amb els nostres propis ulls.\ud83d\udd2c\u200b\ud83d\udd2c\u200b\ud83e\udda0\u200b\ud83e\udda0\u200b<\/span><\/p>\n<p><iframe loading=\"lazy\" title=\"CAIXA F\u00d2RUM_TGNA_6\u00e8\" width=\"500\" height=\"375\" src=\"https:\/\/www.youtube.com\/embed\/k4qnFUw9t64?feature=oembed\" frameborder=\"0\" allow=\"accelerometer; autoplay; clipboard-write; encrypted-media; gyroscope; picture-in-picture; web-share\" referrerpolicy=\"strict-origin-when-cross-origin\" allowfullscreen><\/iframe><\/p>\n<p><iframe loading=\"lazy\" title=\"CAIXAF\u00d2RUM_TGNA_5\u00e8\" width=\"500\" height=\"375\" src=\"https:\/\/www.youtube.com\/embed\/yR553CnbOcg?feature=oembed\" frameborder=\"0\" allow=\"accelerometer; autoplay; clipboard-write; encrypted-media; gyroscope; picture-in-picture; web-share\" referrerpolicy=\"strict-origin-when-cross-origin\" allowfullscreen><\/iframe><\/p>\n<p>&nbsp;<\/p>\n<p>__________________________________________________________________________<\/p>\n<p style=\"text-align: center;\"><strong>DESEMBRE &#8211;\u00a0 \u00a0CURS 2023 &#8211; 2024<\/strong><\/p>\n<p>L&#8217;alumnat de 5\u00e8 va fer una excursi\u00f3 pels monuments m\u00e9s emblem\u00e0tics de la T\u00e0rraco Romana. Vam gaudir molt\u00edssim!! \ud83e\udd73\u200b\ud83d\ude0d\u200b\ud83e\udd70\u200b<\/p>\n<p><iframe loading=\"lazy\" title=\"T\u00c0RRACO ROMANA_5\u00e8\" width=\"500\" height=\"375\" src=\"https:\/\/www.youtube.com\/embed\/phN5SQnWzY8?feature=oembed\" frameborder=\"0\" allow=\"accelerometer; autoplay; clipboard-write; encrypted-media; gyroscope; picture-in-picture; web-share\" referrerpolicy=\"strict-origin-when-cross-origin\" allowfullscreen><\/iframe><\/p>\n<p>&nbsp;<\/p>\n<p>&nbsp;<\/p>\n<p>________________________________________________________________________________________________________<\/p>\n<p style=\"text-align: center;\"><strong>NOVEMBRE &#8211;\u00a0 \u00a0CURS 2023 &#8211; 2024<\/strong><\/p>\n<p>Les i els alumnes de 6\u00e8 van fer una visita al Museu de la Ci\u00e8ncia al Cosmocaixa de Barcelona. All\u00ed, a m\u00e9s de visitar el bosc vertical, l&#8217;exposici\u00f3 de dinosaures i el museu en general; tamb\u00e9 han gaudit de dos tallers: &#8220;Rob\u00f2tica&#8221; i &#8220;Matem\u00e0tiques amb paper i tisores&#8221;. Els ha fascinat! \ud83e\udd96\ud83c\udf33\ud83e\udd16\u2702\ufe0f<\/p>\n<p><iframe loading=\"lazy\" title=\"COSMOCAIXA BCN_6\u00e8\" width=\"500\" height=\"375\" src=\"https:\/\/www.youtube.com\/embed\/gWWKqLNDjM8?feature=oembed\" frameborder=\"0\" allow=\"accelerometer; autoplay; clipboard-write; encrypted-media; gyroscope; picture-in-picture; web-share\" referrerpolicy=\"strict-origin-when-cross-origin\" allowfullscreen><\/iframe><\/p>\n<p>&nbsp;<\/p>\n<p>Des del Departament de Medi Ambient de l&#8217;Ajuntament de Tarragona ens han vingut a explicar com funciona la deixalleria m\u00f2bil i ens han ensenyat a fabricar sab\u00f3 amb l&#8217;oli que ja est\u00e0 fet servir. \u00c9s molt important reciclar i aix\u00ed ens ho han demostrat. \u267b\ufe0f\u200b\u267b\ufe0f\u200b\u203c\ufe0f\u200b\u203c\ufe0f\u200b<\/p>\n<p><a href=\"https:\/\/agora.xtec.cat\/escola-torreforta\/wp-content\/uploads\/usu181\/2024\/01\/GridArt_20240105_111820181-1.jpg\"><img loading=\"lazy\" decoding=\"async\" class=\"alignnone size-large wp-image-2926\" src=\"https:\/\/agora.xtec.cat\/escola-torreforta\/wp-content\/uploads\/usu181\/2024\/01\/GridArt_20240105_111820181-1-819x1024.jpg\" alt=\"\" width=\"819\" height=\"1024\" srcset=\"https:\/\/agora.xtec.cat\/escola-torreforta\/wp-content\/uploads\/usu181\/2024\/01\/GridArt_20240105_111820181-1-819x1024.jpg 819w, https:\/\/agora.xtec.cat\/escola-torreforta\/wp-content\/uploads\/usu181\/2024\/01\/GridArt_20240105_111820181-1-240x300.jpg 240w, https:\/\/agora.xtec.cat\/escola-torreforta\/wp-content\/uploads\/usu181\/2024\/01\/GridArt_20240105_111820181-1-768x960.jpg 768w, https:\/\/agora.xtec.cat\/escola-torreforta\/wp-content\/uploads\/usu181\/2024\/01\/GridArt_20240105_111820181-1.jpg 1024w\" sizes=\"auto, (max-width: 819px) 100vw, 819px\" \/><\/a><\/p>\n<p>&nbsp;<\/p>\n<p>___________________________________________________________________________________<\/p>\n<p style=\"text-align: center;\"><strong>OCTUBRE &#8211;\u00a0 \u00a0CURS 2023 &#8211; 2024<\/strong><\/p>\n<p>L&#8217;alumnat de 5\u00e8 vam visitar el Museu de les Mines de Bellmunt del Priorat. Vam descobrir com funcionava la mina i el proc\u00e9s metal\u00b7l\u00fargic del plom. El que m\u00e9s ens va agradar va ser la visita guiada a la primera planta de la Mina Eug\u00e8nia. \u26cf\ufe0f\u200b\ud83e\udeb4\u200b\ud83d\uddfb\u200b<\/p>\n<p><iframe loading=\"lazy\" title=\"MUSEU MINES DE BELLMUNT_5\u00e8\" width=\"500\" height=\"375\" src=\"https:\/\/www.youtube.com\/embed\/-OKqV8BwMv0?feature=oembed\" frameborder=\"0\" allow=\"accelerometer; autoplay; clipboard-write; encrypted-media; gyroscope; picture-in-picture; web-share\" referrerpolicy=\"strict-origin-when-cross-origin\" allowfullscreen><\/iframe><\/p>\n<p>&nbsp;<\/p>\n<p>L&#8217;alumnat de 5\u00e8 ha iniciat el programaTEI, Tutoria entre iguals, que consta d&#8217;uns tutors que s\u00f3n els i les alumnes de 5\u00e8 que vetllen pels seus tutoritzats que s\u00f3n l&#8217;alumnat de 3r. Per aix\u00f2 s&#8217;ha fet un acte en el que la directora ha donat els diplomes a l&#8217;alumnat de 5\u00e8 nomenant-los tutors dels nens i nenes de 3r.<\/p>\n<p>El TEI \u00e9s un programa de conviv\u00e8ncia per a la prevenci\u00f3 de la viol\u00e8ncia i l\u2019assetjament escolar; \u00e9s institucional i implica a tota la comunitat educativa. T\u00e9 com a objectiu fonamental millorar la integraci\u00f3 escolar o treballar per una escola inclusiva i no violenta, fomentant que les relacions entre iguals siguin m\u00e9s satisfact\u00f2ries, orientades a la millora del clima i dins la cultura del nostre centre respecte a la conviv\u00e8ncia i la resoluci\u00f3 dialogada dels conflictes.<\/p>\n<p><iframe loading=\"lazy\" title=\"TEI_5\u00e8\" width=\"500\" height=\"375\" src=\"https:\/\/www.youtube.com\/embed\/0qJsI5aSQGU?feature=oembed\" frameborder=\"0\" allow=\"accelerometer; autoplay; clipboard-write; encrypted-media; gyroscope; picture-in-picture; web-share\" referrerpolicy=\"strict-origin-when-cross-origin\" allowfullscreen><\/iframe><\/p>\n<p>&nbsp;<\/p>\n<p>\ud83c\udfb2\u200b\u2663\ufe0f\u200b L&#8217;alumnat de 6\u00e8 va participar a una trobada anomenada Tast de Jocs que van preparar els i les alumnes de l&#8217;Institut Torreforta. Vam gaudir d&#8217;una estona molt divertida. \ud83d\ude03\u200b\ud83d\ude0a\u200b<\/p>\n<p><iframe loading=\"lazy\" title=\"TAST DE JOCS_6\u00e8\" width=\"500\" height=\"375\" src=\"https:\/\/www.youtube.com\/embed\/9weUBRv49-w?feature=oembed\" frameborder=\"0\" allow=\"accelerometer; autoplay; clipboard-write; encrypted-media; gyroscope; picture-in-picture; web-share\" referrerpolicy=\"strict-origin-when-cross-origin\" allowfullscreen><\/iframe><\/p>\n<p>&nbsp;<\/p>\n<p>L&#8217;alumnat de 6\u00e8 va visitar les castanyeres mentrestant torraven les castanyes. Us agra\u00efm molt la vostra ajuda!! \u200b\ud83c\udf30\u200b\ud83c\udf83\u200b\u200b\ud83c\udf30\u200b\ud83c\udf83\u200b<\/p>\n<p><a href=\"https:\/\/agora.xtec.cat\/escola-torreforta\/wp-content\/uploads\/usu181\/2024\/01\/GridArt_20240105_110348768-3-1.jpg\"><img loading=\"lazy\" decoding=\"async\" class=\"alignnone size-large wp-image-2923\" src=\"https:\/\/agora.xtec.cat\/escola-torreforta\/wp-content\/uploads\/usu181\/2024\/01\/GridArt_20240105_110348768-3-1-819x1024.jpg\" alt=\"\" width=\"819\" height=\"1024\" srcset=\"https:\/\/agora.xtec.cat\/escola-torreforta\/wp-content\/uploads\/usu181\/2024\/01\/GridArt_20240105_110348768-3-1-819x1024.jpg 819w, https:\/\/agora.xtec.cat\/escola-torreforta\/wp-content\/uploads\/usu181\/2024\/01\/GridArt_20240105_110348768-3-1-240x300.jpg 240w, https:\/\/agora.xtec.cat\/escola-torreforta\/wp-content\/uploads\/usu181\/2024\/01\/GridArt_20240105_110348768-3-1-768x960.jpg 768w, https:\/\/agora.xtec.cat\/escola-torreforta\/wp-content\/uploads\/usu181\/2024\/01\/GridArt_20240105_110348768-3-1.jpg 1024w\" sizes=\"auto, (max-width: 819px) 100vw, 819px\" \/><\/a><\/p>\n<p>_______________________________________________________________________________________________________________<\/p>\n<p style=\"text-align: center;\"><strong>SETEMBRE &#8211;\u00a0 \u00a0CURS 2023 &#8211; 2024<\/strong><\/p>\n<p>Aquest mes de setembre en motiu de la festa major de Tarragona, Santa Tecla, ens va venir a visitar la Vibrieta. \ud83d\ude0a\u200b\ud83d\ude0a\u200b<\/p>\n<p><a href=\"https:\/\/agora.xtec.cat\/escola-torreforta\/wp-content\/uploads\/usu181\/2023\/10\/White-and-Blue-Collage-Summer-Instagram-Post-1.png\"><img loading=\"lazy\" decoding=\"async\" class=\"alignnone size-large wp-image-2847\" src=\"https:\/\/agora.xtec.cat\/escola-torreforta\/wp-content\/uploads\/usu181\/2023\/10\/White-and-Blue-Collage-Summer-Instagram-Post-1-1024x1024.png\" alt=\"\" width=\"1024\" height=\"1024\" srcset=\"https:\/\/agora.xtec.cat\/escola-torreforta\/wp-content\/uploads\/usu181\/2023\/10\/White-and-Blue-Collage-Summer-Instagram-Post-1-1024x1024.png 1024w, https:\/\/agora.xtec.cat\/escola-torreforta\/wp-content\/uploads\/usu181\/2023\/10\/White-and-Blue-Collage-Summer-Instagram-Post-1-300x300.png 300w, https:\/\/agora.xtec.cat\/escola-torreforta\/wp-content\/uploads\/usu181\/2023\/10\/White-and-Blue-Collage-Summer-Instagram-Post-1-150x150.png 150w, https:\/\/agora.xtec.cat\/escola-torreforta\/wp-content\/uploads\/usu181\/2023\/10\/White-and-Blue-Collage-Summer-Instagram-Post-1-768x768.png 768w, https:\/\/agora.xtec.cat\/escola-torreforta\/wp-content\/uploads\/usu181\/2023\/10\/White-and-Blue-Collage-Summer-Instagram-Post-1.png 1080w\" sizes=\"auto, (max-width: 1024px) 100vw, 1024px\" \/><\/a><\/p>\n<p>&nbsp;<\/p>\n<p>\ud83e\udd73\u200b\ud83c\udf89Les i els alumnes de Cicle Superior van realitzar unes activitats molt divertides i enriquidores sobre Santa Tecla amb unes capses d&#8217;aprenentatge confeccionades per <a class=\"mention-chip ytcp-social-suggestion-input\" spellcheck=\"false\" href=\"https:\/\/studio.youtube.com\/channel\/UCH5QFyGz5ncIvk4JOC5Chog\">\u00a0@gam_labcoop775\u00a0<\/a><\/p>\n<p><iframe loading=\"lazy\" title=\"CAPSES D&#039;APRENENTATGE_GAMLAB_CICLE SUPERIOR\" width=\"500\" height=\"375\" src=\"https:\/\/www.youtube.com\/embed\/-rH8GcghEVE?feature=oembed\" frameborder=\"0\" allow=\"accelerometer; autoplay; clipboard-write; encrypted-media; gyroscope; picture-in-picture; web-share\" referrerpolicy=\"strict-origin-when-cross-origin\" allowfullscreen><\/iframe><\/p>\n<p>&nbsp;<\/p>\n<p>___________________________________________________________________________________<\/p>\n<p style=\"text-align: center;\"><strong>JUNY &#8211;\u00a0 \u00a0CURS 2022 &#8211; 2023<\/strong><\/p>\n<p>Aquest mes de juny, l&#8217;alumnat de 5\u00e8 ha anat d&#8217;excursi\u00f3 al Club N\u00e0utic de Tarragona. Ens ho hem passat molt b\u00e9 i aqu\u00ed us deixem una mostra. \ud83d\ude18\u200b\ud83d\ude0d\u200b\ud83d\ude0a\u200b\ud83e\udd70 Bon estiu!! \u200b\ud83c\udf1e\u200b\ud83c\udf1e<\/p>\n<p><iframe loading=\"lazy\" title=\"SORTIDA AL CLUB N\u00c0UTIC_5\u00e8\" width=\"500\" height=\"375\" src=\"https:\/\/www.youtube.com\/embed\/-SfVMwbVxtA?feature=oembed\" frameborder=\"0\" allow=\"accelerometer; autoplay; clipboard-write; encrypted-media; gyroscope; picture-in-picture; web-share\" referrerpolicy=\"strict-origin-when-cross-origin\" allowfullscreen><\/iframe><\/p>\n<p>&nbsp;<\/p>\n<p>___________________________________________________________________________________<\/p>\n<p style=\"text-align: center;\"><strong>MAIG\u00a0 &#8211;\u00a0 \u00a0CURS 2022 &#8211; 2023<\/strong><\/p>\n<p>\ud83d\udce2 Aquest mes de maig, l&#8217;alumnat de sis\u00e8 ha conviscut amb els seus fillols d&#8217;I5. Els\/les alumnes de sis\u00e8 han estat els padrins de lectura dels i de les alumnes d&#8217;I5. Han compartit molts moment bonics junts. Una experi\u00e8ncia que ens ha agradat molt\u00edssim. \ud83e\udd29\u200a\ud83e\udd29\u200a\ud83d\ude0d\u200a\ud83d\ude0d<\/p>\n<p><a href=\"https:\/\/agora.xtec.cat\/escola-torreforta\/wp-content\/uploads\/usu181\/2023\/06\/WhatsApp-Image-2023-06-01-at-10.16.03.jpeg\"><img loading=\"lazy\" decoding=\"async\" class=\"alignnone size-large wp-image-2779\" src=\"https:\/\/agora.xtec.cat\/escola-torreforta\/wp-content\/uploads\/usu181\/2023\/06\/WhatsApp-Image-2023-06-01-at-10.16.03-819x1024.jpeg\" alt=\"\" width=\"819\" height=\"1024\" srcset=\"https:\/\/agora.xtec.cat\/escola-torreforta\/wp-content\/uploads\/usu181\/2023\/06\/WhatsApp-Image-2023-06-01-at-10.16.03-819x1024.jpeg 819w, https:\/\/agora.xtec.cat\/escola-torreforta\/wp-content\/uploads\/usu181\/2023\/06\/WhatsApp-Image-2023-06-01-at-10.16.03-240x300.jpeg 240w, https:\/\/agora.xtec.cat\/escola-torreforta\/wp-content\/uploads\/usu181\/2023\/06\/WhatsApp-Image-2023-06-01-at-10.16.03-768x960.jpeg 768w, https:\/\/agora.xtec.cat\/escola-torreforta\/wp-content\/uploads\/usu181\/2023\/06\/WhatsApp-Image-2023-06-01-at-10.16.03-1229x1536.jpeg 1229w, https:\/\/agora.xtec.cat\/escola-torreforta\/wp-content\/uploads\/usu181\/2023\/06\/WhatsApp-Image-2023-06-01-at-10.16.03.jpeg 1280w\" sizes=\"auto, (max-width: 819px) 100vw, 819px\" \/><\/a><\/p>\n<p>&nbsp;<\/p>\n<p>\ud83e\udd16\u200a\ud83e\udd16\u200aLes\/Els alumnes de sis\u00e8 us volem mostrar el que hem apr\u00e8s aquest curs durant les ROBOTIC LESSONS. Hem practicat la llengua anglesa d&#8217;una forma divertida. We enjoy a lot!! \ud83d\ude00\u200a\ud83d\ude00\u200a\ud83c\udf89\u200a\ud83c\udf89<\/p>\n<p><iframe loading=\"lazy\" title=\"ROBOTICS LESSONS_6\u00c8\" width=\"500\" height=\"375\" src=\"https:\/\/www.youtube.com\/embed\/CKNqW7K8YQ0?feature=oembed\" frameborder=\"0\" allow=\"accelerometer; autoplay; clipboard-write; encrypted-media; gyroscope; picture-in-picture; web-share\" referrerpolicy=\"strict-origin-when-cross-origin\" allowfullscreen><\/iframe><\/p>\n<p>&nbsp;<\/p>\n<p>_________________________________________________________________________________________________________-<\/p>\n<p style=\"text-align: center;\"><strong>ABRIL\u00a0 &#8211;\u00a0 \u00a0CURS 2022 &#8211; 2023<\/strong><\/p>\n<p><span style=\"font-weight: 400;\">\ud83c\udfb6Ritme, coordinaci\u00f3, treball cooperatiu i molt de flow! En aquesta activitat no hi falta de res! I \u00e9s que els nostres alumnes de cicle superior gaudeixen d&#8217;all\u00f2 m\u00e9s de la m\u00fasica! \ud83c\udfb6<\/span><\/p>\n<p><iframe loading=\"lazy\" title=\"COORDINACI\u00d3 DE MANS_ED.ART\u00cdSTICA\" width=\"500\" height=\"281\" src=\"https:\/\/www.youtube.com\/embed\/tWCqi485Ku4?feature=oembed\" frameborder=\"0\" allow=\"accelerometer; autoplay; clipboard-write; encrypted-media; gyroscope; picture-in-picture; web-share\" referrerpolicy=\"strict-origin-when-cross-origin\" allowfullscreen><\/iframe><\/p>\n<p>________________________________________________________________________________<\/p>\n<p>&nbsp;<\/p>\n<p style=\"text-align: center;\"><strong>MAR\u00c7\u00a0 &#8211;\u00a0 \u00a0CURS 2022 &#8211; 2023<\/strong><\/p>\n<p>L&#8217;alumnat de 5\u00e8 i 6\u00e8 ha realitzat el projecte d&#8217;orfebreria tot realitzant unes polseres amb paper que ells\/elles mateixos\/es han decorat. S\u00f3n uns artistes! \ud83d\ude03\u200a\ud83d\ude09<\/p>\n<p><iframe loading=\"lazy\" title=\"PROJECTE ORFEBRERIA_CICLE SUPERIOR\" width=\"500\" height=\"375\" src=\"https:\/\/www.youtube.com\/embed\/BovJ1VkyzjU?feature=oembed\" frameborder=\"0\" allow=\"accelerometer; autoplay; clipboard-write; encrypted-media; gyroscope; picture-in-picture; web-share\" referrerpolicy=\"strict-origin-when-cross-origin\" allowfullscreen><\/iframe><\/p>\n<p>&nbsp;<\/p>\n<p><span style=\"font-weight: 400;\">A l&#8217;\u00e0rea de m\u00fasica utilitzem els boomwhackers!! Adivineu la can\u00e7\u00f3?<\/span><\/p>\n<p><span style=\"font-weight: 400;\">Ritme, atenci\u00f3, mem\u00f2ria i a m\u00e9s a m\u00e9s diversi\u00f3!! \ud83e\udd73\u200a\ud83e\udd73\u200a<\/span><\/p>\n<p>&nbsp;<\/p>\n<p><iframe loading=\"lazy\" title=\"ED.ART\u00cdSTICA_CICLE SUPERIOR_BOOMWHACKERS\" width=\"500\" height=\"375\" src=\"https:\/\/www.youtube.com\/embed\/QGpSgzarF7U?feature=oembed\" frameborder=\"0\" allow=\"accelerometer; autoplay; clipboard-write; encrypted-media; gyroscope; picture-in-picture; web-share\" referrerpolicy=\"strict-origin-when-cross-origin\" allowfullscreen><\/iframe><\/p>\n<p>&nbsp;<\/p>\n<p>Els\/Les alumnes de Cicle Superior van realitzar el taller LA M\u00daSICA I EL SO, LA GRAN EMOCI\u00d3 a l&#8217;Educaixa Tarragona. Van gaudir molt\u00edssim de l&#8217;experi\u00e8ncia. \ud83c\udfb6\u200a\ud83c\udfb5\u200a\ud83c\udfbc<\/p>\n<p>&nbsp;<\/p>\n<p><iframe loading=\"lazy\" title=\"SORTIDA EDUCAIXA_CICLE SUPERIOR\" width=\"500\" height=\"375\" src=\"https:\/\/www.youtube.com\/embed\/ltqnInnrA-I?feature=oembed\" frameborder=\"0\" allow=\"accelerometer; autoplay; clipboard-write; encrypted-media; gyroscope; picture-in-picture; web-share\" referrerpolicy=\"strict-origin-when-cross-origin\" allowfullscreen><\/iframe><\/p>\n<p>&nbsp;<\/p>\n<p>______________________________________________________________________________________________________________<\/p>\n<p>&nbsp;<\/p>\n<p style=\"text-align: center;\"><strong>FEBRER\u00a0 &#8211;\u00a0 \u00a0CURS 2022 &#8211; 2023<\/strong><\/p>\n<p>\ud83d\udce2\u200aDurant aquest mes de febrer els i les alumnes de Cicle Superior hem creat aquest Sat\u00e8l\u00b7lit amb el robot LEGO WEDO. \u200a\ud83e\udd16\u200a\u200a\ud83e\udd16<\/p>\n<p>Ens ho hem passat molt b\u00e9 amb les nostres creacions tot practicant la llengua anglesa!! Esperem que us agradi!! \ud83d\udef0\ufe0f\u200a\ud83e\udd70<\/p>\n<p><iframe loading=\"lazy\" title=\"CICLE SUPERIOR_ROBOTIC LESSONS\" width=\"500\" height=\"281\" src=\"https:\/\/www.youtube.com\/embed\/ZHk84FyEYK0?feature=oembed\" frameborder=\"0\" allow=\"accelerometer; autoplay; clipboard-write; encrypted-media; gyroscope; picture-in-picture; web-share\" referrerpolicy=\"strict-origin-when-cross-origin\" allowfullscreen><\/iframe><\/p>\n<p>&nbsp;<\/p>\n<p>\ud83d\udce2Us presentem el primer taller que realitzem al Cicle Superior: TALLER CIENT\u00cdFIC!! \u200a\u2697\ufe0f\u200a\ud83e\uddea\u200a\ud83d\udd2c<\/p>\n<p>L&#8217;alumnat de Cicle Superior internivells realitzem una s\u00e8rie de Tallers. En aquest cas, durant dues sessions del taller cient\u00edfic van descobrir com funcionen els diferents \u00f2rgans del nostre cos mitjan\u00e7ant experiments!! Aqu\u00ed us deixem una mostra del que hem apr\u00e8s!<\/p>\n<p><a href=\"https:\/\/agora.xtec.cat\/escola-torreforta\/wp-content\/uploads\/usu181\/2023\/03\/GridArt_20230301_145742391_50_1_50.jpg\"><img loading=\"lazy\" decoding=\"async\" class=\"alignnone wp-image-2666\" src=\"https:\/\/agora.xtec.cat\/escola-torreforta\/wp-content\/uploads\/usu181\/2023\/03\/GridArt_20230301_145742391_50_1_50-300x300.jpg\" alt=\"\" width=\"376\" height=\"376\" srcset=\"https:\/\/agora.xtec.cat\/escola-torreforta\/wp-content\/uploads\/usu181\/2023\/03\/GridArt_20230301_145742391_50_1_50-300x300.jpg 300w, https:\/\/agora.xtec.cat\/escola-torreforta\/wp-content\/uploads\/usu181\/2023\/03\/GridArt_20230301_145742391_50_1_50.jpg 1024w, https:\/\/agora.xtec.cat\/escola-torreforta\/wp-content\/uploads\/usu181\/2023\/03\/GridArt_20230301_145742391_50_1_50-150x150.jpg 150w, https:\/\/agora.xtec.cat\/escola-torreforta\/wp-content\/uploads\/usu181\/2023\/03\/GridArt_20230301_145742391_50_1_50-768x768.jpg 768w\" sizes=\"auto, (max-width: 376px) 100vw, 376px\" \/><\/a><\/p>\n<p>_______________________________________________________________________________________________________________<\/p>\n<p>&nbsp;<\/p>\n<p style=\"text-align: center;\"><strong>GENER\u00a0 &#8211;\u00a0 \u00a0CURS 2022 &#8211; 2023<\/strong><\/p>\n<p>L&#8217;alumnat de Cicle Superior a l&#8217;\u00e0rea d&#8217;Educaci\u00f3 Art\u00edstica ha estat treballant les emocions expressant-les amb diferents alfabets del m\u00f3n. Tamb\u00e9 ens hem iniciat en la estampaci\u00f3 usant verdures. Ens hem divertit molt\u00edssim!!\ud83d\ude0d<\/p>\n<p>Som uns aut\u00e8ntics artistes!!\ud83e\udd29<\/p>\n<p><iframe loading=\"lazy\" title=\"CICLE SUPERIOR_EMOCIONS I ALFABETS DEL M\u00d3N\" width=\"500\" height=\"281\" src=\"https:\/\/www.youtube.com\/embed\/vofIyQoEs_8?feature=oembed\" frameborder=\"0\" allow=\"accelerometer; autoplay; clipboard-write; encrypted-media; gyroscope; picture-in-picture; web-share\" referrerpolicy=\"strict-origin-when-cross-origin\" allowfullscreen><\/iframe><\/p>\n<p>&nbsp;<\/p>\n<p>El Servei Catal\u00e0 de Tr\u00e0nsit realitza formacions del Servei Catal\u00e0 de Tr\u00e0nsit a les escoles i instituts en mat\u00e8ria de Mobilitat Segura. \ud83d\udeb4\u200a\ud83d\udeb4\u200d\u2642\ufe0f<\/p>\n<p>L&#8217;alumnat de Cicle Superior s&#8217;ho ha passat d&#8217;all\u00f2 m\u00e9s b\u00e9 participant en el parc de seguretat vi\u00e0ria que el Servei Catal\u00e0 de Tr\u00e0nsit va portar a l&#8217;escola. D&#8217;aquesta manera aprenen les normes de mobilitat d&#8217;una forma m\u00e9s viv\u00e8ncial.<\/p>\n<p>Van gaudir molt\u00edssim!\ud83e\udd70\u200a\ud83d\ude0d<\/p>\n<p><iframe loading=\"lazy\" title=\"EDUCACI\u00d3 VIAL_CICLE SUPERIOR\" width=\"500\" height=\"281\" src=\"https:\/\/www.youtube.com\/embed\/dD-Ku_s7fsE?feature=oembed\" frameborder=\"0\" allow=\"accelerometer; autoplay; clipboard-write; encrypted-media; gyroscope; picture-in-picture; web-share\" referrerpolicy=\"strict-origin-when-cross-origin\" allowfullscreen><\/iframe><\/p>\n<p>&nbsp;<\/p>\n<p>\ud83d\udce2\u200aEl divendres 27 de gener els \/les alumnes de 3r i 5\u00e8 participen en el programa de Tutoria entre Iguals (TEI) han realitzat una gimcana per poder refor\u00e7ar els vincles de confian\u00e7a essencials pel bon funcionament d&#8217;aquest fant\u00e0stic programa. Les activitats proposades van ser:\u00a0 A continuaci\u00f3 us deixem un recull dels millors moments de la gimcana. Vam gaudir molt\u00edssim!\ud83e\udd70<\/p>\n<p><iframe loading=\"lazy\" title=\"GIMCANA TEI\" width=\"500\" height=\"281\" src=\"https:\/\/www.youtube.com\/embed\/8h6ADei7KG8?feature=oembed\" frameborder=\"0\" allow=\"accelerometer; autoplay; clipboard-write; encrypted-media; gyroscope; picture-in-picture; web-share\" referrerpolicy=\"strict-origin-when-cross-origin\" allowfullscreen><\/iframe><\/p>\n<p>&nbsp;<\/p>\n<p>__________________________________________________________________________________<\/p>\n<p>&nbsp;<\/p>\n<p style=\"text-align: center;\"><strong>DESEMBRE\u00a0 &#8211;\u00a0 \u00a0CURS 2022 &#8211; 2023<\/strong><\/p>\n<p>Els\/Les alumnes de Cicle Superior hem reaitzat aquest detallet nadalenc per desitjar-vos molt Bones Festes!<\/p>\n<p><iframe loading=\"lazy\" title=\"CICLE SUPERIOR_BONES FESTES\" width=\"500\" height=\"375\" src=\"https:\/\/www.youtube.com\/embed\/VaZqrsrcYNo?feature=oembed\" frameborder=\"0\" allow=\"accelerometer; autoplay; clipboard-write; encrypted-media; gyroscope; picture-in-picture; web-share\" referrerpolicy=\"strict-origin-when-cross-origin\" allowfullscreen><\/iframe><\/p>\n<p>________________________________________________________________________________<\/p>\n<p>&nbsp;<\/p>\n<p style=\"text-align: center;\"><strong>NOVEMBRE\u00a0 &#8211;\u00a0 \u00a0CURS 2022 &#8211; 2023<\/strong><\/p>\n<p>\ud83d\udce2Novetat d&#8217;aquest curs 22-23: els i les alumnes de 6\u00e8 una vegada a la setmana realitzen una sessi\u00f3 de rob\u00f2tica tot expressant-se en llengua anglesa. Aqu\u00ed us deixem una petita mostra de com ens divertim creant els nostres robots.<\/p>\n<p><iframe loading=\"lazy\" title=\"6\u00e8_ROBOTIC LESSONS\" width=\"500\" height=\"375\" src=\"https:\/\/www.youtube.com\/embed\/7uyG5bVZef8?feature=oembed\" frameborder=\"0\" allow=\"accelerometer; autoplay; clipboard-write; encrypted-media; gyroscope; picture-in-picture; web-share\" referrerpolicy=\"strict-origin-when-cross-origin\" allowfullscreen><\/iframe><\/p>\n<p>&nbsp;<\/p>\n<p>&nbsp;<\/p>\n<p>&nbsp;<\/p>\n<p>Aquest mes de novembre, l&#8217;alumnat de Cicle Superior ha comen\u00e7at els Tallers. Ens ho passem d&#8217;all\u00f2 m\u00e9s b\u00e9 tot fent activitats diverses en els diferents tallers: Laboratori de moviment, Jocs del m\u00f3n, Laboratori cient\u00edfic, la T\u00f3mbola, el Contacontes i Let&#8217;s do a role-play! Tot seguit, us deixem un petit tast del que fem els dijous al mat\u00ed!<\/p>\n<p><iframe loading=\"lazy\" title=\"CICLE SUPERIOR_FEM TALLERS!\" width=\"500\" height=\"281\" src=\"https:\/\/www.youtube.com\/embed\/p4kSZnXmctI?feature=oembed\" frameborder=\"0\" allow=\"accelerometer; autoplay; clipboard-write; encrypted-media; gyroscope; picture-in-picture; web-share\" referrerpolicy=\"strict-origin-when-cross-origin\" allowfullscreen><\/iframe><\/p>\n<p>&nbsp;<\/p>\n<p>__________________________________________________________________________________________________________<\/p>\n<p>&nbsp;<\/p>\n<p style=\"text-align: center;\"><strong>OCTUBRE\u00a0 &#8211;\u00a0 \u00a0CURS 2022 &#8211; 2023<\/strong><\/p>\n<p>Aquest mes d&#8217;octubre, el Cicle Superior hem d&#8217;anar d&#8217;excursi\u00f3: l&#8217;alumnat de 6\u00e8 ha anat al Museu de les Mines de Bellmunt del Priorat i l&#8217;alumnat de 5\u00e8 ha anat a l&#8217;Escola Natura Francol\u00ed de Tarragona. Ens ho hem passat d&#8217;all\u00f2 m\u00e9s b\u00e9; a continuaci\u00f3, us deixem uns v\u00eddeos per a qu\u00e8 veieu com hem gaudit!<\/p>\n<p><iframe loading=\"lazy\" title=\"5\u00e8 - CICLE SUPERIOR- OCTUBRE 22\" width=\"500\" height=\"281\" src=\"https:\/\/www.youtube.com\/embed\/E8pogY6zGRM?feature=oembed\" frameborder=\"0\" allow=\"accelerometer; autoplay; clipboard-write; encrypted-media; gyroscope; picture-in-picture; web-share\" referrerpolicy=\"strict-origin-when-cross-origin\" allowfullscreen><\/iframe><\/p>\n<p>&nbsp;<\/p>\n<p>&nbsp;<\/p>\n<p><iframe loading=\"lazy\" title=\"6\u00e8_CICLE SUPERIOR_MINES BELLMUNT\" width=\"500\" height=\"375\" src=\"https:\/\/www.youtube.com\/embed\/C8WZGRTsMeY?feature=oembed\" frameborder=\"0\" allow=\"accelerometer; autoplay; clipboard-write; encrypted-media; gyroscope; picture-in-picture; web-share\" referrerpolicy=\"strict-origin-when-cross-origin\" allowfullscreen><\/iframe><\/p>\n<p>&nbsp;<\/p>\n<p>_________________________________________________________________________________<\/p>\n<p>&nbsp;<\/p>\n<p style=\"text-align: center;\"><strong>SETEMBRE\u00a0 &#8211;\u00a0 \u00a0CURS 2022 &#8211; 2023<\/strong><\/p>\n<p>Un any m\u00e9s iniciem el curs amb la Festa Major de Tarragona, Santa Tecla. Aquest any dins de l&#8217;activitat Santa Tecla a les Escoles, hem tingut l&#8217;oportunitat de compartir una estona amb la Colla Castellera de Sant Pere i Sant Pau. A m\u00e9s a m\u00e9s, des de l&#8217;\u00e0rea d&#8217;educaci\u00f3 art\u00edstica tamb\u00e9 hem treballat la Festa Major a partir de la portada del programa de festes; cadasc\u00fa ha imaginat quin personatge representava cada part de la il\u00b7lustraci\u00f3. Tamb\u00e9, hem pogut treballar amb les Capses d&#8217;Aprenentatge tot resolent els reptes que se&#8217;ns plantejaven. Tot seguit, podreu gaudir d&#8217;unes imatges on es veu com hem gaudit de totes les activitats.<\/p>\n<p style=\"text-align: center;\"><a href=\"https:\/\/agora.xtec.cat\/escola-torreforta\/wp-content\/uploads\/usu181\/2022\/10\/WhatsApp-Image-2022-10-02-at-13.14.27.jpeg\"><img loading=\"lazy\" decoding=\"async\" class=\"alignnone size-medium wp-image-2516\" src=\"https:\/\/agora.xtec.cat\/escola-torreforta\/wp-content\/uploads\/usu181\/2022\/10\/WhatsApp-Image-2022-10-02-at-13.14.27-300x300.jpeg\" alt=\"\" width=\"300\" height=\"300\" srcset=\"https:\/\/agora.xtec.cat\/escola-torreforta\/wp-content\/uploads\/usu181\/2022\/10\/WhatsApp-Image-2022-10-02-at-13.14.27-300x300.jpeg 300w, https:\/\/agora.xtec.cat\/escola-torreforta\/wp-content\/uploads\/usu181\/2022\/10\/WhatsApp-Image-2022-10-02-at-13.14.27-1024x1024.jpeg 1024w, https:\/\/agora.xtec.cat\/escola-torreforta\/wp-content\/uploads\/usu181\/2022\/10\/WhatsApp-Image-2022-10-02-at-13.14.27-150x150.jpeg 150w, https:\/\/agora.xtec.cat\/escola-torreforta\/wp-content\/uploads\/usu181\/2022\/10\/WhatsApp-Image-2022-10-02-at-13.14.27-768x768.jpeg 768w, https:\/\/agora.xtec.cat\/escola-torreforta\/wp-content\/uploads\/usu181\/2022\/10\/WhatsApp-Image-2022-10-02-at-13.14.27-1536x1536.jpeg 1536w, https:\/\/agora.xtec.cat\/escola-torreforta\/wp-content\/uploads\/usu181\/2022\/10\/WhatsApp-Image-2022-10-02-at-13.14.27.jpeg 1600w\" sizes=\"auto, (max-width: 300px) 100vw, 300px\" \/><\/a><a href=\"https:\/\/agora.xtec.cat\/escola-torreforta\/wp-content\/uploads\/usu181\/2022\/10\/WhatsApp-Image-2022-10-02-at-13.36.13.jpeg\"><img loading=\"lazy\" decoding=\"async\" class=\"alignnone size-medium wp-image-2517\" src=\"https:\/\/agora.xtec.cat\/escola-torreforta\/wp-content\/uploads\/usu181\/2022\/10\/WhatsApp-Image-2022-10-02-at-13.36.13-300x300.jpeg\" alt=\"\" width=\"300\" height=\"300\" srcset=\"https:\/\/agora.xtec.cat\/escola-torreforta\/wp-content\/uploads\/usu181\/2022\/10\/WhatsApp-Image-2022-10-02-at-13.36.13-300x300.jpeg 300w, https:\/\/agora.xtec.cat\/escola-torreforta\/wp-content\/uploads\/usu181\/2022\/10\/WhatsApp-Image-2022-10-02-at-13.36.13-1024x1024.jpeg 1024w, https:\/\/agora.xtec.cat\/escola-torreforta\/wp-content\/uploads\/usu181\/2022\/10\/WhatsApp-Image-2022-10-02-at-13.36.13-150x150.jpeg 150w, https:\/\/agora.xtec.cat\/escola-torreforta\/wp-content\/uploads\/usu181\/2022\/10\/WhatsApp-Image-2022-10-02-at-13.36.13-768x768.jpeg 768w, https:\/\/agora.xtec.cat\/escola-torreforta\/wp-content\/uploads\/usu181\/2022\/10\/WhatsApp-Image-2022-10-02-at-13.36.13-1536x1536.jpeg 1536w, https:\/\/agora.xtec.cat\/escola-torreforta\/wp-content\/uploads\/usu181\/2022\/10\/WhatsApp-Image-2022-10-02-at-13.36.13.jpeg 1600w\" sizes=\"auto, (max-width: 300px) 100vw, 300px\" \/><\/a><\/p>\n<p><iframe loading=\"lazy\" title=\"CICLE SUPERIOR SANTA TECLA\" width=\"500\" height=\"375\" src=\"https:\/\/www.youtube.com\/embed\/xkmedVrin5A?feature=oembed\" frameborder=\"0\" allow=\"accelerometer; autoplay; clipboard-write; encrypted-media; gyroscope; picture-in-picture; web-share\" referrerpolicy=\"strict-origin-when-cross-origin\" allowfullscreen><\/iframe><\/p>\n<p>&nbsp;<\/p>\n<p>__________________________________________________________________________<\/p>\n<p>&nbsp;<\/p>\n<p style=\"text-align: center;\"><strong>JUNY\u00a0 &#8211;\u00a0 \u00a0CURS 2021 &#8211; 2022<\/strong><\/p>\n<p>\ud83e\uddd1\u200d\ud83c\udf93S&#8217;ha acabat el curs pels alumnes i no podriem tancar-lo sense acomiadar-nos dels nostres nens i de les nostres nenes de sis\u00e8.\ud83d\udc69\ud83c\udfff\u200d\ud83c\udf93\u2764\ufe0fHem compartit molt temps\u00a0 junts i heu de saber que sempre us durem al cor.\u2764\ufe0f<\/p>\n<p>En aquest v\u00eddeo tamb\u00e9 podeu veure la coreografia de percussi\u00f3 corporal dirigida pel Paco de l&#8217;Escola de M\u00fasica de Tarragona,\u00a0 dins del projecte que han estat treballant durant aquest curs.<\/p>\n<p>Moltes gr\u00e0cies a tots per formar part d&#8217;aquest moment tan emotiu i \u00fanic! \u2764\ud83e\udd73<\/p>\n<p><iframe loading=\"lazy\" title=\"Comiat de 6\u00e8\" width=\"500\" height=\"375\" src=\"https:\/\/www.youtube.com\/embed\/bMpNHwst4FU?feature=oembed\" frameborder=\"0\" allow=\"accelerometer; autoplay; clipboard-write; encrypted-media; gyroscope; picture-in-picture; web-share\" referrerpolicy=\"strict-origin-when-cross-origin\" allowfullscreen><\/iframe><\/p>\n<p>\ud83e\udd73L&#8217;alumnat de cicle superior en el seu \u00faltim dia de curs al parc Anella Ol\u00edmpica i al camp de f\u00fatbol del barri gaudint amb els jocs d&#8217;aigua\ud83d\udca7<\/p>\n<p>\ud83d\udc9bPura vida\ud83d\udc9b<\/p>\n<p><iframe loading=\"lazy\" title=\"\u00daltim dia de curs a Cicle Superior!\" width=\"500\" height=\"375\" src=\"https:\/\/www.youtube.com\/embed\/H3tZTQ65xF8?feature=oembed\" frameborder=\"0\" allow=\"accelerometer; autoplay; clipboard-write; encrypted-media; gyroscope; picture-in-picture; web-share\" referrerpolicy=\"strict-origin-when-cross-origin\" allowfullscreen><\/iframe><\/p>\n<p>\ud83d\udce2L&#8217;alumnat de cicle superior ha anat a con\u00e8ixer el Reial Club N\u00e0utic de Tarragona\u2757<\/p>\n<p>\ud83d\udea3All\u00e0, han practicat caiac, llagut, raft surf i sub XL. \ud83c\udfc4<\/p>\n<p>\ud83e\udd29Ha sigut una s\u00faper aventura\ud83e\udd29<\/p>\n<p><iframe loading=\"lazy\" title=\"Sortida al Club N\u00e0utic!\" width=\"500\" height=\"375\" src=\"https:\/\/www.youtube.com\/embed\/M1AK8qsYFCs?feature=oembed\" frameborder=\"0\" allow=\"accelerometer; autoplay; clipboard-write; encrypted-media; gyroscope; picture-in-picture; web-share\" referrerpolicy=\"strict-origin-when-cross-origin\" allowfullscreen><\/iframe><\/p>\n<p>\ud83d\udc69\ud83c\udffe\u200d\ud83d\udcbbEls alumnes i les alumnes de sis\u00e8 han buscat informaci\u00f3 sobre el rap, han escrit les seves pr\u00f2pies lletres cooperativament i, fins i tot, han fet batalles entre els diferents grups!\ud83c\udfa4<\/p>\n<p><iframe loading=\"lazy\" title=\"El rap\" width=\"500\" height=\"375\" src=\"https:\/\/www.youtube.com\/embed\/lzEm4eX-r4g?feature=oembed\" frameborder=\"0\" allow=\"accelerometer; autoplay; clipboard-write; encrypted-media; gyroscope; picture-in-picture; web-share\" referrerpolicy=\"strict-origin-when-cross-origin\" allowfullscreen><\/iframe><\/p>\n<p>&nbsp;<\/p>\n<p style=\"text-align: center;\"><strong>MAIG\u00a0 &#8211;\u00a0 \u00a0CURS 2021 &#8211; 2022<\/strong><\/p>\n<p><span style=\"font-weight: 400;\">\ud83d\udce2A l&#8217;escola estem d&#8217;estrena\u2757<\/span><\/p>\n<p><span style=\"font-weight: 400;\">\ud83e\uddd1\u200d\ud83c\udf3eAmb l&#8217;arribada del bon temps estrenem l&#8217;hort escolar.\ud83d\udc69\ud83c\udffd\u200d\ud83c\udf3e<\/span><\/p>\n<p><span style=\"font-weight: 400;\">\ud83e\udd55Esperem que ens doni moltes hortalisses per\u00f2, sobretot, nous aprenentatges i bons moments.<\/span><\/p>\n<p><a href=\"https:\/\/agora.xtec.cat\/escola-torreforta\/wp-content\/uploads\/usu181\/2022\/05\/Collage-1-per-a-la-web.-Hort_.jpg\"><img loading=\"lazy\" decoding=\"async\" class=\"alignnone wp-image-2427\" src=\"https:\/\/agora.xtec.cat\/escola-torreforta\/wp-content\/uploads\/usu181\/2022\/05\/Collage-1-per-a-la-web.-Hort_-819x1024.jpg\" alt=\"\" width=\"1024\" height=\"1280\" srcset=\"https:\/\/agora.xtec.cat\/escola-torreforta\/wp-content\/uploads\/usu181\/2022\/05\/Collage-1-per-a-la-web.-Hort_-819x1024.jpg 819w, https:\/\/agora.xtec.cat\/escola-torreforta\/wp-content\/uploads\/usu181\/2022\/05\/Collage-1-per-a-la-web.-Hort_-240x300.jpg 240w, https:\/\/agora.xtec.cat\/escola-torreforta\/wp-content\/uploads\/usu181\/2022\/05\/Collage-1-per-a-la-web.-Hort_-768x960.jpg 768w, https:\/\/agora.xtec.cat\/escola-torreforta\/wp-content\/uploads\/usu181\/2022\/05\/Collage-1-per-a-la-web.-Hort_-1229x1536.jpg 1229w, https:\/\/agora.xtec.cat\/escola-torreforta\/wp-content\/uploads\/usu181\/2022\/05\/Collage-1-per-a-la-web.-Hort_-1638x2048.jpg 1638w, https:\/\/agora.xtec.cat\/escola-torreforta\/wp-content\/uploads\/usu181\/2022\/05\/Collage-1-per-a-la-web.-Hort_.jpg 1920w\" sizes=\"auto, (max-width: 1024px) 100vw, 1024px\" \/><\/a><\/p>\n<p><span style=\"font-weight: 400;\">L&#8217;Andrea Tom\u00e0quet del projecte Ecoescoles ens ha vingut a ensenyar els secrets de tenir un hort sa i ben cuidat.<\/span><\/p>\n<p><a href=\"https:\/\/agora.xtec.cat\/escola-torreforta\/wp-content\/uploads\/usu181\/2022\/05\/Collage-2-per-a-la-web.-Hort_.jpg\"><img loading=\"lazy\" decoding=\"async\" class=\"alignnone size-large wp-image-2426\" src=\"https:\/\/agora.xtec.cat\/escola-torreforta\/wp-content\/uploads\/usu181\/2022\/05\/Collage-2-per-a-la-web.-Hort_-1024x1024.jpg\" alt=\"\" width=\"1024\" height=\"1024\" srcset=\"https:\/\/agora.xtec.cat\/escola-torreforta\/wp-content\/uploads\/usu181\/2022\/05\/Collage-2-per-a-la-web.-Hort_-1024x1024.jpg 1024w, https:\/\/agora.xtec.cat\/escola-torreforta\/wp-content\/uploads\/usu181\/2022\/05\/Collage-2-per-a-la-web.-Hort_-300x300.jpg 300w, https:\/\/agora.xtec.cat\/escola-torreforta\/wp-content\/uploads\/usu181\/2022\/05\/Collage-2-per-a-la-web.-Hort_-150x150.jpg 150w, https:\/\/agora.xtec.cat\/escola-torreforta\/wp-content\/uploads\/usu181\/2022\/05\/Collage-2-per-a-la-web.-Hort_-768x768.jpg 768w, https:\/\/agora.xtec.cat\/escola-torreforta\/wp-content\/uploads\/usu181\/2022\/05\/Collage-2-per-a-la-web.-Hort_-1536x1536.jpg 1536w, https:\/\/agora.xtec.cat\/escola-torreforta\/wp-content\/uploads\/usu181\/2022\/05\/Collage-2-per-a-la-web.-Hort_.jpg 1920w\" sizes=\"auto, (max-width: 1024px) 100vw, 1024px\" \/><\/a><\/p>\n<p>&nbsp;<\/p>\n<p><span style=\"font-weight: 400;\">\ud83c\udfc8El rugby \u00e9s un esport inclusiu, que promou la coeducaci\u00f3 i el respecte. \ud83c\udfc8<\/span><\/p>\n<p><span style=\"font-weight: 400;\">\ud83d\udc49\ud83c\udffeTot aix\u00f2 i molt m\u00e9s ha explicat en David, que \u00e9s entrenador del @rugbytarragona, a l&#8217;alumnat de 6\u00e8. \ud83d\udc48\ud83c\udffc<\/span><\/p>\n<p><span style=\"font-weight: 400;\">\ud83c\udfc3\ud83c\udffc\u200d\u2640\ufe0fA m\u00e9s, els nois i les noies de sis\u00e8, han pogut gaudir d&#8217;una introducci\u00f3 a aquest esport. \ud83c\udfc3\ud83c\udfff<\/span><\/p>\n<p><span style=\"font-weight: 400;\">\ud83e\udd29Han gaudit molt de l&#8217;experi\u00e8ncia.\ud83e\udd29<\/span><\/p>\n<p><iframe loading=\"lazy\" title=\"Club Rugby Tarragona - Cicle Superior (2021 - 22)\" width=\"500\" height=\"375\" src=\"https:\/\/www.youtube.com\/embed\/e02eUJpofcg?feature=oembed\" frameborder=\"0\" allow=\"accelerometer; autoplay; clipboard-write; encrypted-media; gyroscope; picture-in-picture; web-share\" referrerpolicy=\"strict-origin-when-cross-origin\" allowfullscreen><\/iframe><\/p>\n<p>&nbsp;<\/p>\n<p><span style=\"font-weight: 400;\">L&#8217;alumnat de sis\u00e8 ha anat al Palau de Congressos de Tarragona a veure el musical &#8220;We will rock you&#8221;.\ud83d\udc69\ud83c\udffc\u200d\ud83c\udfa4<\/span><\/p>\n<p><span style=\"font-weight: 400;\">\ud83d\udc78\ud83c\udffbAquest musical es basa en l&#8217;obra de @officialqueenmusic i ho ha petat arreu del m\u00f3n\u2757<\/span><\/p>\n<p><span style=\"font-weight: 400;\">\ud83c\udf1fI a Tarragona ens l&#8217;ha apropat els nois i les noies de 4t d&#8217;ESO de l&#8217;optativa de m\u00fasica de l&#8217;Institut Collblanc.\u00a0<\/span><\/p>\n<p><span style=\"font-weight: 400;\">\ud83d\udc4fFelicitats per fer gaudir tant al vostre p\u00fablic\u2757<\/span><\/p>\n<p><span style=\"font-weight: 400;\">\ud83e\udde1Sou uns artistes\ud83e\udde1<\/span><\/p>\n<p><span style=\"font-weight: 400;\">\ud83d\udc9bSou unes artistes\ud83d\udc9b<\/span><\/p>\n<p><a href=\"https:\/\/agora.xtec.cat\/escola-torreforta\/wp-content\/uploads\/usu181\/2022\/05\/Collage-per-a-la-web.-Teatre-musical.jpg\"><img loading=\"lazy\" decoding=\"async\" class=\"alignnone wp-image-2428\" src=\"https:\/\/agora.xtec.cat\/escola-torreforta\/wp-content\/uploads\/usu181\/2022\/05\/Collage-per-a-la-web.-Teatre-musical-819x1024.jpg\" alt=\"\" width=\"1024\" height=\"1280\" srcset=\"https:\/\/agora.xtec.cat\/escola-torreforta\/wp-content\/uploads\/usu181\/2022\/05\/Collage-per-a-la-web.-Teatre-musical-819x1024.jpg 819w, https:\/\/agora.xtec.cat\/escola-torreforta\/wp-content\/uploads\/usu181\/2022\/05\/Collage-per-a-la-web.-Teatre-musical-240x300.jpg 240w, https:\/\/agora.xtec.cat\/escola-torreforta\/wp-content\/uploads\/usu181\/2022\/05\/Collage-per-a-la-web.-Teatre-musical-768x960.jpg 768w, https:\/\/agora.xtec.cat\/escola-torreforta\/wp-content\/uploads\/usu181\/2022\/05\/Collage-per-a-la-web.-Teatre-musical-1229x1536.jpg 1229w, https:\/\/agora.xtec.cat\/escola-torreforta\/wp-content\/uploads\/usu181\/2022\/05\/Collage-per-a-la-web.-Teatre-musical-1638x2048.jpg 1638w, https:\/\/agora.xtec.cat\/escola-torreforta\/wp-content\/uploads\/usu181\/2022\/05\/Collage-per-a-la-web.-Teatre-musical.jpg 1920w\" sizes=\"auto, (max-width: 1024px) 100vw, 1024px\" \/><\/a><\/p>\n<p>&nbsp;<\/p>\n<p>&nbsp;<\/p>\n<p style=\"text-align: center;\"><strong>ABRIL\u00a0 \u00a0&#8211;\u00a0 \u00a0CURS 2021 &#8211; 2022<\/strong><\/p>\n<p><span style=\"font-weight: 400;\">L&#8217;alumnat de 5\u00e8 va assistir \ud83c\udfc3\u200d\u2640\ufe0f\ud83c\udfc3\u200d\u2642\ufe0fa la celebraci\u00f3 de Sant Jordi\ud83c\udf39\ud83d\udc09\ud83d\udcd6 que va tenir lloc al Centre C\u00edvic de Torreforta on van participar la resta d&#8217;escoles i instituts que formen part del Pla d&#8217;Entorn dels barris de Ponent.\u00a0\u00a0<\/span><\/p>\n<p><span style=\"font-weight: 400;\">All\u00e0, van representar una obra de teatre \ud83c\udfad molt divertida creada i escrita pels alumnes de 6\u00e8 de la nostra escola \ud83c\udfeb.\u00a0<\/span><\/p>\n<p><span style=\"font-weight: 400;\">El treball en equip dona bons fruits\ud83d\udc4c\ud83c\udffb!<\/span><\/p>\n<p><span style=\"font-weight: 400;\">Felicitats \ud83e\udd29 nens i nenes de sis\u00e8 per escriure una obra tan divertida!\u00a0<\/span><\/p>\n<p><span style=\"font-weight: 400;\">Felicitats \ud83e\udd73 xiquets i xiquetes de 5\u00e8 per saber-la representar amb tanta gr\u00e0cia!\ud83d\udc4f\ud83d\udc4f\ud83d\udc4f<\/span><\/p>\n<p><iframe loading=\"lazy\" title=\"TEATRE 6\u00c8 2022 - CENTRE C\u00cdVIC TORREFORTA\" width=\"500\" height=\"281\" src=\"https:\/\/www.youtube.com\/embed\/M4oBVs04yx4?feature=oembed\" frameborder=\"0\" allow=\"accelerometer; autoplay; clipboard-write; encrypted-media; gyroscope; picture-in-picture; web-share\" referrerpolicy=\"strict-origin-when-cross-origin\" allowfullscreen><\/iframe><\/p>\n<p>&nbsp;<\/p>\n<p><span style=\"font-weight: 400;\">Que us semblen aquests\u00a0 punts de llibre que ha fet \ud83c\udfa8 l&#8217;alumnat de cicle superior per celebrar Sant Jordi\ud83d\udc09\ud83c\udf39\ud83d\udcd6?<\/span><\/p>\n<p><span style=\"font-weight: 400;\">\ud83d\ude0d No us sembla que s\u00f3n uns petits grans artistes \ud83e\udd29?<\/span><\/p>\n<p><a href=\"https:\/\/agora.xtec.cat\/escola-torreforta\/wp-content\/uploads\/usu181\/2022\/04\/Collage-per-a-la-web.jpg\"><img loading=\"lazy\" decoding=\"async\" class=\"alignnone size-large wp-image-2412\" src=\"https:\/\/agora.xtec.cat\/escola-torreforta\/wp-content\/uploads\/usu181\/2022\/04\/Collage-per-a-la-web-1024x1024.jpg\" alt=\"\" width=\"1024\" height=\"1024\" srcset=\"https:\/\/agora.xtec.cat\/escola-torreforta\/wp-content\/uploads\/usu181\/2022\/04\/Collage-per-a-la-web-1024x1024.jpg 1024w, https:\/\/agora.xtec.cat\/escola-torreforta\/wp-content\/uploads\/usu181\/2022\/04\/Collage-per-a-la-web-300x300.jpg 300w, https:\/\/agora.xtec.cat\/escola-torreforta\/wp-content\/uploads\/usu181\/2022\/04\/Collage-per-a-la-web-150x150.jpg 150w, https:\/\/agora.xtec.cat\/escola-torreforta\/wp-content\/uploads\/usu181\/2022\/04\/Collage-per-a-la-web-768x768.jpg 768w, https:\/\/agora.xtec.cat\/escola-torreforta\/wp-content\/uploads\/usu181\/2022\/04\/Collage-per-a-la-web.jpg 1080w\" sizes=\"auto, (max-width: 1024px) 100vw, 1024px\" \/><\/a><\/p>\n<p>&nbsp;<\/p>\n<p><span style=\"font-weight: 400;\">Els nens i les nenes de sis\u00e8 han fet un treball de recerca dins de l&#8217;\u00e0rea d&#8217;Educaci\u00f3 Art\u00edstica.\ud83e\uddd1\u200d\ud83d\udcbb<\/span><\/p>\n<p><span style=\"font-weight: 400;\">\ud83c\udfb5Han triat un cantant o grup musical del qual han buscat informaci\u00f3 per, finalment, exposar-ho als companys.\ud83c\udfb5<\/span><\/p>\n<p><span style=\"font-weight: 400;\">Aqu\u00ed podeu veure algunes imatges de les seves exposicions\u2757<\/span><\/p>\n<p><iframe loading=\"lazy\" title=\"TREBALL DE RECERCA MUSICAL A CICLE SUPERIOR!\" width=\"500\" height=\"375\" src=\"https:\/\/www.youtube.com\/embed\/wfaBOGf1YJk?feature=oembed\" frameborder=\"0\" allow=\"accelerometer; autoplay; clipboard-write; encrypted-media; gyroscope; picture-in-picture; web-share\" referrerpolicy=\"strict-origin-when-cross-origin\" allowfullscreen><\/iframe><\/p>\n<p>&nbsp;<\/p>\n<p><span style=\"font-weight: 400;\">\u23f3Els alumnes i les alumnes de cinqu\u00e8 han agafat una m\u00e0quina del temps i han\u00a0 retrocedit fins a la Tarraco romana!\u231b<\/span><\/p>\n<p><span style=\"font-weight: 400;\">\ud83d\udeb6\ud83c\udffe\u200d\u2640\ufe0fHan passejat per les muralles, el f\u00f2rum de la col\u00f2nia, el f\u00f2rum de l&#8217;imperi, el circ\u00a0 i l&#8217;amfiteatre.\ud83d\udeb6\ud83c\udffb\u200d\u2642\ufe0f<\/span><\/p>\n<p><span style=\"font-weight: 400;\">\ud83d\udcafUna sortida al\u00b7lucinant a 10 minuts de l&#8217;escola!\ud83d\udcaf<\/span><\/p>\n<p><a href=\"https:\/\/youtube.com\/shorts\/H-e2CTsVp9o?feature=share\"><img loading=\"lazy\" decoding=\"async\" class=\"size-full wp-image-2414 aligncenter\" src=\"https:\/\/agora.xtec.cat\/escola-torreforta\/wp-content\/uploads\/usu181\/2022\/04\/TGN.jpg\" alt=\"\" width=\"626\" height=\"328\" srcset=\"https:\/\/agora.xtec.cat\/escola-torreforta\/wp-content\/uploads\/usu181\/2022\/04\/TGN.jpg 626w, https:\/\/agora.xtec.cat\/escola-torreforta\/wp-content\/uploads\/usu181\/2022\/04\/TGN-300x157.jpg 300w\" sizes=\"auto, (max-width: 626px) 100vw, 626px\" \/><\/a><\/p>\n<p>&nbsp;<\/p>\n<p><span style=\"font-weight: 400;\">\ud83d\ude8cDurant el mes d&#8217;abril els nens i les nenes de sis\u00e9 han gaudit de l&#8217;aula de natura del riu Francol\u00ed.\ud83c\udfde\ufe0f<\/span><\/p>\n<p><span style=\"font-weight: 400;\">\ud83e\udd29Les imatges parlen per si soles i aquestes ens diuen que van gaudir de valent\u2757<\/span><\/p>\n<p><iframe loading=\"lazy\" title=\"SORTIDA DE 6\u00c8 A L&#039;AULA DE NATURA DEL RIU FRANCOL\u00cd\" width=\"500\" height=\"281\" src=\"https:\/\/www.youtube.com\/embed\/gjQe0OXKtu0?feature=oembed\" frameborder=\"0\" allow=\"accelerometer; autoplay; clipboard-write; encrypted-media; gyroscope; picture-in-picture; web-share\" referrerpolicy=\"strict-origin-when-cross-origin\" allowfullscreen><\/iframe><\/p>\n<p style=\"text-align: center;\"><strong>MAR\u00c7\u00a0 \u00a0&#8211;\u00a0 \u00a0CURS 2021 &#8211; 2022<\/strong><\/p>\n<p><span style=\"font-weight: 400;\">\ud83d\udce2L&#8217;alumnat de sis\u00e8 ha participat a la V Trobada l\u00fadica de les escoles de Ponent organitzada per l&#8217;alumnat l&#8217;Institut Cal\u00b7l\u00edpolis i de la URV\u2757<\/span><\/p>\n<p><span style=\"font-weight: 400;\">Esport, joc i conviv\u00e8ncia, quina gran combinaci\u00f3.<\/span><\/p>\n<p><iframe loading=\"lazy\" title=\"V TROBADA L\u00daDICA DE LES ESCOLES DE PONENT\" width=\"500\" height=\"375\" src=\"https:\/\/www.youtube.com\/embed\/YjsUccQzSuU?feature=oembed\" frameborder=\"0\" allow=\"accelerometer; autoplay; clipboard-write; encrypted-media; gyroscope; picture-in-picture; web-share\" referrerpolicy=\"strict-origin-when-cross-origin\" allowfullscreen><\/iframe><\/p>\n<p>\ud83d\udd0aAl llarg d&#8217;aquest mes de mar\u00e7, l&#8217;alumnat de Cicle Superior ha visitat el @caixaforum de Tarragona per realitzar un taller de llum i color.\ud83c\udf08 \ud83d\udeb6De passada, han aprofitat per fer un bon tomb per la Rambla de #Tarragona.\ud83d\udeb6\ud83c\udffe\u200d\u2640\ufe0f<\/p>\n<p><iframe loading=\"lazy\" title=\"Visita al CaixaForum - Cicle Superior\" width=\"500\" height=\"375\" src=\"https:\/\/www.youtube.com\/embed\/9eqJJwRz9uM?feature=oembed\" frameborder=\"0\" allow=\"accelerometer; autoplay; clipboard-write; encrypted-media; gyroscope; picture-in-picture; web-share\" referrerpolicy=\"strict-origin-when-cross-origin\" allowfullscreen><\/iframe><\/p>\n<p>&nbsp;<\/p>\n<p style=\"text-align: center;\"><strong>FEBRER\u00a0 \u00a0&#8211;\u00a0 \u00a0CURS 2021 &#8211; 2022<\/strong><\/p>\n<p>Us deixem un recull de fotografies del m\u00e9s destacat d&#8217;aquest mes de febrer, el Carnaval. M\u00e0scares confeccionades per l&#8217;alumnat, disfresses i molta gresca! Tamb\u00e9 les sortides realitzades per 5\u00e8 i 6\u00e8, a la desembocadura del riu Gai\u00e0 i al Camp d&#8217;Aprenentatge i la petroqu\u00edmica de Tarragona.<\/p>\n<p><iframe loading=\"lazy\" title=\"CARNAVAL 2022 A CICLE SUPERIOR!\" width=\"500\" height=\"375\" src=\"https:\/\/www.youtube.com\/embed\/_xfus1R0Gb0?feature=oembed\" frameborder=\"0\" allow=\"accelerometer; autoplay; clipboard-write; encrypted-media; gyroscope; picture-in-picture; web-share\" referrerpolicy=\"strict-origin-when-cross-origin\" allowfullscreen><\/iframe><\/p>\n<p><a href=\"https:\/\/agora.xtec.cat\/escola-torreforta\/wp-content\/uploads\/usu181\/2022\/03\/mascares-1.png\"><img loading=\"lazy\" decoding=\"async\" class=\"alignnone size-large wp-image-2297\" src=\"https:\/\/agora.xtec.cat\/escola-torreforta\/wp-content\/uploads\/usu181\/2022\/03\/mascares-1-1024x1024.png\" alt=\"\" width=\"1024\" height=\"1024\" srcset=\"https:\/\/agora.xtec.cat\/escola-torreforta\/wp-content\/uploads\/usu181\/2022\/03\/mascares-1-1024x1024.png 1024w, https:\/\/agora.xtec.cat\/escola-torreforta\/wp-content\/uploads\/usu181\/2022\/03\/mascares-1-300x300.png 300w, https:\/\/agora.xtec.cat\/escola-torreforta\/wp-content\/uploads\/usu181\/2022\/03\/mascares-1-150x150.png 150w, https:\/\/agora.xtec.cat\/escola-torreforta\/wp-content\/uploads\/usu181\/2022\/03\/mascares-1-768x768.png 768w, https:\/\/agora.xtec.cat\/escola-torreforta\/wp-content\/uploads\/usu181\/2022\/03\/mascares-1.png 1080w\" sizes=\"auto, (max-width: 1024px) 100vw, 1024px\" \/><\/a><\/p>\n<p><a href=\"https:\/\/agora.xtec.cat\/escola-torreforta\/wp-content\/uploads\/usu181\/2022\/03\/GAIA5E-min.png\"><img loading=\"lazy\" decoding=\"async\" class=\"alignnone size-large wp-image-2298\" src=\"https:\/\/agora.xtec.cat\/escola-torreforta\/wp-content\/uploads\/usu181\/2022\/03\/GAIA5E-min-1024x819.png\" alt=\"\" width=\"1024\" height=\"819\" srcset=\"https:\/\/agora.xtec.cat\/escola-torreforta\/wp-content\/uploads\/usu181\/2022\/03\/GAIA5E-min-1024x819.png 1024w, https:\/\/agora.xtec.cat\/escola-torreforta\/wp-content\/uploads\/usu181\/2022\/03\/GAIA5E-min-300x240.png 300w, https:\/\/agora.xtec.cat\/escola-torreforta\/wp-content\/uploads\/usu181\/2022\/03\/GAIA5E-min-768x614.png 768w, https:\/\/agora.xtec.cat\/escola-torreforta\/wp-content\/uploads\/usu181\/2022\/03\/GAIA5E-min-1536x1229.png 1536w, https:\/\/agora.xtec.cat\/escola-torreforta\/wp-content\/uploads\/usu181\/2022\/03\/GAIA5E-min.png 2000w\" sizes=\"auto, (max-width: 1024px) 100vw, 1024px\" \/><\/a> <a href=\"https:\/\/agora.xtec.cat\/escola-torreforta\/wp-content\/uploads\/usu181\/2022\/03\/TRESOR-XEMENEIES-min.png\"><img loading=\"lazy\" decoding=\"async\" class=\"alignnone size-large wp-image-2299\" src=\"https:\/\/agora.xtec.cat\/escola-torreforta\/wp-content\/uploads\/usu181\/2022\/03\/TRESOR-XEMENEIES-min-1024x819.png\" alt=\"\" width=\"1024\" height=\"819\" srcset=\"https:\/\/agora.xtec.cat\/escola-torreforta\/wp-content\/uploads\/usu181\/2022\/03\/TRESOR-XEMENEIES-min-1024x819.png 1024w, https:\/\/agora.xtec.cat\/escola-torreforta\/wp-content\/uploads\/usu181\/2022\/03\/TRESOR-XEMENEIES-min-300x240.png 300w, https:\/\/agora.xtec.cat\/escola-torreforta\/wp-content\/uploads\/usu181\/2022\/03\/TRESOR-XEMENEIES-min-768x614.png 768w, https:\/\/agora.xtec.cat\/escola-torreforta\/wp-content\/uploads\/usu181\/2022\/03\/TRESOR-XEMENEIES-min-1536x1229.png 1536w, https:\/\/agora.xtec.cat\/escola-torreforta\/wp-content\/uploads\/usu181\/2022\/03\/TRESOR-XEMENEIES-min.png 2000w\" sizes=\"auto, (max-width: 1024px) 100vw, 1024px\" \/><\/a><\/p>\n<p>&nbsp;<\/p>\n<p style=\"text-align: center;\"><strong>GENER\u00a0 \u00a0&#8211;\u00a0 \u00a0CURS 2021 &#8211; 2022<\/strong><\/p>\n<p>\ud83d\udce2Atenci\u00f3 fam\u00edlies de 6\u00e8\u2757<br \/>\n\ud83d\udc49Necessitem la vostra col\u00b7laboraci\u00f3\ud83d\udc48<\/p>\n<p>Al llarg d&#8217;aquesta setmana, els nens i les nenes de 6\u00e8 haurien d&#8217;anar portant:<br \/>\n\ud83d\udd38Envasos de pl\u00e0stic<br \/>\n\ud83d\udd38Llaunes<br \/>\n\ud83d\udd38Ampolles<br \/>\n\ud83d\udd38Capses<br \/>\n\ud83d\udd38I tot all\u00f2 que se us acudeixi per poder fabricar el seu propi instrument amb material reutilitzat\u2757<\/p>\n<p>\u27a1\ufe0fAl v\u00eddeo veureu una mostra d&#8217;instruments de reutilitzaci\u00f3 i de les diferents sonoritats que aporten els diferents materials.\u2b05\ufe0f<br \/>\n\ud83c\udfb5Qu\u00e8 el ritme ens acompanyi tota la setmana\ud83c\udfb5<\/p>\n<p><iframe loading=\"lazy\" title=\"RECOLLIDA DE MATERIAL RECICLAT - Taller d&#039;instruments de percussi\u00f3!\" width=\"500\" height=\"281\" src=\"https:\/\/www.youtube.com\/embed\/yls4SeyuQ3w?feature=oembed\" frameborder=\"0\" allow=\"accelerometer; autoplay; clipboard-write; encrypted-media; gyroscope; picture-in-picture; web-share\" referrerpolicy=\"strict-origin-when-cross-origin\" allowfullscreen><\/iframe><\/p>\n<p>&nbsp;<\/p>\n<p style=\"text-align: center;\"><strong>DESEMBRE\u00a0 \u00a0&#8211;\u00a0 \u00a0CURS 2021 &#8211; 2022<\/strong><\/p>\n<p>L&#8217;alumnat de Cicle Superior ha finalitzat aquest trimestre amb una sortida a l&#8217;Anella Mediterr\u00e0nia. Han gaudit de jocs i gimcanes amb la millor companyia i en un espai immillorable! Bones Festes!<\/p>\n<p><iframe loading=\"lazy\" title=\"CICLE SUPERIOR A L&#039;ANELLA MEDITERR\u00c0NIA (I)\" width=\"500\" height=\"281\" src=\"https:\/\/www.youtube.com\/embed\/km_byWiovVc?feature=oembed\" frameborder=\"0\" allow=\"accelerometer; autoplay; clipboard-write; encrypted-media; gyroscope; picture-in-picture; web-share\" referrerpolicy=\"strict-origin-when-cross-origin\" allowfullscreen><\/iframe><\/p>\n<p><iframe loading=\"lazy\" title=\"CICLE SUPERIOR A L&#039;ANELLA MEDITERR\u00c0NIA (II)\" width=\"500\" height=\"281\" src=\"https:\/\/www.youtube.com\/embed\/IG0lK95_e0c?feature=oembed\" frameborder=\"0\" allow=\"accelerometer; autoplay; clipboard-write; encrypted-media; gyroscope; picture-in-picture; web-share\" referrerpolicy=\"strict-origin-when-cross-origin\" allowfullscreen><\/iframe><\/p>\n<p style=\"text-align: center;\"><strong>NOVEMBRE\u00a0 \u00a0 &#8211;\u00a0 \u00a0CURS 2021 &#8211; 2022<\/strong><\/p>\n<p>Us deixem alguns exemples dels treballs de construcci\u00f3 de m\u00e0quines per part de l&#8217;alumnat de 6\u00e8.<\/p>\n<p><a href=\"https:\/\/agora.xtec.cat\/escola-torreforta\/wp-content\/uploads\/usu181\/2021\/11\/MAQUINES.jpg\"><img loading=\"lazy\" decoding=\"async\" class=\"size-large wp-image-2001 aligncenter\" src=\"https:\/\/agora.xtec.cat\/escola-torreforta\/wp-content\/uploads\/usu181\/2021\/11\/MAQUINES-1024x1024.jpg\" alt=\"\" width=\"1024\" height=\"1024\" srcset=\"https:\/\/agora.xtec.cat\/escola-torreforta\/wp-content\/uploads\/usu181\/2021\/11\/MAQUINES-1024x1024.jpg 1024w, https:\/\/agora.xtec.cat\/escola-torreforta\/wp-content\/uploads\/usu181\/2021\/11\/MAQUINES-300x300.jpg 300w, https:\/\/agora.xtec.cat\/escola-torreforta\/wp-content\/uploads\/usu181\/2021\/11\/MAQUINES-150x150.jpg 150w, https:\/\/agora.xtec.cat\/escola-torreforta\/wp-content\/uploads\/usu181\/2021\/11\/MAQUINES-768x768.jpg 768w, https:\/\/agora.xtec.cat\/escola-torreforta\/wp-content\/uploads\/usu181\/2021\/11\/MAQUINES.jpg 1080w\" sizes=\"auto, (max-width: 1024px) 100vw, 1024px\" \/><\/a><\/p>\n<p>Seguint amb el treball experimental, l&#8217;alumnat va descobrir una de les principals forces de la naturalesa: el magnetisme.<\/p>\n<p><a href=\"https:\/\/agora.xtec.cat\/escola-torreforta\/wp-content\/uploads\/usu181\/2021\/11\/magnetisme.jpg\"><img loading=\"lazy\" decoding=\"async\" class=\"size-large wp-image-2002 aligncenter\" src=\"https:\/\/agora.xtec.cat\/escola-torreforta\/wp-content\/uploads\/usu181\/2021\/11\/magnetisme-1024x1024.jpg\" alt=\"\" width=\"1024\" height=\"1024\" srcset=\"https:\/\/agora.xtec.cat\/escola-torreforta\/wp-content\/uploads\/usu181\/2021\/11\/magnetisme-1024x1024.jpg 1024w, https:\/\/agora.xtec.cat\/escola-torreforta\/wp-content\/uploads\/usu181\/2021\/11\/magnetisme-300x300.jpg 300w, https:\/\/agora.xtec.cat\/escola-torreforta\/wp-content\/uploads\/usu181\/2021\/11\/magnetisme-150x150.jpg 150w, https:\/\/agora.xtec.cat\/escola-torreforta\/wp-content\/uploads\/usu181\/2021\/11\/magnetisme-768x768.jpg 768w, https:\/\/agora.xtec.cat\/escola-torreforta\/wp-content\/uploads\/usu181\/2021\/11\/magnetisme.jpg 1080w\" sizes=\"auto, (max-width: 1024px) 100vw, 1024px\" \/><\/a><\/p>\n<p>Xerrada de la Guardia Urbana a 5\u00e8: com evitar riscos a les vies urbanes?<\/p>\n<p><a href=\"https:\/\/agora.xtec.cat\/escola-torreforta\/wp-content\/uploads\/usu181\/2021\/11\/guardia_urbana.jpg\"><img loading=\"lazy\" decoding=\"async\" class=\"size-large wp-image-2003 aligncenter\" src=\"https:\/\/agora.xtec.cat\/escola-torreforta\/wp-content\/uploads\/usu181\/2021\/11\/guardia_urbana-1024x1024.jpg\" alt=\"\" width=\"1024\" height=\"1024\" srcset=\"https:\/\/agora.xtec.cat\/escola-torreforta\/wp-content\/uploads\/usu181\/2021\/11\/guardia_urbana-1024x1024.jpg 1024w, https:\/\/agora.xtec.cat\/escola-torreforta\/wp-content\/uploads\/usu181\/2021\/11\/guardia_urbana-300x300.jpg 300w, https:\/\/agora.xtec.cat\/escola-torreforta\/wp-content\/uploads\/usu181\/2021\/11\/guardia_urbana-150x150.jpg 150w, https:\/\/agora.xtec.cat\/escola-torreforta\/wp-content\/uploads\/usu181\/2021\/11\/guardia_urbana-768x768.jpg 768w, https:\/\/agora.xtec.cat\/escola-torreforta\/wp-content\/uploads\/usu181\/2021\/11\/guardia_urbana.jpg 1080w\" sizes=\"auto, (max-width: 1024px) 100vw, 1024px\" \/><\/a><\/p>\n<p>Treball de percussi\u00f3 corporal a 6\u00e8.<\/p>\n<p><iframe loading=\"lazy\" title=\"PERCUSSI\u00d3 CORPORAL A 6\u00c8\" width=\"500\" height=\"375\" src=\"https:\/\/www.youtube.com\/embed\/LIUtxnUCrxU?feature=oembed\" frameborder=\"0\" allow=\"accelerometer; autoplay; clipboard-write; encrypted-media; gyroscope; picture-in-picture; web-share\" referrerpolicy=\"strict-origin-when-cross-origin\" allowfullscreen><\/iframe><\/p>\n<p style=\"text-align: center;\"><strong>OCTUBRE\u00a0 \u00a0 &#8211;\u00a0 \u00a0CURS 2021 &#8211; 2022<\/strong><\/p>\n<p>JOCS MUSICALS DE COORDINACI\u00d3 DE MANS:<\/p>\n<p><iframe loading=\"lazy\" title=\"Coordinaci\u00f3 de mans a 5\u00e8!\" width=\"500\" height=\"281\" src=\"https:\/\/www.youtube.com\/embed\/vAGLVDFy6XU?feature=oembed\" frameborder=\"0\" allow=\"accelerometer; autoplay; clipboard-write; encrypted-media; gyroscope; picture-in-picture; web-share\" referrerpolicy=\"strict-origin-when-cross-origin\" allowfullscreen><\/iframe><\/p>\n<p><iframe loading=\"lazy\" title=\"Coordinaci\u00f3 de mans a 6\u00e8!\" width=\"500\" height=\"375\" src=\"https:\/\/www.youtube.com\/embed\/zwvrfhkeFp4?feature=oembed\" frameborder=\"0\" allow=\"accelerometer; autoplay; clipboard-write; encrypted-media; gyroscope; picture-in-picture; web-share\" referrerpolicy=\"strict-origin-when-cross-origin\" allowfullscreen><\/iframe><\/p>\n<p style=\"text-align: center;\"><a href=\"https:\/\/agora.xtec.cat\/escola-torreforta\/wp-content\/uploads\/usu181\/2021\/10\/SORTIDA-ANELLA-VERDA-CS.jpg\"><img loading=\"lazy\" decoding=\"async\" class=\"size-large wp-image-1956 aligncenter\" src=\"https:\/\/agora.xtec.cat\/escola-torreforta\/wp-content\/uploads\/usu181\/2021\/10\/SORTIDA-ANELLA-VERDA-CS-1024x819.jpg\" alt=\"\" width=\"1024\" height=\"819\" srcset=\"https:\/\/agora.xtec.cat\/escola-torreforta\/wp-content\/uploads\/usu181\/2021\/10\/SORTIDA-ANELLA-VERDA-CS-1024x819.jpg 1024w, https:\/\/agora.xtec.cat\/escola-torreforta\/wp-content\/uploads\/usu181\/2021\/10\/SORTIDA-ANELLA-VERDA-CS-300x240.jpg 300w, https:\/\/agora.xtec.cat\/escola-torreforta\/wp-content\/uploads\/usu181\/2021\/10\/SORTIDA-ANELLA-VERDA-CS-768x614.jpg 768w, https:\/\/agora.xtec.cat\/escola-torreforta\/wp-content\/uploads\/usu181\/2021\/10\/SORTIDA-ANELLA-VERDA-CS-1536x1229.jpg 1536w, https:\/\/agora.xtec.cat\/escola-torreforta\/wp-content\/uploads\/usu181\/2021\/10\/SORTIDA-ANELLA-VERDA-CS.jpg 2000w\" sizes=\"auto, (max-width: 1024px) 100vw, 1024px\" \/><\/a><\/p>\n<p><a href=\"https:\/\/agora.xtec.cat\/escola-torreforta\/wp-content\/uploads\/usu181\/2021\/10\/Maquines.jpg\"><img loading=\"lazy\" decoding=\"async\" class=\"size-large wp-image-1958 aligncenter\" src=\"https:\/\/agora.xtec.cat\/escola-torreforta\/wp-content\/uploads\/usu181\/2021\/10\/Maquines-1024x819.jpg\" alt=\"\" width=\"1024\" height=\"819\" srcset=\"https:\/\/agora.xtec.cat\/escola-torreforta\/wp-content\/uploads\/usu181\/2021\/10\/Maquines-1024x819.jpg 1024w, https:\/\/agora.xtec.cat\/escola-torreforta\/wp-content\/uploads\/usu181\/2021\/10\/Maquines-300x240.jpg 300w, https:\/\/agora.xtec.cat\/escola-torreforta\/wp-content\/uploads\/usu181\/2021\/10\/Maquines-768x614.jpg 768w, https:\/\/agora.xtec.cat\/escola-torreforta\/wp-content\/uploads\/usu181\/2021\/10\/Maquines-1536x1229.jpg 1536w, https:\/\/agora.xtec.cat\/escola-torreforta\/wp-content\/uploads\/usu181\/2021\/10\/Maquines.jpg 2000w\" sizes=\"auto, (max-width: 1024px) 100vw, 1024px\" \/><\/a><\/p>\n<p>_________<\/p>\n<p>__________________________________________________________________________<\/p>\n<p style=\"text-align: center;\"><strong>SETEMBRE\u00a0 \u00a0&#8211;\u00a0 \u00a0CURS 2021 &#8211; 2022<\/strong><\/p>\n<p><a href=\"https:\/\/agora.xtec.cat\/escola-torreforta\/wp-content\/uploads\/usu181\/2021\/10\/COLLAGE_CS_SETEMBRE_opt.jpg\"><img loading=\"lazy\" decoding=\"async\" class=\"size-large wp-image-1930 aligncenter\" src=\"https:\/\/agora.xtec.cat\/escola-torreforta\/wp-content\/uploads\/usu181\/2021\/10\/COLLAGE_CS_SETEMBRE_opt-1024x1024.jpg\" alt=\"\" width=\"1024\" height=\"1024\" srcset=\"https:\/\/agora.xtec.cat\/escola-torreforta\/wp-content\/uploads\/usu181\/2021\/10\/COLLAGE_CS_SETEMBRE_opt.jpg 1024w, https:\/\/agora.xtec.cat\/escola-torreforta\/wp-content\/uploads\/usu181\/2021\/10\/COLLAGE_CS_SETEMBRE_opt-300x300.jpg 300w, https:\/\/agora.xtec.cat\/escola-torreforta\/wp-content\/uploads\/usu181\/2021\/10\/COLLAGE_CS_SETEMBRE_opt-150x150.jpg 150w, https:\/\/agora.xtec.cat\/escola-torreforta\/wp-content\/uploads\/usu181\/2021\/10\/COLLAGE_CS_SETEMBRE_opt-768x768.jpg 768w\" sizes=\"auto, (max-width: 1024px) 100vw, 1024px\" \/><\/a><\/p>\n<p style=\"text-align: center;\"><span style=\"font-weight: 400;\">Cicle Superior hem arrencat el curs amb moltes ganes i il\u00b7lusi\u00f3!<\/span><\/p>\n<p style=\"text-align: center;\"><span style=\"font-weight: 400;\">Us deixem algunes activitats que v\u00e0rem realitzar durant els primers dies d&#8217;aquest nou curs.<\/span><\/p>\n<p>___________________________________________________________________________________<\/p>\n<p><a href=\"https:\/\/agora.xtec.cat\/escola-torreforta\/wp-content\/uploads\/usu181\/2021\/06\/csmaig.jpeg\"><img loading=\"lazy\" decoding=\"async\" class=\"alignnone size-large wp-image-1862\" src=\"https:\/\/agora.xtec.cat\/escola-torreforta\/wp-content\/uploads\/usu181\/2021\/06\/csmaig-1024x1024.jpeg\" alt=\"\" width=\"1024\" height=\"1024\" srcset=\"https:\/\/agora.xtec.cat\/escola-torreforta\/wp-content\/uploads\/usu181\/2021\/06\/csmaig-1024x1024.jpeg 1024w, https:\/\/agora.xtec.cat\/escola-torreforta\/wp-content\/uploads\/usu181\/2021\/06\/csmaig-150x150.jpeg 150w, https:\/\/agora.xtec.cat\/escola-torreforta\/wp-content\/uploads\/usu181\/2021\/06\/csmaig-300x300.jpeg 300w, https:\/\/agora.xtec.cat\/escola-torreforta\/wp-content\/uploads\/usu181\/2021\/06\/csmaig-768x768.jpeg 768w, https:\/\/agora.xtec.cat\/escola-torreforta\/wp-content\/uploads\/usu181\/2021\/06\/csmaig.jpeg 1599w\" sizes=\"auto, (max-width: 1024px) 100vw, 1024px\" \/><\/a><\/p>\n<p>Estem arribant a les acaballes d&#8217;aquest curs tan especial i a socials hem fet un rep\u00e0s de la nostra vida, recordant aquelles coses especials que ens han passat al llarg de la nostra petita hist\u00f2ria.<\/p>\n<p>___________________________________________________________________________________<\/p>\n<p><a href=\"https:\/\/agora.xtec.cat\/escola-torreforta\/wp-content\/uploads\/usu181\/2021\/04\/WhatsApp-Image-2021-04-27-at-12.48.33-1.jpeg\"><img loading=\"lazy\" decoding=\"async\" class=\"alignnone wp-image-1838\" src=\"https:\/\/agora.xtec.cat\/escola-torreforta\/wp-content\/uploads\/usu181\/2021\/04\/WhatsApp-Image-2021-04-27-at-12.48.33-1-1024x769.jpeg\" alt=\"\" width=\"405\" height=\"305\" srcset=\"https:\/\/agora.xtec.cat\/escola-torreforta\/wp-content\/uploads\/usu181\/2021\/04\/WhatsApp-Image-2021-04-27-at-12.48.33-1-1024x769.jpeg 1024w, https:\/\/agora.xtec.cat\/escola-torreforta\/wp-content\/uploads\/usu181\/2021\/04\/WhatsApp-Image-2021-04-27-at-12.48.33-1-300x225.jpeg 300w, https:\/\/agora.xtec.cat\/escola-torreforta\/wp-content\/uploads\/usu181\/2021\/04\/WhatsApp-Image-2021-04-27-at-12.48.33-1-768x576.jpeg 768w, https:\/\/agora.xtec.cat\/escola-torreforta\/wp-content\/uploads\/usu181\/2021\/04\/WhatsApp-Image-2021-04-27-at-12.48.33-1-200x150.jpeg 200w, https:\/\/agora.xtec.cat\/escola-torreforta\/wp-content\/uploads\/usu181\/2021\/04\/WhatsApp-Image-2021-04-27-at-12.48.33-1.jpeg 2048w\" sizes=\"auto, (max-width: 405px) 100vw, 405px\" \/><\/a><a href=\"https:\/\/agora.xtec.cat\/escola-torreforta\/wp-content\/uploads\/usu181\/2021\/04\/WhatsApp-Image-2021-04-27-at-12.48.33.jpeg\"><img loading=\"lazy\" decoding=\"async\" class=\"alignnone wp-image-1839\" src=\"https:\/\/agora.xtec.cat\/escola-torreforta\/wp-content\/uploads\/usu181\/2021\/04\/WhatsApp-Image-2021-04-27-at-12.48.33-1024x1024.jpeg\" alt=\"\" width=\"304\" height=\"304\" srcset=\"https:\/\/agora.xtec.cat\/escola-torreforta\/wp-content\/uploads\/usu181\/2021\/04\/WhatsApp-Image-2021-04-27-at-12.48.33-1024x1024.jpeg 1024w, https:\/\/agora.xtec.cat\/escola-torreforta\/wp-content\/uploads\/usu181\/2021\/04\/WhatsApp-Image-2021-04-27-at-12.48.33-150x150.jpeg 150w, https:\/\/agora.xtec.cat\/escola-torreforta\/wp-content\/uploads\/usu181\/2021\/04\/WhatsApp-Image-2021-04-27-at-12.48.33-300x300.jpeg 300w, https:\/\/agora.xtec.cat\/escola-torreforta\/wp-content\/uploads\/usu181\/2021\/04\/WhatsApp-Image-2021-04-27-at-12.48.33-768x768.jpeg 768w, https:\/\/agora.xtec.cat\/escola-torreforta\/wp-content\/uploads\/usu181\/2021\/04\/WhatsApp-Image-2021-04-27-at-12.48.33.jpeg 1080w\" sizes=\"auto, (max-width: 304px) 100vw, 304px\" \/><\/a><\/p>\n<p>L&#8217;alumnat de cicle superior ha rebut la visita de la gu\u00e0rdia urbana. Per Sant Jordi vam inventar finals diferents a la hist\u00f2ria original, tamb\u00e9 vam fer les nostres pr\u00f2pies il\u00b7lustracions.<\/p>\n<p>___________________________________________________________________________________<\/p>\n<p style=\"text-align: center;\"><a href=\"https:\/\/agora.xtec.cat\/escola-torreforta\/wp-content\/uploads\/usu181\/2021\/03\/collage.jpeg\"><img loading=\"lazy\" decoding=\"async\" class=\"alignnone size-large wp-image-1789\" src=\"https:\/\/agora.xtec.cat\/escola-torreforta\/wp-content\/uploads\/usu181\/2021\/03\/collage-1024x1024.jpeg\" alt=\"\" width=\"1024\" height=\"1024\" srcset=\"https:\/\/agora.xtec.cat\/escola-torreforta\/wp-content\/uploads\/usu181\/2021\/03\/collage-1024x1024.jpeg 1024w, https:\/\/agora.xtec.cat\/escola-torreforta\/wp-content\/uploads\/usu181\/2021\/03\/collage-150x150.jpeg 150w, https:\/\/agora.xtec.cat\/escola-torreforta\/wp-content\/uploads\/usu181\/2021\/03\/collage-300x300.jpeg 300w, https:\/\/agora.xtec.cat\/escola-torreforta\/wp-content\/uploads\/usu181\/2021\/03\/collage-768x768.jpeg 768w, https:\/\/agora.xtec.cat\/escola-torreforta\/wp-content\/uploads\/usu181\/2021\/03\/collage.jpeg 1920w\" sizes=\"auto, (max-width: 1024px) 100vw, 1024px\" \/><\/a><\/p>\n<p style=\"text-align: center;\">Despr\u00e9s d&#8217;un llarg trimestre i de treballar molt, estem dedicant unes estones de relaxaci\u00f3 abans de marxar de vacances. Fem jocs i creem m\u00fasica, una bonica manera d&#8217;acomiadar-nos d&#8217;aquest segon &#8220;round&#8221;!<\/p>\n<p>___________________________________________________________________________________<\/p>\n<p><a href=\"https:\/\/agora.xtec.cat\/escola-torreforta\/wp-content\/uploads\/usu181\/2021\/02\/CS_febrer.jpg\"><img loading=\"lazy\" decoding=\"async\" class=\"alignnone size-large wp-image-1753\" src=\"https:\/\/agora.xtec.cat\/escola-torreforta\/wp-content\/uploads\/usu181\/2021\/02\/CS_febrer-1024x1024.jpg\" alt=\"\" width=\"1024\" height=\"1024\" srcset=\"https:\/\/agora.xtec.cat\/escola-torreforta\/wp-content\/uploads\/usu181\/2021\/02\/CS_febrer-1024x1024.jpg 1024w, https:\/\/agora.xtec.cat\/escola-torreforta\/wp-content\/uploads\/usu181\/2021\/02\/CS_febrer-150x150.jpg 150w, https:\/\/agora.xtec.cat\/escola-torreforta\/wp-content\/uploads\/usu181\/2021\/02\/CS_febrer-300x300.jpg 300w, https:\/\/agora.xtec.cat\/escola-torreforta\/wp-content\/uploads\/usu181\/2021\/02\/CS_febrer-768x768.jpg 768w, https:\/\/agora.xtec.cat\/escola-torreforta\/wp-content\/uploads\/usu181\/2021\/02\/CS_febrer.jpg 1564w\" sizes=\"auto, (max-width: 1024px) 100vw, 1024px\" \/><\/a><\/p>\n<p style=\"text-align: center;\">Durant aquest mes, a les assignatures de la mestra Vicky, han fet algunes manualitats molt entretingudes. A medi social han fet una maqueta sobre el relleu i els rius de Catalunya. A 5\u00e8, a angl\u00e8s, han acabat un projecte sobre les plantes.<\/p>\n<p>___________________________________________________________________________________<\/p>\n<p style=\"text-align: center;\"><a href=\"https:\/\/agora.xtec.cat\/escola-torreforta\/wp-content\/uploads\/usu181\/2021\/02\/sergi.jpeg\"><img loading=\"lazy\" decoding=\"async\" class=\"alignnone size-large wp-image-1708\" src=\"https:\/\/agora.xtec.cat\/escola-torreforta\/wp-content\/uploads\/usu181\/2021\/02\/sergi-1024x1024.jpeg\" alt=\"\" width=\"1024\" height=\"1024\" srcset=\"https:\/\/agora.xtec.cat\/escola-torreforta\/wp-content\/uploads\/usu181\/2021\/02\/sergi-1024x1024.jpeg 1024w, https:\/\/agora.xtec.cat\/escola-torreforta\/wp-content\/uploads\/usu181\/2021\/02\/sergi-150x150.jpeg 150w, https:\/\/agora.xtec.cat\/escola-torreforta\/wp-content\/uploads\/usu181\/2021\/02\/sergi-300x300.jpeg 300w, https:\/\/agora.xtec.cat\/escola-torreforta\/wp-content\/uploads\/usu181\/2021\/02\/sergi-768x768.jpeg 768w, https:\/\/agora.xtec.cat\/escola-torreforta\/wp-content\/uploads\/usu181\/2021\/02\/sergi.jpeg 1564w\" sizes=\"auto, (max-width: 1024px) 100vw, 1024px\" \/><\/a><\/p>\n<p style=\"text-align: center;\">Avui us presentem el nostre treball a la sala d&#8217;ordinadors.<\/p>\n<p style=\"text-align: center;\">Cada setmana ens hi passem unes sessions obrint sessions i fent activitats al Classroom, fitxes interactives de medi, jocs de matem\u00e0tiques, lectures en llengua&#8230; Cada setmana una \u00e0rea diferent.<\/p>\n<p style=\"text-align: center;\">___________________________________________________________________________________<\/p>\n<div style=\"width: 1280px;\" class=\"wp-video\"><!--[if lt IE 9]><script>document.createElement('video');<\/script><![endif]-->\n<video class=\"wp-video-shortcode\" id=\"video-1594-1\" width=\"1280\" height=\"720\" preload=\"metadata\" controls=\"controls\"><source type=\"video\/mp4\" src=\"https:\/\/agora.xtec.cat\/escola-torreforta\/wp-content\/uploads\/usu181\/2020\/11\/WhatsApp-Video-2020-11-25-at-12.46.24.mp4?_=1\" \/><a href=\"https:\/\/agora.xtec.cat\/escola-torreforta\/wp-content\/uploads\/usu181\/2020\/11\/WhatsApp-Video-2020-11-25-at-12.46.24.mp4\">https:\/\/agora.xtec.cat\/escola-torreforta\/wp-content\/uploads\/usu181\/2020\/11\/WhatsApp-Video-2020-11-25-at-12.46.24.mp4<\/a><\/video><\/div>\n<p style=\"text-align: center;\">La Gu\u00e0rdia Urbana ens ha visitat als grups de 5\u00e8A i 5\u00e8B. Ens han explicat moltes coses sobre comportaments inc\u00edvics i ens ha resolt tots els dubtes. Ha estat una estona molt interessant i divertida gr\u00e0cies als agents.<\/p>\n","protected":false},"excerpt":{"rendered":"<p>ABRIL \u2013\u00a0 CURS 2025 \u2013 2026<br \/>\n\ud83c\udffa VISITEM L\u2019INS CAMPCLAR! \ud83d\udd0d\u2728<br \/>\nAvui hem visitat l\u2019INS Campclar, on l\u2019alumnat de 1r d\u2019ESO ens ha presentat el seu projecte \u201cArque\u00f2legs\u201d \ud83e\uddd1\u200d\ud83c\udffa\ud83d\udc69\u200d\ud83c\udffa.<br \/>\nDurant la visita, ens han mostrat el museu que han creat despr\u00e9s de dues setmanes de feina \ud83c\udfdb\ufe0f, amb&hellip;  <a href=\"https:\/\/agora.xtec.cat\/escola-torreforta\/nivells\/cicle-superior\/\" title=\"Read CICLE SUPERIOR\">Llegeix m\u00e9s\u00bb<\/a><\/p>\n","protected":false},"author":5,"featured_media":0,"parent":87,"menu_order":0,"comment_status":"closed","ping_status":"closed","template":"page-templates\/side-menu.php","meta":{"_bbp_topic_count":0,"_bbp_reply_count":0,"_bbp_total_topic_count":0,"_bbp_total_reply_count":0,"_bbp_voice_count":0,"_bbp_anonymous_reply_count":0,"_bbp_topic_count_hidden":0,"_bbp_reply_count_hidden":0,"_bbp_forum_subforum_count":0,"footnotes":""},"class_list":["post-1594","page","type-page","status-publish","hentry"],"post_mailing_queue_ids":[],"_links":{"self":[{"href":"https:\/\/agora.xtec.cat\/escola-torreforta\/wp-json\/wp\/v2\/pages\/1594","targetHints":{"allow":["GET"]}}],"collection":[{"href":"https:\/\/agora.xtec.cat\/escola-torreforta\/wp-json\/wp\/v2\/pages"}],"about":[{"href":"https:\/\/agora.xtec.cat\/escola-torreforta\/wp-json\/wp\/v2\/types\/page"}],"author":[{"embeddable":true,"href":"https:\/\/agora.xtec.cat\/escola-torreforta\/wp-json\/wp\/v2\/users\/5"}],"replies":[{"embeddable":true,"href":"https:\/\/agora.xtec.cat\/escola-torreforta\/wp-json\/wp\/v2\/comments?post=1594"}],"version-history":[{"count":8,"href":"https:\/\/agora.xtec.cat\/escola-torreforta\/wp-json\/wp\/v2\/pages\/1594\/revisions"}],"predecessor-version":[{"id":3830,"href":"https:\/\/agora.xtec.cat\/escola-torreforta\/wp-json\/wp\/v2\/pages\/1594\/revisions\/3830"}],"up":[{"embeddable":true,"href":"https:\/\/agora.xtec.cat\/escola-torreforta\/wp-json\/wp\/v2\/pages\/87"}],"wp:attachment":[{"href":"https:\/\/agora.xtec.cat\/escola-torreforta\/wp-json\/wp\/v2\/media?parent=1594"}],"curies":[{"name":"wp","href":"https:\/\/api.w.org\/{rel}","templated":true}]}}