{"id":1593,"date":"2020-11-25T11:38:21","date_gmt":"2020-11-25T10:38:21","guid":{"rendered":"https:\/\/agora.xtec.cat\/escola-torreforta\/?page_id=1593"},"modified":"2026-04-30T12:49:36","modified_gmt":"2026-04-30T10:49:36","slug":"cicle-mitja","status":"publish","type":"page","link":"https:\/\/agora.xtec.cat\/escola-torreforta\/nivells\/cicle-mitja\/","title":{"rendered":"CICLE MITJ\u00c0"},"content":{"rendered":"<div>\n<div style=\"text-align: center;\"><strong>ABRIL &#8211; CURS 2025 &#8211; 2026<\/strong><\/div>\n<\/div>\n<div><\/div>\n<div>\n<p data-start=\"0\" data-end=\"42\"><strong data-start=\"0\" data-end=\"40\">\ud83c\udf3f APRENEM JUNTS A L\u2019AIRE LLIURE! \ud83e\udd1d<\/strong><\/p>\n<p data-start=\"44\" data-end=\"205\">L\u2019alumnat de 3r \ud83e\uddd2\ud83d\udc67 ha gaudit d\u2019una jornada a l\u2019aire lliure amb els seus padrins i padrines de 5\u00e8 \ud83d\udc66\ud83d\udc67, compartint jocs cooperatius \ud83c\udfaf i activitats conjuntes.<\/p>\n<p data-start=\"207\" data-end=\"386\">Aquesta experi\u00e8ncia ha fomentat la conviv\u00e8ncia, la comunicaci\u00f3 i els vincles positius \ud83d\udcac\ud83d\udc9b, tot desenvolupant habilitats com l\u2019ajuda m\u00fatua i el respecte en un entorn natural \ud83c\udf31.<\/p>\n<p data-start=\"388\" data-end=\"437\" data-is-last-node=\"\" data-is-only-node=\"\">Una jornada plena d\u2019aprenentatge i diversi\u00f3 \ud83c\udf89\ud83c\udf1f!<a href=\"https:\/\/agora.xtec.cat\/escola-torreforta\/wp-content\/uploads\/usu181\/2026\/04\/Collage-3r.png\"><img loading=\"lazy\" decoding=\"async\" class=\"alignnone size-large wp-image-3822\" src=\"https:\/\/agora.xtec.cat\/escola-torreforta\/wp-content\/uploads\/usu181\/2026\/04\/Collage-3r-1024x863.png\" alt=\"\" width=\"1024\" height=\"863\" srcset=\"https:\/\/agora.xtec.cat\/escola-torreforta\/wp-content\/uploads\/usu181\/2026\/04\/Collage-3r-1024x863.png 1024w, https:\/\/agora.xtec.cat\/escola-torreforta\/wp-content\/uploads\/usu181\/2026\/04\/Collage-3r-300x253.png 300w, https:\/\/agora.xtec.cat\/escola-torreforta\/wp-content\/uploads\/usu181\/2026\/04\/Collage-3r-768x647.png 768w, https:\/\/agora.xtec.cat\/escola-torreforta\/wp-content\/uploads\/usu181\/2026\/04\/Collage-3r.png 1066w\" sizes=\"auto, (max-width: 1024px) 100vw, 1024px\" \/><\/a><\/p>\n<\/div>\n<div>\n<p data-start=\"0\" data-end=\"48\"><strong data-start=\"0\" data-end=\"46\">\ud83c\udf39 CELEBREM SANT JORDI AMB CREATIVITAT! \ud83d\udcda<\/strong><\/p>\n<p data-start=\"50\" data-end=\"278\">L\u2019alumnat de 4t \ud83e\uddd2\ud83d\udc67 ha celebrat la diada de Sant Jordi amb una activitat art\u00edstica i cultural. Han elaborat una rosa de Sant Jordi \ud83c\udf39 amb goma EVA i la t\u00e8cnica del collage \u2702\ufe0f\ud83c\udfa8, treballant la creativitat i la motricitat fina.<\/p>\n<p data-start=\"280\" data-end=\"423\">Tamb\u00e9 han gaudit d\u2019un contacontes \ud83d\udcd6 sobre la llegenda de Sant Jordi \ud83d\udc09\u2694\ufe0f, apropant-se aix\u00ed a la tradici\u00f3 i fomentant el gust per la lectura.<\/p>\n<p data-start=\"425\" data-end=\"472\" data-is-last-node=\"\" data-is-only-node=\"\">Una jornada plena d\u2019il\u00b7lusi\u00f3 i creativitat \ud83d\udc9b\u2728.<\/p>\n<p data-start=\"425\" data-end=\"472\" data-is-last-node=\"\" data-is-only-node=\"\"><a href=\"https:\/\/agora.xtec.cat\/escola-torreforta\/wp-content\/uploads\/usu181\/2026\/04\/Imatge-4t-1.png\"><img loading=\"lazy\" decoding=\"async\" class=\"alignnone size-full wp-image-3823\" src=\"https:\/\/agora.xtec.cat\/escola-torreforta\/wp-content\/uploads\/usu181\/2026\/04\/Imatge-4t-1.png\" alt=\"\" width=\"707\" height=\"1000\" srcset=\"https:\/\/agora.xtec.cat\/escola-torreforta\/wp-content\/uploads\/usu181\/2026\/04\/Imatge-4t-1.png 707w, https:\/\/agora.xtec.cat\/escola-torreforta\/wp-content\/uploads\/usu181\/2026\/04\/Imatge-4t-1-212x300.png 212w\" sizes=\"auto, (max-width: 707px) 100vw, 707px\" \/><\/a><\/p>\n<\/div>\n<div>___________________________________________________________________________________<\/div>\n<div>\n<div><\/div>\n<div><\/div>\n<div style=\"text-align: center;\"><strong>MAR\u00c7 &#8211; CURS 2025 &#8211; 2026<\/strong><\/div>\n<\/div>\n<div><\/div>\n<div><\/div>\n<div>\n<h2 style=\"text-align: center;\"><b>UNA JORNADA EDUNAUTA PLENA D\u2019ENERGIA! \ud83d\ude80\ud83c\udfc3\u200d\u2640\ufe0f\ud83c\udfc3\u200d\u2642\ufe0f<\/b><\/h2>\n<p><span style=\"font-weight: 400;\">L\u2019alumnat de <\/span><b>3r de prim\u00e0ria<\/b><span style=\"font-weight: 400;\"> \ud83e\uddd2\ud83d\udc67 hem participat en una divertida jornada del programa <\/span><b>Edunauta<\/b><span style=\"font-weight: 400;\"> \ud83c\udf1f, on hem gaudit d\u2019un mat\u00ed ple de <\/span><b>jocs, esports i activitat f\u00edsica<\/b><span style=\"font-weight: 400;\"> \u26bd\ud83c\udfc3\u200d\u2642\ufe0f\ud83c\udfaf.<\/span><\/p>\n<p><span style=\"font-weight: 400;\">Durant l\u2019activitat hem realitzat <\/span><b>diferents proves i din\u00e0miques en grup<\/b><span style=\"font-weight: 400;\"> \ud83e\udd1d, fomentant la <\/span><b>cooperaci\u00f3<\/b><span style=\"font-weight: 400;\">, el <\/span><b>treball en equip<\/b><span style=\"font-weight: 400;\"> i la <\/span><b>participaci\u00f3 activa<\/b><span style=\"font-weight: 400;\"> de tots i totes \ud83d\udcaa. A trav\u00e9s dels diferents espais i reptes, hem pogut moure\u2019ns, jugar i compartir una experi\u00e8ncia molt enriquidora amb els companys i companyes \ud83d\ude0a.<\/span><\/p>\n<p><span style=\"font-weight: 400;\">A m\u00e9s, aquesta jornada ens ha ajudat a entendre la import\u00e0ncia de mantenir-nos <\/span><b>actius i actives<\/b><span style=\"font-weight: 400;\"> \ud83c\udfc3\u200d\u2640\ufe0f\u2728, tot promovent <\/span><b>h\u00e0bits saludables<\/b><span style=\"font-weight: 400;\">, l\u2019esfor\u00e7 personal i la conviv\u00e8ncia \ud83e\udef6.<\/span><\/p>\n<p><b>Ens ho hem passat d\u2019all\u00f2 m\u00e9s b\u00e9<\/b><span style=\"font-weight: 400;\"> \ud83c\udf89 i hem gaudit molt\u00edssim d\u2019aquesta experi\u00e8ncia <\/span><b>Edunauta<\/b><span style=\"font-weight: 400;\"> tan especial! \ud83d\ude80\ud83d\udc99<\/span><\/p>\n<\/div>\n<div><a href=\"https:\/\/agora.xtec.cat\/escola-torreforta\/wp-content\/uploads\/usu181\/2026\/03\/3rAstronaut-1.png\"><img loading=\"lazy\" decoding=\"async\" class=\"alignnone size-full wp-image-3795\" src=\"https:\/\/agora.xtec.cat\/escola-torreforta\/wp-content\/uploads\/usu181\/2026\/03\/3rAstronaut-1.png\" alt=\"\" width=\"707\" height=\"1000\" srcset=\"https:\/\/agora.xtec.cat\/escola-torreforta\/wp-content\/uploads\/usu181\/2026\/03\/3rAstronaut-1.png 707w, https:\/\/agora.xtec.cat\/escola-torreforta\/wp-content\/uploads\/usu181\/2026\/03\/3rAstronaut-1-212x300.png 212w\" sizes=\"auto, (max-width: 707px) 100vw, 707px\" \/><\/a><\/div>\n<div><\/div>\n<div>\n<div><\/div>\n<\/div>\n<div>\n<h2 style=\"text-align: center;\"><b>APRENEM MATEM\u00c0TIQUES AMB FLORENCE! \u2795\u2716\ufe0f\u2797\ud83d\udcd0<\/b><\/h2>\n<p><span style=\"font-weight: 400;\">L\u2019alumnat de <\/span><b>4t de prim\u00e0ria<\/b><span style=\"font-weight: 400;\"> \ud83e\uddd2\ud83d\udc67 est\u00e0 participant en les sessions de <\/span><b>Florence<\/b><span style=\"font-weight: 400;\">, una proposta educativa que ens permet <\/span><b>aprendre matem\u00e0tiques d\u2019una manera manipulativa, vivencial i molt divertida<\/b><span style=\"font-weight: 400;\"> \ud83c\udfb2\ud83e\udde9.<\/span><\/p>\n<p><span style=\"font-weight: 400;\">Durant les activitats, treballem diferents conceptes matem\u00e0tics a trav\u00e9s de <\/span><b>materials manipulatius, jocs i reptes<\/b><span style=\"font-weight: 400;\"> \ud83e\udd32\ud83d\udd22, que ens ajuden a comprendre millor els nombres, les operacions i la resoluci\u00f3 de problemes. D\u2019aquesta manera, podem <\/span><b>experimentar, observar i descobrir<\/b><span style=\"font-weight: 400;\"> les matem\u00e0tiques d\u2019una forma m\u00e9s propera i significativa \ud83d\udca1.<\/span><\/p>\n<p><span style=\"font-weight: 400;\">A m\u00e9s, aquestes sessions afavoreixen el <\/span><b>raonament l\u00f2gic<\/b><span style=\"font-weight: 400;\">, la <\/span><b>participaci\u00f3 activa<\/b><span style=\"font-weight: 400;\">, la <\/span><b>concentraci\u00f3<\/b><span style=\"font-weight: 400;\"> i el <\/span><b>treball cooperatiu<\/b><span style=\"font-weight: 400;\"> \ud83e\udd1d, tot respectant els diferents ritmes d\u2019aprenentatge i fent que cada infant pugui avan\u00e7ar amb seguretat i confian\u00e7a \ud83c\udf31.<\/span><\/p>\n<p><b>Ens ho passem d\u2019all\u00f2 m\u00e9s b\u00e9<\/b><span style=\"font-weight: 400;\"> \ud83c\udf89 mentre desenvolupem estrat\u00e8gies matem\u00e0tiques i descobrim que <\/span><b>aprendre matem\u00e0tiques tamb\u00e9 pot ser una aventura engrescadora<\/b><span style=\"font-weight: 400;\"> \ud83d\ude80\ud83d\udcda.<\/span><\/p>\n<\/div>\n<div>\n<div><\/div>\n<div><a href=\"https:\/\/agora.xtec.cat\/escola-torreforta\/wp-content\/uploads\/usu181\/2026\/03\/4tFlorence.png\"><img loading=\"lazy\" decoding=\"async\" class=\"alignnone size-large wp-image-3796\" src=\"https:\/\/agora.xtec.cat\/escola-torreforta\/wp-content\/uploads\/usu181\/2026\/03\/4tFlorence-819x1024.png\" alt=\"\" width=\"819\" height=\"1024\" srcset=\"https:\/\/agora.xtec.cat\/escola-torreforta\/wp-content\/uploads\/usu181\/2026\/03\/4tFlorence-819x1024.png 819w, https:\/\/agora.xtec.cat\/escola-torreforta\/wp-content\/uploads\/usu181\/2026\/03\/4tFlorence-240x300.png 240w, https:\/\/agora.xtec.cat\/escola-torreforta\/wp-content\/uploads\/usu181\/2026\/03\/4tFlorence-768x960.png 768w, https:\/\/agora.xtec.cat\/escola-torreforta\/wp-content\/uploads\/usu181\/2026\/03\/4tFlorence.png 1080w\" sizes=\"auto, (max-width: 819px) 100vw, 819px\" \/><\/a><\/div>\n<div><\/div>\n<div><\/div>\n<div>__________________________________________________________________________________<\/div>\n<div><\/div>\n<div style=\"text-align: center;\"><strong>FEBRER &#8211; CURS 2025 &#8211; 2026<\/strong><\/div>\n<\/div>\n<div>\n<p>&nbsp;<\/p>\n<h3 style=\"text-align: center;\" data-start=\"44\" data-end=\"72\"><span style=\"font-weight: 400;\">\ud83c\udf2c\ufe0f\ud83c\udfad <\/span>CARNAVAL PASSAT PER VENT I AIGUA&#8230; PER\u00d2 BEN CELEBRAT!<span style=\"font-weight: 400;\">\ud83c\udfad\ud83c\udf27\ufe0f<\/span><\/h3>\n<p style=\"text-align: left;\"><span style=\"font-weight: 400;\">Degut a l\u2019episodi de vent i al tancament de l\u2019escola el <\/span><b>Dijous Gras<\/b><span style=\"font-weight: 400;\">, el divendres 13 vam celebrar igualment el nostre tradicional esmorzar\u2026 i va ser tot un \u00e8xit!\u00a0<\/span><\/p>\n<p style=\"text-align: left;\"><span style=\"font-weight: 400;\">\ud83e\udd56\ud83c\udf45 <\/span><b>Pa amb tom\u00e0quet i truita<\/b><span style=\"font-weight: 400;\"> a l\u2019aula\u2026 bon\u00edssim! <\/span><span style=\"font-weight: 400;\">Vam compartir una estona ben agradable i festiva tots junts.<\/span><\/p>\n<p style=\"text-align: left;\"><span style=\"font-weight: 400;\">\ud83c\udf89\ud83d\udc51 Tot seguit, vam rebre la visita de la comparsa <\/span><b>Sinhus<\/b><span style=\"font-weight: 400;\"> de la Reina del Carnaval d\u2019aquest any, que ens va fer vibrar al ritme de la batucada <\/span><b>Bombastik<\/b><span style=\"font-weight: 400;\">\u00a0\ud83e\udd41\ud83c\udfb6. Quina energia i quin ambient m\u00e9s festiu!<\/span><\/p>\n<p style=\"text-align: left;\"><span style=\"font-weight: 400;\">\ud83c\udf27\ufe0f\ud83d\udc83 A la tarda, degut a la pluja, els balls de Carnaval es van traslladar a la sala d\u2019actes de l\u2019escola. Tot i el canvi d\u2019espai, els nens i nenes de Cicle Superior ho van fer <\/span><b>fant\u00e0stic<\/b><span style=\"font-weight: 400;\">! \ud83d\udc4f\u2728<\/span><\/p>\n<p style=\"text-align: left;\"><span style=\"font-weight: 400;\">S\u2019ho han treballat molt i es mereixen una gran felicitaci\u00f3, ens va encantar!<\/span><span style=\"font-weight: 400;\"> Visca el Carnaval!\ud83c\udf8a<\/span><\/p>\n<p style=\"text-align: left;\"><span style=\"font-weight: 400;\"> <a href=\"https:\/\/agora.xtec.cat\/escola-torreforta\/wp-content\/uploads\/usu181\/2026\/02\/Blue-and-Orange-Playful-Carnival-Party-Poster-1.png\"><img loading=\"lazy\" decoding=\"async\" class=\"size-large wp-image-3737 aligncenter\" src=\"https:\/\/agora.xtec.cat\/escola-torreforta\/wp-content\/uploads\/usu181\/2026\/02\/Blue-and-Orange-Playful-Carnival-Party-Poster-1-724x1024.png\" alt=\"\" width=\"724\" height=\"1024\" srcset=\"https:\/\/agora.xtec.cat\/escola-torreforta\/wp-content\/uploads\/usu181\/2026\/02\/Blue-and-Orange-Playful-Carnival-Party-Poster-1-724x1024.png 724w, https:\/\/agora.xtec.cat\/escola-torreforta\/wp-content\/uploads\/usu181\/2026\/02\/Blue-and-Orange-Playful-Carnival-Party-Poster-1-212x300.png 212w, https:\/\/agora.xtec.cat\/escola-torreforta\/wp-content\/uploads\/usu181\/2026\/02\/Blue-and-Orange-Playful-Carnival-Party-Poster-1-768x1086.png 768w, https:\/\/agora.xtec.cat\/escola-torreforta\/wp-content\/uploads\/usu181\/2026\/02\/Blue-and-Orange-Playful-Carnival-Party-Poster-1.png 794w\" sizes=\"auto, (max-width: 724px) 100vw, 724px\" \/><\/a><\/span><\/p>\n<h3 style=\"text-align: center;\" data-start=\"44\" data-end=\"72\">SALVEM EL FUTUR AMB LES FRUITES!<\/h3>\n<p data-start=\"0\" data-end=\"149\">L&#8217;alumnat de tercer \ud83e\uddd2\ud83d\udc67 hem dut a terme l\u2019activitat \u00abSalvem el futur amb les fruites \ud83c\udf4e\ud83e\udd55 i la llet \ud83e\udd5b\u00bb, dins del programa \u00abGust per la Salut\u00bb.<\/p>\n<p data-start=\"151\" data-end=\"501\">Durant l\u2019activitat hem ajudat la doctora Regina Pomera \ud83d\udc69\u200d\u2695\ufe0f, que viu a l\u2019any 3471 \ud83d\ude80, a con\u00e8ixer els aliments que mengem avui dia, ja que al futur ja no existeixen. A trav\u00e9s del taller hem apr\u00e8s la import\u00e0ncia de seguir una alimentaci\u00f3 equilibrada \u2696\ufe0f, tot coneixent la pir\u00e0mide aliment\u00e0ria \ud83d\udd3a i els aliments propis de cada estaci\u00f3 de l\u2019any \ud83c\udf38\u2600\ufe0f\ud83c\udf42\u2744\ufe0f.<\/p>\n<p data-start=\"503\" data-end=\"662\">A m\u00e9s, hem pogut tastar diversos aliments \ud83d\ude0b per treballar-ne la textura, el color \ud83c\udfa8 i el gust \ud83d\udc45, fomentant l\u2019observaci\u00f3 \ud83d\udc40 i el descobriment de nous sabors.<\/p>\n<p data-start=\"664\" data-end=\"753\" data-is-last-node=\"\" data-is-only-node=\"\">Ens ho hem passat d\u2019all\u00f2 m\u00e9s b\u00e9 \ud83c\udf89 mentre apren\u00edem h\u00e0bits saludables \ud83d\udc9a i sostenibles \ud83c\udf0d!<\/p>\n<p data-start=\"664\" data-end=\"753\" data-is-last-node=\"\" data-is-only-node=\"\"><a href=\"https:\/\/agora.xtec.cat\/escola-torreforta\/wp-content\/uploads\/usu181\/2026\/02\/PUBLI_COLLAGE_PAG1.png\"><img loading=\"lazy\" decoding=\"async\" class=\"size-full wp-image-3740 aligncenter\" src=\"https:\/\/agora.xtec.cat\/escola-torreforta\/wp-content\/uploads\/usu181\/2026\/02\/PUBLI_COLLAGE_PAG1.png\" alt=\"\" width=\"1000\" height=\"800\" srcset=\"https:\/\/agora.xtec.cat\/escola-torreforta\/wp-content\/uploads\/usu181\/2026\/02\/PUBLI_COLLAGE_PAG1.png 1000w, https:\/\/agora.xtec.cat\/escola-torreforta\/wp-content\/uploads\/usu181\/2026\/02\/PUBLI_COLLAGE_PAG1-300x240.png 300w, https:\/\/agora.xtec.cat\/escola-torreforta\/wp-content\/uploads\/usu181\/2026\/02\/PUBLI_COLLAGE_PAG1-768x614.png 768w\" sizes=\"auto, (max-width: 1000px) 100vw, 1000px\" \/><\/a><\/p>\n<p style=\"text-align: left;\"><span style=\"font-weight: 400;\"><a href=\"https:\/\/agora.xtec.cat\/escola-torreforta\/wp-content\/uploads\/usu181\/2026\/02\/PUBLI_COLLAGE_PAG2.png\"><img loading=\"lazy\" decoding=\"async\" class=\"size-full wp-image-3741 aligncenter\" src=\"https:\/\/agora.xtec.cat\/escola-torreforta\/wp-content\/uploads\/usu181\/2026\/02\/PUBLI_COLLAGE_PAG2.png\" alt=\"\" width=\"1000\" height=\"800\" srcset=\"https:\/\/agora.xtec.cat\/escola-torreforta\/wp-content\/uploads\/usu181\/2026\/02\/PUBLI_COLLAGE_PAG2.png 1000w, https:\/\/agora.xtec.cat\/escola-torreforta\/wp-content\/uploads\/usu181\/2026\/02\/PUBLI_COLLAGE_PAG2-300x240.png 300w, https:\/\/agora.xtec.cat\/escola-torreforta\/wp-content\/uploads\/usu181\/2026\/02\/PUBLI_COLLAGE_PAG2-768x614.png 768w\" sizes=\"auto, (max-width: 1000px) 100vw, 1000px\" \/><\/a><\/span><\/p>\n<h3 style=\"text-align: center;\" data-start=\"44\" data-end=\"72\">\ud83d\udcda\u272822\u00e8 CERTAMEN DE LECTURA EN VEU ALTA A L&#8217;ESCOLA!\u2728\ud83d\udcda<\/h3>\n<p data-start=\"63\" data-end=\"236\">\ud83d\uddd3\ufe0f El passat <strong data-start=\"77\" data-end=\"92\">15 de gener<\/strong>, l\u2019alumnat de <strong data-start=\"107\" data-end=\"118\">3r i 4t<\/strong> vam viure una jornada molt especial celebrant el <strong data-start=\"168\" data-end=\"214\">22\u00e8 Certamen de Lectura en Veu Alta (CLVA)<\/strong> a la nostra escola.<\/p>\n<p data-start=\"238\" data-end=\"395\">\ud83c\udfeb\ud83d\udcd6 Aquest any el certamen ha batut r\u00e8cords de participaci\u00f3:<br data-start=\"299\" data-end=\"302\" \/>\ud83c\udf89 M\u00e9s de <strong data-start=\"312\" data-end=\"329\">1.500 escoles<\/strong><br data-start=\"329\" data-end=\"332\" \/>\ud83d\udc67\ud83d\udc66 M\u00e9s de <strong data-start=\"344\" data-end=\"369\" data-is-only-node=\"\">4.000 infants i joves<\/strong> d\u2019entre <strong data-start=\"378\" data-end=\"393\">8 i 18 anys<\/strong><\/p>\n<p data-start=\"397\" data-end=\"547\">\ud83d\udc9b Ens ha encantat formar part d\u2019aquesta experi\u00e8ncia tan enriquidora!<br data-start=\"466\" data-end=\"469\" \/>\ud83c\udf1f Felicitem especialment les persones seleccionades, que ho han fet genial!<\/p>\n<p data-start=\"549\" data-end=\"669\" data-is-last-node=\"\" data-is-only-node=\"\">\ud83d\udc4f Gr\u00e0cies a tothom per la vostra implicaci\u00f3 i entusiasme. Entre tots i totes fem que aquest certamen sigui tot un \u00e8xit!<\/p>\n<p data-start=\"549\" data-end=\"669\" data-is-last-node=\"\" data-is-only-node=\"\"><img loading=\"lazy\" decoding=\"async\" class=\"size-full wp-image-3743 aligncenter\" src=\"https:\/\/agora.xtec.cat\/escola-torreforta\/wp-content\/uploads\/usu181\/2026\/02\/VEU-ALTA.png\" alt=\"\" width=\"1000\" height=\"800\" srcset=\"https:\/\/agora.xtec.cat\/escola-torreforta\/wp-content\/uploads\/usu181\/2026\/02\/VEU-ALTA.png 1000w, https:\/\/agora.xtec.cat\/escola-torreforta\/wp-content\/uploads\/usu181\/2026\/02\/VEU-ALTA-300x240.png 300w, https:\/\/agora.xtec.cat\/escola-torreforta\/wp-content\/uploads\/usu181\/2026\/02\/VEU-ALTA-768x614.png 768w\" sizes=\"auto, (max-width: 1000px) 100vw, 1000px\" \/><\/p>\n<\/div>\n<div>\n<div><\/div>\n<div style=\"text-align: center;\"><strong>GENER &#8211; CURS 2025 &#8211; 2026<\/strong><\/div>\n<div>\n<h3 data-start=\"44\" data-end=\"72\"><\/h3>\n<h3 style=\"text-align: center;\" data-start=\"44\" data-end=\"72\">L&#8217;AIGUA EN RUTA &#8211; CAIXA D&#8217;APRENENTATGE<\/h3>\n<\/div>\n<div><\/div>\n<div>\n<p data-start=\"84\" data-end=\"429\">Els alumnes de <strong data-start=\"99\" data-end=\"114\">cicle mitj\u00e0<\/strong> s\u2019han convertit en aut\u00e8ntics exploradors del coneixement \ud83c\udf0d\ud83d\udd0d i han investigat amb una <strong data-start=\"193\" data-end=\"243\">caixa d\u2019aprenentatge sobre el cicle de l\u2019aigua<\/strong> seguint una <strong data-start=\"256\" data-end=\"277\">metodologia STEAM<\/strong>. La caixa de &#8220;l&#8217;aigua en ruta&#8221;, realitzada a partir del llibre <em data-start=\"299\" data-end=\"315\">Geodetectius 1<\/em>, ha perm\u00e9s l&#8217;alumnat investigar les diferents fases del cicle de l\u2019aigua de manera manipulativa, creativa i molt divertida \ud83d\udca6\ud83c\udfa8. A m\u00e9s, han treballat amb el <strong data-start=\"464\" data-end=\"475\">Talebot<\/strong> \ud83e\udd16, representant i enregistrant les fases del cicle de l\u2019aigua, posant en joc l\u2019expressi\u00f3 oral, la compet\u00e8ncia digital i el treball en equip \ud83d\udde3\ufe0f\ud83d\udcbb\ud83e\udd1d<\/p>\n<p data-start=\"633\" data-end=\"755\">Ha estat una experi\u00e8ncia molt enriquidora que ha perm\u00e8s aprendre fent, experimentar i gaudir del proc\u00e9s d\u2019aprenentatge! #STEAMcat<\/p>\n<\/div>\n<div><\/div>\n<div>\n<h3 style=\"text-align: center;\" data-start=\"44\" data-end=\"72\">PROJECTE &#8211; SENSE ETIQUETES (4T)<\/h3>\n<\/div>\n<div>\n<p data-start=\"108\" data-end=\"376\">Els i les alumnes de 4t estem duent a terme el projecte <strong data-start=\"164\" data-end=\"183\">Sense etiquetes<\/strong> \ud83c\udff7\ufe0f\u274c, una proposta educativa que neix de la necessitat d\u2019ajudar els infants a entendre que no som etiquetes, som persones \ud83d\udc67\ud83c\udffd\ud83e\uddd2\ud83c\udffc. Persones \u00faniques, diverses i en constant creixement.<\/p>\n<p data-start=\"378\" data-end=\"641\">Al llarg del projecte hem reflexionat sobre qu\u00e8 \u00e9s un estereotip \ud83e\udd14 i com les etiquetes \u2014tant les negatives com les que aparentment s\u00f3n positives\u2014 poden acabar limitant-nos \ud83d\udea7, condicionant la manera com ens veiem a nosaltres mateixos i com mirem els altres \ud83d\udc40.<\/p>\n<p data-start=\"643\" data-end=\"946\">A partir de l\u2019an\u00e0lisi de contes tradicionals \ud83d\udcda, can\u00e7ons \ud83c\udfb6 i anuncis \ud83d\udcfa, l\u2019alumnat ha apr\u00e8s a detectar aquests estereotips presents en el nostre dia a dia. El conte <em data-start=\"809\" data-end=\"833\">La f\u00e0brica d\u2019etiquetes<\/em> \ud83c\udfed\ud83c\udff7\ufe0f ens ha ajudat a posar paraules a aquestes reflexions i a obrir converses plenes de sentit i emoci\u00f3 \ud83d\udcac\u2764\ufe0f.<\/p>\n<p data-start=\"948\" data-end=\"1230\">Com a producte final, els infants han creat, en petits grups \ud83d\udc65, un conte alternatiu als tradicionals, on es trenquen estereotips \u2702\ufe0f i es construeixen hist\u00f2ries m\u00e9s justes, lliures i respectuoses, que ens recorden que darrere de qualsevol etiqueta sempre hi ha una persona.<\/p>\n<p data-start=\"1232\" data-end=\"1494\">Aquest projecte ha perm\u00e8s als infants mirar-se a si mateixos i als altres amb una mirada m\u00e9s oberta i respectuosa \ud83d\udc41\ufe0f\u2728, fomentant l\u2019empatia \ud83e\udd1d, l\u2019escolta \ud83d\udc42 i el valor de la diversitat \ud83c\udf0d, i refor\u00e7ant la idea que ning\u00fa necessita una etiqueta per ser qui \u00e9s \ud83d\udcab.<\/p>\n<p data-start=\"1496\" data-end=\"1530\">#STEAMcat #STEAM #Miradastravica<\/p>\n<p data-start=\"1532\" data-end=\"1682\">Els mestres tenim clar que educar no \u00e9s posar etiquetes \u274c\ud83c\udff7\ufe0f, \u00e9s ajudar cada infant a descobrir qui \u00e9s, sense l\u00edmits, sense pors i sense motlles.<\/p>\n<\/div>\n<div><a href=\"https:\/\/agora.xtec.cat\/escola-torreforta\/wp-content\/uploads\/usu181\/2026\/01\/1.jpg\"><img loading=\"lazy\" decoding=\"async\" class=\"alignnone size-full wp-image-3672\" src=\"https:\/\/agora.xtec.cat\/escola-torreforta\/wp-content\/uploads\/usu181\/2026\/01\/1.jpg\" alt=\"\" width=\"960\" height=\"540\" srcset=\"https:\/\/agora.xtec.cat\/escola-torreforta\/wp-content\/uploads\/usu181\/2026\/01\/1.jpg 960w, https:\/\/agora.xtec.cat\/escola-torreforta\/wp-content\/uploads\/usu181\/2026\/01\/1-300x169.jpg 300w, https:\/\/agora.xtec.cat\/escola-torreforta\/wp-content\/uploads\/usu181\/2026\/01\/1-768x432.jpg 768w\" sizes=\"auto, (max-width: 960px) 100vw, 960px\" \/><\/a> <a href=\"https:\/\/agora.xtec.cat\/escola-torreforta\/wp-content\/uploads\/usu181\/2026\/01\/2.jpg\"><img loading=\"lazy\" decoding=\"async\" class=\"alignnone size-large wp-image-3673\" src=\"https:\/\/agora.xtec.cat\/escola-torreforta\/wp-content\/uploads\/usu181\/2026\/01\/2.jpg\" alt=\"\" width=\"960\" height=\"540\" srcset=\"https:\/\/agora.xtec.cat\/escola-torreforta\/wp-content\/uploads\/usu181\/2026\/01\/2.jpg 960w, https:\/\/agora.xtec.cat\/escola-torreforta\/wp-content\/uploads\/usu181\/2026\/01\/2-300x169.jpg 300w, https:\/\/agora.xtec.cat\/escola-torreforta\/wp-content\/uploads\/usu181\/2026\/01\/2-768x432.jpg 768w\" sizes=\"auto, (max-width: 960px) 100vw, 960px\" \/><\/a><\/div>\n<div><\/div>\n<\/div>\n<div><\/div>\n<div><\/div>\n<div>\n<div style=\"text-align: center;\"><strong>DESEMBRE &#8211; CURS 2025 &#8211; 2026<\/strong><\/div>\n<div><\/div>\n<div>\n<h3 style=\"text-align: center;\" data-start=\"44\" data-end=\"72\">\ud83c\udf84 Nadal a Cicle Mitj\u00e0 \u2728<\/h3>\n<p data-start=\"74\" data-end=\"315\">Les aules i el <strong data-start=\"89\" data-end=\"116\">passad\u00eds de Cicle Mitj\u00e0<\/strong> s\u2019han decorat amb motius nadalencs creats pels <strong data-start=\"164\" data-end=\"180\">nens i nenes<\/strong> \ud83c\udfa8\ud83c\udf84. Destaquem l\u2019<strong data-start=\"199\" data-end=\"217\">arbre de Nadal<\/strong> fet amb <strong data-start=\"226\" data-end=\"247\">oueres reciclades<\/strong> \u267b\ufe0f\ud83e\udd5a, fomentant la creativitat i el respecte pel medi ambient \ud83c\udf0d\ud83d\udc9a.<\/p>\n<p data-start=\"317\" data-end=\"448\">A l\u2019\u00e0rea d\u2019<strong data-start=\"328\" data-end=\"338\">angl\u00e8s<\/strong> \ud83c\uddec\ud83c\udde7, els alumnes han elaborat una <strong data-start=\"374\" data-end=\"393\">postal de Nadal<\/strong> \u2709\ufe0f\ud83c\udfb6 amb la lletra de la can\u00e7\u00f3 que han apr\u00e8s a classe.<\/p>\n<p data-start=\"450\" data-end=\"516\">Una decoraci\u00f3 que omple l\u2019escola d\u2019il\u00b7lusi\u00f3 i esperit nadalenc \u2728\ud83e\udd1d<\/p>\n<p data-start=\"450\" data-end=\"516\"><a href=\"https:\/\/agora.xtec.cat\/escola-torreforta\/wp-content\/uploads\/usu181\/2025\/12\/Historia-Vision-Board-Collage-Blanco.png\"><img loading=\"lazy\" decoding=\"async\" class=\"alignnone size-large wp-image-3665\" src=\"https:\/\/agora.xtec.cat\/escola-torreforta\/wp-content\/uploads\/usu181\/2025\/12\/Historia-Vision-Board-Collage-Blanco-576x1024.png\" alt=\"\" width=\"576\" height=\"1024\" srcset=\"https:\/\/agora.xtec.cat\/escola-torreforta\/wp-content\/uploads\/usu181\/2025\/12\/Historia-Vision-Board-Collage-Blanco-576x1024.png 576w, https:\/\/agora.xtec.cat\/escola-torreforta\/wp-content\/uploads\/usu181\/2025\/12\/Historia-Vision-Board-Collage-Blanco-169x300.png 169w, https:\/\/agora.xtec.cat\/escola-torreforta\/wp-content\/uploads\/usu181\/2025\/12\/Historia-Vision-Board-Collage-Blanco.png 675w\" sizes=\"auto, (max-width: 576px) 100vw, 576px\" \/><\/a><\/p>\n<\/div>\n<\/div>\n<div>\n<h3 style=\"text-align: center;\" data-start=\"89\" data-end=\"151\">\ud83c\udfb2 Jocs de taula al pati! \u265f\ufe0f<\/h3>\n<p data-start=\"153\" data-end=\"399\">El <strong data-start=\"156\" data-end=\"179\">pati de Cicle Mitj\u00e0<\/strong> s\u2019est\u00e0 dinamitzant amb <strong data-start=\"200\" data-end=\"217\">jocs de taula<\/strong> \ud83c\udfb2\u265f\ufe0f un parell de cops a la setmana. Aquesta iniciativa permet oferir noves opcions de lleure als alumnes i afavorir un ambient tranquil i cooperatiu durant l\u2019estona d\u2019esbarjo \ud83e\udd1d\ud83d\ude0a.<\/p>\n<p data-start=\"401\" data-end=\"577\">Cada <strong data-start=\"406\" data-end=\"417\">setmana<\/strong>, una <strong data-start=\"423\" data-end=\"442\">classe diferent<\/strong> t\u00e9 l\u2019oportunitat de participar en aquesta activitat \ud83e\udde9, fomentant el respecte de les normes, la conviv\u00e8ncia i el treball en equip \ud83d\udc65\u2728.<\/p>\n<p data-start=\"579\" data-end=\"745\">Els jocs de taula esdevenen una eina educativa que ajuda a desenvolupar l\u2019atenci\u00f3, la presa de decisions i les habilitats socials, tot gaudint del temps de pati \ud83c\udfeb\ud83d\udca1.<\/p>\n<p data-start=\"579\" data-end=\"745\"><a href=\"https:\/\/agora.xtec.cat\/escola-torreforta\/wp-content\/uploads\/usu181\/2025\/12\/Black-and-White-Polaroid-Style-Birthday-Instagram-Post.png\"><img loading=\"lazy\" decoding=\"async\" class=\"alignnone size-full wp-image-3663\" src=\"https:\/\/agora.xtec.cat\/escola-torreforta\/wp-content\/uploads\/usu181\/2025\/12\/Black-and-White-Polaroid-Style-Birthday-Instagram-Post.png\" alt=\"\" width=\"810\" height=\"1013\" srcset=\"https:\/\/agora.xtec.cat\/escola-torreforta\/wp-content\/uploads\/usu181\/2025\/12\/Black-and-White-Polaroid-Style-Birthday-Instagram-Post.png 810w, https:\/\/agora.xtec.cat\/escola-torreforta\/wp-content\/uploads\/usu181\/2025\/12\/Black-and-White-Polaroid-Style-Birthday-Instagram-Post-240x300.png 240w, https:\/\/agora.xtec.cat\/escola-torreforta\/wp-content\/uploads\/usu181\/2025\/12\/Black-and-White-Polaroid-Style-Birthday-Instagram-Post-768x960.png 768w\" sizes=\"auto, (max-width: 810px) 100vw, 810px\" \/><\/a><\/p>\n<\/div>\n<div>\n<div>\n<h3 style=\"text-align: center;\" data-start=\"55\" data-end=\"95\">\ud83d\udea6 Educaci\u00f3 vial a 3r de Prim\u00e0ria \ud83d\ude93<\/h3>\n<p data-start=\"97\" data-end=\"250\">Els alumnes de <strong data-start=\"112\" data-end=\"130\">3r de Prim\u00e0ria<\/strong> han rebut la visita de la <strong data-start=\"157\" data-end=\"175\">Gu\u00e0rdia Urbana<\/strong> \ud83d\ude93, que ha vingut a l\u2019escola per fer una activitat d\u2019<strong data-start=\"229\" data-end=\"246\">educaci\u00f3 vial<\/strong> \ud83d\udea6.<\/p>\n<p data-start=\"252\" data-end=\"457\">Durant la sessi\u00f3, els nens i nenes han apr\u00e8s les <strong data-start=\"301\" data-end=\"334\">normes b\u00e0siques de circulaci\u00f3<\/strong> \ud83d\udeb6\u200d\u2640\ufe0f\ud83d\udeb4\u200d\u2642\ufe0f, la import\u00e0ncia de respectar els <strong data-start=\"379\" data-end=\"401\">senyals de tr\u00e0nsit<\/strong> \ud83d\uded1 i com moure\u2019s de manera <strong data-start=\"429\" data-end=\"439\">segura<\/strong> pels carrers \ud83c\udfd9\ufe0f.<\/p>\n<p data-start=\"459\" data-end=\"610\">L\u2019activitat ha estat molt <strong data-start=\"485\" data-end=\"513\">din\u00e0mica i participativa<\/strong> \ud83d\ude4b\u200d\u2640\ufe0f\ud83d\ude4b\u200d\u2642\ufe0f, i els alumnes han pogut fer preguntes i compartir experi\u00e8ncies del seu dia a dia \ud83d\udcac.<\/p>\n<p data-start=\"612\" data-end=\"707\">Volem agrair a la <strong data-start=\"630\" data-end=\"648\">Gu\u00e0rdia Urbana<\/strong> \ud83e\udd1d la seva visita i la seva tasca educativa a l\u2019escola \ud83c\udfeb.<\/p>\n<p data-start=\"612\" data-end=\"707\"><a href=\"https:\/\/agora.xtec.cat\/escola-torreforta\/wp-content\/uploads\/usu181\/2025\/12\/White-Blue-Minimalist-Geometric-Photo-Collage-Your-Story-1.png\"><img loading=\"lazy\" decoding=\"async\" class=\"alignnone size-full wp-image-3661\" src=\"https:\/\/agora.xtec.cat\/escola-torreforta\/wp-content\/uploads\/usu181\/2025\/12\/White-Blue-Minimalist-Geometric-Photo-Collage-Your-Story-1.png\" alt=\"\" width=\"540\" height=\"960\" srcset=\"https:\/\/agora.xtec.cat\/escola-torreforta\/wp-content\/uploads\/usu181\/2025\/12\/White-Blue-Minimalist-Geometric-Photo-Collage-Your-Story-1.png 540w, https:\/\/agora.xtec.cat\/escola-torreforta\/wp-content\/uploads\/usu181\/2025\/12\/White-Blue-Minimalist-Geometric-Photo-Collage-Your-Story-1-169x300.png 169w\" sizes=\"auto, (max-width: 540px) 100vw, 540px\" \/><\/a><\/p>\n<\/div>\n<div style=\"text-align: center;\"><strong>NOVEMBRE &#8211; CURS 2025 &#8211; 2026<\/strong><\/div>\n<\/div>\n<div><\/div>\n<div>\n<p data-start=\"67\" data-end=\"136\">\ud83c\udf4e\ud83e\udd66 <strong data-start=\"72\" data-end=\"136\">Xerrada sobre Alimentaci\u00f3 Saludable amb estudiants de la URV<\/strong><\/p>\n<p data-start=\"138\" data-end=\"314\">\ud83d\udc69\u200d\ud83c\udfeb Aquesta setmana hem rebut la visita d\u2019un grup d\u2019estudiants del grau de Nutrici\u00f3 de la <strong data-start=\"230\" data-end=\"237\">URV<\/strong>, que ens han ofert una xerrada molt interessant sobre alimentaci\u00f3 saludable.<\/p>\n<p data-start=\"316\" data-end=\"457\">\ud83e\udd55 Hem apr\u00e8s a diferenciar <strong data-start=\"343\" data-end=\"382\">aliments naturals i ultraprocessats<\/strong>, i hem descobert que no sempre all\u00f2 que sembla saludable realment ho \u00e9s.<\/p>\n<p data-start=\"459\" data-end=\"652\">\ud83d\udd0d Tamb\u00e9 hem apr\u00e8s a <strong data-start=\"480\" data-end=\"500\">llegir etiquetes<\/strong>, fixant-nos en ingredients, sucres i additius, i a no deixar-nos enganyar per la <strong data-start=\"582\" data-end=\"610\">publicitat i els famosos<\/strong> que promocionen productes poc saludables.<\/p>\n<p data-start=\"654\" data-end=\"788\">\ud83d\udca1 Ha estat una experi\u00e8ncia molt enriquidora que ens ajudar\u00e0 a prendre <strong data-start=\"725\" data-end=\"755\">decisions m\u00e9s responsables<\/strong> en la nostra alimentaci\u00f3 di\u00e0ria.<\/p>\n<p data-start=\"790\" data-end=\"884\">\ud83d\ude4f Moltes gr\u00e0cies als estudiants i a la URV per compartir els seus coneixements amb nosaltres!<\/p>\n<p><a href=\"https:\/\/agora.xtec.cat\/escola-torreforta\/wp-content\/uploads\/usu181\/2025\/11\/SALUDABLE.png\"><img loading=\"lazy\" decoding=\"async\" class=\"alignnone size-full wp-image-3647\" src=\"https:\/\/agora.xtec.cat\/escola-torreforta\/wp-content\/uploads\/usu181\/2025\/11\/SALUDABLE.png\" alt=\"\" width=\"1000\" height=\"800\" srcset=\"https:\/\/agora.xtec.cat\/escola-torreforta\/wp-content\/uploads\/usu181\/2025\/11\/SALUDABLE.png 1000w, https:\/\/agora.xtec.cat\/escola-torreforta\/wp-content\/uploads\/usu181\/2025\/11\/SALUDABLE-300x240.png 300w, https:\/\/agora.xtec.cat\/escola-torreforta\/wp-content\/uploads\/usu181\/2025\/11\/SALUDABLE-768x614.png 768w\" sizes=\"auto, (max-width: 1000px) 100vw, 1000px\" \/><\/a><\/p>\n<\/div>\n<div>\n<p data-start=\"102\" data-end=\"149\">\ud83c\udfa8 <strong data-start=\"105\" data-end=\"149\">Projecte d\u2019Art inspirat en Hundertwasser<\/strong><\/p>\n<p data-start=\"151\" data-end=\"330\">\ud83c\udf08 Els alumnes de Cicle Mitj\u00e0 han treballat l\u2019obra de l\u2019artista austr\u00edac <strong data-start=\"209\" data-end=\"240\">Friedensreich Hundertwasser<\/strong>, conegut pels seus edificis plens de colors, formes ondulades i respecte per la natura.<\/p>\n<p data-start=\"332\" data-end=\"519\">\u2702\ufe0f A partir de la seva est\u00e8tica tan especial, els nens i nenes han creat les seves pr\u00f2pies construccions art\u00edstiques <strong data-start=\"449\" data-end=\"481\">retallant i enganxant papers<\/strong> de diferents textures i tonalitats.<\/p>\n<p data-start=\"521\" data-end=\"679\">\ud83c\udfe0 El resultat \u00e9s una col\u00b7lecci\u00f3 d\u2019<strong data-start=\"556\" data-end=\"585\">edificis \u00fanics i creatius<\/strong> que celebren la imaginaci\u00f3, el color i la llibertat de formes, tal com ho feia Hundertwasser!<\/p>\n<\/div>\n<p data-start=\"521\" data-end=\"679\"><a href=\"https:\/\/agora.xtec.cat\/escola-torreforta\/wp-content\/uploads\/usu181\/2025\/11\/Friedensreich-Hundertwasser-PUBLI-1.png\"><img loading=\"lazy\" decoding=\"async\" class=\"alignnone size-full wp-image-3648\" src=\"https:\/\/agora.xtec.cat\/escola-torreforta\/wp-content\/uploads\/usu181\/2025\/11\/Friedensreich-Hundertwasser-PUBLI-1.png\" alt=\"\" width=\"1000\" height=\"800\" srcset=\"https:\/\/agora.xtec.cat\/escola-torreforta\/wp-content\/uploads\/usu181\/2025\/11\/Friedensreich-Hundertwasser-PUBLI-1.png 1000w, https:\/\/agora.xtec.cat\/escola-torreforta\/wp-content\/uploads\/usu181\/2025\/11\/Friedensreich-Hundertwasser-PUBLI-1-300x240.png 300w, https:\/\/agora.xtec.cat\/escola-torreforta\/wp-content\/uploads\/usu181\/2025\/11\/Friedensreich-Hundertwasser-PUBLI-1-768x614.png 768w\" sizes=\"auto, (max-width: 1000px) 100vw, 1000px\" \/><\/a><\/p>\n<div><\/div>\n<div>\n<div><\/div>\n<div style=\"text-align: center;\"><strong>OCTUBRE \u2013\u00a0 CURS 2025 \u2013 2026<\/strong><\/div>\n<div><\/div>\n<p>Aquest dimarts, els alumnes de 3r de prim\u00e0ria han gaudit d\u2019una sortida molt especial: la visita guiada a la Casa de la Festa de Tarragona. \ud83c\udfdb\ufe0f All\u00e0 han pogut descobrir de ben a prop tots els elements que formen part de les festes m\u00e9s emblem\u00e0tiques de la nostra ciutat. \ud83c\udf8a Els infants han quedat fascinats amb els gegants \ud83e\udd34\ud83d\udc78, capgrossos \ud83d\ude04, el bestiari \ud83d\udc09 i els castellers \ud83e\uddd7, i han apr\u00e8s moltes curiositats sobre la seva hist\u00f2ria i significat dins la cultura popular tarragonina. \ud83d\udcda<\/p>\n<p>A m\u00e9s, la visita ha estat molt participativa: han fet preguntes \u2753, han observat els detalls de les figures \ud83d\udc40 i han ent\u00e8s millor com es viu la Festa Major des de dins. \ud83c\udfb6 Ha estat una experi\u00e8ncia molt enriquidora \ud83c\udf1f que els ha perm\u00e8s valorar i estimar m\u00e9s les tradicions de la nostra ciutat. \u2764\ufe0f Tornem a l\u2019escola plens d\u2019il\u00b7lusi\u00f3 i amb ganes de seguir aprenent! \u2728\ud83d\udcd6<\/p>\n<\/div>\n<div><\/div>\n<div>\n<div>\n<p><iframe loading=\"lazy\" title=\"Els alumnes de 3r visiten la Casa de la Festa de Tarragona \ud83c\udf89\" width=\"500\" height=\"281\" src=\"https:\/\/www.youtube.com\/embed\/2zhdxVpHlwY?feature=oembed\" frameborder=\"0\" allow=\"accelerometer; autoplay; clipboard-write; encrypted-media; gyroscope; picture-in-picture; web-share\" referrerpolicy=\"strict-origin-when-cross-origin\" allowfullscreen><\/iframe><\/p>\n<\/div>\n<div>\n<p data-start=\"157\" data-end=\"489\">El passat <strong data-start=\"167\" data-end=\"183\">17 d\u2019octubre<\/strong>, l\u2019alumnat de <strong data-start=\"198\" data-end=\"204\">4t<\/strong> ha viscut una <strong data-start=\"219\" data-end=\"256\">experi\u00e8ncia musical molt especial<\/strong> durant la sortida al <strong data-start=\"278\" data-end=\"305\">CaixaForum de Tarragona<\/strong>. \ud83d\ude8c\ud83c\udfbc<br data-start=\"311\" data-end=\"314\" \/>Han assistit a un <strong data-start=\"332\" data-end=\"352\">concert did\u00e0ctic<\/strong> pensat especialment per a infants \ud83d\udc67\ud83e\uddd2, que els ha perm\u00e8s apropar-se a la m\u00fasica d\u2019una manera <strong data-start=\"447\" data-end=\"483\">viva, participativa i emocionant<\/strong>. \ud83d\udcab<\/p>\n<p data-start=\"491\" data-end=\"940\">El concert, carregat de <strong data-start=\"515\" data-end=\"542\">ritmes, melodies i sons<\/strong> \ud83c\udfba\ud83e\udd41\ud83c\udfbb de diferents estils i \u00e8poques, no nom\u00e9s ha captivat els nens i nenes \ud83d\udc96, sin\u00f3 que tamb\u00e9 els ha ajudat a entendre com la <strong data-start=\"670\" data-end=\"744\">m\u00fasica pot expressar emocions, explicar hist\u00f2ries i connectar persones<\/strong>. \ud83c\udf0d\ud83c\udfb6<br data-start=\"750\" data-end=\"753\" \/>A trav\u00e9s d\u2019<strong data-start=\"764\" data-end=\"794\">interpretacions en directe<\/strong> i <strong data-start=\"797\" data-end=\"838\">explicacions adaptades a la seva edat<\/strong>, han descobert com la m\u00fasica pot ser una <strong data-start=\"880\" data-end=\"938\">eina de comunicaci\u00f3 molt poderosa&#8230; gaireb\u00e9 m\u00e0gica! \u2728<\/strong><\/p>\n<p data-start=\"942\" data-end=\"1144\">A m\u00e9s, han pogut veure de prop <strong data-start=\"973\" data-end=\"997\">diversos instruments<\/strong> \ud83c\udfb9\ud83c\udfb7 i entendre el paper de cadascun dins d\u2019un conjunt. Una experi\u00e8ncia que, sens dubte, ha despertat la seva <strong data-start=\"1108\" data-end=\"1136\">curiositat i creativitat<\/strong>. \ud83c\udfa8\ud83d\udca1<\/p>\n<p data-start=\"1146\" data-end=\"1309\">Vam tornar a l\u2019escola amb el <strong data-start=\"1175\" data-end=\"1205\">cor ple de sons i emocions<\/strong> \ud83d\udc93\ud83c\udfb5, i amb ganes de seguir <strong data-start=\"1234\" data-end=\"1262\">aprenent i experimentant<\/strong> amb el <strong data-start=\"1270\" data-end=\"1307\">meravell\u00f3s m\u00f3n de la m\u00fasica! \ud83c\udfb6\ud83c\udf1f<\/strong><\/p>\n<p><iframe loading=\"lazy\" title=\"Excursi\u00f3 de 4t a l&#039;Educaixa. Vols viatjar amb mi?\" width=\"500\" height=\"281\" src=\"https:\/\/www.youtube.com\/embed\/7zcdHfdJacg?feature=oembed\" frameborder=\"0\" allow=\"accelerometer; autoplay; clipboard-write; encrypted-media; gyroscope; picture-in-picture; web-share\" referrerpolicy=\"strict-origin-when-cross-origin\" allowfullscreen><\/iframe><\/p>\n<\/div>\n<div style=\"text-align: center;\"><strong>SETEMBRE \u2013\u00a0 CURS 2025 \u2013 2026<\/strong><\/div>\n<div><\/div>\n<\/div>\n<div>\n<p data-start=\"96\" data-end=\"206\">\ud83d\udcda A tercer s&#8217;han treballat els <strong data-start=\"128\" data-end=\"154\">entremesos del Seguici<\/strong>: les b\u00e8sties \ud83d\udc09, els gegants \ud83e\udd34\ud83d\udc78 i els nanos \ud83c\udfad.\u2728 Per acabar el projecte, l&#8217;alumnat ha creat una <strong data-start=\"257\" data-end=\"284\">b\u00e8stia \u00fanica i especial<\/strong> \ud83d\udc32, amb molta imaginaci\u00f3 \ud83d\udca1 i creativitat \ud83c\udfa8, seguint les caracter\u00edstiques que es van decidir entre tots a la classe \ud83d\udc69\u200d\ud83c\udfeb\ud83d\udc68\u200d\ud83c\udfeb.<\/p>\n<p data-start=\"417\" data-end=\"508\">\ud83d\udc83\ud83d\udd7a A quart s&#8217;han treballat els <strong data-start=\"450\" data-end=\"477\">balls de la Festa Major<\/strong> \ud83c\udfb6, en grups cooperatius \ud83e\udd1d.\ud83c\udf89 Com a producte final, cada grup ha presentat el seu ball \ud83d\udc83, explicant-ne les caracter\u00edstiques m\u00e9s rellevants \ud83d\udcd6 i all\u00f2 que els fa \u00fanics \u2b50. Ha estat molt interessant i divertit! \ud83d\ude0d<\/p>\n<\/div>\n<div><a href=\"https:\/\/agora.xtec.cat\/escola-torreforta\/wp-content\/uploads\/usu181\/2025\/09\/1.png\"><img loading=\"lazy\" decoding=\"async\" class=\"alignnone size-large wp-image-3541\" src=\"https:\/\/agora.xtec.cat\/escola-torreforta\/wp-content\/uploads\/usu181\/2025\/09\/1-1024x576.png\" alt=\"\" width=\"1024\" height=\"576\" srcset=\"https:\/\/agora.xtec.cat\/escola-torreforta\/wp-content\/uploads\/usu181\/2025\/09\/1-1024x576.png 1024w, https:\/\/agora.xtec.cat\/escola-torreforta\/wp-content\/uploads\/usu181\/2025\/09\/1-300x169.png 300w, https:\/\/agora.xtec.cat\/escola-torreforta\/wp-content\/uploads\/usu181\/2025\/09\/1-768x432.png 768w, https:\/\/agora.xtec.cat\/escola-torreforta\/wp-content\/uploads\/usu181\/2025\/09\/1.png 1200w\" sizes=\"auto, (max-width: 1024px) 100vw, 1024px\" \/><\/a> <a href=\"https:\/\/agora.xtec.cat\/escola-torreforta\/wp-content\/uploads\/usu181\/2025\/09\/2.png\"><img loading=\"lazy\" decoding=\"async\" class=\"alignnone size-large wp-image-3542\" src=\"https:\/\/agora.xtec.cat\/escola-torreforta\/wp-content\/uploads\/usu181\/2025\/09\/2-1024x576.png\" alt=\"\" width=\"1024\" height=\"576\" srcset=\"https:\/\/agora.xtec.cat\/escola-torreforta\/wp-content\/uploads\/usu181\/2025\/09\/2-1024x576.png 1024w, https:\/\/agora.xtec.cat\/escola-torreforta\/wp-content\/uploads\/usu181\/2025\/09\/2-300x169.png 300w, https:\/\/agora.xtec.cat\/escola-torreforta\/wp-content\/uploads\/usu181\/2025\/09\/2-768x432.png 768w, https:\/\/agora.xtec.cat\/escola-torreforta\/wp-content\/uploads\/usu181\/2025\/09\/2.png 1200w\" sizes=\"auto, (max-width: 1024px) 100vw, 1024px\" \/><\/a><\/div>\n<div><\/div>\n<div><span style=\"text-align: center;\">______________________________________________________________________________________________________________________________________________________________________<\/span><\/div>\n<div>\n<div><\/div>\n<div><\/div>\n<div><\/div>\n<div style=\"text-align: center;\"><strong>JUNY \u2013\u00a0 CURS 2024 \u2013 2025<\/strong><\/div>\n<\/div>\n<div><\/div>\n<p>Aquest divendres dia 20 de juny vam anar al camp de futbol per gaudir d&#8217;una gimcana de jocs aqu\u00e0tics i acomiadar de la millor forma aquest curs 2024-25. Ens ho vam passar reb\u00e9 i vam acabar ben remullats i frescos d&#8217;aigua i de gelat! Gaudiu de les fotos!<\/p>\n<div><\/div>\n<div>\n<p><iframe loading=\"lazy\" title=\"JOCS D\u2019AIGUA 2025 - CICLE MITJ\u00c0\" width=\"500\" height=\"281\" src=\"https:\/\/www.youtube.com\/embed\/joVZFfIlke4?feature=oembed\" frameborder=\"0\" allow=\"accelerometer; autoplay; clipboard-write; encrypted-media; gyroscope; picture-in-picture; web-share\" referrerpolicy=\"strict-origin-when-cross-origin\" allowfullscreen><\/iframe><\/p>\n<\/div>\n<div><\/div>\n<div>\n<p><b>Els i les alumnes de 3r viatgen pel m\u00f3n descobrint animals en perill d\u2019extinci\u00f3:<\/b><\/p>\n<p><span style=\"font-weight: 400;\">Aquest trimestre, l&#8217;alumnat de 3r de Prim\u00e0ria ha estat immers en un projecte apassionant sobre els <\/span><b>animals en perill d\u2019extinci\u00f3<\/b><span style=\"font-weight: 400;\">. A partir d\u2019una mirada cient\u00edfica i curiosa, hem descobert com s\u00f3n els diferents <\/span><b>tipus de vertebrats<\/b><span style=\"font-weight: 400;\"> (mam\u00edfers, aus, r\u00e8ptils, amfibis i peixos) i hem conegut esp\u00e8cies d\u2019arreu del planeta que es troben en risc de desapar\u00e8ixer.<\/span><\/p>\n<p><span style=\"font-weight: 400;\">L\u2019activitat ha combinat <\/span><b>treball en equip, recerca i creativitat<\/b><span style=\"font-weight: 400;\">. Cada grup ha esdevingut expert en un animal concret, representant un continent i un tipus de vertebrat diferent. Aix\u00ed, hem \u201cviatjat\u201d pels cinc continents i hem apr\u00e8s molt\u00edssim sobre la biodiversitat i la import\u00e0ncia de cuidar el nostre planeta.<\/span><\/p>\n<p><span style=\"font-weight: 400;\">Com a resultat final, els grups han elaborat uns <\/span><b>cartells informatius<\/b><span style=\"font-weight: 400;\"> molt visuals i han fet una <\/span><b>exposici\u00f3 oral<\/b><span style=\"font-weight: 400;\"> davant dels companys i companyes per compartir tot el que han apr\u00e8s. Ha estat una experi\u00e8ncia enriquidora, motivadora i plena de descobriments!<\/span><\/p>\n<p><span style=\"font-weight: 400;\">Felicitats a tot l\u2019alumnat de 3r pel seu esfor\u00e7, comprom\u00eds i entusiasme! \ud83c\udf0d\ud83e\udd9c\ud83d\udc18\ud83d\udc1f<\/span><\/p>\n<p><iframe loading=\"lazy\" title=\"Els i les alumnes de 3r viatgen pel m\u00f3n descobrint animals en perill d\u2019extinci\u00f3.\" width=\"500\" height=\"281\" src=\"https:\/\/www.youtube.com\/embed\/iVy2LQkP0D8?feature=oembed\" frameborder=\"0\" allow=\"accelerometer; autoplay; clipboard-write; encrypted-media; gyroscope; picture-in-picture; web-share\" referrerpolicy=\"strict-origin-when-cross-origin\" allowfullscreen><\/iframe><\/p>\n<\/div>\n<div><\/div>\n<div><\/div>\n<div>Us deixem a continuaci\u00f3 els v\u00eddeos del projecte realitzat a 3r sobre animals en perill d&#8217;extinci\u00f3. L&#8217;alumnat s&#8217;esta iniciant en les presentacions orals davant dels companys i companyes de la classe, una experi\u00e8ncia molt enriquidora!<\/div>\n<div><\/div>\n<div>\n<p><iframe loading=\"lazy\" title=\"ANIMALS EXTRAORDINARIS 3R A - PRESENTACIONS\" width=\"500\" height=\"281\" src=\"https:\/\/www.youtube.com\/embed\/pLCmHhTccjo?feature=oembed\" frameborder=\"0\" allow=\"accelerometer; autoplay; clipboard-write; encrypted-media; gyroscope; picture-in-picture; web-share\" referrerpolicy=\"strict-origin-when-cross-origin\" allowfullscreen><\/iframe><\/p>\n<\/div>\n<div><\/div>\n<div>\n<p><iframe loading=\"lazy\" title=\"ANIMALS EXTRAORDINARIS 3R B - PRESENTACIONS\" width=\"500\" height=\"281\" src=\"https:\/\/www.youtube.com\/embed\/a-r-iEs-4V4?feature=oembed\" frameborder=\"0\" allow=\"accelerometer; autoplay; clipboard-write; encrypted-media; gyroscope; picture-in-picture; web-share\" referrerpolicy=\"strict-origin-when-cross-origin\" allowfullscreen><\/iframe><\/p>\n<\/div>\n<div><\/div>\n<div>\n<div><\/div>\n<div style=\"text-align: center;\"><strong>MAIG \u2013\u00a0 CURS 2024 \u2013 2025<\/strong><\/div>\n<div><\/div>\n<\/div>\n<div><\/div>\n<div>\n<p><span style=\"font-weight: 400;\">Els i les alumnes de 4t de prim\u00e0ria de l\u2019Escola Torreforta hem tancat el curs amb una sortida molt especial: una visita a les Coves de l\u2019Espluga de Francol\u00ed i un taller vivencial sobre la prehist\u00f2ria.<\/span><\/p>\n<p><span style=\"font-weight: 400;\">Durant la visita guiada a les coves, vam fer un viatge en el temps per descobrir com era la vida de les primeres comunitats humanes. Vam entrar a l\u2019interior de la muntanya per veure com vivien els nostres avantpassats, quines eines feien servir, com ca\u00e7aven i s\u2019organitzaven. El recorregut ens va ajudar a entendre com s\u2019han format les coves al llarg dels mil\u00b7lennis i quines restes arqueol\u00f2giques s\u2019hi han trobat.<\/span><\/p>\n<p><span style=\"font-weight: 400;\">Despr\u00e9s, vam participar en un taller de prehist\u00f2ria on ens vam posar a la pell dels homes i dones d\u2019aquella \u00e8poca. Vam construir una cabana amb branques i pells d\u2019animal, vam fer foc com ho feien abans, vam pintar amb pigments naturals i vam experimentar amb eines de pedra. Va ser una activitat molt divertida i educativa que ens va permetre aprendre de forma pr\u00e0ctica i vivencial.<\/span><\/p>\n<p><span style=\"font-weight: 400;\">Aquesta sortida ha estat una manera genial de tancar el curs, refor\u00e7ant tot el que hem apr\u00e8s a l\u2019aula vinculat a un dels tallers de Coneixement del medi i compartint moments \u00fanics amb els companys i companyes. <\/span><\/p>\n<p><iframe loading=\"lazy\" title=\"Visita a les Coves de l\u2019Espluga de Francol\u00ed - 4t\" width=\"500\" height=\"281\" src=\"https:\/\/www.youtube.com\/embed\/lMcTzrrXE2A?feature=oembed\" frameborder=\"0\" allow=\"accelerometer; autoplay; clipboard-write; encrypted-media; gyroscope; picture-in-picture; web-share\" referrerpolicy=\"strict-origin-when-cross-origin\" allowfullscreen><\/iframe><\/p>\n<\/div>\n<p><span style=\"font-weight: 400;\">Els i les alumnes de 4t gaudeixen del teatre Kal\u00f2psia!<\/span><\/p>\n<p><span style=\"font-weight: 400;\">El dimarts 21 de maig, els i les alumnes de 4t de prim\u00e0ria han participat en una activitat teatralitzada molt especial a l\u2019escola: la representaci\u00f3 de \u201cLi deien Kal\u00f2psia\u201d, una proposta de la Representaci\u00f3 de la Comissi\u00f3 Europea a Barcelona. Aquesta activitat forma part del projecte \u201cDescobrim Europa des de l\u2019espai exterior\u201d i adapta el conte \u201cKal\u00f2psia: un planeta no tan diferent\u201d.<\/span><\/p>\n<p><span style=\"font-weight: 400;\">La narraci\u00f3 ha anat a c\u00e0rrec de Susagna Nav\u00f3. A trav\u00e9s d\u2019aquesta experi\u00e8ncia, els infants han reflexionat sobre el nostre planeta i els valors europeus d\u2019una manera l\u00fadica i creativa. Ha estat una activitat molt enriquidora que ha despertat curiositat, consci\u00e8ncia i ganes d\u2019aprendre!<\/span><\/p>\n<p style=\"text-align: center;\"><a href=\"https:\/\/agora.xtec.cat\/escola-torreforta\/wp-content\/uploads\/usu181\/2025\/05\/Modern-Earthy-Portrait-Photo-Collage.png\"><img loading=\"lazy\" decoding=\"async\" class=\"alignnone size-large wp-image-3491\" src=\"https:\/\/agora.xtec.cat\/escola-torreforta\/wp-content\/uploads\/usu181\/2025\/05\/Modern-Earthy-Portrait-Photo-Collage-683x1024.png\" alt=\"\" width=\"683\" height=\"1024\" srcset=\"https:\/\/agora.xtec.cat\/escola-torreforta\/wp-content\/uploads\/usu181\/2025\/05\/Modern-Earthy-Portrait-Photo-Collage-683x1024.png 683w, https:\/\/agora.xtec.cat\/escola-torreforta\/wp-content\/uploads\/usu181\/2025\/05\/Modern-Earthy-Portrait-Photo-Collage-200x300.png 200w, https:\/\/agora.xtec.cat\/escola-torreforta\/wp-content\/uploads\/usu181\/2025\/05\/Modern-Earthy-Portrait-Photo-Collage-768x1152.png 768w, https:\/\/agora.xtec.cat\/escola-torreforta\/wp-content\/uploads\/usu181\/2025\/05\/Modern-Earthy-Portrait-Photo-Collage.png 1000w\" sizes=\"auto, (max-width: 683px) 100vw, 683px\" \/><\/a><\/p>\n<p>En motiu de la celebraci\u00f3 de Sant Jordi amb el Pla d&#8217;Entorn dels barris de Ponent, els alumnes de 4t van participar d&#8217;una ballada de danses tradicionals compartida amb escoles d&#8217;arreu de Tarragona. La col\u00b7laboraci\u00f3 amb el grup de M\u00fasica i Ciutat va portar a la connexi\u00f3 amb l&#8217;Esbart Santa Tecla de Tarragona i les seves mestres de danses i els m\u00fasics de l&#8217;Escola Municipal de M\u00fasica de Tarragona que ens van mostrar els seus instruments i la seva m\u00fasica en directe. Una experi\u00e8ncia fant\u00e0stica!<\/p>\n<p><a href=\"https:\/\/agora.xtec.cat\/escola-torreforta\/wp-content\/uploads\/usu181\/2025\/05\/Beige-Turquoise-Simple-Grid-Photo-Collage-with-a-Search-Bar-Instagram-Post-2.png\"><img loading=\"lazy\" decoding=\"async\" class=\"size-full wp-image-3493 aligncenter\" src=\"https:\/\/agora.xtec.cat\/escola-torreforta\/wp-content\/uploads\/usu181\/2025\/05\/Beige-Turquoise-Simple-Grid-Photo-Collage-with-a-Search-Bar-Instagram-Post-2.png\" alt=\"\" width=\"810\" height=\"1013\" srcset=\"https:\/\/agora.xtec.cat\/escola-torreforta\/wp-content\/uploads\/usu181\/2025\/05\/Beige-Turquoise-Simple-Grid-Photo-Collage-with-a-Search-Bar-Instagram-Post-2.png 810w, https:\/\/agora.xtec.cat\/escola-torreforta\/wp-content\/uploads\/usu181\/2025\/05\/Beige-Turquoise-Simple-Grid-Photo-Collage-with-a-Search-Bar-Instagram-Post-2-240x300.png 240w, https:\/\/agora.xtec.cat\/escola-torreforta\/wp-content\/uploads\/usu181\/2025\/05\/Beige-Turquoise-Simple-Grid-Photo-Collage-with-a-Search-Bar-Instagram-Post-2-768x960.png 768w\" sizes=\"auto, (max-width: 810px) 100vw, 810px\" \/><\/a><\/p>\n<p style=\"text-align: center;\"><strong>ABRIL \u2013\u00a0 CURS 2024 \u2013 2025<\/strong><\/p>\n<p><span style=\"font-weight: 400;\">Aquesta setmana, l&#8217;escola ha viscut la m\u00e0gia de Sant Jordi amb una gran varietat d&#8217;activitats que han fet que alumnes, mestres i fins i tot antics mestres gaudissin del poder de les paraules i la creativitat.<\/span><\/p>\n<p><span style=\"font-weight: 400;\">Els nostres alumnes han tingut l&#8217;oportunitat de compartir llibres amb els companys de classe, intercanviant recomanacions liter\u00e0ries i descobrint noves hist\u00f2ries que els han captivat. Tamb\u00e9 hem creat punts de llibre originals i plens de colors per immortalitzar aquesta data tan especial.<\/span><\/p>\n<p><span style=\"font-weight: 400;\">A m\u00e9s, hem tingut la sort de rebre antics mestres que han tornat a l&#8217;escola per fer contacontes, transportant-nos a mons m\u00e0gics amb les seves veus i relats. A 3r tamb\u00e9 hem descobert el m\u00f3n de les llegendes i n\u2019hem creat de pr\u00f2pies i hem imaginant noves versions de la llegenda de Sant Jordi, on dracs, cavallers i princeses es troben en aventures in\u00e8dites.<\/span><\/p>\n<p><span style=\"font-weight: 400;\">Aquesta setmana ha estat una gran oportunitat per fomentar l\u2019amor per la lectura i la creativitat entre tots nosaltres, celebrant el dia de Sant Jordi d&#8217;una manera \u00fanica i compartida. Gr\u00e0cies a tots els que ho han fet possible!<\/span><\/p>\n<p><a href=\"https:\/\/agora.xtec.cat\/escola-torreforta\/wp-content\/uploads\/usu181\/2025\/04\/1.jpg\"><img loading=\"lazy\" decoding=\"async\" class=\"alignnone size-large wp-image-3473\" src=\"https:\/\/agora.xtec.cat\/escola-torreforta\/wp-content\/uploads\/usu181\/2025\/04\/1-576x1024.jpg\" alt=\"\" width=\"576\" height=\"1024\" srcset=\"https:\/\/agora.xtec.cat\/escola-torreforta\/wp-content\/uploads\/usu181\/2025\/04\/1-576x1024.jpg 576w, https:\/\/agora.xtec.cat\/escola-torreforta\/wp-content\/uploads\/usu181\/2025\/04\/1-169x300.jpg 169w, https:\/\/agora.xtec.cat\/escola-torreforta\/wp-content\/uploads\/usu181\/2025\/04\/1-768x1365.jpg 768w, https:\/\/agora.xtec.cat\/escola-torreforta\/wp-content\/uploads\/usu181\/2025\/04\/1-864x1536.jpg 864w, https:\/\/agora.xtec.cat\/escola-torreforta\/wp-content\/uploads\/usu181\/2025\/04\/1.jpg 945w\" sizes=\"auto, (max-width: 576px) 100vw, 576px\" \/><\/a> <a href=\"https:\/\/agora.xtec.cat\/escola-torreforta\/wp-content\/uploads\/usu181\/2025\/04\/2.jpg\"><img loading=\"lazy\" decoding=\"async\" class=\"alignnone size-large wp-image-3474\" src=\"https:\/\/agora.xtec.cat\/escola-torreforta\/wp-content\/uploads\/usu181\/2025\/04\/2-576x1024.jpg\" alt=\"\" width=\"576\" height=\"1024\" srcset=\"https:\/\/agora.xtec.cat\/escola-torreforta\/wp-content\/uploads\/usu181\/2025\/04\/2-576x1024.jpg 576w, https:\/\/agora.xtec.cat\/escola-torreforta\/wp-content\/uploads\/usu181\/2025\/04\/2-169x300.jpg 169w, https:\/\/agora.xtec.cat\/escola-torreforta\/wp-content\/uploads\/usu181\/2025\/04\/2-768x1365.jpg 768w, https:\/\/agora.xtec.cat\/escola-torreforta\/wp-content\/uploads\/usu181\/2025\/04\/2-864x1536.jpg 864w, https:\/\/agora.xtec.cat\/escola-torreforta\/wp-content\/uploads\/usu181\/2025\/04\/2.jpg 945w\" sizes=\"auto, (max-width: 576px) 100vw, 576px\" \/><\/a><\/p>\n<p>Tallers dels alumnes del Cicle Superior d&#8217;animaci\u00f3 sociocultural dirits a l&#8217;alumnat de quart. Van veure dos contes adaptats i seguidament van realitzar una gimcana amb activitats l\u00fadiques molt vivencials!<\/p>\n<p><a href=\"https:\/\/agora.xtec.cat\/escola-torreforta\/wp-content\/uploads\/usu181\/2025\/04\/Blue-nd-Brown-Retro-Cutouts-Photo-Dump-Collage-Instagram-Story-1.jpg\"><img loading=\"lazy\" decoding=\"async\" class=\"size-large wp-image-3476 aligncenter\" src=\"https:\/\/agora.xtec.cat\/escola-torreforta\/wp-content\/uploads\/usu181\/2025\/04\/Blue-nd-Brown-Retro-Cutouts-Photo-Dump-Collage-Instagram-Story-1-576x1024.jpg\" alt=\"\" width=\"576\" height=\"1024\" srcset=\"https:\/\/agora.xtec.cat\/escola-torreforta\/wp-content\/uploads\/usu181\/2025\/04\/Blue-nd-Brown-Retro-Cutouts-Photo-Dump-Collage-Instagram-Story-1-576x1024.jpg 576w, https:\/\/agora.xtec.cat\/escola-torreforta\/wp-content\/uploads\/usu181\/2025\/04\/Blue-nd-Brown-Retro-Cutouts-Photo-Dump-Collage-Instagram-Story-1-169x300.jpg 169w, https:\/\/agora.xtec.cat\/escola-torreforta\/wp-content\/uploads\/usu181\/2025\/04\/Blue-nd-Brown-Retro-Cutouts-Photo-Dump-Collage-Instagram-Story-1-768x1365.jpg 768w, https:\/\/agora.xtec.cat\/escola-torreforta\/wp-content\/uploads\/usu181\/2025\/04\/Blue-nd-Brown-Retro-Cutouts-Photo-Dump-Collage-Instagram-Story-1-864x1536.jpg 864w, https:\/\/agora.xtec.cat\/escola-torreforta\/wp-content\/uploads\/usu181\/2025\/04\/Blue-nd-Brown-Retro-Cutouts-Photo-Dump-Collage-Instagram-Story-1.jpg 945w\" sizes=\"auto, (max-width: 576px) 100vw, 576px\" \/><\/a><\/p>\n<p>La visita dels alumnes al Parc Sam\u00e0 ha estat molt bonica i profitosa. Han vist i apr\u00e8s sobre la flora i la fauna pr\u00f2pia de la zona i altres esp\u00e8cies ex\u00f2tiques.<\/p>\n<p>L&#8217;alumnat ha donat de donar de menjar a les daines, han vist l&#8217;estany, l&#8217;aviari i molt m\u00e9s, un passada!<\/p>\n<p><iframe loading=\"lazy\" title=\"Sortida al Parc Sam\u00e0 - 3r\" width=\"500\" height=\"281\" src=\"https:\/\/www.youtube.com\/embed\/FFX9Nkn6rTU?feature=oembed\" frameborder=\"0\" allow=\"accelerometer; autoplay; clipboard-write; encrypted-media; gyroscope; picture-in-picture; web-share\" referrerpolicy=\"strict-origin-when-cross-origin\" allowfullscreen><\/iframe><\/p>\n<p style=\"text-align: center;\"><strong>MAR\u00c7 \u2013\u00a0 CURS 2024 \u2013 2025<\/strong><\/p>\n<p>Aqu\u00ed teniu un recull d&#8217;imatges del concert de l&#8217;activitat de coral a l&#8217;escola. Marcel Contaire ha estat la cantata triada per a aquest any i ha estat tot un \u00e8xit! Podreu trobar l&#8217;enlla\u00e7 a l&#8217;enregistrament a la portada de la web per si no vau poder venir o voleu rememorar-lo.<\/p>\n<p><a href=\"https:\/\/agora.xtec.cat\/escola-torreforta\/wp-content\/uploads\/usu181\/2025\/03\/CANTATA_CENTRE_CIVIC.png\"><img loading=\"lazy\" decoding=\"async\" class=\"alignnone size-large wp-image-3450\" src=\"https:\/\/agora.xtec.cat\/escola-torreforta\/wp-content\/uploads\/usu181\/2025\/03\/CANTATA_CENTRE_CIVIC-682x1024.png\" alt=\"\" width=\"682\" height=\"1024\" srcset=\"https:\/\/agora.xtec.cat\/escola-torreforta\/wp-content\/uploads\/usu181\/2025\/03\/CANTATA_CENTRE_CIVIC-682x1024.png 682w, https:\/\/agora.xtec.cat\/escola-torreforta\/wp-content\/uploads\/usu181\/2025\/03\/CANTATA_CENTRE_CIVIC-200x300.png 200w, https:\/\/agora.xtec.cat\/escola-torreforta\/wp-content\/uploads\/usu181\/2025\/03\/CANTATA_CENTRE_CIVIC-768x1152.png 768w, https:\/\/agora.xtec.cat\/escola-torreforta\/wp-content\/uploads\/usu181\/2025\/03\/CANTATA_CENTRE_CIVIC-1024x1536.png 1024w, https:\/\/agora.xtec.cat\/escola-torreforta\/wp-content\/uploads\/usu181\/2025\/03\/CANTATA_CENTRE_CIVIC.png 1333w\" sizes=\"auto, (max-width: 682px) 100vw, 682px\" \/><\/a><\/p>\n<p>La quitxalla de 3r ha anat a la ciutat de Reus per descobrir la fascinant hist\u00f2ria de la Boca de la Mina. Entorn aquesta tem\u00e0tica, hem pogut con\u00e8ixer i xalar amb els jocs dels nostres besavis, els quals portaven a terme en entorns naturals com el que ens ofereix el passeig de la Boca de la Mina. Finalment, vam tenir l\u2019oportunitat d\u2019aprendre qu\u00e8 \u00e9s el ioga a partir d\u2019un conte il\u00b7lustrat amb molta m\u00e0gia i vam descobrir i practicar algunes postures que ens ajuden a millorar la gesti\u00f3 de les nostres emocions. Sens dubte, ha estat una sortida del tot encertada!<\/p>\n<p><iframe loading=\"lazy\" title=\"EXCURSI\u00d3 A LA BOCA DE LA MINA - TERCER 2025\" width=\"500\" height=\"281\" src=\"https:\/\/www.youtube.com\/embed\/OTHuFbg005I?feature=oembed\" frameborder=\"0\" allow=\"accelerometer; autoplay; clipboard-write; encrypted-media; gyroscope; picture-in-picture; web-share\" referrerpolicy=\"strict-origin-when-cross-origin\" allowfullscreen><\/iframe><\/p>\n<p>Els alumnes de 4tA, en motiu del dia de la poesia, han fet un intercanvi de poesia amb els usuaris del centre Onada. La biblioteca Pepita Ferrer ha acollit aquest recital tant especial.<\/p>\n<p><a href=\"https:\/\/agora.xtec.cat\/escola-torreforta\/wp-content\/uploads\/usu181\/2025\/03\/poesia.png\"><img loading=\"lazy\" decoding=\"async\" class=\"alignnone size-full wp-image-3453\" src=\"https:\/\/agora.xtec.cat\/escola-torreforta\/wp-content\/uploads\/usu181\/2025\/03\/poesia.png\" alt=\"\" width=\"1000\" height=\"800\" srcset=\"https:\/\/agora.xtec.cat\/escola-torreforta\/wp-content\/uploads\/usu181\/2025\/03\/poesia.png 1000w, https:\/\/agora.xtec.cat\/escola-torreforta\/wp-content\/uploads\/usu181\/2025\/03\/poesia-300x240.png 300w, https:\/\/agora.xtec.cat\/escola-torreforta\/wp-content\/uploads\/usu181\/2025\/03\/poesia-768x614.png 768w\" sizes=\"auto, (max-width: 1000px) 100vw, 1000px\" \/><\/a><\/p>\n<p>L&#8217;Alumnat de Cicle Mitj\u00e0 s&#8217;ha trobat a la sala d&#8217;actes de l&#8217;escola per escoltar els finalistes del concurs de lectura en veu alta de l&#8217;escola. El jurat ha valorat el seu treball per tal de triar els representants de l&#8217;escola que aniran a l&#8217;acte final amb alumnes d&#8217;altres escoles. Ho han fet molt b\u00e9!<a href=\"https:\/\/agora.xtec.cat\/escola-torreforta\/wp-content\/uploads\/usu181\/2025\/03\/LECTURA-EN-VEU-ALTA.png\"><img loading=\"lazy\" decoding=\"async\" class=\"alignnone size-large wp-image-3459\" src=\"https:\/\/agora.xtec.cat\/escola-torreforta\/wp-content\/uploads\/usu181\/2025\/03\/LECTURA-EN-VEU-ALTA-576x1024.png\" alt=\"\" width=\"576\" height=\"1024\" srcset=\"https:\/\/agora.xtec.cat\/escola-torreforta\/wp-content\/uploads\/usu181\/2025\/03\/LECTURA-EN-VEU-ALTA-576x1024.png 576w, https:\/\/agora.xtec.cat\/escola-torreforta\/wp-content\/uploads\/usu181\/2025\/03\/LECTURA-EN-VEU-ALTA-169x300.png 169w, https:\/\/agora.xtec.cat\/escola-torreforta\/wp-content\/uploads\/usu181\/2025\/03\/LECTURA-EN-VEU-ALTA-768x1365.png 768w, https:\/\/agora.xtec.cat\/escola-torreforta\/wp-content\/uploads\/usu181\/2025\/03\/LECTURA-EN-VEU-ALTA-864x1536.png 864w, https:\/\/agora.xtec.cat\/escola-torreforta\/wp-content\/uploads\/usu181\/2025\/03\/LECTURA-EN-VEU-ALTA.png 1080w\" sizes=\"auto, (max-width: 576px) 100vw, 576px\" \/><\/a><\/p>\n<p>Els alumnes de tercer de l&#8217;escola participen al projecte de Coral de l&#8217;IMET i l&#8217;Escola Municipal de M\u00fasica de Tarragona. En aquesta sortida a l&#8217;Escola Saavedra han pogut gaudir i compartir amb alumnes d&#8217;altres escoles i projectes la seva feina. Violins i violoncels, guitarres, percussi\u00f3 corporal i batucada&#8230; una passada!<\/p>\n<p><iframe loading=\"lazy\" title=\"TROBADA DE PROJECTES DE M\u00daSICA COMUNIT\u00c0RIA\" width=\"500\" height=\"281\" src=\"https:\/\/www.youtube.com\/embed\/lUwewWNug2I?feature=oembed\" frameborder=\"0\" allow=\"accelerometer; autoplay; clipboard-write; encrypted-media; gyroscope; picture-in-picture; web-share\" referrerpolicy=\"strict-origin-when-cross-origin\" allowfullscreen><\/iframe><\/p>\n<p style=\"text-align: center;\"><strong>FEBRER \u2013\u00a0 CURS 2024 \u2013 2025<\/strong><\/p>\n<p>\ud83d\udcda\u2728 Durant els mesos de gener i febrer, l&#8217;alumnat de 3r de Prim\u00e0ria de l&#8217;escola hem treballat el projecte &#8220;Poesia en acci\u00f3&#8221;! Hem conegut grans poetes i poetesses, especialment hem descobert l&#8217;univers de la reconeguda Joana Raspall. Hem apr\u00e8s qu\u00e8 \u00e9s la poesia, com es crea, per a qu\u00e8 serveix\u2026Hem pogut combinar paraules i imatges, creant &#8220;poesia dibuixada&#8221; i expressant els nostres sentiments a trav\u00e9s dels versos. Cada un de nosaltres ha escrit un poema dedicat a una persona o animal estimat, a qui cuidem i que tamb\u00e9 ens cuida a nosaltres, establint una relaci\u00f3 rec\u00edproca d&#8217;amor i respecte. Per acabar el projecte, vam tenir l&#8217;oportunitat de recitar els nostres poemes tot compartir-los amb els companys i les companyes, creant una gran festa de paraules i emocions! \u2728\ud83d\udc96<\/p>\n<p><iframe loading=\"lazy\" title=\"POESIA EN ACCI\u00d3, 3R - CICLE MITJ\u00c0!\" width=\"500\" height=\"281\" src=\"https:\/\/www.youtube.com\/embed\/kzamgsfRicY?feature=oembed\" frameborder=\"0\" allow=\"accelerometer; autoplay; clipboard-write; encrypted-media; gyroscope; picture-in-picture; web-share\" referrerpolicy=\"strict-origin-when-cross-origin\" allowfullscreen><\/iframe><\/p>\n<p>#PoesiaEnAcci\u00f3 #JoanaRaspall #Educaci\u00f3 #ProjecteCreatiu #3rPrim\u00e0ria #Lletres #Poesia<\/p>\n<p>____<\/p>\n<p><span style=\"font-weight: 400;\">Els alumnes de 4t de Prim\u00e0ria hem visitat el Museu Mol\u00ed Paperer de Capellades, un lloc amb molta hist\u00f2ria situat en un antic mol\u00ed del segle XVIII. Hem apr\u00e8s sobre el proc\u00e9s tradicional de fabricaci\u00f3 del paper i com aquest mol\u00ed va ser un dels m\u00e9s importants de Catalunya durant els segles XVIII i XIX.<\/span><\/p>\n<p><span style=\"font-weight: 400;\">Despr\u00e9s de rec\u00f3rrer el museu i veure les eines i maquin\u00e0ria originals, hem participat en un taller d\u2019elaboraci\u00f3 de paper artesanal. Hem pogut fer el nostre propi full de paper seguint el mateix proc\u00e9s que feien els mestres paperers d\u2019\u00e8poques passades. Ens ha sorpr\u00e8s saber que, antigament, el paper es feia amb roba vella triturada!<\/span><\/p>\n<p><span style=\"font-weight: 400;\">Ha estat una experi\u00e8ncia molt enriquidora i divertida, on hem descobert la import\u00e0ncia del paper i la seva hist\u00f2ria en el nostre territori.<\/span><\/p>\n<p><iframe loading=\"lazy\" title=\"Sortida al Museu Mol\u00ed Paperer de Capellades\" width=\"500\" height=\"281\" src=\"https:\/\/www.youtube.com\/embed\/JyLuh1dd1Aw?feature=oembed\" frameborder=\"0\" allow=\"accelerometer; autoplay; clipboard-write; encrypted-media; gyroscope; picture-in-picture; web-share\" referrerpolicy=\"strict-origin-when-cross-origin\" allowfullscreen><\/iframe><\/p>\n<p style=\"text-align: center;\"><strong>GENER \u2013\u00a0 CURS 2024 \u2013 2025<\/strong><\/p>\n<p>El Programa Florence \u00e9s un projecte per millorar com s\u2019ensenyen les matem\u00e0tiques a les escoles de Catalunya. Ajuda els mestres amb formaci\u00f3 i materials perqu\u00e8 els alumnes aprenguin d\u2019una manera m\u00e9s pr\u00e0ctica i divertida. La professora, la Luisa, tamb\u00e9 ha entrat en algunes aules per donar suport directe a l&#8217;alumnat i proposar algunes de les noves din\u00e0miques en l&#8217;ensenyament de les matem\u00e0tiques que s&#8217;aplicaran a tota l&#8217;escola.<\/p>\n<p><a href=\"https:\/\/agora.xtec.cat\/escola-torreforta\/wp-content\/uploads\/usu181\/2025\/01\/florence-1.png\"><img loading=\"lazy\" decoding=\"async\" class=\"alignnone size-large wp-image-3362\" src=\"https:\/\/agora.xtec.cat\/escola-torreforta\/wp-content\/uploads\/usu181\/2025\/01\/florence-1-576x1024.png\" alt=\"\" width=\"576\" height=\"1024\" srcset=\"https:\/\/agora.xtec.cat\/escola-torreforta\/wp-content\/uploads\/usu181\/2025\/01\/florence-1-576x1024.png 576w, https:\/\/agora.xtec.cat\/escola-torreforta\/wp-content\/uploads\/usu181\/2025\/01\/florence-1-169x300.png 169w, https:\/\/agora.xtec.cat\/escola-torreforta\/wp-content\/uploads\/usu181\/2025\/01\/florence-1-768x1365.png 768w, https:\/\/agora.xtec.cat\/escola-torreforta\/wp-content\/uploads\/usu181\/2025\/01\/florence-1-864x1536.png 864w, https:\/\/agora.xtec.cat\/escola-torreforta\/wp-content\/uploads\/usu181\/2025\/01\/florence-1.png 1080w\" sizes=\"auto, (max-width: 576px) 100vw, 576px\" \/><\/a><\/p>\n<p>Maider L\u00f3pez \u00e9s una artista del Pa\u00eds Basc que crea obres molt especials en espais p\u00fablics, com carrers, places i edificis. Li agrada jugar amb l\u2019arquitectura i el paisatge per fer que les persones vegin els llocs d\u2019una manera diferent.<\/p>\n<p>Moltes de les seves obres impliquen la interacci\u00f3 de les persones amb l\u2019espai. A l\u2019escola hem creat una obra combinant siluetes humanes en moviment. Aquestes siluetes que representen moviments en esports diversos. Us en deixem el resultat!<\/p>\n<p><a href=\"https:\/\/agora.xtec.cat\/escola-torreforta\/wp-content\/uploads\/usu181\/2025\/01\/PUBLI_MAIDER_LOPEZ-1.png\"><img loading=\"lazy\" decoding=\"async\" class=\"alignnone size-large wp-image-3360\" src=\"https:\/\/agora.xtec.cat\/escola-torreforta\/wp-content\/uploads\/usu181\/2025\/01\/PUBLI_MAIDER_LOPEZ-1-682x1024.png\" alt=\"\" width=\"682\" height=\"1024\" srcset=\"https:\/\/agora.xtec.cat\/escola-torreforta\/wp-content\/uploads\/usu181\/2025\/01\/PUBLI_MAIDER_LOPEZ-1-682x1024.png 682w, https:\/\/agora.xtec.cat\/escola-torreforta\/wp-content\/uploads\/usu181\/2025\/01\/PUBLI_MAIDER_LOPEZ-1-200x300.png 200w, https:\/\/agora.xtec.cat\/escola-torreforta\/wp-content\/uploads\/usu181\/2025\/01\/PUBLI_MAIDER_LOPEZ-1-768x1152.png 768w, https:\/\/agora.xtec.cat\/escola-torreforta\/wp-content\/uploads\/usu181\/2025\/01\/PUBLI_MAIDER_LOPEZ-1-1024x1536.png 1024w, https:\/\/agora.xtec.cat\/escola-torreforta\/wp-content\/uploads\/usu181\/2025\/01\/PUBLI_MAIDER_LOPEZ-1.png 1333w\" sizes=\"auto, (max-width: 682px) 100vw, 682px\" \/><\/a><\/p>\n<p>Fa uns dies els i les alumnes de 3r de la nostra escola han gaudit d\u2019un taller molt especial sobre alimentaci\u00f3 saludable. L\u2019activitat ha comen\u00e7at amb un conte molt motivador que ha captivat l\u2019atenci\u00f3 de tots i totes. Aquesta hist\u00f2ria ha estat el punt de partida per introduir temes tan importants com els tipus d\u2019aliments, la pir\u00e0mide aliment\u00e0ria i la import\u00e0ncia de mantenir una dieta equilibrada.<\/p>\n<p>Els alumnes han apr\u00e8s a identificar els diferents grups d\u2019aliments i a entendre quina \u00e9s la proporci\u00f3 adequada per a una alimentaci\u00f3 sana. A m\u00e9s, han tingut l\u2019oportunitat de crear el seu propi plat saludable i ben equilibrat, aplicant tot el que han apr\u00e8s durant el taller.<\/p>\n<p>Aquest tipus d\u2019activitats s\u00f3n fonamentals per conscienciar els nostres infants sobre la import\u00e0ncia de tenir uns h\u00e0bits alimentaris saludables des de petits. A continuaci\u00f3, compartim algunes imatges del taller perqu\u00e8 pugueu veure com de b\u00e9 ho hem passat aprenent! \ud83c\udf4e\ud83e\udd66\ud83c\udf5e<\/p>\n<p>#EscolaSalut #Alimentaci\u00f3Saludable #Pir\u00e0mideAliment\u00e0ria<\/p>\n<p><a href=\"https:\/\/agora.xtec.cat\/escola-torreforta\/wp-content\/uploads\/usu181\/2025\/01\/PUBLI_GENER_ALIMENTACIO_SALUDABLE.png\"><img loading=\"lazy\" decoding=\"async\" class=\"alignnone size-large wp-image-3359\" src=\"https:\/\/agora.xtec.cat\/escola-torreforta\/wp-content\/uploads\/usu181\/2025\/01\/PUBLI_GENER_ALIMENTACIO_SALUDABLE-576x1024.png\" alt=\"\" width=\"576\" height=\"1024\" srcset=\"https:\/\/agora.xtec.cat\/escola-torreforta\/wp-content\/uploads\/usu181\/2025\/01\/PUBLI_GENER_ALIMENTACIO_SALUDABLE-576x1024.png 576w, https:\/\/agora.xtec.cat\/escola-torreforta\/wp-content\/uploads\/usu181\/2025\/01\/PUBLI_GENER_ALIMENTACIO_SALUDABLE-169x300.png 169w, https:\/\/agora.xtec.cat\/escola-torreforta\/wp-content\/uploads\/usu181\/2025\/01\/PUBLI_GENER_ALIMENTACIO_SALUDABLE-768x1365.png 768w, https:\/\/agora.xtec.cat\/escola-torreforta\/wp-content\/uploads\/usu181\/2025\/01\/PUBLI_GENER_ALIMENTACIO_SALUDABLE-864x1536.png 864w, https:\/\/agora.xtec.cat\/escola-torreforta\/wp-content\/uploads\/usu181\/2025\/01\/PUBLI_GENER_ALIMENTACIO_SALUDABLE.png 1080w\" sizes=\"auto, (max-width: 576px) 100vw, 576px\" \/><\/a><\/p>\n<p>Aquest dijous 31 de gener interpretarem l&#8217;Himne de l&#8217;Alegria al dia de la Pau i No Viol\u00e8ncia Escolar. Hem preparat una percussi\u00f3 corporal per acompanyar-ne la segona part. Aqu\u00ed teniu el v\u00eddeo per si la voleu practicar o repassar. Cliqueu a l&#8217;enlla\u00e7 de color <strong>BLAU<\/strong>!<\/p>\n<p style=\"text-align: center;\"><a href=\"https:\/\/drive.google.com\/file\/d\/1jhJoy3skY50PkKhTpZ6FSSzdH0nQAEHw\/view?usp=drive_link\">HIMNE DE L&#8217;ALEGRIA &#8211; PERCUSSI\u00d3 COPORAL!<\/a><\/p>\n<p>I si ja se la sabeu i voleu fer-ho amb el videoclip original a continuaci\u00f3 teniu l&#8217;enlla\u00e7 de Youtube!<\/p>\n<p><iframe loading=\"lazy\" title=\"Miguel R\u00edos &amp; Cor Vivaldi - Himne de l&#039;alegr\u00eda (La Marat\u00f3 tv3)\" width=\"500\" height=\"281\" src=\"https:\/\/www.youtube.com\/embed\/pGrfoFNo02g?feature=oembed\" frameborder=\"0\" allow=\"accelerometer; autoplay; clipboard-write; encrypted-media; gyroscope; picture-in-picture; web-share\" referrerpolicy=\"strict-origin-when-cross-origin\" allowfullscreen><\/iframe><\/p>\n<p>&nbsp;<\/p>\n<p style=\"text-align: center;\"><strong>DESEMBRE \u2013\u00a0 CURS 2024 \u2013 2025<\/strong><\/p>\n<p>Els alumnes de quart han treballat la geometria amb el suport d&#8217;alumnes del l&#8217;ajut PONT del projecte PER A TOTHOM: TECNOLOGIES DIGITALS PER FOMENTAR LA INCLUSI\u00d3 EDUCATIVA de la universitat Rovira i Virgili. Mitjan\u00e7ant eines digitals han descobert i emprat figures planes.<\/p>\n<p><a href=\"https:\/\/agora.xtec.cat\/escola-torreforta\/wp-content\/uploads\/usu181\/2024\/12\/Exposicio-de-la-situacio-d-aprenentatge-preparat-per-les-noies-de-universitat-per-la-formacio-curs-pont.png\"><img loading=\"lazy\" decoding=\"async\" class=\"alignnone size-large wp-image-3326\" src=\"https:\/\/agora.xtec.cat\/escola-torreforta\/wp-content\/uploads\/usu181\/2024\/12\/Exposicio-de-la-situacio-d-aprenentatge-preparat-per-les-noies-de-universitat-per-la-formacio-curs-pont-682x1024.png\" alt=\"\" width=\"682\" height=\"1024\" srcset=\"https:\/\/agora.xtec.cat\/escola-torreforta\/wp-content\/uploads\/usu181\/2024\/12\/Exposicio-de-la-situacio-d-aprenentatge-preparat-per-les-noies-de-universitat-per-la-formacio-curs-pont-682x1024.png 682w, https:\/\/agora.xtec.cat\/escola-torreforta\/wp-content\/uploads\/usu181\/2024\/12\/Exposicio-de-la-situacio-d-aprenentatge-preparat-per-les-noies-de-universitat-per-la-formacio-curs-pont-200x300.png 200w, https:\/\/agora.xtec.cat\/escola-torreforta\/wp-content\/uploads\/usu181\/2024\/12\/Exposicio-de-la-situacio-d-aprenentatge-preparat-per-les-noies-de-universitat-per-la-formacio-curs-pont-768x1152.png 768w, https:\/\/agora.xtec.cat\/escola-torreforta\/wp-content\/uploads\/usu181\/2024\/12\/Exposicio-de-la-situacio-d-aprenentatge-preparat-per-les-noies-de-universitat-per-la-formacio-curs-pont-1024x1536.png 1024w, https:\/\/agora.xtec.cat\/escola-torreforta\/wp-content\/uploads\/usu181\/2024\/12\/Exposicio-de-la-situacio-d-aprenentatge-preparat-per-les-noies-de-universitat-per-la-formacio-curs-pont.png 1333w\" sizes=\"auto, (max-width: 682px) 100vw, 682px\" \/><\/a><\/p>\n<p>Us deixem unes fotografies de la decoraci\u00f3 nadalenca del passad\u00eds de Cicle Mitj\u00e0!<\/p>\n<p><a href=\"https:\/\/agora.xtec.cat\/escola-torreforta\/wp-content\/uploads\/usu181\/2024\/12\/post-instagram-Collage-verano-minimalista-beige.png\"><img loading=\"lazy\" decoding=\"async\" class=\"alignnone size-large wp-image-3327\" src=\"https:\/\/agora.xtec.cat\/escola-torreforta\/wp-content\/uploads\/usu181\/2024\/12\/post-instagram-Collage-verano-minimalista-beige-1024x1024.png\" alt=\"\" width=\"1024\" height=\"1024\" srcset=\"https:\/\/agora.xtec.cat\/escola-torreforta\/wp-content\/uploads\/usu181\/2024\/12\/post-instagram-Collage-verano-minimalista-beige-1024x1024.png 1024w, https:\/\/agora.xtec.cat\/escola-torreforta\/wp-content\/uploads\/usu181\/2024\/12\/post-instagram-Collage-verano-minimalista-beige-300x300.png 300w, https:\/\/agora.xtec.cat\/escola-torreforta\/wp-content\/uploads\/usu181\/2024\/12\/post-instagram-Collage-verano-minimalista-beige-150x150.png 150w, https:\/\/agora.xtec.cat\/escola-torreforta\/wp-content\/uploads\/usu181\/2024\/12\/post-instagram-Collage-verano-minimalista-beige-768x768.png 768w, https:\/\/agora.xtec.cat\/escola-torreforta\/wp-content\/uploads\/usu181\/2024\/12\/post-instagram-Collage-verano-minimalista-beige.png 1080w\" sizes=\"auto, (max-width: 1024px) 100vw, 1024px\" \/><\/a><\/p>\n<p>Finalment us deixem un v\u00eddeo de la sortida a la Casa de la Festa per part de 3r!<\/p>\n<p><iframe loading=\"lazy\" title=\"TERCER VISITA LA CASA DE LA FESTA!\" width=\"500\" height=\"281\" src=\"https:\/\/www.youtube.com\/embed\/JNxerxC7bhI?feature=oembed\" frameborder=\"0\" allow=\"accelerometer; autoplay; clipboard-write; encrypted-media; gyroscope; picture-in-picture; web-share\" referrerpolicy=\"strict-origin-when-cross-origin\" allowfullscreen><\/iframe><\/p>\n<p style=\"text-align: center;\"><strong>NOVEMBRE \u2013\u00a0 CURS 2024 \u2013 2025<\/strong><\/p>\n<p>Aquest novembre hem comen\u00e7at a treballar la can\u00e7\u00f3 que cantarem al festival de Nadal d&#8217;aquest any. Hem triat una del grup catal\u00e0 de moda, The Tyets! Aqu\u00ed la teniu en format karaoke i amb pictogrames per cantar-la a casa. Gaudiu-la!<\/p>\n<p><a href=\"https:\/\/drive.google.com\/file\/d\/1UlhfcMgF_39RI43DDj-x341kd4lIGj9f\/view?usp=sharing\"><img loading=\"lazy\" decoding=\"async\" class=\"alignnone wp-image-3320\" src=\"https:\/\/agora.xtec.cat\/escola-torreforta\/wp-content\/uploads\/usu181\/2024\/12\/BASE_INSTRUMENTAL_EPOCA_ANY-1024x575.png\" alt=\"\" width=\"682\" height=\"383\" srcset=\"https:\/\/agora.xtec.cat\/escola-torreforta\/wp-content\/uploads\/usu181\/2024\/12\/BASE_INSTRUMENTAL_EPOCA_ANY-1024x575.png 1024w, https:\/\/agora.xtec.cat\/escola-torreforta\/wp-content\/uploads\/usu181\/2024\/12\/BASE_INSTRUMENTAL_EPOCA_ANY-300x168.png 300w, https:\/\/agora.xtec.cat\/escola-torreforta\/wp-content\/uploads\/usu181\/2024\/12\/BASE_INSTRUMENTAL_EPOCA_ANY-768x431.png 768w, https:\/\/agora.xtec.cat\/escola-torreforta\/wp-content\/uploads\/usu181\/2024\/12\/BASE_INSTRUMENTAL_EPOCA_ANY.png 1154w\" sizes=\"auto, (max-width: 682px) 100vw, 682px\" \/> \u00a0<\/a><a href=\"https:\/\/drive.google.com\/file\/d\/1QRSukenwDmpEKs6UNJwBMadRw5dKIn8O\/view?usp=drive_link\"><img loading=\"lazy\" decoding=\"async\" class=\"alignnone wp-image-3308\" src=\"https:\/\/agora.xtec.cat\/escola-torreforta\/wp-content\/uploads\/usu181\/2024\/11\/TYETS_LA_MILLOR_EPOCA_DE__ANY-1024x574.jpg\" alt=\"\" width=\"686\" height=\"385\" srcset=\"https:\/\/agora.xtec.cat\/escola-torreforta\/wp-content\/uploads\/usu181\/2024\/11\/TYETS_LA_MILLOR_EPOCA_DE__ANY-1024x574.jpg 1024w, https:\/\/agora.xtec.cat\/escola-torreforta\/wp-content\/uploads\/usu181\/2024\/11\/TYETS_LA_MILLOR_EPOCA_DE__ANY-300x168.jpg 300w, https:\/\/agora.xtec.cat\/escola-torreforta\/wp-content\/uploads\/usu181\/2024\/11\/TYETS_LA_MILLOR_EPOCA_DE__ANY-768x430.jpg 768w, https:\/\/agora.xtec.cat\/escola-torreforta\/wp-content\/uploads\/usu181\/2024\/11\/TYETS_LA_MILLOR_EPOCA_DE__ANY.jpg 1276w\" sizes=\"auto, (max-width: 686px) 100vw, 686px\" \/><\/a><\/p>\n<p>&nbsp;<\/p>\n<p><span style=\"font-weight: 400;\">L\u2019alumnat de Cicle Mitj\u00e0 va realitzar a l\u2019inici un projecte interdisciplinar sobre la Festa Major de Santa Tecla i aquesta excursi\u00f3 a la Casa de la Festa n\u2019\u00e9s la seva cloenda. El Xavi ens ha explicat l\u2019origen, particularitats, vestimenta, portadors, funci\u00f3 i moltes coses m\u00e9s sobre les figures que apareixen al Seguici. Molt interessant!<\/span><\/p>\n<p><iframe loading=\"lazy\" title=\"QUART VISITA LA CASA DE LA FESTA!\" width=\"500\" height=\"281\" src=\"https:\/\/www.youtube.com\/embed\/reQ4RU0ttcQ?feature=oembed\" frameborder=\"0\" allow=\"accelerometer; autoplay; clipboard-write; encrypted-media; gyroscope; picture-in-picture; web-share\" referrerpolicy=\"strict-origin-when-cross-origin\" allowfullscreen><\/iframe><\/p>\n<p><span style=\"font-weight: 400;\">A la nostra escola hem posat en marxa el projecte Edunautes, una iniciativa que fomenta <\/span><span style=\"font-weight: 400;\">l\u2019aprenentatge actiu i aut\u00f2nom fora de l\u2019aula. Mitjan\u00e7ant reptes i activitats atractives, els <\/span><span style=\"font-weight: 400;\">alumnes exploren temes nous de manera divertida, potenciant la seva curiositat <\/span><span style=\"font-weight: 400;\">desenvolupament personal.<\/span><\/p>\n<p><span style=\"font-weight: 400;\">Els nostres estudiants ja han comen\u00e7at amb molta il\u00b7lusi\u00f3, i per fer que aquest projecte sigui <\/span><span style=\"font-weight: 400;\">encara m\u00e9s enriquidor, necessitem la vostra implicaci\u00f3 des de casa. Acompanyeu-los en <\/span><span style=\"font-weight: 400;\">aquest cam\u00ed d\u2019aprenentatge i ajudeu-los a descobrir tot el que poden aprendre m\u00e9s enll\u00e0 de <\/span><span style=\"font-weight: 400;\">l\u2019escola!<\/span><\/p>\n<p><iframe loading=\"lazy\" title=\"EDUNAUTES!\" width=\"500\" height=\"281\" src=\"https:\/\/www.youtube.com\/embed\/1XSLqFqmxR8?feature=oembed\" frameborder=\"0\" allow=\"accelerometer; autoplay; clipboard-write; encrypted-media; gyroscope; picture-in-picture; web-share\" referrerpolicy=\"strict-origin-when-cross-origin\" allowfullscreen><\/iframe><\/p>\n<p><span style=\"font-weight: 400;\">Alguns alumnes de 4t hem fet un joc de pistes, un Escape Room: \u201cEl misteri dels panellets desapareguts\u201d, per celebrar la castanyada.<\/span><\/p>\n<p><i><span style=\"font-weight: 400;\">Hist\u00f2ria:<\/span><\/i><\/p>\n<p><i><span style=\"font-weight: 400;\">Tota l\u2019escola ha preparat panellets per a la festa per\u00f2 han desaparegut dues safates. Hem de resoldre 5 pistes amb les nostres habilitats matem\u00e0tiques i de comprensi\u00f3 lectora per descobrir qui t\u00e9 els panellets abans que se\u2019ls mengi!<\/span><\/i><\/p>\n<p><span style=\"font-weight: 400;\">Treballem en grups cooperatius per afavorir el treball en equip i la regulaci\u00f3 de la participaci\u00f3 en les diferents tasques. Aix\u00ed tothom t\u00e9 el seu lloc i es col\u00b7labora per trobar la resposta.<\/span><\/p>\n<p><iframe loading=\"lazy\" title=\"\u201cEl misteri dels panellets desapareguts\u201d, 4t A\" width=\"500\" height=\"281\" src=\"https:\/\/www.youtube.com\/embed\/21eH_KlOpwI?feature=oembed\" frameborder=\"0\" allow=\"accelerometer; autoplay; clipboard-write; encrypted-media; gyroscope; picture-in-picture; web-share\" referrerpolicy=\"strict-origin-when-cross-origin\" allowfullscreen><\/iframe><\/p>\n<p style=\"text-align: center;\"><strong>OCTUBRE \u2013\u00a0 CURS 2024 \u2013 2025<\/strong><\/p>\n<p><a href=\"https:\/\/agora.xtec.cat\/escola-torreforta\/wp-content\/uploads\/usu181\/2024\/10\/Collage-Vertical-Recuerdos-del-Verano-Aesthetic-Blanco-1.png\"><img loading=\"lazy\" decoding=\"async\" class=\"alignnone size-full wp-image-3257\" src=\"https:\/\/agora.xtec.cat\/escola-torreforta\/wp-content\/uploads\/usu181\/2024\/10\/Collage-Vertical-Recuerdos-del-Verano-Aesthetic-Blanco-1.png\" alt=\"\" width=\"666\" height=\"1000\" srcset=\"https:\/\/agora.xtec.cat\/escola-torreforta\/wp-content\/uploads\/usu181\/2024\/10\/Collage-Vertical-Recuerdos-del-Verano-Aesthetic-Blanco-1.png 666w, https:\/\/agora.xtec.cat\/escola-torreforta\/wp-content\/uploads\/usu181\/2024\/10\/Collage-Vertical-Recuerdos-del-Verano-Aesthetic-Blanco-1-200x300.png 200w\" sizes=\"auto, (max-width: 666px) 100vw, 666px\" \/><\/a><\/p>\n<p><span style=\"font-weight: 400;\">Divendres 11 van venir a l\u2019escola dones mestres ja jubilades a explicar contes sense suport visual, desenvolupant la comprensi\u00f3 oral i l\u2019expressi\u00f3 oral a trav\u00e9s d\u2019hist\u00f2ries adaptades a l\u2019edat. Els nens i nenes van gaudir molt d\u2019escoltar la narrativa de persones expertes i de la seva manera de compartir.<\/span><\/p>\n<p><iframe loading=\"lazy\" title=\"ACTIVITAT DE CORAL A 3R!\" width=\"500\" height=\"281\" src=\"https:\/\/www.youtube.com\/embed\/UyNPCnbIw7U?feature=oembed\" frameborder=\"0\" allow=\"accelerometer; autoplay; clipboard-write; encrypted-media; gyroscope; picture-in-picture; web-share\" referrerpolicy=\"strict-origin-when-cross-origin\" allowfullscreen><\/iframe><\/p>\n<p><span style=\"font-weight: 400;\">Cada dimarts, els alumnes de 3r tenen la sort de rebre la visita d\u2019una mestra especialista en cant coral de l\u2019Escola Municipal de M\u00fasica de Tarragona. Durant aquestes sessions, els nens i nenes aprenen t\u00e8cniques de cant, desenvolupen la seva veu i treballen en equip mitjan\u00e7ant la m\u00fasica. \u00c9s una activitat enriquidora que fomenta la creativitat i la cohesi\u00f3 entre els companys. Estem molt contents de poder oferir aquesta oportunitat al nostre alumnat!<\/span><\/p>\n<p style=\"text-align: center;\"><strong>SETEMBRE \u2013\u00a0 CURS 2024 \u2013 2025<\/strong><\/p>\n<p>Recull de fotografies de la visita de la Cucafera de Tarragona a l&#8217;Escola Torreforta (Cicle Mitj\u00e0), en el marc de la Santa Tecla a les Escoles!<\/p>\n<p><iframe loading=\"lazy\" title=\"LA CUCAFERA ENS VISITA!\" width=\"500\" height=\"281\" src=\"https:\/\/www.youtube.com\/embed\/Yi5KH5h9kVc?feature=oembed\" frameborder=\"0\" allow=\"accelerometer; autoplay; clipboard-write; encrypted-media; gyroscope; picture-in-picture; web-share\" referrerpolicy=\"strict-origin-when-cross-origin\" allowfullscreen><\/iframe><\/p>\n<p><span style=\"font-weight: 400;\">Durant la setmana del 16 al 20 de setembre hem realitzat el projecte de Santa Tecla, la festa major de Tarragona. Amb la visita de la Cucafera petita com a tret de sortida hem conegut aquesta festa a trav\u00e9s de la seva hist\u00f2ria, la llegenda de Santa Tecla, patrona de Tarragona. Ens hem apropat a les seves tradicions i celebracions i hem conegut el Seguici Popular format per b\u00e8sties i balls.\u00a0<\/span><\/p>\n<p><a href=\"https:\/\/agora.xtec.cat\/escola-torreforta\/wp-content\/uploads\/usu181\/2024\/09\/COLLAGE.jpg\"><img loading=\"lazy\" decoding=\"async\" class=\"size-large wp-image-3237 aligncenter\" src=\"https:\/\/agora.xtec.cat\/escola-torreforta\/wp-content\/uploads\/usu181\/2024\/09\/COLLAGE-576x1024.jpg\" alt=\"\" width=\"576\" height=\"1024\" srcset=\"https:\/\/agora.xtec.cat\/escola-torreforta\/wp-content\/uploads\/usu181\/2024\/09\/COLLAGE-576x1024.jpg 576w, https:\/\/agora.xtec.cat\/escola-torreforta\/wp-content\/uploads\/usu181\/2024\/09\/COLLAGE-169x300.jpg 169w, https:\/\/agora.xtec.cat\/escola-torreforta\/wp-content\/uploads\/usu181\/2024\/09\/COLLAGE-768x1365.jpg 768w, https:\/\/agora.xtec.cat\/escola-torreforta\/wp-content\/uploads\/usu181\/2024\/09\/COLLAGE-864x1536.jpg 864w, https:\/\/agora.xtec.cat\/escola-torreforta\/wp-content\/uploads\/usu181\/2024\/09\/COLLAGE.jpg 945w\" sizes=\"auto, (max-width: 576px) 100vw, 576px\" \/><\/a><\/p>\n<p style=\"text-align: center;\"><strong>JUNY \u2013\u00a0 CURS 2023 \u2013 2024<\/strong><\/p>\n<p>El darrer dia d&#8217;escola vam anar al camp de futbol a fer jocs d&#8217;aigua i a menjar-nos el tradicional gelat! S&#8217;ho vam passar molt b\u00e9!<\/p>\n<p style=\"text-align: center;\"><a href=\"https:\/\/agora.xtec.cat\/escola-torreforta\/wp-content\/uploads\/usu181\/2024\/07\/JOCS_DAIGUA.png\"><img loading=\"lazy\" decoding=\"async\" class=\"alignnone size-large wp-image-3209\" src=\"https:\/\/agora.xtec.cat\/escola-torreforta\/wp-content\/uploads\/usu181\/2024\/07\/JOCS_DAIGUA-576x1024.png\" alt=\"\" width=\"576\" height=\"1024\" srcset=\"https:\/\/agora.xtec.cat\/escola-torreforta\/wp-content\/uploads\/usu181\/2024\/07\/JOCS_DAIGUA-576x1024.png 576w, https:\/\/agora.xtec.cat\/escola-torreforta\/wp-content\/uploads\/usu181\/2024\/07\/JOCS_DAIGUA-169x300.png 169w, https:\/\/agora.xtec.cat\/escola-torreforta\/wp-content\/uploads\/usu181\/2024\/07\/JOCS_DAIGUA-768x1365.png 768w, https:\/\/agora.xtec.cat\/escola-torreforta\/wp-content\/uploads\/usu181\/2024\/07\/JOCS_DAIGUA-864x1536.png 864w, https:\/\/agora.xtec.cat\/escola-torreforta\/wp-content\/uploads\/usu181\/2024\/07\/JOCS_DAIGUA.png 1080w\" sizes=\"auto, (max-width: 576px) 100vw, 576px\" \/><\/a><\/p>\n<p>&nbsp;<\/p>\n<p>Durant aquest any a l&#8217;\u00e0rea de m\u00fasica hem treballat amb instruments ORFF, en concret metal\u00b7l\u00f2fons. Notes, colors, can\u00e7ons&#8230; Tot un repte!\u00a0<a href=\"https:\/\/agora.xtec.cat\/escola-torreforta\/wp-content\/uploads\/usu181\/2024\/07\/MUSICA_ORFF.png\"><img loading=\"lazy\" decoding=\"async\" class=\"size-large wp-image-3210 aligncenter\" src=\"https:\/\/agora.xtec.cat\/escola-torreforta\/wp-content\/uploads\/usu181\/2024\/07\/MUSICA_ORFF-576x1024.png\" alt=\"\" width=\"576\" height=\"1024\" srcset=\"https:\/\/agora.xtec.cat\/escola-torreforta\/wp-content\/uploads\/usu181\/2024\/07\/MUSICA_ORFF-576x1024.png 576w, https:\/\/agora.xtec.cat\/escola-torreforta\/wp-content\/uploads\/usu181\/2024\/07\/MUSICA_ORFF-169x300.png 169w, https:\/\/agora.xtec.cat\/escola-torreforta\/wp-content\/uploads\/usu181\/2024\/07\/MUSICA_ORFF-768x1365.png 768w, https:\/\/agora.xtec.cat\/escola-torreforta\/wp-content\/uploads\/usu181\/2024\/07\/MUSICA_ORFF-864x1536.png 864w, https:\/\/agora.xtec.cat\/escola-torreforta\/wp-content\/uploads\/usu181\/2024\/07\/MUSICA_ORFF.png 1080w\" sizes=\"auto, (max-width: 576px) 100vw, 576px\" \/><\/a><\/p>\n<p>L&#8217;alumnat de 3r va compartir un mat\u00ed a la pla\u00e7a del Tarragon\u00e8s amb les escoles que participen de projectes musicals a l&#8217;escola de l&#8217;Escola Municipal de M\u00fasica de Tarragona. Els nostre alumnes van interpretar dos can\u00e7ons amb el grup de violins i Malanuba, de la cantata Boix el Bruixot.<\/p>\n<p><iframe loading=\"lazy\" title=\"TROBADA PROJECTES MUSICALS - PLA\u00c7A DEL TARRAGON\u00c8S\" width=\"500\" height=\"281\" src=\"https:\/\/www.youtube.com\/embed\/z3sjDgdIVZ4?feature=oembed\" frameborder=\"0\" allow=\"accelerometer; autoplay; clipboard-write; encrypted-media; gyroscope; picture-in-picture; web-share\" referrerpolicy=\"strict-origin-when-cross-origin\" allowfullscreen><\/iframe><\/p>\n<p>&nbsp;<\/p>\n<p style=\"text-align: center;\"><strong>MAIG \u2013\u00a0 CURS 2023 \u2013 2024<\/strong><\/p>\n<p>Aquest dimecres 29 les fam\u00edlies de 4t han pogut compartir amb els nens i nenes l&#8217;h\u00e0bit dels 30 minuts de lectura di\u00e0ria i escoltar i gaudir del conte creat per un estudiant de la classe i il\u00b7lustrat per tot l\u2019alumnat per al concurs literari Olga Xirinacs. A m\u00e9s a m\u00e9s es va compartir una estona de joc matem\u00e0tic creant figures amb un Tangram. Les figures inventades i plasmades en un full aix\u00ed com el propi joc han estat el record d\u2019aquesta bonica jornada en comunitat.<\/p>\n<p><iframe loading=\"lazy\" title=\"Visita de les fam\u00edlies a les aules de 4t!\" width=\"500\" height=\"281\" src=\"https:\/\/www.youtube.com\/embed\/TLhqkjx295g?feature=oembed\" frameborder=\"0\" allow=\"accelerometer; autoplay; clipboard-write; encrypted-media; gyroscope; picture-in-picture; web-share\" referrerpolicy=\"strict-origin-when-cross-origin\" allowfullscreen><\/iframe><\/p>\n<p>L&#8217;alumnat de quart, a m\u00e9s del de segon i cinqu\u00e8, han anat al teatre a veure l&#8217;obra &#8220;la Rigoberta i el Windigo&#8221;, un hist\u00f2ria en qu\u00e8, des de l&#8217;humor, ens parla sobre com el model de consum dels pa\u00efsos del Nord Global afecta a les comunitats ind\u00edgenes del Sud Global, generant una crisi ecol\u00f2gica i social. Aquesta problem\u00e0tica tamb\u00e9 ens afecta i, per tant, no donarem l&#8217;esquena a la Terra i ens sumarem a la missi\u00f3 de cuidar el nostre planeta! Una obra plena de missatges i reflexi\u00f3!<\/p>\n<p><a href=\"https:\/\/agora.xtec.cat\/escola-torreforta\/wp-content\/uploads\/usu181\/2024\/05\/TEATRE.jpg\"><img loading=\"lazy\" decoding=\"async\" class=\"alignnone size-large wp-image-3167\" src=\"https:\/\/agora.xtec.cat\/escola-torreforta\/wp-content\/uploads\/usu181\/2024\/05\/TEATRE-1024x1024.jpg\" alt=\"\" width=\"1024\" height=\"1024\" srcset=\"https:\/\/agora.xtec.cat\/escola-torreforta\/wp-content\/uploads\/usu181\/2024\/05\/TEATRE-1024x1024.jpg 1024w, https:\/\/agora.xtec.cat\/escola-torreforta\/wp-content\/uploads\/usu181\/2024\/05\/TEATRE-300x300.jpg 300w, https:\/\/agora.xtec.cat\/escola-torreforta\/wp-content\/uploads\/usu181\/2024\/05\/TEATRE-150x150.jpg 150w, https:\/\/agora.xtec.cat\/escola-torreforta\/wp-content\/uploads\/usu181\/2024\/05\/TEATRE-768x768.jpg 768w, https:\/\/agora.xtec.cat\/escola-torreforta\/wp-content\/uploads\/usu181\/2024\/05\/TEATRE.jpg 1080w\" sizes=\"auto, (max-width: 1024px) 100vw, 1024px\" \/><\/a><\/p>\n<p>SORTIDA AL PARC SAM\u00c0 DE CAMBRILS &#8211; 3R, ESCOLA TORREFORTA<\/p>\n<p>L\u2019alumnat de 3r ha gaudit d\u2019una aventura tot fent una recerca d\u2019animals i plantes desconeguts i presents al Parc Sam\u00e0 de Cambrils. Tot plegat treballant valors culturals, de respecte, sostenibilitat i ecologisme. Una sortida molt bonica!<\/p>\n<p><iframe loading=\"lazy\" title=\"SORTIDA AL PARC SAM\u00c0 - 3r\" width=\"500\" height=\"281\" src=\"https:\/\/www.youtube.com\/embed\/TQvFL4Vf31M?feature=oembed\" frameborder=\"0\" allow=\"accelerometer; autoplay; clipboard-write; encrypted-media; gyroscope; picture-in-picture; web-share\" referrerpolicy=\"strict-origin-when-cross-origin\" allowfullscreen><\/iframe><\/p>\n<p>SORTIDA A PRATDIP &#8211; 4T, ESCOLA TORREFORTA<\/p>\n<p>L&#8217;activitat realitzada per l\u2019alumnat de 4t en aquesta sortida \u00e9s la ruta dels dips de Pratdip. Una volta pel poble de manera divertida on cal buscar les 11 siluetes dels dips que hi ha per tot el poble. I qu\u00e8 \u00e9s un dip? Segons la llegenda els dips s\u00f3n el gossos llop negres que rondaven pel municipi buscant xais, cabres o persones per xuclar-los-hi la sang. Sembla que van desapar\u00e8ixer al segle XIX i ara tornen a ser visibles en forma de boniques siluetes que es poden trobar pels carrers del poble. S\u2019ho van passar genial!<\/p>\n<p><iframe loading=\"lazy\" title=\"SORTIDA A PRATDIP - 4T\" width=\"500\" height=\"281\" src=\"https:\/\/www.youtube.com\/embed\/So8oHPl3ozU?feature=oembed\" frameborder=\"0\" allow=\"accelerometer; autoplay; clipboard-write; encrypted-media; gyroscope; picture-in-picture; web-share\" referrerpolicy=\"strict-origin-when-cross-origin\" allowfullscreen><\/iframe><\/p>\n<p style=\"text-align: center;\"><strong>ABRIL \u2013\u00a0 CURS 2023 \u2013 2024<\/strong><\/p>\n<p>Els alumnes de 4t han participat a la primera ballada organitzada pel Pla d&#8217;Entorn i el grup M\u00fasica i Ciutat. Repartits en tres torns l&#8217;alumnat de 14 escoles i Instituts de la ciutat ha gaudit de la pr\u00e0ctica de dues danses tradicionals, el ball del rogle i la sardana curta, amb guiatge de dansaires de l&#8217;Esbart Santa Tecla i m\u00fasica en directe gr\u00e0cies als professors de l&#8217;Escola Municipal de M\u00fasica de Tarragona i del Conservatori de la Diputaci\u00f3. Ha estat una experi\u00e8ncia molt bonica i que esperem poder repetir en anys propers!<\/p>\n<p style=\"text-align: center;\"><a href=\"https:\/\/agora.xtec.cat\/escola-torreforta\/wp-content\/uploads\/usu181\/2024\/04\/SANT_JORDI_PONENT_COLLAGE.jpg\"><img loading=\"lazy\" decoding=\"async\" class=\"alignnone size-large wp-image-3139\" src=\"https:\/\/agora.xtec.cat\/escola-torreforta\/wp-content\/uploads\/usu181\/2024\/04\/SANT_JORDI_PONENT_COLLAGE-576x1024.jpg\" alt=\"\" width=\"576\" height=\"1024\" srcset=\"https:\/\/agora.xtec.cat\/escola-torreforta\/wp-content\/uploads\/usu181\/2024\/04\/SANT_JORDI_PONENT_COLLAGE-576x1024.jpg 576w, https:\/\/agora.xtec.cat\/escola-torreforta\/wp-content\/uploads\/usu181\/2024\/04\/SANT_JORDI_PONENT_COLLAGE-169x300.jpg 169w, https:\/\/agora.xtec.cat\/escola-torreforta\/wp-content\/uploads\/usu181\/2024\/04\/SANT_JORDI_PONENT_COLLAGE-768x1365.jpg 768w, https:\/\/agora.xtec.cat\/escola-torreforta\/wp-content\/uploads\/usu181\/2024\/04\/SANT_JORDI_PONENT_COLLAGE-864x1536.jpg 864w, https:\/\/agora.xtec.cat\/escola-torreforta\/wp-content\/uploads\/usu181\/2024\/04\/SANT_JORDI_PONENT_COLLAGE.jpg 945w\" sizes=\"auto, (max-width: 576px) 100vw, 576px\" \/><\/a><\/p>\n<p>El dia anterior, per Sant Jordi, no va faltar una visita a la parada de llibres de l&#8217;escola, amb tot d&#8217;exemplars creats per els propis alumnes! Tamb\u00e9 activitats de gaudi, manualitats i m\u00e9s dansa amb una coreografia de la sardana moderna un Coti per Coti del grup The Tyets!<\/p>\n<p><a href=\"https:\/\/agora.xtec.cat\/escola-torreforta\/wp-content\/uploads\/usu181\/2024\/04\/sant_jordi_mitja.jpg\"><img loading=\"lazy\" decoding=\"async\" class=\"size-large wp-image-3140 aligncenter\" src=\"https:\/\/agora.xtec.cat\/escola-torreforta\/wp-content\/uploads\/usu181\/2024\/04\/sant_jordi_mitja-576x1024.jpg\" alt=\"\" width=\"576\" height=\"1024\" srcset=\"https:\/\/agora.xtec.cat\/escola-torreforta\/wp-content\/uploads\/usu181\/2024\/04\/sant_jordi_mitja-576x1024.jpg 576w, https:\/\/agora.xtec.cat\/escola-torreforta\/wp-content\/uploads\/usu181\/2024\/04\/sant_jordi_mitja-169x300.jpg 169w, https:\/\/agora.xtec.cat\/escola-torreforta\/wp-content\/uploads\/usu181\/2024\/04\/sant_jordi_mitja-768x1365.jpg 768w, https:\/\/agora.xtec.cat\/escola-torreforta\/wp-content\/uploads\/usu181\/2024\/04\/sant_jordi_mitja-864x1536.jpg 864w, https:\/\/agora.xtec.cat\/escola-torreforta\/wp-content\/uploads\/usu181\/2024\/04\/sant_jordi_mitja.jpg 945w\" sizes=\"auto, (max-width: 576px) 100vw, 576px\" \/><\/a><\/p>\n<p style=\"text-align: center;\"><strong style=\"font-family: inherit; font-size: 1em; text-align: center;\">MAR\u00c7 \u2013\u00a0 CURS 2023 \u2013 2024<\/strong><\/p>\n<p>El Colpbol \u00e9s una nova modalitat esportiva creada pel professor d\u2019Educaci\u00f3 F\u00edsica Juanjo Bendicho, que en els darrers 20 anys s\u2019ha consolidat com un nou referent esportiu, innovador i integrador, i amb unes grans potencialitats educatives. Es tracta d&#8217;un joc col\u2022lectiu que fomente la m\u00e0xima participaci\u00f3 possible de tots els jugadors, siga quin siga el seu nivell fisicomotor i les seues condicions; que redu\u00efsca al m\u00ednim les difer\u00e8ncies individuals i exigisca una imprescindible col\u2022laboraci\u00f3 i comunicaci\u00f3 col\u2022lectiva per a aconseguir l\u2019objectiu final del joc, el gol; \u00e9s a dir, un vertader i aut\u00e8ntic JOC D\u2019EQUIP.<\/p>\n<p>Els alumnes de quart de l&#8217;escola han gaudit d&#8217;un mat\u00ed d&#8217;esport a l&#8217;escola Campclar jugant i compartint amb alumnat d&#8217;aquesta escola i de l&#8217;Escola Ponent, una experi\u00e8ncia molt enriquidora!<\/p>\n<p><a href=\"https:\/\/agora.xtec.cat\/escola-torreforta\/wp-content\/uploads\/usu181\/2024\/03\/publi-colpbol.jpg\"><img loading=\"lazy\" decoding=\"async\" class=\"alignnone size-large wp-image-3126\" src=\"https:\/\/agora.xtec.cat\/escola-torreforta\/wp-content\/uploads\/usu181\/2024\/03\/publi-colpbol-1024x1024.jpg\" alt=\"\" width=\"1024\" height=\"1024\" srcset=\"https:\/\/agora.xtec.cat\/escola-torreforta\/wp-content\/uploads\/usu181\/2024\/03\/publi-colpbol-1024x1024.jpg 1024w, https:\/\/agora.xtec.cat\/escola-torreforta\/wp-content\/uploads\/usu181\/2024\/03\/publi-colpbol-300x300.jpg 300w, https:\/\/agora.xtec.cat\/escola-torreforta\/wp-content\/uploads\/usu181\/2024\/03\/publi-colpbol-150x150.jpg 150w, https:\/\/agora.xtec.cat\/escola-torreforta\/wp-content\/uploads\/usu181\/2024\/03\/publi-colpbol-768x768.jpg 768w, https:\/\/agora.xtec.cat\/escola-torreforta\/wp-content\/uploads\/usu181\/2024\/03\/publi-colpbol.jpg 1080w\" sizes=\"auto, (max-width: 1024px) 100vw, 1024px\" \/><\/a><\/p>\n<p>Els alumnes de 3r han realitzat un taller mediambiental on han posat en pr\u00e0ctica la regla de les tres erres, reduir, reciclar i reutilitzar. Com? Han transformat un tetrabric de llet o de suc en una llibreta!<\/p>\n<p><a href=\"https:\/\/agora.xtec.cat\/escola-torreforta\/wp-content\/uploads\/usu181\/2024\/03\/Collage-Instagram-Story.jpg\"><img loading=\"lazy\" decoding=\"async\" class=\"alignnone size-large wp-image-3128\" src=\"https:\/\/agora.xtec.cat\/escola-torreforta\/wp-content\/uploads\/usu181\/2024\/03\/Collage-Instagram-Story-576x1024.jpg\" alt=\"\" width=\"576\" height=\"1024\" srcset=\"https:\/\/agora.xtec.cat\/escola-torreforta\/wp-content\/uploads\/usu181\/2024\/03\/Collage-Instagram-Story-576x1024.jpg 576w, https:\/\/agora.xtec.cat\/escola-torreforta\/wp-content\/uploads\/usu181\/2024\/03\/Collage-Instagram-Story-169x300.jpg 169w, https:\/\/agora.xtec.cat\/escola-torreforta\/wp-content\/uploads\/usu181\/2024\/03\/Collage-Instagram-Story-768x1365.jpg 768w, https:\/\/agora.xtec.cat\/escola-torreforta\/wp-content\/uploads\/usu181\/2024\/03\/Collage-Instagram-Story-864x1536.jpg 864w, https:\/\/agora.xtec.cat\/escola-torreforta\/wp-content\/uploads\/usu181\/2024\/03\/Collage-Instagram-Story.jpg 945w\" sizes=\"auto, (max-width: 576px) 100vw, 576px\" \/><\/a><\/p>\n<p style=\"text-align: center;\"><strong>FEBRER \u2013\u00a0 CURS 2023 \u2013 2024<\/strong><\/p>\n<p>Visita dels alumnes de Cicle Mitj\u00e0 al museu del port de Tarragona. Han gaudit d\u2019un espectacle de titelles que els ha transportat a un m\u00f3n m\u00e0gic per a commemorar la professi\u00f3 del faroner i el 160 aniversari del Far de la Banya.<\/p>\n<p><em>L&#8217;antic Far de la Banya, una ic\u00f2nica estructura que ha resistit el pas del temps, continua captivant a residents i visitants amb la seva fascinant hist\u00f2ria. Originalment situat al Delta de l&#8217;Ebre, aquest far va ser traslladat al Port de Tarragona durant els anys 80 per garantir la seva preservaci\u00f3 i el seu llegat per a les generacions futures convertint-se en Museu de Fars com a extensi\u00f3 del Museu del Port de Tarragona.<\/em><\/p>\n<p><em>Constru\u00eft a finals del segle XIX, l&#8217;antic Far de la Banya va ser un punt de refer\u00e8ncia crucial per a la navegaci\u00f3 mar\u00edtima, guiant als navegants a trav\u00e9s de les perilloses aig\u00fces de la costa. No obstant aix\u00f2, amb el temps, va comen\u00e7ar a perdre la seva rellev\u00e0ncia i va sofrir el deteriorament causat per l&#8217;erosi\u00f3 costanera. Per preservar aquest patrimoni hist\u00f2ric, es va decidir traslladar-lo al Port de Tarragona, on podria ser restaurat i conservat adequadament arribant aquest anys 2024 al seu 160\u00e8 aniversari.<\/em><\/p>\n<p><em>Aquesta hist\u00f2ria de perseveran\u00e7a i preservaci\u00f3 s&#8217;uneix a la tradici\u00f3 mil\u00b7len\u00e0ria del faroner, una professi\u00f3 que s&#8217;ha transm\u00e8s de generaci\u00f3 en generaci\u00f3. Els faroners, amb la seva dedicaci\u00f3 i per\u00edcia, han estat els guardians dels mars durant segles, passant els seus coneixements de pares a fills.<\/em><\/p>\n<p><em>Avui dia, la professi\u00f3 de faroner continua sent vital per a la seguretat mar\u00edtima, amb els faroners actuant com a guardians dels oceans i la vida marina. Tot i els canvis tecnol\u00f2gics, la seva tasca segueix sent essencial per a la navegaci\u00f3 i la preservaci\u00f3 dels ecosistemes marins.<\/em><\/p>\n<p><em>Aquesta rica hist\u00f2ria i tradici\u00f3 serveixen com a inspiraci\u00f3 per a l&#8217;espectacle &#8220;El Guardi\u00e0 de la Llum&#8221; de la Companyia Matito.<\/em><\/p>\n<p><a href=\"https:\/\/agora.xtec.cat\/escola-torreforta\/wp-content\/uploads\/usu181\/2024\/03\/Historia-de-Instagram-Resumen-Ano-Fotos-Collage-Pastel.jpg\"><img loading=\"lazy\" decoding=\"async\" class=\"alignnone size-large wp-image-3088\" src=\"https:\/\/agora.xtec.cat\/escola-torreforta\/wp-content\/uploads\/usu181\/2024\/03\/Historia-de-Instagram-Resumen-Ano-Fotos-Collage-Pastel-576x1024.jpg\" alt=\"\" width=\"576\" height=\"1024\" srcset=\"https:\/\/agora.xtec.cat\/escola-torreforta\/wp-content\/uploads\/usu181\/2024\/03\/Historia-de-Instagram-Resumen-Ano-Fotos-Collage-Pastel-576x1024.jpg 576w, https:\/\/agora.xtec.cat\/escola-torreforta\/wp-content\/uploads\/usu181\/2024\/03\/Historia-de-Instagram-Resumen-Ano-Fotos-Collage-Pastel-169x300.jpg 169w, https:\/\/agora.xtec.cat\/escola-torreforta\/wp-content\/uploads\/usu181\/2024\/03\/Historia-de-Instagram-Resumen-Ano-Fotos-Collage-Pastel-768x1365.jpg 768w, https:\/\/agora.xtec.cat\/escola-torreforta\/wp-content\/uploads\/usu181\/2024\/03\/Historia-de-Instagram-Resumen-Ano-Fotos-Collage-Pastel-864x1536.jpg 864w, https:\/\/agora.xtec.cat\/escola-torreforta\/wp-content\/uploads\/usu181\/2024\/03\/Historia-de-Instagram-Resumen-Ano-Fotos-Collage-Pastel.jpg 945w\" sizes=\"auto, (max-width: 576px) 100vw, 576px\" \/><\/a><\/p>\n<p><span style=\"font-weight: 400;\">Activitat de 4t a la biblioteca Pepita Ferrer de Torreforta.<\/span><\/p>\n<p><span style=\"font-weight: 400;\">Ens han explicat el conte \u201cEls invisibles\u201d, fent-nos participar de la hist\u00f2ria imaginant el que passava. A continuaci\u00f3<\/span><span style=\"font-weight: 400;\"> hem fet 4 grups: els grup dels animals, el grup de les plantes, el grup de l\u2019art i el grup dels edificis. Els 4 grups, relacionats amb els elements que apareixen al conte, han realitzat activitats de tot tipus. Aqu\u00ed en teniu una mostra!<\/span><\/p>\n<p><iframe loading=\"lazy\" title=\"LABORATORI DE LLETRES. 4t\" width=\"500\" height=\"281\" src=\"https:\/\/www.youtube.com\/embed\/q3iSypdBDhM?feature=oembed\" frameborder=\"0\" allow=\"accelerometer; autoplay; clipboard-write; encrypted-media; gyroscope; picture-in-picture; web-share\" referrerpolicy=\"strict-origin-when-cross-origin\" allowfullscreen><\/iframe><\/p>\n<p>&nbsp;<\/p>\n<p><span style=\"font-weight: 400;\">Hem mirat i llegit llibres relacionats amb el tema i hem fet un joc de cartes.<\/span><\/p>\n<p>El divendres 16 de febrer han vingut uns astronautes de l\u2019Institut Municipal d\u2019Educaci\u00f3, de l\u2019ajuntament de Tarragona, a repartir als i les alumnes de 3r el seu passaport Edunauta. Des de l\u2019escola dinamitzem aquesta proposta mostrant el calendari d\u2019activitats mensuals on poden anar els nens i nenes amb el seu passaport per realitzar les activitats proposades a les diferents biblioteques, centres c\u00edvics i museus de la zona. Tamb\u00e9 poden aconseguir segells fent les activitats proposades a l\u2019escola i activitats a casa amb la fam\u00edlia. Si aconsegueixen tots els segells del passaport, participaran a un sorteig a final de curs!<\/p>\n<p><iframe loading=\"lazy\" title=\"PASSAPORT EDUNAUTES, 3r\" width=\"500\" height=\"281\" src=\"https:\/\/www.youtube.com\/embed\/_203KlyZuWg?feature=oembed\" frameborder=\"0\" allow=\"accelerometer; autoplay; clipboard-write; encrypted-media; gyroscope; picture-in-picture; web-share\" referrerpolicy=\"strict-origin-when-cross-origin\" allowfullscreen><\/iframe><\/p>\n<p>&nbsp;<\/p>\n<p style=\"text-align: center;\"><strong>GENER \u2013\u00a0 CURS 2023 \u2013 2024<\/strong><\/p>\n<p>A educaci\u00f3 art\u00edstica hem treballat amb aquarel\u00b7les experimentant diferents t\u00e8cniques per tal de crear una obra amb gotes de colors. Tamb\u00e9 hem comen\u00e7at a treballar l&#8217;artista ampostina Mari Chord\u00e0 imitant el seu estil tot perfeccionant el nostre control de les tisores tallant formes arrodonides. Posteriorment realitzarem aquest treball amb l\u00ednies rectes i sense guia.<\/p>\n<p><a href=\"https:\/\/agora.xtec.cat\/escola-torreforta\/wp-content\/uploads\/usu181\/2024\/01\/PUBLI.jpg\"><img loading=\"lazy\" decoding=\"async\" class=\"alignnone size-large wp-image-2940\" src=\"https:\/\/agora.xtec.cat\/escola-torreforta\/wp-content\/uploads\/usu181\/2024\/01\/PUBLI-576x1024.jpg\" alt=\"\" width=\"576\" height=\"1024\" srcset=\"https:\/\/agora.xtec.cat\/escola-torreforta\/wp-content\/uploads\/usu181\/2024\/01\/PUBLI-576x1024.jpg 576w, https:\/\/agora.xtec.cat\/escola-torreforta\/wp-content\/uploads\/usu181\/2024\/01\/PUBLI-169x300.jpg 169w, https:\/\/agora.xtec.cat\/escola-torreforta\/wp-content\/uploads\/usu181\/2024\/01\/PUBLI-768x1365.jpg 768w, https:\/\/agora.xtec.cat\/escola-torreforta\/wp-content\/uploads\/usu181\/2024\/01\/PUBLI-864x1536.jpg 864w, https:\/\/agora.xtec.cat\/escola-torreforta\/wp-content\/uploads\/usu181\/2024\/01\/PUBLI.jpg 945w\" sizes=\"auto, (max-width: 576px) 100vw, 576px\" \/><\/a><\/p>\n<p>A quart treballem les taules de multiplicar amb uns &#8220;comecocos&#8221; col\u00b7laboratius.<\/p>\n<p><a href=\"https:\/\/agora.xtec.cat\/escola-torreforta\/wp-content\/uploads\/usu181\/2024\/01\/Black-Collage-Back-to-School-Photo-Collage-1.jpg\"><img loading=\"lazy\" decoding=\"async\" class=\"alignnone size-full wp-image-2935\" src=\"https:\/\/agora.xtec.cat\/escola-torreforta\/wp-content\/uploads\/usu181\/2024\/01\/Black-Collage-Back-to-School-Photo-Collage-1.jpg\" alt=\"\" width=\"1000\" height=\"800\" srcset=\"https:\/\/agora.xtec.cat\/escola-torreforta\/wp-content\/uploads\/usu181\/2024\/01\/Black-Collage-Back-to-School-Photo-Collage-1.jpg 1000w, https:\/\/agora.xtec.cat\/escola-torreforta\/wp-content\/uploads\/usu181\/2024\/01\/Black-Collage-Back-to-School-Photo-Collage-1-300x240.jpg 300w, https:\/\/agora.xtec.cat\/escola-torreforta\/wp-content\/uploads\/usu181\/2024\/01\/Black-Collage-Back-to-School-Photo-Collage-1-768x614.jpg 768w\" sizes=\"auto, (max-width: 1000px) 100vw, 1000px\" \/><\/a><\/p>\n<p><span style=\"font-weight: 400;\">Activitat realitzada en el marc del programa TEI. Els grups de 3r i 5\u00e8 participen en una gimcana de 6 proves on l\u2019objectiu \u00e9s fer vincle entre tutor i tutoritzat a trav\u00e9s del joc cooperatiu i del gaudi!<\/span><\/p>\n<p><a href=\"https:\/\/agora.xtec.cat\/escola-torreforta\/wp-content\/uploads\/usu181\/2024\/01\/TEI-1.jpg\"><img loading=\"lazy\" decoding=\"async\" class=\"alignnone size-large wp-image-2933\" src=\"https:\/\/agora.xtec.cat\/escola-torreforta\/wp-content\/uploads\/usu181\/2024\/01\/TEI-1-576x1024.jpg\" alt=\"\" width=\"576\" height=\"1024\" srcset=\"https:\/\/agora.xtec.cat\/escola-torreforta\/wp-content\/uploads\/usu181\/2024\/01\/TEI-1-576x1024.jpg 576w, https:\/\/agora.xtec.cat\/escola-torreforta\/wp-content\/uploads\/usu181\/2024\/01\/TEI-1-169x300.jpg 169w, https:\/\/agora.xtec.cat\/escola-torreforta\/wp-content\/uploads\/usu181\/2024\/01\/TEI-1-768x1365.jpg 768w, https:\/\/agora.xtec.cat\/escola-torreforta\/wp-content\/uploads\/usu181\/2024\/01\/TEI-1-864x1536.jpg 864w, https:\/\/agora.xtec.cat\/escola-torreforta\/wp-content\/uploads\/usu181\/2024\/01\/TEI-1.jpg 945w\" sizes=\"auto, (max-width: 576px) 100vw, 576px\" \/><\/a><\/p>\n<p style=\"text-align: center;\"><strong>DESEMBRE \u2013\u00a0 CURS 2023 \u2013 2024<\/strong><\/p>\n<p>Ja arriba l&#8217;hivern i el Nadal i hem canviat la decoraci\u00f3 dels passadissos de Cicle Mitj\u00e0, aqu\u00ed en teniu una mostra. S\u00f3n uns artistes!<\/p>\n<p><a href=\"https:\/\/agora.xtec.cat\/escola-torreforta\/wp-content\/uploads\/usu181\/2023\/12\/COLLAGE.png\"><img loading=\"lazy\" decoding=\"async\" class=\"alignnone size-large wp-image-2915\" src=\"https:\/\/agora.xtec.cat\/escola-torreforta\/wp-content\/uploads\/usu181\/2023\/12\/COLLAGE-682x1024.png\" alt=\"\" width=\"682\" height=\"1024\" srcset=\"https:\/\/agora.xtec.cat\/escola-torreforta\/wp-content\/uploads\/usu181\/2023\/12\/COLLAGE-682x1024.png 682w, https:\/\/agora.xtec.cat\/escola-torreforta\/wp-content\/uploads\/usu181\/2023\/12\/COLLAGE-200x300.png 200w, https:\/\/agora.xtec.cat\/escola-torreforta\/wp-content\/uploads\/usu181\/2023\/12\/COLLAGE-768x1152.png 768w, https:\/\/agora.xtec.cat\/escola-torreforta\/wp-content\/uploads\/usu181\/2023\/12\/COLLAGE.png 833w\" sizes=\"auto, (max-width: 682px) 100vw, 682px\" \/><\/a><\/p>\n<p>Aquest mes us presentem el taller de n\u00fameros, un dels tallers internivell que realitza l&#8217;alumnat de Cicle Mitj\u00e0 els dimarts i dijous per la tarda. En aquest taller els alumnes comencen a con\u00e8ixer les figures geom\u00e8triques i experimenten amb elles. Al llarg del taller son capa\u00e7os de fer creacions mitjan\u00e7ant el tangram, recon\u00e8ixer pol\u00edgons del propi context, aprendre a mesurar-los i fer noves creacions.<\/p>\n<p><a href=\"https:\/\/agora.xtec.cat\/escola-torreforta\/wp-content\/uploads\/usu181\/2023\/12\/TALLER_NUMEROS.png\"><img loading=\"lazy\" decoding=\"async\" class=\"alignnone size-large wp-image-2913\" src=\"https:\/\/agora.xtec.cat\/escola-torreforta\/wp-content\/uploads\/usu181\/2023\/12\/TALLER_NUMEROS-682x1024.png\" alt=\"\" width=\"682\" height=\"1024\" srcset=\"https:\/\/agora.xtec.cat\/escola-torreforta\/wp-content\/uploads\/usu181\/2023\/12\/TALLER_NUMEROS-682x1024.png 682w, https:\/\/agora.xtec.cat\/escola-torreforta\/wp-content\/uploads\/usu181\/2023\/12\/TALLER_NUMEROS-200x300.png 200w, https:\/\/agora.xtec.cat\/escola-torreforta\/wp-content\/uploads\/usu181\/2023\/12\/TALLER_NUMEROS-768x1152.png 768w, https:\/\/agora.xtec.cat\/escola-torreforta\/wp-content\/uploads\/usu181\/2023\/12\/TALLER_NUMEROS.png 833w\" sizes=\"auto, (max-width: 682px) 100vw, 682px\" \/><\/a><\/p>\n<p style=\"text-align: center;\"><strong>NOVEMBRE \u2013\u00a0 CURS 2023 \u2013 2024<\/strong><\/p>\n<p>El grup MARC <i>(Mestres \u00c0vies Recuperadores de Contes)<\/i> son una colla de mestres jubilades que, amb el suport de l\u2019<i>Associaci\u00f3 de Mestres Rosa Sensat, <\/i>van a les escoles i instituts que ens ho demanen a explicar contes populars amb la veu, la mirada i el gest. Des de la consci\u00e8ncia del valor de l\u2019oralitat i de la import\u00e0ncia del llenguatge expliquen contes i les rondalles populars. Creuen en els contes com a eines poderoses per entendre el m\u00f3n i els comportaments humans i per con\u00e8ixer els propis sentiments. Escoltar els seus contes ha estat una passada!<\/p>\n<p><a href=\"https:\/\/agora.xtec.cat\/escola-torreforta\/wp-content\/uploads\/usu181\/2023\/12\/Brown-Simple-Family-Photo-Collage-A4-Document-2.png\"><img loading=\"lazy\" decoding=\"async\" class=\"size-large wp-image-2893 aligncenter\" src=\"https:\/\/agora.xtec.cat\/escola-torreforta\/wp-content\/uploads\/usu181\/2023\/12\/Brown-Simple-Family-Photo-Collage-A4-Document-2-724x1024.png\" alt=\"\" width=\"724\" height=\"1024\" srcset=\"https:\/\/agora.xtec.cat\/escola-torreforta\/wp-content\/uploads\/usu181\/2023\/12\/Brown-Simple-Family-Photo-Collage-A4-Document-2-724x1024.png 724w, https:\/\/agora.xtec.cat\/escola-torreforta\/wp-content\/uploads\/usu181\/2023\/12\/Brown-Simple-Family-Photo-Collage-A4-Document-2-212x300.png 212w, https:\/\/agora.xtec.cat\/escola-torreforta\/wp-content\/uploads\/usu181\/2023\/12\/Brown-Simple-Family-Photo-Collage-A4-Document-2-768x1086.png 768w, https:\/\/agora.xtec.cat\/escola-torreforta\/wp-content\/uploads\/usu181\/2023\/12\/Brown-Simple-Family-Photo-Collage-A4-Document-2.png 884w\" sizes=\"auto, (max-width: 724px) 100vw, 724px\" \/><\/a><\/p>\n<p>Els jocs de taula i els jocs matem\u00e0tics tenen un paper important a l&#8217;aula, el treball vivencial del c\u00e0lcul, la situaci\u00f3 en l&#8217;espai, normes i passos de resoluci\u00f3 de problemes i, sobretot, compartir aprenentatges des del joc amb els company i companyes de la classe!<\/p>\n<p><a href=\"https:\/\/agora.xtec.cat\/escola-torreforta\/wp-content\/uploads\/usu181\/2023\/12\/JOCS.png\"><img loading=\"lazy\" decoding=\"async\" class=\"alignnone size-large wp-image-2901\" src=\"https:\/\/agora.xtec.cat\/escola-torreforta\/wp-content\/uploads\/usu181\/2023\/12\/JOCS-682x1024.png\" alt=\"\" width=\"682\" height=\"1024\" srcset=\"https:\/\/agora.xtec.cat\/escola-torreforta\/wp-content\/uploads\/usu181\/2023\/12\/JOCS-682x1024.png 682w, https:\/\/agora.xtec.cat\/escola-torreforta\/wp-content\/uploads\/usu181\/2023\/12\/JOCS-200x300.png 200w, https:\/\/agora.xtec.cat\/escola-torreforta\/wp-content\/uploads\/usu181\/2023\/12\/JOCS-768x1152.png 768w, https:\/\/agora.xtec.cat\/escola-torreforta\/wp-content\/uploads\/usu181\/2023\/12\/JOCS.png 833w\" sizes=\"auto, (max-width: 682px) 100vw, 682px\" \/><\/a><\/p>\n<p>L&#8217;1 de novembre \u00e9s Tots Sants aix\u00ed que per concloure el mes d&#8217;octubre i comen\u00e7ar el novembre el dia 31 d&#8217;octubre vam degustar les tradicionals Castanyes preparades per les castanyeres de l&#8217;AFA de l&#8217;escola. Al mat\u00ed, abans del festival de danses de la tarda, vam baixar a veure&#8217;n el proc\u00e9s, bon\u00edssimes!<\/p>\n<p><a href=\"https:\/\/agora.xtec.cat\/escola-torreforta\/wp-content\/uploads\/usu181\/2023\/12\/Black-Collage-Back-to-School-Photo-Collage-2.png\"><img loading=\"lazy\" decoding=\"async\" class=\"alignnone size-full wp-image-2897\" src=\"https:\/\/agora.xtec.cat\/escola-torreforta\/wp-content\/uploads\/usu181\/2023\/12\/Black-Collage-Back-to-School-Photo-Collage-2.png\" alt=\"\" width=\"1000\" height=\"800\" srcset=\"https:\/\/agora.xtec.cat\/escola-torreforta\/wp-content\/uploads\/usu181\/2023\/12\/Black-Collage-Back-to-School-Photo-Collage-2.png 1000w, https:\/\/agora.xtec.cat\/escola-torreforta\/wp-content\/uploads\/usu181\/2023\/12\/Black-Collage-Back-to-School-Photo-Collage-2-300x240.png 300w, https:\/\/agora.xtec.cat\/escola-torreforta\/wp-content\/uploads\/usu181\/2023\/12\/Black-Collage-Back-to-School-Photo-Collage-2-768x614.png 768w\" sizes=\"auto, (max-width: 1000px) 100vw, 1000px\" \/><\/a><\/p>\n<p style=\"text-align: center;\"><strong>OCTUBRE \u2013\u00a0 CURS 2023 \u2013 2024<\/strong><\/p>\n<p>El 24 d&#8217;octubre d&#8217;aquest any els alumnes de Cicle Mitj\u00e0 han realitzat una gimcana de jocs a l&#8217;Anella Mediterr\u00e0nia. Hem compartit, gaudit i aquesta jornada ens ha ajudat a con\u00e8ixer millor a companys i companyes de la resta de classes del Cicle! S&#8217;ho han passat pipa!<\/p>\n<p><iframe loading=\"lazy\" title=\"Sortida de Cicle Mitj\u00e0 a l&#039;Anella Mediterr\u00e0nia\" width=\"500\" height=\"281\" src=\"https:\/\/www.youtube.com\/embed\/R0RfW7QuYdM?feature=oembed\" frameborder=\"0\" allow=\"accelerometer; autoplay; clipboard-write; encrypted-media; gyroscope; picture-in-picture; web-share\" referrerpolicy=\"strict-origin-when-cross-origin\" allowfullscreen><\/iframe><\/p>\n<p>Els parcs d\u2019educaci\u00f3 per a la mobilitat segura s\u00f3n instal\u00b7lacions que reprodueixen situacions de circulaci\u00f3 amb la finalitat d&#8217;educar en la mobilitat segura i que permeten que els infants i els joves s\u2019enfrontin a situacions similars a les reals en un entorn de risc controlat. Els escolars aprenen i practiquen comportaments adequats al tr\u00e0nsit per aplicar-los posteriorment a la realitat de la societat. Aqu\u00ed us deixem unes fotografies de la participaci\u00f3 del Cicle Mitj\u00e0 en aquesta activitat.<\/p>\n<p><a href=\"https:\/\/agora.xtec.cat\/escola-torreforta\/wp-content\/uploads\/usu181\/2023\/10\/BICICLETES-min.png\"><img loading=\"lazy\" decoding=\"async\" class=\"alignnone size-large wp-image-2869\" src=\"https:\/\/agora.xtec.cat\/escola-torreforta\/wp-content\/uploads\/usu181\/2023\/10\/BICICLETES-min-682x1024.png\" alt=\"\" width=\"682\" height=\"1024\" srcset=\"https:\/\/agora.xtec.cat\/escola-torreforta\/wp-content\/uploads\/usu181\/2023\/10\/BICICLETES-min-682x1024.png 682w, https:\/\/agora.xtec.cat\/escola-torreforta\/wp-content\/uploads\/usu181\/2023\/10\/BICICLETES-min-200x300.png 200w, https:\/\/agora.xtec.cat\/escola-torreforta\/wp-content\/uploads\/usu181\/2023\/10\/BICICLETES-min-768x1152.png 768w, https:\/\/agora.xtec.cat\/escola-torreforta\/wp-content\/uploads\/usu181\/2023\/10\/BICICLETES-min-1024x1536.png 1024w, https:\/\/agora.xtec.cat\/escola-torreforta\/wp-content\/uploads\/usu181\/2023\/10\/BICICLETES-min.png 1333w\" sizes=\"auto, (max-width: 682px) 100vw, 682px\" \/><\/a><\/p>\n<p>Aquest trimestre hem comen\u00e7at els tallers a Cicle Mitj\u00e0. En aquesta ocasi\u00f3 us mostrem el taller de l&#8217;Hort. En aquesta sessi\u00f3 h<span style=\"font-weight: 400;\">em anat a l\u2019hort a remoure la terra i treure les herbes.\u00a0<\/span><span style=\"font-weight: 400;\">Netejant-lo hem reconegut unes fulles de menta d\u2019una planta molt petita. L\u2019hem reconegut per la seva olor i hem parlat de les seves propietats, com hi ha plantes, les arom\u00e0tiques, que s\u00f3n medicinals i s\u2019utilitzen tamb\u00e9 a la cuina. Una experi\u00e8ncia fant\u00e0stica!<\/span><\/p>\n<p><a href=\"https:\/\/agora.xtec.cat\/escola-torreforta\/wp-content\/uploads\/usu181\/2023\/10\/HORT_CM.png\"><img loading=\"lazy\" decoding=\"async\" class=\"alignnone size-large wp-image-2867\" src=\"https:\/\/agora.xtec.cat\/escola-torreforta\/wp-content\/uploads\/usu181\/2023\/10\/HORT_CM-682x1024.png\" alt=\"\" width=\"682\" height=\"1024\" srcset=\"https:\/\/agora.xtec.cat\/escola-torreforta\/wp-content\/uploads\/usu181\/2023\/10\/HORT_CM-682x1024.png 682w, https:\/\/agora.xtec.cat\/escola-torreforta\/wp-content\/uploads\/usu181\/2023\/10\/HORT_CM-200x300.png 200w, https:\/\/agora.xtec.cat\/escola-torreforta\/wp-content\/uploads\/usu181\/2023\/10\/HORT_CM-768x1152.png 768w, https:\/\/agora.xtec.cat\/escola-torreforta\/wp-content\/uploads\/usu181\/2023\/10\/HORT_CM-1024x1536.png 1024w, https:\/\/agora.xtec.cat\/escola-torreforta\/wp-content\/uploads\/usu181\/2023\/10\/HORT_CM.png 1333w\" sizes=\"auto, (max-width: 682px) 100vw, 682px\" \/><\/a><\/p>\n<p>Creaci\u00f3 de din\u00e0miques de relaci\u00f3 positives entre companys de classe. Els alumnes vam van pensar i fer consci\u00e8ncia d&#8217;elements i qualitats positives dels seus companys i companyes de classe. Aqu\u00ed podeu veure fotos d&#8217;aquesta l&#8217;activitat de cohesi\u00f3 de grup a 4t!<a href=\"https:\/\/agora.xtec.cat\/escola-torreforta\/wp-content\/uploads\/usu181\/2023\/10\/DINAMICA_4T-1.png\"><img loading=\"lazy\" decoding=\"async\" class=\"size-large wp-image-2871 aligncenter\" src=\"https:\/\/agora.xtec.cat\/escola-torreforta\/wp-content\/uploads\/usu181\/2023\/10\/DINAMICA_4T-1-576x1024.png\" alt=\"\" width=\"576\" height=\"1024\" srcset=\"https:\/\/agora.xtec.cat\/escola-torreforta\/wp-content\/uploads\/usu181\/2023\/10\/DINAMICA_4T-1-576x1024.png 576w, https:\/\/agora.xtec.cat\/escola-torreforta\/wp-content\/uploads\/usu181\/2023\/10\/DINAMICA_4T-1-169x300.png 169w, https:\/\/agora.xtec.cat\/escola-torreforta\/wp-content\/uploads\/usu181\/2023\/10\/DINAMICA_4T-1-768x1365.png 768w, https:\/\/agora.xtec.cat\/escola-torreforta\/wp-content\/uploads\/usu181\/2023\/10\/DINAMICA_4T-1-864x1536.png 864w, https:\/\/agora.xtec.cat\/escola-torreforta\/wp-content\/uploads\/usu181\/2023\/10\/DINAMICA_4T-1.png 1080w\" sizes=\"auto, (max-width: 576px) 100vw, 576px\" \/><\/a><\/p>\n<p>&nbsp;<\/p>\n<p style=\"text-align: center;\"><strong>SETEMBRE \u2013\u00a0 CURS 2023 \u2013 2024<\/strong><\/p>\n<p>Aquest mes de setembre, en el marc de les Festes de Santa Tecla, ens ha vingut a visitar la V\u00edbria de Tarragona. Hem pogut gaudir del seu ball, d&#8217;una bonica llegenda, dels nous vestits dels seus portants i de la seva m\u00fasica i el seu ball gr\u00e0cies a l&#8217;acompanyament dels timbals de diables. Aquest any la V\u00edbria ha fet 30 anys, moltes felicitats!<\/p>\n<p style=\"text-align: center;\"><a href=\"https:\/\/agora.xtec.cat\/escola-torreforta\/wp-content\/uploads\/usu181\/2023\/09\/SANTA_TECLA_CICLE_MITJA.png\"><img loading=\"lazy\" decoding=\"async\" class=\"alignnone size-full wp-image-2836\" src=\"https:\/\/agora.xtec.cat\/escola-torreforta\/wp-content\/uploads\/usu181\/2023\/09\/SANTA_TECLA_CICLE_MITJA.png\" alt=\"\" width=\"900\" height=\"900\" srcset=\"https:\/\/agora.xtec.cat\/escola-torreforta\/wp-content\/uploads\/usu181\/2023\/09\/SANTA_TECLA_CICLE_MITJA.png 900w, https:\/\/agora.xtec.cat\/escola-torreforta\/wp-content\/uploads\/usu181\/2023\/09\/SANTA_TECLA_CICLE_MITJA-300x300.png 300w, https:\/\/agora.xtec.cat\/escola-torreforta\/wp-content\/uploads\/usu181\/2023\/09\/SANTA_TECLA_CICLE_MITJA-150x150.png 150w, https:\/\/agora.xtec.cat\/escola-torreforta\/wp-content\/uploads\/usu181\/2023\/09\/SANTA_TECLA_CICLE_MITJA-768x768.png 768w\" sizes=\"auto, (max-width: 900px) 100vw, 900px\" \/><\/a><\/p>\n<p>El treball de Santa Tecla tamb\u00e9 ha estat present a l&#8217;\u00e0rea d&#8217;Educaci\u00f3 Art\u00edstica. Concretament a pl\u00e0stica hem parlat del disseny del cartell d&#8217;aquest any creat per l&#8217;il\u00b7lustrador tarragon\u00ed Pepe Serra i, seguint el seu estil (de la paraula a la imatge), hem creat els nostres propis cartells! Ho hem gaudit molt.<\/p>\n<p><a href=\"https:\/\/agora.xtec.cat\/escola-torreforta\/wp-content\/uploads\/usu181\/2023\/09\/PEPE_SERRA_ARTISTICA.png\"><img loading=\"lazy\" decoding=\"async\" class=\"size-large wp-image-2837 aligncenter\" src=\"https:\/\/agora.xtec.cat\/escola-torreforta\/wp-content\/uploads\/usu181\/2023\/09\/PEPE_SERRA_ARTISTICA-1024x724.png\" alt=\"\" width=\"1024\" height=\"724\" srcset=\"https:\/\/agora.xtec.cat\/escola-torreforta\/wp-content\/uploads\/usu181\/2023\/09\/PEPE_SERRA_ARTISTICA-1024x724.png 1024w, https:\/\/agora.xtec.cat\/escola-torreforta\/wp-content\/uploads\/usu181\/2023\/09\/PEPE_SERRA_ARTISTICA-300x212.png 300w, https:\/\/agora.xtec.cat\/escola-torreforta\/wp-content\/uploads\/usu181\/2023\/09\/PEPE_SERRA_ARTISTICA-768x543.png 768w, https:\/\/agora.xtec.cat\/escola-torreforta\/wp-content\/uploads\/usu181\/2023\/09\/PEPE_SERRA_ARTISTICA.png 1123w\" sizes=\"auto, (max-width: 1024px) 100vw, 1024px\" \/><\/a><\/p>\n<p>Divendres 29\/09 vam fer la sessi\u00f3 informativa sobre el projecte TEI amb els alumnes de 3r A i B. L\u2019Ana V., la TIS, ens explica qu\u00e8 \u00e9s el bullying visualitzant uns v\u00eddeos i tamb\u00e9 que els i les alumnes de 5\u00e8 seran els nostres tutors i tutores durant aquest curs.<\/p>\n<p>TEI (tutories entre iguals), \u00e9s un programa a nivell estatal que est\u00e0 encaminat a prevenir l&#8217;assetjament escolar i que pret\u00e9n millorar la conviv\u00e8ncia escolar a trav\u00e9s de la participaci\u00f3 i implicaci\u00f3 dels alumnes, que agafen responsabilitats, s\u2019ajuden els uns als altres i resolen els seus propis conflictes.<\/p>\n<p>El TEI s\u2019articula principalment en dos blocs d\u2019alumnes: els de 3r i 5\u00e8. Cada alumne de tercer t\u00e9 un referent de cinqu\u00e8 que vetlla per ell i li ofereix companyia, suport i acompanyament. Tot plegat, es duu a terme a trav\u00e9s de diverses sessions informatives, formatives i amb activitats individuals o en grup, tant a les tutories com a nivell de centre. Amb el TEI, els alumnes prenen responsabilitats, observen, escolten, intervenen i formen part de les solucions que es deriven dels conflictes de conviv\u00e8ncia de l\u2019escola.<\/p>\n<p><a href=\"https:\/\/agora.xtec.cat\/escola-torreforta\/wp-content\/uploads\/usu181\/2023\/10\/PROGRAMA_TEI_STETEMBRE.png\"><img loading=\"lazy\" decoding=\"async\" class=\"size-full wp-image-2839 aligncenter\" src=\"https:\/\/agora.xtec.cat\/escola-torreforta\/wp-content\/uploads\/usu181\/2023\/10\/PROGRAMA_TEI_STETEMBRE.png\" alt=\"\" width=\"945\" height=\"945\" srcset=\"https:\/\/agora.xtec.cat\/escola-torreforta\/wp-content\/uploads\/usu181\/2023\/10\/PROGRAMA_TEI_STETEMBRE.png 945w, https:\/\/agora.xtec.cat\/escola-torreforta\/wp-content\/uploads\/usu181\/2023\/10\/PROGRAMA_TEI_STETEMBRE-300x300.png 300w, https:\/\/agora.xtec.cat\/escola-torreforta\/wp-content\/uploads\/usu181\/2023\/10\/PROGRAMA_TEI_STETEMBRE-150x150.png 150w, https:\/\/agora.xtec.cat\/escola-torreforta\/wp-content\/uploads\/usu181\/2023\/10\/PROGRAMA_TEI_STETEMBRE-768x768.png 768w\" sizes=\"auto, (max-width: 945px) 100vw, 945px\" \/><\/a><\/p>\n<p><span style=\"font-weight: 400;\">Fem jocs de comprensi\u00f3 lectora per descobrir com s\u00f3n els monstres. A partir de petites descripcions els alumnes identifiquen les parts del cos dels monstres i confegeixen el trencaclosques. Aprenen vocabulari i comprensi\u00f3 lectora tot distingint petites difer\u00e8ncies en textos similars i gaudint de l\u2019activitat en format de joc!<\/span><a href=\"https:\/\/agora.xtec.cat\/escola-torreforta\/wp-content\/uploads\/usu181\/2023\/10\/MONSTRES.png\"><img loading=\"lazy\" decoding=\"async\" class=\"size-full wp-image-2841 aligncenter\" src=\"https:\/\/agora.xtec.cat\/escola-torreforta\/wp-content\/uploads\/usu181\/2023\/10\/MONSTRES.png\" alt=\"\" width=\"945\" height=\"945\" srcset=\"https:\/\/agora.xtec.cat\/escola-torreforta\/wp-content\/uploads\/usu181\/2023\/10\/MONSTRES.png 945w, https:\/\/agora.xtec.cat\/escola-torreforta\/wp-content\/uploads\/usu181\/2023\/10\/MONSTRES-300x300.png 300w, https:\/\/agora.xtec.cat\/escola-torreforta\/wp-content\/uploads\/usu181\/2023\/10\/MONSTRES-150x150.png 150w, https:\/\/agora.xtec.cat\/escola-torreforta\/wp-content\/uploads\/usu181\/2023\/10\/MONSTRES-768x768.png 768w\" sizes=\"auto, (max-width: 945px) 100vw, 945px\" \/><\/a><\/p>\n<p style=\"text-align: center;\">_________________________________________________________________________________________________________________<\/p>\n<p style=\"text-align: center;\"><strong>JUNY \u2013\u00a0 CURS 2022 \u2013 2023<\/strong><\/p>\n<p>SORTIDES! L&#8217;alumnat de 3r va anar al Parc Sam\u00e0 (Cambrils) on van passejar pels jardins, observar el ramat de daines, les aus ex\u00f2tiques i moltes altres coses!<br \/>\nEls alumnes de 4t van anar al poble de Pratdip per fer l&#8217;activitat &#8220;Els secrets d\u2019un poble&#8221;. Mitjan\u00e7ant un joc de pistes els nens i nenes van descobrir el poble i tot seguit van fer una excursi\u00f3 muntanyenca per con\u00e8ixer l\u2019ermita de Santa Marina.<\/p>\n<p><iframe loading=\"lazy\" title=\"Sortides al Parc Sam\u00e0 i Pratdip - 3r i 4t, Cicle Mitj\u00e0\" width=\"500\" height=\"281\" src=\"https:\/\/www.youtube.com\/embed\/EiAZD6nD-yw?feature=oembed\" frameborder=\"0\" allow=\"accelerometer; autoplay; clipboard-write; encrypted-media; gyroscope; picture-in-picture; web-share\" referrerpolicy=\"strict-origin-when-cross-origin\" allowfullscreen><\/iframe><\/p>\n<p>L&#8217;\u00faltim dia d&#8217;escola al Cicle Mitj\u00e0 est\u00e0 passat per aigua! Hem anat al camp de futbol a fer jocs d&#8217;aigua: globus d&#8217;aigua, relleus, esponges, l&#8217;aranya&#8230; i per acabar, remullada i un gelat! S&#8217;ho han passat molt, molt b\u00e9!<\/p>\n<p><a href=\"https:\/\/agora.xtec.cat\/escola-torreforta\/wp-content\/uploads\/usu181\/2023\/06\/historia-instagram-collage-verano-aesthetic-blanco.jpg\"><img loading=\"lazy\" decoding=\"async\" class=\"alignnone size-large wp-image-2795\" src=\"https:\/\/agora.xtec.cat\/escola-torreforta\/wp-content\/uploads\/usu181\/2023\/06\/historia-instagram-collage-verano-aesthetic-blanco-576x1024.jpg\" alt=\"\" width=\"576\" height=\"1024\" srcset=\"https:\/\/agora.xtec.cat\/escola-torreforta\/wp-content\/uploads\/usu181\/2023\/06\/historia-instagram-collage-verano-aesthetic-blanco-576x1024.jpg 576w, https:\/\/agora.xtec.cat\/escola-torreforta\/wp-content\/uploads\/usu181\/2023\/06\/historia-instagram-collage-verano-aesthetic-blanco-169x300.jpg 169w, https:\/\/agora.xtec.cat\/escola-torreforta\/wp-content\/uploads\/usu181\/2023\/06\/historia-instagram-collage-verano-aesthetic-blanco-768x1365.jpg 768w, https:\/\/agora.xtec.cat\/escola-torreforta\/wp-content\/uploads\/usu181\/2023\/06\/historia-instagram-collage-verano-aesthetic-blanco-864x1536.jpg 864w, https:\/\/agora.xtec.cat\/escola-torreforta\/wp-content\/uploads\/usu181\/2023\/06\/historia-instagram-collage-verano-aesthetic-blanco.jpg 1080w\" sizes=\"auto, (max-width: 576px) 100vw, 576px\" \/><\/a><\/p>\n<p>Els alumnes de 3r han gaudit aquest any de l&#8217;activitat de Coral que ofereix l&#8217;Escola municipal de M\u00fasica a l&#8217;escola Torreforta. Durant tot el curs, un dia a la setmana, han gaudit del cant amb la direcci\u00f3 de la professora Cristina Ruiz. Aquesta ha estat la darrera activitat de la coral aquest any despr\u00e9s de la participaci\u00f3 al Palau Vincles al palau de la M\u00fasica de Barcelona, la cantada al pla d&#8217;entorn i l&#8217;enregistrament del Videoclip Diferent!<\/p>\n<p><iframe loading=\"lazy\" title=\"Concert obert a les fam\u00edlies - Coral de 3r\" width=\"500\" height=\"281\" src=\"https:\/\/www.youtube.com\/embed\/CCiITeb48vA?feature=oembed\" frameborder=\"0\" allow=\"accelerometer; autoplay; clipboard-write; encrypted-media; gyroscope; picture-in-picture; web-share\" referrerpolicy=\"strict-origin-when-cross-origin\" allowfullscreen><\/iframe><\/p>\n<p>Seguim parlant de la Coral a les publicacions d&#8217;aquest mes de juny. Ja ha sortit publicat el videoclip de la can\u00e7\u00f3 Diferent que van enregistrar els nostres alumnes juntament amb la resta de corals catalanes participants del projecte Palau Vincles. Esperem que us agradi!<\/p>\n<p><iframe loading=\"lazy\" title=\"Diferent - Can\u00e7\u00f3 de l\u2019Estiu de Palau Vincles\" width=\"500\" height=\"281\" src=\"https:\/\/www.youtube.com\/embed\/Mpl36bbhT6M?feature=oembed\" frameborder=\"0\" allow=\"accelerometer; autoplay; clipboard-write; encrypted-media; gyroscope; picture-in-picture; web-share\" referrerpolicy=\"strict-origin-when-cross-origin\" allowfullscreen><\/iframe><\/p>\n<p>&nbsp;<\/p>\n<p style=\"text-align: center;\"><strong>MAIG \u2013\u00a0 CURS 2022 \u2013 2023<\/strong><\/p>\n<p>Aquest trimestre us presentem el taller de Jocs Tradicionals. L&#8217;alumnat de Cicle Mitj\u00e0 n&#8217;ha gaudit molt\u00edssim. Treball i joc en equip, gaudi, esport, aprenentatge, recursos de joc&#8230; una passada!<\/p>\n<p><iframe loading=\"lazy\" title=\"TALLER DE JOCS TRADICIONALS - CICLE MITJ\u00c0\" width=\"500\" height=\"281\" src=\"https:\/\/www.youtube.com\/embed\/l0RgRra3ACY?feature=oembed\" frameborder=\"0\" allow=\"accelerometer; autoplay; clipboard-write; encrypted-media; gyroscope; picture-in-picture; web-share\" referrerpolicy=\"strict-origin-when-cross-origin\" allowfullscreen><\/iframe><\/p>\n<p>Pr\u00e8viament a les excursions de final de curs els alumnes de 3r i 4t han gaudit d&#8217;unes xerrades sobre les activitats que realitzaran. Els alumnes de 3r passejaram pels remodelats jardins del Parc Sam\u00e0, on observaran el ramat de daines i les aus ex\u00f2tiques, entre d\u2019altres coses i els alumnes de 4t realitzaran l&#8217;activitat Els secrets d\u2019un poble (Pratdip). Mitjan\u00e7ant un joc de pistes descobriran el poble i fent una petita excursi\u00f3 caminant coneixeran l\u2019ermita de Santa Marina.<\/p>\n<p><a href=\"https:\/\/agora.xtec.cat\/escola-torreforta\/wp-content\/uploads\/usu181\/2023\/05\/Blue-Colorful-Photo-Collage-Back-to-School-Instagram-Post-1.jpg\"><img loading=\"lazy\" decoding=\"async\" class=\"alignnone size-large wp-image-2767\" src=\"https:\/\/agora.xtec.cat\/escola-torreforta\/wp-content\/uploads\/usu181\/2023\/05\/Blue-Colorful-Photo-Collage-Back-to-School-Instagram-Post-1-1024x1024.jpg\" alt=\"\" width=\"1024\" height=\"1024\" srcset=\"https:\/\/agora.xtec.cat\/escola-torreforta\/wp-content\/uploads\/usu181\/2023\/05\/Blue-Colorful-Photo-Collage-Back-to-School-Instagram-Post-1-1024x1024.jpg 1024w, https:\/\/agora.xtec.cat\/escola-torreforta\/wp-content\/uploads\/usu181\/2023\/05\/Blue-Colorful-Photo-Collage-Back-to-School-Instagram-Post-1-300x300.jpg 300w, https:\/\/agora.xtec.cat\/escola-torreforta\/wp-content\/uploads\/usu181\/2023\/05\/Blue-Colorful-Photo-Collage-Back-to-School-Instagram-Post-1-150x150.jpg 150w, https:\/\/agora.xtec.cat\/escola-torreforta\/wp-content\/uploads\/usu181\/2023\/05\/Blue-Colorful-Photo-Collage-Back-to-School-Instagram-Post-1-768x768.jpg 768w, https:\/\/agora.xtec.cat\/escola-torreforta\/wp-content\/uploads\/usu181\/2023\/05\/Blue-Colorful-Photo-Collage-Back-to-School-Instagram-Post-1.jpg 1080w\" sizes=\"auto, (max-width: 1024px) 100vw, 1024px\" \/><\/a><\/p>\n<p>L&#8217;alumnat del cicle Mitj\u00e0 va gaudir d&#8217;una fant\u00e0stica obra teatral a l&#8217;escola a c\u00e0rrec de la companyia Sensedrama. L&#8217;espectacle del que van gaudir \u00e9s un recorregut a trav\u00e9s d&#8217;hist\u00f2ries que se situen a l\u2019\u00c0frica del Nord,\u00a0concretament al\u00a0Magreb, i tamb\u00e9 a Turquia. Amb elles van descobrir la seva geografia, la fauna, el clima, i els seus sabors i olors. Durant una estona es van traslladar a un m\u00f3n ex\u00f2tic i misteri\u00f3s. Fant\u00e0stic!<\/p>\n<p><a href=\"https:\/\/agora.xtec.cat\/escola-torreforta\/wp-content\/uploads\/usu181\/2023\/05\/Contes_africans_sensedrama.jpg\"><img loading=\"lazy\" decoding=\"async\" class=\"alignnone size-large wp-image-2765\" src=\"https:\/\/agora.xtec.cat\/escola-torreforta\/wp-content\/uploads\/usu181\/2023\/05\/Contes_africans_sensedrama-1024x576.jpg\" alt=\"\" width=\"1024\" height=\"576\" srcset=\"https:\/\/agora.xtec.cat\/escola-torreforta\/wp-content\/uploads\/usu181\/2023\/05\/Contes_africans_sensedrama-1024x576.jpg 1024w, https:\/\/agora.xtec.cat\/escola-torreforta\/wp-content\/uploads\/usu181\/2023\/05\/Contes_africans_sensedrama-300x169.jpg 300w, https:\/\/agora.xtec.cat\/escola-torreforta\/wp-content\/uploads\/usu181\/2023\/05\/Contes_africans_sensedrama-768x432.jpg 768w, https:\/\/agora.xtec.cat\/escola-torreforta\/wp-content\/uploads\/usu181\/2023\/05\/Contes_africans_sensedrama-1536x864.jpg 1536w, https:\/\/agora.xtec.cat\/escola-torreforta\/wp-content\/uploads\/usu181\/2023\/05\/Contes_africans_sensedrama.jpg 1920w\" sizes=\"auto, (max-width: 1024px) 100vw, 1024px\" \/><\/a><\/p>\n<p style=\"text-align: center;\"><strong>ABRIL \u2013\u00a0 CURS 2022 \u2013 2023<\/strong><\/p>\n<p>El Cicle Mitj\u00e0 de l&#8217;escola ha participat en uns tallers proposats per l&#8217;Institut Vidal i Barraquer en col\u00b7laboraci\u00f3 amb el Pla d&#8217;Entorn dels barris de Ponent amb l&#8217;objectiu de potenciar l&#8217;\u00fas de la llegua catalana i la col\u00b7laboraci\u00f3 entre alumnat. Els alumnes del Cicle Superior d&#8217;Integraci\u00f3 Social han preparat un seguit d&#8217;activitats molt entretingudes i divertides que han fet les del\u00edcies de tothom!<a href=\"https:\/\/agora.xtec.cat\/escola-torreforta\/wp-content\/uploads\/usu181\/2023\/04\/entorn.jpg\"><br \/>\n<img loading=\"lazy\" decoding=\"async\" class=\"size-large wp-image-2759 aligncenter\" src=\"https:\/\/agora.xtec.cat\/escola-torreforta\/wp-content\/uploads\/usu181\/2023\/04\/entorn-576x1024.jpg\" alt=\"\" width=\"576\" height=\"1024\" srcset=\"https:\/\/agora.xtec.cat\/escola-torreforta\/wp-content\/uploads\/usu181\/2023\/04\/entorn-576x1024.jpg 576w, https:\/\/agora.xtec.cat\/escola-torreforta\/wp-content\/uploads\/usu181\/2023\/04\/entorn-169x300.jpg 169w, https:\/\/agora.xtec.cat\/escola-torreforta\/wp-content\/uploads\/usu181\/2023\/04\/entorn-768x1365.jpg 768w, https:\/\/agora.xtec.cat\/escola-torreforta\/wp-content\/uploads\/usu181\/2023\/04\/entorn-864x1536.jpg 864w, https:\/\/agora.xtec.cat\/escola-torreforta\/wp-content\/uploads\/usu181\/2023\/04\/entorn.jpg 1080w\" sizes=\"auto, (max-width: 576px) 100vw, 576px\" \/><\/a><\/p>\n<p>Felicitem a la Samah de 4tB pel seu segon premi al Certamen Literari Olga Xirinacs. Tota la classe l&#8217;ha acompanyat a recollir el premi! Aprofitem tamb\u00e9 per felicitar al Youssef de 6\u00e8 que tamb\u00e9 ha estat premiat!<\/p>\n<p><a href=\"https:\/\/agora.xtec.cat\/escola-torreforta\/wp-content\/uploads\/usu181\/2023\/04\/Dark-Gray-Minimalist-University-Life-Photo-Collage-1.jpg\"><img loading=\"lazy\" decoding=\"async\" class=\"alignnone size-large wp-image-2731\" src=\"https:\/\/agora.xtec.cat\/escola-torreforta\/wp-content\/uploads\/usu181\/2023\/04\/Dark-Gray-Minimalist-University-Life-Photo-Collage-1-1024x819.jpg\" alt=\"\" width=\"1024\" height=\"819\" srcset=\"https:\/\/agora.xtec.cat\/escola-torreforta\/wp-content\/uploads\/usu181\/2023\/04\/Dark-Gray-Minimalist-University-Life-Photo-Collage-1-1024x819.jpg 1024w, https:\/\/agora.xtec.cat\/escola-torreforta\/wp-content\/uploads\/usu181\/2023\/04\/Dark-Gray-Minimalist-University-Life-Photo-Collage-1-300x240.jpg 300w, https:\/\/agora.xtec.cat\/escola-torreforta\/wp-content\/uploads\/usu181\/2023\/04\/Dark-Gray-Minimalist-University-Life-Photo-Collage-1-768x614.jpg 768w, https:\/\/agora.xtec.cat\/escola-torreforta\/wp-content\/uploads\/usu181\/2023\/04\/Dark-Gray-Minimalist-University-Life-Photo-Collage-1-1536x1229.jpg 1536w, https:\/\/agora.xtec.cat\/escola-torreforta\/wp-content\/uploads\/usu181\/2023\/04\/Dark-Gray-Minimalist-University-Life-Photo-Collage-1.jpg 2000w\" sizes=\"auto, (max-width: 1024px) 100vw, 1024px\" \/><\/a><\/p>\n<p>Els alumnes que participen a l&#8217;activitat de Coral dirigida per la Cristina Ruiz i que van anar al Palau de la M\u00fasica Catalana han participat en l&#8217;enregistrament d&#8217;un videoclip que inclour\u00e0 tots els grups de cantaires que van participar de la cantata El barret prodigi\u00f3s i la barraca dels monstres. Ens ha acompanyat el cantautor Cesc Freixas que tamb\u00e9 participa del videoclip i tamb\u00e9 hem comptat amb la direcci\u00f3 de Guifr\u00e9 Canadell. Una experi\u00e8ncia xul\u00edssima!<\/p>\n<p><a href=\"https:\/\/agora.xtec.cat\/escola-torreforta\/wp-content\/uploads\/usu181\/2023\/04\/palau_vincles.jpg\"><img loading=\"lazy\" decoding=\"async\" class=\"size-large wp-image-2726 aligncenter\" src=\"https:\/\/agora.xtec.cat\/escola-torreforta\/wp-content\/uploads\/usu181\/2023\/04\/palau_vincles-1024x1024.jpg\" alt=\"\" width=\"1024\" height=\"1024\" srcset=\"https:\/\/agora.xtec.cat\/escola-torreforta\/wp-content\/uploads\/usu181\/2023\/04\/palau_vincles-1024x1024.jpg 1024w, https:\/\/agora.xtec.cat\/escola-torreforta\/wp-content\/uploads\/usu181\/2023\/04\/palau_vincles-300x300.jpg 300w, https:\/\/agora.xtec.cat\/escola-torreforta\/wp-content\/uploads\/usu181\/2023\/04\/palau_vincles-150x150.jpg 150w, https:\/\/agora.xtec.cat\/escola-torreforta\/wp-content\/uploads\/usu181\/2023\/04\/palau_vincles-768x768.jpg 768w, https:\/\/agora.xtec.cat\/escola-torreforta\/wp-content\/uploads\/usu181\/2023\/04\/palau_vincles.jpg 1080w\" sizes=\"auto, (max-width: 1024px) 100vw, 1024px\" \/><\/a><\/p>\n<p style=\"text-align: center;\">Els alumnes i les alumnes de 4tB van gaudir del taller Es fa saber.\ud83d\udc9a<br \/>\n\u267b\ufe0fUna proposta din\u00e0mica i engrescadora per treballar les 3R: reduir, reciclar i reutilitzar! \u267b\ufe0f<\/p>\n<p><a href=\"https:\/\/agora.xtec.cat\/escola-torreforta\/wp-content\/uploads\/usu181\/2023\/04\/ES_FA_SABER.jpg\"><img loading=\"lazy\" decoding=\"async\" class=\"alignnone size-large wp-image-2729\" src=\"https:\/\/agora.xtec.cat\/escola-torreforta\/wp-content\/uploads\/usu181\/2023\/04\/ES_FA_SABER-1024x1024.jpg\" alt=\"\" width=\"1024\" height=\"1024\" srcset=\"https:\/\/agora.xtec.cat\/escola-torreforta\/wp-content\/uploads\/usu181\/2023\/04\/ES_FA_SABER-1024x1024.jpg 1024w, https:\/\/agora.xtec.cat\/escola-torreforta\/wp-content\/uploads\/usu181\/2023\/04\/ES_FA_SABER-300x300.jpg 300w, https:\/\/agora.xtec.cat\/escola-torreforta\/wp-content\/uploads\/usu181\/2023\/04\/ES_FA_SABER-150x150.jpg 150w, https:\/\/agora.xtec.cat\/escola-torreforta\/wp-content\/uploads\/usu181\/2023\/04\/ES_FA_SABER-768x768.jpg 768w, https:\/\/agora.xtec.cat\/escola-torreforta\/wp-content\/uploads\/usu181\/2023\/04\/ES_FA_SABER.jpg 1080w\" sizes=\"auto, (max-width: 1024px) 100vw, 1024px\" \/><\/a><\/p>\n<p>La Gu\u00e0rdia Urbana ha passat per les dues classes de 4t per tal de treballar l&#8217;educaci\u00f3 vi\u00e0ria i d&#8217;altres inquietuds de l&#8217;alumnat!<\/p>\n<p><a href=\"https:\/\/agora.xtec.cat\/escola-torreforta\/wp-content\/uploads\/usu181\/2023\/04\/Photo-Collage-Facebook-Post-1.jpg\"><img loading=\"lazy\" decoding=\"async\" class=\"alignnone size-full wp-image-2750\" src=\"https:\/\/agora.xtec.cat\/escola-torreforta\/wp-content\/uploads\/usu181\/2023\/04\/Photo-Collage-Facebook-Post-1.jpg\" alt=\"\" width=\"940\" height=\"788\" srcset=\"https:\/\/agora.xtec.cat\/escola-torreforta\/wp-content\/uploads\/usu181\/2023\/04\/Photo-Collage-Facebook-Post-1.jpg 940w, https:\/\/agora.xtec.cat\/escola-torreforta\/wp-content\/uploads\/usu181\/2023\/04\/Photo-Collage-Facebook-Post-1-300x250.jpg 300w, https:\/\/agora.xtec.cat\/escola-torreforta\/wp-content\/uploads\/usu181\/2023\/04\/Photo-Collage-Facebook-Post-1-768x644.jpg 768w\" sizes=\"auto, (max-width: 940px) 100vw, 940px\" \/><\/a><\/p>\n<p><a href=\"https:\/\/agora.xtec.cat\/escola-torreforta\/wp-content\/uploads\/usu181\/2023\/04\/laboratori_de_numeros.jpg\"><br \/>\n<img loading=\"lazy\" decoding=\"async\" class=\"size-large wp-image-2723 aligncenter\" src=\"https:\/\/agora.xtec.cat\/escola-torreforta\/wp-content\/uploads\/usu181\/2023\/04\/laboratori_de_numeros-576x1024.jpg\" alt=\"\" width=\"576\" height=\"1024\" srcset=\"https:\/\/agora.xtec.cat\/escola-torreforta\/wp-content\/uploads\/usu181\/2023\/04\/laboratori_de_numeros-576x1024.jpg 576w, https:\/\/agora.xtec.cat\/escola-torreforta\/wp-content\/uploads\/usu181\/2023\/04\/laboratori_de_numeros-169x300.jpg 169w, https:\/\/agora.xtec.cat\/escola-torreforta\/wp-content\/uploads\/usu181\/2023\/04\/laboratori_de_numeros-768x1365.jpg 768w, https:\/\/agora.xtec.cat\/escola-torreforta\/wp-content\/uploads\/usu181\/2023\/04\/laboratori_de_numeros-864x1536.jpg 864w, https:\/\/agora.xtec.cat\/escola-torreforta\/wp-content\/uploads\/usu181\/2023\/04\/laboratori_de_numeros.jpg 1080w\" sizes=\"auto, (max-width: 576px) 100vw, 576px\" \/><\/a><\/p>\n<p style=\"text-align: center;\"><a href=\"https:\/\/agora.xtec.cat\/escola-torreforta\/wp-content\/uploads\/usu181\/2023\/04\/TALLER_JOCS_MON.jpg\"><img loading=\"lazy\" decoding=\"async\" class=\"alignnone size-large wp-image-2724\" src=\"https:\/\/agora.xtec.cat\/escola-torreforta\/wp-content\/uploads\/usu181\/2023\/04\/TALLER_JOCS_MON-576x1024.jpg\" alt=\"\" width=\"576\" height=\"1024\" srcset=\"https:\/\/agora.xtec.cat\/escola-torreforta\/wp-content\/uploads\/usu181\/2023\/04\/TALLER_JOCS_MON-576x1024.jpg 576w, https:\/\/agora.xtec.cat\/escola-torreforta\/wp-content\/uploads\/usu181\/2023\/04\/TALLER_JOCS_MON-169x300.jpg 169w, https:\/\/agora.xtec.cat\/escola-torreforta\/wp-content\/uploads\/usu181\/2023\/04\/TALLER_JOCS_MON-768x1365.jpg 768w, https:\/\/agora.xtec.cat\/escola-torreforta\/wp-content\/uploads\/usu181\/2023\/04\/TALLER_JOCS_MON-864x1536.jpg 864w, https:\/\/agora.xtec.cat\/escola-torreforta\/wp-content\/uploads\/usu181\/2023\/04\/TALLER_JOCS_MON.jpg 1080w\" sizes=\"auto, (max-width: 576px) 100vw, 576px\" \/><\/a><\/p>\n<p>&nbsp;<\/p>\n<p style=\"text-align: center;\"><strong>MAR\u00c7 \u2013\u00a0 CURS 2022 \u2013 2023<\/strong><\/p>\n<p><span style=\"font-weight: 400;\">Aquest m\u00e9s de mar\u00e7 us presentem un altre taller: TIMMS, reptes, experiments i molt m\u00e9s!<br \/>\nEn aquest taller treballem amb el m\u00e8tode cient\u00edfic, fem hip\u00f2tesis i comprovem resultats, descobrim reaccions qu\u00edmiques senzilles, subst\u00e0ncies i materials presents en l&#8217;entorn i a la natura, programem amb rob\u00f2tica (makey, makey) i molt m\u00e9s!<\/span><\/p>\n<p><a href=\"https:\/\/agora.xtec.cat\/escola-torreforta\/wp-content\/uploads\/usu181\/2023\/03\/Collage-Vision-Board-2023-Ano-Nuevo-Proposito-Scrapbook-Minimalista-AestheticPastel-1.png\"><img loading=\"lazy\" decoding=\"async\" class=\"size-full wp-image-2700 aligncenter\" src=\"https:\/\/agora.xtec.cat\/escola-torreforta\/wp-content\/uploads\/usu181\/2023\/03\/Collage-Vision-Board-2023-Ano-Nuevo-Proposito-Scrapbook-Minimalista-AestheticPastel-1.png\" alt=\"\" width=\"1000\" height=\"800\" srcset=\"https:\/\/agora.xtec.cat\/escola-torreforta\/wp-content\/uploads\/usu181\/2023\/03\/Collage-Vision-Board-2023-Ano-Nuevo-Proposito-Scrapbook-Minimalista-AestheticPastel-1.png 1000w, https:\/\/agora.xtec.cat\/escola-torreforta\/wp-content\/uploads\/usu181\/2023\/03\/Collage-Vision-Board-2023-Ano-Nuevo-Proposito-Scrapbook-Minimalista-AestheticPastel-1-300x240.png 300w, https:\/\/agora.xtec.cat\/escola-torreforta\/wp-content\/uploads\/usu181\/2023\/03\/Collage-Vision-Board-2023-Ano-Nuevo-Proposito-Scrapbook-Minimalista-AestheticPastel-1-768x614.png 768w\" sizes=\"auto, (max-width: 1000px) 100vw, 1000px\" \/><\/a><\/p>\n<p>&nbsp;<\/p>\n<p><span style=\"font-weight: 400;\">El diumenge 5 de mar\u00e7 els alumnes de 3r van participar a Barcelona de la cantata \u2018El barret prodigi\u00f3s i la barraca de monstres\u2019. L&#8217;activitat de Coral que es realitza a l&#8217;escola est\u00e0 dirigida per la professora Cristina Ruiz i l&#8217;ofereix l&#8217;Escola Municipal de M\u00fasica de Tarragona.\u00a0<\/span><\/p>\n<p>\u2018El barret prodigi\u00f3s i la barraca de monstres\u2019 \u00e9s del compositor i director Xavier Sans. L\u2019obra est\u00e0 basada en el primer conte infantil de l\u2019escriptor catal\u00e0 Pere Calders. En l\u2019actuaci\u00f3 hi han participat un total de 750 infants i joves que integren les formacions corals de Palau Vincles, el projecte social de la instituci\u00f3. Els cantaires han actuat acompanyats per un sextet de cambra integrat per clarinet, contrabaix, piano, guitarra, acordi\u00f3 i percussi\u00f3. Dani Coma: direcci\u00f3 esc\u00e8nica. Direcci\u00f3 musical: Guifr\u00e9 Canadell. Dramat\u00fargia: Ariadna Pastor.<\/p>\n<p><iframe loading=\"lazy\" title=\"\u2018El barret prodigi\u00f3s i la barraca de monstres\u2019\" width=\"500\" height=\"281\" src=\"https:\/\/www.youtube.com\/embed\/nr2uv8eL2NQ?feature=oembed\" frameborder=\"0\" allow=\"accelerometer; autoplay; clipboard-write; encrypted-media; gyroscope; picture-in-picture; web-share\" referrerpolicy=\"strict-origin-when-cross-origin\" allowfullscreen><\/iframe><\/p>\n<p>&nbsp;<\/p>\n<p><span style=\"font-weight: 400;\">Us deixem amb unes fotos de la creaci\u00f3 de murals a partir de l&#8217;an\u00e0lisi i treball del contingut dels Objectius de Desenvolupament Sostenible. Objectius que ens apropen a problem\u00e0tiques globals i properes i que ens consciencien de la necessitat de millora i canvi personal i social en molts aspectes de la vida di\u00e0ria.<\/span><\/p>\n<p style=\"text-align: center;\"><strong><a href=\"https:\/\/agora.xtec.cat\/escola-torreforta\/wp-content\/uploads\/usu181\/2023\/03\/ODS.png\"><img loading=\"lazy\" decoding=\"async\" class=\"alignnone size-large wp-image-2697\" src=\"https:\/\/agora.xtec.cat\/escola-torreforta\/wp-content\/uploads\/usu181\/2023\/03\/ODS-576x1024.png\" alt=\"\" width=\"576\" height=\"1024\" srcset=\"https:\/\/agora.xtec.cat\/escola-torreforta\/wp-content\/uploads\/usu181\/2023\/03\/ODS-576x1024.png 576w, https:\/\/agora.xtec.cat\/escola-torreforta\/wp-content\/uploads\/usu181\/2023\/03\/ODS-169x300.png 169w, https:\/\/agora.xtec.cat\/escola-torreforta\/wp-content\/uploads\/usu181\/2023\/03\/ODS-768x1365.png 768w, https:\/\/agora.xtec.cat\/escola-torreforta\/wp-content\/uploads\/usu181\/2023\/03\/ODS-864x1536.png 864w, https:\/\/agora.xtec.cat\/escola-torreforta\/wp-content\/uploads\/usu181\/2023\/03\/ODS.png 1080w\" sizes=\"auto, (max-width: 576px) 100vw, 576px\" \/><\/a><\/strong><span style=\"font-family: inherit; font-size: 1em; text-align: center;\">__________________________________________<\/span><\/p>\n<p><a href=\"https:\/\/agora.xtec.cat\/escola-torreforta\/wp-content\/uploads\/usu181\/2023\/03\/MALBARATAMENT-1.png\"><br \/>\n<img loading=\"lazy\" decoding=\"async\" class=\"size-large wp-image-2689 aligncenter\" src=\"https:\/\/agora.xtec.cat\/escola-torreforta\/wp-content\/uploads\/usu181\/2023\/03\/MALBARATAMENT-1-1024x1024.png\" alt=\"\" width=\"1024\" height=\"1024\" srcset=\"https:\/\/agora.xtec.cat\/escola-torreforta\/wp-content\/uploads\/usu181\/2023\/03\/MALBARATAMENT-1-1024x1024.png 1024w, https:\/\/agora.xtec.cat\/escola-torreforta\/wp-content\/uploads\/usu181\/2023\/03\/MALBARATAMENT-1-300x300.png 300w, https:\/\/agora.xtec.cat\/escola-torreforta\/wp-content\/uploads\/usu181\/2023\/03\/MALBARATAMENT-1-150x150.png 150w, https:\/\/agora.xtec.cat\/escola-torreforta\/wp-content\/uploads\/usu181\/2023\/03\/MALBARATAMENT-1-768x768.png 768w, https:\/\/agora.xtec.cat\/escola-torreforta\/wp-content\/uploads\/usu181\/2023\/03\/MALBARATAMENT-1.png 1080w\" sizes=\"auto, (max-width: 1024px) 100vw, 1024px\" \/><\/a><span style=\"font-family: inherit; font-size: 1em; text-align: center;\">__________________________________________________<\/span><\/p>\n<p style=\"text-align: center;\"><a href=\"https:\/\/agora.xtec.cat\/escola-torreforta\/wp-content\/uploads\/usu181\/2023\/03\/TRESrrr-1.png\"><img loading=\"lazy\" decoding=\"async\" class=\"size-large wp-image-2690 aligncenter\" src=\"https:\/\/agora.xtec.cat\/escola-torreforta\/wp-content\/uploads\/usu181\/2023\/03\/TRESrrr-1-1024x1024.png\" alt=\"\" width=\"1024\" height=\"1024\" srcset=\"https:\/\/agora.xtec.cat\/escola-torreforta\/wp-content\/uploads\/usu181\/2023\/03\/TRESrrr-1-1024x1024.png 1024w, https:\/\/agora.xtec.cat\/escola-torreforta\/wp-content\/uploads\/usu181\/2023\/03\/TRESrrr-1-300x300.png 300w, https:\/\/agora.xtec.cat\/escola-torreforta\/wp-content\/uploads\/usu181\/2023\/03\/TRESrrr-1-150x150.png 150w, https:\/\/agora.xtec.cat\/escola-torreforta\/wp-content\/uploads\/usu181\/2023\/03\/TRESrrr-1-768x768.png 768w, https:\/\/agora.xtec.cat\/escola-torreforta\/wp-content\/uploads\/usu181\/2023\/03\/TRESrrr-1.png 1080w\" sizes=\"auto, (max-width: 1024px) 100vw, 1024px\" \/><\/a><span style=\"font-family: inherit; font-size: 1em; text-align: center;\">__________________________________________________<\/span><\/p>\n<p style=\"text-align: center;\"><img loading=\"lazy\" decoding=\"async\" class=\"size-large wp-image-2691 aligncenter\" src=\"https:\/\/agora.xtec.cat\/escola-torreforta\/wp-content\/uploads\/usu181\/2023\/03\/es-fa-saber-1-1024x1024.png\" alt=\"\" width=\"1024\" height=\"1024\" srcset=\"https:\/\/agora.xtec.cat\/escola-torreforta\/wp-content\/uploads\/usu181\/2023\/03\/es-fa-saber-1-1024x1024.png 1024w, https:\/\/agora.xtec.cat\/escola-torreforta\/wp-content\/uploads\/usu181\/2023\/03\/es-fa-saber-1-300x300.png 300w, https:\/\/agora.xtec.cat\/escola-torreforta\/wp-content\/uploads\/usu181\/2023\/03\/es-fa-saber-1-150x150.png 150w, https:\/\/agora.xtec.cat\/escola-torreforta\/wp-content\/uploads\/usu181\/2023\/03\/es-fa-saber-1-768x768.png 768w, https:\/\/agora.xtec.cat\/escola-torreforta\/wp-content\/uploads\/usu181\/2023\/03\/es-fa-saber-1.png 1080w\" sizes=\"auto, (max-width: 1024px) 100vw, 1024px\" \/><span style=\"font-family: inherit; font-size: 1em; text-align: center;\">___________________________________________________<\/span><\/p>\n<p style=\"text-align: center;\"><img loading=\"lazy\" decoding=\"async\" class=\"size-large wp-image-2692 aligncenter\" src=\"https:\/\/agora.xtec.cat\/escola-torreforta\/wp-content\/uploads\/usu181\/2023\/03\/EL-JOC-DE-LOCA-1-1024x819.png\" alt=\"\" width=\"1024\" height=\"819\" srcset=\"https:\/\/agora.xtec.cat\/escola-torreforta\/wp-content\/uploads\/usu181\/2023\/03\/EL-JOC-DE-LOCA-1-1024x819.png 1024w, https:\/\/agora.xtec.cat\/escola-torreforta\/wp-content\/uploads\/usu181\/2023\/03\/EL-JOC-DE-LOCA-1-300x240.png 300w, https:\/\/agora.xtec.cat\/escola-torreforta\/wp-content\/uploads\/usu181\/2023\/03\/EL-JOC-DE-LOCA-1-768x614.png 768w, https:\/\/agora.xtec.cat\/escola-torreforta\/wp-content\/uploads\/usu181\/2023\/03\/EL-JOC-DE-LOCA-1.png 1080w\" sizes=\"auto, (max-width: 1024px) 100vw, 1024px\" \/><\/p>\n<p style=\"text-align: center;\"><strong>FEBRER \u2013\u00a0 CURS 2022 \u2013 2023<\/strong><\/p>\n<p>L&#8217;alumnat del Cicle Mitj\u00e0 ha fet una visita a la ludoteca de Torreforta. Un lloc conegut per a alguns i una descoberta per alguns altres. Han realitzat activitats a l&#8217;exterior i a l&#8217;interior i s&#8217;ho han passat d&#8217;all\u00f2 m\u00e9s b\u00e9. Us deixem un enlla\u00e7 on podreu trobar m\u00e9s informaci\u00f3 i com inscriure-us online.<\/p>\n<p>https:\/\/www.tarragona.cat\/centrescivics\/serveis\/ludoteques\/ludoteca_de_torreforta\/ludoteca-de-torreforta<\/p>\n<p><iframe loading=\"lazy\" title=\"Visita de Cicle Mitj\u00e0 a la ludoteca de Torreforta\" width=\"500\" height=\"281\" src=\"https:\/\/www.youtube.com\/embed\/SBkacH286wg?feature=oembed\" frameborder=\"0\" allow=\"accelerometer; autoplay; clipboard-write; encrypted-media; gyroscope; picture-in-picture; web-share\" referrerpolicy=\"strict-origin-when-cross-origin\" allowfullscreen><\/iframe><\/p>\n<p>Us deixem unes fotografies de com han quedat els treballs pl\u00e0stics d&#8217;art abstracte ja acabats i decorant els nostres passadissos! Una xulada!<\/p>\n<p><a href=\"https:\/\/agora.xtec.cat\/escola-torreforta\/wp-content\/uploads\/usu181\/2023\/02\/passadissos.jpg\"><img loading=\"lazy\" decoding=\"async\" class=\"alignnone size-large wp-image-2651\" src=\"https:\/\/agora.xtec.cat\/escola-torreforta\/wp-content\/uploads\/usu181\/2023\/02\/passadissos-1024x1024.jpg\" alt=\"\" width=\"1024\" height=\"1024\" srcset=\"https:\/\/agora.xtec.cat\/escola-torreforta\/wp-content\/uploads\/usu181\/2023\/02\/passadissos.jpg 1024w, https:\/\/agora.xtec.cat\/escola-torreforta\/wp-content\/uploads\/usu181\/2023\/02\/passadissos-300x300.jpg 300w, https:\/\/agora.xtec.cat\/escola-torreforta\/wp-content\/uploads\/usu181\/2023\/02\/passadissos-150x150.jpg 150w, https:\/\/agora.xtec.cat\/escola-torreforta\/wp-content\/uploads\/usu181\/2023\/02\/passadissos-768x768.jpg 768w\" sizes=\"auto, (max-width: 1024px) 100vw, 1024px\" \/><\/a><\/p>\n<p>Encara que tots i totes ho han fet molt b\u00e9 l&#8217;alumnat de cada classe ha triat entre tots els seus representants. Queda encara cam\u00ed per a la gran final per\u00f2 tenim molta confian\u00e7a els finalistes d&#8217;escola que sortiran d&#8217;aquesta fase. A les fotografi\u00e9s podeu veure els candidats de Cicle Mitj\u00e0. Molt bona feina!<\/p>\n<p style=\"text-align: center;\"><strong><a href=\"https:\/\/agora.xtec.cat\/escola-torreforta\/wp-content\/uploads\/usu181\/2023\/02\/certamen.jpg\"><img loading=\"lazy\" decoding=\"async\" class=\"alignnone size-full wp-image-2648\" src=\"https:\/\/agora.xtec.cat\/escola-torreforta\/wp-content\/uploads\/usu181\/2023\/02\/certamen.jpg\" alt=\"\" width=\"1000\" height=\"800\" srcset=\"https:\/\/agora.xtec.cat\/escola-torreforta\/wp-content\/uploads\/usu181\/2023\/02\/certamen.jpg 1000w, https:\/\/agora.xtec.cat\/escola-torreforta\/wp-content\/uploads\/usu181\/2023\/02\/certamen-300x240.jpg 300w, https:\/\/agora.xtec.cat\/escola-torreforta\/wp-content\/uploads\/usu181\/2023\/02\/certamen-768x614.jpg 768w\" sizes=\"auto, (max-width: 1000px) 100vw, 1000px\" \/><\/a><\/strong><\/p>\n<p><span style=\"font-weight: 400;\">Aquest m\u00e9s de febrer us presentem un altre taller: Expressa&#8217;t: art, cos, cor i moviment. \ud83e\udd29<br \/>\n\u2764\ufe0fUn espai divers i respectu\u00f3s en el que desenvolupar l&#8217;autoconsci\u00e8ncia i l&#8217;autoestima i en el que es proposen activitats tan diverses com: coreografies, ioga, tai txi, concursos d&#8217;airguitar i tot all\u00f2 qu\u00e8 us pogueu imaginar!\u2764\ufe0f \u2757<\/span><\/p>\n<p><a href=\"https:\/\/agora.xtec.cat\/escola-torreforta\/wp-content\/uploads\/usu181\/2023\/02\/GridArt_20230209_181944437-1.jpg\"><img loading=\"lazy\" decoding=\"async\" class=\"alignnone size-large wp-image-2642\" src=\"https:\/\/agora.xtec.cat\/escola-torreforta\/wp-content\/uploads\/usu181\/2023\/02\/GridArt_20230209_181944437-1-1024x1024.jpg\" alt=\"\" width=\"1024\" height=\"1024\" srcset=\"https:\/\/agora.xtec.cat\/escola-torreforta\/wp-content\/uploads\/usu181\/2023\/02\/GridArt_20230209_181944437-1.jpg 1024w, https:\/\/agora.xtec.cat\/escola-torreforta\/wp-content\/uploads\/usu181\/2023\/02\/GridArt_20230209_181944437-1-300x300.jpg 300w, https:\/\/agora.xtec.cat\/escola-torreforta\/wp-content\/uploads\/usu181\/2023\/02\/GridArt_20230209_181944437-1-150x150.jpg 150w, https:\/\/agora.xtec.cat\/escola-torreforta\/wp-content\/uploads\/usu181\/2023\/02\/GridArt_20230209_181944437-1-768x768.jpg 768w\" sizes=\"auto, (max-width: 1024px) 100vw, 1024px\" \/><\/a><\/p>\n<p style=\"text-align: center;\"><strong>GENER \u2013\u00a0 CURS 2022 \u2013 2023<\/strong><\/p>\n<p>Aquest dilluns 30 de gener (aniversari de la mort de\u00a0<a class=\"mw-redirect\" title=\"Mohandas Karamchand\" href=\"https:\/\/ca.wikipedia.org\/wiki\/Mohandas_Karamchand\">Mahatma Gandhi<\/a>) celebrem el <b>Dia Escolar de la No-viol\u00e8ncia i la Pau, <\/b>celebraci\u00f3 fundada l&#8217;any 1964 pel poeta i educador mallorqu\u00ed Lloren\u00e7 Vidal Vidal.<\/p>\n<p>El DENIP propugna una educaci\u00f3 permanent en i per a la conc\u00f2rdia, la toler\u00e0ncia, la solidaritat, el respecte als drets humans, la no-viol\u00e8ncia i la pau. El seu missatge b\u00e0sic diu: &#8220;Amor universal, No-Viol\u00e8ncia i Pau. L&#8217;Amor universal \u00e9s millor que l&#8217;egoisme, la No-Viol\u00e8ncia \u00e9s millor que la viol\u00e8nica i la Pau \u00e9s millor que la guerra&#8221;.<\/p>\n<p>Aqu\u00ed us mostrem la confecci\u00f3 del cartell que lluirem els alumnes de Cicle Mitj\u00e0 en aquest acte.<\/p>\n<p><a href=\"https:\/\/agora.xtec.cat\/escola-torreforta\/wp-content\/uploads\/usu181\/2023\/01\/COLLAGE_PAU.png\"><img loading=\"lazy\" decoding=\"async\" class=\"alignnone size-full wp-image-2611\" src=\"https:\/\/agora.xtec.cat\/escola-torreforta\/wp-content\/uploads\/usu181\/2023\/01\/COLLAGE_PAU.png\" alt=\"\" width=\"940\" height=\"788\" srcset=\"https:\/\/agora.xtec.cat\/escola-torreforta\/wp-content\/uploads\/usu181\/2023\/01\/COLLAGE_PAU.png 940w, https:\/\/agora.xtec.cat\/escola-torreforta\/wp-content\/uploads\/usu181\/2023\/01\/COLLAGE_PAU-300x250.png 300w, https:\/\/agora.xtec.cat\/escola-torreforta\/wp-content\/uploads\/usu181\/2023\/01\/COLLAGE_PAU-768x644.png 768w\" sizes=\"auto, (max-width: 940px) 100vw, 940px\" \/><\/a><\/p>\n<p>El Servei Catal\u00e0 de Tr\u00e0nsit realitza formacions del Servei Catal\u00e0 de Tr\u00e0nsit a les escoles i instituts en mat\u00e8ria de Mobilitat Segura.<\/p>\n<p>Els parcs d\u2019educaci\u00f3 vi\u00e0ria s\u00f3n escenaris que permeten oferir experi\u00e8ncies de mobilitat als nens i nenes, per anar aconseguint noves aptituds: passos de vianants, sem\u00e0fors, senyals de tr\u00e0nsit\u2026<\/p>\n<p>Una experi\u00e8ncia molt enriquidora i divertida!<\/p>\n<p><iframe loading=\"lazy\" title=\"EDUCACI\u00d3 VI\u00c0RIA A CICLE MITJ\u00c0\" width=\"500\" height=\"281\" src=\"https:\/\/www.youtube.com\/embed\/q0d_G-bZvSY?feature=oembed\" frameborder=\"0\" allow=\"accelerometer; autoplay; clipboard-write; encrypted-media; gyroscope; picture-in-picture; web-share\" referrerpolicy=\"strict-origin-when-cross-origin\" allowfullscreen><\/iframe><\/p>\n<p>Aquest mes de gener l&#8217;alumnat de Cicle Mitj\u00e0 ha estat treballant l&#8217;Art Abstracte. Qu\u00e8 hi veieu vosaltres? Aqu\u00ed teniu un recull d&#8217;imatges de l&#8217;activitat.<\/p>\n<p><a href=\"https:\/\/agora.xtec.cat\/escola-torreforta\/wp-content\/uploads\/usu181\/2023\/01\/Colorful-Spring-Sale-Collage-template.png\"><img loading=\"lazy\" decoding=\"async\" class=\"alignnone size-large wp-image-2614\" src=\"https:\/\/agora.xtec.cat\/escola-torreforta\/wp-content\/uploads\/usu181\/2023\/01\/Colorful-Spring-Sale-Collage-template-1024x1024.png\" alt=\"\" width=\"1024\" height=\"1024\" srcset=\"https:\/\/agora.xtec.cat\/escola-torreforta\/wp-content\/uploads\/usu181\/2023\/01\/Colorful-Spring-Sale-Collage-template-1024x1024.png 1024w, https:\/\/agora.xtec.cat\/escola-torreforta\/wp-content\/uploads\/usu181\/2023\/01\/Colorful-Spring-Sale-Collage-template-300x300.png 300w, https:\/\/agora.xtec.cat\/escola-torreforta\/wp-content\/uploads\/usu181\/2023\/01\/Colorful-Spring-Sale-Collage-template-150x150.png 150w, https:\/\/agora.xtec.cat\/escola-torreforta\/wp-content\/uploads\/usu181\/2023\/01\/Colorful-Spring-Sale-Collage-template-768x768.png 768w, https:\/\/agora.xtec.cat\/escola-torreforta\/wp-content\/uploads\/usu181\/2023\/01\/Colorful-Spring-Sale-Collage-template.png 1080w\" sizes=\"auto, (max-width: 1024px) 100vw, 1024px\" \/><\/a><\/p>\n<p>Els alumnes del programa TEI (tutoria entre iguals) s&#8217;han trobat per realitzar una gimcana de coneixen\u00e7a. Com veureu s\u00f3n els alumnes de 3r i 5\u00e8! Us deixem un recull d&#8217;imatges.<\/p>\n<p><a href=\"https:\/\/agora.xtec.cat\/escola-torreforta\/wp-content\/uploads\/usu181\/2023\/01\/historia-instagram-collage-verano-aesthetic-blanco.jpg\"><img loading=\"lazy\" decoding=\"async\" class=\"alignnone size-large wp-image-2615\" src=\"https:\/\/agora.xtec.cat\/escola-torreforta\/wp-content\/uploads\/usu181\/2023\/01\/historia-instagram-collage-verano-aesthetic-blanco-576x1024.jpg\" alt=\"\" width=\"576\" height=\"1024\" srcset=\"https:\/\/agora.xtec.cat\/escola-torreforta\/wp-content\/uploads\/usu181\/2023\/01\/historia-instagram-collage-verano-aesthetic-blanco-576x1024.jpg 576w, https:\/\/agora.xtec.cat\/escola-torreforta\/wp-content\/uploads\/usu181\/2023\/01\/historia-instagram-collage-verano-aesthetic-blanco-169x300.jpg 169w, https:\/\/agora.xtec.cat\/escola-torreforta\/wp-content\/uploads\/usu181\/2023\/01\/historia-instagram-collage-verano-aesthetic-blanco-768x1365.jpg 768w, https:\/\/agora.xtec.cat\/escola-torreforta\/wp-content\/uploads\/usu181\/2023\/01\/historia-instagram-collage-verano-aesthetic-blanco-864x1536.jpg 864w, https:\/\/agora.xtec.cat\/escola-torreforta\/wp-content\/uploads\/usu181\/2023\/01\/historia-instagram-collage-verano-aesthetic-blanco.jpg 1080w\" sizes=\"auto, (max-width: 576px) 100vw, 576px\" \/><\/a><\/p>\n<p><span style=\"font-weight: 400;\">Aquest m\u00e9s de gener us volem presentar el primer taller de cicle mitj\u00e0\u2757<\/span><\/p>\n<p><span style=\"font-weight: 400;\">\ud83e\uddeaEs tracta del Laboratori de paraules, un espai per llegir, crear i parlar a trav\u00e9s de llibres realment interessants. \ud83d\udcd6<\/span><\/p>\n<p><a href=\"https:\/\/agora.xtec.cat\/escola-torreforta\/wp-content\/uploads\/usu181\/2023\/01\/GridArt_20230128_093714622-1.jpg\"><img loading=\"lazy\" decoding=\"async\" class=\"alignnone size-large wp-image-2621\" src=\"https:\/\/agora.xtec.cat\/escola-torreforta\/wp-content\/uploads\/usu181\/2023\/01\/GridArt_20230128_093714622-1-1024x1024.jpg\" alt=\"\" width=\"1024\" height=\"1024\" srcset=\"https:\/\/agora.xtec.cat\/escola-torreforta\/wp-content\/uploads\/usu181\/2023\/01\/GridArt_20230128_093714622-1.jpg 1024w, https:\/\/agora.xtec.cat\/escola-torreforta\/wp-content\/uploads\/usu181\/2023\/01\/GridArt_20230128_093714622-1-300x300.jpg 300w, https:\/\/agora.xtec.cat\/escola-torreforta\/wp-content\/uploads\/usu181\/2023\/01\/GridArt_20230128_093714622-1-150x150.jpg 150w, https:\/\/agora.xtec.cat\/escola-torreforta\/wp-content\/uploads\/usu181\/2023\/01\/GridArt_20230128_093714622-1-768x768.jpg 768w\" sizes=\"auto, (max-width: 1024px) 100vw, 1024px\" \/><\/a><\/p>\n<p style=\"text-align: center;\"><strong>DESEMBRE &#8211;\u00a0 CURS 2022 &#8211; 2023<\/strong><\/p>\n<p style=\"text-align: left;\">Els alumnes de 4t han participat en l&#8217;activitat de Nadal de l&#8217;Ajuntament de Tarragona, l&#8217;Arbre dels desitjos. Aqu\u00ed en teniu una mostra.<\/p>\n<p><iframe loading=\"lazy\" title=\"L&#039;ARBRE DELS DESITJOS\" width=\"500\" height=\"281\" src=\"https:\/\/www.youtube.com\/embed\/sb4jukbWNyU?feature=oembed\" frameborder=\"0\" allow=\"accelerometer; autoplay; clipboard-write; encrypted-media; gyroscope; picture-in-picture; web-share\" referrerpolicy=\"strict-origin-when-cross-origin\" allowfullscreen><\/iframe><\/p>\n<p>Els alumnes de 3r han participat a la cantada de Nadales del Pla Educatiu d&#8217;Entorn dels barris de Ponent. Ho han fet molt b\u00e9!<\/p>\n<p><a href=\"https:\/\/agora.xtec.cat\/escola-torreforta\/wp-content\/uploads\/usu181\/2022\/12\/sortida_PLA_DENTORN.jpg\"><img loading=\"lazy\" decoding=\"async\" class=\"alignnone size-large wp-image-2583\" src=\"https:\/\/agora.xtec.cat\/escola-torreforta\/wp-content\/uploads\/usu181\/2022\/12\/sortida_PLA_DENTORN-576x1024.jpg\" alt=\"\" width=\"576\" height=\"1024\" srcset=\"https:\/\/agora.xtec.cat\/escola-torreforta\/wp-content\/uploads\/usu181\/2022\/12\/sortida_PLA_DENTORN-576x1024.jpg 576w, https:\/\/agora.xtec.cat\/escola-torreforta\/wp-content\/uploads\/usu181\/2022\/12\/sortida_PLA_DENTORN-169x300.jpg 169w, https:\/\/agora.xtec.cat\/escola-torreforta\/wp-content\/uploads\/usu181\/2022\/12\/sortida_PLA_DENTORN-768x1365.jpg 768w, https:\/\/agora.xtec.cat\/escola-torreforta\/wp-content\/uploads\/usu181\/2022\/12\/sortida_PLA_DENTORN-864x1536.jpg 864w, https:\/\/agora.xtec.cat\/escola-torreforta\/wp-content\/uploads\/usu181\/2022\/12\/sortida_PLA_DENTORN.jpg 1080w\" sizes=\"auto, (max-width: 576px) 100vw, 576px\" \/><\/a><\/p>\n<p>No pot faltar tampoc decoraci\u00f3 nadalenca al nostre passad\u00eds!<\/p>\n<p><a href=\"https:\/\/agora.xtec.cat\/escola-torreforta\/wp-content\/uploads\/usu181\/2022\/12\/decoracio-passadis.jpg\"><img loading=\"lazy\" decoding=\"async\" class=\"alignnone size-large wp-image-2585\" src=\"https:\/\/agora.xtec.cat\/escola-torreforta\/wp-content\/uploads\/usu181\/2022\/12\/decoracio-passadis-1024x1024.jpg\" alt=\"\" width=\"1024\" height=\"1024\" srcset=\"https:\/\/agora.xtec.cat\/escola-torreforta\/wp-content\/uploads\/usu181\/2022\/12\/decoracio-passadis-1024x1024.jpg 1024w, https:\/\/agora.xtec.cat\/escola-torreforta\/wp-content\/uploads\/usu181\/2022\/12\/decoracio-passadis-300x300.jpg 300w, https:\/\/agora.xtec.cat\/escola-torreforta\/wp-content\/uploads\/usu181\/2022\/12\/decoracio-passadis-150x150.jpg 150w, https:\/\/agora.xtec.cat\/escola-torreforta\/wp-content\/uploads\/usu181\/2022\/12\/decoracio-passadis-768x768.jpg 768w, https:\/\/agora.xtec.cat\/escola-torreforta\/wp-content\/uploads\/usu181\/2022\/12\/decoracio-passadis-1536x1536.jpg 1536w, https:\/\/agora.xtec.cat\/escola-torreforta\/wp-content\/uploads\/usu181\/2022\/12\/decoracio-passadis.jpg 2048w\" sizes=\"auto, (max-width: 1024px) 100vw, 1024px\" \/><\/a><\/p>\n<p style=\"text-align: center;\"><strong>NOVEMBRE &#8211;\u00a0 CURS 2022 &#8211; 2023<\/strong><\/p>\n<p><span style=\"font-weight: 400;\">Aquest mes de novembre ha vingut carregat d\u2019activitats de germanor, conviv\u00e8ncia i aprenentatge.\u00a0<\/span><\/p>\n<p><span style=\"font-weight: 400;\">En aquest v\u00eddeo veureu fragments de:<\/span><\/p>\n<ul>\n<li style=\"font-weight: 400;\" aria-level=\"1\"><span style=\"font-weight: 400;\">El\u00a0 treball sobre les emocions que es realitza a l\u2019hora de pl\u00e0stica.<\/span><\/li>\n<li style=\"font-weight: 400;\" aria-level=\"1\"><span style=\"font-weight: 400;\">El projecte TEI de tutoria entre iguals.\u00a0<\/span><\/li>\n<li style=\"font-weight: 400;\" aria-level=\"1\"><span style=\"font-weight: 400;\">El projecte ARMIF, amb el que col\u00b7laborem amb la Universitat Rovira i Virgili en mat\u00e8ria d\u2019innovaci\u00f3 i noves tecnologies aplicades a l\u2019educaci\u00f3.<\/span><\/li>\n<li style=\"font-weight: 400;\" aria-level=\"1\"><span style=\"font-weight: 400;\">La sortida a l\u2019Anella del Mediterrani: entorn proper, esport i treball col\u00b7laboratiu en un mat\u00ed de somni!<\/span><\/li>\n<\/ul>\n<p><iframe loading=\"lazy\" title=\"NOVEMBRE - CICLE MITJ\u00c0 - 2022\" width=\"500\" height=\"281\" src=\"https:\/\/www.youtube.com\/embed\/tLXmTQTkm9w?feature=oembed\" frameborder=\"0\" allow=\"accelerometer; autoplay; clipboard-write; encrypted-media; gyroscope; picture-in-picture; web-share\" referrerpolicy=\"strict-origin-when-cross-origin\" allowfullscreen><\/iframe><\/p>\n<p>&nbsp;<\/p>\n<p><span style=\"font-weight: 400;\">A cicle mitj\u00e0 estem de festa i \u00e9s que hem comen\u00e7at els tallers!<\/span><\/p>\n<p><span style=\"font-weight: 400;\">Aquests tallers es duen a terme cada dimecres per la tarda i, el millor de tot \u00e9s que s\u00f3n internivells i multidisciplinars. A cada taller hi ha nens de 3r i de 4t i tots ells giren en torn diferents \u00e0rees de coneixement.\u00a0<\/span><\/p>\n<p><span style=\"font-weight: 400;\">Poc a poc us anirem presentat cada taller tal i com es mereix!<\/span><\/p>\n<p><a href=\"https:\/\/agora.xtec.cat\/escola-torreforta\/wp-content\/uploads\/usu181\/2022\/11\/Presentacio_tallers.jpg\"><img loading=\"lazy\" decoding=\"async\" class=\"alignnone size-large wp-image-2539\" src=\"https:\/\/agora.xtec.cat\/escola-torreforta\/wp-content\/uploads\/usu181\/2022\/11\/Presentacio_tallers-1024x1024.jpg\" alt=\"\" width=\"1024\" height=\"1024\" srcset=\"https:\/\/agora.xtec.cat\/escola-torreforta\/wp-content\/uploads\/usu181\/2022\/11\/Presentacio_tallers.jpg 1024w, https:\/\/agora.xtec.cat\/escola-torreforta\/wp-content\/uploads\/usu181\/2022\/11\/Presentacio_tallers-300x300.jpg 300w, https:\/\/agora.xtec.cat\/escola-torreforta\/wp-content\/uploads\/usu181\/2022\/11\/Presentacio_tallers-150x150.jpg 150w, https:\/\/agora.xtec.cat\/escola-torreforta\/wp-content\/uploads\/usu181\/2022\/11\/Presentacio_tallers-768x768.jpg 768w\" sizes=\"auto, (max-width: 1024px) 100vw, 1024px\" \/><\/a><\/p>\n<p><span style=\"font-weight: 400;\">Els nens i les nenes de cicle mitj\u00e0 tamb\u00e9 han pogut gaudir d\u2019aquests jocs manipulatius en els que es treballen conceptes de la tardor, la castanyada i Halloween.\u00a0<\/span><\/p>\n<p><span style=\"font-weight: 400;\">Segur que han gaudit molt jugant-hi!<\/span><\/p>\n<p><a href=\"https:\/\/agora.xtec.cat\/escola-torreforta\/wp-content\/uploads\/usu181\/2022\/11\/JOCS_DE_TARDOR_CICLE_MITJA_2022.jpg\"><img loading=\"lazy\" decoding=\"async\" class=\"alignnone size-large wp-image-2541\" src=\"https:\/\/agora.xtec.cat\/escola-torreforta\/wp-content\/uploads\/usu181\/2022\/11\/JOCS_DE_TARDOR_CICLE_MITJA_2022-1024x1024.jpg\" alt=\"\" width=\"1024\" height=\"1024\" srcset=\"https:\/\/agora.xtec.cat\/escola-torreforta\/wp-content\/uploads\/usu181\/2022\/11\/JOCS_DE_TARDOR_CICLE_MITJA_2022.jpg 1024w, https:\/\/agora.xtec.cat\/escola-torreforta\/wp-content\/uploads\/usu181\/2022\/11\/JOCS_DE_TARDOR_CICLE_MITJA_2022-300x300.jpg 300w, https:\/\/agora.xtec.cat\/escola-torreforta\/wp-content\/uploads\/usu181\/2022\/11\/JOCS_DE_TARDOR_CICLE_MITJA_2022-150x150.jpg 150w, https:\/\/agora.xtec.cat\/escola-torreforta\/wp-content\/uploads\/usu181\/2022\/11\/JOCS_DE_TARDOR_CICLE_MITJA_2022-768x768.jpg 768w\" sizes=\"auto, (max-width: 1024px) 100vw, 1024px\" \/><\/a><\/p>\n<p><span style=\"font-weight: 400;\">La m\u00fasica \u00e9s la nostra passi\u00f3! Creiem que no \u00e9s cap secret\u2026\u00a0<\/span><\/p>\n<p><span style=\"font-weight: 400;\">Aqu\u00ed us deixem un exemple amb els alumnes de 3r A interpretant un fragment d&#8217;un musicograma amb els boomwhackers!<\/span><\/p>\n<p><iframe loading=\"lazy\" title=\"TWINKLE TWINKLE AMB BOOMWHACKERS\" width=\"500\" height=\"281\" src=\"https:\/\/www.youtube.com\/embed\/6PCT-HJK4wo?feature=oembed\" frameborder=\"0\" allow=\"accelerometer; autoplay; clipboard-write; encrypted-media; gyroscope; picture-in-picture; web-share\" referrerpolicy=\"strict-origin-when-cross-origin\" allowfullscreen><\/iframe><\/p>\n<p><span style=\"font-weight: 400;\">La tardor per fi ha arribat,\u00a0<\/span><\/p>\n<p><span style=\"font-weight: 400;\">i l\u2019alumnat els passadissos ha engalanat!<\/span><\/p>\n<p><a href=\"https:\/\/agora.xtec.cat\/escola-torreforta\/wp-content\/uploads\/usu181\/2022\/11\/decoracio_1.jpg\"><img loading=\"lazy\" decoding=\"async\" class=\"alignnone size-large wp-image-2543\" src=\"https:\/\/agora.xtec.cat\/escola-torreforta\/wp-content\/uploads\/usu181\/2022\/11\/decoracio_1-1024x1024.jpg\" alt=\"\" width=\"1024\" height=\"1024\" srcset=\"https:\/\/agora.xtec.cat\/escola-torreforta\/wp-content\/uploads\/usu181\/2022\/11\/decoracio_1.jpg 1024w, https:\/\/agora.xtec.cat\/escola-torreforta\/wp-content\/uploads\/usu181\/2022\/11\/decoracio_1-300x300.jpg 300w, https:\/\/agora.xtec.cat\/escola-torreforta\/wp-content\/uploads\/usu181\/2022\/11\/decoracio_1-150x150.jpg 150w, https:\/\/agora.xtec.cat\/escola-torreforta\/wp-content\/uploads\/usu181\/2022\/11\/decoracio_1-768x768.jpg 768w\" sizes=\"auto, (max-width: 1024px) 100vw, 1024px\" \/><\/a><\/p>\n<p><span style=\"font-weight: 400;\">Castanyes, bolets i fulles,\u00a0<\/span><\/p>\n<p><span style=\"font-weight: 400;\">guarneixen, cofois, el nostre entorn.\u00a0<\/span><\/p>\n<p><a href=\"https:\/\/agora.xtec.cat\/escola-torreforta\/wp-content\/uploads\/usu181\/2022\/11\/decoracio_2.jpg\"><img loading=\"lazy\" decoding=\"async\" class=\"alignnone size-large wp-image-2544\" src=\"https:\/\/agora.xtec.cat\/escola-torreforta\/wp-content\/uploads\/usu181\/2022\/11\/decoracio_2-1024x1024.jpg\" alt=\"\" width=\"1024\" height=\"1024\" srcset=\"https:\/\/agora.xtec.cat\/escola-torreforta\/wp-content\/uploads\/usu181\/2022\/11\/decoracio_2.jpg 1024w, https:\/\/agora.xtec.cat\/escola-torreforta\/wp-content\/uploads\/usu181\/2022\/11\/decoracio_2-300x300.jpg 300w, https:\/\/agora.xtec.cat\/escola-torreforta\/wp-content\/uploads\/usu181\/2022\/11\/decoracio_2-150x150.jpg 150w, https:\/\/agora.xtec.cat\/escola-torreforta\/wp-content\/uploads\/usu181\/2022\/11\/decoracio_2-768x768.jpg 768w\" sizes=\"auto, (max-width: 1024px) 100vw, 1024px\" \/><\/a><\/p>\n<p>&nbsp;<\/p>\n<p style=\"text-align: center;\"><strong>OCTUBRE &#8211;\u00a0 CURS 2022 &#8211; 2023<\/strong><\/p>\n<p>Aquest mes d&#8217;octubre l&#8217;alumnat de Cicle Mitj\u00e0 ha treballat la tardor mitjan\u00e7ant diverses t\u00e8cniques pl\u00e0stiques. A tercer s&#8217;ha iniciat l&#8217;activitat de Coral, realitzada en col\u00b7laboraci\u00f3 amb l&#8217;escola Municipal de M\u00fasica de Tarragona. Tamb\u00e9, seguint en l&#8217;\u00e0mbit art\u00edstic, s&#8217;ha iniciat en la pr\u00e0ctica de la flauta i s&#8217;ha realitzat treball musical amb l&#8217;\u00fas de boomwhackers, (tubs sonors). Aquest final de trimestre tamb\u00e9 s&#8217;ha assajat les danses de la castanyada i les can\u00e7ons de Halloween en angl\u00e8s. La gu\u00e0rdia urbana ha fet la seva habitual visita per treballar l&#8217;educaci\u00f3 vi\u00e0ria i, finalment, els nens i nenes han gaudit d&#8217;un bonic taller d&#8217;emocions.<\/p>\n<p><iframe loading=\"lazy\" title=\"Octubre 2022 - Activitats a Cicle Mitj\u00e0!\" width=\"500\" height=\"281\" src=\"https:\/\/www.youtube.com\/embed\/D1zHJgmGruo?feature=oembed\" frameborder=\"0\" allow=\"accelerometer; autoplay; clipboard-write; encrypted-media; gyroscope; picture-in-picture; web-share\" referrerpolicy=\"strict-origin-when-cross-origin\" allowfullscreen><\/iframe><\/p>\n<p style=\"text-align: center;\"><strong>SETEMBRE &#8211;\u00a0 CURS 2022 &#8211; 2023<\/strong><\/p>\n<p>Com cada any comencem el curs amb activitats de coneixen\u00e7a entre alumnat i amb la nostra Festa Major, Santa Tecla. L&#8217;hem treballada des d&#8217;educaci\u00f3 art\u00edstica amb la creaci\u00f3 de nou bestiari a partir d&#8217;imatges de l&#8217;existent a la ciutat, amb alguna de les m\u00fasiques de la festa i amb la visualitzaci\u00f3 del documental Enxaneta, introducci\u00f3 pr\u00e8via a la vista dels Castellers de Sant Pere i Sant Pau a l&#8217;escola. Us deixem un recull d&#8217;imatges i v\u00eddeos perqu\u00e8 en gaudiu tant com ho vam fer nosaltres!<\/p>\n<p><a href=\"https:\/\/agora.xtec.cat\/escola-torreforta\/wp-content\/uploads\/usu181\/2022\/09\/COLLAGE.png\"><img loading=\"lazy\" decoding=\"async\" class=\"alignnone wp-image-2511\" src=\"https:\/\/agora.xtec.cat\/escola-torreforta\/wp-content\/uploads\/usu181\/2022\/09\/COLLAGE.png\" alt=\"\" width=\"648\" height=\"1291\" srcset=\"https:\/\/agora.xtec.cat\/escola-torreforta\/wp-content\/uploads\/usu181\/2022\/09\/COLLAGE.png 406w, https:\/\/agora.xtec.cat\/escola-torreforta\/wp-content\/uploads\/usu181\/2022\/09\/COLLAGE-151x300.png 151w\" sizes=\"auto, (max-width: 648px) 100vw, 648px\" \/><\/a><a href=\"https:\/\/agora.xtec.cat\/escola-torreforta\/wp-content\/uploads\/usu181\/2022\/09\/COLLAGE_CASTELLERS_CICLE_MITJA_.png\"><img loading=\"lazy\" decoding=\"async\" class=\"alignnone wp-image-2508\" src=\"https:\/\/agora.xtec.cat\/escola-torreforta\/wp-content\/uploads\/usu181\/2022\/09\/COLLAGE_CASTELLERS_CICLE_MITJA_-576x1024.png\" alt=\"\" width=\"727\" height=\"1293\" srcset=\"https:\/\/agora.xtec.cat\/escola-torreforta\/wp-content\/uploads\/usu181\/2022\/09\/COLLAGE_CASTELLERS_CICLE_MITJA_-576x1024.png 576w, https:\/\/agora.xtec.cat\/escola-torreforta\/wp-content\/uploads\/usu181\/2022\/09\/COLLAGE_CASTELLERS_CICLE_MITJA_-169x300.png 169w, https:\/\/agora.xtec.cat\/escola-torreforta\/wp-content\/uploads\/usu181\/2022\/09\/COLLAGE_CASTELLERS_CICLE_MITJA_-768x1365.png 768w, https:\/\/agora.xtec.cat\/escola-torreforta\/wp-content\/uploads\/usu181\/2022\/09\/COLLAGE_CASTELLERS_CICLE_MITJA_-864x1536.png 864w, https:\/\/agora.xtec.cat\/escola-torreforta\/wp-content\/uploads\/usu181\/2022\/09\/COLLAGE_CASTELLERS_CICLE_MITJA_.png 1080w\" sizes=\"auto, (max-width: 727px) 100vw, 727px\" \/><\/a><\/p>\n<p><iframe loading=\"lazy\" title=\"SANTA TECLA - ELS CASTELLS A CICLE MITJ\u00c0\" width=\"500\" height=\"281\" src=\"https:\/\/www.youtube.com\/embed\/2qHkp3jA1jM?feature=oembed\" frameborder=\"0\" allow=\"accelerometer; autoplay; clipboard-write; encrypted-media; gyroscope; picture-in-picture; web-share\" referrerpolicy=\"strict-origin-when-cross-origin\" allowfullscreen><\/iframe><\/p>\n<p><a href=\"https:\/\/agora.xtec.cat\/escola-torreforta\/wp-content\/uploads\/usu181\/2022\/09\/COLLAGE_PLASTICA_CICLE_MITJA-1.png\"><img loading=\"lazy\" decoding=\"async\" class=\"alignnone wp-image-2507\" src=\"https:\/\/agora.xtec.cat\/escola-torreforta\/wp-content\/uploads\/usu181\/2022\/09\/COLLAGE_PLASTICA_CICLE_MITJA-1-1024x819.png\" alt=\"\" width=\"1380\" height=\"1104\" srcset=\"https:\/\/agora.xtec.cat\/escola-torreforta\/wp-content\/uploads\/usu181\/2022\/09\/COLLAGE_PLASTICA_CICLE_MITJA-1-1024x819.png 1024w, https:\/\/agora.xtec.cat\/escola-torreforta\/wp-content\/uploads\/usu181\/2022\/09\/COLLAGE_PLASTICA_CICLE_MITJA-1-300x240.png 300w, https:\/\/agora.xtec.cat\/escola-torreforta\/wp-content\/uploads\/usu181\/2022\/09\/COLLAGE_PLASTICA_CICLE_MITJA-1-768x614.png 768w, https:\/\/agora.xtec.cat\/escola-torreforta\/wp-content\/uploads\/usu181\/2022\/09\/COLLAGE_PLASTICA_CICLE_MITJA-1-1536x1229.png 1536w, https:\/\/agora.xtec.cat\/escola-torreforta\/wp-content\/uploads\/usu181\/2022\/09\/COLLAGE_PLASTICA_CICLE_MITJA-1.png 2000w\" sizes=\"auto, (max-width: 1380px) 100vw, 1380px\" \/><\/a><\/p>\n<p style=\"text-align: center;\">______________________________________________________________________________________________________________________________________<\/p>\n<p style=\"text-align: center;\"><strong>JUNY &#8211;\u00a0 CURS 2021 &#8211; 2022<\/strong><\/p>\n<p>\ud83e\udd73L\u2019alumnat de cicle mitj\u00e0 ha passat el seu \u00faltim dia de curs de camp de futbol del barri gaudint amb jocs d\u2019aigua\ud83d\udca7\u00a0i un bon gelat!<\/p>\n<p><iframe loading=\"lazy\" title=\"Gimcana d&#039;aigua a Cicle Mitj\u00e0!\" width=\"500\" height=\"281\" src=\"https:\/\/www.youtube.com\/embed\/C3sGo9ADC4E?feature=oembed\" frameborder=\"0\" allow=\"accelerometer; autoplay; clipboard-write; encrypted-media; gyroscope; picture-in-picture; web-share\" referrerpolicy=\"strict-origin-when-cross-origin\" allowfullscreen><\/iframe><\/p>\n<p>Aquest any l&#8217;alumnat de 3r ha participat setmanalment en una activitat de coral organitzada conjuntament amb l&#8217;Escola Municipal de M\u00fasica de Tarragona. La Cristina Ruiz, la seva professora de cant i coral, ha vingut a l&#8217;escola cada dijous d&#8217;aquest curs per cantar, ballar i fer percussi\u00f3 corporal amb els nens i nenes. S&#8217;ho han passat d&#8217;all\u00f2 m\u00e9s b\u00e9! Us deixem amb uns v\u00eddeos de l&#8217;assaig previ a la sortida al Palau de la m\u00fasica perqu\u00e8 els veieu en acci\u00f3.<\/p>\n<p><iframe loading=\"lazy\" title=\"Coral a 3r, curs 2021 - 2022\" width=\"500\" height=\"281\" src=\"https:\/\/www.youtube.com\/embed\/-0ZMxZ2DntM?feature=oembed\" frameborder=\"0\" allow=\"accelerometer; autoplay; clipboard-write; encrypted-media; gyroscope; picture-in-picture; web-share\" referrerpolicy=\"strict-origin-when-cross-origin\" allowfullscreen><\/iframe><\/p>\n<p style=\"text-align: center;\"><strong>MAIG &#8211;\u00a0 CURS 2021 &#8211; 2022<\/strong><\/p>\n<p>Un dia de granja \u2013 Sortida de final de curs 3r de Prim\u00e0ria El alumnes de Cicle Mitj\u00e0 han gaudit d\u2019una bonica experi\u00e8ncia coneixent i interactuant amb tot tipus d\u2019animals d\u2019arreu del m\u00f3n, fent una activitat a l\u2019hort i fent esbarjo al salting i els karts! S&#8217;ho han passat molt b\u00e9!<\/p>\n<p><iframe loading=\"lazy\" title=\"UN DIA DE GRANJA - CICLE MITJ\u00c0 2021 - 22\" width=\"500\" height=\"375\" src=\"https:\/\/www.youtube.com\/embed\/ohG5w0Q88b8?feature=oembed\" frameborder=\"0\" allow=\"accelerometer; autoplay; clipboard-write; encrypted-media; gyroscope; picture-in-picture; web-share\" referrerpolicy=\"strict-origin-when-cross-origin\" allowfullscreen><\/iframe><\/p>\n<p>Seguim amb l&#8217;educaci\u00f3 vi\u00e0ria i per una mobilitat segura. La Gu\u00e0rdia Urbana de Tarragona ha vingut a l&#8217;escola per compartir amb els alumnes de quart aquesta bonica activitat.<\/p>\n<p><a href=\"https:\/\/agora.xtec.cat\/escola-torreforta\/wp-content\/uploads\/usu181\/2022\/05\/guarida_uribana.jpg-scaled.jpg\"><img loading=\"lazy\" decoding=\"async\" class=\"alignnone size-large wp-image-2431\" src=\"https:\/\/agora.xtec.cat\/escola-torreforta\/wp-content\/uploads\/usu181\/2022\/05\/guarida_uribana.jpg-1024x1024.jpg\" alt=\"\" width=\"1024\" height=\"1024\" srcset=\"https:\/\/agora.xtec.cat\/escola-torreforta\/wp-content\/uploads\/usu181\/2022\/05\/guarida_uribana.jpg-1024x1024.jpg 1024w, https:\/\/agora.xtec.cat\/escola-torreforta\/wp-content\/uploads\/usu181\/2022\/05\/guarida_uribana.jpg-300x300.jpg 300w, https:\/\/agora.xtec.cat\/escola-torreforta\/wp-content\/uploads\/usu181\/2022\/05\/guarida_uribana.jpg-150x150.jpg 150w, https:\/\/agora.xtec.cat\/escola-torreforta\/wp-content\/uploads\/usu181\/2022\/05\/guarida_uribana.jpg-768x768.jpg 768w, https:\/\/agora.xtec.cat\/escola-torreforta\/wp-content\/uploads\/usu181\/2022\/05\/guarida_uribana.jpg-1536x1536.jpg 1536w, https:\/\/agora.xtec.cat\/escola-torreforta\/wp-content\/uploads\/usu181\/2022\/05\/guarida_uribana.jpg-2048x2048.jpg 2048w\" sizes=\"auto, (max-width: 1024px) 100vw, 1024px\" \/><\/a><\/p>\n<p>I quina millor manera de fer grup, compartir i aprendre el que ens agrada amb els companys i companyes de classe? Amb el joc! Els Jocs Cooperatius s\u00f3n una part b\u00e0sica de l&#8217;aprenentatge, tamb\u00e9 a l&#8217;Educaci\u00f3 F\u00edsica!<\/p>\n<p><a href=\"https:\/\/agora.xtec.cat\/escola-torreforta\/wp-content\/uploads\/usu181\/2022\/05\/GridArt_20220329_154110000-1-scaled.jpg\"><img loading=\"lazy\" decoding=\"async\" class=\"alignnone size-large wp-image-2432\" src=\"https:\/\/agora.xtec.cat\/escola-torreforta\/wp-content\/uploads\/usu181\/2022\/05\/GridArt_20220329_154110000-1-1024x1024.jpg\" alt=\"\" width=\"1024\" height=\"1024\" srcset=\"https:\/\/agora.xtec.cat\/escola-torreforta\/wp-content\/uploads\/usu181\/2022\/05\/GridArt_20220329_154110000-1-1024x1024.jpg 1024w, https:\/\/agora.xtec.cat\/escola-torreforta\/wp-content\/uploads\/usu181\/2022\/05\/GridArt_20220329_154110000-1-300x300.jpg 300w, https:\/\/agora.xtec.cat\/escola-torreforta\/wp-content\/uploads\/usu181\/2022\/05\/GridArt_20220329_154110000-1-150x150.jpg 150w, https:\/\/agora.xtec.cat\/escola-torreforta\/wp-content\/uploads\/usu181\/2022\/05\/GridArt_20220329_154110000-1-768x768.jpg 768w, https:\/\/agora.xtec.cat\/escola-torreforta\/wp-content\/uploads\/usu181\/2022\/05\/GridArt_20220329_154110000-1-1536x1536.jpg 1536w, https:\/\/agora.xtec.cat\/escola-torreforta\/wp-content\/uploads\/usu181\/2022\/05\/GridArt_20220329_154110000-1-2048x2048.jpg 2048w\" sizes=\"auto, (max-width: 1024px) 100vw, 1024px\" \/><\/a><\/p>\n<p>Els alumnes de quart han arrodonit aquest mes de maig gaudint d&#8217;una visita i activitat a la biblioteca p\u00fablica de Torreforta. Han treballat el conte Etiquetes, del Joan Turu.\u00a0Aqu\u00ed en teniu les imatges!<\/p>\n<p><a href=\"https:\/\/agora.xtec.cat\/escola-torreforta\/wp-content\/uploads\/usu181\/2022\/05\/biblio-scaled.jpg\"><img loading=\"lazy\" decoding=\"async\" class=\"alignnone size-large wp-image-2434\" src=\"https:\/\/agora.xtec.cat\/escola-torreforta\/wp-content\/uploads\/usu181\/2022\/05\/biblio-1024x1024.jpg\" alt=\"\" width=\"1024\" height=\"1024\" srcset=\"https:\/\/agora.xtec.cat\/escola-torreforta\/wp-content\/uploads\/usu181\/2022\/05\/biblio-1024x1024.jpg 1024w, https:\/\/agora.xtec.cat\/escola-torreforta\/wp-content\/uploads\/usu181\/2022\/05\/biblio-300x300.jpg 300w, https:\/\/agora.xtec.cat\/escola-torreforta\/wp-content\/uploads\/usu181\/2022\/05\/biblio-150x150.jpg 150w, https:\/\/agora.xtec.cat\/escola-torreforta\/wp-content\/uploads\/usu181\/2022\/05\/biblio-768x768.jpg 768w, https:\/\/agora.xtec.cat\/escola-torreforta\/wp-content\/uploads\/usu181\/2022\/05\/biblio-1536x1536.jpg 1536w, https:\/\/agora.xtec.cat\/escola-torreforta\/wp-content\/uploads\/usu181\/2022\/05\/biblio-2048x2048.jpg 2048w\" sizes=\"auto, (max-width: 1024px) 100vw, 1024px\" \/><\/a><\/p>\n<p style=\"text-align: center;\"><strong>ABRIL\u00a0 &#8211;\u00a0 CURS 2021 &#8211; 2022<\/strong><\/p>\n<p>Abril \u00e9s sin\u00f2nim de&#8230; Sant Jordi! El treball de la llegenda, la creaci\u00f3 d&#8217;uns punts de llibre en forma de Drac a Ed.Art\u00edstica i una sortida al Centre C\u00edvic per part del alumnes de 3r en hi han ben situat! Aquesta darrera activitat ha estat la marat\u00f3 de contes inclusius i els racons de contes, a c\u00e0rrec dels alumnes del DFGS d&#8217;Integraci\u00f3 Social i Animaci\u00f3 Sociocultural de l&#8217;Institut Vidal i Barraquer. I no nom\u00e9s aix\u00f2, aquest mes tamb\u00e9 hem gaudit de la representaci\u00f3 d&#8217;una obra de teatre per part dels companys i companyes de 5\u00e8 i una de les nostres alumnes ha estat guardonada als premis del VI Certamen Literari Infantil i Juvenil dels barris de Ponent Olga Xirinacs. Uau! Moltes felicitats!<\/p>\n<p><a href=\"https:\/\/agora.xtec.cat\/escola-torreforta\/wp-content\/uploads\/usu181\/2022\/04\/premisolgaxirinacs.jpg\"><img loading=\"lazy\" decoding=\"async\" class=\"alignnone size-large wp-image-2422\" src=\"https:\/\/agora.xtec.cat\/escola-torreforta\/wp-content\/uploads\/usu181\/2022\/04\/premisolgaxirinacs-1024x1024.jpg\" alt=\"\" width=\"1024\" height=\"1024\" srcset=\"https:\/\/agora.xtec.cat\/escola-torreforta\/wp-content\/uploads\/usu181\/2022\/04\/premisolgaxirinacs-1024x1024.jpg 1024w, https:\/\/agora.xtec.cat\/escola-torreforta\/wp-content\/uploads\/usu181\/2022\/04\/premisolgaxirinacs-300x300.jpg 300w, https:\/\/agora.xtec.cat\/escola-torreforta\/wp-content\/uploads\/usu181\/2022\/04\/premisolgaxirinacs-150x150.jpg 150w, https:\/\/agora.xtec.cat\/escola-torreforta\/wp-content\/uploads\/usu181\/2022\/04\/premisolgaxirinacs-768x768.jpg 768w, https:\/\/agora.xtec.cat\/escola-torreforta\/wp-content\/uploads\/usu181\/2022\/04\/premisolgaxirinacs-1536x1536.jpg 1536w, https:\/\/agora.xtec.cat\/escola-torreforta\/wp-content\/uploads\/usu181\/2022\/04\/premisolgaxirinacs.jpg 2048w\" sizes=\"auto, (max-width: 1024px) 100vw, 1024px\" \/><\/a><\/p>\n<p>&nbsp;<\/p>\n<p><a href=\"https:\/\/agora.xtec.cat\/escola-torreforta\/wp-content\/uploads\/usu181\/2022\/04\/PUNTDELLIBRESANTJORDI-min-scaled.jpg\"><img loading=\"lazy\" decoding=\"async\" class=\"alignnone size-large wp-image-2420\" src=\"https:\/\/agora.xtec.cat\/escola-torreforta\/wp-content\/uploads\/usu181\/2022\/04\/PUNTDELLIBRESANTJORDI-min-1024x1024.jpg\" alt=\"\" width=\"1024\" height=\"1024\" srcset=\"https:\/\/agora.xtec.cat\/escola-torreforta\/wp-content\/uploads\/usu181\/2022\/04\/PUNTDELLIBRESANTJORDI-min-1024x1024.jpg 1024w, https:\/\/agora.xtec.cat\/escola-torreforta\/wp-content\/uploads\/usu181\/2022\/04\/PUNTDELLIBRESANTJORDI-min-300x300.jpg 300w, https:\/\/agora.xtec.cat\/escola-torreforta\/wp-content\/uploads\/usu181\/2022\/04\/PUNTDELLIBRESANTJORDI-min-150x150.jpg 150w, https:\/\/agora.xtec.cat\/escola-torreforta\/wp-content\/uploads\/usu181\/2022\/04\/PUNTDELLIBRESANTJORDI-min-768x768.jpg 768w, https:\/\/agora.xtec.cat\/escola-torreforta\/wp-content\/uploads\/usu181\/2022\/04\/PUNTDELLIBRESANTJORDI-min-1536x1536.jpg 1536w, https:\/\/agora.xtec.cat\/escola-torreforta\/wp-content\/uploads\/usu181\/2022\/04\/PUNTDELLIBRESANTJORDI-min-2048x2048.jpg 2048w\" sizes=\"auto, (max-width: 1024px) 100vw, 1024px\" \/><\/a><\/p>\n<p><a href=\"https:\/\/agora.xtec.cat\/escola-torreforta\/wp-content\/uploads\/usu181\/2022\/04\/LLEGENDASANTJORDI-min-scaled.jpg\"><img loading=\"lazy\" decoding=\"async\" class=\"alignnone size-large wp-image-2418\" src=\"https:\/\/agora.xtec.cat\/escola-torreforta\/wp-content\/uploads\/usu181\/2022\/04\/LLEGENDASANTJORDI-min-1024x1024.jpg\" alt=\"\" width=\"1024\" height=\"1024\" srcset=\"https:\/\/agora.xtec.cat\/escola-torreforta\/wp-content\/uploads\/usu181\/2022\/04\/LLEGENDASANTJORDI-min-1024x1024.jpg 1024w, https:\/\/agora.xtec.cat\/escola-torreforta\/wp-content\/uploads\/usu181\/2022\/04\/LLEGENDASANTJORDI-min-300x300.jpg 300w, https:\/\/agora.xtec.cat\/escola-torreforta\/wp-content\/uploads\/usu181\/2022\/04\/LLEGENDASANTJORDI-min-150x150.jpg 150w, https:\/\/agora.xtec.cat\/escola-torreforta\/wp-content\/uploads\/usu181\/2022\/04\/LLEGENDASANTJORDI-min-768x768.jpg 768w, https:\/\/agora.xtec.cat\/escola-torreforta\/wp-content\/uploads\/usu181\/2022\/04\/LLEGENDASANTJORDI-min-1536x1536.jpg 1536w, https:\/\/agora.xtec.cat\/escola-torreforta\/wp-content\/uploads\/usu181\/2022\/04\/LLEGENDASANTJORDI-min-2048x2048.jpg 2048w\" sizes=\"auto, (max-width: 1024px) 100vw, 1024px\" \/><\/a><\/p>\n<p><a href=\"https:\/\/agora.xtec.cat\/escola-torreforta\/wp-content\/uploads\/usu181\/2022\/04\/CONTES3RCENTRECIVIC-min-scaled.jpg\"><img loading=\"lazy\" decoding=\"async\" class=\"alignnone size-large wp-image-2417\" src=\"https:\/\/agora.xtec.cat\/escola-torreforta\/wp-content\/uploads\/usu181\/2022\/04\/CONTES3RCENTRECIVIC-min-1024x1024.jpg\" alt=\"\" width=\"1024\" height=\"1024\" srcset=\"https:\/\/agora.xtec.cat\/escola-torreforta\/wp-content\/uploads\/usu181\/2022\/04\/CONTES3RCENTRECIVIC-min-1024x1024.jpg 1024w, https:\/\/agora.xtec.cat\/escola-torreforta\/wp-content\/uploads\/usu181\/2022\/04\/CONTES3RCENTRECIVIC-min-300x300.jpg 300w, https:\/\/agora.xtec.cat\/escola-torreforta\/wp-content\/uploads\/usu181\/2022\/04\/CONTES3RCENTRECIVIC-min-150x150.jpg 150w, https:\/\/agora.xtec.cat\/escola-torreforta\/wp-content\/uploads\/usu181\/2022\/04\/CONTES3RCENTRECIVIC-min-768x768.jpg 768w, https:\/\/agora.xtec.cat\/escola-torreforta\/wp-content\/uploads\/usu181\/2022\/04\/CONTES3RCENTRECIVIC-min-1536x1536.jpg 1536w, https:\/\/agora.xtec.cat\/escola-torreforta\/wp-content\/uploads\/usu181\/2022\/04\/CONTES3RCENTRECIVIC-min-2048x2048.jpg 2048w\" sizes=\"auto, (max-width: 1024px) 100vw, 1024px\" \/><\/a><\/p>\n<p>&nbsp;<\/p>\n<p><a href=\"https:\/\/agora.xtec.cat\/escola-torreforta\/wp-content\/uploads\/usu181\/2022\/04\/OBRATEATRE5E-min-scaled.jpg\"><img loading=\"lazy\" decoding=\"async\" class=\"alignnone size-large wp-image-2419\" src=\"https:\/\/agora.xtec.cat\/escola-torreforta\/wp-content\/uploads\/usu181\/2022\/04\/OBRATEATRE5E-min-1024x1024.jpg\" alt=\"\" width=\"1024\" height=\"1024\" srcset=\"https:\/\/agora.xtec.cat\/escola-torreforta\/wp-content\/uploads\/usu181\/2022\/04\/OBRATEATRE5E-min-1024x1024.jpg 1024w, https:\/\/agora.xtec.cat\/escola-torreforta\/wp-content\/uploads\/usu181\/2022\/04\/OBRATEATRE5E-min-300x300.jpg 300w, https:\/\/agora.xtec.cat\/escola-torreforta\/wp-content\/uploads\/usu181\/2022\/04\/OBRATEATRE5E-min-150x150.jpg 150w, https:\/\/agora.xtec.cat\/escola-torreforta\/wp-content\/uploads\/usu181\/2022\/04\/OBRATEATRE5E-min-768x768.jpg 768w, https:\/\/agora.xtec.cat\/escola-torreforta\/wp-content\/uploads\/usu181\/2022\/04\/OBRATEATRE5E-min-1536x1536.jpg 1536w, https:\/\/agora.xtec.cat\/escola-torreforta\/wp-content\/uploads\/usu181\/2022\/04\/OBRATEATRE5E-min-2048x2048.jpg 2048w\" sizes=\"auto, (max-width: 1024px) 100vw, 1024px\" \/><\/a><\/p>\n<p>&nbsp;<\/p>\n<p style=\"text-align: center;\"><strong>MAR\u00c7\u00a0 &#8211;\u00a0 CURS 2021 &#8211; 2022<\/strong><\/p>\n<p>Arriba el mar\u00e7 i no nom\u00e9s la primavera! El Dia de les Dones (8 de mar\u00e7), el dia de la poesia (21 de mar\u00e7) suposen dos moments importants per tots nosaltres a l&#8217;escola. A m\u00e9s de celebrar-los, aquest mes els alumnes de 3r i 4t han fet una sortida al Caixaforum de Tarragona per participar d&#8217;una visita guiada a l&#8217;exposici\u00f3 Pixar. Construint personatges. Un no parar!<\/p>\n<p><a href=\"https:\/\/agora.xtec.cat\/escola-torreforta\/wp-content\/uploads\/usu181\/2022\/03\/GridArt_20220308_193106482-1-min-scaled.jpg\"><img loading=\"lazy\" decoding=\"async\" class=\"alignnone size-large wp-image-2393\" src=\"https:\/\/agora.xtec.cat\/escola-torreforta\/wp-content\/uploads\/usu181\/2022\/03\/GridArt_20220308_193106482-1-min-1024x1024.jpg\" alt=\"\" width=\"1024\" height=\"1024\" srcset=\"https:\/\/agora.xtec.cat\/escola-torreforta\/wp-content\/uploads\/usu181\/2022\/03\/GridArt_20220308_193106482-1-min-1024x1024.jpg 1024w, https:\/\/agora.xtec.cat\/escola-torreforta\/wp-content\/uploads\/usu181\/2022\/03\/GridArt_20220308_193106482-1-min-300x300.jpg 300w, https:\/\/agora.xtec.cat\/escola-torreforta\/wp-content\/uploads\/usu181\/2022\/03\/GridArt_20220308_193106482-1-min-150x150.jpg 150w, https:\/\/agora.xtec.cat\/escola-torreforta\/wp-content\/uploads\/usu181\/2022\/03\/GridArt_20220308_193106482-1-min-768x768.jpg 768w, https:\/\/agora.xtec.cat\/escola-torreforta\/wp-content\/uploads\/usu181\/2022\/03\/GridArt_20220308_193106482-1-min-1536x1536.jpg 1536w, https:\/\/agora.xtec.cat\/escola-torreforta\/wp-content\/uploads\/usu181\/2022\/03\/GridArt_20220308_193106482-1-min-2048x2048.jpg 2048w\" sizes=\"auto, (max-width: 1024px) 100vw, 1024px\" \/><\/a><\/p>\n<p><a href=\"https:\/\/agora.xtec.cat\/escola-torreforta\/wp-content\/uploads\/usu181\/2022\/03\/mmmm-min-scaled.jpg\"><img loading=\"lazy\" decoding=\"async\" class=\"alignnone size-large wp-image-2392\" src=\"https:\/\/agora.xtec.cat\/escola-torreforta\/wp-content\/uploads\/usu181\/2022\/03\/mmmm-min-1024x1024.jpg\" alt=\"\" width=\"1024\" height=\"1024\" srcset=\"https:\/\/agora.xtec.cat\/escola-torreforta\/wp-content\/uploads\/usu181\/2022\/03\/mmmm-min-1024x1024.jpg 1024w, https:\/\/agora.xtec.cat\/escola-torreforta\/wp-content\/uploads\/usu181\/2022\/03\/mmmm-min-300x300.jpg 300w, https:\/\/agora.xtec.cat\/escola-torreforta\/wp-content\/uploads\/usu181\/2022\/03\/mmmm-min-150x150.jpg 150w, https:\/\/agora.xtec.cat\/escola-torreforta\/wp-content\/uploads\/usu181\/2022\/03\/mmmm-min-768x768.jpg 768w, https:\/\/agora.xtec.cat\/escola-torreforta\/wp-content\/uploads\/usu181\/2022\/03\/mmmm-min-1536x1536.jpg 1536w, https:\/\/agora.xtec.cat\/escola-torreforta\/wp-content\/uploads\/usu181\/2022\/03\/mmmm-min-2048x2048.jpg 2048w\" sizes=\"auto, (max-width: 1024px) 100vw, 1024px\" \/><\/a><\/p>\n<p><iframe loading=\"lazy\" title=\"PIXAR. CONSTRUINT PERSONATGES. 3R.\" width=\"500\" height=\"375\" src=\"https:\/\/www.youtube.com\/embed\/k7v_LlMUEtQ?feature=oembed\" frameborder=\"0\" allow=\"accelerometer; autoplay; clipboard-write; encrypted-media; gyroscope; picture-in-picture; web-share\" referrerpolicy=\"strict-origin-when-cross-origin\" allowfullscreen><\/iframe><\/p>\n<p><iframe loading=\"lazy\" title=\"PIXAR. CONTRUINT PERSONATGES. 4T.\" width=\"500\" height=\"375\" src=\"https:\/\/www.youtube.com\/embed\/nHmNjM49AvI?feature=oembed\" frameborder=\"0\" allow=\"accelerometer; autoplay; clipboard-write; encrypted-media; gyroscope; picture-in-picture; web-share\" referrerpolicy=\"strict-origin-when-cross-origin\" allowfullscreen><\/iframe><\/p>\n<p style=\"text-align: center;\"><strong>FEBRER\u00a0 &#8211;\u00a0 CURS 2021 &#8211; 2022<\/strong><\/p>\n<p>S&#8217;acaba el febrer i aix\u00f2 \u00e9s sin\u00f2nim de Carnaval; disfresses, les ordres del rei carnestoltes i m\u00e0scares a educaci\u00f3 art\u00edstica! A m\u00e9s a m\u00e9s a 4t han rebut la visita dels estudiants del projecte ARMIF i, entre moltes altres coses, tamb\u00e9 han acabat les seves tasques de pl\u00e0stica inspirades en el pintor expressionista alemany Franz Marc.<\/p>\n<p><iframe loading=\"lazy\" title=\"LES ORDRES DEL REI CARNESTOLTES A CICLE MITJ\u00c0\" width=\"500\" height=\"281\" src=\"https:\/\/www.youtube.com\/embed\/2aAWk3WEfyM?feature=oembed\" frameborder=\"0\" allow=\"accelerometer; autoplay; clipboard-write; encrypted-media; gyroscope; picture-in-picture; web-share\" referrerpolicy=\"strict-origin-when-cross-origin\" allowfullscreen><\/iframe><\/p>\n<p><a href=\"https:\/\/agora.xtec.cat\/escola-torreforta\/wp-content\/uploads\/usu181\/2022\/03\/Publicacion-Instagram-Collage-Fotos-Carrusel-Coral-Beig-Turquesa-Moderno-1.jpg\"><img loading=\"lazy\" decoding=\"async\" class=\"size-large wp-image-2362 aligncenter\" src=\"https:\/\/agora.xtec.cat\/escola-torreforta\/wp-content\/uploads\/usu181\/2022\/03\/Publicacion-Instagram-Collage-Fotos-Carrusel-Coral-Beig-Turquesa-Moderno-1-1024x1024.jpg\" alt=\"\" width=\"1024\" height=\"1024\" srcset=\"https:\/\/agora.xtec.cat\/escola-torreforta\/wp-content\/uploads\/usu181\/2022\/03\/Publicacion-Instagram-Collage-Fotos-Carrusel-Coral-Beig-Turquesa-Moderno-1-1024x1024.jpg 1024w, https:\/\/agora.xtec.cat\/escola-torreforta\/wp-content\/uploads\/usu181\/2022\/03\/Publicacion-Instagram-Collage-Fotos-Carrusel-Coral-Beig-Turquesa-Moderno-1-300x300.jpg 300w, https:\/\/agora.xtec.cat\/escola-torreforta\/wp-content\/uploads\/usu181\/2022\/03\/Publicacion-Instagram-Collage-Fotos-Carrusel-Coral-Beig-Turquesa-Moderno-1-150x150.jpg 150w, https:\/\/agora.xtec.cat\/escola-torreforta\/wp-content\/uploads\/usu181\/2022\/03\/Publicacion-Instagram-Collage-Fotos-Carrusel-Coral-Beig-Turquesa-Moderno-1-768x768.jpg 768w, https:\/\/agora.xtec.cat\/escola-torreforta\/wp-content\/uploads\/usu181\/2022\/03\/Publicacion-Instagram-Collage-Fotos-Carrusel-Coral-Beig-Turquesa-Moderno-1.jpg 1080w\" sizes=\"auto, (max-width: 1024px) 100vw, 1024px\" \/><\/a><\/p>\n<p><a href=\"https:\/\/agora.xtec.cat\/escola-torreforta\/wp-content\/uploads\/usu181\/2022\/03\/ARMIF_4T-min-scaled.jpg\"><img loading=\"lazy\" decoding=\"async\" class=\"size-large wp-image-2311 aligncenter\" src=\"https:\/\/agora.xtec.cat\/escola-torreforta\/wp-content\/uploads\/usu181\/2022\/03\/ARMIF_4T-min-1024x1024.jpg\" alt=\"\" width=\"1024\" height=\"1024\" srcset=\"https:\/\/agora.xtec.cat\/escola-torreforta\/wp-content\/uploads\/usu181\/2022\/03\/ARMIF_4T-min-1024x1024.jpg 1024w, https:\/\/agora.xtec.cat\/escola-torreforta\/wp-content\/uploads\/usu181\/2022\/03\/ARMIF_4T-min-300x300.jpg 300w, https:\/\/agora.xtec.cat\/escola-torreforta\/wp-content\/uploads\/usu181\/2022\/03\/ARMIF_4T-min-150x150.jpg 150w, https:\/\/agora.xtec.cat\/escola-torreforta\/wp-content\/uploads\/usu181\/2022\/03\/ARMIF_4T-min-768x768.jpg 768w, https:\/\/agora.xtec.cat\/escola-torreforta\/wp-content\/uploads\/usu181\/2022\/03\/ARMIF_4T-min-1536x1536.jpg 1536w, https:\/\/agora.xtec.cat\/escola-torreforta\/wp-content\/uploads\/usu181\/2022\/03\/ARMIF_4T-min-2048x2048.jpg 2048w\" sizes=\"auto, (max-width: 1024px) 100vw, 1024px\" \/><\/a><\/p>\n<p><a href=\"https:\/\/agora.xtec.cat\/escola-torreforta\/wp-content\/uploads\/usu181\/2022\/03\/GridArt_20220228_191727944-min-scaled.jpg\"><img loading=\"lazy\" decoding=\"async\" class=\"size-large wp-image-2312 aligncenter\" src=\"https:\/\/agora.xtec.cat\/escola-torreforta\/wp-content\/uploads\/usu181\/2022\/03\/GridArt_20220228_191727944-min-1024x1024.jpg\" alt=\"\" width=\"1024\" height=\"1024\" srcset=\"https:\/\/agora.xtec.cat\/escola-torreforta\/wp-content\/uploads\/usu181\/2022\/03\/GridArt_20220228_191727944-min-1024x1024.jpg 1024w, https:\/\/agora.xtec.cat\/escola-torreforta\/wp-content\/uploads\/usu181\/2022\/03\/GridArt_20220228_191727944-min-300x300.jpg 300w, https:\/\/agora.xtec.cat\/escola-torreforta\/wp-content\/uploads\/usu181\/2022\/03\/GridArt_20220228_191727944-min-150x150.jpg 150w, https:\/\/agora.xtec.cat\/escola-torreforta\/wp-content\/uploads\/usu181\/2022\/03\/GridArt_20220228_191727944-min-768x768.jpg 768w, https:\/\/agora.xtec.cat\/escola-torreforta\/wp-content\/uploads\/usu181\/2022\/03\/GridArt_20220228_191727944-min-1536x1536.jpg 1536w, https:\/\/agora.xtec.cat\/escola-torreforta\/wp-content\/uploads\/usu181\/2022\/03\/GridArt_20220228_191727944-min-2048x2048.jpg 2048w\" sizes=\"auto, (max-width: 1024px) 100vw, 1024px\" \/><\/a><\/p>\n<p>&nbsp;<\/p>\n<p style=\"text-align: center;\"><strong>GENER\u00a0 &#8211;\u00a0 CURS 2021 &#8211; 2022<\/strong><\/p>\n<p>Els alumnes de Cicle Mitj\u00e0 gaudeixen amb l&#8217;aprenentatge de les matem\u00e0tiques i la pr\u00e0ctica dels seus processos a trav\u00e9s del joc, un moment de la setmana ben esperat!<\/p>\n<p>Aquest mes de gener hem tingut la visita d&#8217;alumnes universitaris participants en el projecte ARMIF i, entre altres, els alumnes han treballat la can\u00e7\u00f3 Color Esperan\u00e7a i el llibre Un cor molt gran, de Joan Turu, en motiu de de dia internacional de la pau i la no viol\u00e8ncia escolar.<\/p>\n<div style=\"width: 1920px;\" class=\"wp-video\"><!--[if lt IE 9]><script>document.createElement('video');<\/script><![endif]-->\n<video class=\"wp-video-shortcode\" id=\"video-1593-1\" width=\"1920\" height=\"1080\" preload=\"metadata\" controls=\"controls\"><source type=\"video\/mp4\" src=\"https:\/\/agora.xtec.cat\/escola-torreforta\/wp-content\/uploads\/usu181\/2022\/01\/PAU_CM.mp4?_=1\" \/><a href=\"https:\/\/agora.xtec.cat\/escola-torreforta\/wp-content\/uploads\/usu181\/2022\/01\/PAU_CM.mp4\">https:\/\/agora.xtec.cat\/escola-torreforta\/wp-content\/uploads\/usu181\/2022\/01\/PAU_CM.mp4<\/a><\/video><\/div>\n<p>&nbsp;<\/p>\n<p>&nbsp;<\/p>\n<p><a href=\"https:\/\/agora.xtec.cat\/escola-torreforta\/wp-content\/uploads\/usu181\/2022\/01\/1.jpg\"><img loading=\"lazy\" decoding=\"async\" class=\"alignnone size-full wp-image-2068\" src=\"https:\/\/agora.xtec.cat\/escola-torreforta\/wp-content\/uploads\/usu181\/2022\/01\/1.jpg\" alt=\"\" width=\"940\" height=\"788\" srcset=\"https:\/\/agora.xtec.cat\/escola-torreforta\/wp-content\/uploads\/usu181\/2022\/01\/1.jpg 940w, https:\/\/agora.xtec.cat\/escola-torreforta\/wp-content\/uploads\/usu181\/2022\/01\/1-300x250.jpg 300w, https:\/\/agora.xtec.cat\/escola-torreforta\/wp-content\/uploads\/usu181\/2022\/01\/1-768x644.jpg 768w\" sizes=\"auto, (max-width: 940px) 100vw, 940px\" \/><\/a><\/p>\n<p>&nbsp;<\/p>\n<p>&nbsp;<\/p>\n<p><a href=\"https:\/\/agora.xtec.cat\/escola-torreforta\/wp-content\/uploads\/usu181\/2022\/01\/2.jpg\"><img loading=\"lazy\" decoding=\"async\" class=\"alignnone size-large wp-image-2069\" src=\"https:\/\/agora.xtec.cat\/escola-torreforta\/wp-content\/uploads\/usu181\/2022\/01\/2.jpg\" alt=\"\" width=\"940\" height=\"788\" srcset=\"https:\/\/agora.xtec.cat\/escola-torreforta\/wp-content\/uploads\/usu181\/2022\/01\/2.jpg 940w, https:\/\/agora.xtec.cat\/escola-torreforta\/wp-content\/uploads\/usu181\/2022\/01\/2-300x250.jpg 300w, https:\/\/agora.xtec.cat\/escola-torreforta\/wp-content\/uploads\/usu181\/2022\/01\/2-768x644.jpg 768w\" sizes=\"auto, (max-width: 940px) 100vw, 940px\" \/><\/a><\/p>\n<p>&nbsp;<\/p>\n<p><a href=\"https:\/\/agora.xtec.cat\/escola-torreforta\/wp-content\/uploads\/usu181\/2022\/01\/3.jpg\"><img loading=\"lazy\" decoding=\"async\" class=\"alignnone size-large wp-image-2070\" src=\"https:\/\/agora.xtec.cat\/escola-torreforta\/wp-content\/uploads\/usu181\/2022\/01\/3.jpg\" alt=\"\" width=\"940\" height=\"788\" srcset=\"https:\/\/agora.xtec.cat\/escola-torreforta\/wp-content\/uploads\/usu181\/2022\/01\/3.jpg 940w, https:\/\/agora.xtec.cat\/escola-torreforta\/wp-content\/uploads\/usu181\/2022\/01\/3-300x250.jpg 300w, https:\/\/agora.xtec.cat\/escola-torreforta\/wp-content\/uploads\/usu181\/2022\/01\/3-768x644.jpg 768w\" sizes=\"auto, (max-width: 940px) 100vw, 940px\" \/><\/a><\/p>\n<p>&nbsp;<\/p>\n<p style=\"text-align: center;\"><strong>DESEMBRE\u00a0 &#8211;\u00a0 CURS 2021 &#8211; 2022<\/strong><\/p>\n<p>El dia 17 de desembre l&#8217;alumnat de tercer va anar a cantar nadales a la pla\u00e7a del Tarragon\u00e8s, un acte organitzat pel pla d&#8217;entorn. Van compartir escenari amb alumnes de totes les escoles dels barris de Ponent!<\/p>\n<p>Durant aquestes darreres setmanes de trimestre i per ambientar i celebrar les festes que s&#8217;acosten, tot el Cicle mitj\u00e0 ha creat manualitats nadalenques per tal de decorar les seves classes amb mandales, titelles nadalenques i arbres de nadal!<\/p>\n<p><iframe loading=\"lazy\" title=\"DESEMBRE AL CICLE MITJ\u00c0!\" width=\"500\" height=\"281\" src=\"https:\/\/www.youtube.com\/embed\/fdsB9pCXIhc?feature=oembed\" frameborder=\"0\" allow=\"accelerometer; autoplay; clipboard-write; encrypted-media; gyroscope; picture-in-picture; web-share\" referrerpolicy=\"strict-origin-when-cross-origin\" allowfullscreen><\/iframe><\/p>\n<p>__________________________________________________________________________<\/p>\n<p style=\"text-align: center;\"><strong>NOVEMBRE\u00a0 &#8211;\u00a0 CURS 2021 &#8211; 2022<\/strong><\/p>\n<p>Aquest mes de novembre els alumnes de 3r han participat a una visita guiada a l&#8217;exposici\u00f3 Apollo 11 al Caixaforum de Tarragona. A<span style=\"font-family: inherit; font-size: 1em;\">questa exposici\u00f3 commemora l\u2019arribada de l\u2019<\/span><i style=\"font-family: inherit; font-size: 1em;\">Apollo 11<\/i><span style=\"font-family: inherit; font-size: 1em;\"> a la Lluna, un dels \u00e8xits m\u00e9s impactants de la humanitat. <\/span><span style=\"font-family: inherit; font-size: 1em;\">El 21 de juliol de 1969, Armstrong va trepitjar la superf\u00edcie lunar i va obrir la porta a l\u2019exploraci\u00f3 del nostre sat\u00e8l\u00b7lit. Els alumnes van rememorar aquesta odissea i van descobrir tot de particularitats sobre la carrera espacial.<\/span><\/p>\n<p><iframe loading=\"lazy\" title=\"VISITA DE 3R AL CAIXAFORUM - APOLLO 11\" width=\"500\" height=\"281\" src=\"https:\/\/www.youtube.com\/embed\/r3FOeoO_Www?feature=oembed\" frameborder=\"0\" allow=\"accelerometer; autoplay; clipboard-write; encrypted-media; gyroscope; picture-in-picture; web-share\" referrerpolicy=\"strict-origin-when-cross-origin\" allowfullscreen><\/iframe><\/p>\n<p>Tamb\u00e9 ens hem submergit en el m\u00f3n de l&#8217;educaci\u00f3 vi\u00e0ria amb la visita de la Gu\u00e0rdia Urbana de Tarragona.<\/p>\n<p><a href=\"https:\/\/agora.xtec.cat\/escola-torreforta\/wp-content\/uploads\/usu181\/2021\/11\/VISITA-DE-LA-GUARDIA-URBANA-1.png\"><img loading=\"lazy\" decoding=\"async\" class=\"size-large wp-image-2005 aligncenter\" src=\"https:\/\/agora.xtec.cat\/escola-torreforta\/wp-content\/uploads\/usu181\/2021\/11\/VISITA-DE-LA-GUARDIA-URBANA-1-1024x819.png\" alt=\"\" width=\"1024\" height=\"819\" srcset=\"https:\/\/agora.xtec.cat\/escola-torreforta\/wp-content\/uploads\/usu181\/2021\/11\/VISITA-DE-LA-GUARDIA-URBANA-1-1024x819.png 1024w, https:\/\/agora.xtec.cat\/escola-torreforta\/wp-content\/uploads\/usu181\/2021\/11\/VISITA-DE-LA-GUARDIA-URBANA-1-300x240.png 300w, https:\/\/agora.xtec.cat\/escola-torreforta\/wp-content\/uploads\/usu181\/2021\/11\/VISITA-DE-LA-GUARDIA-URBANA-1-768x614.png 768w, https:\/\/agora.xtec.cat\/escola-torreforta\/wp-content\/uploads\/usu181\/2021\/11\/VISITA-DE-LA-GUARDIA-URBANA-1-1536x1229.png 1536w, https:\/\/agora.xtec.cat\/escola-torreforta\/wp-content\/uploads\/usu181\/2021\/11\/VISITA-DE-LA-GUARDIA-URBANA-1.png 2000w\" sizes=\"auto, (max-width: 1024px) 100vw, 1024px\" \/><\/a><\/p>\n<div class=\"introduccion\">\n<p>Podeu veure aqu\u00ed la culminaci\u00f3 del treball pl\u00e0stic dels insectes. Iniciat amb la coneixen\u00e7a de les seves parts, funcions i caracter\u00edstiques, la simetria, el dibuix, la proporci\u00f3 i finalment la pintura amb aquarel\u00b7la!<\/p>\n<\/div>\n<p><a href=\"https:\/\/agora.xtec.cat\/escola-torreforta\/wp-content\/uploads\/usu181\/2021\/11\/Publicacion-de-Facebook-Marron-Collage-Liso.png\"><img loading=\"lazy\" decoding=\"async\" class=\"size-full wp-image-2007 aligncenter\" src=\"https:\/\/agora.xtec.cat\/escola-torreforta\/wp-content\/uploads\/usu181\/2021\/11\/Publicacion-de-Facebook-Marron-Collage-Liso.png\" alt=\"\" width=\"940\" height=\"788\" srcset=\"https:\/\/agora.xtec.cat\/escola-torreforta\/wp-content\/uploads\/usu181\/2021\/11\/Publicacion-de-Facebook-Marron-Collage-Liso.png 940w, https:\/\/agora.xtec.cat\/escola-torreforta\/wp-content\/uploads\/usu181\/2021\/11\/Publicacion-de-Facebook-Marron-Collage-Liso-300x250.png 300w, https:\/\/agora.xtec.cat\/escola-torreforta\/wp-content\/uploads\/usu181\/2021\/11\/Publicacion-de-Facebook-Marron-Collage-Liso-768x644.png 768w\" sizes=\"auto, (max-width: 940px) 100vw, 940px\" \/><\/a><\/p>\n<div class=\"introduccion\">\n<p>Els nostres alumnes tamb\u00e9 disposen d&#8217;espais de temps on treballen i apliquen els seus coneixements matem\u00e0tics i de c\u00e0lcul amb el joc.<a href=\"https:\/\/agora.xtec.cat\/escola-torreforta\/wp-content\/uploads\/usu181\/2021\/11\/mates.png\"><img loading=\"lazy\" decoding=\"async\" class=\"size-large wp-image-2012 aligncenter\" src=\"https:\/\/agora.xtec.cat\/escola-torreforta\/wp-content\/uploads\/usu181\/2021\/11\/mates-1024x819.png\" alt=\"\" width=\"1024\" height=\"819\" srcset=\"https:\/\/agora.xtec.cat\/escola-torreforta\/wp-content\/uploads\/usu181\/2021\/11\/mates-1024x819.png 1024w, https:\/\/agora.xtec.cat\/escola-torreforta\/wp-content\/uploads\/usu181\/2021\/11\/mates-300x240.png 300w, https:\/\/agora.xtec.cat\/escola-torreforta\/wp-content\/uploads\/usu181\/2021\/11\/mates-768x614.png 768w, https:\/\/agora.xtec.cat\/escola-torreforta\/wp-content\/uploads\/usu181\/2021\/11\/mates-1536x1229.png 1536w, https:\/\/agora.xtec.cat\/escola-torreforta\/wp-content\/uploads\/usu181\/2021\/11\/mates.png 2000w\" sizes=\"auto, (max-width: 1024px) 100vw, 1024px\" \/><\/a><\/p>\n<\/div>\n<p>&nbsp;<\/p>\n<p style=\"text-align: center;\"><strong>OCTUBRE\u00a0 &#8211;\u00a0 CURS 2021 &#8211; 2022<\/strong><\/p>\n<p><a href=\"https:\/\/agora.xtec.cat\/escola-torreforta\/wp-content\/uploads\/usu181\/2021\/10\/CICLE_MITJA_OCTUBRE.jpeg\"><img loading=\"lazy\" decoding=\"async\" class=\"size-large wp-image-1954 aligncenter\" src=\"https:\/\/agora.xtec.cat\/escola-torreforta\/wp-content\/uploads\/usu181\/2021\/10\/CICLE_MITJA_OCTUBRE-1024x1024.jpeg\" alt=\"\" width=\"1024\" height=\"1024\" srcset=\"https:\/\/agora.xtec.cat\/escola-torreforta\/wp-content\/uploads\/usu181\/2021\/10\/CICLE_MITJA_OCTUBRE-1024x1024.jpeg 1024w, https:\/\/agora.xtec.cat\/escola-torreforta\/wp-content\/uploads\/usu181\/2021\/10\/CICLE_MITJA_OCTUBRE-300x300.jpeg 300w, https:\/\/agora.xtec.cat\/escola-torreforta\/wp-content\/uploads\/usu181\/2021\/10\/CICLE_MITJA_OCTUBRE-150x150.jpeg 150w, https:\/\/agora.xtec.cat\/escola-torreforta\/wp-content\/uploads\/usu181\/2021\/10\/CICLE_MITJA_OCTUBRE-768x768.jpeg 768w, https:\/\/agora.xtec.cat\/escola-torreforta\/wp-content\/uploads\/usu181\/2021\/10\/CICLE_MITJA_OCTUBRE-1536x1536.jpeg 1536w, https:\/\/agora.xtec.cat\/escola-torreforta\/wp-content\/uploads\/usu181\/2021\/10\/CICLE_MITJA_OCTUBRE.jpeg 1600w\" sizes=\"auto, (max-width: 1024px) 100vw, 1024px\" \/><\/a><\/p>\n<p style=\"text-align: left;\">El plat principal d&#8217;aquest mes d\u2019octubre ha estat la sortida de 3r de Prim\u00e0ria a l&#8217;Anella del Mediterrani on hi van anar caminant pels carrers del barri i, un cop all\u00e0, van descobrir l&#8217;espai i van aprendre a utilitzar mapes per aconseguir les fites de la cursa d&#8217;orientaci\u00f3.<\/p>\n<p style=\"text-align: left;\">Tamb\u00e9 cal destacar que, sempre, per esmorzar seuen en rotllana per propiciar un moment tranquil i de comunicaci\u00f3 entre els nens i les nenes.<\/p>\n<p style=\"text-align: left;\">Considerem que el treball de tutoria \u00e9s essencial al nostre cicle i us presentem les din\u00e0miques que hem anat iniciant aquest m\u00e9s: descobrir els nostres punts forts i recon\u00e8ixer els nostres punts febles i fer balan\u00e7 del que m\u00e9s ens ha agradat de la setmana per poder comen\u00e7ar la seg\u00fcent amb for\u00e7a i alegria.<\/p>\n<p style=\"text-align: left;\">A nivell ling\u00fc\u00edstic hem estrenat la llibreta de som escriptors i som escriptores, en la que deixaran volar la seva imaginaci\u00f3 i treballaran la comprensi\u00f3 lectora a trav\u00e9s de material manipulatiu.<\/p>\n<p>_______________________________________________________________________________<\/p>\n<p style=\"text-align: center;\"><strong>SETEMBRE\u00a0 &#8211;\u00a0 CURS 2021 &#8211; 2022<\/strong><\/p>\n<p style=\"text-align: center;\"><a href=\"https:\/\/agora.xtec.cat\/escola-torreforta\/wp-content\/uploads\/usu181\/2021\/10\/cicle_mitjasetembre_2021-1-scaled.jpg\"><img loading=\"lazy\" decoding=\"async\" class=\"alignnone size-large wp-image-1934\" src=\"https:\/\/agora.xtec.cat\/escola-torreforta\/wp-content\/uploads\/usu181\/2021\/10\/cicle_mitjasetembre_2021-1-1024x345.jpg\" alt=\"\" width=\"1024\" height=\"345\" srcset=\"https:\/\/agora.xtec.cat\/escola-torreforta\/wp-content\/uploads\/usu181\/2021\/10\/cicle_mitjasetembre_2021-1-1024x345.jpg 1024w, https:\/\/agora.xtec.cat\/escola-torreforta\/wp-content\/uploads\/usu181\/2021\/10\/cicle_mitjasetembre_2021-1-300x101.jpg 300w, https:\/\/agora.xtec.cat\/escola-torreforta\/wp-content\/uploads\/usu181\/2021\/10\/cicle_mitjasetembre_2021-1-768x259.jpg 768w, https:\/\/agora.xtec.cat\/escola-torreforta\/wp-content\/uploads\/usu181\/2021\/10\/cicle_mitjasetembre_2021-1-1536x518.jpg 1536w, https:\/\/agora.xtec.cat\/escola-torreforta\/wp-content\/uploads\/usu181\/2021\/10\/cicle_mitjasetembre_2021-1-2048x691.jpg 2048w\" sizes=\"auto, (max-width: 1024px) 100vw, 1024px\" \/><\/a><\/p>\n<p style=\"text-align: center;\">Aquest primer mes d&#8217;escola l&#8217;alumnat de Cicle Mitj\u00e0 ha realitzat activitats i jocs de coneixen\u00e7a i presentaci\u00f3 i, com a plat fort i per celebrar Santa tecla, la visita de la Cucafera! A m\u00e9s, per celebrar el seu 30\u00e8 aniversari li han fet unes targetes de felicitaci\u00f3 desplegables!<\/p>\n<p>_______________________________________________________________________________<\/p>\n<p><iframe loading=\"lazy\" src=\"\/\/www.youtube.com\/embed\/brTZ74GOLIk\" width=\"560\" height=\"314\"><\/iframe><\/p>\n<p>Descobriu algunes de les activitats que hem fet aquest mes de maig al Cicle Mitj\u00e0!<\/p>\n<p>Hem gaudit escoltant i participant com a m\u00fasics dels <strong>contes de cercles i tambors<\/strong> del Paco i l&#8217;Alexander (https:\/\/crearcomu.org\/). Tamb\u00e9 hem fet una descoberta pr\u00e8via de l&#8217;entorn del <strong>Parc Sam\u00e0<\/strong> i els seus animals i plantes abans de l&#8217;excursi\u00f3 i, finalment, hem experimentat a pl\u00e0stica amb el color, la natura i la imaginaci\u00f3 amb les activitats <strong>micronatura<\/strong> i <strong>la taca vermella<\/strong>!<\/p>\n<p>_______________________________________________________________________________<\/p>\n<p><iframe loading=\"lazy\" src=\"\/\/www.youtube.com\/embed\/6yw1QUroEi4\" width=\"560\" height=\"314\"><\/iframe><\/p>\n<p style=\"text-align: center;\">SANT JORDI!: Vam estar ben enfeinats\/des aquest Sant Jordi, treballant din\u00e0miques de grup i fent cal\u00b7ligrames en forma de rosa i treballs sobre la llegenda!<\/p>\n<p style=\"text-align: center;\">ACTORS I ACTRIUS DE CINEMA: A Pl\u00e0stica vam treballar un tema interessant i divertit alhora: vam con\u00e8ixer estrelles del cinema cl\u00e0ssiques<span style=\"font-family: inherit; font-size: 1em;\"> i vam reinterpretar-ne les seves fotos ic\u00f2niques a la nostra manera&#8230;<\/span><\/p>\n<p style=\"text-align: center;\">V CERTAMEN OLGA XIRINACS: Al Certamen Olga Xirinacs de lectura d&#8217;aquest any estem d&#8217;enhorabona, l&#8217;Escola Torreforta ha pujat al podi amb el tercer premi a Cicle Mitj\u00e0 que ha estat atorgat al nostre alumne BRYAN KAMENI! Felicitats, Bryan, estem molt orgullosos de tu!<\/p>\n<p>_______________________________________________________________________________<\/p>\n<p><iframe loading=\"lazy\" title=\"EL MAR\u00c7 A CICLE MITJA!\" width=\"500\" height=\"281\" src=\"https:\/\/www.youtube.com\/embed\/TYLcgjvft1U?feature=oembed\" frameborder=\"0\" allow=\"accelerometer; autoplay; clipboard-write; encrypted-media; gyroscope; picture-in-picture; web-share\" referrerpolicy=\"strict-origin-when-cross-origin\" allowfullscreen><\/iframe><\/p>\n<p style=\"text-align: center;\">VE A VISITAR-NOS LA GUARDIA URBANA: Dos agents de la Guardia Urbana van visitar les classes de quart per fer una presentaci\u00f3 i donar consells sobre seguretat vi\u00e0ria, i tamb\u00e9 van respondre totes les preguntes que van formular els alumnes.<\/p>\n<p style=\"text-align: center;\">DESCOBRIM AL PINTOR KANDINSKY: Vasili Kandinsky va ser un pintor rus precursor de l&#8217;art abstracte i que va cultivar l&#8217;estil expresionista. Utilitzava formes geom\u00e9triques i colors molt vius, tal i com podeu veure als treballs dels nostres artistes de cicle mitj\u00e0!<\/p>\n<p style=\"text-align: center;\">8 DE MAR\u00c7, DIA DE LA DONA: Com tots els 8 de mar\u00e7, l&#8217;Escola Torreforta no s&#8217;oblida de celebrar el Dia Internacional de la Dona. Cicle Mitj\u00e0 va anar per feina i va realitzar obres art\u00edstiques com les que podeu veure, a m\u00e9s de lectures i altres treballs per homenatjar a dones cient\u00edfiques i a totes les dones en general.<\/p>\n<p style=\"text-align: center;\">EL DESCOBRIMENT D&#8217;EN CLAUDI: A partir del llibre El Descobriment d&#8217;en Claudi de Llu\u00eds Guzm\u00e1n Pujol @racomusical, s&#8217;han endinsat en diferents pa\u00efsos i han descobert m\u00fasiques i emocions.<\/p>\n<p style=\"text-align: center;\">___________________________________________________________________________________<\/p>\n<p style=\"text-align: center;\"><iframe loading=\"lazy\" src=\"\/\/www.youtube.com\/embed\/XKTNBrODdE8\" width=\"560\" height=\"314\"><\/iframe><\/p>\n<p style=\"text-align: center;\">El febrer ens ha donat moltes activitats interessants. Hem treballat l&#8217;empatia, hem conegut el treball i el paper de les dones a la ci\u00e8ncia, tamb\u00e9 el dia internacional de l&#8217;educaci\u00f3 ambiental i, finalment, un carnaval diferent. Esperem que gaudiu del recull d&#8217;imatges!<\/p>\n<p style=\"text-align: center;\">___________________________________________________________________________________<\/p>\n<p style=\"text-align: center;\"><a href=\"https:\/\/agora.xtec.cat\/escola-torreforta\/wp-content\/uploads\/usu181\/2021\/01\/PUBLI_CM_WEB_GENER.jpg\"><img loading=\"lazy\" decoding=\"async\" class=\"alignnone size-full wp-image-1700\" src=\"https:\/\/agora.xtec.cat\/escola-torreforta\/wp-content\/uploads\/usu181\/2021\/01\/PUBLI_CM_WEB_GENER.jpg\" alt=\"\" width=\"922\" height=\"679\" srcset=\"https:\/\/agora.xtec.cat\/escola-torreforta\/wp-content\/uploads\/usu181\/2021\/01\/PUBLI_CM_WEB_GENER.jpg 922w, https:\/\/agora.xtec.cat\/escola-torreforta\/wp-content\/uploads\/usu181\/2021\/01\/PUBLI_CM_WEB_GENER-300x221.jpg 300w, https:\/\/agora.xtec.cat\/escola-torreforta\/wp-content\/uploads\/usu181\/2021\/01\/PUBLI_CM_WEB_GENER-768x566.jpg 768w\" sizes=\"auto, (max-width: 922px) 100vw, 922px\" \/><\/a>Aquest 30 de gener celebrem el DENIP (Dia Escola de la NO-viol\u00e8ncia I la Pau). Al Cicle Mitj\u00e0 hem realitzat diverses activitats per celebrar-lo. En aquesta publicaci\u00f3 en podeu veure un exemple, la confecci\u00f3 d&#8217;un mural dels valors que ens acompanyen dia rere dia i en la nostra vida di\u00e0ria dins i fora de l&#8217;escola!<\/p>\n<p style=\"text-align: center;\">___________________________________________________________________________________<\/p>\n<p style=\"text-align: center;\"><a href=\"https:\/\/agora.xtec.cat\/escola-torreforta\/wp-content\/uploads\/usu181\/2020\/12\/COLLAGE1.jpg\"><img loading=\"lazy\" decoding=\"async\" class=\"alignnone wp-image-1630\" src=\"https:\/\/agora.xtec.cat\/escola-torreforta\/wp-content\/uploads\/usu181\/2020\/12\/COLLAGE1-1024x1024.jpg\" alt=\"\" width=\"240\" height=\"240\" srcset=\"https:\/\/agora.xtec.cat\/escola-torreforta\/wp-content\/uploads\/usu181\/2020\/12\/COLLAGE1-1024x1024.jpg 1024w, https:\/\/agora.xtec.cat\/escola-torreforta\/wp-content\/uploads\/usu181\/2020\/12\/COLLAGE1-150x150.jpg 150w, https:\/\/agora.xtec.cat\/escola-torreforta\/wp-content\/uploads\/usu181\/2020\/12\/COLLAGE1-300x300.jpg 300w, https:\/\/agora.xtec.cat\/escola-torreforta\/wp-content\/uploads\/usu181\/2020\/12\/COLLAGE1-768x768.jpg 768w, https:\/\/agora.xtec.cat\/escola-torreforta\/wp-content\/uploads\/usu181\/2020\/12\/COLLAGE1.jpg 1200w\" sizes=\"auto, (max-width: 240px) 100vw, 240px\" \/><\/a><a href=\"https:\/\/agora.xtec.cat\/escola-torreforta\/wp-content\/uploads\/usu181\/2020\/12\/COLLAGE2.jpg\"><img loading=\"lazy\" decoding=\"async\" class=\"alignnone wp-image-1631\" src=\"https:\/\/agora.xtec.cat\/escola-torreforta\/wp-content\/uploads\/usu181\/2020\/12\/COLLAGE2-1024x1024.jpg\" alt=\"\" width=\"240\" height=\"240\" srcset=\"https:\/\/agora.xtec.cat\/escola-torreforta\/wp-content\/uploads\/usu181\/2020\/12\/COLLAGE2-1024x1024.jpg 1024w, https:\/\/agora.xtec.cat\/escola-torreforta\/wp-content\/uploads\/usu181\/2020\/12\/COLLAGE2-150x150.jpg 150w, https:\/\/agora.xtec.cat\/escola-torreforta\/wp-content\/uploads\/usu181\/2020\/12\/COLLAGE2-300x300.jpg 300w, https:\/\/agora.xtec.cat\/escola-torreforta\/wp-content\/uploads\/usu181\/2020\/12\/COLLAGE2-768x768.jpg 768w, https:\/\/agora.xtec.cat\/escola-torreforta\/wp-content\/uploads\/usu181\/2020\/12\/COLLAGE2.jpg 1200w\" sizes=\"auto, (max-width: 240px) 100vw, 240px\" \/><\/a><a href=\"https:\/\/agora.xtec.cat\/escola-torreforta\/wp-content\/uploads\/usu181\/2020\/12\/COLLAGE3.jpg\"><img loading=\"lazy\" decoding=\"async\" class=\"alignnone wp-image-1632\" src=\"https:\/\/agora.xtec.cat\/escola-torreforta\/wp-content\/uploads\/usu181\/2020\/12\/COLLAGE3-1024x1024.jpg\" alt=\"\" width=\"240\" height=\"240\" srcset=\"https:\/\/agora.xtec.cat\/escola-torreforta\/wp-content\/uploads\/usu181\/2020\/12\/COLLAGE3-1024x1024.jpg 1024w, https:\/\/agora.xtec.cat\/escola-torreforta\/wp-content\/uploads\/usu181\/2020\/12\/COLLAGE3-150x150.jpg 150w, https:\/\/agora.xtec.cat\/escola-torreforta\/wp-content\/uploads\/usu181\/2020\/12\/COLLAGE3-300x300.jpg 300w, https:\/\/agora.xtec.cat\/escola-torreforta\/wp-content\/uploads\/usu181\/2020\/12\/COLLAGE3-768x768.jpg 768w, https:\/\/agora.xtec.cat\/escola-torreforta\/wp-content\/uploads\/usu181\/2020\/12\/COLLAGE3.jpg 1200w\" sizes=\"auto, (max-width: 240px) 100vw, 240px\" \/><\/a><\/p>\n<p style=\"text-align: center;\">Durant aquest mes de desembre els\/les alumnes de Cicle Mitj\u00e0 han treball motius nadalencs i activitats com l&#8217;arbre dels desitjos, el ti\u00f3 de Nadal, la carta als Reis o l&#8217;art rupestre. Aqu\u00ed en teniu algunes fotos!<\/p>\n<p style=\"text-align: center;\">___________________________________________________________________________________<\/p>\n<p style=\"text-align: center;\"><a href=\"https:\/\/agora.xtec.cat\/escola-torreforta\/wp-content\/uploads\/usu181\/2020\/11\/PATATAAAAAAA_CM.jpg\"><img loading=\"lazy\" decoding=\"async\" class=\"alignnone size-large wp-image-1615\" src=\"https:\/\/agora.xtec.cat\/escola-torreforta\/wp-content\/uploads\/usu181\/2020\/11\/PATATAAAAAAA_CM-732x1024.jpg\" alt=\"\" width=\"732\" height=\"1024\" srcset=\"https:\/\/agora.xtec.cat\/escola-torreforta\/wp-content\/uploads\/usu181\/2020\/11\/PATATAAAAAAA_CM.jpg 732w, https:\/\/agora.xtec.cat\/escola-torreforta\/wp-content\/uploads\/usu181\/2020\/11\/PATATAAAAAAA_CM-214x300.jpg 214w\" sizes=\"auto, (max-width: 732px) 100vw, 732px\" \/><\/a><\/p>\n<p style=\"text-align: center;\">Us deixem una mostra de fotografies d\u2019algunes de les activitats que els\/les alumnes de Cicle Mitj\u00e0 hem fet aquest darrer mes a l\u2019escola. Hi veureu la decoraci\u00f3 dels passadissos amb motius de tardor, la visita de la policia local de la ciutat i els experiments del cicle de l\u2019aigua i els tubercles!<\/p>\n<p style=\"text-align: center;\">\n","protected":false},"excerpt":{"rendered":"<p>ABRIL &#8211; CURS 2025 &#8211; 2026<\/p>\n<p>\ud83c\udf3f APRENEM JUNTS A L\u2019AIRE LLIURE! \ud83e\udd1d<br \/>\nL\u2019alumnat de 3r \ud83e\uddd2\ud83d\udc67 ha gaudit d\u2019una jornada a l\u2019aire lliure amb els seus padrins i padrines de 5\u00e8 \ud83d\udc66\ud83d\udc67, compartint jocs cooperatius \ud83c\udfaf i activitats conjuntes.<br \/>\nAquesta experi\u00e8ncia ha fomentat la conviv\u00e8ncia, la comunicaci\u00f3&hellip;  <a href=\"https:\/\/agora.xtec.cat\/escola-torreforta\/nivells\/cicle-mitja\/\" title=\"Read CICLE MITJ\u00c0\">Llegeix m\u00e9s\u00bb<\/a><\/p>\n","protected":false},"author":5,"featured_media":0,"parent":87,"menu_order":0,"comment_status":"closed","ping_status":"closed","template":"page-templates\/side-menu.php","meta":{"_bbp_topic_count":0,"_bbp_reply_count":0,"_bbp_total_topic_count":0,"_bbp_total_reply_count":0,"_bbp_voice_count":0,"_bbp_anonymous_reply_count":0,"_bbp_topic_count_hidden":0,"_bbp_reply_count_hidden":0,"_bbp_forum_subforum_count":0,"footnotes":""},"class_list":["post-1593","page","type-page","status-publish","hentry"],"post_mailing_queue_ids":[],"_links":{"self":[{"href":"https:\/\/agora.xtec.cat\/escola-torreforta\/wp-json\/wp\/v2\/pages\/1593","targetHints":{"allow":["GET"]}}],"collection":[{"href":"https:\/\/agora.xtec.cat\/escola-torreforta\/wp-json\/wp\/v2\/pages"}],"about":[{"href":"https:\/\/agora.xtec.cat\/escola-torreforta\/wp-json\/wp\/v2\/types\/page"}],"author":[{"embeddable":true,"href":"https:\/\/agora.xtec.cat\/escola-torreforta\/wp-json\/wp\/v2\/users\/5"}],"replies":[{"embeddable":true,"href":"https:\/\/agora.xtec.cat\/escola-torreforta\/wp-json\/wp\/v2\/comments?post=1593"}],"version-history":[{"count":7,"href":"https:\/\/agora.xtec.cat\/escola-torreforta\/wp-json\/wp\/v2\/pages\/1593\/revisions"}],"predecessor-version":[{"id":3824,"href":"https:\/\/agora.xtec.cat\/escola-torreforta\/wp-json\/wp\/v2\/pages\/1593\/revisions\/3824"}],"up":[{"embeddable":true,"href":"https:\/\/agora.xtec.cat\/escola-torreforta\/wp-json\/wp\/v2\/pages\/87"}],"wp:attachment":[{"href":"https:\/\/agora.xtec.cat\/escola-torreforta\/wp-json\/wp\/v2\/media?parent=1593"}],"curies":[{"name":"wp","href":"https:\/\/api.w.org\/{rel}","templated":true}]}}