{"id":1592,"date":"2020-11-25T11:38:21","date_gmt":"2020-11-25T10:38:21","guid":{"rendered":"https:\/\/agora.xtec.cat\/escola-torreforta\/?page_id=1592"},"modified":"2026-04-30T12:33:04","modified_gmt":"2026-04-30T10:33:04","slug":"cicle-inicial","status":"publish","type":"page","link":"https:\/\/agora.xtec.cat\/escola-torreforta\/nivells\/cicle-inicial\/","title":{"rendered":"CICLE INICIAL"},"content":{"rendered":"<p style=\"text-align: center;\"><strong>ABRIL \u2013\u00a0 CURS 2025 \u2013 2026<\/strong><\/p>\n<p><span style=\"font-weight: 400;\">Abril ens dona la benvinguda amb nous reptes i molta il\u00b7lusi\u00f3! \ud83c\udf37\u2600\ufe0f<\/span><\/p>\n<p><span style=\"font-weight: 400;\">Aquest mes hem comen\u00e7at el tercer i \u00faltim trimestre del curs, un tram final ple d\u2019energia, esfor\u00e7 i ganes de continuar creixent \ud83c\udf31\u2728. Els infants de Cicle Inicial afrontem aquesta etapa amb motivaci\u00f3, compartint aprenentatges, descobertes i moments que ens fan avan\u00e7ar dia a dia \ud83d\udcda\ud83e\udd1d.<\/span><\/p>\n<p><span style=\"font-weight: 400;\">A m\u00e9s a m\u00e9s, hem tingut la sort de rebre la visita de l\u2019escriptora Cinta Mulet a la classe de 1rB, una experi\u00e8ncia molt especial que ens ha apropat encara m\u00e9s al m\u00f3n dels contes i la poesia \u2728\ud83d\udcd6.<\/span><\/p>\n<p><span style=\"font-weight: 400;\">Tamb\u00e9 ens ha visitat la Imma, antiga mestra de l\u2019escola ja jubilada, que ens ha regalat un moment molt especial explicant-nos un conte \ud83d\udcda\ud83d\udcab.<\/span><\/p>\n<p><span style=\"font-weight: 400;\">Seguim treballant amb const\u00e0ncia, imaginaci\u00f3 i entusiasme, gaudint de cada experi\u00e8ncia dins i fora de l\u2019aula \ud83c\udfa8\ud83e\udde0. Cada pas que fem ens prepara per tancar el curs amb orgull i satisfacci\u00f3.<\/span><\/p>\n<p><span style=\"font-weight: 400;\">Us compartim una petita selecci\u00f3 d\u2019imatges \ud83d\udcf8 que recullen tot el que estem vivint a l\u2019escola \ud83c\udfeb. Esperem que us agradin tant com a nosaltres! \ud83d\udc9b<\/span><\/p>\n<p><iframe loading=\"lazy\" title=\"ABRIL_C.INICIAL\" width=\"500\" height=\"281\" src=\"https:\/\/www.youtube.com\/embed\/pxt8MQ_G-ig?feature=oembed\" frameborder=\"0\" allow=\"accelerometer; autoplay; clipboard-write; encrypted-media; gyroscope; picture-in-picture; web-share\" referrerpolicy=\"strict-origin-when-cross-origin\" allowfullscreen><\/iframe><\/p>\n<p>&nbsp;<\/p>\n<p>___________________________________________________________________________________<\/p>\n<p style=\"text-align: center;\"><strong>MAR\u00c7 \u2013\u00a0 CURS 2025 \u2013 2026<\/strong><\/p>\n<p><span style=\"font-weight: 400;\">Mar\u00e7 ha arribat amb energia renovada i moltes ganes de continuar aprenent! \ud83c\udf38\ud83c\udf1e<\/span><\/p>\n<p><span style=\"font-weight: 400;\">Aquest mes, els infants de Cicle Inicial hem seguit compartint estones plenes de descobertes, reptes i il\u00b7lusions \ud83c\udf31\ud83d\udcda. Hem treballat en equip, hem deixat volar la imaginaci\u00f3 i hem apr\u00e8s els uns dels altres, creixent cada dia una mica m\u00e9s \ud83e\udd1d\u2728.<\/span><\/p>\n<p><span style=\"font-weight: 400;\">Entre converses, experiments, lectures i moments de joc, continuem construint aprenentatges significatius i records que ens acompanyen \ud83e\udde0\ud83c\udfa8.<\/span><\/p>\n<p><span style=\"font-weight: 400;\">Us compartim una petita selecci\u00f3 d\u2019imatges \ud83d\udcf8 que reflecteixen tot el que hem viscut a l\u2019aula i a l\u2019escola \ud83c\udfeb. Esperem que les gaudiu tant com nosaltres! \ud83d\udc9b<\/span><\/p>\n<p><iframe loading=\"lazy\" title=\"MAR\u00c7_C.INICIAL\" width=\"500\" height=\"281\" src=\"https:\/\/www.youtube.com\/embed\/G7RlQgzsnZE?feature=oembed\" frameborder=\"0\" allow=\"accelerometer; autoplay; clipboard-write; encrypted-media; gyroscope; picture-in-picture; web-share\" referrerpolicy=\"strict-origin-when-cross-origin\" allowfullscreen><\/iframe><\/p>\n<p>________________________________________________________________________________<\/p>\n<p style=\"text-align: center;\"><strong>FEBRER \u2013\u00a0 CURS 2025 \u2013 2026<\/strong><\/p>\n<p><span style=\"font-weight: 400;\">Febrer ha arribat carregat de moments m\u00e0gics i aprenentatges nous! \u2744\ufe0f\u2728<\/span><\/p>\n<p><span style=\"font-weight: 400;\">Aquest mes, els infants de Cicle Inicial han continuat explorant, creant i compartint experi\u00e8ncies \u00faniques \ud83c\udfa8\ud83e\uddea\ud83e\udd1d. Hem gaudit de moments de joc, descobertes \ud83d\udcda i rialles que fan cr\u00e9ixer la nostra amistat i curiositat \ud83c\udf31.<\/span><\/p>\n<p><span style=\"font-weight: 400;\">Us compartim una petita selecci\u00f3 d\u2019imatges \ud83d\udcf8 que recullen tot el que hem viscut a l\u2019aula i a l\u2019escola \ud83c\udfeb. Esperem que us faci somriure tant com a nosaltres! \ud83d\udc9b<\/span><\/p>\n<p><iframe loading=\"lazy\" title=\"FEBRER_CICLE INICIAL\" width=\"500\" height=\"281\" src=\"https:\/\/www.youtube.com\/embed\/88s_QDY-1xU?feature=oembed\" frameborder=\"0\" allow=\"accelerometer; autoplay; clipboard-write; encrypted-media; gyroscope; picture-in-picture; web-share\" referrerpolicy=\"strict-origin-when-cross-origin\" allowfullscreen><\/iframe><\/p>\n<p>&nbsp;<\/p>\n<p>_____________________________________________________________________________________________<\/p>\n<p style=\"text-align: center;\"><strong>GENER \u2013\u00a0 CURS 2025 \u2013 2026<\/strong><\/p>\n<p><span style=\"font-weight: 400;\">Comencem l\u2019any amb moltes ganes i il\u00b7lusi\u00f3! \ud83c\udf89<\/span><\/p>\n<p><span style=\"font-weight: 400;\">El mes de gener ha estat ple de descobertes \ud83d\udd0d, aprenentatges \ud83d\udcda i moments compartits \ud83e\udd1d. Els infants de Cicle Inicial han participat en diferents activitats que els han perm\u00e8s aprendre tot jugant \ud83c\udfb2, experimentar \ud83e\uddea, crear \ud83c\udfa8 i cr\u00e9ixer plegats \ud83c\udf31.<\/span><\/p>\n<p><span style=\"font-weight: 400;\">Us deixem una petita mostra en imatges \ud83d\udcf8 de tot el que hem viscut aquest mes a l\u2019aula i a l\u2019escola \ud83c\udfeb. Esperem que us agradi tant com a nosaltres! \ud83d\udc9b<\/span><\/p>\n<p><iframe loading=\"lazy\" title=\"GENER_CICLE INICIAL\" width=\"422\" height=\"750\" src=\"https:\/\/www.youtube.com\/embed\/J7g5-CUCDmw?feature=oembed\" frameborder=\"0\" allow=\"accelerometer; autoplay; clipboard-write; encrypted-media; gyroscope; picture-in-picture; web-share\" referrerpolicy=\"strict-origin-when-cross-origin\" allowfullscreen><\/iframe><\/p>\n<p>_______________________________________________________________________________<\/p>\n<p style=\"text-align: center;\"><strong>DESEMBRE \u2013\u00a0 CURS 2025 \u2013 2026<\/strong><\/p>\n<p data-start=\"84\" data-end=\"469\">Aquest mes de desembre, <strong data-start=\"108\" data-end=\"125\">Cicle Inicial<\/strong> s\u2019ha omplert de la m\u00e0gia de l\u2019hivern \u2744\ufe0f\u2728<br data-start=\"166\" data-end=\"169\" \/>A les aules hem compartit activitats, viv\u00e8ncies i estones especials que han fet d\u2019aquest final de trimestre un moment ple d\u2019alegria \ud83d\ude0a, creativitat \ud83c\udfa8 i conviv\u00e8ncia \ud83e\udd1d. Els i les alumnes han treballat amb il\u00b7lusi\u00f3 \ud83d\udcaa, han gaudit d\u2019aprenentatges nous \ud83d\udcda i han celebrat el valor de fer cam\u00ed plegats \u2764\ufe0f.<\/p>\n<p data-start=\"471\" data-end=\"585\">Us convidem a veure aquest v\u00eddeo \ud83c\udfa5, on hem recollit alguns dels instants m\u00e9s bonics d\u2019aquest mes tan especial \ud83c\udf1f.<\/p>\n<p data-start=\"587\" data-end=\"630\"><strong data-start=\"587\" data-end=\"625\">Gr\u00e0cies per acompanyar-nos sempre!<\/strong> \ud83d\ude4f\ud83d\udc99<\/p>\n<p><iframe loading=\"lazy\" title=\"DESEMBRE_CICLE INICIAL\" width=\"500\" height=\"375\" src=\"https:\/\/www.youtube.com\/embed\/ABHBUGO24b0?feature=oembed\" frameborder=\"0\" allow=\"accelerometer; autoplay; clipboard-write; encrypted-media; gyroscope; picture-in-picture; web-share\" referrerpolicy=\"strict-origin-when-cross-origin\" allowfullscreen><\/iframe><\/p>\n<p>&nbsp;<\/p>\n<p>____________________________________________________________________________________________<\/p>\n<p style=\"text-align: center;\"><strong>NOVEMBRE \u2013\u00a0 CURS 2025 \u2013 2026<\/strong><\/p>\n<p>\ud83c\udf31\ud83d\udd2d\ud83d\udc3e <strong data-start=\"90\" data-end=\"141\">A Cicle Inicial hem iniciat els tallers de medi<\/strong>, una proposta que ens permet aprendre de manera vivencial, manipulativa i divertida \ud83d\ude04. A trav\u00e9s dels diferents tallers \u2014l\u2019hort \ud83c\udf3f, l\u2019univers \ud83c\udf0c, els animals \ud83d\udc36\ud83d\udc22, els experiments \ud83d\udd2c, els jocs tradicionals \ud83c\udfb2 i la prehist\u00f2ria \ud83d\uddff\u2014, l\u2019alumnat descobreix el m\u00f3n que l\u2019envolta tot observant \ud83d\udc40, experimentant \ud83e\uddea i compartint aprenentatges amb els companys i companyes \ud83e\udd1d. <strong data-start=\"510\" data-end=\"542\">Una manera d\u2019aprendre activa<\/strong> que desperta la curiositat \ud83e\udd29 i fomenta el treball cooperatiu! \ud83e\udd17<\/p>\n<p><iframe loading=\"lazy\" title=\"NOVEMBRE_CICLE INICIAL\" width=\"500\" height=\"375\" src=\"https:\/\/www.youtube.com\/embed\/Gx7HL0w7UwE?feature=oembed\" frameborder=\"0\" allow=\"accelerometer; autoplay; clipboard-write; encrypted-media; gyroscope; picture-in-picture; web-share\" referrerpolicy=\"strict-origin-when-cross-origin\" allowfullscreen><\/iframe><\/p>\n<p>__________________________________________________________________________________<\/p>\n<p style=\"text-align: center;\"><strong>OCTUBRE \u2013\u00a0 CURS 2025 \u2013 2026<\/strong><\/p>\n<p><span style=\"font-weight: 400;\">\ud83c\udf42 <\/span><b>Benvinguda tardor a Cicle Inicial!<\/b><span style=\"font-weight: 400;\"> \ud83c\udf42<\/span><\/p>\n<p><span style=\"font-weight: 400;\">Aquest mes ha estat molt especial a Cicle Inicial, ja que hem iniciat dos projectes que ens han ajudat a viure de ben a prop l\u2019arribada de la tardor.<\/span><\/p>\n<p><span style=\"font-weight: 400;\">A 1r, amb \u201cColors de la tardor, dol\u00e7os de castanyada\u201d<\/span><i><span style=\"font-weight: 400;\">\u201c<\/span><\/i><span style=\"font-weight: 400;\">, hem descobert els productes,\u00a0 colors i els moviments que ens porta aquesta estaci\u00f3.<\/span><span style=\"font-weight: 400;\"><br \/>\n<\/span><span style=\"font-weight: 400;\"> A 2n, amb \u201cBallant entre fulles i castanyes\u201d, hem treballat la tradici\u00f3 i els sabors t\u00edpics d\u2019aquest temps.<\/span><\/p>\n<p><span style=\"font-weight: 400;\">Amb danses, experi\u00e8ncies i molta creativitat, hem donat la benvinguda a la tardor a la nostra escola! \ud83c\udf30\ud83c\udf41<\/span><\/p>\n<p><iframe loading=\"lazy\" title=\"OCTUBRE_CICLE INICIAL\" width=\"500\" height=\"375\" src=\"https:\/\/www.youtube.com\/embed\/8DbX1FNb1xg?feature=oembed\" frameborder=\"0\" allow=\"accelerometer; autoplay; clipboard-write; encrypted-media; gyroscope; picture-in-picture; web-share\" referrerpolicy=\"strict-origin-when-cross-origin\" allowfullscreen><\/iframe><\/p>\n<p>&nbsp;<\/p>\n<p>__________________________________________________________________________________<\/p>\n<p style=\"text-align: center;\"><strong>SETEMBRE \u2013\u00a0 CURS 2025 \u2013 2026<\/strong><\/p>\n<p><span style=\"font-weight: 400;\">\ud83c\udf92 <\/span><b>Benvolgudes fam\u00edlies,<\/b><\/p>\n<p><span style=\"font-weight: 400;\">El Cicle Inicial dona la benvinguda al nou curs escolar amb molta il\u00b7lusi\u00f3! \u2728<\/span><span style=\"font-weight: 400;\"><br \/>\n<\/span><span style=\"font-weight: 400;\"> Aquest mes de setembre hem comen\u00e7at amb moltes ganes de retrobar-nos, de descobrir, d\u2019aprendre i de compartir bons moments.<\/span><\/p>\n<p><span style=\"font-weight: 400;\">En aquest v\u00eddeo podreu veure una petita mostra del que hem estat fent aquests primers dies: jocs, din\u00e0miques, noves rutines&#8230; i sobretot, molts somriures!<\/span><\/p>\n<p><span style=\"font-weight: 400;\">Estem molt contents i contentes de tornar a l\u2019escola i encarar aquest curs amb energia i entusiasme! \ud83d\udc9b\ud83d\udcda<\/span><\/p>\n<p><iframe loading=\"lazy\" title=\"SETEMBRE_CICLE INICIAL\" width=\"500\" height=\"375\" src=\"https:\/\/www.youtube.com\/embed\/nd5GALwWTNI?feature=oembed\" frameborder=\"0\" allow=\"accelerometer; autoplay; clipboard-write; encrypted-media; gyroscope; picture-in-picture; web-share\" referrerpolicy=\"strict-origin-when-cross-origin\" allowfullscreen><\/iframe><\/p>\n<p>&nbsp;<\/p>\n<p>______________________________________________________________________________________________________________________________________________________________________<\/p>\n<p>&nbsp;<\/p>\n<p style=\"text-align: center;\"><strong>JUNY \u2013\u00a0 CURS 2024 \u2013 2025<\/strong><\/p>\n<p><span style=\"font-weight: 400;\">Tanquem el curs 24-25 amb il\u00b7lusi\u00f3 i el cor ple de viv\u00e8ncies compartides.<\/span><span style=\"font-weight: 400;\"><br \/>\n<\/span><span style=\"font-weight: 400;\">Amb aquarel\u00b7les hem donat forma a tot all\u00f2 que la imaginaci\u00f3 ens ha inspirat \ud83c\udfa8\u2728.<\/span><span style=\"font-weight: 400;\"><br \/>\n<\/span><span style=\"font-weight: 400;\">Les fam\u00edlies, com cada any, ens han acompanyat en aquest final tan especial, ple d\u2019emocions.<\/span><span style=\"font-weight: 400;\"><br \/>\n<\/span><span style=\"font-weight: 400;\">Hem gaudit d\u2019una jornada plena de jocs i rialles per acomiadar-nos com cal \ud83c\udf89.<\/span><span style=\"font-weight: 400;\"><br \/>\n<\/span><span style=\"font-weight: 400;\">Gr\u00e0cies per caminar al nostre costat&#8230; Ens retrobem el curs 25-26 amb m\u00e9s somnis i aventures! \ud83d\udc96<\/span><\/p>\n<p><iframe loading=\"lazy\" title=\"CICLE INICIAL_JUNY\" width=\"500\" height=\"281\" src=\"https:\/\/www.youtube.com\/embed\/F4-nEfO4PGM?feature=oembed\" frameborder=\"0\" allow=\"accelerometer; autoplay; clipboard-write; encrypted-media; gyroscope; picture-in-picture; web-share\" referrerpolicy=\"strict-origin-when-cross-origin\" allowfullscreen><\/iframe><\/p>\n<p>&nbsp;<\/p>\n<p>_________________________________________________________________________________<\/p>\n<p style=\"text-align: center;\"><strong>MAIG \u2013\u00a0 CURS 2024 \u2013 2025<\/strong><\/p>\n<p><span style=\"font-weight: 400;\">\ud83c\udf89 <\/span><b>SORTIDA AL PORT DE TARRAGONA!<\/b><span style=\"font-weight: 400;\"> \u2693\ufe0f\ud83d\udc1f<\/span><\/p>\n<p><span style=\"font-weight: 400;\">Aquest maig, el Cicle Inicial ha viscut una aventura inoblidable! \ud83d\ude04<\/span><span style=\"font-weight: 400;\"><br \/>\n<\/span><span style=\"font-weight: 400;\">\ud83d\udea4 Vam pujar a una barca i&#8230; sorpresa! \ud83d\udc2c Vam veure DOFINS!!<\/span><span style=\"font-weight: 400;\"><br \/>\n<\/span><span style=\"font-weight: 400;\">Ens van explicar les parts del port \ud83c\udfd7\ufe0f i vam descobrir com funciona tot aquest m\u00f3n mariner \ud83c\udf0a. <\/span><\/p>\n<p><span style=\"font-weight: 400;\">Al museu vam tocar, jugar i aprendre amb els elements del port!<\/span><span style=\"font-weight: 400;\"><br \/>\n<\/span><span style=\"font-weight: 400;\">\ud83c\udfa3 Tamb\u00e9 vam visitar la Llotja de peix, on vam veure com es ven el peix fresc!<\/span><span style=\"font-weight: 400;\"><br \/>\n<\/span><span style=\"font-weight: 400;\">I per acabar&#8230; estona de joc al parc del Serrallo! \ud83d\udedd\ud83d\ude04<\/span><\/p>\n<p><span style=\"font-weight: 400;\">Un dia ple de descobertes, rialles i moooolta emoci\u00f3! \ud83d\udc99<\/span><\/p>\n<p><iframe loading=\"lazy\" title=\"SORTIDA FI DE CURS_CICLE INICIAL\" width=\"500\" height=\"281\" src=\"https:\/\/www.youtube.com\/embed\/ynFSFAMkXQM?feature=oembed\" frameborder=\"0\" allow=\"accelerometer; autoplay; clipboard-write; encrypted-media; gyroscope; picture-in-picture; web-share\" referrerpolicy=\"strict-origin-when-cross-origin\" allowfullscreen><\/iframe><\/p>\n<p>&nbsp;<\/p>\n<p>____________________________________________________________________________________________<\/p>\n<p style=\"text-align: center;\"><strong>ABRIL \u2013\u00a0 CURS 2024 \u2013 2025<\/strong><\/p>\n<p><span style=\"font-weight: 400;\">Aquest mes d\u2019abril ha estat ple de m\u00e0gia i aprenentatges \u2728! A pl\u00e0stica hem donat vida a la primavera i a Sant Jordi amb molta creativitat \ud83c\udfa8\ud83c\udf38\ud83d\udc09. Hem llegit contes preciosos \ud83d\udcda, inventat hist\u00f2ries \u270d\ufe0f i jugat amb les matem\u00e0tiques manipulatives \u2795. Un mes ple de colors, somriures i il\u00b7lusi\u00f3 \ud83d\ude0a!<\/span><\/p>\n<p><iframe loading=\"lazy\" title=\"ABRIL_CICLE INICIAL\" width=\"500\" height=\"281\" src=\"https:\/\/www.youtube.com\/embed\/h0m5Z7LgTX8?feature=oembed\" frameborder=\"0\" allow=\"accelerometer; autoplay; clipboard-write; encrypted-media; gyroscope; picture-in-picture; web-share\" referrerpolicy=\"strict-origin-when-cross-origin\" allowfullscreen><\/iframe><\/p>\n<p>_____________________________________________________________________________________________<\/p>\n<p style=\"text-align: center;\"><strong>MAR\u00c7 \u2013\u00a0 CURS 2024 \u2013 2025<\/strong><\/p>\n<p><span style=\"font-weight: 400;\">Aquest mes de mar\u00e7, els i les alumnes de cicle inicial han visitat l\u2019horta \ud83c\udf31\ud83d\udeb6\u200d\u2642\ufe0f. Despr\u00e9s de viure l\u2019experi\u00e8ncia de <\/span><i><span style=\"font-weight: 400;\">Bufa Vent Fort!<\/span><\/i><span style=\"font-weight: 400;\"> \ud83c\udfb6\ud83d\udca8, han seguit descobrint i aprenent sobre la natura \ud83c\udf3f\ud83d\udcda. Sempre actius, no parem de fer coses i de cr\u00e9ixer junts! \ud83d\udca1\u2728<\/span><\/p>\n<p><iframe loading=\"lazy\" title=\"MAR\u00c7_CICLE INICIAL\" width=\"500\" height=\"281\" src=\"https:\/\/www.youtube.com\/embed\/jA3WkzkWuV0?feature=oembed\" frameborder=\"0\" allow=\"accelerometer; autoplay; clipboard-write; encrypted-media; gyroscope; picture-in-picture; web-share\" referrerpolicy=\"strict-origin-when-cross-origin\" allowfullscreen><\/iframe><\/p>\n<p>________________________________________________________________________________<\/p>\n<p style=\"text-align: center;\"><strong>FEBRER \u2013\u00a0 CURS 2024 \u2013 2025<\/strong><\/p>\n<p><span style=\"font-weight: 400;\">Aquest febrer ha estat ple de m\u00e0gia i aprenentatges per als nens i nenes de Cicle Inicial! Amb esfor\u00e7 i il\u00b7lusi\u00f3, han treballat en equip, descobrint i compartint coneixements junts. A m\u00e9s, han viscut un Carnaval inoblidable: l&#8217;arribada de la comparsa a l&#8217;escola ha omplert els passadissos de color, m\u00fasica i alegria. Entre balls, rialles i disfresses, han creat records que duraran per sempre!\ud83d\ude0a\ud83c\udfad\ud83c\udfb6<\/span><\/p>\n<p><iframe loading=\"lazy\" title=\"FEBRER_CICLE INICIAL\" width=\"500\" height=\"281\" src=\"https:\/\/www.youtube.com\/embed\/eAvlEkMkNYQ?feature=oembed\" frameborder=\"0\" allow=\"accelerometer; autoplay; clipboard-write; encrypted-media; gyroscope; picture-in-picture; web-share\" referrerpolicy=\"strict-origin-when-cross-origin\" allowfullscreen><\/iframe><\/p>\n<p>&nbsp;<\/p>\n<p>_______________________________________________________________________________________________________<\/p>\n<p style=\"text-align: center;\"><strong>GENER \u2013\u00a0 CURS 2024 \u2013 2025<\/strong><\/p>\n<p><span style=\"font-weight: 400;\">Els nens i nenes han arrencat amb energia, ganes de treballar i molta il\u00b7lusi\u00f3 el segon trimestre.\u00a0<\/span><\/p>\n<p><span style=\"font-weight: 400;\">Aqu\u00ed teniu un petit tast de les feines que han anat fent, plenes de creativitat i ritme. No pareu la m\u00fasica, que aix\u00f2 nom\u00e9s acaba de comen\u00e7ar!\ud83c\udfb8\ud83c\udfb6<\/span><\/p>\n<p><iframe loading=\"lazy\" title=\"GENER_CICLE INICIAL\" width=\"500\" height=\"281\" src=\"https:\/\/www.youtube.com\/embed\/ROYnGmtCass?feature=oembed\" frameborder=\"0\" allow=\"accelerometer; autoplay; clipboard-write; encrypted-media; gyroscope; picture-in-picture; web-share\" referrerpolicy=\"strict-origin-when-cross-origin\" allowfullscreen><\/iframe><\/p>\n<p>&nbsp;<\/p>\n<p>Aquest dijous 31 de gener interpretarem l&#8217;Himne de l&#8217;Alegria al dia de la Pau i No Viol\u00e8ncia Escolar. Hem preparat una percussi\u00f3 corporal per acompanyar-ne la segona part. Aqu\u00ed teniu el v\u00eddeo per si la voleu practicar o repassar. Cliqueu a l&#8217;enlla\u00e7 de color <strong>BLAU<\/strong>!<\/p>\n<p style=\"text-align: center;\"><a href=\"https:\/\/drive.google.com\/file\/d\/1jhJoy3skY50PkKhTpZ6FSSzdH0nQAEHw\/view\">HIMNE DE L&#8217;ALEGRIA &#8211; PERCUSSI\u00d3 COPORAL!<\/a><\/p>\n<p>I si ja se la sabeu i voleu fer-ho amb el videoclip original a continuaci\u00f3 teniu l&#8217;enlla\u00e7 de Youtube!<\/p>\n<p><iframe loading=\"lazy\" title=\"Miguel R\u00edos &amp; Cor Vivaldi - Himne de l&#039;alegr\u00eda (La Marat\u00f3 tv3)\" width=\"500\" height=\"281\" src=\"https:\/\/www.youtube.com\/embed\/pGrfoFNo02g?feature=oembed\" frameborder=\"0\" allow=\"accelerometer; autoplay; clipboard-write; encrypted-media; gyroscope; picture-in-picture; web-share\" referrerpolicy=\"strict-origin-when-cross-origin\" allowfullscreen><\/iframe><\/p>\n<p>________________________________________________________________________________<\/p>\n<p style=\"text-align: center;\"><strong>DESEMBRE \u2013\u00a0 CURS 2024 \u2013 2025<\/strong><\/p>\n<p><span style=\"font-weight: 400;\">Aquest Nadal, els nens i les nenes de Cicle Inicial han treballat amb molta il\u00b7lusi\u00f3 per omplir l\u2019escola d\u2019esperit nadalenc!\u00a0<\/span><\/p>\n<p><span style=\"font-weight: 400;\">Han decorat passadissos i aules amb les seves creacions, han assajat el Festival de Nadal amb entusiasme i han fet moltes activitats relacionades amb aquestes dates m\u00e0giques.\u00a0<\/span><\/p>\n<p><span style=\"font-weight: 400;\">Amb tot l\u2019afecte, us desitgem unes Bones Festes plenes d\u2019alegria i amor! \ud83c\udf84\u2728<\/span><\/p>\n<p><iframe loading=\"lazy\" title=\"DESEMBRE_CICLE INICIAL\" width=\"500\" height=\"281\" src=\"https:\/\/www.youtube.com\/embed\/ag3OJiAJ4Io?feature=oembed\" frameborder=\"0\" allow=\"accelerometer; autoplay; clipboard-write; encrypted-media; gyroscope; picture-in-picture; web-share\" referrerpolicy=\"strict-origin-when-cross-origin\" allowfullscreen><\/iframe><\/p>\n<p>&nbsp;<\/p>\n<p><span style=\"font-weight: 400;\">L&#8217;alumnat de segon, juntament amb altres escoles de la zona, ha participat en la cantada de nadales organitzada pel Pla d&#8217;Entorn. Ha estat una experi\u00e8ncia molt divertida! Aqu\u00ed teniu una mostra dels petits cantaires.<\/span><\/p>\n<p><iframe loading=\"lazy\" title=\"CANTATA NADALES_PLA D&#039;ENTORN_2n\" width=\"500\" height=\"281\" src=\"https:\/\/www.youtube.com\/embed\/W_fiR29jc2k?feature=oembed\" frameborder=\"0\" allow=\"accelerometer; autoplay; clipboard-write; encrypted-media; gyroscope; picture-in-picture; web-share\" referrerpolicy=\"strict-origin-when-cross-origin\" allowfullscreen><\/iframe><\/p>\n<p>&nbsp;<\/p>\n<p>___________________________________________________________________________<\/p>\n<p style=\"text-align: center;\"><strong>NOVEMBRE \u2013\u00a0 CURS 2024 \u2013 2025<\/strong><\/p>\n<p><span style=\"font-weight: 400;\">A cicle inicial hem gaudit de l&#8217;activitat &#8220;Som Terra&#8221; al Port de Tarragona, on hem combinat m\u00fasica, moviment i cos. Aquesta experi\u00e8ncia ens ha perm\u00e8s connectar amb la natura a trav\u00e9s de din\u00e0miques corporals de dansa i moviments psicomotrius. Ha estat una experi\u00e8ncia inoblidable que ens ha recordat que som part de la terra i la natura. \ud83d\ude0d\u2693\u200b\u26f5\u200b\ud83d\udef6\u200b\ud83d\udea4\u200b\ud83d\udef3\ufe0f\u200b\ud83d\ude0d\u200b<\/span><\/p>\n<p><iframe loading=\"lazy\" title=\"NOVEMBRE_CICLE INICIAL\" width=\"422\" height=\"750\" src=\"https:\/\/www.youtube.com\/embed\/mAp4SVlvJfU?feature=oembed\" frameborder=\"0\" allow=\"accelerometer; autoplay; clipboard-write; encrypted-media; gyroscope; picture-in-picture; web-share\" referrerpolicy=\"strict-origin-when-cross-origin\" allowfullscreen><\/iframe><\/p>\n<p>&nbsp;<\/p>\n<p>___________________________________________________________________________________<\/p>\n<p style=\"text-align: center;\"><strong>OCTUBRE \u2013\u00a0 CURS 2024 \u2013 2025<\/strong><\/p>\n<p><span style=\"font-weight: 400;\">A Cicle Inicial estem gaudint de la tardor amb moltes activitats engrescadores i plenes de descobertes!. Hem dedicat temps a un projecte especial sobre aquesta estaci\u00f3 m\u00e0gica, creant un rac\u00f3 de tardor amb fruits i elements t\u00edpics que ens connecten amb la natura i amb l\u2019aprenentatge de la lectoescriptura i les matem\u00e0tiques. Hem tingut la visita de la Gu\u00e0rdia Urbana i tamb\u00e9 hem escoltat els contes entranyables que ens han explicat les \u00e0vies\u2026 Tot plegat, una experi\u00e8ncia divertida y enriquidora que ens est\u00e0 fent aprendre d\u2019all\u00f2 m\u00e9s! \ud83e\udd70\ud83e\udd70<\/span><\/p>\n<p><iframe loading=\"lazy\" title=\"OCTUBRE_CICLE INICIAL\" width=\"500\" height=\"281\" src=\"https:\/\/www.youtube.com\/embed\/tpkEzkmQeek?feature=oembed\" frameborder=\"0\" allow=\"accelerometer; autoplay; clipboard-write; encrypted-media; gyroscope; picture-in-picture; web-share\" referrerpolicy=\"strict-origin-when-cross-origin\" allowfullscreen><\/iframe><\/p>\n<p>&nbsp;<\/p>\n<p>__________________________________________________________________________________<\/p>\n<p style=\"text-align: center;\"><strong>SETEMBRE \u2013\u00a0 CURS 2024 \u2013 2025<\/strong><\/p>\n<p><span style=\"font-weight: 400;\">Aquest mes de setembre hem tingut una visita molt especial: la CUCAFERA de Tarragona!<\/span><\/p>\n<p><span style=\"font-weight: 400;\">Aquesta b\u00e8stia del Seguici ens ha donat la benvinguda a les festes de Santa Tecla 2024 i ens ha fet ballar d\u2019all\u00f2 m\u00e9s!<\/span><\/p>\n<p><span style=\"font-weight: 400;\">Els nens i les nenes donem les gr\u00e0cies per l\u2019experi\u00e8ncia i cridem ben fort:\u00a0<\/span><\/p>\n<ul>\n<li style=\"font-weight: 400;\" aria-level=\"1\"><span style=\"font-weight: 400;\">Vista Santa Tecla!\u00a0<\/span><\/li>\n<li style=\"font-weight: 400;\" aria-level=\"1\"><span style=\"font-weight: 400;\">Visca l\u2019escola Torreforta! i\u00a0<\/span><\/li>\n<li style=\"font-weight: 400;\" aria-level=\"1\"><span style=\"font-weight: 400;\">Visca Tarragona!<\/span><\/li>\n<\/ul>\n<p><iframe loading=\"lazy\" title=\"SETEMBRE_CICLE INICIAL\" width=\"500\" height=\"281\" src=\"https:\/\/www.youtube.com\/embed\/dqAvAFftpNY?feature=oembed\" frameborder=\"0\" allow=\"accelerometer; autoplay; clipboard-write; encrypted-media; gyroscope; picture-in-picture; web-share\" referrerpolicy=\"strict-origin-when-cross-origin\" allowfullscreen><\/iframe><\/p>\n<p>&nbsp;<\/p>\n<p style=\"text-align: center;\"><strong>JUNY \u2013\u00a0 \u00a0CURS 2023 \u2013 2024<\/strong><\/p>\n<p style=\"text-align: left;\">\u00daltim dia d\u2019escola ple de jocs refrescants i divertits. Vam poder gaudir dels nostres companys\/es i mestres durant aquestes proves tan divertides. Curs 23-24 superat!!! \ud83c\udf89\u200b\ud83e\udd73\u200b\ud83e\udd70\u200b\ud83d\ude0d\u200b\ud83d\ude18\u200b<\/p>\n<p><iframe loading=\"lazy\" title=\"\u00daLTIM DIA_CICLE INICIAL\" width=\"422\" height=\"750\" src=\"https:\/\/www.youtube.com\/embed\/inoaVmr_nSc?feature=oembed\" frameborder=\"0\" allow=\"accelerometer; autoplay; clipboard-write; encrypted-media; gyroscope; picture-in-picture; web-share\" referrerpolicy=\"strict-origin-when-cross-origin\" allowfullscreen><\/iframe><\/p>\n<p>_________________________________________________________________________________________________________<\/p>\n<p>&nbsp;<\/p>\n<p style=\"text-align: center;\"><strong>MAIG \u2013\u00a0 \u00a0CURS 2023 \u2013 2024<\/strong><\/p>\n<p><span style=\"font-weight: 400;\">Aquest mes de maig hem tingut l\u2019oportunitat de passar un mat\u00ed amb les fam\u00edlies dins de l\u2019aula. Hem fet un treball conjunt del qual hem apr\u00e8s i gaudit al mateix temps.<\/span><\/p>\n<p><span style=\"font-weight: 400;\">Gr\u00e0cies fam\u00edlies pel vostre suport. Junts fem escola! \ud83e\udef6\ud83c\udffb\ud83e\udef6\ud83c\udffb\ud83e\udef6\ud83c\udffb<\/span><\/p>\n<p><iframe loading=\"lazy\" title=\"MAIG_CICLE INICIAL\" width=\"500\" height=\"375\" src=\"https:\/\/www.youtube.com\/embed\/LYLKd8RWIqI?feature=oembed\" frameborder=\"0\" allow=\"accelerometer; autoplay; clipboard-write; encrypted-media; gyroscope; picture-in-picture; web-share\" referrerpolicy=\"strict-origin-when-cross-origin\" allowfullscreen><\/iframe><\/p>\n<p>&nbsp;<\/p>\n<p>_______________________________________________________________________________________________________________<\/p>\n<p style=\"text-align: center;\"><strong>ABRIL \u2013\u00a0 \u00a0CURS 2023 \u2013 2024<\/strong><\/p>\n<p><span style=\"font-weight: 400;\">Aquest mes d\u2019abril hem anat al refugi \u201cLes 7 cabretes\u201d a Botarell. Hem pogut cuidar i alimentar els animals com si f\u00f3ssim grangers\ud83e\udd99\ud83d\udc13\ud83d\udc3e\ud83d\udc3e. Tamb\u00e9 vam tindre l\u2019oportunitat de cultivar la nostra propia planta i emportar-nos-la a casa!! \ud83e\udeb4\ud83e\udeb4. <\/span><\/p>\n<p><iframe loading=\"lazy\" title=\"ABRIL_CICLE INICIAL\" width=\"500\" height=\"375\" src=\"https:\/\/www.youtube.com\/embed\/TfpbHBowFd0?feature=oembed\" frameborder=\"0\" allow=\"accelerometer; autoplay; clipboard-write; encrypted-media; gyroscope; picture-in-picture; web-share\" referrerpolicy=\"strict-origin-when-cross-origin\" allowfullscreen><\/iframe><\/p>\n<p>&nbsp;<\/p>\n<p><span style=\"font-weight: 400;\">Aquest mes d\u2019abril hem gaudit de diferents activitats relacionades amb Sant Jordi. Com cada any hem creat un rac\u00f3 de lectura per potenciar l\u2019h\u00e0bit i les ganes de llegir\u00a0 entre els\/les nostres alumnes. \ud83d\udc09\ud83c\udf39\ud83d\udcda<\/span><\/p>\n<p><iframe loading=\"lazy\" title=\"SANT JORDI_CICLE INICIAL\" width=\"500\" height=\"375\" src=\"https:\/\/www.youtube.com\/embed\/ksD4ixq4_jQ?feature=oembed\" frameborder=\"0\" allow=\"accelerometer; autoplay; clipboard-write; encrypted-media; gyroscope; picture-in-picture; web-share\" referrerpolicy=\"strict-origin-when-cross-origin\" allowfullscreen><\/iframe><\/p>\n<p>&nbsp;<\/p>\n<p>____________________________________________________________________________________________________________<\/p>\n<p style=\"text-align: center;\"><strong>MAR\u00c7 \u2013\u00a0 \u00a0CURS 2023 \u2013 2024<\/strong><\/p>\n<p><span style=\"font-weight: 400;\">Durant aquest segon trimestre, l&#8217;alumnat de segon ha dedicat temps i esfor\u00e7 a un projecte: &#8220;Igualtat al rescat&#8221;!!! Amb l&#8217;objectiu d&#8217;enriquir i donar m\u00e9s profunditat al \ud83d\udc9cDia de la Dona\ud83d\udc9c, reconeixent la seva import\u00e0ncia i abordant tots els seus aspectes. A trav\u00e9s d&#8217;aquest treball col\u00b7lectiu \ud83d\udcaa\ud83c\udffci el suport de les fam\u00edlies,\u00a0 ens comprometem\ud83e\udd1d\ud83c\udffd en la lluita per un m\u00f3n sense desigualtats\u2728, on cada individu pugui viure i prosperar sense barreres ni discriminaci\u00f3.<\/span><\/p>\n<div style=\"width: 480px;\" class=\"wp-video\"><!--[if lt IE 9]><script>document.createElement('video');<\/script><![endif]-->\n<video class=\"wp-video-shortcode\" id=\"video-1592-1\" width=\"480\" height=\"640\" preload=\"metadata\" controls=\"controls\"><source type=\"video\/mp4\" src=\"https:\/\/agora.xtec.cat\/escola-torreforta\/wp-content\/uploads\/usu181\/2024\/04\/VIDEO-2024-03-24-23-38-22.mp4?_=1\" \/><a href=\"https:\/\/agora.xtec.cat\/escola-torreforta\/wp-content\/uploads\/usu181\/2024\/04\/VIDEO-2024-03-24-23-38-22.mp4\">https:\/\/agora.xtec.cat\/escola-torreforta\/wp-content\/uploads\/usu181\/2024\/04\/VIDEO-2024-03-24-23-38-22.mp4<\/a><\/video><\/div>\n<p>&nbsp;<\/p>\n<p>_________________________________________________________________________________<\/p>\n<p>&nbsp;<\/p>\n<p style=\"text-align: center;\"><strong>FEBRER \u2013\u00a0 \u00a0CURS 2023 \u2013 2024<\/strong><\/p>\n<p><span style=\"font-weight: 400;\">Els nens\/es\u00a0 de cicle inicial vam sortir a presenciar al port de Tarragona un teatre d\u2019all\u00f2 m\u00e9s animat. \ud83d\udedf\ud83d\udedf\ud83e\ude9d\ud83e\ude9d\u2693\ufe0f\u2693\ufe0f<\/span><\/p>\n<p><iframe loading=\"lazy\" title=\"FEBRER_CICLE INICIAL\" width=\"500\" height=\"375\" src=\"https:\/\/www.youtube.com\/embed\/7q8NZwIdrtk?feature=oembed\" frameborder=\"0\" allow=\"accelerometer; autoplay; clipboard-write; encrypted-media; gyroscope; picture-in-picture; web-share\" referrerpolicy=\"strict-origin-when-cross-origin\" allowfullscreen><\/iframe><\/p>\n<p>&nbsp;<\/p>\n<p>______________________________________________________________________________<\/p>\n<p style=\"text-align: center;\"><strong>GENER \u2013\u00a0 \u00a0CURS 2023 \u2013 2024<\/strong><\/p>\n<p><span style=\"font-weight: 400;\">Aquest mes de gener hem seguit treballant les desenes amb diferent tipus de materials. Ha estat molt divertit i enriquidor!! \ud83d\udd22\u200b\ud83d\udd22\u200b<\/span><\/p>\n<p><a href=\"https:\/\/agora.xtec.cat\/escola-torreforta\/wp-content\/uploads\/usu181\/2024\/01\/WhatsApp-Image-2024-01-30-at-17.02.12.jpeg\"><img loading=\"lazy\" decoding=\"async\" class=\"alignnone size-large wp-image-2948\" src=\"https:\/\/agora.xtec.cat\/escola-torreforta\/wp-content\/uploads\/usu181\/2024\/01\/WhatsApp-Image-2024-01-30-at-17.02.12-1024x1024.jpeg\" alt=\"\" width=\"1024\" height=\"1024\" srcset=\"https:\/\/agora.xtec.cat\/escola-torreforta\/wp-content\/uploads\/usu181\/2024\/01\/WhatsApp-Image-2024-01-30-at-17.02.12-1024x1024.jpeg 1024w, https:\/\/agora.xtec.cat\/escola-torreforta\/wp-content\/uploads\/usu181\/2024\/01\/WhatsApp-Image-2024-01-30-at-17.02.12-300x300.jpeg 300w, https:\/\/agora.xtec.cat\/escola-torreforta\/wp-content\/uploads\/usu181\/2024\/01\/WhatsApp-Image-2024-01-30-at-17.02.12-150x150.jpeg 150w, https:\/\/agora.xtec.cat\/escola-torreforta\/wp-content\/uploads\/usu181\/2024\/01\/WhatsApp-Image-2024-01-30-at-17.02.12-768x768.jpeg 768w, https:\/\/agora.xtec.cat\/escola-torreforta\/wp-content\/uploads\/usu181\/2024\/01\/WhatsApp-Image-2024-01-30-at-17.02.12-1536x1536.jpeg 1536w, https:\/\/agora.xtec.cat\/escola-torreforta\/wp-content\/uploads\/usu181\/2024\/01\/WhatsApp-Image-2024-01-30-at-17.02.12.jpeg 1600w\" sizes=\"auto, (max-width: 1024px) 100vw, 1024px\" \/><\/a><\/p>\n<p>A Edudacio F\u00edsica hem treballat l\u2019acrosport que es basa en fer figures amb el nostre cos.\u00a0 \u00a0 \u00a0 \u00a0 \u00a0 \u00a0 \u00a0 \u00a0 \u00a0 \u00a0 \u00a0 Ha estat genial \ud83c\udfc5\ud83c\udfc5<\/p>\n<p><a href=\"https:\/\/agora.xtec.cat\/escola-torreforta\/wp-content\/uploads\/usu181\/2024\/01\/WhatsApp-Image-2024-01-30-at-17.02.21.jpeg\"><img loading=\"lazy\" decoding=\"async\" class=\"alignnone size-large wp-image-2947\" src=\"https:\/\/agora.xtec.cat\/escola-torreforta\/wp-content\/uploads\/usu181\/2024\/01\/WhatsApp-Image-2024-01-30-at-17.02.21-1024x1024.jpeg\" alt=\"\" width=\"1024\" height=\"1024\" srcset=\"https:\/\/agora.xtec.cat\/escola-torreforta\/wp-content\/uploads\/usu181\/2024\/01\/WhatsApp-Image-2024-01-30-at-17.02.21-1024x1024.jpeg 1024w, https:\/\/agora.xtec.cat\/escola-torreforta\/wp-content\/uploads\/usu181\/2024\/01\/WhatsApp-Image-2024-01-30-at-17.02.21-300x300.jpeg 300w, https:\/\/agora.xtec.cat\/escola-torreforta\/wp-content\/uploads\/usu181\/2024\/01\/WhatsApp-Image-2024-01-30-at-17.02.21-150x150.jpeg 150w, https:\/\/agora.xtec.cat\/escola-torreforta\/wp-content\/uploads\/usu181\/2024\/01\/WhatsApp-Image-2024-01-30-at-17.02.21-768x768.jpeg 768w, https:\/\/agora.xtec.cat\/escola-torreforta\/wp-content\/uploads\/usu181\/2024\/01\/WhatsApp-Image-2024-01-30-at-17.02.21-1536x1536.jpeg 1536w, https:\/\/agora.xtec.cat\/escola-torreforta\/wp-content\/uploads\/usu181\/2024\/01\/WhatsApp-Image-2024-01-30-at-17.02.21.jpeg 1600w\" sizes=\"auto, (max-width: 1024px) 100vw, 1024px\" \/><\/a><\/p>\n<p>__________________________________________________________________________________<\/p>\n<p style=\"text-align: center;\"><strong>DESEMBRE \u2013\u00a0 \u00a0CURS 2023 \u2013 2024<\/strong><\/p>\n<p>Aquest dimecres 13 de desembre l&#8217;alumnat de primer va participar a la cantada de Nadales del Pla d&#8217;Entorn. L&#8217;acte es va realitzar a la pla\u00e7a Pilar Pradells (Centre C\u00edvic) de Torreforta. Compartir m\u00fasica amb nens i nenes d&#8217;escoles i instituts del barri va ser una experi\u00e8ncia molt bonica!<\/p>\n<p><iframe loading=\"lazy\" title=\"Concerts de nadales a Ponent, 1r!\" width=\"500\" height=\"281\" src=\"https:\/\/www.youtube.com\/embed\/siiiE2jRIx4?feature=oembed\" frameborder=\"0\" allow=\"accelerometer; autoplay; clipboard-write; encrypted-media; gyroscope; picture-in-picture; web-share\" referrerpolicy=\"strict-origin-when-cross-origin\" allowfullscreen><\/iframe><\/p>\n<p><span style=\"font-weight: 400;\">Aquest mes de desembre ha estat un mes d\u2019il\u00b7lusions, alegries i neguits. Durant aquestes setmanes hem treballat per decorar el nostre passad\u00eds i sentir les festes nadalenques a la nostra escola. <\/span><\/p>\n<p><span style=\"font-weight: 400;\">Us desitgem un Bon Nadal i feli\u00e7 any nou! \ud83c\udf85\ud83c\udffc\u200b\u200b\ud83c\udf84\u200b\ud83c\udf85\ud83c\udffb\u200b\ud83c\udf84\u200b<\/span><\/p>\n<p><iframe loading=\"lazy\" title=\"DESEMBRE_CICLE INICIAL\" width=\"500\" height=\"375\" src=\"https:\/\/www.youtube.com\/embed\/DKdr7UC74xY?feature=oembed\" frameborder=\"0\" allow=\"accelerometer; autoplay; clipboard-write; encrypted-media; gyroscope; picture-in-picture; web-share\" referrerpolicy=\"strict-origin-when-cross-origin\" allowfullscreen><\/iframe><\/p>\n<p>__________________________________________________________________________________________<\/p>\n<p style=\"text-align: center;\"><strong>NOVEMBRE \u2013\u00a0 \u00a0CURS 2023 \u2013 2024<\/strong><\/p>\n<p><span style=\"font-weight: 400;\">A cicle inicial hem gaudit d\u2019un mes amb diferents experi\u00e8ncies als tallers de medi.<\/span><span style=\"font-weight: 400;\"> \ud83c\udf32\u200b\ud83c\udf32\u200b\ud83d\udd2c\u200b\ud83e\uddd8\ud83c\udffd\u200d\u2642\ufe0f\u200b\ud83c\udf0f\u200b<\/span><\/p>\n<p><span style=\"font-weight: 400;\">A m\u00e9s a m\u00e9s els alumnes i les alumnes de primer han anat al centre c\u00edvic a gaudir de l\u2019explicaci\u00f3 del conte \u201c Invisible\u201d. Una narraci\u00f3 meravellosa que ha arribat als nostres nens i nenes. \ud83d\udcda\u200b\ud83d\udcda\u200b\ud83d\udcda\u200b\ud83d\udcda\u200b<\/span><\/p>\n<p><iframe loading=\"lazy\" title=\"TALLERS MEDI_CICLE INICIAL\" width=\"500\" height=\"375\" src=\"https:\/\/www.youtube.com\/embed\/UgY2V5FUoQE?feature=oembed\" frameborder=\"0\" allow=\"accelerometer; autoplay; clipboard-write; encrypted-media; gyroscope; picture-in-picture; web-share\" referrerpolicy=\"strict-origin-when-cross-origin\" allowfullscreen><\/iframe><\/p>\n<p>___________________________________________________________________________________<\/p>\n<p style=\"text-align: center;\"><strong>OCTUBRE \u2013\u00a0 \u00a0CURS 2023 \u2013 2024<\/strong><\/p>\n<p><span style=\"font-weight: 400;\">\ud83c\udf43\ud83c\udf42\ud83c\udf41A Cicle Inicial durant aquest mes\ud83c\udf42 d&#8217;octubre\ud83c\udf30, hem dut a terme diverses activitats que han estat tot un \u00e8xit. Algunes d&#8217;elles han estat la preparaci\u00f3 de la dansa \ud83d\udc83\ud83d\udd7aper a la celebraci\u00f3 de la Festa de la Castanyada, un taller de salut dental\ud83e\uddb7, la visita de la Gu\u00e0rdia Urbana\ud83d\udc6e\ud83d\udc6e\u200d\u2642\ufe0f, un taller de bicicletes\ud83d\udeb2, aix\u00ed com estones d&#8217;esbarjo,jocs ling\u00fc\u00edstics\ud83d\udde3\ufe0f\u2026\u00a0<\/span><\/p>\n<p><span style=\"font-weight: 400;\">Estem molt contents de poder compartir\ud83e\udef6 amb vosaltres un petit tast d&#8217;aquestes activitats a trav\u00e9s del v\u00eddeo. <\/span><\/p>\n<p><span style=\"font-weight: 400;\">Esperem que el gaudiu molt!\ud83d\udc93<\/span><\/p>\n<p><iframe loading=\"lazy\" title=\"LA TARDOR_CICLE INICIAL\" width=\"500\" height=\"375\" src=\"https:\/\/www.youtube.com\/embed\/lZUZEV83ItI?feature=oembed\" frameborder=\"0\" allow=\"accelerometer; autoplay; clipboard-write; encrypted-media; gyroscope; picture-in-picture; web-share\" referrerpolicy=\"strict-origin-when-cross-origin\" allowfullscreen><\/iframe><\/p>\n<p>&nbsp;<\/p>\n<p>____________________________________________________________________________________________________________<\/p>\n<p style=\"text-align: center;\"><strong>SETEMBRE \u2013\u00a0 \u00a0CURS 2023 \u2013 2024<\/strong><\/p>\n<p><span style=\"font-weight: 400;\">L&#8217;alumnat de cicle inicial arranca amb molta il\u00b7lusi\u00f3 aquest nou curs 23-24\ud83c\udf89\ud83c\udf89\ud83c\udf89<\/span><span style=\"font-weight: 400;\">Us deixem una mostra d&#8217;algunes activitats de benvinguda que hem estat fent durant aquests dies i moments que hem compartit que quedaran sempre guardats al cor\u2665\ufe0f<\/span><\/p>\n<p><iframe loading=\"lazy\" title=\"INICI DE CURS_CICLE INICIAL\" width=\"500\" height=\"375\" src=\"https:\/\/www.youtube.com\/embed\/7x_SRPzZEbo?feature=oembed\" frameborder=\"0\" allow=\"accelerometer; autoplay; clipboard-write; encrypted-media; gyroscope; picture-in-picture; web-share\" referrerpolicy=\"strict-origin-when-cross-origin\" allowfullscreen><\/iframe><\/p>\n<p>___________________________________________________________________________________<\/p>\n<p style=\"text-align: center;\"><strong>JUNY \u2013\u00a0 \u00a0CURS 2022 \u2013 2023<\/strong><\/p>\n<p><span style=\"font-weight: 400;\">\ud83c\udf89\ud83c\udf89\ud83c\udf89Excursi\u00f3\ud83c\udf89\ud83c\udf89\ud83c\udf89!!!!! L&#8217;alumnat de Cicle Inicial ha anat al MUSEU DEL PORT de Tarragona per tal de fer l\u2019activitat de coneixement de l\u2019ofici de pescador i fer un passeig en barca\ud83d\udee5\ufe0f.<\/span><\/p>\n<p><span style=\"font-weight: 400;\">S&#8217;ho han passat d&#8217;all\u00f2 m\u00e9s b\u00e9!!!!<\/span><\/p>\n<p><iframe loading=\"lazy\" title=\"SORTIDA PORT TARRAGONA_CICLE INICIAL\" width=\"500\" height=\"375\" src=\"https:\/\/www.youtube.com\/embed\/y7ymWGnjJpk?feature=oembed\" frameborder=\"0\" allow=\"accelerometer; autoplay; clipboard-write; encrypted-media; gyroscope; picture-in-picture; web-share\" referrerpolicy=\"strict-origin-when-cross-origin\" allowfullscreen><\/iframe><\/p>\n<p>&nbsp;<\/p>\n<p>A Cicle Inicial hem finalitzat el curs amb una jornada de jocs!!!! \ud83e\udd73<\/p>\n<p>Bon estiu fam\u00edlies! Ens retrobem al setembre! \ud83d\ude18\u200a\ud83d\ude18\u200a\ud83d\udc9c\u200a\u2764\ufe0f<\/p>\n<p><iframe loading=\"lazy\" title=\"\u00daLTIM DIA DE L&#039;ESCOLA_CICLE INICIAL\" width=\"500\" height=\"375\" src=\"https:\/\/www.youtube.com\/embed\/OyIS1Ihcc6c?feature=oembed\" frameborder=\"0\" allow=\"accelerometer; autoplay; clipboard-write; encrypted-media; gyroscope; picture-in-picture; web-share\" referrerpolicy=\"strict-origin-when-cross-origin\" allowfullscreen><\/iframe><\/p>\n<p>&nbsp;<\/p>\n<p>___________________________________________________________________________________________<\/p>\n<p style=\"text-align: center;\"><strong>MAIG\u2013\u00a0 \u00a0CURS 2022 \u2013 2023<\/strong><\/p>\n<p><span style=\"font-weight: 400;\">\ud83d\udc99Aquest mes de maig a segon ens ha visitat la Gu\u00e0rdia Urbana de Tarragona!\ud83d\udc99<\/span><\/p>\n<p><span style=\"font-weight: 400;\">\u2734\ufe0fAmb ells hem treballat educaci\u00f3 vi\u00e0ria i ciutadana per una mobilitat segura.\u2734\ufe0f<\/span><\/p>\n<p><a href=\"https:\/\/agora.xtec.cat\/escola-torreforta\/wp-content\/uploads\/usu181\/2023\/05\/1.1-collage-guardia-urbana.jpg\"><img loading=\"lazy\" decoding=\"async\" class=\"alignnone size-large wp-image-2774\" src=\"https:\/\/agora.xtec.cat\/escola-torreforta\/wp-content\/uploads\/usu181\/2023\/05\/1.1-collage-guardia-urbana-1024x1024.jpg\" alt=\"\" width=\"1024\" height=\"1024\" srcset=\"https:\/\/agora.xtec.cat\/escola-torreforta\/wp-content\/uploads\/usu181\/2023\/05\/1.1-collage-guardia-urbana-1024x1024.jpg 1024w, https:\/\/agora.xtec.cat\/escola-torreforta\/wp-content\/uploads\/usu181\/2023\/05\/1.1-collage-guardia-urbana-300x300.jpg 300w, https:\/\/agora.xtec.cat\/escola-torreforta\/wp-content\/uploads\/usu181\/2023\/05\/1.1-collage-guardia-urbana-150x150.jpg 150w, https:\/\/agora.xtec.cat\/escola-torreforta\/wp-content\/uploads\/usu181\/2023\/05\/1.1-collage-guardia-urbana-768x768.jpg 768w, https:\/\/agora.xtec.cat\/escola-torreforta\/wp-content\/uploads\/usu181\/2023\/05\/1.1-collage-guardia-urbana-1536x1536.jpg 1536w, https:\/\/agora.xtec.cat\/escola-torreforta\/wp-content\/uploads\/usu181\/2023\/05\/1.1-collage-guardia-urbana.jpg 1920w\" sizes=\"auto, (max-width: 1024px) 100vw, 1024px\" \/><\/a><\/p>\n<p>&nbsp;<\/p>\n<p><span style=\"font-weight: 400;\">\ud83d\udce2\u00a0A la nostra escola l&#8217;alumnat de Cicle Inicial ha pogut gaudir \u2665\ufe0fdels contes \ud83d\udcd6de pirates\ud83c\udff4\u200d\u2620\ufe0f que explica Francesc Oll\u00e9 de la Companyia Sensedrama Teatre\ud83c\udfad.<\/span><\/p>\n<p><span style=\"font-weight: 400;\">Un mat\u00ed c\u00e0lid\ud83c\udf1e i radiant, en Barbanegra i els seus pirates\ud83c\udff4\u200d\u2620\ufe0f\ud83e\udd9c van embarcar a l\u2019illa\ud83c\udfdd\ufe0f de Cabrera, dins el seu vaixell \ud83d\udef6bergant\u00ed. Aix\u00ed comen\u00e7ava la hist\u00f2ria del pirata Barbanegra i la seva tripulaci\u00f3&#8230;\u2728\u2728\u2728<\/span><\/p>\n<p><iframe loading=\"lazy\" title=\"PARADETES D&#039;\u00c0LBUMS IL\u00b7LUSTRATS_CICLE INICIAL\" width=\"500\" height=\"375\" src=\"https:\/\/www.youtube.com\/embed\/RPdtgozmRos?feature=oembed\" frameborder=\"0\" allow=\"accelerometer; autoplay; clipboard-write; encrypted-media; gyroscope; picture-in-picture; web-share\" referrerpolicy=\"strict-origin-when-cross-origin\" allowfullscreen><\/iframe><\/p>\n<p>&nbsp;<\/p>\n<p>&nbsp;<\/p>\n<p><span style=\"font-weight: 400;\">\ud83d\ude0dEl mes de maig ha estat\u00a0 un mes molt especial ja que les fam\u00edlies de cicle inicial van poder acompanyar els seus nens i les seves nenes durant una estona de jornada escolar.\ud83d\ude0d<\/span><\/p>\n<p><span style=\"font-weight: 400;\">\u2764\ufe0fVa ser un moment per recordar.\u2764\ufe0f<\/span><\/p>\n<p><iframe loading=\"lazy\" title=\"OBRIM L&#039;ESCOLA A LES FAM\u00cdLIES_CICLE INICIAL\" width=\"500\" height=\"375\" src=\"https:\/\/www.youtube.com\/embed\/naqOnVXP3O4?feature=oembed\" frameborder=\"0\" allow=\"accelerometer; autoplay; clipboard-write; encrypted-media; gyroscope; picture-in-picture; web-share\" referrerpolicy=\"strict-origin-when-cross-origin\" allowfullscreen><\/iframe><\/p>\n<p>&nbsp;<\/p>\n<p>_________________________________________________________________________________________________________<\/p>\n<p>&nbsp;<\/p>\n<p style=\"text-align: center;\"><strong>ABRIL \u2013\u00a0 \u00a0CURS 2022 \u2013 2023<\/strong><\/p>\n<p><span style=\"font-weight: 400;\">\ud83d\udce2L&#8217;alumnat de segon conjuntament amb cicle mitj\u00e0 ha participat a l&#8217;acte de cloenda de Sant Jordi a Ponent\u2757<\/span><\/p>\n<p><span style=\"font-weight: 400;\">\ud83d\udc49\ud83c\udffcEls nens i les nenes participants han recitat els poemes que ells i elles mateixes van crear de manera col\u00b7laborativa a l&#8217;aula.\ud83d\udc48\ud83c\udffe<\/span><\/p>\n<p><span style=\"font-weight: 400;\">\u27a1\ufe0fTots els poemes feien refer\u00e8ncia a les ODS i a alg\u00fan rac\u00f3 especial del nostre barri. \u2b05\ufe0f<\/span><\/p>\n<p><span style=\"font-weight: 400;\">\ud83e\udd29Ho han fet genial i han gaudit de valent!\ud83e\udd29<\/span><\/p>\n<p><a href=\"https:\/\/agora.xtec.cat\/escola-torreforta\/wp-content\/uploads\/usu181\/2023\/05\/3.3-collage-3-per-a-la-web-1-scaled.jpg\"><img loading=\"lazy\" decoding=\"async\" class=\"size-large wp-image-2772 aligncenter\" src=\"https:\/\/agora.xtec.cat\/escola-torreforta\/wp-content\/uploads\/usu181\/2023\/05\/3.3-collage-3-per-a-la-web-1-576x1024.jpg\" alt=\"\" width=\"576\" height=\"1024\" srcset=\"https:\/\/agora.xtec.cat\/escola-torreforta\/wp-content\/uploads\/usu181\/2023\/05\/3.3-collage-3-per-a-la-web-1-576x1024.jpg 576w, https:\/\/agora.xtec.cat\/escola-torreforta\/wp-content\/uploads\/usu181\/2023\/05\/3.3-collage-3-per-a-la-web-1-169x300.jpg 169w, https:\/\/agora.xtec.cat\/escola-torreforta\/wp-content\/uploads\/usu181\/2023\/05\/3.3-collage-3-per-a-la-web-1-768x1365.jpg 768w, https:\/\/agora.xtec.cat\/escola-torreforta\/wp-content\/uploads\/usu181\/2023\/05\/3.3-collage-3-per-a-la-web-1-864x1536.jpg 864w, https:\/\/agora.xtec.cat\/escola-torreforta\/wp-content\/uploads\/usu181\/2023\/05\/3.3-collage-3-per-a-la-web-1-1152x2048.jpg 1152w, https:\/\/agora.xtec.cat\/escola-torreforta\/wp-content\/uploads\/usu181\/2023\/05\/3.3-collage-3-per-a-la-web-1-scaled.jpg 1440w\" sizes=\"auto, (max-width: 576px) 100vw, 576px\" \/><\/a><\/p>\n<p>&nbsp;<\/p>\n<p><span style=\"font-weight: 400;\">Aquest mes d&#8217;abril a m\u00e9s a m\u00e9s \ud83d\ude0dhem preparat les tradicionals paradetes d&#8217;\u00e0lbums il\u00b7lustrats.\ud83d\ude0d<\/span><\/p>\n<p><span style=\"font-weight: 400;\">\ud83d\udcd6I al llarg de la setmana han anat passant tots els nens i\u00a0 nenes, i han pogut gaudir d&#8217;uns instants de lectura ben especials . \ud83c\udf39<\/span><\/p>\n<p><iframe loading=\"lazy\" title=\"PARADETES D&#039;\u00c0LBUMS IL\u00b7LUSTRATS_CICLE INICIAL\" width=\"500\" height=\"375\" src=\"https:\/\/www.youtube.com\/embed\/RPdtgozmRos?feature=oembed\" frameborder=\"0\" allow=\"accelerometer; autoplay; clipboard-write; encrypted-media; gyroscope; picture-in-picture; web-share\" referrerpolicy=\"strict-origin-when-cross-origin\" allowfullscreen><\/iframe><\/p>\n<p>&nbsp;<\/p>\n<p><span style=\"font-weight: 400;\">\u00a023 d&#8217;abril&#8230;\ud83c\udf39SANT JORDI!!!!\ud83d\udc32<\/span><\/p>\n<p><span style=\"font-weight: 400;\">\u00a0L&#8217;alumnat de Cicle Inicial ha creat uns punts de llibre ben originals!!! \ud83d\udcd6<\/span><\/p>\n<p style=\"text-align: center;\"><a href=\"https:\/\/agora.xtec.cat\/escola-torreforta\/wp-content\/uploads\/usu181\/2023\/05\/1.1-collage-1-per-a-la-web.jpg\"><img loading=\"lazy\" decoding=\"async\" class=\"alignnone wp-image-2770 size-large\" src=\"https:\/\/agora.xtec.cat\/escola-torreforta\/wp-content\/uploads\/usu181\/2023\/05\/1.1-collage-1-per-a-la-web-1024x1024.jpg\" alt=\"\" width=\"1024\" height=\"1024\" srcset=\"https:\/\/agora.xtec.cat\/escola-torreforta\/wp-content\/uploads\/usu181\/2023\/05\/1.1-collage-1-per-a-la-web-1024x1024.jpg 1024w, https:\/\/agora.xtec.cat\/escola-torreforta\/wp-content\/uploads\/usu181\/2023\/05\/1.1-collage-1-per-a-la-web-300x300.jpg 300w, https:\/\/agora.xtec.cat\/escola-torreforta\/wp-content\/uploads\/usu181\/2023\/05\/1.1-collage-1-per-a-la-web-150x150.jpg 150w, https:\/\/agora.xtec.cat\/escola-torreforta\/wp-content\/uploads\/usu181\/2023\/05\/1.1-collage-1-per-a-la-web-768x768.jpg 768w, https:\/\/agora.xtec.cat\/escola-torreforta\/wp-content\/uploads\/usu181\/2023\/05\/1.1-collage-1-per-a-la-web-1536x1536.jpg 1536w, https:\/\/agora.xtec.cat\/escola-torreforta\/wp-content\/uploads\/usu181\/2023\/05\/1.1-collage-1-per-a-la-web.jpg 1920w\" sizes=\"auto, (max-width: 1024px) 100vw, 1024px\" \/><\/a><\/p>\n<p>&nbsp;<\/p>\n<p>_____________________________________________________________________________________<\/p>\n<p>&nbsp;<\/p>\n<p style=\"text-align: center;\"><strong>MAR\u00c7 \u2013\u00a0 \u00a0CURS 2022 \u2013 2023<\/strong><\/p>\n<p><span style=\"font-weight: 400;\">\ud83d\udc9cMireu quins passadissos m\u00e9s bonics\ud83d\udc9c!!! Petits i grans pel #8m #diainternacionaldeladona\ud83d\udc8b\u2640\ufe0f a la nostra escola\ud83d\udcaa A cicle inicial hem treballat la figura de la dona m\u00e9s important de la nostra vida, posant en valor el referent de les mares, \u00e0vies, germanes&#8230; a cada papallona han escrit el nom de la seva referent femenina.<\/span><\/p>\n<p><iframe loading=\"lazy\" title=\"DIA DE LA DONA_CICLE INICIAL\" width=\"500\" height=\"375\" src=\"https:\/\/www.youtube.com\/embed\/frwwyPRSLjQ?feature=oembed\" frameborder=\"0\" allow=\"accelerometer; autoplay; clipboard-write; encrypted-media; gyroscope; picture-in-picture; web-share\" referrerpolicy=\"strict-origin-when-cross-origin\" allowfullscreen><\/iframe><\/p>\n<p>&nbsp;<\/p>\n<p><span style=\"font-weight: 400;\">Des del Departament de Netejar P\u00fablica de l&#8217;Ajuntament de Tarragona, han iniciat de nou el Programa d&#8217;educaci\u00f3 ambiental a les escoles de la ciutat per realitzar una s\u00e8rie d&#8217;activitats en mat\u00e8ria de gesti\u00f3 i valoritzaci\u00f3 de residus dom\u00e8stics, amb la finalitat de conscienciar-ne als infants.<\/span><\/p>\n<p><iframe loading=\"lazy\" title=\"EDUCACI\u00d3 AMBIENTAL_CICLE INICIAL\" width=\"500\" height=\"375\" src=\"https:\/\/www.youtube.com\/embed\/CSydZCZlB_o?feature=oembed\" frameborder=\"0\" allow=\"accelerometer; autoplay; clipboard-write; encrypted-media; gyroscope; picture-in-picture; web-share\" referrerpolicy=\"strict-origin-when-cross-origin\" allowfullscreen><\/iframe><\/p>\n<p>_____________________________________________________<\/p>\n<p style=\"text-align: center;\"><strong>FEBRER \u2013\u00a0 \u00a0CURS 2022 \u2013 2023<\/strong><\/p>\n<p>\ud83e\udd70Aquest mes de febrer els nens i les nenes de 1r han descobert el conte L&#8217;ovelleta que va venir a sopar a la @bibliotecapepitaferrer dins de l&#8217;activitat Lliga el conte i passa&#8217;l.\ud83e\udd70 \ud83d\ude0dTots i totes han gaudit d&#8217;una estona fant\u00e0stica!\ud83d\ude0d<\/p>\n<p><iframe loading=\"lazy\" title=\"CICLE INICIAL_LLIGA EL CONTE I PASSA&#039;L\" width=\"500\" height=\"375\" src=\"https:\/\/www.youtube.com\/embed\/raVUoK8M5qw?feature=oembed\" frameborder=\"0\" allow=\"accelerometer; autoplay; clipboard-write; encrypted-media; gyroscope; picture-in-picture; web-share\" referrerpolicy=\"strict-origin-when-cross-origin\" allowfullscreen><\/iframe><\/p>\n<p>&nbsp;<\/p>\n<p><span style=\"font-weight: 400;\">\ud83d\udce2L&#8217;alumnat de 1r ha anat \ud83c\udfc3\ud83c\udffc\ud83c\udfc3\ud83c\udffd\u200d\u2640\ufe0fd&#8217;excursi\u00f3 a Mas Mir\u00f3\ud83e\udd73!!! Us deixem un tastet d&#8217;imatges \ud83d\ude0dperqu\u00e8 pugueu veure \ud83d\udc40com han gaudit els nostres infants del llenguatge art\u00edstic\ud83c\udfa8\ud83d\udd8c\ufe0f de Joan Mir\u00f3 a partir de l&#8217;experimentaci\u00f3 personal i el treball creatiu.<\/span><\/p>\n<p><iframe loading=\"lazy\" title=\"CICLE INICIAL_MAS MIR\u00d3\" width=\"500\" height=\"375\" src=\"https:\/\/www.youtube.com\/embed\/N4KCW4IVA6g?feature=oembed\" frameborder=\"0\" allow=\"accelerometer; autoplay; clipboard-write; encrypted-media; gyroscope; picture-in-picture; web-share\" referrerpolicy=\"strict-origin-when-cross-origin\" allowfullscreen><\/iframe><\/p>\n<p>&nbsp;<\/p>\n<p><span style=\"font-weight: 400;\">A Cicle Inicial hem tingut la visita de la Montse i la seva gossa de ter\u00e0pia la Poma de\u00a0 l&#8217;Associaci\u00f3 &#8216;4 Potes&#8217;.\u00a0 Ens han explicat el seu viatge a diferents pa\u00efsos a trav\u00e9s d&#8217;un conte amb l&#8217;objectiu de sensibilitzar els infants davant les persones diferents i despertar-los l&#8217;empatia, a trav\u00e9s del respecte, cap a altres nens i nenes i animals de companyia.<\/span><\/p>\n<p><iframe loading=\"lazy\" title=\"CICLE INICIAL_TER\u00c0PIA 4 POTES\" width=\"500\" height=\"375\" src=\"https:\/\/www.youtube.com\/embed\/PJisVA6MDh0?feature=oembed\" frameborder=\"0\" allow=\"accelerometer; autoplay; clipboard-write; encrypted-media; gyroscope; picture-in-picture; web-share\" referrerpolicy=\"strict-origin-when-cross-origin\" allowfullscreen><\/iframe><\/p>\n<p>&nbsp;<\/p>\n<p><span style=\"font-weight: 400;\">\ud83c\udf89L&#8217;alumnat de 2n s&#8217;ho ha passat molt b\u00e9\ud83c\udf89 a la ludoteca del barri!<\/span><\/p>\n<p><span style=\"font-weight: 400;\">\ud83d\udce2Recordeu fam\u00edlies que podeu anar-hi amb els vostres fills i filles.<\/span><\/p>\n<p><iframe loading=\"lazy\" title=\"CICLE INICIAL_LUDOTECA\" width=\"500\" height=\"375\" src=\"https:\/\/www.youtube.com\/embed\/9EO2hVhmHIg?feature=oembed\" frameborder=\"0\" allow=\"accelerometer; autoplay; clipboard-write; encrypted-media; gyroscope; picture-in-picture; web-share\" referrerpolicy=\"strict-origin-when-cross-origin\" allowfullscreen><\/iframe><\/p>\n<p>&nbsp;<\/p>\n<p>_______________________________________________________________________________________________________________<\/p>\n<p>&nbsp;<\/p>\n<p style=\"text-align: center;\"><strong>GENER \u2013\u00a0 \u00a0CURS 2022 \u2013 2023<\/strong><\/p>\n<p><span style=\"font-weight: 400;\">\ud83e\udd29Aquests mes de gener a segon,\u00a0 hem tingut la visita de les estudiants de la @universitaturv que participen en el projecte ARMIF.<\/span><\/p>\n<p><span style=\"font-weight: 400;\">\ud83d\udc97Moltes gr\u00e0cies per la vostra col.laboraci\u00f3, ganes i il.lusi\u00f3\ud83d\udc97<\/span><\/p>\n<p><iframe loading=\"lazy\" title=\"PROJECTE ARMIF_CICLE INICIAL\" width=\"500\" height=\"375\" src=\"https:\/\/www.youtube.com\/embed\/x_RI0uWZ5n0?feature=oembed\" frameborder=\"0\" allow=\"accelerometer; autoplay; clipboard-write; encrypted-media; gyroscope; picture-in-picture; web-share\" referrerpolicy=\"strict-origin-when-cross-origin\" allowfullscreen><\/iframe><\/p>\n<p>&nbsp;<\/p>\n<p><span style=\"font-weight: 400;\">\ud83d\udce2A m\u00e9s a m\u00e9s, ni el vent \ud83c\udf2c\ufe0f ni les baixes temperatures\u2744\ufe0f han impedit que l&#8217;alumnat de prim\u00e0ria gaud\u00eds de les activitats de seguretat vi\u00e0ria proposades pel Servei Catal\u00e0 del Tr\u00e0nsit.\u00a0<\/span><\/p>\n<p><span style=\"font-weight: 400;\">\ud83d\udeb4\ud83c\udffe\u200d\u2640\ufe0fTot va anar sobre rodes!\ud83d\udeb4\ud83c\udffc\u200d\u2642\ufe0f<\/span><\/p>\n<p><iframe loading=\"lazy\" title=\"EDUCACI\u00d3 VIAL_CICLE INICIAL\" width=\"500\" height=\"375\" src=\"https:\/\/www.youtube.com\/embed\/nycMObvV25c?feature=oembed\" frameborder=\"0\" allow=\"accelerometer; autoplay; clipboard-write; encrypted-media; gyroscope; picture-in-picture; web-share\" referrerpolicy=\"strict-origin-when-cross-origin\" allowfullscreen><\/iframe><\/p>\n<p>&nbsp;<\/p>\n<p>_____________________________________________________________________________________________________________<\/p>\n<p>&nbsp;<\/p>\n<p style=\"text-align: center;\"><strong>DESEMBRE\u00a0 \u2013\u00a0 \u00a0CURS 2022 \u2013 2023<\/strong><\/p>\n<p><span style=\"font-weight: 400;\">\u2764Aquest mes de desembre ha estat molt especial\u2764<\/span><\/p>\n<p><span style=\"font-weight: 400;\">\ud83d\udce2A cicle inicial va arribar el Ti\u00f3!\u00a0<\/span><\/p>\n<p><span style=\"font-weight: 400;\">Vam tenir la visita dels Reis Mags!\ud83e\udd29i\u00a0 \ud83d\udc2a\ud83c\udf20els hi vam poder\u00a0 fer arribar els nostres millors desitjos.\ud83d\udc51\ud83c\udf1f<\/span><\/p>\n<p><span style=\"font-weight: 400;\">\ud83e\udd29A m\u00e9s a m\u00e9s,\u00a0 vam fer el festival de Nadales de nostra escola\ud83d\udc4f<\/span><\/p>\n<p><span style=\"font-weight: 400;\">Fam\u00edlies! Moltes gr\u00e0cies per acompanyar-nos!<\/span><\/p>\n<p><span style=\"font-weight: 400;\">A continuaci\u00f3 podeu veure un petit resum de les activitats del mes. \ud83c\udf1f\ud83c\udf8a\ud83c\udfb6\u00a0<\/span><\/p>\n<p><span style=\"font-weight: 400;\">BONES FESTES!!! \u2764<\/span><\/p>\n<p><iframe loading=\"lazy\" title=\"DESEMBRE_CICLE INICIAL\" width=\"500\" height=\"375\" src=\"https:\/\/www.youtube.com\/embed\/BmaYDvW4ijw?feature=oembed\" frameborder=\"0\" allow=\"accelerometer; autoplay; clipboard-write; encrypted-media; gyroscope; picture-in-picture; web-share\" referrerpolicy=\"strict-origin-when-cross-origin\" allowfullscreen><\/iframe><\/p>\n<p>&nbsp;<\/p>\n<p>_______________________________________________________________________________________________________________<\/p>\n<p>&nbsp;<\/p>\n<p style=\"text-align: center;\"><strong>NOVEMBRE\u00a0 \u2013\u00a0 \u00a0CURS 2022 \u2013 2023<\/strong><\/p>\n<p><span style=\"font-weight: 400;\">\ud83d\udce2Som el que mengem\u2757\u00a0<\/span><\/p>\n<p><span style=\"font-weight: 400;\">\ud83e\udd51\ud83e\udd55\ud83c\udf4e\ud83c\udf50\ud83c\udf4a<\/span><\/p>\n<p><span style=\"font-weight: 400;\">\ud83d\udc49\ud83c\udffeEls alumnes i les alumnes de cicle inicial han pogut gaudir d&#8217;un taller sobre nutrici\u00f3. \ud83d\udc48\ud83c\udffc\u27a1\ufe0fL&#8217;alimentaci\u00f3 repercuteix tant a nivell de creixement f\u00edsic com intel\u00b7lectual, per aix\u00f2 la import\u00e0ncia d&#8217;una dieta sana i equilibrada.\u2b05\ufe0f<\/span><\/p>\n<p><span style=\"font-weight: 400;\">\u26a0\ufe0f\u00c9s essencial que durant la inf\u00e0ncia tinguin una bona alimentaci\u00f3 i aprenguin a menjar de forma correcta.\u26a0\ufe0f<\/span><\/p>\n<p><span style=\"font-weight: 400;\">\ud83d\udc97Fam\u00edlies, omplim les carmanyoles d&#8217;aliments saludables!\ud83d\udc97<\/span><\/p>\n<p><iframe loading=\"lazy\" title=\"CICLE INICIAL_TALLER DE NUTRICI\u00d3\" width=\"500\" height=\"375\" src=\"https:\/\/www.youtube.com\/embed\/xCerF9_HF-w?feature=oembed\" frameborder=\"0\" allow=\"accelerometer; autoplay; clipboard-write; encrypted-media; gyroscope; picture-in-picture; web-share\" referrerpolicy=\"strict-origin-when-cross-origin\" allowfullscreen><\/iframe><\/p>\n<p>&nbsp;<\/p>\n<p><span style=\"font-weight: 400;\">\ud83d\udce2Han tornat els tallers de medi a cicle inicial\u2757<\/span><\/p>\n<p><span style=\"font-weight: 400;\">\ud83d\udc49\ud83c\udffeAquest curs es centren en l&#8217;hort escolar, el barri, ioga, la meva hist\u00f2ria, experiments i medi ambient.\ud83d\udc48\ud83c\udffc<\/span><\/p>\n<p><span style=\"font-weight: 400;\">\ud83e\udd29Quines ganes ten\u00edem que tornessin!\ud83e\udd29<\/span><\/p>\n<p><iframe loading=\"lazy\" title=\"CICLE INICIAL_TALLERS DE MEDI\" width=\"500\" height=\"375\" src=\"https:\/\/www.youtube.com\/embed\/rE--SBNriBc?feature=oembed\" frameborder=\"0\" allow=\"accelerometer; autoplay; clipboard-write; encrypted-media; gyroscope; picture-in-picture; web-share\" referrerpolicy=\"strict-origin-when-cross-origin\" allowfullscreen><\/iframe><\/p>\n<p>&nbsp;<\/p>\n<p>______________________________________________________________________________________________<\/p>\n<p>&nbsp;<\/p>\n<p style=\"text-align: center;\"><strong>OCTUBRE\u00a0 \u2013\u00a0 \u00a0CURS 2022 \u2013 2023<\/strong><\/p>\n<p><span style=\"font-weight: 400;\">\ud83d\udc9f Aqu\u00ed us deixem algunes de les activitats de les quals han gaudit els alumnes i les alumnes de cicle inicial aquest mes d&#8217;octubre.<\/span><\/p>\n<p><span style=\"font-weight: 400;\">\ud83e\udde1Ens encanta l&#8217;Educaci\u00f3 F\u00edsica!\ud83e\udde1 I \u00e9s que ens permet treballar valors i cohesi\u00f3 de grup d&#8217;una manera l\u00fadica.\ud83c\udfc3\ud83c\udffc\u200d\u2640\ufe0f<\/span><\/p>\n<p><span style=\"font-weight: 400;\">\ud83e\udd29A les imatges podeu veure com gaudeixen d&#8217;una sessi\u00f3 de treball cooperatiu els nens i les nenes de cicle inicial\ud83e\udd29\ud83e\udd38<\/span><\/p>\n<p style=\"text-align: center;\"><a href=\"https:\/\/agora.xtec.cat\/escola-torreforta\/wp-content\/uploads\/usu181\/2022\/10\/1.1-.-Foto-1-1.jpg\"><img loading=\"lazy\" decoding=\"async\" class=\"alignnone size-medium wp-image-2532\" src=\"https:\/\/agora.xtec.cat\/escola-torreforta\/wp-content\/uploads\/usu181\/2022\/10\/1.1-.-Foto-1-1-300x300.jpg\" alt=\"\" width=\"300\" height=\"300\" srcset=\"https:\/\/agora.xtec.cat\/escola-torreforta\/wp-content\/uploads\/usu181\/2022\/10\/1.1-.-Foto-1-1-300x300.jpg 300w, https:\/\/agora.xtec.cat\/escola-torreforta\/wp-content\/uploads\/usu181\/2022\/10\/1.1-.-Foto-1-1-1024x1024.jpg 1024w, https:\/\/agora.xtec.cat\/escola-torreforta\/wp-content\/uploads\/usu181\/2022\/10\/1.1-.-Foto-1-1-150x150.jpg 150w, https:\/\/agora.xtec.cat\/escola-torreforta\/wp-content\/uploads\/usu181\/2022\/10\/1.1-.-Foto-1-1-768x768.jpg 768w, https:\/\/agora.xtec.cat\/escola-torreforta\/wp-content\/uploads\/usu181\/2022\/10\/1.1-.-Foto-1-1.jpg 1080w\" sizes=\"auto, (max-width: 300px) 100vw, 300px\" \/><\/a><\/p>\n<p><span style=\"font-weight: 400;\">Ja ha arribat la tardor, ja no fa fred ni\u00a0 calor!!!! I els nostres alumnes i les nostres alumnes de cicle inicial han estat preparant la decoraci\u00f3 dels passadissos! \ud83c\udf42\ud83c\udf44\ud83c\udf3e\ud83c\udf41<\/span><\/p>\n<p><a href=\"https:\/\/agora.xtec.cat\/escola-torreforta\/wp-content\/uploads\/usu181\/2022\/10\/4.4-.-Foto-4.jpg\"><img loading=\"lazy\" decoding=\"async\" class=\"size-medium wp-image-2533 aligncenter\" src=\"https:\/\/agora.xtec.cat\/escola-torreforta\/wp-content\/uploads\/usu181\/2022\/10\/4.4-.-Foto-4-300x300.jpg\" alt=\"\" width=\"300\" height=\"300\" srcset=\"https:\/\/agora.xtec.cat\/escola-torreforta\/wp-content\/uploads\/usu181\/2022\/10\/4.4-.-Foto-4-300x300.jpg 300w, https:\/\/agora.xtec.cat\/escola-torreforta\/wp-content\/uploads\/usu181\/2022\/10\/4.4-.-Foto-4-1024x1024.jpg 1024w, https:\/\/agora.xtec.cat\/escola-torreforta\/wp-content\/uploads\/usu181\/2022\/10\/4.4-.-Foto-4-150x150.jpg 150w, https:\/\/agora.xtec.cat\/escola-torreforta\/wp-content\/uploads\/usu181\/2022\/10\/4.4-.-Foto-4-768x768.jpg 768w, https:\/\/agora.xtec.cat\/escola-torreforta\/wp-content\/uploads\/usu181\/2022\/10\/4.4-.-Foto-4.jpg 1080w\" sizes=\"auto, (max-width: 300px) 100vw, 300px\" \/><\/a><\/p>\n<p><span style=\"font-weight: 400;\">Els alumnes i les alumnes de cicle inicial\ud83d\udc66\ud83c\udffc\ud83d\udc67\ud83c\udffdaprenen matem\u00e0tiques d&#8217;una manera l\u00fadica, a partir de l&#8217;observaci\u00f3 \ud83d\udc40, manipulaci\u00f3 \ud83d\udc50\ud83c\udffb i sessions de jocs matem\u00e0tics.\u00a0<\/span><span style=\"font-weight: 400;\">&#8220;Les matem\u00e0tiques manipulatives s\u00f3n una forma relaxada, motivadora i estimulant d&#8217;aprendre a l&#8217;aula&#8221;. \ud83d\udc69\ud83c\udffb\u200d\ud83c\udfeb\ud83e\uddee<\/span><\/p>\n<p><a href=\"https:\/\/agora.xtec.cat\/escola-torreforta\/wp-content\/uploads\/usu181\/2022\/10\/6.6-.-Foto-6.jpg\"><img loading=\"lazy\" decoding=\"async\" class=\"size-medium wp-image-2534 aligncenter\" src=\"https:\/\/agora.xtec.cat\/escola-torreforta\/wp-content\/uploads\/usu181\/2022\/10\/6.6-.-Foto-6-300x300.jpg\" alt=\"\" width=\"300\" height=\"300\" srcset=\"https:\/\/agora.xtec.cat\/escola-torreforta\/wp-content\/uploads\/usu181\/2022\/10\/6.6-.-Foto-6-300x300.jpg 300w, https:\/\/agora.xtec.cat\/escola-torreforta\/wp-content\/uploads\/usu181\/2022\/10\/6.6-.-Foto-6-1024x1024.jpg 1024w, https:\/\/agora.xtec.cat\/escola-torreforta\/wp-content\/uploads\/usu181\/2022\/10\/6.6-.-Foto-6-150x150.jpg 150w, https:\/\/agora.xtec.cat\/escola-torreforta\/wp-content\/uploads\/usu181\/2022\/10\/6.6-.-Foto-6-768x768.jpg 768w, https:\/\/agora.xtec.cat\/escola-torreforta\/wp-content\/uploads\/usu181\/2022\/10\/6.6-.-Foto-6.jpg 1080w\" sizes=\"auto, (max-width: 300px) 100vw, 300px\" \/><\/a><\/p>\n<p>&nbsp;<\/p>\n<p>______________________________________________________<\/p>\n<p>&nbsp;<\/p>\n<p style=\"text-align: center;\"><strong>SETEMBRE\u00a0 \u2013\u00a0 \u00a0CURS 2022 \u2013 2023<\/strong><\/p>\n<p><span style=\"font-weight: 400;\">A Cicle Inicial hem arrencat aquest curs 22-23 amb moltes ganes i il\u00b7lusi\u00f3!\u00a0<\/span><span style=\"font-weight: 400;\">\ud83d\ude0a Us deixem una mostra d&#8217;activitats que hem realitzat i, alguns dels moments bonics \u2764 \u00a0 viscuts durant aquests primers dies d&#8217;escola.<\/span><\/p>\n<p><iframe loading=\"lazy\" title=\"CICLE INICIAL SETEMBRE 2022\" width=\"500\" height=\"375\" src=\"https:\/\/www.youtube.com\/embed\/JyqVTZHq7rw?feature=oembed\" frameborder=\"0\" allow=\"accelerometer; autoplay; clipboard-write; encrypted-media; gyroscope; picture-in-picture; web-share\" referrerpolicy=\"strict-origin-when-cross-origin\" allowfullscreen><\/iframe><\/p>\n<p>&nbsp;<\/p>\n<p><span style=\"font-weight: 400;\">\ud83d\udc9aAquest mes de setembre hem tingut una visita molt especial: la de la Colla Castellera de Sant Pere i Sant Pau i els grallers \ud83d\udc9a<\/span><\/p>\n<p><span style=\"font-weight: 400;\">\ud83d\ude0dEns han apropat al m\u00f3n casteller i han fet volar ben alt els somnis d&#8217;alguns infants.\ud83d\ude0d<\/span><\/p>\n<p><span style=\"font-weight: 400;\">\ud83e\udd29A m\u00e9s, l&#8217;alumnat i els mestres i les mestres han pogut fer de pilaners!\ud83e\udd29<\/span><\/p>\n<p><span style=\"font-weight: 400;\">\u00a0\ud83d\udcaa\ud83c\udffbI \u00e9s que l&#8217;escola \u00e9s plena de valents i valentes i de molt d&#8217;entusiasme.\ud83d\udcaa\ud83c\udffb<\/span><\/p>\n<p><span style=\"font-weight: 400;\">\ud83d\udc9aGr\u00e0cies per l&#8217;experi\u00e8ncia, m\u00fasics i castellers.\ud83d\udc9a<\/span><\/p>\n<p><span style=\"font-weight: 400;\">Visca Santa Tecla a les escoles\u2757 <\/span><span style=\"font-weight: 400;\">Visca Santa Tecla\u2757 <\/span><span style=\"font-weight: 400;\">Visca la Festa Major\u2757<\/span><\/p>\n<p><iframe loading=\"lazy\" title=\"CICLE INICIAL SANTA TECLA\" width=\"500\" height=\"375\" src=\"https:\/\/www.youtube.com\/embed\/s8lhC3HZTTE?feature=oembed\" frameborder=\"0\" allow=\"accelerometer; autoplay; clipboard-write; encrypted-media; gyroscope; picture-in-picture; web-share\" referrerpolicy=\"strict-origin-when-cross-origin\" allowfullscreen><\/iframe><\/p>\n<p>&nbsp;<\/p>\n<p>&nbsp;<\/p>\n<p>&nbsp;<\/p>\n<p>_____________________________________________________________________________<\/p>\n<p>&nbsp;<\/p>\n<p><iframe loading=\"lazy\" title=\"CICLE INICIAL_JUNY\" width=\"500\" height=\"281\" src=\"https:\/\/www.youtube.com\/embed\/XWvEPlDNAMc?feature=oembed\" frameborder=\"0\" allow=\"accelerometer; autoplay; clipboard-write; encrypted-media; gyroscope; picture-in-picture; web-share\" referrerpolicy=\"strict-origin-when-cross-origin\" allowfullscreen><\/iframe><\/p>\n<p><span style=\"font-weight: 400;\">I amb aquesta publicaci\u00f3 donem per finalitzat el curs 21\/22. Aquest mes de juny els i les alumnes de primer han anat d\u2019excursi\u00f3 al Tennis Tarragona i a m\u00e9s a m\u00e9s, us deixem un recull de fotografies de l\u2019\u00faltim dia de l\u2019escola, on vam passar un mat\u00ed molt divertit fent jocs al pati. Bones vacances fam\u00edlies! Ens retrobem al setembre!<\/span><\/p>\n<p>________________________________________________________________________________<\/p>\n<p>&nbsp;<\/p>\n<p><iframe loading=\"lazy\" title=\"CICLE INICIAL_MAIG\" width=\"500\" height=\"281\" src=\"https:\/\/www.youtube.com\/embed\/X5mSSHCyA90?feature=oembed\" frameborder=\"0\" allow=\"accelerometer; autoplay; clipboard-write; encrypted-media; gyroscope; picture-in-picture; web-share\" referrerpolicy=\"strict-origin-when-cross-origin\" allowfullscreen><\/iframe><\/p>\n<p>&nbsp;<\/p>\n<p><span style=\"font-weight: 400;\">Aquest mes de Maig hem gaudit de moltes activitats a l\u2019escola. Obres de teatre, racons de lectura, sortida de fi de curs dels alumnes de segon i a educaci\u00f3 f\u00edsica hem estat treballant els jocs tradicionals!<\/span><\/p>\n<p>&nbsp;<\/p>\n<p>________________________________________________________________________________________________________<\/p>\n<p>&nbsp;<\/p>\n<p><iframe loading=\"lazy\" title=\"CICLE INICIAL ABRIL\" width=\"500\" height=\"281\" src=\"https:\/\/www.youtube.com\/embed\/KznDH_2EnDA?feature=oembed\" frameborder=\"0\" allow=\"accelerometer; autoplay; clipboard-write; encrypted-media; gyroscope; picture-in-picture; web-share\" referrerpolicy=\"strict-origin-when-cross-origin\" allowfullscreen><\/iframe><\/p>\n<p><span style=\"font-weight: 400;\">Aquest mes d\u2019Abril ha estat molt intents!! Els i les alumnes de cicle inicial han gaudit molt fent totes les activitats!!!<\/span><\/p>\n<p>________________________________________________________________________________<\/p>\n<p>&nbsp;<\/p>\n<p><iframe loading=\"lazy\" title=\"CICLE INICIAL_MAR\u00c7\" width=\"500\" height=\"375\" src=\"https:\/\/www.youtube.com\/embed\/lKMaQYvLwNM?feature=oembed\" frameborder=\"0\" allow=\"accelerometer; autoplay; clipboard-write; encrypted-media; gyroscope; picture-in-picture; web-share\" referrerpolicy=\"strict-origin-when-cross-origin\" allowfullscreen><\/iframe><\/p>\n<p>Aquest mes de mar\u00e7 ha estat molt PO\u00c8TIC. Hem celebrat el Dia Mundial de la Poesia amb activitats intercicles. Ens hem recitat poemes! Som uns i unes artistes!!<\/p>\n<p>&nbsp;<\/p>\n<p>____________________________________________________________________________________<\/p>\n<p>&nbsp;<\/p>\n<p><iframe loading=\"lazy\" title=\"CICLE INICIAL_FEBRER\" width=\"500\" height=\"375\" src=\"https:\/\/www.youtube.com\/embed\/XzltdEPnCgs?feature=oembed\" frameborder=\"0\" allow=\"accelerometer; autoplay; clipboard-write; encrypted-media; gyroscope; picture-in-picture; web-share\" referrerpolicy=\"strict-origin-when-cross-origin\" allowfullscreen><\/iframe><\/p>\n<p><span style=\"font-weight: 400;\">Els i les alumnes de cicle inicial durant el mes de Febrer han pogut gaudir de moltes activitats. Totes elles enriquidores i molt divertides. A m\u00e9s a m\u00e9s, hem celebrat el carnestoltes i ens ho hem passat d\u2019all\u00f2 m\u00e9s b\u00e9!!!<\/span><\/p>\n<p>&nbsp;<\/p>\n<p>______________________________________________________________________________________________<\/p>\n<p>&nbsp;<\/p>\n<p><a href=\"https:\/\/agora.xtec.cat\/escola-torreforta\/wp-content\/uploads\/usu181\/2022\/01\/Captura-de-pantalla-2022-01-25-192228.png\"><img loading=\"lazy\" decoding=\"async\" class=\" wp-image-2065 aligncenter\" src=\"https:\/\/agora.xtec.cat\/escola-torreforta\/wp-content\/uploads\/usu181\/2022\/01\/Captura-de-pantalla-2022-01-25-192228-297x300.png\" alt=\"\" width=\"357\" height=\"361\" srcset=\"https:\/\/agora.xtec.cat\/escola-torreforta\/wp-content\/uploads\/usu181\/2022\/01\/Captura-de-pantalla-2022-01-25-192228-297x300.png 297w, https:\/\/agora.xtec.cat\/escola-torreforta\/wp-content\/uploads\/usu181\/2022\/01\/Captura-de-pantalla-2022-01-25-192228.png 608w\" sizes=\"auto, (max-width: 357px) 100vw, 357px\" \/><\/a><\/p>\n<p><span style=\"font-weight: 400;\">Els i les alumnes de primer de l&#8217;escola van visitar el centre c\u00edvic per anar a escoltar el contacontes m\u00e9s divertit del barri! Ens van explicar el conte UN COR MOLT GRAN de JOAN TURU, un conte molt bonic que ens va agradar moolt! <\/span><\/p>\n<p>__________________________________________________________________________<\/p>\n<p>&nbsp;<\/p>\n<p>&nbsp;<\/p>\n<p><iframe loading=\"lazy\" title=\"CICLE INICIAL_ DESEMBRE2021\" width=\"500\" height=\"281\" src=\"https:\/\/www.youtube.com\/embed\/dMEfMSvUnwA?feature=oembed\" frameborder=\"0\" allow=\"accelerometer; autoplay; clipboard-write; encrypted-media; gyroscope; picture-in-picture; web-share\" referrerpolicy=\"strict-origin-when-cross-origin\" allowfullscreen><\/iframe><\/p>\n<p><span style=\"font-weight: 400;\">Benvingudes vacances de Nadal!! Els i les alumnes de cicle inicial han fet unes figuretes amb fang i s&#8217;ho han passat d&#8217;all\u00f2 m\u00e9s b\u00e9! Aprofitem per desitjar bones festes a totes les fam\u00edlies de l&#8217;escola! Ens veiem a la tornada! <\/span><\/p>\n<p>&nbsp;<\/p>\n<p>_________________________________________________________________________________________<\/p>\n<p>&nbsp;<\/p>\n<p><iframe loading=\"lazy\" title=\"CICLE INICIAL_NOVEMBRE_21\" width=\"500\" height=\"375\" src=\"https:\/\/www.youtube.com\/embed\/mV-naQ2k3_s?feature=oembed\" frameborder=\"0\" allow=\"accelerometer; autoplay; clipboard-write; encrypted-media; gyroscope; picture-in-picture; web-share\" referrerpolicy=\"strict-origin-when-cross-origin\" allowfullscreen><\/iframe><\/p>\n<p>&nbsp;<\/p>\n<p><span style=\"font-weight: 400;\">A les sessions d&#8217;Educaci\u00f3 A<\/span><span style=\"font-weight: 400;\">rt\u00edstica els i les alumnes de Cicle Inicial treuen els grans artistes que s\u00f3n. A partir d&#8217;un ambient de relaxaci\u00f3 amb m\u00fasica de fons s&#8217;havien de deixar portar per fer un dibuix mitjan\u00e7ant les temperes. Aquest va ser el resultat! <\/span><\/p>\n<p>_________________________________________________________________________________________<\/p>\n<p>&nbsp;<\/p>\n<p style=\"text-align: center;\"><a href=\"https:\/\/agora.xtec.cat\/escola-torreforta\/wp-content\/uploads\/usu181\/2021\/11\/Captura0.jpg\"><img loading=\"lazy\" decoding=\"async\" class=\"alignnone size-medium wp-image-1979\" src=\"https:\/\/agora.xtec.cat\/escola-torreforta\/wp-content\/uploads\/usu181\/2021\/11\/Captura0-300x297.jpg\" alt=\"\" width=\"300\" height=\"297\" srcset=\"https:\/\/agora.xtec.cat\/escola-torreforta\/wp-content\/uploads\/usu181\/2021\/11\/Captura0-300x297.jpg 300w, https:\/\/agora.xtec.cat\/escola-torreforta\/wp-content\/uploads\/usu181\/2021\/11\/Captura0-150x150.jpg 150w, https:\/\/agora.xtec.cat\/escola-torreforta\/wp-content\/uploads\/usu181\/2021\/11\/Captura0.jpg 647w\" sizes=\"auto, (max-width: 300px) 100vw, 300px\" \/><\/a><\/p>\n<p><span style=\"font-weight: 400;\">La tardor ha arribat a l&#8217;escola i els\/les alumnes de cicle inicial han decorat les classes i el passad\u00eds amb aquests arbres tan bonics. Vam passar una estona molt divertida! <\/span><\/p>\n<p>_______________________________________________________________________________<\/p>\n<p><a href=\"https:\/\/agora.xtec.cat\/escola-torreforta\/wp-content\/uploads\/usu181\/2021\/11\/Captura.jpg\"><img loading=\"lazy\" decoding=\"async\" class=\"size-medium wp-image-1977 aligncenter\" src=\"https:\/\/agora.xtec.cat\/escola-torreforta\/wp-content\/uploads\/usu181\/2021\/11\/Captura-300x267.jpg\" alt=\"\" width=\"300\" height=\"267\" srcset=\"https:\/\/agora.xtec.cat\/escola-torreforta\/wp-content\/uploads\/usu181\/2021\/11\/Captura-300x267.jpg 300w, https:\/\/agora.xtec.cat\/escola-torreforta\/wp-content\/uploads\/usu181\/2021\/11\/Captura.jpg 703w\" sizes=\"auto, (max-width: 300px) 100vw, 300px\" \/><\/a>Benvinguts i benvingudes al curs 21-22!! <span style=\"font-weight: 400;\">Les alumnes i els alumnes de cicle inicial van rebre la visita de la cucafera per celebrar les festes de Tarragona, Santa Tecla &#8217;21. Vam passar una estona molt divertida!<\/span><\/p>\n<p>&nbsp;<\/p>\n<p>_______________________________________________________________________________<\/p>\n<p>&nbsp;<\/p>\n<p>&nbsp;<\/p>\n<p>&nbsp;<\/p>\n<p><iframe loading=\"lazy\" title=\"Cicle Inicial_maig\" width=\"500\" height=\"375\" src=\"https:\/\/www.youtube.com\/embed\/lz4W0H6k2_w?feature=oembed\" frameborder=\"0\" allow=\"accelerometer; autoplay; clipboard-write; encrypted-media; gyroscope; picture-in-picture; web-share\" referrerpolicy=\"strict-origin-when-cross-origin\" allowfullscreen><\/iframe><\/p>\n<p>Les\/Els alumnes de Cicle Inicial han deixat anar la seva imaginaci\u00f3 i s&#8217;han deixat portar per la seva creativitat utilitzant la t\u00e8cnica de les aquarel\u00b7les! Aqu\u00ed podeu gaudir de les obres d&#8217;art que han fet!!!<\/p>\n<p>________________________________________________________________<\/p>\n<p>&nbsp;<\/p>\n<p><iframe loading=\"lazy\" title=\"CICLE INICIAL AL CAIXAF\u00d2RUM!\" width=\"500\" height=\"375\" src=\"https:\/\/www.youtube.com\/embed\/xoMf0WbIkJU?feature=oembed\" frameborder=\"0\" allow=\"accelerometer; autoplay; clipboard-write; encrypted-media; gyroscope; picture-in-picture; web-share\" referrerpolicy=\"strict-origin-when-cross-origin\" allowfullscreen><\/iframe><\/p>\n<p>El dilluns 12 d&#8217;abril els\/les alumnes de 1r de Cicle Inicial vam fer una sortida al Caixaf\u00f2rum de Tarragona per participar en el taller musical &#8220;el viatge del cargol&#8221;. Vam gaudir molt fent m\u00fasica amb instruments reciclats mentre acompany\u00e0vem el cargol de mar en el seu viatge!<\/p>\n<p>_________________________________________________________________<\/p>\n<p>&nbsp;<\/p>\n<p style=\"text-align: center;\"><a href=\"https:\/\/agora.xtec.cat\/escola-torreforta\/wp-content\/uploads\/usu181\/2021\/03\/WEB40.png\"><img loading=\"lazy\" decoding=\"async\" class=\"alignnone size-medium wp-image-1794\" src=\"https:\/\/agora.xtec.cat\/escola-torreforta\/wp-content\/uploads\/usu181\/2021\/03\/WEB40-298x300.png\" alt=\"\" width=\"298\" height=\"300\" srcset=\"https:\/\/agora.xtec.cat\/escola-torreforta\/wp-content\/uploads\/usu181\/2021\/03\/WEB40-298x300.png 298w, https:\/\/agora.xtec.cat\/escola-torreforta\/wp-content\/uploads\/usu181\/2021\/03\/WEB40-150x150.png 150w, https:\/\/agora.xtec.cat\/escola-torreforta\/wp-content\/uploads\/usu181\/2021\/03\/WEB40.png 514w\" sizes=\"auto, (max-width: 298px) 100vw, 298px\" \/><\/a><\/p>\n<p style=\"text-align: left;\">Aquest mes de mar\u00e7 els i les alumnes de segon hem rebut la visita de la Gu\u00e0rdia Urbana. Ens han ensenyat la import\u00e0ncia de l&#8217;Educaci\u00f3 Vial, en respectar les normes i complir-les.<\/p>\n<p>\u00a0 \u00a0 \u00a0 \u00a0 \u00a0 \u00a0 \u00a0 \u00a0 \u00a0 \u00a0 \u00a0 _________________________________________________________________<\/p>\n<p>&nbsp;<\/p>\n<p><iframe loading=\"lazy\" title=\"Cicle Inicial_Dia de la Pau\" width=\"500\" height=\"375\" src=\"https:\/\/www.youtube.com\/embed\/c8sejuzc64g?feature=oembed\" frameborder=\"0\" allow=\"accelerometer; autoplay; clipboard-write; encrypted-media; gyroscope; picture-in-picture; web-share\" referrerpolicy=\"strict-origin-when-cross-origin\" allowfullscreen><\/iframe><\/p>\n<p>Els i les alumnes de Cicle inicial van celebrar el dia de la PAU, donant \u00e8mfasi a la paraula de l&#8217;empatia! Qu\u00e8 podem fer per qu\u00e8 els altres es sentin millor? Com els podem ajudar? A partir de la reflexi\u00f3 sobre aquesta paraula, vam fer un mural amb moltes paraules que ens van ajudar a entendre a les altres persones i a fer coses per sentir-nos millor.<\/p>\n<p>___________________________________________________________________<\/p>\n<p>&nbsp;<\/p>\n<p><iframe loading=\"lazy\" title=\"La t\u00e8cnica de l&#039;art aborigen_Cicle Inicial\" width=\"500\" height=\"375\" src=\"https:\/\/www.youtube.com\/embed\/BhhELL8A0Wo?feature=oembed\" frameborder=\"0\" allow=\"accelerometer; autoplay; clipboard-write; encrypted-media; gyroscope; picture-in-picture; web-share\" referrerpolicy=\"strict-origin-when-cross-origin\" allowfullscreen><\/iframe><\/p>\n<p>Els nens i nenes de cicle inicial han estat treballant la t\u00e8cnica de l&#8217;art aborigen i s&#8217;han endinsat en el meravell\u00f3s m\u00f3n de les temperes i les seves t\u00e8cniques de pintura.<\/p>\n<p>_____________________________________________________________________<\/p>\n<p>&nbsp;<\/p>\n<p><iframe loading=\"lazy\" title=\"Decoraci\u00f3 de Nadal_Cicle Inicial\" width=\"500\" height=\"375\" src=\"https:\/\/www.youtube.com\/embed\/JJPWw9jpUUw?feature=oembed\" frameborder=\"0\" allow=\"accelerometer; autoplay; clipboard-write; encrypted-media; gyroscope; picture-in-picture; web-share\" referrerpolicy=\"strict-origin-when-cross-origin\" allowfullscreen><\/iframe><\/p>\n<p>Els\/Les alumnes de Cicle Inicial hem decorat els passadissos i les nostres aules per celebrar el Nadal! Esperem que us agradi la nostra decoraci\u00f3! Bones Festes!<\/p>\n<p>_______________________________________________________________________<\/p>\n<p><a href=\"https:\/\/agora.xtec.cat\/escola-torreforta\/wp-content\/uploads\/usu181\/2020\/11\/CollageMaker_20201124_202147224-min.jpg\"><br \/>\n<img loading=\"lazy\" decoding=\"async\" class=\"size-medium wp-image-1605 aligncenter\" src=\"https:\/\/agora.xtec.cat\/escola-torreforta\/wp-content\/uploads\/usu181\/2020\/11\/CollageMaker_20201124_202147224-min-300x300.jpg\" alt=\"\" width=\"300\" height=\"300\" srcset=\"https:\/\/agora.xtec.cat\/escola-torreforta\/wp-content\/uploads\/usu181\/2020\/11\/CollageMaker_20201124_202147224-min-300x300.jpg 300w, https:\/\/agora.xtec.cat\/escola-torreforta\/wp-content\/uploads\/usu181\/2020\/11\/CollageMaker_20201124_202147224-min-150x150.jpg 150w, https:\/\/agora.xtec.cat\/escola-torreforta\/wp-content\/uploads\/usu181\/2020\/11\/CollageMaker_20201124_202147224-min-768x768.jpg 768w, https:\/\/agora.xtec.cat\/escola-torreforta\/wp-content\/uploads\/usu181\/2020\/11\/CollageMaker_20201124_202147224-min-1024x1024.jpg 1024w\" sizes=\"auto, (max-width: 300px) 100vw, 300px\" \/><\/a><\/p>\n<p>Els\/Les alumnes de Cicle Inicial hem rebut la visita d\u2019Ematsa, una visita on hem apr\u00e8s d\u2019on ve l\u2019aigua que nosaltres utilitzem al nostre dia a dia, i on se\u2019n va despr\u00e9s d\u2019utilitzar-la. Tamb\u00e9 hem fet tallers per veure com l\u2019aigua, a trav\u00e9s de les depuradores, passa un primer filtre per netejar-la i enviar-la al mar per fer el seu cicle natural, fins i tot, com abans d\u2019arribar a casa passa per unes potabilitzadores per fer l\u2019aigua potable. Han estat uns tallers molt interesants i ens han agradat molt\u00edssim!<\/p>\n","protected":false},"excerpt":{"rendered":"<p>ABRIL \u2013\u00a0 CURS 2025 \u2013 2026<br \/>\nAbril ens dona la benvinguda amb nous reptes i molta il\u00b7lusi\u00f3! \ud83c\udf37\u2600\ufe0f<br \/>\nAquest mes hem comen\u00e7at el tercer i \u00faltim trimestre del curs, un tram final ple d\u2019energia, esfor\u00e7 i ganes de continuar creixent \ud83c\udf31\u2728. Els infants de Cicle Inicial afrontem&hellip;  <a href=\"https:\/\/agora.xtec.cat\/escola-torreforta\/nivells\/cicle-inicial\/\" title=\"Read CICLE INICIAL\">Llegeix m\u00e9s\u00bb<\/a><\/p>\n","protected":false},"author":5,"featured_media":0,"parent":87,"menu_order":0,"comment_status":"closed","ping_status":"closed","template":"page-templates\/side-menu.php","meta":{"_bbp_topic_count":0,"_bbp_reply_count":0,"_bbp_total_topic_count":0,"_bbp_total_reply_count":0,"_bbp_voice_count":0,"_bbp_anonymous_reply_count":0,"_bbp_topic_count_hidden":0,"_bbp_reply_count_hidden":0,"_bbp_forum_subforum_count":0,"footnotes":""},"class_list":["post-1592","page","type-page","status-publish","hentry"],"post_mailing_queue_ids":[],"_links":{"self":[{"href":"https:\/\/agora.xtec.cat\/escola-torreforta\/wp-json\/wp\/v2\/pages\/1592","targetHints":{"allow":["GET"]}}],"collection":[{"href":"https:\/\/agora.xtec.cat\/escola-torreforta\/wp-json\/wp\/v2\/pages"}],"about":[{"href":"https:\/\/agora.xtec.cat\/escola-torreforta\/wp-json\/wp\/v2\/types\/page"}],"author":[{"embeddable":true,"href":"https:\/\/agora.xtec.cat\/escola-torreforta\/wp-json\/wp\/v2\/users\/5"}],"replies":[{"embeddable":true,"href":"https:\/\/agora.xtec.cat\/escola-torreforta\/wp-json\/wp\/v2\/comments?post=1592"}],"version-history":[{"count":8,"href":"https:\/\/agora.xtec.cat\/escola-torreforta\/wp-json\/wp\/v2\/pages\/1592\/revisions"}],"predecessor-version":[{"id":3820,"href":"https:\/\/agora.xtec.cat\/escola-torreforta\/wp-json\/wp\/v2\/pages\/1592\/revisions\/3820"}],"up":[{"embeddable":true,"href":"https:\/\/agora.xtec.cat\/escola-torreforta\/wp-json\/wp\/v2\/pages\/87"}],"wp:attachment":[{"href":"https:\/\/agora.xtec.cat\/escola-torreforta\/wp-json\/wp\/v2\/media?parent=1592"}],"curies":[{"name":"wp","href":"https:\/\/api.w.org\/{rel}","templated":true}]}}