{"id":1588,"date":"2020-11-25T11:37:04","date_gmt":"2020-11-25T10:37:04","guid":{"rendered":"https:\/\/agora.xtec.cat\/escola-torreforta\/?page_id=1588"},"modified":"2026-04-30T12:25:29","modified_gmt":"2026-04-30T10:25:29","slug":"educacio-infantil","status":"publish","type":"page","link":"https:\/\/agora.xtec.cat\/escola-torreforta\/nivells\/educacio-infantil\/","title":{"rendered":"EDUCACI\u00d3 INFANTIL"},"content":{"rendered":"<p style=\"text-align: center;\"><span style=\"font-weight: 400;\"><strong>ABRIL \u2013\u00a0 CURS 2025 \u2013 2026<\/strong><\/span><\/p>\n<section class=\"text-token-text-primary w-full focus:outline-none [--shadow-height:45px] has-data-writing-block:pointer-events-none has-data-writing-block:-mt-(--shadow-height) has-data-writing-block:pt-(--shadow-height) [&amp;:has([data-writing-block])&gt;*]:pointer-events-auto R6Vx5W_threadScrollVars scroll-mb-[calc(var(--scroll-root-safe-area-inset-bottom,0px)+var(--thread-response-height))] scroll-mt-(--header-height)\" dir=\"auto\" data-turn-id=\"38fd15c3-6bf8-4549-8ebc-a43967b05475\" data-testid=\"conversation-turn-7\" data-scroll-anchor=\"false\" data-turn=\"user\"><\/section>\n<section class=\"text-token-text-primary w-full focus:outline-none [--shadow-height:45px] has-data-writing-block:pointer-events-none has-data-writing-block:-mt-(--shadow-height) has-data-writing-block:pt-(--shadow-height) [&amp;:has([data-writing-block])&gt;*]:pointer-events-auto [content-visibility:auto] supports-[content-visibility:auto]:[contain-intrinsic-size:auto_100lvh] R6Vx5W_threadScrollVars scroll-mb-[calc(var(--scroll-root-safe-area-inset-bottom,0px)+var(--thread-response-height))] scroll-mt-[calc(var(--header-height)+min(200px,max(70px,20svh)))]\" dir=\"auto\" data-turn-id=\"request-WEB:52bddbcb-0de9-4f84-bd68-8860d6f45831-3\" data-testid=\"conversation-turn-8\" data-scroll-anchor=\"false\" data-turn=\"assistant\">\n<div class=\"text-base my-auto mx-auto pb-10 [--thread-content-margin:var(--thread-content-margin-xs,calc(var(--spacing)*4))] @w-sm\/main:[--thread-content-margin:var(--thread-content-margin-sm,calc(var(--spacing)*6))] @w-lg\/main:[--thread-content-margin:var(--thread-content-margin-lg,calc(var(--spacing)*16))] px-(--thread-content-margin)\">\n<div class=\"[--thread-content-max-width:40rem] @w-lg\/main:[--thread-content-max-width:48rem] mx-auto max-w-(--thread-content-max-width) flex-1 group\/turn-messages focus-visible:outline-hidden relative flex w-full min-w-0 flex-col agent-turn\">\n<div class=\"flex max-w-full flex-col gap-4 grow\">\n<div class=\"min-h-8 text-message relative flex w-full flex-col items-end gap-2 text-start break-words whitespace-normal outline-none keyboard-focused:focus-ring [.text-message+&amp;]:mt-1\" dir=\"auto\" tabindex=\"0\" data-message-author-role=\"assistant\" data-message-id=\"bb6b7038-8a05-4ea5-b9a8-903a64b471bd\" data-message-model-slug=\"gpt-5-3\" data-turn-start-message=\"true\">\n<div class=\"flex w-full flex-col gap-1 empty:hidden\">\n<div class=\"markdown prose dark:prose-invert w-full wrap-break-word light markdown-new-styling\">\n<p data-start=\"0\" data-end=\"74\"><strong data-start=\"0\" data-end=\"74\">\ud83c\udf38 L\u2019Abril a Infantil: Primavera, tradicions i molt d\u2019aprenentatge! \ud83c\udf38<\/strong><\/p>\n<p data-start=\"76\" data-end=\"225\">Aquest mes a l\u2019escola hem viscut moments plens de m\u00e0gia \u2728. Els nens i nenes d\u2019I3, I4 i I5 han omplert les aules de vida, il\u00b7lusi\u00f3 i molt d\u2019esfor\u00e7 \ud83d\udc9b.<\/p>\n<p data-start=\"227\" data-end=\"281\">Darrere de cada celebraci\u00f3 hi ha un gran aprenentatge:<\/p>\n<p data-start=\"283\" data-end=\"696\">\ud83c\udf6b <strong data-start=\"286\" data-end=\"298\">La Mona:<\/strong> hem treballat la l\u00f2gica i els n\u00fameros mesurant ingredients i comptant ous i xocolata.<br data-start=\"384\" data-end=\"387\" \/>\ud83c\udf3c <strong data-start=\"390\" data-end=\"413\">Primavera al barri:<\/strong> hem despertat els sentits i el grafisme decorant passadissos amb murals i flors.<br data-start=\"494\" data-end=\"497\" data-is-only-node=\"\" \/>\ud83c\udfb6 <strong data-start=\"500\" data-end=\"521\">Ritme i moviment:<\/strong> psicomotricitat i m\u00fasica per moure el cos i fer cr\u00e9ixer la ment.<br data-start=\"586\" data-end=\"589\" \/>\ud83d\udcda <strong data-start=\"592\" data-end=\"607\">Sant Jordi:<\/strong> hem gaudit de la lectoescriptura a trav\u00e9s de la llegenda, els nostres noms i els contes.<\/p>\n<p data-start=\"698\" data-end=\"770\" data-is-last-node=\"\" data-is-only-node=\"\">\ud83c\udfa5 Mireu el v\u00eddeo i descobriu com aprenem jugant i treballant de valent!<\/p>\n<p><iframe loading=\"lazy\" title=\"ABRIL_ED.INFANTIL\" width=\"500\" height=\"281\" src=\"https:\/\/www.youtube.com\/embed\/P1hCKnsf12I?feature=oembed\" frameborder=\"0\" allow=\"accelerometer; autoplay; clipboard-write; encrypted-media; gyroscope; picture-in-picture; web-share\" referrerpolicy=\"strict-origin-when-cross-origin\" allowfullscreen><\/iframe><\/p>\n<\/div>\n<\/div>\n<\/div>\n<\/div>\n<\/div>\n<\/div>\n<\/section>\n<p>&nbsp;<\/p>\n<p>___________________________________________________________________________________<\/p>\n<p style=\"text-align: center;\"><span style=\"font-weight: 400;\"><strong>MAR\u00c7 \u2013\u00a0 CURS 2025 \u2013 2026<\/strong><\/span><\/p>\n<p><span style=\"font-weight: 400;\">La Primavera ja ha arribat \ud83c\udf38\ud83c\udf3c i una bona pila d\u2019activitats ens ha portat \ud83c\udfa8\ud83c\udf89. <\/span><span style=\"font-weight: 400;\">Cada divendres una cama a la Vella Quaresma li hem tret \ud83e\uddb5\u2702\ufe0f\u00a0 <\/span><span style=\"font-weight: 400;\">perqu\u00e8 aviat la Mona ens menjarem \ud83d\udc23\ud83c\udf6b\ud83d\ude0b.<\/span><\/p>\n<p><iframe loading=\"lazy\" title=\"MARC\u0327_ED.INFANTIL\" width=\"500\" height=\"375\" src=\"https:\/\/www.youtube.com\/embed\/Q6vdON4QUYs?feature=oembed\" frameborder=\"0\" allow=\"accelerometer; autoplay; clipboard-write; encrypted-media; gyroscope; picture-in-picture; web-share\" referrerpolicy=\"strict-origin-when-cross-origin\" allowfullscreen><\/iframe><\/p>\n<p>&nbsp;<\/p>\n<p>______________________________________________________________________________<\/p>\n<p style=\"text-align: center;\"><span style=\"font-weight: 400;\"><strong>FEBRER \u2013\u00a0 CURS 2025 \u2013 2026<\/strong><\/span><\/p>\n<p><span style=\"font-weight: 400;\">\ud83c\udfad\u2728 Febrer a Educaci\u00f3 Infantil ha estat un mes ple de Carnaval, disbauxa i alegria!<\/span><\/p>\n<p><span style=\"font-weight: 400;\">Els infants han gaudit d\u2019unes setmanes m\u00e0giques amb disfresses, propostes creatives i divertits collages per decorar-se la cara. Hem celebrat el Dijous Gras compartint p\u00e0 amb tom\u00e0quet i truita, tot vivint les tradicions amb molta il\u00b7lusi\u00f3 \ud83e\udd56\ud83c\udf45\ud83e\udd5a<\/span><\/p>\n<p><span style=\"font-weight: 400;\">La m\u00fasica ha estat molt present a cada rac\u00f3 de l\u2019escola, convidant-nos a ballar, riure i expressar-nos. Un mes ple de colors, ritme i moments inoblidables! \ud83d\udc83\ud83c\udfb6\ud83c\udfa8<\/span><\/p>\n<p><span style=\"font-weight: 400;\">#escolatorreforta #Educaci\u00f3Infantil #Carnaval #AprenemJugant #VidaEscola #Febrer <\/span><\/p>\n<p>&nbsp;<\/p>\n<p><iframe loading=\"lazy\" title=\"FEBRER_ED.INFANTIL\" width=\"500\" height=\"281\" src=\"https:\/\/www.youtube.com\/embed\/fxs_9XNpMUo?feature=oembed\" frameborder=\"0\" allow=\"accelerometer; autoplay; clipboard-write; encrypted-media; gyroscope; picture-in-picture; web-share\" referrerpolicy=\"strict-origin-when-cross-origin\" allowfullscreen><\/iframe><\/p>\n<p>&nbsp;<\/p>\n<p data-start=\"0\" data-end=\"73\">Els nens i nenes d\u2019I4 ens hem disfressat \ud83c\udfad per celebrar el Carnaval \ud83c\udf89<\/p>\n<p data-start=\"75\" data-end=\"195\">Ulleres \ud83d\udc53, complements \ud83c\udf80 i maquillatges \ud83d\udc84 divertits \ud83d\ude04<br data-start=\"132\" data-end=\"135\" \/>Us animem a mirar el v\u00eddeo \ud83c\udfa5 i endevinar \ud83e\udd14 qui \u00e9s qui \ud83d\udc40<\/p>\n<p><iframe loading=\"lazy\" title=\"CARNAVAL_I4\" width=\"500\" height=\"281\" src=\"https:\/\/www.youtube.com\/embed\/xWvQgiR5vzs?feature=oembed\" frameborder=\"0\" allow=\"accelerometer; autoplay; clipboard-write; encrypted-media; gyroscope; picture-in-picture; web-share\" referrerpolicy=\"strict-origin-when-cross-origin\" allowfullscreen><\/iframe><\/p>\n<p>&nbsp;<\/p>\n<p>___________________________________________________________________________________________<\/p>\n<p style=\"text-align: center;\"><span style=\"font-weight: 400;\"><strong>GENER \u2013\u00a0 CURS 2025 \u2013 2026<\/strong><\/span><\/p>\n<p><strong>\u2728Repte a l&#8217;aula \u2728<\/strong><br \/>\n<strong>Com podem fer suc de taronja?<\/strong> \ud83e\udd14<br \/>\nEls infants de i4 s&#8217;han convertit en petites investigadores i investigadors \ud83d\udd0e<br \/>\nHan observat, tocat, olorat i&#8230; espremut taronges \ud83c\udf4a Entre tots i totes hem descobert els estris de la caixa per fer suc, omplir el got i beure tot treballant en petits grups heterogenis.<br \/>\nAprenem experimentat per\u00f2 tamb\u00e9 verbalitzant i parlant sobre el proc\u00e9s \ud83d\udde3\ufe0f<\/p>\n<p>#STEAMcat #AprendreFent<\/p>\n<p><a href=\"https:\/\/agora.xtec.cat\/escola-torreforta\/wp-content\/uploads\/usu181\/2026\/01\/WhatsApp-Image-2026-01-27-at-13.21.09.jpeg\"><img loading=\"lazy\" decoding=\"async\" class=\"alignnone size-large wp-image-3679\" src=\"https:\/\/agora.xtec.cat\/escola-torreforta\/wp-content\/uploads\/usu181\/2026\/01\/WhatsApp-Image-2026-01-27-at-13.21.09-819x1024.jpeg\" alt=\"\" width=\"819\" height=\"1024\" srcset=\"https:\/\/agora.xtec.cat\/escola-torreforta\/wp-content\/uploads\/usu181\/2026\/01\/WhatsApp-Image-2026-01-27-at-13.21.09-819x1024.jpeg 819w, https:\/\/agora.xtec.cat\/escola-torreforta\/wp-content\/uploads\/usu181\/2026\/01\/WhatsApp-Image-2026-01-27-at-13.21.09-240x300.jpeg 240w, https:\/\/agora.xtec.cat\/escola-torreforta\/wp-content\/uploads\/usu181\/2026\/01\/WhatsApp-Image-2026-01-27-at-13.21.09-768x960.jpeg 768w, https:\/\/agora.xtec.cat\/escola-torreforta\/wp-content\/uploads\/usu181\/2026\/01\/WhatsApp-Image-2026-01-27-at-13.21.09.jpeg 1080w\" sizes=\"auto, (max-width: 819px) 100vw, 819px\" \/><\/a><\/p>\n<p>&nbsp;<\/p>\n<p><span style=\"font-weight: 400;\">Amb l\u2019arribada del gener \u2744\ufe0f, els infants d\u2019educaci\u00f3 infantil han tornat a la rutina escolar amb il\u00b7lusi\u00f3 i molts somriures \ud83d\ude0a. Despr\u00e9s de les vacances, retrobar-nos a l\u2019aula ens ha perm\u00e8s reprendre els vincles \ud83d\udc9b i continuar aprenent a trav\u00e9s de la descoberta \ud83d\udd0d.<\/span><\/p>\n<p><span style=\"font-weight: 400;\">A partir de les propostes que preparen les i els mestres \ud83d\udc69\u200d\ud83c\udfeb \ud83d\udc68\u200d\ud83c\udfeb, els infants experimenten, observen i comparteixen moments \ud83e\udd1d que afavoreixen el seu desenvolupament i enriquiment personal \ud83c\udf31, tot gaudint del proc\u00e9s d\u2019aprenentatge plegats \ud83c\udfa8\ud83d\udcda.<\/span><\/p>\n<p><iframe loading=\"lazy\" title=\"GENER_ED.INFANTIL\" width=\"500\" height=\"281\" src=\"https:\/\/www.youtube.com\/embed\/MK8Pkyo5ffI?feature=oembed\" frameborder=\"0\" allow=\"accelerometer; autoplay; clipboard-write; encrypted-media; gyroscope; picture-in-picture; web-share\" referrerpolicy=\"strict-origin-when-cross-origin\" allowfullscreen><\/iframe><\/p>\n<p>&nbsp;<\/p>\n<p>___________________________________________________________________________________<\/p>\n<p style=\"text-align: center;\"><span style=\"font-weight: 400;\"><strong>DESEMBRE \u2013\u00a0 CURS 2025 \u2013 2026<\/strong><\/span><\/p>\n<p><span style=\"font-weight: 400;\">Els infants d\u2019Educaci\u00f3 Infantil han participat aquests dies en la descoberta d\u2019elements tradicionals com el Ti\u00f3 \ud83c\udf84 i els Reis d\u2019Orient \ud83d\udc51\ud83d\udc51\ud83d\udc51. Mitjan\u00e7ant can\u00e7ons \ud83c\udfb6, contes \ud83d\udcd6 i jocs \ud83e\udde9, han viscut experi\u00e8ncies noves i enriquidores vinculades a les festes que celebrem en aquests dies tan especials \u2728.<\/span><\/p>\n<p><span style=\"font-weight: 400;\">Sense oblidar el treball de la psicomotricitat fina \u2702\ufe0f\ud83d\udd8d\ufe0f \u2014com ara l\u2019embolcall de regals \ud83c\udf81\u2014, aix\u00ed com de les matem\u00e0tiques \ud83d\udd22 i la llengua \ud83d\udde3\ufe0f\ud83d\udcda, \u00e0mbits en els quals s\u2019est\u00e0 progressant de manera molt satisfact\u00f2ria.<\/span><\/p>\n<p><span style=\"font-weight: 400;\">Bones vacances, fam\u00edlies! \ud83c\udf1f\ud83d\ude0a<\/span><\/p>\n<p><iframe loading=\"lazy\" title=\"DESEMBRE_ ED.INFANTIL\" width=\"500\" height=\"281\" src=\"https:\/\/www.youtube.com\/embed\/TM5yov1CjAo?feature=oembed\" frameborder=\"0\" allow=\"accelerometer; autoplay; clipboard-write; encrypted-media; gyroscope; picture-in-picture; web-share\" referrerpolicy=\"strict-origin-when-cross-origin\" allowfullscreen><\/iframe><\/p>\n<p data-start=\"100\" data-end=\"143\">____________________________________________________________________________________________<\/p>\n<p style=\"text-align: center;\" data-start=\"100\" data-end=\"143\"><strong>NOVEMBRE \u2013\u00a0 CURS 2025 \u2013 2026<\/strong><\/p>\n<p data-start=\"138\" data-end=\"595\">\ud83c\udf42\ud83d\udcda <strong data-start=\"143\" data-end=\"214\">Al novembre, els infants d\u2019Infantil continuem descobrint i aprenent<\/strong> a trav\u00e9s de totes les activitats que realitzem a l\u2019escola. Aquest mes ens ha perm\u00e8s endinsar-nos encara m\u00e9s en els colors i les textures de la tardor \ud83c\udf41\ud83c\udfa8, observant com canvia l\u2019entorn i experimentant amb fulles, fruits i materials naturals \ud83c\udf43\ud83c\udf30. Cada proposta es converteix en una oportunitat per explorar \ud83d\udd0d, fer hip\u00f2tesis \ud83e\udd14, compartir descobertes \ud83d\udca1 i gaudir del proc\u00e9s \ud83d\ude0a.<\/p>\n<p data-start=\"599\" data-end=\"828\">\ud83c\udf30\ud83c\udf89 <strong data-start=\"604\" data-end=\"652\">Tamb\u00e9 hem celebrat la festa de la Castanyada<\/strong>, una tradici\u00f3 que vivim amb molta il\u00b7lusi\u00f3. Hem cantat \ud83c\udfb6, hem ballat \ud83d\udc83\ud83d\udd7a, hem tastat castanyes \ud83c\udf30 i hem preparat activitats relacionades amb aquesta \u00e8poca tan especial \ud83c\udf41.<\/p>\n<p data-start=\"832\" data-end=\"966\">\ud83c\udfb2\ud83c\udfb5\ud83e\udd1d A trav\u00e9s del joc, la m\u00fasica i la conviv\u00e8ncia, els infants han viscut moments plens d\u2019emoci\u00f3 \ud83d\udc9b i aprenentatges significatius \u2b50.<\/p>\n<p><iframe loading=\"lazy\" title=\"NOVEMBRE_ED.INFANTIL\" width=\"500\" height=\"281\" src=\"https:\/\/www.youtube.com\/embed\/M_-oKwvei6M?feature=oembed\" frameborder=\"0\" allow=\"accelerometer; autoplay; clipboard-write; encrypted-media; gyroscope; picture-in-picture; web-share\" referrerpolicy=\"strict-origin-when-cross-origin\" allowfullscreen><\/iframe><\/p>\n<p data-start=\"100\" data-end=\"143\">__________________________________________________________________________________<\/p>\n<p style=\"text-align: center;\" data-start=\"100\" data-end=\"143\"><strong>OCTUBRE \u2013\u00a0 CURS 2025 \u2013 2026<\/strong><\/p>\n<p><span style=\"font-weight: 400;\">\ud83c\udf42La Tardor arriba plena de colors, olors i noves descobertes plenes de curiositat: observen les fulles que cauen, toquen els fruits del bosc, creen amb elements naturals i comparteixen moments amb tot all\u00f2 que la natura els ofereix, gaudint del que ens envolta.<\/span><\/p>\n<p><span style=\"font-weight: 400;\">Mentrestant, continuen teixint bonics vincles d\u2019amistat, alegria i aprenentatge.<\/span><\/p>\n<p><span style=\"font-weight: 400;\">Us convidem a mirar aquest v\u00eddeo com una finestra oberta al seu dia a dia, ple d\u2019experimentaci\u00f3, emocions i complicitats.<\/span><\/p>\n<p data-start=\"100\" data-end=\"143\"><span style=\"font-weight: 400;\">\u00a0\ud83c\udf41 <\/span><b>Aix\u00ed vivim la Tardor, junts, a l\u2019escola!<\/b><span style=\"font-weight: 400;\"> \ud83c\udf41<\/span><\/p>\n<p><iframe loading=\"lazy\" title=\"OCTUBRE_ED.INFANTIL\" width=\"500\" height=\"281\" src=\"https:\/\/www.youtube.com\/embed\/a5MSfXch_Zk?feature=oembed\" frameborder=\"0\" allow=\"accelerometer; autoplay; clipboard-write; encrypted-media; gyroscope; picture-in-picture; web-share\" referrerpolicy=\"strict-origin-when-cross-origin\" allowfullscreen><\/iframe><\/p>\n<p data-start=\"100\" data-end=\"143\">___________________________________________________________________________________<\/p>\n<p style=\"text-align: center;\" data-start=\"100\" data-end=\"143\"><strong>SETEMBRE \u2013\u00a0 CURS 2025 \u2013 2026<\/strong><\/p>\n<p data-start=\"100\" data-end=\"143\">\u2728 <strong data-start=\"102\" data-end=\"139\">Benvingudes fam\u00edlies al nou curs!<\/strong> \u2728<\/p>\n<p data-start=\"145\" data-end=\"603\">Comencem amb il\u00b7lusi\u00f3 i moltes ganes d\u2019aprendre.<br data-start=\"193\" data-end=\"196\" \/>\ud83d\udc67\ud83e\uddd2 Aquest setembre hem acollit amb entusiasme els infants d\u2019I3, que ja gaudeixen de les seves primeres experi\u00e8ncies a l\u2019escola.<br data-start=\"325\" data-end=\"328\" \/>\ud83c\udfad Hem descobert els personatges del <em data-start=\"365\" data-end=\"396\">seguici festiu de Santa Tecla<\/em>, que han omplert les aules de m\u00e0gia i imaginaci\u00f3.<br data-start=\"446\" data-end=\"449\" \/>\ud83d\udd24\u2795 Tamb\u00e9 hem iniciat la lectoescriptura i les matem\u00e0tiques de manera l\u00fadica, a trav\u00e9s de jocs i activitats que afavoreixen l\u2019aprenentatge significatiu.<\/p>\n<p data-start=\"605\" data-end=\"723\">\ud83d\udc9b Gr\u00e0cies per la vostra confian\u00e7a i col\u00b7laboraci\u00f3. Ens espera un curs ple de descobertes, emocions i creixement! \ud83c\udf1f<\/p>\n<p><iframe loading=\"lazy\" title=\"INICI DE CURS_ED.INFANTIL\" width=\"500\" height=\"281\" src=\"https:\/\/www.youtube.com\/embed\/PRov1r0GbKM?feature=oembed\" frameborder=\"0\" allow=\"accelerometer; autoplay; clipboard-write; encrypted-media; gyroscope; picture-in-picture; web-share\" referrerpolicy=\"strict-origin-when-cross-origin\" allowfullscreen><\/iframe><\/p>\n<p>______________________________________________________________________________________________________________________________________________________________________<\/p>\n<p style=\"text-align: center;\"><strong>JUNY \u2013\u00a0 CURS 2024 \u2013 2025<\/strong><\/p>\n<p>\ud83c\udfac Tanquem el curs amb un recull d\u2019instants preciosos!<br \/>\nAquest mes de juny hem viscut moments plens d\u2019emocions:<br \/>\n\ud83d\udc04 Els nens i nenes d\u2019I3 han gaudit de la seva primera excursi\u00f3 al Corral d\u2019en Neri.<br \/>\n\ud83d\udcd6 A I5 hem tancat el projecte dels padrins lectors amb molta estima.<br \/>\n\udb82\udc16 Ens ha visitat la Gu\u00e0rdia Urbana!<br \/>\n\ud83c\udf89 I hem celebrat l\u2019\u00faltim dia d\u2019escola amb tallers, diplomes \ud83c\udf93 i un gelat ben fresquet! \ud83c\udf66<br \/>\n\ud83d\udcda No han faltat les activitats de sempre: m\u00fasica, psico, racons, contes i la sortida d\u2019I4 al<br \/>\nCentre Cultural per escoltar un conte ben bonic.<br \/>\nAmb aquest v\u00eddeo, tanquem un curs on hi hem posat tot el cor \u2764\ufe0f.<br \/>\nGr\u00e0cies, fam\u00edlies, per caminar amb nosaltres cada dia.<br \/>\nEns acomiadem amb molta estima i us desitgem un molt bon estiu! \u2600\ufe0f<br \/>\nAl setembre hi tornarem amb piles carregades, il\u00b7lusi\u00f3, amor i ganes d\u2019aprendre dels<br \/>\nnostres meravellosos infants \ud83d\udcab.<\/p>\n<p><iframe loading=\"lazy\" title=\"GU\u00c0RDIA URBANA_I5\" width=\"500\" height=\"281\" src=\"https:\/\/www.youtube.com\/embed\/rGaW-4RR1n0?feature=oembed\" frameborder=\"0\" allow=\"accelerometer; autoplay; clipboard-write; encrypted-media; gyroscope; picture-in-picture; web-share\" referrerpolicy=\"strict-origin-when-cross-origin\" allowfullscreen><\/iframe><\/p>\n<p>&nbsp;<\/p>\n<p><iframe loading=\"lazy\" title=\"CORRAL D&#039;EN NERI_I3\" width=\"500\" height=\"281\" src=\"https:\/\/www.youtube.com\/embed\/j3mLpAcrZu8?feature=oembed\" frameborder=\"0\" allow=\"accelerometer; autoplay; clipboard-write; encrypted-media; gyroscope; picture-in-picture; web-share\" referrerpolicy=\"strict-origin-when-cross-origin\" allowfullscreen><\/iframe><\/p>\n<p>&nbsp;<\/p>\n<p><a href=\"https:\/\/agora.xtec.cat\/escola-torreforta\/wp-content\/uploads\/usu181\/2025\/06\/cloenda-padrins-lectura-24-25-2-2.jpg\"><img loading=\"lazy\" decoding=\"async\" class=\"alignnone size-large wp-image-3528\" src=\"https:\/\/agora.xtec.cat\/escola-torreforta\/wp-content\/uploads\/usu181\/2025\/06\/cloenda-padrins-lectura-24-25-2-2-642x1024.jpg\" alt=\"\" width=\"642\" height=\"1024\" srcset=\"https:\/\/agora.xtec.cat\/escola-torreforta\/wp-content\/uploads\/usu181\/2025\/06\/cloenda-padrins-lectura-24-25-2-2-642x1024.jpg 642w, https:\/\/agora.xtec.cat\/escola-torreforta\/wp-content\/uploads\/usu181\/2025\/06\/cloenda-padrins-lectura-24-25-2-2-188x300.jpg 188w, https:\/\/agora.xtec.cat\/escola-torreforta\/wp-content\/uploads\/usu181\/2025\/06\/cloenda-padrins-lectura-24-25-2-2-768x1225.jpg 768w, https:\/\/agora.xtec.cat\/escola-torreforta\/wp-content\/uploads\/usu181\/2025\/06\/cloenda-padrins-lectura-24-25-2-2-963x1536.jpg 963w, https:\/\/agora.xtec.cat\/escola-torreforta\/wp-content\/uploads\/usu181\/2025\/06\/cloenda-padrins-lectura-24-25-2-2.jpg 1014w\" sizes=\"auto, (max-width: 642px) 100vw, 642px\" \/><\/a><\/p>\n<p><iframe loading=\"lazy\" title=\"\u00daLTIM DIA_ED.INFANTIL\" width=\"500\" height=\"281\" src=\"https:\/\/www.youtube.com\/embed\/GwoBkEGniR0?feature=oembed\" frameborder=\"0\" allow=\"accelerometer; autoplay; clipboard-write; encrypted-media; gyroscope; picture-in-picture; web-share\" referrerpolicy=\"strict-origin-when-cross-origin\" allowfullscreen><\/iframe><\/p>\n<p>&nbsp;<\/p>\n<p>___________________________________________________________________________________<\/p>\n<p style=\"text-align: center;\"><strong>MAIG \u2013\u00a0 CURS 2024 \u2013 2025<\/strong><\/p>\n<p>\ud83c\udf38 Maig ha estat un mes intens i ple de viv\u00e8ncies!<br \/>\nEls infants de I5 van gaudir d\u2019una jornada esportiva al Club Tennis Tarragona \ud83c\udfbe, els de I4 van descobrir i aprendre a la granja de les 7 Cabretes \ud83d\udc10, i I3 ha fet rob\u00f2tica educativa amb els Bee Bots i Tale Bots gr\u00e0cies a la mentora digital \ud83e\udd16 (gr\u00e0cies pel teu suport!).<br \/>\nAl llarg del mes, hem viscut aprenentatges molt enriquidors: m\u00fasica amb el Tom\u00e0s \ud83c\udfb6, psicomotricitat amb el Manuel, l\u2019Anna i la Vanessa \ud83e\uddd8\u200d\u2642\ufe0f\ud83e\uddd8\u200d\u2640\ufe0f, hort amb l\u2019Anna i la Vanessa \ud83c\udf31, racons, pl\u00e0stica, lectoescriptura i molt m\u00e9s!<br \/>\nA Infantil recollim els fruits \ud83c\udf1f de tot el cam\u00ed fet i volem compartir-ho amb les fam\u00edlies, que sou part essencial.<br \/>\nGr\u00e0cies per ser-hi sempre! \ud83d\udc9b<\/p>\n<p><iframe loading=\"lazy\" title=\"CLUB TENNIS TARRAGONA_I5\" width=\"500\" height=\"281\" src=\"https:\/\/www.youtube.com\/embed\/YgebA4wzYAE?feature=oembed\" frameborder=\"0\" allow=\"accelerometer; autoplay; clipboard-write; encrypted-media; gyroscope; picture-in-picture; web-share\" referrerpolicy=\"strict-origin-when-cross-origin\" allowfullscreen><\/iframe><\/p>\n<p>&nbsp;<\/p>\n<p><iframe loading=\"lazy\" title=\"GRANJA LES 7 CABRETES_I4\" width=\"500\" height=\"281\" src=\"https:\/\/www.youtube.com\/embed\/VBUSBUT5Y4c?feature=oembed\" frameborder=\"0\" allow=\"accelerometer; autoplay; clipboard-write; encrypted-media; gyroscope; picture-in-picture; web-share\" referrerpolicy=\"strict-origin-when-cross-origin\" allowfullscreen><\/iframe><\/p>\n<p>&nbsp;<\/p>\n<p><iframe loading=\"lazy\" title=\"ROB\u00d2TICA AMB BEEBOTS I TALEBOTS_I3\" width=\"500\" height=\"281\" src=\"https:\/\/www.youtube.com\/embed\/VHQKU9RCxw0?feature=oembed\" frameborder=\"0\" allow=\"accelerometer; autoplay; clipboard-write; encrypted-media; gyroscope; picture-in-picture; web-share\" referrerpolicy=\"strict-origin-when-cross-origin\" allowfullscreen><\/iframe><\/p>\n<p>&nbsp;<\/p>\n<p><iframe loading=\"lazy\" title=\"MAIG_ED.INFANTIL\" width=\"500\" height=\"281\" src=\"https:\/\/www.youtube.com\/embed\/fd0t_k2PQ10?feature=oembed\" frameborder=\"0\" allow=\"accelerometer; autoplay; clipboard-write; encrypted-media; gyroscope; picture-in-picture; web-share\" referrerpolicy=\"strict-origin-when-cross-origin\" allowfullscreen><\/iframe><\/p>\n<p>&nbsp;<\/p>\n<p>____________________________________________________________________________________________<\/p>\n<p style=\"text-align: center;\"><strong>ABRIL \u2013\u00a0 CURS 2024 \u2013 2025<\/strong><\/p>\n<p>Abril ha estat un mes molt viu: hem fet sortides, contes, tallers i hem celebrat Sant Jordi amb molta il\u00b7lusi\u00f3. Hem treballat la primavera \ud83c\udf37, hem continuat aprenent amb els racons, psicomotricitat, m\u00fasica, grafisme, matem\u00e0tiques i m\u00e9s!<br \/>\nUna de les activitats m\u00e9s dolces del mes ha estat fer la mona \ud83c\udf6b amb tot el cicle. L\u2019hem viscut com una tradici\u00f3 cultural, gaudint de fer-la i tastar-la plegats. Els infants de I3 han viscut la seva primera sortida! \ud83c\udf92 Han anat a la Casa de la Festa de Tarragona, on han descobert els elements festius de la ciutat. Tamb\u00e9 ens han visitat unes estudiants de TEI les noies del Vidal i Barraquer, que ens han explicat el conte \u201cShh! Tinc un pla\u201d i ens han preparat activitats molt divertides Moltes gr\u00e0cies a totes!<br \/>\nEls nens i nenes de I4 han anat al Centre C\u00edvic a escoltar contes \ud83d\udcda, i han rebut la visita molt especial de la Conxita, antiga mestra de l\u2019escola, que va explicar un conte per Sant Jordi. Els infants de I5 han participat en el taller Gust per la Salut, i tamb\u00e9 han escoltat amb molta atenci\u00f3 el conte de Sant Jordi explicat per la Conxita \ud83d\udc09\ud83d\udcd6.Tots junts vam celebrar<br \/>\nSant Jordi a l\u2019escola amb activitats especials, contes, manualitats i molt d\u2019entusiasme! \ud83d\udc90\ud83d\udcdaHa arribat la primavera, i amb ella, les ganes de seguir aprenent i gaudint! \ud83c\udf3c\ud83c\udf1e<br \/>\nGr\u00e0cies per seguir compartint aquest cam\u00ed amb nosaltres! \ud83d\udc9b<\/p>\n<p><iframe loading=\"lazy\" title=\"ABRIL_ED.INFANTIL\" width=\"500\" height=\"281\" src=\"https:\/\/www.youtube.com\/embed\/XuPM4Hh7jOE?feature=oembed\" frameborder=\"0\" allow=\"accelerometer; autoplay; clipboard-write; encrypted-media; gyroscope; picture-in-picture; web-share\" referrerpolicy=\"strict-origin-when-cross-origin\" allowfullscreen><\/iframe><\/p>\n<p>&nbsp;<\/p>\n<p><iframe loading=\"lazy\" title=\"FEM LA MONA_ED.INFANTIL\" width=\"500\" height=\"281\" src=\"https:\/\/www.youtube.com\/embed\/BpJQ-17mtD8?feature=oembed\" frameborder=\"0\" allow=\"accelerometer; autoplay; clipboard-write; encrypted-media; gyroscope; picture-in-picture; web-share\" referrerpolicy=\"strict-origin-when-cross-origin\" allowfullscreen><\/iframe><\/p>\n<p><iframe loading=\"lazy\" title=\"CASA DE LA FESTA_I3\" width=\"500\" height=\"281\" src=\"https:\/\/www.youtube.com\/embed\/gFszmWGj3zA?feature=oembed\" frameborder=\"0\" allow=\"accelerometer; autoplay; clipboard-write; encrypted-media; gyroscope; picture-in-picture; web-share\" referrerpolicy=\"strict-origin-when-cross-origin\" allowfullscreen><\/iframe><\/p>\n<p><iframe loading=\"lazy\" title=\"TALLER_I3\" width=\"500\" height=\"281\" src=\"https:\/\/www.youtube.com\/embed\/uJJKXTqC5-0?feature=oembed\" frameborder=\"0\" allow=\"accelerometer; autoplay; clipboard-write; encrypted-media; gyroscope; picture-in-picture; web-share\" referrerpolicy=\"strict-origin-when-cross-origin\" allowfullscreen><\/iframe><\/p>\n<p>&nbsp;<\/p>\n<p style=\"text-align: center;\"><strong><a href=\"https:\/\/agora.xtec.cat\/escola-torreforta\/wp-content\/uploads\/usu181\/2025\/05\/gust-per-la-salud-scaled.jpg\"><img loading=\"lazy\" decoding=\"async\" class=\"alignnone size-large wp-image-3485\" src=\"https:\/\/agora.xtec.cat\/escola-torreforta\/wp-content\/uploads\/usu181\/2025\/05\/gust-per-la-salud-410x1024.jpg\" alt=\"\" width=\"410\" height=\"1024\" srcset=\"https:\/\/agora.xtec.cat\/escola-torreforta\/wp-content\/uploads\/usu181\/2025\/05\/gust-per-la-salud-410x1024.jpg 410w, https:\/\/agora.xtec.cat\/escola-torreforta\/wp-content\/uploads\/usu181\/2025\/05\/gust-per-la-salud-120x300.jpg 120w, https:\/\/agora.xtec.cat\/escola-torreforta\/wp-content\/uploads\/usu181\/2025\/05\/gust-per-la-salud-768x1920.jpg 768w, https:\/\/agora.xtec.cat\/escola-torreforta\/wp-content\/uploads\/usu181\/2025\/05\/gust-per-la-salud-819x2048.jpg 819w, https:\/\/agora.xtec.cat\/escola-torreforta\/wp-content\/uploads\/usu181\/2025\/05\/gust-per-la-salud-scaled.jpg 1024w\" sizes=\"auto, (max-width: 410px) 100vw, 410px\" \/><\/a><\/strong><\/p>\n<p>__________________________________________________________________________________________<\/p>\n<p style=\"text-align: center;\"><strong>MAR\u00c7 \u2013\u00a0 CURS 2024 \u2013 2025<\/strong><\/p>\n<p>\ud83c\udf38 Mar\u00e7 a Infantil \ud83c\udf38<br \/>\nAquest mes els infants han apr\u00e8s molt! \ud83e\udde0\u2728 A I3 cada dia s\u00f3n m\u00e9s aut\u00f2noms, i I4 i I5<br \/>\ntamb\u00e9 fan grans aven\u00e7os.<br \/>\n\ud83d\udccc Activitats especials:<br \/>\n\udb82\udd64 Dia de la Dona: hem dibuixat la dona m\u00e9s important per a nosaltres.<br \/>\n\ud83d\udcd6 Dia de la Poesia: hem recitat poemes a Prim\u00e0ria i ells a nosaltres.<br \/>\n\ud83d\udcda Padrins lectors: I5 ha comen\u00e7at a llegir amb els grans.<br \/>\n\ud83c\udfdb Excursi\u00f3: I4 ha anat a la Casa de la Festa i al Centre C\u00edvic.<br \/>\n\ud83e\udd88 Projecte de taurons a I3 i superherois a I4.<br \/>\n\ud83d\udcd5 Punts de llibre: per al Pla d\u2019Entorn, es veuran en una exposici\u00f3.<br \/>\n\ud83c\udfb6 M\u00fasica, psicomotricitat, pl\u00e0stica i racons d\u2019aprenentatge.<br \/>\n\ud83d\udc75 Vella Quaresma: nom\u00e9s li queden 3 cames!<br \/>\nAra que arriba la primavera \ud83c\udf3c continuem aprenent amb molta il\u00b7lusi\u00f3! \ufffd<\/p>\n<p><iframe loading=\"lazy\" title=\"MAR\u00c7_ED.INFANTIL\" width=\"500\" height=\"281\" src=\"https:\/\/www.youtube.com\/embed\/mrsjHYAOidU?feature=oembed\" frameborder=\"0\" allow=\"accelerometer; autoplay; clipboard-write; encrypted-media; gyroscope; picture-in-picture; web-share\" referrerpolicy=\"strict-origin-when-cross-origin\" allowfullscreen><\/iframe><\/p>\n<p><iframe loading=\"lazy\" title=\"CASA DE LA FESTA_ED.INFANTIL\" width=\"500\" height=\"281\" src=\"https:\/\/www.youtube.com\/embed\/_Qms3rVdutQ?feature=oembed\" frameborder=\"0\" allow=\"accelerometer; autoplay; clipboard-write; encrypted-media; gyroscope; picture-in-picture; web-share\" referrerpolicy=\"strict-origin-when-cross-origin\" allowfullscreen><\/iframe><\/p>\n<p><a href=\"https:\/\/agora.xtec.cat\/escola-torreforta\/wp-content\/uploads\/usu181\/2025\/04\/collage-padrins-lectura-25-1.jpg\"><img loading=\"lazy\" decoding=\"async\" class=\"alignnone size-large wp-image-3469\" src=\"https:\/\/agora.xtec.cat\/escola-torreforta\/wp-content\/uploads\/usu181\/2025\/04\/collage-padrins-lectura-25-1-819x1024.jpg\" alt=\"\" width=\"819\" height=\"1024\" srcset=\"https:\/\/agora.xtec.cat\/escola-torreforta\/wp-content\/uploads\/usu181\/2025\/04\/collage-padrins-lectura-25-1-819x1024.jpg 819w, https:\/\/agora.xtec.cat\/escola-torreforta\/wp-content\/uploads\/usu181\/2025\/04\/collage-padrins-lectura-25-1-240x300.jpg 240w, https:\/\/agora.xtec.cat\/escola-torreforta\/wp-content\/uploads\/usu181\/2025\/04\/collage-padrins-lectura-25-1-768x960.jpg 768w, https:\/\/agora.xtec.cat\/escola-torreforta\/wp-content\/uploads\/usu181\/2025\/04\/collage-padrins-lectura-25-1-1229x1536.jpg 1229w, https:\/\/agora.xtec.cat\/escola-torreforta\/wp-content\/uploads\/usu181\/2025\/04\/collage-padrins-lectura-25-1.jpg 1418w\" sizes=\"auto, (max-width: 819px) 100vw, 819px\" \/><\/a><\/p>\n<p>_________________________________________________________________________________<\/p>\n<p style=\"text-align: center;\"><strong>FEBRER \u2013\u00a0 CURS 2024 \u2013 2025<\/strong><\/p>\n<p>\ud83d\udcfd Febrer a Infantil: Un mes ple d&#8217;activitats!<br \/>\nAquest mes hem viscut moments molt especials! Hem celebrat el Dia de la No-Viol\u00e8ncia i la Pau, realitzant activitats de pl\u00e0stica, lectoescriptura, jocs matem\u00e0tics, m\u00fasica, psicomotricitat i molt m\u00e9s.<br \/>\nTamb\u00e9 hem gaudit del Carnestoltes, seguint les consignes del Rei Carnestoltes, veient el ball de cicle superior, rebent la visita de la concubina i la comparsa, i fent moltes activitats relacionades amb aquesta festa. Dijous Gras vam compartir un esmorzar de pa amb<br \/>\ntom\u00e0quet i truita amb tota l\u2019escola.<br \/>\nNo us perdeu els v\u00eddeos per veure tot el que hem fet! \ud83c\udfad\ud83c\udfa8\ud83c\udfb6<\/p>\n<p><iframe loading=\"lazy\" title=\"FEBRER_ED.INFANTIL\" width=\"500\" height=\"281\" src=\"https:\/\/www.youtube.com\/embed\/g_cZIVTYv78?feature=oembed\" frameborder=\"0\" allow=\"accelerometer; autoplay; clipboard-write; encrypted-media; gyroscope; picture-in-picture; web-share\" referrerpolicy=\"strict-origin-when-cross-origin\" allowfullscreen><\/iframe><\/p>\n<p>&nbsp;<\/p>\n<p><iframe loading=\"lazy\" title=\"CARNESTOLTES_ED.INFANTIL\" width=\"500\" height=\"281\" src=\"https:\/\/www.youtube.com\/embed\/Ef3kFraauzQ?feature=oembed\" frameborder=\"0\" allow=\"accelerometer; autoplay; clipboard-write; encrypted-media; gyroscope; picture-in-picture; web-share\" referrerpolicy=\"strict-origin-when-cross-origin\" allowfullscreen><\/iframe><\/p>\n<p>&nbsp;<\/p>\n<p>_______________________________________________________________________________________________________________<\/p>\n<p style=\"text-align: center;\"><strong>GENER \u2013\u00a0 CURS 2024 \u2013 2025<\/strong><\/p>\n<p>\ud83c\udf89 Benvinguts al 2025 a l\u2019Escola Torreforta!<br \/>\nDespr\u00e9s de les vacances, hem tornat amb moltes ganes i amb algunes sorpreses! \ud83e\uddf8\u2728 A les aules hem trobat noves joguines i materials manipulatius que fan que aprendre sigui encara m\u00e9s divertit.<br \/>\nAquest gener, hem fet un munt d\u2019activitats: mates manipulatives \u2795, psicomotricitat \ud83e\udd38, pl\u00e0stica \ud83c\udfa8, lectoescriptura \ud83d\udcda i fins i tot rob\u00f2tica \ud83e\udd16! Els m\u00e9s petits de I3 estan molt contents perqu\u00e8 ja poden pujar al tobogan del pati! \ud83c\udfa0<br \/>\nComencem l\u2019any i el segon trimestre amb il\u00b7lusi\u00f3 i moltes ganes de seguir aprenent i jugant. Gr\u00e0cies per ser al nostre costat, fam\u00edlies! <span style=\"font-weight: 400;\">\u2764\ufe0f<\/span><\/p>\n<p><iframe loading=\"lazy\" title=\"GENER_ED.INFANTIL\" width=\"500\" height=\"281\" src=\"https:\/\/www.youtube.com\/embed\/BwR0NWXnZgU?feature=oembed\" frameborder=\"0\" allow=\"accelerometer; autoplay; clipboard-write; encrypted-media; gyroscope; picture-in-picture; web-share\" referrerpolicy=\"strict-origin-when-cross-origin\" allowfullscreen><\/iframe><\/p>\n<p>&nbsp;<\/p>\n<p>__________________________________________________________________________________<\/p>\n<p style=\"text-align: center;\"><strong>DESEMBRE \u2013\u00a0 CURS 2024 \u2013 2025<\/strong><\/p>\n<p><iframe loading=\"lazy\" title=\"FELICITACI\u00d3 NADAL &#039;24_I3\" width=\"500\" height=\"281\" src=\"https:\/\/www.youtube.com\/embed\/H2PaGHT2DxI?feature=oembed\" frameborder=\"0\" allow=\"accelerometer; autoplay; clipboard-write; encrypted-media; gyroscope; picture-in-picture; web-share\" referrerpolicy=\"strict-origin-when-cross-origin\" allowfullscreen><\/iframe><\/p>\n<p>&nbsp;<\/p>\n<p><iframe loading=\"lazy\" title=\"FELICITACI\u00d3 NADAL &#039;24_I4\" width=\"500\" height=\"281\" src=\"https:\/\/www.youtube.com\/embed\/Y4LgBLWWFgg?feature=oembed\" frameborder=\"0\" allow=\"accelerometer; autoplay; clipboard-write; encrypted-media; gyroscope; picture-in-picture; web-share\" referrerpolicy=\"strict-origin-when-cross-origin\" allowfullscreen><\/iframe><\/p>\n<p>&nbsp;<\/p>\n<p><iframe loading=\"lazy\" title=\"FELICITACI\u00d3 NADAL &#039;24_I5\" width=\"500\" height=\"281\" src=\"https:\/\/www.youtube.com\/embed\/sbvfpzRh4xQ?feature=oembed\" frameborder=\"0\" allow=\"accelerometer; autoplay; clipboard-write; encrypted-media; gyroscope; picture-in-picture; web-share\" referrerpolicy=\"strict-origin-when-cross-origin\" allowfullscreen><\/iframe><\/p>\n<p>&nbsp;<\/p>\n<p>____________________________________________________________________________________________<\/p>\n<p style=\"text-align: center;\"><strong>NOVEMBRE \u2013\u00a0 CURS 2024 \u2013 2025<\/strong><\/p>\n<p><span style=\"font-weight: 400;\">\ud83c\udf30 <\/span><b>Novembre: aprenem, juguem i celebrem la Castanyada!<\/b><\/p>\n<p><span style=\"font-weight: 400;\">Hem comen\u00e7at el mes amb el regust dol\u00e7 de la <\/span><b>Castanyada<\/b><span style=\"font-weight: 400;\"> \ud83c\udf41, celebrant tradicions amb activitats ben especials. Moltes gr\u00e0cies a l\u2019<\/span><b>AFA<\/b><span style=\"font-weight: 400;\"> \ud83e\udef6 per ajudar-nos a fer-ho possible!<\/span><\/p>\n<p><span style=\"font-weight: 400;\">Aquest novembre, hem continuat creixent:<\/span><span style=\"font-weight: 400;\"><br \/>\n<\/span><span style=\"font-weight: 400;\">\ud83d\udcda Avancem en <\/span><b>lectoescriptura<\/b><span style=\"font-weight: 400;\"> i aprenem amb <\/span><b>desdoblaments de grups<\/b><span style=\"font-weight: 400;\">.<\/span><span style=\"font-weight: 400;\"><br \/>\n<\/span><span style=\"font-weight: 400;\">\ud83e\udd16 Descobrim la rob\u00f2tica amb els <\/span><b>Bee-bot<\/b><span style=\"font-weight: 400;\"> i el <\/span><b>Tale-bot<\/b><span style=\"font-weight: 400;\">.<\/span><span style=\"font-weight: 400;\"><br \/>\n<\/span><span style=\"font-weight: 400;\">\ud83c\udfb6 Ens encanta l\u2019hora de <\/span><b>m\u00fasica<\/b><span style=\"font-weight: 400;\"> amb el mestre Tom\u00e1s, plena de ritme i can\u00e7ons.<\/span><span style=\"font-weight: 400;\"><br \/>\n<\/span><span style=\"font-weight: 400;\">\ud83e\udd38\u200d\u2640\ufe0f A <\/span><b>psicomotricitat<\/b><span style=\"font-weight: 400;\">, no parem de moure\u2019ns i divertir-nos!<\/span><\/p>\n<p><span style=\"font-weight: 400;\">Un mes ple d\u2019activitats que ens fan aprendre i gaudir alhora! Gr\u00e0cies, fam\u00edlies, per ser-hi sempre! \ud83c\udf1f<\/span><\/p>\n<p><iframe loading=\"lazy\" title=\"NOVEMBRE_ED.INFANTIL\" width=\"500\" height=\"281\" src=\"https:\/\/www.youtube.com\/embed\/qhlBGnXBfNA?feature=oembed\" frameborder=\"0\" allow=\"accelerometer; autoplay; clipboard-write; encrypted-media; gyroscope; picture-in-picture; web-share\" referrerpolicy=\"strict-origin-when-cross-origin\" allowfullscreen><\/iframe><\/p>\n<p>___________________________________________________________________________________<\/p>\n<p style=\"text-align: center;\"><strong>OCTUBRE \u2013\u00a0 CURS 2024 \u2013 2025<\/strong><\/p>\n<p><span style=\"font-weight: 400;\">\ud83c\udf41 <\/span><b>Octubre a l\u2019Escola Torreforta: aprenent, jugant i compartint!<\/b><\/p>\n<p><span style=\"font-weight: 400;\">Benvingudes, fam\u00edlies! Aquest mes d\u2019octubre ha estat ple de moments especials, aprenentatges i molta il\u00b7lusi\u00f3 a les aules i al pati! Hem seguit avan\u00e7ant en <\/span><b>lectoescriptura<\/b><span style=\"font-weight: 400;\"> \u270f\ufe0f i <\/span><b>matem\u00e0tiques<\/b><span style=\"font-weight: 400;\"> \u2795, i cada dia gaudim amb activitats com l&#8217;<\/span><b>hort<\/b><span style=\"font-weight: 400;\">, <\/span><b>psicomotricitat<\/b><span style=\"font-weight: 400;\">, <\/span><b>m\u00fasica<\/b><span style=\"font-weight: 400;\"> i <\/span><b>pl\u00e0stica<\/b><span style=\"font-weight: 400;\">. \ud83c\udfa8\ud83c\udfb6<\/span><\/p>\n<p><span style=\"font-weight: 400;\">A m\u00e9s, vam tenir una visita molt especial: les <\/span><b>Mestres \u00c0vies Recuperadores de Contes (MARC)<\/b><span style=\"font-weight: 400;\">. \ud83d\ude4c Gr\u00e0cies, \u00e0vies, per la m\u00e0gia dels <\/span><b>jocs de falda<\/b><span style=\"font-weight: 400;\"> i els contes que ens vau explicar! Els infants van quedar encantats, i aquests moments de transmissi\u00f3 oral i amor ens han fet sentir part d\u2019una gran fam\u00edlia. \u2764\ufe0f<\/span><\/p>\n<p><span style=\"font-weight: 400;\">Els dies potser es fan m\u00e9s curts, per\u00f2 la nostra energia creix cada dia! Gr\u00e0cies, fam\u00edlies, per estar al nostre costat en aquest curs tan especial! \ud83c\udf08<\/span><\/p>\n<p><iframe loading=\"lazy\" title=\"OCTUBRE_ED.INFANTIL\" width=\"500\" height=\"281\" src=\"https:\/\/www.youtube.com\/embed\/xW0Yy7Cnd3Y?feature=oembed\" frameborder=\"0\" allow=\"accelerometer; autoplay; clipboard-write; encrypted-media; gyroscope; picture-in-picture; web-share\" referrerpolicy=\"strict-origin-when-cross-origin\" allowfullscreen><\/iframe><\/p>\n<p>&nbsp;<\/p>\n<p>_____________________________________________________________________________<\/p>\n<p style=\"text-align: center;\"><strong>SETEMBRE \u2013\u00a0 CURS 2024 \u2013 2025<\/strong><\/p>\n<p>\ud83c\udf89 Iniciem el nou curs a l\u2019Escola Torreforta!<br \/>\nBenvinguts, fam\u00edlies! Hem donat la benvinguda als infants de I3, que ja comencen a gaudir i<br \/>\naprendre al col\u00b7le. \ud83c\udfeb<br \/>\nAquest mes ens ha visitat la Cucafera \ud83d\udc09, i els nens han viscut moments m\u00e0gics amb les<br \/>\nseves hist\u00f2ries!<br \/>\nTamb\u00e9 estem treballant lectoescriptura \u270f\ufe0f i mates \u2795 amb jocs que ens fan aprendre<br \/>\njugant i divertint-nos. \ud83c\udfb2<br \/>\nGr\u00e0cies per la vostra confian\u00e7a en aquest emocionant inici de curs! \ud83d\udcab<\/p>\n<p><iframe loading=\"lazy\" title=\"SETEMBRE_ED.INFANTIL\" width=\"500\" height=\"281\" src=\"https:\/\/www.youtube.com\/embed\/VSjHNfCVg94?feature=oembed\" frameborder=\"0\" allow=\"accelerometer; autoplay; clipboard-write; encrypted-media; gyroscope; picture-in-picture; web-share\" referrerpolicy=\"strict-origin-when-cross-origin\" allowfullscreen><\/iframe><\/p>\n<p>&nbsp;<\/p>\n<p style=\"text-align: center;\"><strong>JUNY \u2013\u00a0 \u00a0CURS 2023 \u2013 2024<\/strong><\/p>\n<p><span style=\"font-weight: 400;\">\ud83c\udf1e Benvingudes fam\u00edlies de l&#8217;Escola Torreforta!<\/span><\/p>\n<p><span style=\"font-weight: 400;\">El mes de juny ha estat ple d&#8217;activitats emocionants i moments inoblidables per als nostres petits. Us presentem un resum dels v\u00eddeos que hem preparat:<\/span><\/p>\n<p><span style=\"font-weight: 400;\">\ud83d\udc10 <\/span><b>Sortida al Corral d&#8217;en Neri (I3):<\/b><span style=\"font-weight: 400;\"> Els nostres alumnes han gaudit d&#8217;un dia fant\u00e0stic al corral, descobrint la natura i els animals de granja. Ha estat una experi\u00e8ncia educativa i molt divertida!<\/span><\/p>\n<p><span style=\"font-weight: 400;\">\ud83c\udf89 <\/span><b>Jocs de l&#8217;\u00faltim dia de curs:<\/b><span style=\"font-weight: 400;\"> Per celebrar el final del curs, hem organitzat una jornada plena de jocs i activitats l\u00fadiques. Els nens han gaudit al m\u00e0xim, acomiadant-se del curs amb somriures i moltes ganes de seguir aprenent.<\/span><\/p>\n<p><span style=\"font-weight: 400;\">\ud83d\udcc5 <\/span><b>V\u00eddeo resum del mes de juny:<\/b><span style=\"font-weight: 400;\"> A m\u00e9s, hem preparat un v\u00eddeo que mostra el dia a dia dels nostres alumnes durant aquest mes. Una finestra oberta per compartir amb les fam\u00edlies.<\/span><\/p>\n<p><span style=\"font-weight: 400;\">Gr\u00e0cies per acompanyar-nos en aquest viatge d&#8217;aprenentatge i creixement. Ens acomiadem del curs amb gratitud i il\u00b7lusi\u00f3 pel que vindr\u00e0.<\/span><\/p>\n<p><span style=\"font-weight: 400;\">Bon Estiu!!<\/span><\/p>\n<p><span style=\"font-weight: 400;\">\u00a0L&#8217;equip educatiu d&#8217;infantil de l&#8217;Escola Torreforta \ud83c\udf08<\/span><\/p>\n<p><iframe loading=\"lazy\" title=\"CORRAL D&#039;EN NERI_I3\" width=\"500\" height=\"281\" src=\"https:\/\/www.youtube.com\/embed\/sBP0WiiQ4n4?feature=oembed\" frameborder=\"0\" allow=\"accelerometer; autoplay; clipboard-write; encrypted-media; gyroscope; picture-in-picture; web-share\" referrerpolicy=\"strict-origin-when-cross-origin\" allowfullscreen><\/iframe><\/p>\n<p>&nbsp;<\/p>\n<p><iframe loading=\"lazy\" title=\"\u00daLTIM DIA_ED.INFANTIL\" width=\"500\" height=\"281\" src=\"https:\/\/www.youtube.com\/embed\/WfYRb8I-EQE?feature=oembed\" frameborder=\"0\" allow=\"accelerometer; autoplay; clipboard-write; encrypted-media; gyroscope; picture-in-picture; web-share\" referrerpolicy=\"strict-origin-when-cross-origin\" allowfullscreen><\/iframe><\/p>\n<p>&nbsp;<\/p>\n<p><iframe loading=\"lazy\" title=\"JUNY_ED.INFANTIL\" width=\"500\" height=\"281\" src=\"https:\/\/www.youtube.com\/embed\/vaBFf5LBQoo?feature=oembed\" frameborder=\"0\" allow=\"accelerometer; autoplay; clipboard-write; encrypted-media; gyroscope; picture-in-picture; web-share\" referrerpolicy=\"strict-origin-when-cross-origin\" allowfullscreen><\/iframe><\/p>\n<p>&nbsp;<\/p>\n<p>&nbsp;<\/p>\n<p>______________________________________________________________________________________________________________<\/p>\n<p>&nbsp;<\/p>\n<p style=\"text-align: center;\"><strong>MAIG \u2013\u00a0 \u00a0CURS 2023 \u2013 2024<\/strong><\/p>\n<p><span style=\"font-weight: 400;\">\ud83c\udf1f Benvingudes fam\u00edlies de l&#8217;Escola Torreforta!<\/span><\/p>\n<p><span style=\"font-weight: 400;\">El mes de maig ha estat igual d&#8217;intens i ple d&#8217;activitats divertides i educatives per als nostres infants. Us presentem un resum dels moments m\u00e9s especials:<\/span><\/p>\n<p><span style=\"font-weight: 400;\">\ud83d\udc10 Sortida al refugi d&#8217;animals de les 7 Cabretes (I4): Els nens han gaudit de la natura i han conegut animals rescatats de granja. Ha estat una experi\u00e8ncia molt enriquidora!<\/span><\/p>\n<p><span style=\"font-weight: 400;\">\ud83c\udfbe Jornades esportives al Tennis Tarragona (I5): Els nostres petits atletes han participat en activitats esportives divertides i saludables, fomentant l&#8217;exercici i el joc en equip.<\/span><\/p>\n<p><span style=\"font-weight: 400;\">\ud83d\udcda Els Invisibles (I3): Amb l&#8217;ajuda dels estudiants del Vidal i Barraquer, hem explorat el conte &#8220;Els Invisibles&#8221; a trav\u00e9s de jocs i activitats que han estat molt educatives i emocionants.<\/span><\/p>\n<p><span style=\"font-weight: 400;\">\ud83d\udc6bPadrins lectors (I5): Els alumnes m\u00e9s grans han vingut a llegir als nostres petits, ajudant-los a aprendre i gaudir de la lectura en una activitat internivell molt l\u00fadica i productiva.<\/span><\/p>\n<p><span style=\"font-weight: 400;\">\ud83d\udcc5 Maig al cicle d&#8217;infantil: El nostre v\u00eddeo del mes de maig mostra les activitats di\u00e0ries dels alumnes, incloent projectes de dinosaures, avions, granges, tallers internivells, m\u00fasica i psicomotricitat.\u00a0<\/span><\/p>\n<p><span style=\"font-weight: 400;\">Acomiadem\u00a0 aquest mes de Maig ple d&#8217;experi\u00e8ncies inoblidables i aprenentatges que acompanyaran els nostres infants al llarg de la seva vida. Moltes gr\u00e0cies a les fam\u00edlies per tot el vostre suport!<\/span><\/p>\n<p><span style=\"font-weight: 400;\">L&#8217;equip educatiu d&#8217;infantil de l&#8217;Escola Torreforta \ud83c\udf08<\/span><\/p>\n<p><iframe loading=\"lazy\" title=\"7 cabretes_I4\" width=\"500\" height=\"281\" src=\"https:\/\/www.youtube.com\/embed\/_FkUbipzbXo?feature=oembed\" frameborder=\"0\" allow=\"accelerometer; autoplay; clipboard-write; encrypted-media; gyroscope; picture-in-picture; web-share\" referrerpolicy=\"strict-origin-when-cross-origin\" allowfullscreen><\/iframe><\/p>\n<p>&nbsp;<\/p>\n<p><iframe loading=\"lazy\" title=\"SORTIDA TENNIS_I5\" width=\"500\" height=\"281\" src=\"https:\/\/www.youtube.com\/embed\/douK1vSkZOc?feature=oembed\" frameborder=\"0\" allow=\"accelerometer; autoplay; clipboard-write; encrypted-media; gyroscope; picture-in-picture; web-share\" referrerpolicy=\"strict-origin-when-cross-origin\" allowfullscreen><\/iframe><\/p>\n<p><a href=\"https:\/\/agora.xtec.cat\/escola-torreforta\/wp-content\/uploads\/usu181\/2024\/05\/els-invisibles-i3-2.jpg\"><img loading=\"lazy\" decoding=\"async\" class=\"alignnone size-full wp-image-3170\" src=\"https:\/\/agora.xtec.cat\/escola-torreforta\/wp-content\/uploads\/usu181\/2024\/05\/els-invisibles-i3-2.jpg\" alt=\"\" width=\"844\" height=\"844\" srcset=\"https:\/\/agora.xtec.cat\/escola-torreforta\/wp-content\/uploads\/usu181\/2024\/05\/els-invisibles-i3-2.jpg 844w, https:\/\/agora.xtec.cat\/escola-torreforta\/wp-content\/uploads\/usu181\/2024\/05\/els-invisibles-i3-2-300x300.jpg 300w, https:\/\/agora.xtec.cat\/escola-torreforta\/wp-content\/uploads\/usu181\/2024\/05\/els-invisibles-i3-2-150x150.jpg 150w, https:\/\/agora.xtec.cat\/escola-torreforta\/wp-content\/uploads\/usu181\/2024\/05\/els-invisibles-i3-2-768x768.jpg 768w\" sizes=\"auto, (max-width: 844px) 100vw, 844px\" \/><\/a><\/p>\n<p><a href=\"https:\/\/agora.xtec.cat\/escola-torreforta\/wp-content\/uploads\/usu181\/2024\/05\/padrins-lectors-i5A-1.jpg\"><img loading=\"lazy\" decoding=\"async\" class=\"alignnone size-large wp-image-3171\" src=\"https:\/\/agora.xtec.cat\/escola-torreforta\/wp-content\/uploads\/usu181\/2024\/05\/padrins-lectors-i5A-1-683x1024.jpg\" alt=\"\" width=\"683\" height=\"1024\" srcset=\"https:\/\/agora.xtec.cat\/escola-torreforta\/wp-content\/uploads\/usu181\/2024\/05\/padrins-lectors-i5A-1-683x1024.jpg 683w, https:\/\/agora.xtec.cat\/escola-torreforta\/wp-content\/uploads\/usu181\/2024\/05\/padrins-lectors-i5A-1-200x300.jpg 200w, https:\/\/agora.xtec.cat\/escola-torreforta\/wp-content\/uploads\/usu181\/2024\/05\/padrins-lectors-i5A-1-768x1152.jpg 768w, https:\/\/agora.xtec.cat\/escola-torreforta\/wp-content\/uploads\/usu181\/2024\/05\/padrins-lectors-i5A-1.jpg 1000w\" sizes=\"auto, (max-width: 683px) 100vw, 683px\" \/><\/a><\/p>\n<p><a href=\"https:\/\/agora.xtec.cat\/escola-torreforta\/wp-content\/uploads\/usu181\/2024\/05\/padrins-lectors-i5-1.jpg\"><img loading=\"lazy\" decoding=\"async\" class=\"alignnone size-full wp-image-3172\" src=\"https:\/\/agora.xtec.cat\/escola-torreforta\/wp-content\/uploads\/usu181\/2024\/05\/padrins-lectors-i5-1.jpg\" alt=\"\" width=\"844\" height=\"844\" srcset=\"https:\/\/agora.xtec.cat\/escola-torreforta\/wp-content\/uploads\/usu181\/2024\/05\/padrins-lectors-i5-1.jpg 844w, https:\/\/agora.xtec.cat\/escola-torreforta\/wp-content\/uploads\/usu181\/2024\/05\/padrins-lectors-i5-1-300x300.jpg 300w, https:\/\/agora.xtec.cat\/escola-torreforta\/wp-content\/uploads\/usu181\/2024\/05\/padrins-lectors-i5-1-150x150.jpg 150w, https:\/\/agora.xtec.cat\/escola-torreforta\/wp-content\/uploads\/usu181\/2024\/05\/padrins-lectors-i5-1-768x768.jpg 768w\" sizes=\"auto, (max-width: 844px) 100vw, 844px\" \/><\/a><\/p>\n<p><iframe loading=\"lazy\" title=\"MAIG_ED.INFANTIL\" width=\"500\" height=\"281\" src=\"https:\/\/www.youtube.com\/embed\/cDPl_p_WM-k?feature=oembed\" frameborder=\"0\" allow=\"accelerometer; autoplay; clipboard-write; encrypted-media; gyroscope; picture-in-picture; web-share\" referrerpolicy=\"strict-origin-when-cross-origin\" allowfullscreen><\/iframe><\/p>\n<p>&nbsp;<\/p>\n<p>______________________________________________________________________________________________________________<\/p>\n<p style=\"text-align: center;\"><strong>ABRIL \u2013\u00a0 \u00a0CURS 2023 \u2013 2024<\/strong><\/p>\n<p><span style=\"font-weight: 400;\">\ud83c\udf3c Benvolgudes fam\u00edlies de l&#8217;Escola Torreforta!<\/span><\/p>\n<p><span style=\"font-weight: 400;\">Aquest Abril ha estat ple d&#8217;emocionants experi\u00e8ncies per als nostres petits exploradors.Hem capturat moments inoblidables en quatre v\u00eddeos.<\/span><\/p>\n<p><span style=\"font-weight: 400;\">\ud83c\udfa8 Els nostres alumnes van participar en tallers creatius i van aprendre sobre art i cultura al Museu d&#8217;Art Modern de Tarragona.<\/span><\/p>\n<p><span style=\"font-weight: 400;\">\ud83d\udc20 Vam gaudir d&#8217;una representaci\u00f3 del conte &#8220;El Peix Irisat&#8221;, i els alumnes de I3 van convidar a les fam\u00edlies a unir-se a ells.<\/span><\/p>\n<p><span style=\"font-weight: 400;\">\ud83c\udf39 Vam celebrar la Festa de Sant Jordi , representant la llegenda i creant manualitats per a les fam\u00edlies.<\/span><\/p>\n<p><span style=\"font-weight: 400;\">\ud83c\udf31 A m\u00e9s, els nostres petits han continuat el seu aprenentatge i diversi\u00f3. Hem estrenat una pissarra i unes motos al pati!<\/span><\/p>\n<p><span style=\"font-weight: 400;\">Gr\u00e0cies per formar part d&#8217;aquest emocionant mes d&#8217;Abril a l&#8217;Escola Torreforta! \ud83c\udf08<\/span><\/p>\n<p>&nbsp;<\/p>\n<p><iframe loading=\"lazy\" title=\"MUSER ART MODERN TGN_I3_I5\" width=\"500\" height=\"281\" src=\"https:\/\/www.youtube.com\/embed\/iTuyHBNvVhk?feature=oembed\" frameborder=\"0\" allow=\"accelerometer; autoplay; clipboard-write; encrypted-media; gyroscope; picture-in-picture; web-share\" referrerpolicy=\"strict-origin-when-cross-origin\" allowfullscreen><\/iframe><\/p>\n<p>&nbsp;<\/p>\n<p><iframe loading=\"lazy\" title=\"EL PEIX IRISAT_I3\" width=\"500\" height=\"281\" src=\"https:\/\/www.youtube.com\/embed\/1bFHY3YwbBs?feature=oembed\" frameborder=\"0\" allow=\"accelerometer; autoplay; clipboard-write; encrypted-media; gyroscope; picture-in-picture; web-share\" referrerpolicy=\"strict-origin-when-cross-origin\" allowfullscreen><\/iframe><\/p>\n<p>&nbsp;<\/p>\n<p><iframe loading=\"lazy\" title=\"SANT JORDI_ED.INFANTIL\" width=\"500\" height=\"281\" src=\"https:\/\/www.youtube.com\/embed\/m_klMAYRpIA?feature=oembed\" frameborder=\"0\" allow=\"accelerometer; autoplay; clipboard-write; encrypted-media; gyroscope; picture-in-picture; web-share\" referrerpolicy=\"strict-origin-when-cross-origin\" allowfullscreen><\/iframe><\/p>\n<p>&nbsp;<\/p>\n<p><iframe loading=\"lazy\" title=\"ABRIL_ED.INFANTIL\" width=\"500\" height=\"281\" src=\"https:\/\/www.youtube.com\/embed\/RB2bMhnrrNY?feature=oembed\" frameborder=\"0\" allow=\"accelerometer; autoplay; clipboard-write; encrypted-media; gyroscope; picture-in-picture; web-share\" referrerpolicy=\"strict-origin-when-cross-origin\" allowfullscreen><\/iframe><\/p>\n<p>&nbsp;<\/p>\n<p>&nbsp;<\/p>\n<p>______________________________________________________________________________________________________________<\/p>\n<p style=\"text-align: center;\"><strong>MAR\u00c7 \u2013\u00a0 \u00a0CURS 2023 \u2013 2024<\/strong><\/p>\n<p><span style=\"font-weight: 400;\">\ud83c\udf38 Benvingudes fam\u00edlies de l&#8217;Escola Torreforta!<\/span><\/p>\n<p><span style=\"font-weight: 400;\">Aquest mes de Mar\u00e7 ha estat molt intens, hem apr\u00e8s moltes coses emocionants! Hem celebrat el Dia de la Dona, cuinat la mona, explorat la natura i donat la benvinguda a la primavera.<\/span><\/p>\n<p><span style=\"font-weight: 400;\">\ud83d\udcaa\ud83c\udffc Hem destacat la igualtat de g\u00e8nere i celebrat la diversitat.<\/span><\/p>\n<p><span style=\"font-weight: 400;\">\ud83c\udf7d\ufe0f Els nens han preparat amb entusiasme les seves mones de Pasqua.<\/span><\/p>\n<p><span style=\"font-weight: 400;\">\ud83c\udf33 Hem gaudit d&#8217;excursions per descobrir la natura florint i fins i tot hem fet una sortida al mercat local per aprendre sobre els aliments i la sostenibilitat.<\/span><\/p>\n<p><span style=\"font-weight: 400;\">\ud83c\udf31 Agra\u00efm ser part del creixement dels vostres fills!<\/span><\/p>\n<p><iframe loading=\"lazy\" title=\"MAR\u00c7_ED.INFANTIL\" width=\"500\" height=\"281\" src=\"https:\/\/www.youtube.com\/embed\/oER-8tfcFQs?feature=oembed\" frameborder=\"0\" allow=\"accelerometer; autoplay; clipboard-write; encrypted-media; gyroscope; picture-in-picture; web-share\" referrerpolicy=\"strict-origin-when-cross-origin\" allowfullscreen><\/iframe><\/p>\n<p>&nbsp;<\/p>\n<p>___________________________________________________________________________________<\/p>\n<p style=\"text-align: center;\"><strong>FEBRER \u2013\u00a0 \u00a0CURS 2023 \u2013 2024<\/strong><\/p>\n<p><span style=\"font-weight: 400;\">\ud83c\udf89 Benvinguts al blog del Cicle d&#8217;Educaci\u00f3 Infantil de l&#8217;Escola Torreforta! \ud83c\udfad Aquest mes celebrem el Carnaval i compartim les nostres activitats educatives. No us perdeu els nostres v\u00eddeos! \ud83d\udcf9<\/span><\/p>\n<p><iframe loading=\"lazy\" title=\"FEBRER_ED.INFANTIL\" width=\"500\" height=\"281\" src=\"https:\/\/www.youtube.com\/embed\/RAh4u1leOq0?feature=oembed\" frameborder=\"0\" allow=\"accelerometer; autoplay; clipboard-write; encrypted-media; gyroscope; picture-in-picture; web-share\" referrerpolicy=\"strict-origin-when-cross-origin\" allowfullscreen><\/iframe><\/p>\n<p><iframe loading=\"lazy\" title=\"CARNAVAL_ED.INFANTIL\" width=\"500\" height=\"281\" src=\"https:\/\/www.youtube.com\/embed\/GUbVE1aiaow?feature=oembed\" frameborder=\"0\" allow=\"accelerometer; autoplay; clipboard-write; encrypted-media; gyroscope; picture-in-picture; web-share\" referrerpolicy=\"strict-origin-when-cross-origin\" allowfullscreen><\/iframe><\/p>\n<p>___________________________________________________________________________________<\/p>\n<p style=\"text-align: center;\"><strong>GENER \u2013\u00a0 \u00a0CURS 2023 \u2013 2024<\/strong><\/p>\n<p><span style=\"font-weight: 400;\">\ud83c\udf28\ufe0f **\ud83d\udca1 Descobrim Gener\u00a0 a l&#8217;Escola Torreforta! \ud83c\udf08\u2744\ufe0f**<\/span><\/p>\n<p><span style=\"font-weight: 400;\">Acomiadem Gener, dos v\u00eddeos carregats d&#8217;emoci\u00f3! \ud83d\udc9a Amb un taller de reciclatge divertit, aprenem com ser uns s\u00faper reciclaires \ud83c\udf0d\ud83c\udf1f. I en el nostre dia a dia, tobogans conquerits, colors de l&#8217;hivern i molta diversi\u00f3! \ud83c\udf89 No us perdeu la m\u00e0gia de l&#8217;aprenentatge a l&#8217;Escola Torreforta. \ud83c\udfeb\u2728<\/span><\/p>\n<p><iframe loading=\"lazy\" title=\"GENER_ED.INFANTIL\" width=\"500\" height=\"281\" src=\"https:\/\/www.youtube.com\/embed\/14ECAXtOc8w?feature=oembed\" frameborder=\"0\" allow=\"accelerometer; autoplay; clipboard-write; encrypted-media; gyroscope; picture-in-picture; web-share\" referrerpolicy=\"strict-origin-when-cross-origin\" allowfullscreen><\/iframe><\/p>\n<p><iframe loading=\"lazy\" title=\"GENER_RECICLATGE\" width=\"500\" height=\"281\" src=\"https:\/\/www.youtube.com\/embed\/C9e1Vi4v8W4?feature=oembed\" frameborder=\"0\" allow=\"accelerometer; autoplay; clipboard-write; encrypted-media; gyroscope; picture-in-picture; web-share\" referrerpolicy=\"strict-origin-when-cross-origin\" allowfullscreen><\/iframe><\/p>\n<p>&nbsp;<\/p>\n<p>_____________________________________________________________________<\/p>\n<p>&nbsp;<\/p>\n<p style=\"text-align: center;\"><strong>DESEMBRE \u2013\u00a0 \u00a0CURS 2023 \u2013 2024<\/strong><\/p>\n<p><span style=\"font-weight: 400;\">\ud83c\udf1f Desembre M\u00e0gic a l&#8217;Escola Torreforta! \ud83c\udf84\u2728<\/span><\/p>\n<p><span style=\"font-weight: 400;\">Dues mirades \u00faniques a desembre: cercant el Ti\u00f3, la visita dels patges reials \ud83d\udc51\ud83c\udf32 i les nostres emocionants activitats di\u00e0ries. Moments plens de somriures \ud83d\ude0a, creativitat \ud83c\udfa8 i tradicions compartides. Uneix-te a nosaltres en aquesta festa plena de color i alegria! \ud83c\udf08\ud83d\udc51\ud83c\udf89<\/span><\/p>\n<p><span style=\"font-weight: 400;\">Amb afecte, l&#8217;equip d&#8217;infantil de l&#8217;escola Torreforta.<\/span><\/p>\n<p><iframe loading=\"lazy\" title=\"DESEMBRE_ED.INFANTIL\" width=\"500\" height=\"281\" src=\"https:\/\/www.youtube.com\/embed\/iTsxZNvwsBE?feature=oembed\" frameborder=\"0\" allow=\"accelerometer; autoplay; clipboard-write; encrypted-media; gyroscope; picture-in-picture; web-share\" referrerpolicy=\"strict-origin-when-cross-origin\" allowfullscreen><\/iframe><\/p>\n<p>&nbsp;<\/p>\n<p><iframe loading=\"lazy\" title=\"EL TI\u00d3 I LA CARTA ALS REIS_ED.INFANTIL\" width=\"500\" height=\"281\" src=\"https:\/\/www.youtube.com\/embed\/TschuKDBNjM?feature=oembed\" frameborder=\"0\" allow=\"accelerometer; autoplay; clipboard-write; encrypted-media; gyroscope; picture-in-picture; web-share\" referrerpolicy=\"strict-origin-when-cross-origin\" allowfullscreen><\/iframe><\/p>\n<p>&nbsp;<\/p>\n<p>&nbsp;<\/p>\n<p>____________________________________________________________________________________________________________<\/p>\n<p style=\"text-align: center;\"><strong>NOVEMBRE \u2013\u00a0 \u00a0CURS 2023 \u2013 2024<\/strong><\/p>\n<p>\ud83c\udf41 Descobreix les Aventures de Novembre a l&#8217;Escola Torreforta! \ud83c\udfa8\ud83d\udcda<br \/>\nAquest mes, els petits exploradors han conreat al nostre hort, apr\u00e8s amb mestres<br \/>\njubilades i fet tallers plens de creativitat. Amb aquest breu v\u00eddeo, us convidem a<br \/>\ncompartir aquests moments \u00fanics amb els vostres fills. \ud83d\udcab<br \/>\n\ud83d\udc40 Obriu una finestra a la m\u00e0gia del novembre amb nosaltres. \ud83c\udf08<\/p>\n<p><iframe loading=\"lazy\" title=\"NOVEMBRE_ED. INFANTIL\" width=\"500\" height=\"281\" src=\"https:\/\/www.youtube.com\/embed\/Y3bZfrVcMIE?feature=oembed\" frameborder=\"0\" allow=\"accelerometer; autoplay; clipboard-write; encrypted-media; gyroscope; picture-in-picture; web-share\" referrerpolicy=\"strict-origin-when-cross-origin\" allowfullscreen><\/iframe><\/p>\n<p>&nbsp;<\/p>\n<p>__________________________________________________________________________________<\/p>\n<p style=\"text-align: center;\"><strong>OCTUBRE \u2013\u00a0 \u00a0CURS 2023 \u2013 2024<\/strong><\/p>\n<p>Aquest octubre ha estat un mes ple d&#8217;aprenentatge i diversi\u00f3 a l&#8217;Escola Torreforta \ud83c\udf42\ud83c\udf08. Els alumnes de I4 i I5 han comen\u00e7at els tallers internivells, aprenent i compartint d&#8217;una manera divertida\ud83c\udfa8\ud83e\udd17. Volem apropar-vos una petita part de tot el treball que fan els vostres fills a l&#8217;escola i com viuen el seu dia a dia\ud83c\udfeb. Aquestes experi\u00e8ncies s\u00f3n un pas important en la seva formaci\u00f3, i amb el suport de les fam\u00edlies i l&#8217;equip de professionals, estem gaudint d&#8217;aquests moments entranyables i assegurant un futur brillant per a aquesta generaci\u00f3\ud83c\udf1f\ud83d\udc68\u200d\ud83d\udc69\u200d\ud83d\udc67\u200d\ud83d\udc66<\/p>\n<p><iframe loading=\"lazy\" title=\"OCTUBRE_ED.INFANTIL\" width=\"500\" height=\"281\" src=\"https:\/\/www.youtube.com\/embed\/NfSd71yvt2c?feature=oembed\" frameborder=\"0\" allow=\"accelerometer; autoplay; clipboard-write; encrypted-media; gyroscope; picture-in-picture; web-share\" referrerpolicy=\"strict-origin-when-cross-origin\" allowfullscreen><\/iframe><\/p>\n<p>&nbsp;<\/p>\n<p><a href=\"https:\/\/agora.xtec.cat\/escola-torreforta\/wp-content\/uploads\/usu181\/2023\/11\/Tallers-octubre.jpg\"><img loading=\"lazy\" decoding=\"async\" class=\"alignnone size-large wp-image-2873\" src=\"https:\/\/agora.xtec.cat\/escola-torreforta\/wp-content\/uploads\/usu181\/2023\/11\/Tallers-octubre-1024x1024.jpg\" alt=\"\" width=\"1024\" height=\"1024\" srcset=\"https:\/\/agora.xtec.cat\/escola-torreforta\/wp-content\/uploads\/usu181\/2023\/11\/Tallers-octubre-1024x1024.jpg 1024w, https:\/\/agora.xtec.cat\/escola-torreforta\/wp-content\/uploads\/usu181\/2023\/11\/Tallers-octubre-300x300.jpg 300w, https:\/\/agora.xtec.cat\/escola-torreforta\/wp-content\/uploads\/usu181\/2023\/11\/Tallers-octubre-150x150.jpg 150w, https:\/\/agora.xtec.cat\/escola-torreforta\/wp-content\/uploads\/usu181\/2023\/11\/Tallers-octubre-768x768.jpg 768w, https:\/\/agora.xtec.cat\/escola-torreforta\/wp-content\/uploads\/usu181\/2023\/11\/Tallers-octubre-1536x1536.jpg 1536w, https:\/\/agora.xtec.cat\/escola-torreforta\/wp-content\/uploads\/usu181\/2023\/11\/Tallers-octubre.jpg 1920w\" sizes=\"auto, (max-width: 1024px) 100vw, 1024px\" \/><\/a><\/p>\n<p>______________________________________________________________________________________________________________<\/p>\n<p style=\"text-align: center;\"><strong>SETEMBRE \u2013\u00a0 \u00a0CURS 2023 \u2013 2024<\/strong><\/p>\n<p>\ud83c\udf1f Aquest setembre a l&#8217;escola Torreforta:<br \/>\n\ud83d\udcda Tornada a l&#8217;escola amb somriures.<br \/>\n\ud83c\udf89 Celebraci\u00f3 de Santa Tecla amb el seguici i la visita de la Vibrieta.<br \/>\n\ud83e\udd17 Suport i adaptaci\u00f3 als nous alumnes a I3.<br \/>\nCompartim aquests moments especials amb vosaltres. \u00c9s una finestra a la vida escolar dels vostres fills. Gr\u00e0cies per ser part de la nostra comunitat!<\/p>\n<p><a href=\"https:\/\/agora.xtec.cat\/escola-torreforta\/wp-content\/uploads\/usu181\/2023\/10\/20230929_205933_50.jpg\"><img loading=\"lazy\" decoding=\"async\" class=\"alignnone size-large wp-image-2845\" src=\"https:\/\/agora.xtec.cat\/escola-torreforta\/wp-content\/uploads\/usu181\/2023\/10\/20230929_205933_50-1024x1024.jpg\" alt=\"\" width=\"1024\" height=\"1024\" srcset=\"https:\/\/agora.xtec.cat\/escola-torreforta\/wp-content\/uploads\/usu181\/2023\/10\/20230929_205933_50-1024x1024.jpg 1024w, https:\/\/agora.xtec.cat\/escola-torreforta\/wp-content\/uploads\/usu181\/2023\/10\/20230929_205933_50-300x300.jpg 300w, https:\/\/agora.xtec.cat\/escola-torreforta\/wp-content\/uploads\/usu181\/2023\/10\/20230929_205933_50-150x150.jpg 150w, https:\/\/agora.xtec.cat\/escola-torreforta\/wp-content\/uploads\/usu181\/2023\/10\/20230929_205933_50-768x768.jpg 768w, https:\/\/agora.xtec.cat\/escola-torreforta\/wp-content\/uploads\/usu181\/2023\/10\/20230929_205933_50.jpg 1440w\" sizes=\"auto, (max-width: 1024px) 100vw, 1024px\" \/><\/a><\/p>\n<p><iframe loading=\"lazy\" title=\"TORNEM A L&#039;ESCOLA_ED.INFANTIL\" width=\"500\" height=\"281\" src=\"https:\/\/www.youtube.com\/embed\/3P6p7vzvBUA?feature=oembed\" frameborder=\"0\" allow=\"accelerometer; autoplay; clipboard-write; encrypted-media; gyroscope; picture-in-picture; web-share\" referrerpolicy=\"strict-origin-when-cross-origin\" allowfullscreen><\/iframe><\/p>\n<p>___________________________________________________________________________________<\/p>\n<p style=\"text-align: center;\"><strong>JUNY \u2013\u00a0 \u00a0CURS 2022 \u2013 2023<\/strong><\/p>\n<p>Hem acomiadat un curs fant\u00e0stic, ple d&#8217;aprenentatges i moments inoblidables. Ha estat un honor acompanyar els vostres fills i filles en el seu creixement i desenvolupament al llarg d&#8217;aquest any escolar. Ara que arriba l&#8217;estiu i l&#8217;esperada pausa estiuenca, volem compartir amb vosaltres alguns v\u00eddeos que capturen els moments m\u00e9s especials d&#8217;aquests \u00faltims mesos. \u2764\ufe0f\u200a\u2764\ufe0f<\/p>\n<p>\ud83d\udc68\u200d\ud83c\udf93\u200a\ud83d\udc69\u200d\ud83c\udf93\u200aPrimer de tot, tenim el plaer de presentar-vos el v\u00eddeo de la graduaci\u00f3 dels nostres alumnes d&#8217;I5. Amb un gran orgull, vam veure com els m\u00e9s petits de l&#8217;escola s&#8217;adonaven dels seus aven\u00e7os i assoliments durant aquesta etapa crucial de la seva educaci\u00f3. Va ser un moment de felicitat compartida i emoci\u00f3. \ud83e\udd70\u200a\ud83d\ude0d<\/p>\n<p><iframe loading=\"lazy\" title=\"GRADUACI\u00d3_I5\" width=\"500\" height=\"375\" src=\"https:\/\/www.youtube.com\/embed\/VP9kLDUPVwo?feature=oembed\" frameborder=\"0\" allow=\"accelerometer; autoplay; clipboard-write; encrypted-media; gyroscope; picture-in-picture; web-share\" referrerpolicy=\"strict-origin-when-cross-origin\" allowfullscreen><\/iframe><\/p>\n<p>&nbsp;<\/p>\n<p>\ud83e\udd38\u200d\u2640\ufe0f\u200a\ud83e\udd38\u200d\u2642\ufe0f\u200aEn aquest v\u00eddeo us mostrem la gimcana en qu\u00e8 van participar les fam\u00edlies de I4 i I5. Van ser uns dies divertits i plens de connexi\u00f3 entre l&#8217;escola i les fam\u00edlies, tots junts superant reptes i compartint rialles. Aquesta activitat va ajudar a enfortir els lla\u00e7os entre nosaltres i a construir una comunitat escolar m\u00e9s unida. \ud83e\udd73\u200a\ud83d\udc4f\u200a\ud83d\udc4f<\/p>\n<p><iframe loading=\"lazy\" title=\"GIMCANA_I4_I5\" width=\"500\" height=\"281\" src=\"https:\/\/www.youtube.com\/embed\/YZ0CQn5ISpk?feature=oembed\" frameborder=\"0\" allow=\"accelerometer; autoplay; clipboard-write; encrypted-media; gyroscope; picture-in-picture; web-share\" referrerpolicy=\"strict-origin-when-cross-origin\" allowfullscreen><\/iframe><\/p>\n<p>&nbsp;<\/p>\n<p>Aquest v\u00eddeo resumeix les activitats que hem realitzat al llarg del mes de juny. Des de tallers creatius fins a visites de la policia local , els nostres estudiants han gaudit d&#8217;una varietat d&#8217;experi\u00e8ncies educatives i recreatives. Estem segurs que aquests records perduraran en les seves ments durant tot l&#8217;estiu. \ud83e\udd29\u200a\ud83d\ude1a<\/p>\n<p><iframe loading=\"lazy\" title=\"EDUCACI\u00d3 INFANTIL_JUNY\" width=\"500\" height=\"281\" src=\"https:\/\/www.youtube.com\/embed\/2d5KJjr1aE8?feature=oembed\" frameborder=\"0\" allow=\"accelerometer; autoplay; clipboard-write; encrypted-media; gyroscope; picture-in-picture; web-share\" referrerpolicy=\"strict-origin-when-cross-origin\" allowfullscreen><\/iframe><\/p>\n<p>&nbsp;<\/p>\n<p>Finalment, tenim tres v\u00eddeos m\u00e9s dedicats a les emocionants excursions que han realitzat els alumnes de I3, I4 i I5 respectivament. Des de visites al tenis fins a sortides a la natura, aquests viatges educatius han sigut una oportunitat per aprendre m\u00e9s sobre el m\u00f3n que ens envolta i gaudir d&#8217;experi\u00e8ncies enriquidores. Aquestes produccions audiovisuals s\u00f3n una mostra dels moments compartits i dels progr\u00e9s que els vostres fills i filles han aconseguit. Volem agrair-vos la vostra confian\u00e7a en l&#8217;Escola Torreforta i el suport constant que ens heu brindat al llarg d&#8217;aquest curs. Sense la vostra col\u00b7laboraci\u00f3, res d&#8217;aix\u00f2 seria possible. Desitgem que aquest estiu sigui ple d&#8217;aventures i moments especials en fam\u00edlia. Recordeu que tots junts formem una gran comunitat educativa, i esperem retrobar-nos el curs vinent amb una nova energia i il\u00b7lusi\u00f3.<\/p>\n<p><iframe loading=\"lazy\" title=\"SORTIDA CORRAL D&#039;EN NERI_I3\" width=\"500\" height=\"281\" src=\"https:\/\/www.youtube.com\/embed\/JEnFqXQaSJ4?feature=oembed\" frameborder=\"0\" allow=\"accelerometer; autoplay; clipboard-write; encrypted-media; gyroscope; picture-in-picture; web-share\" referrerpolicy=\"strict-origin-when-cross-origin\" allowfullscreen><\/iframe><\/p>\n<p><iframe loading=\"lazy\" title=\"SORTIDA_I4\" width=\"500\" height=\"281\" src=\"https:\/\/www.youtube.com\/embed\/EXpPSIClWac?feature=oembed\" frameborder=\"0\" allow=\"accelerometer; autoplay; clipboard-write; encrypted-media; gyroscope; picture-in-picture; web-share\" referrerpolicy=\"strict-origin-when-cross-origin\" allowfullscreen><\/iframe><\/p>\n<p><iframe loading=\"lazy\" title=\"SORTIDA TENIS_I5\" width=\"500\" height=\"281\" src=\"https:\/\/www.youtube.com\/embed\/V-_jLuWMSIc?feature=oembed\" frameborder=\"0\" allow=\"accelerometer; autoplay; clipboard-write; encrypted-media; gyroscope; picture-in-picture; web-share\" referrerpolicy=\"strict-origin-when-cross-origin\" allowfullscreen><\/iframe><\/p>\n<p>__________________________________________________________________________________<\/p>\n<p>&nbsp;<\/p>\n<p style=\"text-align: center;\"><strong><a href=\"https:\/\/agora.xtec.cat\/escola-torreforta\/wp-content\/uploads\/usu181\/2023\/06\/carta-1.png\"><img loading=\"lazy\" decoding=\"async\" class=\"alignnone size-full wp-image-2783\" src=\"https:\/\/agora.xtec.cat\/escola-torreforta\/wp-content\/uploads\/usu181\/2023\/06\/carta-1.png\" alt=\"\" width=\"546\" height=\"334\" srcset=\"https:\/\/agora.xtec.cat\/escola-torreforta\/wp-content\/uploads\/usu181\/2023\/06\/carta-1.png 546w, https:\/\/agora.xtec.cat\/escola-torreforta\/wp-content\/uploads\/usu181\/2023\/06\/carta-1-300x184.png 300w\" sizes=\"auto, (max-width: 546px) 100vw, 546px\" \/><\/a><\/strong><\/p>\n<p style=\"text-align: center;\"><a href=\"https:\/\/sites.google.com\/xtec.cat\/yayoi-kusama\/inici\">https:\/\/sites.google.com\/xtec.cat\/yayoi-kusama\/inici<\/a><\/p>\n<p>&nbsp;<\/p>\n<p style=\"text-align: center;\"><strong>MAIG \u2013\u00a0 \u00a0CURS 2022 \u2013 2023<\/strong><\/p>\n<p>\ud83d\udcda\u200aLectura cooperativa, els\/les alumnes de sis\u00e8 han estat els padrins de lectura dels alumnes de I5 que estan afian\u00e7ant la lectoescriptura. Aprendre junts \u00e9s molt millor! \ud83d\udcda\u200a\ud83d\udcd6\u200a\ud83d\udcd6\u200a\ud83d\ude0d\ud83d\ude0d<\/p>\n<p><iframe loading=\"lazy\" title=\"PADRINS LECTURA_I5_6\u00c8\" width=\"500\" height=\"375\" src=\"https:\/\/www.youtube.com\/embed\/MLUFDiwJqlM?feature=oembed\" frameborder=\"0\" allow=\"accelerometer; autoplay; clipboard-write; encrypted-media; gyroscope; picture-in-picture; web-share\" referrerpolicy=\"strict-origin-when-cross-origin\" allowfullscreen><\/iframe><\/p>\n<p>&nbsp;<\/p>\n<p>\ud83c\udfad\ud83c\udfadEducaci\u00f3 infantil hem tingut la gran sort de que ens vinguin a respresentar diferents obres de teatre. Els petits d&#8217;I3 vam obrir les portes de l&#8217;escola a les nostres fam\u00edlies i vam poder compartir un espectacle molt entretingut!! \ud83e\udd70\u200a\ud83e\udd70\u200a\ud83e\udd70\u200a\ud83e\udd70<\/p>\n<p><iframe loading=\"lazy\" title=\"TEATRE A L&#039;ESCOLA_ED.INFANTIL\" width=\"500\" height=\"281\" src=\"https:\/\/www.youtube.com\/embed\/hgVeh48-GMU?feature=oembed\" frameborder=\"0\" allow=\"accelerometer; autoplay; clipboard-write; encrypted-media; gyroscope; picture-in-picture; web-share\" referrerpolicy=\"strict-origin-when-cross-origin\" allowfullscreen><\/iframe><\/p>\n<p>&nbsp;<\/p>\n<p>Amb el mes de maig ple d&#8217;activitats ens apropem al final de curs, estem acabant d&#8217;omplir les motxilles amb nous aprenentatges i molt bons moments que ens acompanyaran per sempre m\u00e9s!! \ud83c\udf39\u200a\ud83c\udf3a\u200a\ud83c\udf3b\u200a\ud83c\udf3c<\/p>\n<p><iframe loading=\"lazy\" title=\"MAIG_EDUCACI\u00d3 INFANTIL\" width=\"500\" height=\"281\" src=\"https:\/\/www.youtube.com\/embed\/l42ZNK82Ds8?feature=oembed\" frameborder=\"0\" allow=\"accelerometer; autoplay; clipboard-write; encrypted-media; gyroscope; picture-in-picture; web-share\" referrerpolicy=\"strict-origin-when-cross-origin\" allowfullscreen><\/iframe><\/p>\n<p>___________________________________________________________________________________________________________<\/p>\n<p>&nbsp;<\/p>\n<p style=\"text-align: center;\"><strong>ABRIL \u2013\u00a0 \u00a0CURS 2022 \u2013 2023<\/strong><\/p>\n<p>Durant el mes d&#8217;abril hem apr\u00e8s moltes coses i ho volem compartir amb vosaltres!<\/p>\n<p><iframe loading=\"lazy\" title=\"EDUCACI\u00d3 INFANTIL_ABRIL\" width=\"500\" height=\"281\" src=\"https:\/\/www.youtube.com\/embed\/6TPEQHuvSWg?feature=oembed\" frameborder=\"0\" allow=\"accelerometer; autoplay; clipboard-write; encrypted-media; gyroscope; picture-in-picture; web-share\" referrerpolicy=\"strict-origin-when-cross-origin\" allowfullscreen><\/iframe><\/p>\n<p>&nbsp;<\/p>\n<p>Per Sant Jordi hem preparat moltes activitats i manualitats per commemorar un dia molt especial per a tots nosaltres!<\/p>\n<p><iframe loading=\"lazy\" title=\"EDUCACI\u00d3 INFANTIL_SANT JORDI\" width=\"500\" height=\"281\" src=\"https:\/\/www.youtube.com\/embed\/2Vc6J7_eNts?feature=oembed\" frameborder=\"0\" allow=\"accelerometer; autoplay; clipboard-write; encrypted-media; gyroscope; picture-in-picture; web-share\" referrerpolicy=\"strict-origin-when-cross-origin\" allowfullscreen><\/iframe><\/p>\n<p>&nbsp;<\/p>\n<p>&nbsp;<\/p>\n<p>____________________________________________________________________________________________________<\/p>\n<p>&nbsp;<\/p>\n<p style=\"text-align: center;\"><strong>MAR\u00c7 \u2013\u00a0 \u00a0CURS 2022 \u2013 2023<\/strong><\/p>\n<p>Fam\u00edlies! Abans de marxar de vacances, els i les alumnes d&#8217;Educaci\u00f3 Infantil van fer moltes activitats ben divertides, sobretot, una de ben dolceta: preparar la mona! Esperem que gaudiu tan com nosaltres ho vam fer preparant-la. Bones vacances!!<\/p>\n<p><iframe loading=\"lazy\" title=\"La Mona_Educaci\u00f3 Infantil\" width=\"500\" height=\"281\" src=\"https:\/\/www.youtube.com\/embed\/dXu_xSB_DJQ?feature=oembed\" frameborder=\"0\" allow=\"accelerometer; autoplay; clipboard-write; encrypted-media; gyroscope; picture-in-picture; web-share\" referrerpolicy=\"strict-origin-when-cross-origin\" allowfullscreen><\/iframe><\/p>\n<p>&nbsp;<\/p>\n<p>El d\u00eda 8 de Mar\u00e7 va ser el dia Internacional de la dona i a Infantil ho vam voler celebrar amb una exposici\u00f3 del que hem apr\u00e8s de dones esportistes! \ud83d\ude0d\u200a\ud83e\udd3d\u200d\u2640\ufe0f\u200a\ud83e\udd3e\u200d\u2640\ufe0f\u200a\ud83e\udd3c\u200d\u2640\ufe0f\u200a\ud83c\udfc2\u200a\ud83e\udd3d\ud83c\udffb\u200d\u2640\ufe0f\u200a\ud83e\udd3e\ud83c\udffd\u200d\u2640\ufe0f\u200a\ud83e\udd38\ud83c\udffb\u200d\u2640\ufe0f\u200a\ud83d\ude0d<\/p>\n<p><iframe loading=\"lazy\" title=\"DIA DE LA DONA_EDUCACI\u00d3 INFANTIL\" width=\"500\" height=\"281\" src=\"https:\/\/www.youtube.com\/embed\/kjEFOK0hBDA?feature=oembed\" frameborder=\"0\" allow=\"accelerometer; autoplay; clipboard-write; encrypted-media; gyroscope; picture-in-picture; web-share\" referrerpolicy=\"strict-origin-when-cross-origin\" allowfullscreen><\/iframe><\/p>\n<p>&nbsp;<\/p>\n<p>Han vingut a fer-nos un taller d\u2019educaci\u00f3 Ambiental, vam pescar residus i ens van ensenyar a quin contenidor s&#8217;ha de ficar per poder reciclar, vam aprendre molt i va ser molt divertit!! \ud83d\ude04\u200a\ud83d\ude03<\/p>\n<p><iframe loading=\"lazy\" title=\"TALLER RECICLATGE_EDUCACI\u00d3 INFANTIL\" width=\"500\" height=\"281\" src=\"https:\/\/www.youtube.com\/embed\/Wx0X-cwlkHQ?feature=oembed\" frameborder=\"0\" allow=\"accelerometer; autoplay; clipboard-write; encrypted-media; gyroscope; picture-in-picture; web-share\" referrerpolicy=\"strict-origin-when-cross-origin\" allowfullscreen><\/iframe><\/p>\n<p>&nbsp;<\/p>\n<p>Acomiadem el mes de Mar\u00e7 i aquest segon trimestre amb un gran somriure, ha estat un mes replet de descobriments, l\u2019arribada de la Primavera, jocs i activitats! \ud83d\ude0d\u200a\ud83d\ude04\u200a\ud83d\ude03\u200a\ud83c\udf3c\u200a\ud83c\udf38<\/p>\n<p><iframe loading=\"lazy\" title=\"EDUCACI\u00d3 INFANTIL_MAR\u00c7\" width=\"500\" height=\"281\" src=\"https:\/\/www.youtube.com\/embed\/4rpIx2V4cok?feature=oembed\" frameborder=\"0\" allow=\"accelerometer; autoplay; clipboard-write; encrypted-media; gyroscope; picture-in-picture; web-share\" referrerpolicy=\"strict-origin-when-cross-origin\" allowfullscreen><\/iframe><\/p>\n<p>___________________________________________________________________________________________________________<\/p>\n<p>&nbsp;<\/p>\n<p style=\"text-align: center;\"><strong>FEBRER \u2013\u00a0 \u00a0CURS 2022 \u2013 2023<\/strong><\/p>\n<p>El mes de Febrer, el m\u00e9s curt de l&#8217;any, ha estat molt intens i ple d&#8217;activitats: sortides, contes, ens vam portar racons de la ludoteca, Carnestoltes, dijous gras, la vella Quaresma i sobretot, com sempre, molts aprenentatges . Febrer ha estat un mes a la nostra estimada escola, molt enriquidor i ho volem compartir amb tots vosaltres!<\/p>\n<p><iframe loading=\"lazy\" title=\"FEBRER_EDUCACI\u00d3 INFANTIL\" width=\"500\" height=\"281\" src=\"https:\/\/www.youtube.com\/embed\/-jJA7R7Srcs?feature=oembed\" frameborder=\"0\" allow=\"accelerometer; autoplay; clipboard-write; encrypted-media; gyroscope; picture-in-picture; web-share\" referrerpolicy=\"strict-origin-when-cross-origin\" allowfullscreen><\/iframe><\/p>\n<p>&nbsp;<\/p>\n<p>_______________________________________________________________________________________________________________<\/p>\n<p>&nbsp;<\/p>\n<p style=\"text-align: center;\"><strong>GENER \u2013\u00a0 \u00a0CURS 2022 \u2013 2023<\/strong><\/p>\n<p>Amb el mes de gener iniciem un nou any ple d&#8217;aprenentatges i amb aquest v\u00eddeo us fem un petit tastet. Esperem que us agradi molt! \ud83e\udd70<\/p>\n<p><iframe loading=\"lazy\" title=\"GENER_EDUCACI\u00d3 INFANTIL\" width=\"500\" height=\"281\" src=\"https:\/\/www.youtube.com\/embed\/26c4z3URZ2c?feature=oembed\" frameborder=\"0\" allow=\"accelerometer; autoplay; clipboard-write; encrypted-media; gyroscope; picture-in-picture; web-share\" referrerpolicy=\"strict-origin-when-cross-origin\" allowfullscreen><\/iframe><\/p>\n<p>&nbsp;<\/p>\n<p>______________________________________________________________________________________________________________<\/p>\n<p>&nbsp;<\/p>\n<p style=\"text-align: center;\"><strong>DESEMBRE\u00a0 \u2013\u00a0 \u00a0CURS 2022 \u2013 2023<\/strong><\/p>\n<p>El mes de desembre ha estat ple d&#8217;activitats, tradicions i ho volem compartir com sempre amb les nostres estimades fam\u00edlies! Aquestes viv\u00e8ncies tan emocionants i m\u00e0giques s\u00f3n molt importants per als nostres infants! Bones Festes!<\/p>\n<p><iframe loading=\"lazy\" title=\"DESEMBRE_EDUCACI\u00d3 INFANTIL\" width=\"500\" height=\"281\" src=\"https:\/\/www.youtube.com\/embed\/01V363yYRT4?feature=oembed\" frameborder=\"0\" allow=\"accelerometer; autoplay; clipboard-write; encrypted-media; gyroscope; picture-in-picture; web-share\" referrerpolicy=\"strict-origin-when-cross-origin\" allowfullscreen><\/iframe><\/p>\n<p>&nbsp;<\/p>\n<p>______________________________________________________________________________________________________________<\/p>\n<p>&nbsp;<\/p>\n<p style=\"text-align: center;\"><strong>NOVEMBRE\u00a0 \u2013\u00a0 \u00a0CURS 2022 \u2013 2023<\/strong><\/p>\n<p>Aquest mes de novembre ens ha portat a les nenes i nens d&#8217;Educaci\u00f3 Infantil moltes coses noves per aprendre i tamb\u00e9 hem fet sortides; i com sempre tot ho fem amb molta il\u00b7lusi\u00f3 i curiositat.<\/p>\n<p><iframe loading=\"lazy\" title=\"EDUCACI\u00d3 INFANTIL_NOVEMBRE\" width=\"500\" height=\"281\" src=\"https:\/\/www.youtube.com\/embed\/JhQ7-u2YWT4?feature=oembed\" frameborder=\"0\" allow=\"accelerometer; autoplay; clipboard-write; encrypted-media; gyroscope; picture-in-picture; web-share\" referrerpolicy=\"strict-origin-when-cross-origin\" allowfullscreen><\/iframe><\/p>\n<p>&nbsp;<\/p>\n<p>__________________________________________________________________________________________________________<\/p>\n<p>&nbsp;<\/p>\n<p style=\"text-align: center;\"><strong>OCTUBRE\u00a0 \u2013\u00a0 \u00a0CURS 2022 \u2013 2023<\/strong><\/p>\n<p>El mes d&#8217;octubre ha arribat i ens ha portat la tardor. Les nenes i el nens d&#8217;Educaci\u00f3 Infantil de l&#8217;Escola Torreforta aprofitem tots el moments per viure noves experi\u00e8ncies, per experimentar amb els elements de la tardor i aprendre amb molta il\u00b7lusi\u00f3 del nostre dia a dia.<\/p>\n<p><iframe loading=\"lazy\" title=\"EDUCACI\u00d3 INFANTIL- OCTUBRE 2022\" width=\"500\" height=\"281\" src=\"https:\/\/www.youtube.com\/embed\/EPaTCZOl_lc?feature=oembed\" frameborder=\"0\" allow=\"accelerometer; autoplay; clipboard-write; encrypted-media; gyroscope; picture-in-picture; web-share\" referrerpolicy=\"strict-origin-when-cross-origin\" allowfullscreen><\/iframe><\/p>\n<p>&nbsp;<\/p>\n<p>________________________________________________________________________________________________________<\/p>\n<p>&nbsp;<\/p>\n<p style=\"text-align: center;\"><strong>SETEMBRE\u00a0 \u2013\u00a0 \u00a0CURS 2022 \u2013 2023<\/strong><\/p>\n<p>SETEMBRE HA ARRIBAT I L&#8217;ESCOLA HA COMEN\u00c7AT! Els infants d&#8217;Educaci\u00f3 Infantil tornem a l&#8217;escola. Aquest curs l&#8217;hem iniciat ple de nous reptes, aventures i amb molta il\u00b7lusi\u00f3. Els inicis s\u00f3n plens d&#8217;oportunitats!<\/p>\n<p><iframe loading=\"lazy\" title=\"EDUCACI\u00d3 INFANTIL TORNA A L&#039;ESCOLA TORREFORTA\" width=\"500\" height=\"281\" src=\"https:\/\/www.youtube.com\/embed\/BjGIN48tDao?feature=oembed\" frameborder=\"0\" allow=\"accelerometer; autoplay; clipboard-write; encrypted-media; gyroscope; picture-in-picture; web-share\" referrerpolicy=\"strict-origin-when-cross-origin\" allowfullscreen><\/iframe><\/p>\n<p>&nbsp;<\/p>\n<p>________________________________________________________________________________<\/p>\n<p>&nbsp;<\/p>\n<p><iframe loading=\"lazy\" title=\"EDUCACI\u00d3 INFANTIL_JUNY\" width=\"500\" height=\"281\" src=\"https:\/\/www.youtube.com\/embed\/a0wUyKYnTPc?feature=oembed\" frameborder=\"0\" allow=\"accelerometer; autoplay; clipboard-write; encrypted-media; gyroscope; picture-in-picture; web-share\" referrerpolicy=\"strict-origin-when-cross-origin\" allowfullscreen><\/iframe><\/p>\n<p>Despr\u00e9s de tot un curs d&#8217;aprenentatges i noves experi\u00e8ncies, ara toca gaudir de l&#8217;estiu&#8230;bones vacances !!!<\/p>\n<p>_________________________________________________________________________________________________<\/p>\n<p>&nbsp;<\/p>\n<p><iframe loading=\"lazy\" title=\"EDUCACI\u00d3 INFANTIL_MAIG\" width=\"500\" height=\"281\" src=\"https:\/\/www.youtube.com\/embed\/L7PbjllW2Fo?feature=oembed\" frameborder=\"0\" allow=\"accelerometer; autoplay; clipboard-write; encrypted-media; gyroscope; picture-in-picture; web-share\" referrerpolicy=\"strict-origin-when-cross-origin\" allowfullscreen><\/iframe><\/p>\n<p>&nbsp;<\/p>\n<p>Els\/Les alumnes d&#8217;Educaci\u00f3 Infantil exprimim cada moment a l&#8217;escola.<\/p>\n<p>_________________________________________________________________________________________<\/p>\n<p>&nbsp;<\/p>\n<p><iframe loading=\"lazy\" title=\"EDUCACI\u00d3 INFANTIL_ABRIL\" width=\"500\" height=\"281\" src=\"https:\/\/www.youtube.com\/embed\/9fovgtxxcMc?feature=oembed\" frameborder=\"0\" allow=\"accelerometer; autoplay; clipboard-write; encrypted-media; gyroscope; picture-in-picture; web-share\" referrerpolicy=\"strict-origin-when-cross-origin\" allowfullscreen><\/iframe><\/p>\n<p>Els petits i les petites de l&#8217;Escola Torreforta vam celebrar la Diada de Sant Jordi!!<\/p>\n<p>__________________________________________________________________________________<\/p>\n<p>&nbsp;<\/p>\n<p><iframe loading=\"lazy\" title=\"EDUCACI\u00d3 INFANTIL_MAR\u00c7\" width=\"500\" height=\"281\" src=\"https:\/\/www.youtube.com\/embed\/7G8zrxM_0AI?feature=oembed\" frameborder=\"0\" allow=\"accelerometer; autoplay; clipboard-write; encrypted-media; gyroscope; picture-in-picture; web-share\" referrerpolicy=\"strict-origin-when-cross-origin\" allowfullscreen><\/iframe><\/p>\n<p>Els petits i les petites de l&#8217;escola Torreforta esperem la primavera amb molta il\u00b7lusi\u00f3!!<\/p>\n<p>______________________________________________________________________________<\/p>\n<p>&nbsp;<\/p>\n<p><iframe loading=\"lazy\" title=\"Educaci\u00f3 Infantil_Febrer\" width=\"500\" height=\"281\" src=\"https:\/\/www.youtube.com\/embed\/T-948aaKuyM?feature=oembed\" frameborder=\"0\" allow=\"accelerometer; autoplay; clipboard-write; encrypted-media; gyroscope; picture-in-picture; web-share\" referrerpolicy=\"strict-origin-when-cross-origin\" allowfullscreen><\/iframe><\/p>\n<p>&nbsp;<\/p>\n<p>Les i els alumnes d&#8217;Educaci\u00f3 Infantil ens hem divertit molt amb les consignes del Rei Carnestoltes!!<\/p>\n<p>______________________________________________________________________________<\/p>\n<p>&nbsp;<\/p>\n<p><iframe loading=\"lazy\" title=\"EDUCACI\u00d3 INFANTIL_GENER\" width=\"500\" height=\"281\" src=\"https:\/\/www.youtube.com\/embed\/dD6FVijC2HY?feature=oembed\" frameborder=\"0\" allow=\"accelerometer; autoplay; clipboard-write; encrypted-media; gyroscope; picture-in-picture; web-share\" referrerpolicy=\"strict-origin-when-cross-origin\" allowfullscreen><\/iframe><\/p>\n<p>&nbsp;<\/p>\n<p>Els petits i les petites de l&#8217;escola seguim aprenent!!<\/p>\n<p>___________________________________________________________________________<\/p>\n<p>&nbsp;<\/p>\n<p><iframe loading=\"lazy\" title=\"EDUCACI\u00d3 INFANTIL_DESEMBRE 2021\" width=\"500\" height=\"281\" src=\"https:\/\/www.youtube.com\/embed\/rfv6Bvbd6x4?feature=oembed\" frameborder=\"0\" allow=\"accelerometer; autoplay; clipboard-write; encrypted-media; gyroscope; picture-in-picture; web-share\" referrerpolicy=\"strict-origin-when-cross-origin\" allowfullscreen><\/iframe><\/p>\n<p>Els\/Les alumnes d&#8217;Educaci\u00f3 Infantil us desitgem unes Bones Festes!!<\/p>\n<p>&nbsp;<\/p>\n<p>______________________________________________________________________________________<\/p>\n<p>&nbsp;<\/p>\n<p><iframe loading=\"lazy\" title=\"EDUCACI\u00d3 INFANTIL_NOVEMBRE_21\" width=\"500\" height=\"281\" src=\"https:\/\/www.youtube.com\/embed\/V1Cswn_oIvM?feature=oembed\" frameborder=\"0\" allow=\"accelerometer; autoplay; clipboard-write; encrypted-media; gyroscope; picture-in-picture; web-share\" referrerpolicy=\"strict-origin-when-cross-origin\" allowfullscreen><\/iframe><\/p>\n<p>Tots els espais de la nostra escola s\u00f3n educatius!!<\/p>\n<p>&nbsp;<\/p>\n<p>________________________________________________________________________________________<\/p>\n<p>&nbsp;<\/p>\n<p><iframe loading=\"lazy\" title=\"LA TARDOR_EDUCACI\u00d3 INFANTIL\" width=\"500\" height=\"281\" src=\"https:\/\/www.youtube.com\/embed\/FB17YUhfMOQ?feature=oembed\" frameborder=\"0\" allow=\"accelerometer; autoplay; clipboard-write; encrypted-media; gyroscope; picture-in-picture; web-share\" referrerpolicy=\"strict-origin-when-cross-origin\" allowfullscreen><\/iframe><\/p>\n<p>Benvinguts i benvingudes al nou curs escolar 21-22!! Els nens i nenes d&#8217;Educaci\u00f3 Infantil donem la benvinguda a la tardor!! Esperem que us agradi!<\/p>\n<p>&nbsp;<\/p>\n<p>&nbsp;<\/p>\n<p>_______________________________________________________________________________<\/p>\n<p><iframe loading=\"lazy\" title=\"EDUCACI\u00d3 INFANTIL_MAIG\" width=\"500\" height=\"281\" src=\"https:\/\/www.youtube.com\/embed\/Jn-RSRFbpas?feature=oembed\" frameborder=\"0\" allow=\"accelerometer; autoplay; clipboard-write; encrypted-media; gyroscope; picture-in-picture; web-share\" referrerpolicy=\"strict-origin-when-cross-origin\" allowfullscreen><\/iframe><\/p>\n<p>Queda molt poc temps per acabar aquest curs, mentrestant seguim experimentant, gaudint, aprenent, jugant, ballant&#8230;<\/p>\n<p>__________________________________________________________________________<\/p>\n<p>&nbsp;<\/p>\n<p><iframe loading=\"lazy\" title=\"L&#039;ABRIL A EDUCACI\u00d3 INFANTIL!\" width=\"500\" height=\"375\" src=\"https:\/\/www.youtube.com\/embed\/Q7ZSIzbwyN0?feature=oembed\" frameborder=\"0\" allow=\"accelerometer; autoplay; clipboard-write; encrypted-media; gyroscope; picture-in-picture; web-share\" referrerpolicy=\"strict-origin-when-cross-origin\" allowfullscreen><\/iframe><\/p>\n<p>A Educaci\u00f3 Infantil hem fet iniciaci\u00f3 a la rob\u00f2tica!! Mireu que b\u00e9 ens ho passem!!<\/p>\n<p>______________________________________________________________________<\/p>\n<p>&nbsp;<\/p>\n<p><iframe loading=\"lazy\" title=\"EDUCACI\u00d3_INFANTIL_LA PRIMAVERA JA \u00c9S AQU\u00cd!\" width=\"500\" height=\"281\" src=\"https:\/\/www.youtube.com\/embed\/OH-wi0YhJS4?feature=oembed\" frameborder=\"0\" allow=\"accelerometer; autoplay; clipboard-write; encrypted-media; gyroscope; picture-in-picture; web-share\" referrerpolicy=\"strict-origin-when-cross-origin\" allowfullscreen><\/iframe><\/p>\n<p>Les nenes i els nens d&#8217;Educaci\u00f3 Infantil us mostrem el que hem apr\u00e8s durant el mes de mar\u00e7 sobre la Primavera!<\/p>\n<p>______________________________________________________________________<\/p>\n<p>&nbsp;<\/p>\n<p><iframe loading=\"lazy\" title=\"Educaci\u00f3_Infantil_febrer\" width=\"500\" height=\"375\" src=\"https:\/\/www.youtube.com\/embed\/MhSVUqoYOVI?feature=oembed\" frameborder=\"0\" allow=\"accelerometer; autoplay; clipboard-write; encrypted-media; gyroscope; picture-in-picture; web-share\" referrerpolicy=\"strict-origin-when-cross-origin\" allowfullscreen><\/iframe><\/p>\n<p>Mireu quines coses tant divertides fem a l&#8217;escola els\/les alumnes d&#8217;Educaci\u00f3 Infantil!! Esperem que us agradin!<\/p>\n<p>&nbsp;<\/p>\n<p>____________________________________________________________________________<\/p>\n<p>&nbsp;<\/p>\n<p><iframe loading=\"lazy\" title=\"Seguim treballant i gaudint_gener_Educaci\u00f3 Infantil\" width=\"500\" height=\"281\" src=\"https:\/\/www.youtube.com\/embed\/tQKNzVBmIek?feature=oembed\" frameborder=\"0\" allow=\"accelerometer; autoplay; clipboard-write; encrypted-media; gyroscope; picture-in-picture; web-share\" referrerpolicy=\"strict-origin-when-cross-origin\" allowfullscreen><\/iframe><\/p>\n<p>Els\/Les alumnes d&#8217;Educaci\u00f3 Infantil seguim gaudint i aprenent a l&#8217;escola!<\/p>\n<p>______________________________________________________________________<\/p>\n<p>&nbsp;<\/p>\n<p><iframe loading=\"lazy\" title=\"Qu\u00e8 hem treballat durant el mes de desembre?_ Educaci\u00f3 Infantil\" width=\"500\" height=\"375\" src=\"https:\/\/www.youtube.com\/embed\/sfBDqfydxUw?feature=oembed\" frameborder=\"0\" allow=\"accelerometer; autoplay; clipboard-write; encrypted-media; gyroscope; picture-in-picture; web-share\" referrerpolicy=\"strict-origin-when-cross-origin\" allowfullscreen><\/iframe><\/p>\n<p>Les nenes i els nens d&#8217;Educaci\u00f3 Infantil han treballat molt\u00edssimes coses aquest mes de desembre!! Mireu el v\u00eddeo, mireu! Esperem que us agradi! Bones Festes!<\/p>\n<p>_______________________________________________________________________<\/p>\n<p>&nbsp;<\/p>\n<p>https:\/\/youtu.be\/Eryiv2nv8CU<\/p>\n<p>Els\/Les alumnes d&#8217;Educaci\u00f3 Infantil gaudim de l&#8217;escola i de la tardor!<\/p>\n","protected":false},"excerpt":{"rendered":"<p>ABRIL \u2013\u00a0 CURS 2025 \u2013 2026<\/p>\n<p>\ud83c\udf38 L\u2019Abril a Infantil: Primavera, tradicions i molt d\u2019aprenentatge! \ud83c\udf38<br \/>\nAquest mes a l\u2019escola hem viscut moments plens de m\u00e0gia \u2728. Els nens i nenes d\u2019I3, I4 i I5 han omplert les aules de vida, il\u00b7lusi\u00f3 i molt d\u2019esfor\u00e7 \ud83d\udc9b.<br \/>\nDarrere de&hellip;  <a href=\"https:\/\/agora.xtec.cat\/escola-torreforta\/nivells\/educacio-infantil\/\" title=\"Read EDUCACI\u00d3 INFANTIL\">Llegeix m\u00e9s\u00bb<\/a><\/p>\n","protected":false},"author":5,"featured_media":0,"parent":87,"menu_order":0,"comment_status":"closed","ping_status":"closed","template":"page-templates\/side-menu.php","meta":{"_bbp_topic_count":0,"_bbp_reply_count":0,"_bbp_total_topic_count":0,"_bbp_total_reply_count":0,"_bbp_voice_count":0,"_bbp_anonymous_reply_count":0,"_bbp_topic_count_hidden":0,"_bbp_reply_count_hidden":0,"_bbp_forum_subforum_count":0,"footnotes":""},"class_list":["post-1588","page","type-page","status-publish","hentry"],"post_mailing_queue_ids":[],"_links":{"self":[{"href":"https:\/\/agora.xtec.cat\/escola-torreforta\/wp-json\/wp\/v2\/pages\/1588","targetHints":{"allow":["GET"]}}],"collection":[{"href":"https:\/\/agora.xtec.cat\/escola-torreforta\/wp-json\/wp\/v2\/pages"}],"about":[{"href":"https:\/\/agora.xtec.cat\/escola-torreforta\/wp-json\/wp\/v2\/types\/page"}],"author":[{"embeddable":true,"href":"https:\/\/agora.xtec.cat\/escola-torreforta\/wp-json\/wp\/v2\/users\/5"}],"replies":[{"embeddable":true,"href":"https:\/\/agora.xtec.cat\/escola-torreforta\/wp-json\/wp\/v2\/comments?post=1588"}],"version-history":[{"count":7,"href":"https:\/\/agora.xtec.cat\/escola-torreforta\/wp-json\/wp\/v2\/pages\/1588\/revisions"}],"predecessor-version":[{"id":3819,"href":"https:\/\/agora.xtec.cat\/escola-torreforta\/wp-json\/wp\/v2\/pages\/1588\/revisions\/3819"}],"up":[{"embeddable":true,"href":"https:\/\/agora.xtec.cat\/escola-torreforta\/wp-json\/wp\/v2\/pages\/87"}],"wp:attachment":[{"href":"https:\/\/agora.xtec.cat\/escola-torreforta\/wp-json\/wp\/v2\/media?parent=1588"}],"curies":[{"name":"wp","href":"https:\/\/api.w.org\/{rel}","templated":true}]}}