{"id":4104,"date":"2025-01-22T14:42:46","date_gmt":"2025-01-22T13:42:46","guid":{"rendered":"https:\/\/agora.xtec.cat\/escola-teresamiquelipamies\/?page_id=4104"},"modified":"2025-04-29T12:44:08","modified_gmt":"2025-04-29T10:44:08","slug":"erasmus","status":"publish","type":"page","link":"https:\/\/agora.xtec.cat\/escola-teresamiquelipamies\/projectes\/erasmus\/","title":{"rendered":"ERASMUS+"},"content":{"rendered":"<h1 class=\"elementor-heading-title elementor-size-default\">Educaci\u00f3 ling\u00fc\u00edstica per a la inclusi\u00f3 d\u2019estudiants pertanyents a minories immigrants. (CARE)<\/h1>\n<div class=\"elementor-element elementor-element-0d8e09c elementor-widget elementor-widget-heading animated fadeInLeft\" data-id=\"0d8e09c\" data-element_type=\"widget\" data-settings=\"{&quot;_animation&quot;:&quot;fadeInLeft&quot;}\" data-widget_type=\"heading.default\">\n<div class=\"elementor-widget-container\">\n<h2 class=\"elementor-heading-title elementor-size-default\">Descripci\u00f3 del projecte<\/h2>\n<\/div>\n<\/div>\n<div class=\"elementor-element elementor-element-49c1ccf elementor-widget elementor-widget-text-editor animated fadeIn\" data-id=\"49c1ccf\" data-element_type=\"widget\" data-settings=\"{&quot;_animation&quot;:&quot;fadeIn&quot;,&quot;_animation_delay&quot;:500}\" data-widget_type=\"text-editor.default\">\n<div class=\"elementor-widget-container\">\n<p><span data-sheets-root=\"1\">El projecte CARE t\u00e9 com a objectiu donar suport a la integraci\u00f3 d\u2019estudiants migrants en sistemes educatius multiling\u00fces mitjan\u00e7ant el desenvolupament d\u2019eines i metodologies innovadores per a l\u2019aprenentatge de lleng\u00fces. A trav\u00e9s de productes espec\u00edfics com una Guia Metodol\u00f2gica, cursos d\u2019idiomes basats en AICLE, un programa de mentoria digital i una plataforma electr\u00f2nica, el projecte capacita els educadors per crear entorns d\u2019aprenentatge inclusius i efica\u00e7os. CARE promou la inclusi\u00f3 ling\u00fc\u00edstica i cultural, fomentant l\u2019\u00e8xit acad\u00e8mic i la cohesi\u00f3 social.<\/span><\/p>\n<\/div>\n<\/div>\n<div class=\"elementor-element elementor-element-1787d35 elementor-widget elementor-widget-heading animated fadeInLeft\" data-id=\"1787d35\" data-element_type=\"widget\" data-settings=\"{&quot;_animation&quot;:&quot;fadeInLeft&quot;}\" data-widget_type=\"heading.default\">\n<div class=\"elementor-widget-container\">\n<h2 class=\"elementor-heading-title elementor-size-default\">Objectius del projecte<\/h2>\n<\/div>\n<\/div>\n<div class=\"elementor-element elementor-element-e117975 elementor-widget elementor-widget-text-editor animated fadeIn\" data-id=\"e117975\" data-element_type=\"widget\" data-settings=\"{&quot;_animation&quot;:&quot;fadeIn&quot;,&quot;_animation_delay&quot;:500}\" data-widget_type=\"text-editor.default\">\n<div class=\"elementor-widget-container\">\n<p><span data-sheets-root=\"1\">L\u2019objectiu principal del projecte \u00e9s integrar els alumnes amb antecedents migratoris en la societat mitjan\u00e7ant l\u2019educaci\u00f3 ling\u00fc\u00edstica basada en AICLE i la implementaci\u00f3 d\u2019un programa de mentoria digital i el potencial de la intel\u00b7lig\u00e8ncia artificial (IA).<\/span><\/p>\n<p>Objectius espec\u00edfics:<br \/>\n1. Millorar les habilitats ling\u00fc\u00edstiques dels alumnes amb antecedents migratoris en dos nivells: comunicaci\u00f3 di\u00e0ria (BICS) i llenguatge m\u00e9s espec\u00edfic (CALP) en l\u2019educaci\u00f3 ling\u00fc\u00edstica.<br \/>\n2. Augmentar la confian\u00e7a i l\u2019autoestima dels escolars migrants que funcionen en un nou entorn.<br \/>\n3. Millorar l\u2019alfabetitzaci\u00f3 digital dels escolars migrants tant en l\u2019educaci\u00f3 ling\u00fc\u00edstica com en la vida quotidiana mitjan\u00e7ant un programa de mentoria digital adaptat i el potencial de la IA.<br \/>\n4. Refor\u00e7ar les compet\u00e8ncies clau del segle XXI (per exemple, resoluci\u00f3 de problemes, pensament cr\u00edtic, emprenedoria, gesti\u00f3 del temps, etc.) entre els alumnes amb antecedents migratoris a trav\u00e9s d\u2019un programa integral de lleng\u00fces basat en CLIL.<br \/>\n5. Incrementar la inserci\u00f3 laboral dels joves de fam\u00edlies migrants a llarg termini.<br \/>\n6. Fortalir el paper de suport de l\u2019educador ling\u00fc\u00edstic mitjan\u00e7ant la implementaci\u00f3 de m\u00e8todes innovadors com la mentoria digital.<br \/>\n7. Millorar les compet\u00e8ncies dels educadors ling\u00fc\u00edstics en l\u2019\u00e0mbit de AICLE.<\/p>\n<\/div>\n<\/div>\n<div class=\"elementor-element elementor-element-3e21bd0 elementor-widget elementor-widget-heading animated fadeInLeft\" data-id=\"3e21bd0\" data-element_type=\"widget\" data-settings=\"{&quot;_animation&quot;:&quot;fadeInLeft&quot;}\" data-widget_type=\"heading.default\">\n<div class=\"elementor-widget-container\">\n<h2 class=\"elementor-heading-title elementor-size-default\">Resultats del projecte<\/h2>\n<\/div>\n<\/div>\n<div class=\"elementor-element elementor-element-65e9b91 elementor-widget elementor-widget-text-editor animated fadeIn\" data-id=\"65e9b91\" data-element_type=\"widget\" data-settings=\"{&quot;_animation&quot;:&quot;fadeIn&quot;,&quot;_animation_delay&quot;:500}\" data-widget_type=\"text-editor.default\">\n<div class=\"elementor-widget-container\">\n<p><span data-sheets-root=\"1\">1. Guia metodol\u00f2gica per a educadors ling\u00fc\u00edstics<br \/>\nAquesta guia integral proporciona als educadors les millors pr\u00e0ctiques, metodologies basades en investigacions i eines pr\u00e0ctiques per implementar l\u2019Aprenentatge Integrat de Continguts i Lleng\u00fces (aicle). Es centra a donar suport a l\u2019adquisici\u00f3 de lleng\u00fces mentre promou el coneixement de les assignatures, destacant la inclusi\u00f3 i l\u2019adaptaci\u00f3 a aules multiculturals.<\/span><\/p>\n<p>2. Cursos d\u2019idiomes basats en AICLE<br \/>\nEl curs d\u2019idiomes basat en CLIL ofereix m\u00f2duls estructurats adaptats per a estudiants de 7 a 14 anys, integrant les Habilitats B\u00e0siques de Comunicaci\u00f3 Interpersonal (BICS) i la Compet\u00e8ncia Ling\u00fc\u00edstica Acad\u00e8mica Cognitiva (CALP). Cobrir els nivells A1 a B2, combina l\u2019aprenentatge de lleng\u00fces amb contingut acad\u00e8mic, permetent als estudiants migrants prosperar en entorns multiling\u00fces i facilitant la seva integraci\u00f3 en el sistema educatiu.<\/p>\n<p>3. Mentoria digital basada en TELMS<br \/>\nEl programa de mentoria digital basat en TELMS: Aquest programa de mentoria integra els Sistemes de Gesti\u00f3 d\u2019Aprenentatge Millorats per Tecnologia (TELMS) amb eines d\u2019IA per donar suport als educadors en l\u2019atenci\u00f3 de les necessitats espec\u00edfiques dels estudiants migrants. Proporciona un marc estructurat per a la mentoria digital, destacant l\u2019orientaci\u00f3 personalitzada, el desenvolupament d\u2019habilitats i enfocaments innovadors per a l\u2019educaci\u00f3 ling\u00fc\u00edstica en aules diverses.<\/p>\n<div class=\"elementor-element elementor-element-bdbe06b elementor-widget elementor-widget-heading\" data-id=\"bdbe06b\" data-element_type=\"widget\" data-widget_type=\"heading.default\">\n<div class=\"elementor-widget-container\">\n<h2 class=\"elementor-heading-title elementor-size-default\">Informaci\u00f3 general<\/h2>\n<\/div>\n<\/div>\n<div class=\"elementor-element elementor-element-4d701b6 elementor-icon-list--layout-traditional elementor-list-item-link-full_width elementor-widget elementor-widget-icon-list\" data-id=\"4d701b6\" data-element_type=\"widget\" data-widget_type=\"icon-list.default\">\n<div class=\"elementor-widget-container\">\n<ul class=\"elementor-icon-list-items\">\n<li class=\"elementor-icon-list-item\"><span class=\"elementor-icon-list-text\">Programa:\u00a0Erasmus+ KA2<\/span><\/li>\n<li class=\"elementor-icon-list-item\"><span class=\"elementor-icon-list-text\">Inici:\u00a02024-11-11<\/span><\/li>\n<li class=\"elementor-icon-list-item\"><span class=\"elementor-icon-list-text\">Final:\u00a02026-12-31<\/span><\/li>\n<li class=\"elementor-icon-list-item\"><span class=\"elementor-icon-list-text\">N\u00famero: 2024-1-PL01-KA220-SCH-000256498<\/span><\/li>\n<\/ul>\n<\/div>\n<\/div>\n<\/div>\n<\/div>\n<p><a href=\"https:\/\/agora.xtec.cat\/escola-teresamiquelipamies\/wp-content\/uploads\/usu2106\/2025\/04\/CARE_logo_without-background.png\"><img loading=\"lazy\" decoding=\"async\" class=\"alignnone size-medium wp-image-4202\" src=\"https:\/\/agora.xtec.cat\/escola-teresamiquelipamies\/wp-content\/uploads\/usu2106\/2025\/04\/CARE_logo_without-background-300x300.png\" alt=\"\" width=\"300\" height=\"300\" srcset=\"https:\/\/agora.xtec.cat\/escola-teresamiquelipamies\/wp-content\/uploads\/usu2106\/2025\/04\/CARE_logo_without-background-300x300.png 300w, https:\/\/agora.xtec.cat\/escola-teresamiquelipamies\/wp-content\/uploads\/usu2106\/2025\/04\/CARE_logo_without-background-1024x1024.png 1024w, https:\/\/agora.xtec.cat\/escola-teresamiquelipamies\/wp-content\/uploads\/usu2106\/2025\/04\/CARE_logo_without-background-150x150.png 150w, https:\/\/agora.xtec.cat\/escola-teresamiquelipamies\/wp-content\/uploads\/usu2106\/2025\/04\/CARE_logo_without-background-768x768.png 768w, https:\/\/agora.xtec.cat\/escola-teresamiquelipamies\/wp-content\/uploads\/usu2106\/2025\/04\/CARE_logo_without-background.png 1120w\" sizes=\"auto, (max-width: 300px) 100vw, 300px\" \/><\/a><a href=\"https:\/\/agora.xtec.cat\/escola-teresamiquelipamies\/wp-content\/uploads\/usu2106\/2025\/04\/EN_co_fundedvertical_RGB_POS.png\"><img loading=\"lazy\" decoding=\"async\" class=\"alignright wp-image-4203 size-medium\" src=\"https:\/\/agora.xtec.cat\/escola-teresamiquelipamies\/wp-content\/uploads\/usu2106\/2025\/04\/EN_co_fundedvertical_RGB_POS-285x300.png\" alt=\"\" width=\"285\" height=\"300\" srcset=\"https:\/\/agora.xtec.cat\/escola-teresamiquelipamies\/wp-content\/uploads\/usu2106\/2025\/04\/EN_co_fundedvertical_RGB_POS-285x300.png 285w, https:\/\/agora.xtec.cat\/escola-teresamiquelipamies\/wp-content\/uploads\/usu2106\/2025\/04\/EN_co_fundedvertical_RGB_POS-768x808.png 768w, https:\/\/agora.xtec.cat\/escola-teresamiquelipamies\/wp-content\/uploads\/usu2106\/2025\/04\/EN_co_fundedvertical_RGB_POS.png 899w\" sizes=\"auto, (max-width: 285px) 100vw, 285px\" \/><\/a><\/p>\n<p>&nbsp;<\/p>\n<p><a href=\"https:\/\/careeducation.eu\/\" target=\"_blank\" rel=\"noopener\"><img loading=\"lazy\" decoding=\"async\" class=\"aligncenter wp-image-4205 size-full\" src=\"https:\/\/agora.xtec.cat\/escola-teresamiquelipamies\/wp-content\/uploads\/usu2106\/2025\/04\/Sin-titulo.jpg\" alt=\"\" width=\"938\" height=\"631\" srcset=\"https:\/\/agora.xtec.cat\/escola-teresamiquelipamies\/wp-content\/uploads\/usu2106\/2025\/04\/Sin-titulo.jpg 938w, https:\/\/agora.xtec.cat\/escola-teresamiquelipamies\/wp-content\/uploads\/usu2106\/2025\/04\/Sin-titulo-300x202.jpg 300w, https:\/\/agora.xtec.cat\/escola-teresamiquelipamies\/wp-content\/uploads\/usu2106\/2025\/04\/Sin-titulo-768x517.jpg 768w\" sizes=\"auto, (max-width: 938px) 100vw, 938px\" \/><\/a><\/p>\n<p>&nbsp;<\/p>\n<h2 class=\"elementor-heading-title elementor-size-default\">Socis del projecte:<\/h2>\n<p><a href=\"https:\/\/dante-ri.hr\/\" target=\"_blank\" rel=\"noopener\"><img loading=\"lazy\" decoding=\"async\" class=\"alignnone wp-image-4212 \" src=\"https:\/\/agora.xtec.cat\/escola-teresamiquelipamies\/wp-content\/uploads\/usu2106\/2025\/04\/Dante-logo_80_v5-plain.jpg\" alt=\"\" width=\"118\" height=\"35\" \/><\/a><\/p>\n<p><a href=\"https:\/\/edufem.es\/es\" target=\"_blank\" rel=\"noopener\"><img loading=\"lazy\" decoding=\"async\" class=\"alignnone wp-image-4214\" src=\"https:\/\/agora.xtec.cat\/escola-teresamiquelipamies\/wp-content\/uploads\/usu2106\/2025\/04\/eDUFEM-300x125.png\" alt=\"\" width=\"115\" height=\"48\" srcset=\"https:\/\/agora.xtec.cat\/escola-teresamiquelipamies\/wp-content\/uploads\/usu2106\/2025\/04\/eDUFEM-300x125.png 300w, https:\/\/agora.xtec.cat\/escola-teresamiquelipamies\/wp-content\/uploads\/usu2106\/2025\/04\/eDUFEM-1024x426.png 1024w, https:\/\/agora.xtec.cat\/escola-teresamiquelipamies\/wp-content\/uploads\/usu2106\/2025\/04\/eDUFEM-768x320.png 768w, https:\/\/agora.xtec.cat\/escola-teresamiquelipamies\/wp-content\/uploads\/usu2106\/2025\/04\/eDUFEM-1536x640.png 1536w, https:\/\/agora.xtec.cat\/escola-teresamiquelipamies\/wp-content\/uploads\/usu2106\/2025\/04\/eDUFEM-2048x853.png 2048w\" sizes=\"auto, (max-width: 115px) 100vw, 115px\" \/><\/a><\/p>\n<p><a href=\"https:\/\/www.mvidee.eu\/\" target=\"_blank\" rel=\"noopener\"><img loading=\"lazy\" decoding=\"async\" class=\"alignnone wp-image-4216\" src=\"https:\/\/agora.xtec.cat\/escola-teresamiquelipamies\/wp-content\/uploads\/usu2106\/2025\/04\/Mvidee-logo-300x266.png\" alt=\"\" width=\"95\" height=\"84\" srcset=\"https:\/\/agora.xtec.cat\/escola-teresamiquelipamies\/wp-content\/uploads\/usu2106\/2025\/04\/Mvidee-logo-300x266.png 300w, https:\/\/agora.xtec.cat\/escola-teresamiquelipamies\/wp-content\/uploads\/usu2106\/2025\/04\/Mvidee-logo.png 714w\" sizes=\"auto, (max-width: 95px) 100vw, 95px\" \/><\/a><\/p>\n<p><a href=\"http:\/\/fundacjairis.com\/\" target=\"_blank\" rel=\"noopener\"><img loading=\"lazy\" decoding=\"async\" class=\"alignnone wp-image-4217 \" src=\"https:\/\/agora.xtec.cat\/escola-teresamiquelipamies\/wp-content\/uploads\/usu2106\/2025\/04\/Logo_IRIS.png\" alt=\"\" width=\"105\" height=\"66\" \/><\/a><\/p>\n<p><a href=\"https:\/\/frej.org.pl\/\" target=\"_blank\" rel=\"noopener\"><img loading=\"lazy\" decoding=\"async\" class=\"alignnone wp-image-4218\" src=\"https:\/\/agora.xtec.cat\/escola-teresamiquelipamies\/wp-content\/uploads\/usu2106\/2025\/04\/REJ-logo-300x300.jpg\" alt=\"\" width=\"92\" height=\"92\" srcset=\"https:\/\/agora.xtec.cat\/escola-teresamiquelipamies\/wp-content\/uploads\/usu2106\/2025\/04\/REJ-logo-300x300.jpg 300w, https:\/\/agora.xtec.cat\/escola-teresamiquelipamies\/wp-content\/uploads\/usu2106\/2025\/04\/REJ-logo-150x150.jpg 150w, https:\/\/agora.xtec.cat\/escola-teresamiquelipamies\/wp-content\/uploads\/usu2106\/2025\/04\/REJ-logo-768x768.jpg 768w, https:\/\/agora.xtec.cat\/escola-teresamiquelipamies\/wp-content\/uploads\/usu2106\/2025\/04\/REJ-logo.jpg 800w\" sizes=\"auto, (max-width: 92px) 100vw, 92px\" \/><\/a><\/p>\n<p><a href=\"https:\/\/agora.xtec.cat\/escola-teresamiquelipamies\/\" target=\"_blank\" rel=\"noopener\"><img loading=\"lazy\" decoding=\"async\" class=\"alignnone wp-image-4219\" src=\"https:\/\/agora.xtec.cat\/escola-teresamiquelipamies\/wp-content\/uploads\/usu2106\/2025\/04\/Escola-Teresa-Miquel_logo-300x294.png\" alt=\"\" width=\"100\" height=\"98\" srcset=\"https:\/\/agora.xtec.cat\/escola-teresamiquelipamies\/wp-content\/uploads\/usu2106\/2025\/04\/Escola-Teresa-Miquel_logo-300x294.png 300w, https:\/\/agora.xtec.cat\/escola-teresamiquelipamies\/wp-content\/uploads\/usu2106\/2025\/04\/Escola-Teresa-Miquel_logo.png 342w\" sizes=\"auto, (max-width: 100px) 100vw, 100px\" \/><\/a><\/p>\n<p>&nbsp;<\/p>\n<p>&nbsp;<\/p>\n<p>&nbsp;<\/p>\n<p>&nbsp;<\/p>\n<p>&nbsp;<\/p>\n<p>&nbsp;<\/p>\n<p>&nbsp;<\/p>\n<p>&nbsp;<\/p>\n<p>&nbsp;<\/p>\n<p>&nbsp;<\/p>\n","protected":false},"excerpt":{"rendered":"<p>Educaci\u00f3 ling\u00fc\u00edstica per a la inclusi\u00f3 d\u2019estudiants pertanyents a minories immigrants. (CARE)<\/p>\n<p>Descripci\u00f3 del projecte<\/p>\n<p>El projecte CARE t\u00e9 com a objectiu donar suport a la integraci\u00f3 d\u2019estudiants migrants en sistemes educatius multiling\u00fces mitjan\u00e7ant el desenvolupament d\u2019eines i metodologies innovadores per a l\u2019aprenentatge de lleng\u00fces. A trav\u00e9s&hellip;  <a href=\"https:\/\/agora.xtec.cat\/escola-teresamiquelipamies\/projectes\/erasmus\/\" title=\"Read ERASMUS+\">Llegeix m\u00e9s\u00bb<\/a><\/p>\n","protected":false},"author":1,"featured_media":0,"parent":622,"menu_order":0,"comment_status":"closed","ping_status":"closed","template":"","meta":{"_bbp_topic_count":0,"_bbp_reply_count":0,"_bbp_total_topic_count":0,"_bbp_total_reply_count":0,"_bbp_voice_count":0,"_bbp_anonymous_reply_count":0,"_bbp_topic_count_hidden":0,"_bbp_reply_count_hidden":0,"_bbp_forum_subforum_count":0,"footnotes":""},"class_list":["post-4104","page","type-page","status-publish","hentry"],"post_mailing_queue_ids":[],"_links":{"self":[{"href":"https:\/\/agora.xtec.cat\/escola-teresamiquelipamies\/wp-json\/wp\/v2\/pages\/4104","targetHints":{"allow":["GET"]}}],"collection":[{"href":"https:\/\/agora.xtec.cat\/escola-teresamiquelipamies\/wp-json\/wp\/v2\/pages"}],"about":[{"href":"https:\/\/agora.xtec.cat\/escola-teresamiquelipamies\/wp-json\/wp\/v2\/types\/page"}],"author":[{"embeddable":true,"href":"https:\/\/agora.xtec.cat\/escola-teresamiquelipamies\/wp-json\/wp\/v2\/users\/1"}],"replies":[{"embeddable":true,"href":"https:\/\/agora.xtec.cat\/escola-teresamiquelipamies\/wp-json\/wp\/v2\/comments?post=4104"}],"version-history":[{"count":6,"href":"https:\/\/agora.xtec.cat\/escola-teresamiquelipamies\/wp-json\/wp\/v2\/pages\/4104\/revisions"}],"predecessor-version":[{"id":4221,"href":"https:\/\/agora.xtec.cat\/escola-teresamiquelipamies\/wp-json\/wp\/v2\/pages\/4104\/revisions\/4221"}],"up":[{"embeddable":true,"href":"https:\/\/agora.xtec.cat\/escola-teresamiquelipamies\/wp-json\/wp\/v2\/pages\/622"}],"wp:attachment":[{"href":"https:\/\/agora.xtec.cat\/escola-teresamiquelipamies\/wp-json\/wp\/v2\/media?parent=4104"}],"curies":[{"name":"wp","href":"https:\/\/api.w.org\/{rel}","templated":true}]}}