{"id":26,"date":"2014-09-18T12:24:32","date_gmt":"2014-09-18T11:24:32","guid":{"rendered":"http:\/\/agora.xtec.cat\/escola-solivent\/?page_id=26"},"modified":"2017-03-06T12:02:19","modified_gmt":"2017-03-06T11:02:19","slug":"historia","status":"publish","type":"page","link":"https:\/\/agora.xtec.cat\/escola-solivent\/lescola\/historia\/","title":{"rendered":"Hist\u00f2ria"},"content":{"rendered":"<p>El 18 de setembre de 1932, coincidint amb la festa major de Sant Cebri\u00e0 es varen inaugurar les noves escoles p\u00fabliques. Eren mestres de l\u2019escola, en aquell moment, Joaquim Bosch i Maria Vilaseca. La gent va admirar el nou edifici i va quedar meravellada de la seva capacitat i condicions i tamb\u00e9 de la novetat que representava disposar d\u2019un gran pati, fins llavors inexistent.<\/p>\n<p><a href=\"http:\/\/agora.xtec.cat\/escola-solivent\/wp-content\/uploads\/usu1558\/2016\/11\/Ecoles-1932.png\"><img loading=\"lazy\" decoding=\"async\" class=\"size-full wp-image-478 aligncenter\" src=\"http:\/\/agora.xtec.cat\/escola-solivent\/wp-content\/uploads\/usu1558\/2016\/11\/Ecoles-1932.png\" alt=\"ecoles-1932\" width=\"491\" height=\"348\" srcset=\"https:\/\/agora.xtec.cat\/escola-solivent\/wp-content\/uploads\/usu1558\/2016\/11\/Ecoles-1932.png 491w, https:\/\/agora.xtec.cat\/escola-solivent\/wp-content\/uploads\/usu1558\/2016\/11\/Ecoles-1932-300x213.png 300w\" sizes=\"auto, (max-width: 491px) 100vw, 491px\" \/><\/a><\/p>\n<p>El 1960 ja es va veure la necessitat de construir unes noves escoles, puix que les del 1931 foren considerades antiquades, petites i amena\u00e7ades de ru\u00efna.<\/p>\n<p>El 1965 es va comprar un terreny ve\u00ed per bastir-hi el parvulari, per\u00f2 no fou fins al 1985 quan es va fer el projecte de la nova escola prim\u00e0ria i una altra de parvulari. En aquest mateix any fou enderrocat el vell edifici. Mentre es feien les obres del nou la mainada an\u00e0 a diversos locals particulars habilitats. El nou col\u00b7legi p\u00fablic va iniciar la seva prestaci\u00f3 el curs 1987\/88.<\/p>\n<p><a href=\"http:\/\/agora.xtec.cat\/escola-solivent\/wp-content\/uploads\/usu1558\/2016\/11\/PR140_Solivent.jpg\"><img loading=\"lazy\" decoding=\"async\" class=\"wp-image-480 aligncenter\" src=\"http:\/\/agora.xtec.cat\/escola-solivent\/wp-content\/uploads\/usu1558\/2016\/11\/PR140_Solivent.jpg\" alt=\"pr140_solivent\" width=\"471\" height=\"325\" srcset=\"https:\/\/agora.xtec.cat\/escola-solivent\/wp-content\/uploads\/usu1558\/2016\/11\/PR140_Solivent.jpg 800w, https:\/\/agora.xtec.cat\/escola-solivent\/wp-content\/uploads\/usu1558\/2016\/11\/PR140_Solivent-300x207.jpg 300w, https:\/\/agora.xtec.cat\/escola-solivent\/wp-content\/uploads\/usu1558\/2016\/11\/PR140_Solivent-768x531.jpg 768w\" sizes=\"auto, (max-width: 471px) 100vw, 471px\" \/><\/a><\/p>\n<p>Durant el 2012, l\u00b4Escola Sol i Vent va organitzar un seguit d\u2019actes per celebrar els seus 25 anys d\u00b4hist\u00f2ria. Es va fer una exposici\u00f3 amb material gr\u00e0fic que il\u00b7lustrava l\u00b4evoluci\u00f3 del centre.<br \/>\nLes noces de plata de l\u00b4escola es van celebrar durant el mes d\u2019abril, coincidint amb la setmana cultural que es fa a l\u00b4escola, i per a l\u00b4ocasi\u00f3 es va preparar un lip-dub, amb la participaci\u00f3 dels nens i de les nenes i dels seus mestres, i una samarreta commemorativa dels 25 anys.<\/p>\n<p><iframe loading=\"lazy\" title=\"LIPDUB - ESCOLA SOL I VENT &quot;25 ANYS&quot;\" width=\"500\" height=\"281\" src=\"https:\/\/www.youtube.com\/embed\/pZJQlNWCZP0?feature=oembed\" frameborder=\"0\" allow=\"accelerometer; autoplay; clipboard-write; encrypted-media; gyroscope; picture-in-picture; web-share\" referrerpolicy=\"strict-origin-when-cross-origin\" allowfullscreen><\/iframe><\/p>\n<p><em>* Fonts d&#8217;informaci\u00f3: Quaderns de la Revista de Girona n\u00ba68 i Setmanari Empord\u00e0 edici\u00f3 11 d&#8217;abril de 2012.<br \/>\n<\/em><\/p>\n","protected":false},"excerpt":{"rendered":"<p>El 18 de setembre de 1932, coincidint amb la festa major de Sant Cebri\u00e0 es varen inaugurar les noves escoles p\u00fabliques. Eren mestres de l\u2019escola, en aquell moment, Joaquim Bosch i Maria Vilaseca. La gent va admirar el nou edifici i va quedar meravellada de&hellip;  <a href=\"https:\/\/agora.xtec.cat\/escola-solivent\/lescola\/historia\/\" title=\"Read Hist\u00f2ria\">Llegeix m\u00e9s\u00bb<\/a><\/p>\n","protected":false},"author":1,"featured_media":0,"parent":22,"menu_order":20,"comment_status":"closed","ping_status":"closed","template":"page-templates\/side-menu.php","meta":{"_bbp_topic_count":0,"_bbp_reply_count":0,"_bbp_total_topic_count":0,"_bbp_total_reply_count":0,"_bbp_voice_count":0,"_bbp_anonymous_reply_count":0,"_bbp_topic_count_hidden":0,"_bbp_reply_count_hidden":0,"_bbp_forum_subforum_count":0,"footnotes":""},"class_list":["post-26","page","type-page","status-publish","hentry"],"post_mailing_queue_ids":[],"_links":{"self":[{"href":"https:\/\/agora.xtec.cat\/escola-solivent\/wp-json\/wp\/v2\/pages\/26","targetHints":{"allow":["GET"]}}],"collection":[{"href":"https:\/\/agora.xtec.cat\/escola-solivent\/wp-json\/wp\/v2\/pages"}],"about":[{"href":"https:\/\/agora.xtec.cat\/escola-solivent\/wp-json\/wp\/v2\/types\/page"}],"author":[{"embeddable":true,"href":"https:\/\/agora.xtec.cat\/escola-solivent\/wp-json\/wp\/v2\/users\/1"}],"replies":[{"embeddable":true,"href":"https:\/\/agora.xtec.cat\/escola-solivent\/wp-json\/wp\/v2\/comments?post=26"}],"version-history":[{"count":3,"href":"https:\/\/agora.xtec.cat\/escola-solivent\/wp-json\/wp\/v2\/pages\/26\/revisions"}],"predecessor-version":[{"id":481,"href":"https:\/\/agora.xtec.cat\/escola-solivent\/wp-json\/wp\/v2\/pages\/26\/revisions\/481"}],"up":[{"embeddable":true,"href":"https:\/\/agora.xtec.cat\/escola-solivent\/wp-json\/wp\/v2\/pages\/22"}],"wp:attachment":[{"href":"https:\/\/agora.xtec.cat\/escola-solivent\/wp-json\/wp\/v2\/media?parent=26"}],"curies":[{"name":"wp","href":"https:\/\/api.w.org\/{rel}","templated":true}]}}