{"id":2823,"date":"2020-02-17T12:10:17","date_gmt":"2020-02-17T11:10:17","guid":{"rendered":"http:\/\/agora.xtec.cat\/escola-santacaterina-vinyols\/?page_id=2823"},"modified":"2025-09-29T12:25:48","modified_gmt":"2025-09-29T10:25:48","slug":"educacio-artistica","status":"publish","type":"page","link":"https:\/\/agora.xtec.cat\/escola-santacaterina-vinyols\/com-treballem\/educacio-artistica\/","title":{"rendered":"Educaci\u00f3 Art\u00edstica"},"content":{"rendered":"<p>Considerem que l&#8217;educaci\u00f3 art\u00edstica \u00e9s fonamental per al desenvolupament global dels infants. A trav\u00e9s de la creativitat, l&#8217;esfor\u00e7, el treball en equip i l&#8217;exploraci\u00f3 de diferents llenguatges, s&#8217;ofereixen continguts educatius que fomenten el creixement personal i la sensibilitat.<\/p>\n<p>En l&#8217;\u00e0mbit de l&#8217;educaci\u00f3 visual i pl\u00e0stica, l&#8217;alumnat treballa diverses t\u00e8cniques d&#8217;expressi\u00f3 art\u00edstica i reflexiona sobre el m\u00f3n de l&#8217;art a trav\u00e9s d\u2019artistes de diferents \u00e8poques. A m\u00e9s de les activitats individuals, tamb\u00e9 es realitzen projectes col\u00b7lectius, com la creaci\u00f3 de murals en col\u00b7laboraci\u00f3 amb l&#8217;Ajuntament de Vinyols, on l\u2019alumnat pot desenvolupar la seva creativitat de manera conjunta.<\/p>\n<p><img loading=\"lazy\" decoding=\"async\" class=\"wp-image-4848 alignleft\" src=\"https:\/\/agora.xtec.cat\/escola-santacaterina-vinyols\/wp-content\/uploads\/usu964\/2025\/09\/IMG_724411-1024x768.jpg\" alt=\"\" width=\"443\" height=\"332\" srcset=\"https:\/\/agora.xtec.cat\/escola-santacaterina-vinyols\/wp-content\/uploads\/usu964\/2025\/09\/IMG_724411-1024x768.jpg 1024w, https:\/\/agora.xtec.cat\/escola-santacaterina-vinyols\/wp-content\/uploads\/usu964\/2025\/09\/IMG_724411-300x225.jpg 300w, https:\/\/agora.xtec.cat\/escola-santacaterina-vinyols\/wp-content\/uploads\/usu964\/2025\/09\/IMG_724411-768x576.jpg 768w, https:\/\/agora.xtec.cat\/escola-santacaterina-vinyols\/wp-content\/uploads\/usu964\/2025\/09\/IMG_724411-1536x1152.jpg 1536w, https:\/\/agora.xtec.cat\/escola-santacaterina-vinyols\/wp-content\/uploads\/usu964\/2025\/09\/IMG_724411-2048x1536.jpg 2048w, https:\/\/agora.xtec.cat\/escola-santacaterina-vinyols\/wp-content\/uploads\/usu964\/2025\/09\/IMG_724411-200x150.jpg 200w\" sizes=\"auto, (max-width: 443px) 100vw, 443px\" \/><\/p>\n<p><img loading=\"lazy\" decoding=\"async\" class=\" wp-image-4847 alignright\" src=\"https:\/\/agora.xtec.cat\/escola-santacaterina-vinyols\/wp-content\/uploads\/usu964\/2025\/09\/9ea46fd5-0415-4887-954b-f51902b789b7-768x1024.jpg\" alt=\"\" width=\"358\" height=\"477\" srcset=\"https:\/\/agora.xtec.cat\/escola-santacaterina-vinyols\/wp-content\/uploads\/usu964\/2025\/09\/9ea46fd5-0415-4887-954b-f51902b789b7-768x1024.jpg 768w, https:\/\/agora.xtec.cat\/escola-santacaterina-vinyols\/wp-content\/uploads\/usu964\/2025\/09\/9ea46fd5-0415-4887-954b-f51902b789b7-225x300.jpg 225w, https:\/\/agora.xtec.cat\/escola-santacaterina-vinyols\/wp-content\/uploads\/usu964\/2025\/09\/9ea46fd5-0415-4887-954b-f51902b789b7-1152x1536.jpg 1152w, https:\/\/agora.xtec.cat\/escola-santacaterina-vinyols\/wp-content\/uploads\/usu964\/2025\/09\/9ea46fd5-0415-4887-954b-f51902b789b7.jpg 1200w\" sizes=\"auto, (max-width: 358px) 100vw, 358px\" \/><\/p>\n<p>&nbsp;<\/p>\n<p>&nbsp;<\/p>\n<p>&nbsp;<\/p>\n<p>&nbsp;<\/p>\n<p>&nbsp;<\/p>\n<p>&nbsp;<\/p>\n<p>&nbsp;<\/p>\n<p>&nbsp;<\/p>\n<p>&nbsp;<\/p>\n<p>&nbsp;<\/p>\n<p>&nbsp;<\/p>\n<p>A M\u00fasica i Dansa, la nostra metodologia es basa principalment en l\u2019experimentaci\u00f3 pr\u00e0ctica, a trav\u00e9s de la percepci\u00f3, la interpretaci\u00f3 i la creaci\u00f3 musical. A l\u2019etapa d&#8217;educaci\u00f3 infantil, l\u2019alumnat s&#8217;inicia en la interpretaci\u00f3 de can\u00e7ons i danses, promovent una escolta activa i una participaci\u00f3 creativa. Tamb\u00e9 s\u2019estimula l\u2019experimentaci\u00f3 i l\u2019autonomia mitjan\u00e7ant el treball en espais diferenciats.<\/p>\n<p>A prim\u00e0ria, es continua amb el desenvolupament sensorial, ampliant-se amb la realitzaci\u00f3 de projectes musicals i coreogr\u00e0fics que permeten a l\u2019alumnat explorar de manera m\u00e9s profunda la seva expressi\u00f3 art\u00edstica.<\/p>\n<p>Per tant:<\/p>\n<ul>\n<li>Treball de llenguatge musical amb<strong> Ukelele<\/strong> a 5\u00e8 i 6\u00e8.<\/li>\n<li>Aplicaci\u00f3 del llenguatge musical a trav\u00e9s dels instruments d\u2019aula.<\/li>\n<li>Cantada de Nadales pels carrers del poble.<\/li>\n<li>Activitats de timbal i batucada a 3r i 4t.<\/li>\n<li>Participaci\u00f3 en la cantata conjunta dels alumnes de 3r de Cambrils i Vinyols, en col\u00b7laboraci\u00f3 amb l\u2019EMMC.<\/li>\n<li>Participaci\u00f3 a la <strong>Cant\u00e0nia<\/strong> a l\u2019Auditori de Barcelona, amb l\u2019alumnat de 5\u00e8.<\/li>\n<li>Treball del llenguatge musical amb ukelele a 5\u00e8 i 6\u00e8.<img loading=\"lazy\" decoding=\"async\" class=\"wp-image-4849 alignright\" src=\"https:\/\/agora.xtec.cat\/escola-santacaterina-vinyols\/wp-content\/uploads\/usu964\/2025\/09\/IMG_6108-1024x768.jpg\" alt=\"\" width=\"468\" height=\"351\" srcset=\"https:\/\/agora.xtec.cat\/escola-santacaterina-vinyols\/wp-content\/uploads\/usu964\/2025\/09\/IMG_6108-1024x768.jpg 1024w, https:\/\/agora.xtec.cat\/escola-santacaterina-vinyols\/wp-content\/uploads\/usu964\/2025\/09\/IMG_6108-300x225.jpg 300w, https:\/\/agora.xtec.cat\/escola-santacaterina-vinyols\/wp-content\/uploads\/usu964\/2025\/09\/IMG_6108-768x576.jpg 768w, https:\/\/agora.xtec.cat\/escola-santacaterina-vinyols\/wp-content\/uploads\/usu964\/2025\/09\/IMG_6108-1536x1152.jpg 1536w, https:\/\/agora.xtec.cat\/escola-santacaterina-vinyols\/wp-content\/uploads\/usu964\/2025\/09\/IMG_6108-2048x1536.jpg 2048w, https:\/\/agora.xtec.cat\/escola-santacaterina-vinyols\/wp-content\/uploads\/usu964\/2025\/09\/IMG_6108-200x150.jpg 200w\" sizes=\"auto, (max-width: 468px) 100vw, 468px\" \/><\/li>\n<\/ul>\n<p><img loading=\"lazy\" decoding=\"async\" class=\"wp-image-4850 alignleft\" src=\"https:\/\/agora.xtec.cat\/escola-santacaterina-vinyols\/wp-content\/uploads\/usu964\/2025\/09\/IMG_66321-1024x768.jpg\" alt=\"\" width=\"404\" height=\"303\" srcset=\"https:\/\/agora.xtec.cat\/escola-santacaterina-vinyols\/wp-content\/uploads\/usu964\/2025\/09\/IMG_66321-1024x768.jpg 1024w, https:\/\/agora.xtec.cat\/escola-santacaterina-vinyols\/wp-content\/uploads\/usu964\/2025\/09\/IMG_66321-300x225.jpg 300w, https:\/\/agora.xtec.cat\/escola-santacaterina-vinyols\/wp-content\/uploads\/usu964\/2025\/09\/IMG_66321-768x576.jpg 768w, https:\/\/agora.xtec.cat\/escola-santacaterina-vinyols\/wp-content\/uploads\/usu964\/2025\/09\/IMG_66321-1536x1152.jpg 1536w, https:\/\/agora.xtec.cat\/escola-santacaterina-vinyols\/wp-content\/uploads\/usu964\/2025\/09\/IMG_66321-2048x1536.jpg 2048w, https:\/\/agora.xtec.cat\/escola-santacaterina-vinyols\/wp-content\/uploads\/usu964\/2025\/09\/IMG_66321-200x150.jpg 200w\" sizes=\"auto, (max-width: 404px) 100vw, 404px\" \/><\/p>\n<p>&nbsp;<\/p>\n<p>&nbsp;<\/p>\n<p>&nbsp;<\/p>\n<p>&nbsp;<\/p>\n<p>&nbsp;<\/p>\n<p>&nbsp;<\/p>\n<p>&nbsp;<\/p>\n<p>&nbsp;<\/p>\n<p>&nbsp;<\/p>\n<p>&nbsp;<\/p>\n","protected":false},"excerpt":{"rendered":"<p>Considerem que l&#8217;educaci\u00f3 art\u00edstica \u00e9s fonamental per al desenvolupament global dels infants. A trav\u00e9s de la creativitat, l&#8217;esfor\u00e7, el treball en equip i l&#8217;exploraci\u00f3 de diferents llenguatges, s&#8217;ofereixen continguts educatius que fomenten el creixement personal i la sensibilitat. En l&#8217;\u00e0mbit de l&#8217;educaci\u00f3 visual i pl\u00e0stica, l&#8217;alumnat treballa diverses t\u00e8cniques d&#8217;expressi\u00f3 art\u00edstica i reflexiona sobre el [&hellip;]<\/p>\n","protected":false},"author":1,"featured_media":0,"parent":2680,"menu_order":4,"comment_status":"closed","ping_status":"closed","template":"","meta":{"_bbp_topic_count":0,"_bbp_reply_count":0,"_bbp_total_topic_count":0,"_bbp_total_reply_count":0,"_bbp_voice_count":0,"_bbp_anonymous_reply_count":0,"_bbp_topic_count_hidden":0,"_bbp_reply_count_hidden":0,"_bbp_forum_subforum_count":0,"site-sidebar-layout":"default","site-content-layout":"","ast-site-content-layout":"","site-content-style":"default","site-sidebar-style":"default","ast-global-header-display":"","ast-banner-title-visibility":"","ast-main-header-display":"","ast-hfb-above-header-display":"","ast-hfb-below-header-display":"","ast-hfb-mobile-header-display":"","site-post-title":"","ast-breadcrumbs-content":"","ast-featured-img":"","footer-sml-layout":"","theme-transparent-header-meta":"","adv-header-id-meta":"","stick-header-meta":"","header-above-stick-meta":"","header-main-stick-meta":"","header-below-stick-meta":"","astra-migrate-meta-layouts":"default","ast-page-background-enabled":"default","ast-page-background-meta":{"desktop":{"background-color":"var(--ast-global-color-4)","background-image":"","background-repeat":"repeat","background-position":"center center","background-size":"auto","background-attachment":"scroll","background-type":"","background-media":"","overlay-type":"","overlay-color":"","overlay-opacity":"","overlay-gradient":""},"tablet":{"background-color":"","background-image":"","background-repeat":"repeat","background-position":"center center","background-size":"auto","background-attachment":"scroll","background-type":"","background-media":"","overlay-type":"","overlay-color":"","overlay-opacity":"","overlay-gradient":""},"mobile":{"background-color":"","background-image":"","background-repeat":"repeat","background-position":"center center","background-size":"auto","background-attachment":"scroll","background-type":"","background-media":"","overlay-type":"","overlay-color":"","overlay-opacity":"","overlay-gradient":""}},"ast-content-background-meta":{"desktop":{"background-color":"var(--ast-global-color-5)","background-image":"","background-repeat":"repeat","background-position":"center center","background-size":"auto","background-attachment":"scroll","background-type":"","background-media":"","overlay-type":"","overlay-color":"","overlay-opacity":"","overlay-gradient":""},"tablet":{"background-color":"var(--ast-global-color-5)","background-image":"","background-repeat":"repeat","background-position":"center center","background-size":"auto","background-attachment":"scroll","background-type":"","background-media":"","overlay-type":"","overlay-color":"","overlay-opacity":"","overlay-gradient":""},"mobile":{"background-color":"var(--ast-global-color-5)","background-image":"","background-repeat":"repeat","background-position":"center center","background-size":"auto","background-attachment":"scroll","background-type":"","background-media":"","overlay-type":"","overlay-color":"","overlay-opacity":"","overlay-gradient":""}},"footnotes":""},"class_list":["post-2823","page","type-page","status-publish","hentry"],"post_mailing_queue_ids":[],"_links":{"self":[{"href":"https:\/\/agora.xtec.cat\/escola-santacaterina-vinyols\/wp-json\/wp\/v2\/pages\/2823","targetHints":{"allow":["GET"]}}],"collection":[{"href":"https:\/\/agora.xtec.cat\/escola-santacaterina-vinyols\/wp-json\/wp\/v2\/pages"}],"about":[{"href":"https:\/\/agora.xtec.cat\/escola-santacaterina-vinyols\/wp-json\/wp\/v2\/types\/page"}],"author":[{"embeddable":true,"href":"https:\/\/agora.xtec.cat\/escola-santacaterina-vinyols\/wp-json\/wp\/v2\/users\/1"}],"replies":[{"embeddable":true,"href":"https:\/\/agora.xtec.cat\/escola-santacaterina-vinyols\/wp-json\/wp\/v2\/comments?post=2823"}],"version-history":[{"count":4,"href":"https:\/\/agora.xtec.cat\/escola-santacaterina-vinyols\/wp-json\/wp\/v2\/pages\/2823\/revisions"}],"predecessor-version":[{"id":4851,"href":"https:\/\/agora.xtec.cat\/escola-santacaterina-vinyols\/wp-json\/wp\/v2\/pages\/2823\/revisions\/4851"}],"up":[{"embeddable":true,"href":"https:\/\/agora.xtec.cat\/escola-santacaterina-vinyols\/wp-json\/wp\/v2\/pages\/2680"}],"wp:attachment":[{"href":"https:\/\/agora.xtec.cat\/escola-santacaterina-vinyols\/wp-json\/wp\/v2\/media?parent=2823"}],"curies":[{"name":"wp","href":"https:\/\/api.w.org\/{rel}","templated":true}]}}