{"id":1961,"date":"2018-04-10T12:53:11","date_gmt":"2018-04-10T10:53:11","guid":{"rendered":"http:\/\/agora.xtec.cat\/escola-santacaterina-vinyols\/?page_id=1961"},"modified":"2023-07-04T13:47:48","modified_gmt":"2023-07-04T11:47:48","slug":"ampa","status":"publish","type":"page","link":"https:\/\/agora.xtec.cat\/escola-santacaterina-vinyols\/ampa\/","title":{"rendered":"AFA"},"content":{"rendered":"<p>&nbsp;<\/p>\n<div><a href=\"https:\/\/agora.xtec.cat\/escola-santacaterina-vinyols\/wp-content\/uploads\/usu964\/2022\/02\/Logo-AFA-1.jpeg\"><img loading=\"lazy\" decoding=\"async\" class=\"wp-image-3764 size-thumbnail aligncenter\" src=\"https:\/\/agora.xtec.cat\/escola-santacaterina-vinyols\/wp-content\/uploads\/usu964\/2022\/02\/Logo-AFA-1-150x150.jpeg\" alt=\"\" width=\"150\" height=\"150\" srcset=\"https:\/\/agora.xtec.cat\/escola-santacaterina-vinyols\/wp-content\/uploads\/usu964\/2022\/02\/Logo-AFA-1-150x150.jpeg 150w, https:\/\/agora.xtec.cat\/escola-santacaterina-vinyols\/wp-content\/uploads\/usu964\/2022\/02\/Logo-AFA-1.jpeg 271w\" sizes=\"auto, (max-width: 150px) 100vw, 150px\" \/><\/a><\/div>\n<div><\/div>\n<div>\n<div>\n<p><b>L\u2019AFA SANTA CATERINA<\/b> \u00e9s una AFA oberta i transparent, amb un projecte enfocat a la millora cont\u00ednua en el desenvolupament acad\u00e8mic i emocional dels nostres fills i filles, a la integraci\u00f3 de tots i totes a l\u2019escola.<\/p>\n<p>L\u2019AFA\u00a0 ofereix:<\/p>\n<ol>\n<li><strong>Conciliaci\u00f3 familiar:\u00a0<\/strong>\n<ul>\n<li>Servei\u00a0<strong>d\u2019acollida<\/strong>\u00a0(7:30 a 9:00 h en franges de mitja hora)<\/li>\n<li>Servei de\u00a0<strong>menjador<\/strong>\u00a0(12:30 a 15:00h).\u00a0<a href=\"https:\/\/comacasamenjadors.cat\/\" target=\"_blank\" rel=\"noopener noreferrer\" data-saferedirecturl=\"https:\/\/www.google.com\/url?q=https:\/\/comacasamenjadors.cat\/&amp;source=gmail&amp;ust=1645182018985000&amp;usg=AOvVaw3OcLKdpxv_IfYg1bQ7-1N1\">https:\/\/<wbr \/>comacasamenjadors.cat<\/a><\/li>\n<\/ul>\n<\/li>\n<li><strong>Extraescolars<\/strong>:\n<ul>\n<li>\u00c0mplia oferta d\u2019activitats extraescolars esportives, formatives i art\u00edstiques (16:30 a 17:30h) .<\/li>\n<li><strong>Organitzacions casals:<\/strong><\/li>\n<\/ul>\n<ul>\n<li>Organitzaci\u00f3 de\u00a0<strong>casal<\/strong> d\u2019estiu, setembre, Nadal i Setmana Santa<\/li>\n<li><strong>Col\u00f2nies\u00a0<\/strong><\/li>\n<\/ul>\n<\/li>\n<li><strong>Festes tradicionals:<\/strong>\n<ul>\n<li>Organitzaci\u00f3 de festes tradicionals (carnaval, festa de fi de curs, \u2026)<\/li>\n<\/ul>\n<\/li>\n<li><strong>Formaci\u00f3<\/strong>:\n<ul>\n<li>Diferents sessions de formaci\u00f3 a les fam\u00edlies de diverses tem\u00e0tiques.<\/li>\n<\/ul>\n<\/li>\n<\/ol>\n<p>&nbsp;<\/p>\n<p><b>Qu\u00e8 cal fer per ser de l\u2019AFA?<\/b><\/p>\n<ul>\n<li>Pagar una quota per fam\u00edlia i per curs escolar que ascendeix a 25 euros (curs 2023-2024)<\/li>\n<li>Per donar-vos d\u2019alta com a socis ompliu el seg\u00fcent formulari:\u00a0<a href=\"https:\/\/forms.gle\/bqLTTL1KDFCGp1Pu6\" target=\"_blank\" rel=\"noopener noreferrer\" data-saferedirecturl=\"https:\/\/www.google.com\/url?q=https:\/\/forms.gle\/bqLTTL1KDFCGp1Pu6&amp;source=gmail&amp;ust=1645182018985000&amp;usg=AOvVaw07aanulXvNSCfXLv8A4ytn\">https:\/\/forms.gle\/<wbr \/>bqLTTL1KDFCGp1Pu6<\/a><\/li>\n<\/ul>\n<div><strong>P\u00e0gina Web<\/strong>:\u00a0<a href=\"http:\/\/www.afasantacaterina.cat\/\" target=\"_blank\" rel=\"noopener\" data-saferedirecturl=\"https:\/\/www.google.com\/url?q=http:\/\/www.afasantacaterina.cat\/&amp;source=gmail&amp;ust=1645182018985000&amp;usg=AOvVaw3JcvKbMzPdW4rDF9LpqIKh\">http:\/\/www.<wbr \/>afasantacaterina.cat<\/a><\/div>\n<p><b>Contacta amb l\u2019AFA<\/b>\u00a0a trav\u00e9s del correu electr\u00f2nic:\u00a0<a href=\"mailto:afasantacaterina@gmail.com\" target=\"_blank\" rel=\"noopener\">afasantacaterina@<wbr \/>gmail.com<\/a><\/p>\n<p><b>Seguiu-nos a:<\/b><\/p>\n<p><b>\u21d2Telegram<\/b>:\u00a0<a href=\"https:\/\/t.me\/afaescolasantacaterinavinyols\" target=\"_blank\" rel=\"noopener\" data-saferedirecturl=\"https:\/\/www.google.com\/url?q=https:\/\/t.me\/afaescolasantacaterinavinyols&amp;source=gmail&amp;ust=1645182018985000&amp;usg=AOvVaw1Vuc-VqYYShRgr-3_zOHm8\">https:\/\/t.me\/<wbr \/>afaescolasantacaterinavinyols\u00a0<wbr \/>\u00a0<\/a><\/p>\n<p><b>\u21d2Instagram:\u00a0<\/b><a href=\"https:\/\/www.instagram.com\/afasantacaterina\/\" target=\"_blank\" rel=\"noopener\" data-saferedirecturl=\"https:\/\/www.google.com\/url?q=https:\/\/www.instagram.com\/afasantacaterina\/&amp;source=gmail&amp;ust=1645182018985000&amp;usg=AOvVaw0RMcPvTmzIefETeglzTlUT\">https:\/\/www.<wbr \/>instagram.com\/<wbr \/>afasantacaterina\/<\/a><\/p>\n<\/div>\n<div>\n<p>Recordem que ser de l\u2019AFA permet participar en les activitats delegades pel Consell Escolar, Activitats Extraescolars, Serveis d\u2019Acollides, Menjador, participar en la junta de l\u2019AFA i col\u00b7laborar en els grups de treball, a m\u00e9s a m\u00e9s de gaudir de les Festes que organitza l\u2019AFA a l\u2019escola.<\/p>\n<p>La previsi\u00f3 de les activitats extraescolars pel curs 23-24 \u00e9s la seg\u00fcent: <a href=\"https:\/\/drive.google.com\/file\/d\/1TjirMIokq-hSjr3R1MGX3VNvK3fNWkTE\/view?usp=sharing\" target=\"_blank\" rel=\"noopener\" data-saferedirecturl=\"https:\/\/www.google.com\/url?q=https:\/\/drive.google.com\/file\/d\/1TjirMIokq-hSjr3R1MGX3VNvK3fNWkTE\/view?usp%3Dsharing&amp;source=gmail&amp;ust=1645182018985000&amp;usg=AOvVaw0aKOWb54xvMHBXXy5L9u4F\">GRAELLA ACTIVITATS<\/a><\/p>\n<div>L\u2019enlla\u00e7 del costat de l\u2019activitat \u00e9s l\u2019aplicatiu per apuntar-se a la mateixa.<\/div>\n<div><\/div>\n<ul>\n<li>ANGL\u00c8S <a href=\"https:\/\/forms.gle\/xtcPiaQzXWSkkXgg7\" target=\"_blank\" rel=\"noopener\" data-saferedirecturl=\"https:\/\/www.google.com\/url?q=https:\/\/forms.gle\/xtcPiaQzXWSkkXgg7&amp;source=gmail&amp;ust=1645182018985000&amp;usg=AOvVaw0FVAGGpZ_AdRokQOFOGnsW\">\u00a0https:\/\/forms.gle\/<wbr \/>xtcPiaQzXWSkkXgg7<\/a><\/li>\n<li>ART I CREATIVITAT\u00a0\u00a0<a href=\"https:\/\/forms.gle\/3FYQDsPQFH7VGxZR7\" target=\"_blank\" rel=\"noopener\" data-saferedirecturl=\"https:\/\/www.google.com\/url?q=https:\/\/forms.gle\/3FYQDsPQFH7VGxZR7&amp;source=gmail&amp;ust=1645182018985000&amp;usg=AOvVaw1BYJ3KrvbKNk8Vk-7NpyBe\">https:\/\/forms.<wbr \/>gle\/3FYQDsPQFH7VGxZR7<\/a><\/li>\n<li>B\u00c0SQUET <a href=\"https:\/\/forms.gle\/qrMHFMsTfUdiyj7U6\" target=\"_blank\" rel=\"noopener\" data-saferedirecturl=\"https:\/\/www.google.com\/url?q=https:\/\/forms.gle\/qrMHFMsTfUdiyj7U6&amp;source=gmail&amp;ust=1645182018985000&amp;usg=AOvVaw35OMKIcNNLHl2KNBP5qEQq\">https:\/\/forms.gle\/<wbr \/>qrMHFMsTfUdiyj7U6<\/a><\/li>\n<li>ESCACS\u00a0<a href=\"https:\/\/forms.gle\/95ossZZbk22FzApM6\" target=\"_blank\" rel=\"noopener\" data-saferedirecturl=\"https:\/\/www.google.com\/url?q=https:\/\/forms.gle\/95ossZZbk22FzApM6&amp;source=gmail&amp;ust=1645182018985000&amp;usg=AOvVaw3RBe52IQEUdqIu_daB1O2n\">https:\/\/forms.gle\/<wbr \/>95ossZZbk22FzApM6<\/a><\/li>\n<li>GUITARRA\u00a0<a href=\"https:\/\/forms.gle\/LqCs2Hy7SBEPCVtu5\" target=\"_blank\" rel=\"noopener\" data-saferedirecturl=\"https:\/\/www.google.com\/url?q=https:\/\/forms.gle\/LqCs2Hy7SBEPCVtu5&amp;source=gmail&amp;ust=1645182018985000&amp;usg=AOvVaw32m6ZNru4rUOgYZ2h65vS1\">https:\/\/forms.gle\/<wbr \/>LqCs2Hy7SBEPCVtu5<\/a><\/li>\n<li>TEATRE\u00a0<a href=\"https:\/\/forms.gle\/w1ZJRnTqvVSEidSU8\" target=\"_blank\" rel=\"noopener\" data-saferedirecturl=\"https:\/\/www.google.com\/url?q=https:\/\/forms.gle\/w1ZJRnTqvVSEidSU8&amp;source=gmail&amp;ust=1645182018985000&amp;usg=AOvVaw0H03vGA6da5xbFy5BDVFnp\">https:\/\/forms.gle\/<wbr \/>w1ZJRnTqvVSEidSU8<\/a><\/li>\n<li>TAEKWONDO\u00a0<a href=\"https:\/\/forms.gle\/UhkDbYuw1uufghLz6\" target=\"_blank\" rel=\"noopener\" data-saferedirecturl=\"https:\/\/www.google.com\/url?q=https:\/\/forms.gle\/UhkDbYuw1uufghLz6&amp;source=gmail&amp;ust=1645182018985000&amp;usg=AOvVaw3-jHefZ0YFj6HGyqlwgL23\">https:\/\/forms.gle\/<wbr \/>UhkDbYuw1uufghLz6<\/a><\/li>\n<li>ZUMBA\u00a0<a href=\"https:\/\/forms.gle\/pBXV563zKPrQQiJk9\" target=\"_blank\" rel=\"noopener\" data-saferedirecturl=\"https:\/\/www.google.com\/url?q=https:\/\/forms.gle\/pBXV563zKPrQQiJk9&amp;source=gmail&amp;ust=1645182018985000&amp;usg=AOvVaw1_WPOZ-Aw2buvd2EmlKy-6\">https:\/\/forms.gle\/<wbr \/>pBXV563zKPrQQiJk9<\/a><\/li>\n<\/ul>\n<p>En el seg\u00fcent enlla\u00e7 trobareu la informaci\u00f3 complement\u00e0ria de cada activitat.\u00a0<a href=\"https:\/\/drive.google.com\/file\/d\/1KBvVQCgCJGkwf0RJ6I-CfpUvQKJjccay\/view?usp=sharing\" target=\"_blank\" rel=\"noopener\" data-saferedirecturl=\"https:\/\/www.google.com\/url?q=https:\/\/drive.google.com\/file\/d\/1KBvVQCgCJGkwf0RJ6I-CfpUvQKJjccay\/view?usp%3Dsharing&amp;source=gmail&amp;ust=1645182018985000&amp;usg=AOvVaw18LoVHwtiDyO5QxrIvwYuM\">INFORMACI\u00d3<\/a><\/p>\n<p>&nbsp;<\/p>\n<\/div>\n<\/div>\n","protected":false},"excerpt":{"rendered":"<p>&nbsp; L\u2019AFA SANTA CATERINA \u00e9s una AFA oberta i transparent, amb un projecte enfocat a la millora cont\u00ednua en el desenvolupament acad\u00e8mic i emocional dels nostres fills i filles, a la integraci\u00f3 de tots i totes a l\u2019escola. L\u2019AFA\u00a0 ofereix: Conciliaci\u00f3 familiar:\u00a0 Servei\u00a0d\u2019acollida\u00a0(7:30 a 9:00 h en franges de mitja hora) Servei de\u00a0menjador\u00a0(12:30 a 15:00h).\u00a0https:\/\/comacasamenjadors.cat [&hellip;]<\/p>\n","protected":false},"author":12,"featured_media":0,"parent":0,"menu_order":0,"comment_status":"closed","ping_status":"closed","template":"","meta":{"_bbp_topic_count":0,"_bbp_reply_count":0,"_bbp_total_topic_count":0,"_bbp_total_reply_count":0,"_bbp_voice_count":0,"_bbp_anonymous_reply_count":0,"_bbp_topic_count_hidden":0,"_bbp_reply_count_hidden":0,"_bbp_forum_subforum_count":0,"site-sidebar-layout":"default","site-content-layout":"","ast-site-content-layout":"","site-content-style":"default","site-sidebar-style":"default","ast-global-header-display":"","ast-banner-title-visibility":"","ast-main-header-display":"","ast-hfb-above-header-display":"","ast-hfb-below-header-display":"","ast-hfb-mobile-header-display":"","site-post-title":"","ast-breadcrumbs-content":"","ast-featured-img":"","footer-sml-layout":"","theme-transparent-header-meta":"","adv-header-id-meta":"","stick-header-meta":"","header-above-stick-meta":"","header-main-stick-meta":"","header-below-stick-meta":"","astra-migrate-meta-layouts":"default","ast-page-background-enabled":"default","ast-page-background-meta":{"desktop":{"background-color":"var(--ast-global-color-4)","background-image":"","background-repeat":"repeat","background-position":"center center","background-size":"auto","background-attachment":"scroll","background-type":"","background-media":"","overlay-type":"","overlay-color":"","overlay-opacity":"","overlay-gradient":""},"tablet":{"background-color":"","background-image":"","background-repeat":"repeat","background-position":"center center","background-size":"auto","background-attachment":"scroll","background-type":"","background-media":"","overlay-type":"","overlay-color":"","overlay-opacity":"","overlay-gradient":""},"mobile":{"background-color":"","background-image":"","background-repeat":"repeat","background-position":"center center","background-size":"auto","background-attachment":"scroll","background-type":"","background-media":"","overlay-type":"","overlay-color":"","overlay-opacity":"","overlay-gradient":""}},"ast-content-background-meta":{"desktop":{"background-color":"var(--ast-global-color-5)","background-image":"","background-repeat":"repeat","background-position":"center center","background-size":"auto","background-attachment":"scroll","background-type":"","background-media":"","overlay-type":"","overlay-color":"","overlay-opacity":"","overlay-gradient":""},"tablet":{"background-color":"var(--ast-global-color-5)","background-image":"","background-repeat":"repeat","background-position":"center center","background-size":"auto","background-attachment":"scroll","background-type":"","background-media":"","overlay-type":"","overlay-color":"","overlay-opacity":"","overlay-gradient":""},"mobile":{"background-color":"var(--ast-global-color-5)","background-image":"","background-repeat":"repeat","background-position":"center center","background-size":"auto","background-attachment":"scroll","background-type":"","background-media":"","overlay-type":"","overlay-color":"","overlay-opacity":"","overlay-gradient":""}},"footnotes":""},"class_list":["post-1961","page","type-page","status-publish","hentry"],"post_mailing_queue_ids":[],"_links":{"self":[{"href":"https:\/\/agora.xtec.cat\/escola-santacaterina-vinyols\/wp-json\/wp\/v2\/pages\/1961","targetHints":{"allow":["GET"]}}],"collection":[{"href":"https:\/\/agora.xtec.cat\/escola-santacaterina-vinyols\/wp-json\/wp\/v2\/pages"}],"about":[{"href":"https:\/\/agora.xtec.cat\/escola-santacaterina-vinyols\/wp-json\/wp\/v2\/types\/page"}],"author":[{"embeddable":true,"href":"https:\/\/agora.xtec.cat\/escola-santacaterina-vinyols\/wp-json\/wp\/v2\/users\/12"}],"replies":[{"embeddable":true,"href":"https:\/\/agora.xtec.cat\/escola-santacaterina-vinyols\/wp-json\/wp\/v2\/comments?post=1961"}],"version-history":[{"count":3,"href":"https:\/\/agora.xtec.cat\/escola-santacaterina-vinyols\/wp-json\/wp\/v2\/pages\/1961\/revisions"}],"predecessor-version":[{"id":4142,"href":"https:\/\/agora.xtec.cat\/escola-santacaterina-vinyols\/wp-json\/wp\/v2\/pages\/1961\/revisions\/4142"}],"wp:attachment":[{"href":"https:\/\/agora.xtec.cat\/escola-santacaterina-vinyols\/wp-json\/wp\/v2\/media?parent=1961"}],"curies":[{"name":"wp","href":"https:\/\/api.w.org\/{rel}","templated":true}]}}