{"id":73,"date":"2014-09-18T14:01:51","date_gmt":"2014-09-18T13:01:51","guid":{"rendered":"http:\/\/agora.xtec.cat\/escola-roureda\/?page_id=73"},"modified":"2025-10-21T14:47:35","modified_gmt":"2025-10-21T12:47:35","slug":"menjador-escolar","status":"publish","type":"page","link":"https:\/\/agora.xtec.cat\/escola-roureda\/serveis\/menjador-escolar\/","title":{"rendered":"Menjador escolar"},"content":{"rendered":"<div id=\"WRchTxt9-p3p\" class=\"txtNew\" data-packed=\"false\" data-vertical-text=\"false\">\n<h2 class=\"font_2\"><a href=\"https:\/\/agora.xtec.cat\/escola-roureda\/wp-content\/uploads\/usu1496\/2022\/05\/Menjador.jpg\"><img loading=\"lazy\" decoding=\"async\" class=\"wp-image-5511 alignleft\" src=\"https:\/\/agora.xtec.cat\/escola-roureda\/wp-content\/uploads\/usu1496\/2022\/05\/Menjador-1024x755.jpg\" alt=\"\" width=\"200\" height=\"147\" srcset=\"https:\/\/agora.xtec.cat\/escola-roureda\/wp-content\/uploads\/usu1496\/2022\/05\/Menjador-1024x755.jpg 1024w, https:\/\/agora.xtec.cat\/escola-roureda\/wp-content\/uploads\/usu1496\/2022\/05\/Menjador-300x221.jpg 300w, https:\/\/agora.xtec.cat\/escola-roureda\/wp-content\/uploads\/usu1496\/2022\/05\/Menjador-768x566.jpg 768w, https:\/\/agora.xtec.cat\/escola-roureda\/wp-content\/uploads\/usu1496\/2022\/05\/Menjador.jpg 1063w\" sizes=\"auto, (max-width: 200px) 100vw, 200px\" \/><\/a><\/h2>\n<\/div>\n<div id=\"jm1tro67\" class=\"txtNew\" data-packed=\"false\" data-vertical-text=\"false\">\n<h1 class=\"font_8\"><span class=\"color_24\">EMPRESA:\u00a0 AM CATERING 3000 SL<a href=\"https:\/\/agora.xtec.cat\/escola-roureda\/wp-content\/uploads\/usu1496\/2023\/09\/LogoAM.jpg\"><img loading=\"lazy\" decoding=\"async\" class=\"alignnone wp-image-8625\" src=\"https:\/\/agora.xtec.cat\/escola-roureda\/wp-content\/uploads\/usu1496\/2023\/09\/LogoAM.jpg\" alt=\"\" width=\"93\" height=\"112\" srcset=\"https:\/\/agora.xtec.cat\/escola-roureda\/wp-content\/uploads\/usu1496\/2023\/09\/LogoAM.jpg 576w, https:\/\/agora.xtec.cat\/escola-roureda\/wp-content\/uploads\/usu1496\/2023\/09\/LogoAM-249x300.jpg 249w\" sizes=\"auto, (max-width: 93px) 100vw, 93px\" \/><\/a><\/span><\/h1>\n<h3 style=\"text-align: right;\"><strong>\u00a0 \u00a0 \u00a0 \u00a0 \u00a0 \u00a0 \u00a0 \u00a0 \u00a0 \u00a0 \u00a0 \u00a0 \u00a0 \u00a0 \u00a0 \u00a0 \u00a0 \u00a0<a href=\"https:\/\/docs.google.com\/presentation\/d\/14qfsyYfcL1AtflsTuAGdnlXxfJgBovnE\/edit?usp=sharing&amp;ouid=111423369894619078291&amp;rtpof=true&amp;sd=true\">PLA PEDAG\u00d2GIC DEL MENJADOR 2025\/2026<\/a>\u00a0<\/strong><\/h3>\n<p><span style=\"font-family: inherit; font-size: 1em;\">\u00a0 \u00a0 \u00a0 \u00a0 \u00a0<\/span><\/p>\n<\/div>\n<div dir=\"ltr\">\n<h3 style=\"text-align: center;\"><strong>Funcionament i Preus\u00a0 Curs 2025\/2026<\/strong><\/h3>\n<p><u><b>PREUS DELS SERVEIS:<\/b><\/u><\/p>\n<p><u><b>MENJADOR:<\/b><\/u><\/p>\n<p><b>Preu nen\/a fix menjador(impostos inclosos):\u00a0 7,25 \u20ac\/dia. <\/b><\/p>\n<p>L\u2019horari del servei de menjador es de 12:30 a 15:00h. (incl\u00f2s en el preu 2:30h de menjador).<\/p>\n<p>Es considera que un alumne est\u00e0 en r\u00e8gim fix, quan utilitza el servei de menjador com a m\u00ednim\u00a0 tres cops per setmana durant tot el curs escolar, i sempre s\u00f3n els mateixos dies inter-setmanals.<\/p>\n<p><b>Preu nen\/a espor\u00e0dic menjador (impostos inclosos) :\u00a0 7,98 \u20ac\/dia <\/b><\/p>\n<p><u><b>ACOLLIDA MATINAL:<\/b><\/u><\/p>\n<p><b>Nen\/a fix de menjador: acollida matinal\u00a0gratu\u00efta.<\/b><\/p>\n<p><strong><span style=\"color: #000000;\">Preu nen\/a fixos acollida matinal: 2\u20ac dia si fan de 8:30 a 9:00<\/span><\/strong><\/p>\n<p><strong><span style=\"color: #000000;\">Preu nen\/a espor\u00e0dic acollida matinal: 4\u20ac dia de 7:45 a 9:00<\/span><\/strong><\/p>\n<p>Venda de tiquets, cada dia\u00a0 (a la coordinadora del menjador).<\/p>\n<p>L\u2019empresa\u00a0 <strong>AM CATERING<\/strong> facturar\u00e0 de l\u20191 al 5 de cada mes. Es dividiran els dies fixos sol\u00b7licitats entre els 9 mesos de curs escolar\u00a0 i es passar\u00e0 un rebut fix cada mes al n\u00ba de compte corrent que els pares designin,\u00a0 amb pr\u00e8via autoritzaci\u00f3\u00a0 signada, exceptuant el mes de juny que es cobrar\u00e0 en els rebuts anteriors. AM C\u00e0tering es compromet a acordar de manera particular situacions excepcionals amb fam\u00edlies que necessiten reajustar algun servei. Si un nen fix es vol quedar un dia extra no\u00a0 pactat amb l\u2019empresa,\u00a0 s\u2019haur\u00e0 de comprar el tiquet d\u2019espor\u00e0dic a la coordinadora.<\/p>\n<p><u><b>CONDICIONS D\u2019ABONAMENT DE MENJADOR<\/b><\/u><\/p>\n<p><b>Abonaments amb justificant m\u00e8dic:<\/b><\/p>\n<p>Trimestralment s\u2019abonaran els serveis de l\u2019usuari els quals s\u2019hagi presentat justificant m\u00e8dic de l\u2019abs\u00e8ncia de l\u2019escola. Aquests abonaments es realitzaran els dies 15 de gener, 15 d\u2019abril i 30 de juny.<\/p>\n<p><b>Abonaments col\u00f2nies <\/b><b>:<\/b><\/p>\n<p>Les col\u00f2nies seran abonades del servei de menjador sempre que ho notifiquin abans del 28 de febrer, al correu electr\u00f2nic\u00a0 <b><a href=\"mailto:marichanel@amcatering3000.com\">marichanel@amcatering3000.com<\/a><\/b><\/p>\n<p><b>En qualsevol cas si no es notifica l\u2019abs\u00e8ncia abans de les 9:00 h del mateix dia es cobrar\u00e0 l\u2019import \u00edntegre del servei.<\/b><\/p>\n<p>La coordinadora disposar\u00e0 de tiquets de menjador i d\u2019acollida matinal per els usuaris espor\u00e0dics, que els pares\u00a0 podran comprar de 9:00 a 9:30 hores del mat\u00ed.<\/p>\n<p>L\u2019acollida matinal per trimestres ser\u00e0 sempre per domiciliaci\u00f3 bancaria<\/p>\n<p>Si a l\u2019 acabar el curs escolar els pares disposessin de tiquets no utilitzats, l\u2019empresa AM CATERING els hi abonaria\u00a0 la quantitat total restant de tiquets no disposats, o b\u00e9, els podrien fer servir\u00a0 fins el <strong>19<\/strong><b>\/06\/2026<\/b>.<\/p>\n<p><b>HORARI D\u2019 ACOLLIDA MATINAL<\/b>:\u00a0 de 7:45\u00a0 a 9:00 (L&#8217;entrada de l&#8217;alumnat \u00e9s de 7:45 a 8:30)<\/p>\n<p><strong>HORARI D&#8217;ATENCI\u00d3 A FAM\u00cdLIES:<\/strong> de 9:00 a 9:30<\/p>\n<p><b>HORARI DE MENJADOR<\/b>: de 12:30 hores a 15:00 hores<\/p>\n<\/div>\n","protected":false},"excerpt":{"rendered":"<p>EMPRESA:\u00a0 AM CATERING 3000 SL \u00a0 \u00a0 \u00a0 \u00a0 \u00a0 \u00a0 \u00a0 \u00a0 \u00a0 \u00a0 \u00a0 \u00a0 \u00a0 \u00a0 \u00a0 \u00a0 \u00a0 \u00a0PLA PEDAG\u00d2GIC DEL MENJADOR 2025\/2026\u00a0 \u00a0 \u00a0 \u00a0 \u00a0 \u00a0 Funcionament i Preus\u00a0 Curs 2025\/2026 PREUS DELS SERVEIS: MENJADOR: Preu nen\/a fix menjador(impostos inclosos):\u00a0 7,25 \u20ac\/dia. L\u2019horari del servei de menjador es de [&hellip;]<\/p>\n","protected":false},"author":1,"featured_media":0,"parent":66,"menu_order":30,"comment_status":"closed","ping_status":"closed","template":"","meta":{"_bbp_topic_count":0,"_bbp_reply_count":0,"_bbp_total_topic_count":0,"_bbp_total_reply_count":0,"_bbp_voice_count":0,"_bbp_anonymous_reply_count":0,"_bbp_topic_count_hidden":0,"_bbp_reply_count_hidden":0,"_bbp_forum_subforum_count":0,"site-sidebar-layout":"default","site-content-layout":"","ast-site-content-layout":"default","site-content-style":"default","site-sidebar-style":"default","ast-global-header-display":"","ast-banner-title-visibility":"","ast-main-header-display":"","ast-hfb-above-header-display":"","ast-hfb-below-header-display":"","ast-hfb-mobile-header-display":"","site-post-title":"","ast-breadcrumbs-content":"","ast-featured-img":"","footer-sml-layout":"","theme-transparent-header-meta":"default","adv-header-id-meta":"","stick-header-meta":"","header-above-stick-meta":"","header-main-stick-meta":"","header-below-stick-meta":"","astra-migrate-meta-layouts":"set","ast-page-background-enabled":"default","ast-page-background-meta":{"desktop":{"background-color":"var(--ast-global-color-4)","background-image":"","background-repeat":"repeat","background-position":"center center","background-size":"auto","background-attachment":"scroll","background-type":"","background-media":"","overlay-type":"","overlay-color":"","overlay-opacity":"","overlay-gradient":""},"tablet":{"background-color":"","background-image":"","background-repeat":"repeat","background-position":"center center","background-size":"auto","background-attachment":"scroll","background-type":"","background-media":"","overlay-type":"","overlay-color":"","overlay-opacity":"","overlay-gradient":""},"mobile":{"background-color":"","background-image":"","background-repeat":"repeat","background-position":"center center","background-size":"auto","background-attachment":"scroll","background-type":"","background-media":"","overlay-type":"","overlay-color":"","overlay-opacity":"","overlay-gradient":""}},"ast-content-background-meta":{"desktop":{"background-color":"var(--ast-global-color-5)","background-image":"","background-repeat":"repeat","background-position":"center center","background-size":"auto","background-attachment":"scroll","background-type":"","background-media":"","overlay-type":"","overlay-color":"","overlay-opacity":"","overlay-gradient":""},"tablet":{"background-color":"var(--ast-global-color-5)","background-image":"","background-repeat":"repeat","background-position":"center center","background-size":"auto","background-attachment":"scroll","background-type":"","background-media":"","overlay-type":"","overlay-color":"","overlay-opacity":"","overlay-gradient":""},"mobile":{"background-color":"var(--ast-global-color-5)","background-image":"","background-repeat":"repeat","background-position":"center center","background-size":"auto","background-attachment":"scroll","background-type":"","background-media":"","overlay-type":"","overlay-color":"","overlay-opacity":"","overlay-gradient":""}},"footnotes":""},"class_list":["post-73","page","type-page","status-publish","hentry"],"post_mailing_queue_ids":[],"_links":{"self":[{"href":"https:\/\/agora.xtec.cat\/escola-roureda\/wp-json\/wp\/v2\/pages\/73","targetHints":{"allow":["GET"]}}],"collection":[{"href":"https:\/\/agora.xtec.cat\/escola-roureda\/wp-json\/wp\/v2\/pages"}],"about":[{"href":"https:\/\/agora.xtec.cat\/escola-roureda\/wp-json\/wp\/v2\/types\/page"}],"author":[{"embeddable":true,"href":"https:\/\/agora.xtec.cat\/escola-roureda\/wp-json\/wp\/v2\/users\/1"}],"replies":[{"embeddable":true,"href":"https:\/\/agora.xtec.cat\/escola-roureda\/wp-json\/wp\/v2\/comments?post=73"}],"version-history":[{"count":6,"href":"https:\/\/agora.xtec.cat\/escola-roureda\/wp-json\/wp\/v2\/pages\/73\/revisions"}],"predecessor-version":[{"id":14147,"href":"https:\/\/agora.xtec.cat\/escola-roureda\/wp-json\/wp\/v2\/pages\/73\/revisions\/14147"}],"up":[{"embeddable":true,"href":"https:\/\/agora.xtec.cat\/escola-roureda\/wp-json\/wp\/v2\/pages\/66"}],"wp:attachment":[{"href":"https:\/\/agora.xtec.cat\/escola-roureda\/wp-json\/wp\/v2\/media?parent=73"}],"curies":[{"name":"wp","href":"https:\/\/api.w.org\/{rel}","templated":true}]}}