{"id":34,"date":"2014-09-18T12:32:18","date_gmt":"2014-09-18T11:32:18","guid":{"rendered":"http:\/\/agora.xtec.cat\/escola-roureda\/?page_id=34"},"modified":"2023-08-30T19:22:35","modified_gmt":"2023-08-30T17:22:35","slug":"oferta-educativa","status":"publish","type":"page","link":"https:\/\/agora.xtec.cat\/escola-roureda\/lescola\/oferta-educativa\/","title":{"rendered":"Participaci\u00f3 de la comunitat educativa"},"content":{"rendered":"<h4 class=\"font_8\">PARTICIPACI\u00d3 DE LA COMUNITAT EDUCATIVA:<\/h4>\n<p class=\"font_8\">Creiem que la participaci\u00f3 de les fam\u00edlies en el fer de l\u2019escola \u00e9s de vital import\u00e0ncia i ens ajuda a caminar junts vers un objectiu com\u00fa: ensenyar i educar al nostre alumnat, es per aix\u00f2 que aquest curs hem promogut el consell de delegats de pares. Cada grup classe est\u00e0 representat per dos pares i\/o mares que peri\u00f2dicament estan en contacte amb la direcci\u00f3 del centre per dialogar, debatre, opinar&#8230; sobre aspectes que afecten a les fam\u00edlies i als seus fills\/es de caire general.<\/p>\n<p class=\"font_8\">Tamb\u00e9 pensem que l\u2019alumnat ha de ser protagonista de la vida del centre aix\u00ed mateix hem creat el consell de delegats d\u2019alumnes, amb la mateixa estructura que el consell de delegats de pares.<\/p>\n<p class=\"font_8\">Considerem que la celebraci\u00f3 de festes ens ofereix una oportunitat \u00fanica per obrir l\u2019escola a les fam\u00edlies, aix\u00ed celebrem juntament amb les fam\u00edlies les festes de:<\/p>\n<ul class=\"font_2\">\n<li>\n<p class=\"font_2\"><strong>Nadal: Cantada de nadales i recitaci\u00f3 de poemes<\/strong><\/p>\n<\/li>\n<li>\n<p class=\"font_2\"><strong>English Day: Activitats en angl\u00e8s<\/strong><\/p>\n<\/li>\n<li>\n<p class=\"font_2\"><strong>Sant Jordi: Fira de productes elaborats per l\u2019alumnat<\/strong><\/p>\n<\/li>\n<li>\n<p class=\"font_2\"><strong>Fi de curs: Jocs populars i actes de final de curs i Graduaci\u00f3 alumnes de 6\u00e8.<\/strong><\/p>\n<\/li>\n<\/ul>\n","protected":false},"excerpt":{"rendered":"<p>PARTICIPACI\u00d3 DE LA COMUNITAT EDUCATIVA: Creiem que la participaci\u00f3 de les fam\u00edlies en el fer de l\u2019escola \u00e9s de vital import\u00e0ncia i ens ajuda a caminar junts vers un objectiu com\u00fa: ensenyar i educar al nostre alumnat, es per aix\u00f2 que aquest curs hem promogut el consell de delegats de pares. Cada grup classe est\u00e0 [&hellip;]<\/p>\n","protected":false},"author":1,"featured_media":0,"parent":22,"menu_order":60,"comment_status":"closed","ping_status":"closed","template":"page-templates\/side-menu.php","meta":{"_bbp_topic_count":0,"_bbp_reply_count":0,"_bbp_total_topic_count":0,"_bbp_total_reply_count":0,"_bbp_voice_count":0,"_bbp_anonymous_reply_count":0,"_bbp_topic_count_hidden":0,"_bbp_reply_count_hidden":0,"_bbp_forum_subforum_count":0,"site-sidebar-layout":"default","site-content-layout":"","ast-site-content-layout":"","site-content-style":"default","site-sidebar-style":"default","ast-global-header-display":"","ast-banner-title-visibility":"","ast-main-header-display":"","ast-hfb-above-header-display":"","ast-hfb-below-header-display":"","ast-hfb-mobile-header-display":"","site-post-title":"","ast-breadcrumbs-content":"","ast-featured-img":"","footer-sml-layout":"","theme-transparent-header-meta":"","adv-header-id-meta":"","stick-header-meta":"","header-above-stick-meta":"","header-main-stick-meta":"","header-below-stick-meta":"","astra-migrate-meta-layouts":"default","ast-page-background-enabled":"default","ast-page-background-meta":{"desktop":{"background-color":"var(--ast-global-color-4)","background-image":"","background-repeat":"repeat","background-position":"center center","background-size":"auto","background-attachment":"scroll","background-type":"","background-media":"","overlay-type":"","overlay-color":"","overlay-opacity":"","overlay-gradient":""},"tablet":{"background-color":"","background-image":"","background-repeat":"repeat","background-position":"center center","background-size":"auto","background-attachment":"scroll","background-type":"","background-media":"","overlay-type":"","overlay-color":"","overlay-opacity":"","overlay-gradient":""},"mobile":{"background-color":"","background-image":"","background-repeat":"repeat","background-position":"center center","background-size":"auto","background-attachment":"scroll","background-type":"","background-media":"","overlay-type":"","overlay-color":"","overlay-opacity":"","overlay-gradient":""}},"ast-content-background-meta":{"desktop":{"background-color":"var(--ast-global-color-5)","background-image":"","background-repeat":"repeat","background-position":"center center","background-size":"auto","background-attachment":"scroll","background-type":"","background-media":"","overlay-type":"","overlay-color":"","overlay-opacity":"","overlay-gradient":""},"tablet":{"background-color":"var(--ast-global-color-5)","background-image":"","background-repeat":"repeat","background-position":"center center","background-size":"auto","background-attachment":"scroll","background-type":"","background-media":"","overlay-type":"","overlay-color":"","overlay-opacity":"","overlay-gradient":""},"mobile":{"background-color":"var(--ast-global-color-5)","background-image":"","background-repeat":"repeat","background-position":"center center","background-size":"auto","background-attachment":"scroll","background-type":"","background-media":"","overlay-type":"","overlay-color":"","overlay-opacity":"","overlay-gradient":""}},"footnotes":""},"class_list":["post-34","page","type-page","status-publish","hentry"],"post_mailing_queue_ids":[],"_links":{"self":[{"href":"https:\/\/agora.xtec.cat\/escola-roureda\/wp-json\/wp\/v2\/pages\/34","targetHints":{"allow":["GET"]}}],"collection":[{"href":"https:\/\/agora.xtec.cat\/escola-roureda\/wp-json\/wp\/v2\/pages"}],"about":[{"href":"https:\/\/agora.xtec.cat\/escola-roureda\/wp-json\/wp\/v2\/types\/page"}],"author":[{"embeddable":true,"href":"https:\/\/agora.xtec.cat\/escola-roureda\/wp-json\/wp\/v2\/users\/1"}],"replies":[{"embeddable":true,"href":"https:\/\/agora.xtec.cat\/escola-roureda\/wp-json\/wp\/v2\/comments?post=34"}],"version-history":[{"count":3,"href":"https:\/\/agora.xtec.cat\/escola-roureda\/wp-json\/wp\/v2\/pages\/34\/revisions"}],"predecessor-version":[{"id":8378,"href":"https:\/\/agora.xtec.cat\/escola-roureda\/wp-json\/wp\/v2\/pages\/34\/revisions\/8378"}],"up":[{"embeddable":true,"href":"https:\/\/agora.xtec.cat\/escola-roureda\/wp-json\/wp\/v2\/pages\/22"}],"wp:attachment":[{"href":"https:\/\/agora.xtec.cat\/escola-roureda\/wp-json\/wp\/v2\/media?parent=34"}],"curies":[{"name":"wp","href":"https:\/\/api.w.org\/{rel}","templated":true}]}}