{"id":34,"date":"2014-09-18T12:32:18","date_gmt":"2014-09-18T11:32:18","guid":{"rendered":"http:\/\/agora.xtec.cat\/escola-norai-montgat\/?page_id=34"},"modified":"2026-02-01T21:29:27","modified_gmt":"2026-02-01T20:29:27","slug":"oferta-educativa","status":"publish","type":"page","link":"https:\/\/agora.xtec.cat\/escola-norai-montgat\/pagines-dinici\/oferta-educativa\/","title":{"rendered":"La nostra mirada educativa"},"content":{"rendered":"<section id=\"h.p_I2rujSIEqPxq\" class=\"yaqOZd\">\n<div class=\"mYVXT\">\n<div class=\"LS81yb VICjCf\" tabindex=\"-1\">\n<div class=\"hJDwNd-AhqUyc-uQSCkd purZT-AhqUyc-II5mzb pSzOP-AhqUyc-qWD73c JNdkSc\">\n<div class=\"oKdM2c\">\n<div id=\"h.p_U97sJKPvqPxT\" class=\"hJDwNd-AhqUyc-OwsYgb jXK9ad D2fZ2 OjCsFc wHaque GNzUNc\">\n<div class=\"jXK9ad-SmKAyb jXK9ad-SmKAyb-c4YZDc\">\n<h4><b>\u00a0Aprendre junts, cr\u00e9ixer amb drets<\/b><\/h4>\n<h5 class=\"zfr3Q JYVBee\"><\/h5>\n<h6><span style=\"font-weight: 400; color: #333333;\">Defensem l\u2019escola com un espai de vida on no nom\u00e9s s&#8217;apr\u00e8n, sin\u00f3 que es conviu. La nostra pr\u00e0ctica di\u00e0ria no \u00e9s fruit de l&#8217;atzar, sin\u00f3 que est\u00e0 guiada per un comprom\u00eds profund amb marcs de refer\u00e8ncia.<\/span><\/h6>\n<h6><span style=\"font-weight: 400; color: #333333;\">Per a nosaltres, l\u2019infant \u00e9s una persona completa des del primer dia. El nostre deure \u00e9s oferir-li un respecte absolut i un entorn on la seva veu sigui escoltada.<\/span><\/h6>\n<h6><span style=\"font-weight: 400; color: #333333;\">Ens guiem per marcs internacionals que garanteixen la qualitat i l&#8217;\u00e8tica educativa:<\/span><\/h6>\n<ul>\n<li style=\"font-weight: 400;\" aria-level=\"1\">\n<h6><span style=\"color: #333333;\"><span style=\"text-decoration: underline;\"><a style=\"color: #333333; text-decoration: underline;\" href=\"https:\/\/jocdelsdrets.gencat.cat\/assets\/pdf\/Convencio_drets_infancia.pdf\"><span style=\"color: #993300; text-decoration: underline;\">Drets dels Infants:<\/span><\/a><\/span><span style=\"font-weight: 400;\"> S\u00f3n el nucli de la nostra conviv\u00e8ncia.<\/span><\/span><\/h6>\n<\/li>\n<li style=\"font-weight: 400;\" aria-level=\"1\">\n<h6><span style=\"color: #333333;\"><span style=\"color: #993300;\"><b>Principis de la UNESCO:<\/b><\/span><span style=\"font-weight: 400;\"> L&#8217;educaci\u00f3 com a eina per a un m\u00f3n millor.<\/span><\/span><\/h6>\n<\/li>\n<li style=\"font-weight: 400;\" aria-level=\"1\">\n<h6><span style=\"color: #333333;\"><span style=\"color: #993300;\"><span style=\"text-decoration: underline;\"><a style=\"color: #993300; text-decoration: underline;\" href=\"https:\/\/repositori.educacio.gencat.cat\/bitstream\/handle\/20.500.12694\/5381\/7_principis_aprenentatge_blanc_infografia_catala_2021.pdf?sequence=2&amp;isAllowed=y\">Els 7 Principis de l\u2019Aprenentatge<\/a><\/span>:<\/span><span style=\"font-weight: 400;\"> Fonamentem la nostra pr\u00e0ctica en l&#8217;evid\u00e8ncia sobre com aprenem realment les persones.<\/span><\/span><\/h6>\n<\/li>\n<\/ul>\n<p><img loading=\"lazy\" decoding=\"async\" class=\" wp-image-3314 aligncenter\" src=\"https:\/\/agora.xtec.cat\/escola-norai-montgat\/wp-content\/uploads\/usu1780\/2026\/01\/Group-97-1024x335.png\" alt=\"\" width=\"523\" height=\"171\" srcset=\"https:\/\/agora.xtec.cat\/escola-norai-montgat\/wp-content\/uploads\/usu1780\/2026\/01\/Group-97-1024x335.png 1024w, https:\/\/agora.xtec.cat\/escola-norai-montgat\/wp-content\/uploads\/usu1780\/2026\/01\/Group-97-300x98.png 300w, https:\/\/agora.xtec.cat\/escola-norai-montgat\/wp-content\/uploads\/usu1780\/2026\/01\/Group-97-768x251.png 768w, https:\/\/agora.xtec.cat\/escola-norai-montgat\/wp-content\/uploads\/usu1780\/2026\/01\/Group-97.png 1036w\" sizes=\"auto, (max-width: 523px) 100vw, 523px\" \/><b style=\"font-size: 1.4375em;\">Una escola que escolta<\/b><\/p>\n<\/div>\n<\/div>\n<div id=\"h.p_U97sJKPvqPxT\" class=\"hJDwNd-AhqUyc-OwsYgb jXK9ad D2fZ2 OjCsFc wHaque GNzUNc\">\n<div class=\"jXK9ad-SmKAyb jXK9ad-SmKAyb-c4YZDc\">\n<h6><span style=\"color: #333333;\"><span style=\"font-weight: 400;\">El dret a ser escoltat \u00e9s la base de la nostra conviv\u00e8ncia. No es tracta nom\u00e9s de deixar-los parlar, sin\u00f3 de <\/span>donar valor real a la seva paraula<span style=\"font-weight: 400;\">. Quan un infant sent que la seva opini\u00f3 compta, desenvolupa una autoestima s\u00f2lida i se sent part activa de l&#8217;escola i la societat.<\/span><\/span><\/h6>\n<h6><span style=\"font-weight: 400; color: #333333;\">Creiem que una escola que respecta els drets \u00e9s aquella que:<\/span><\/h6>\n<ul>\n<li style=\"font-weight: 400;\" aria-level=\"1\">\n<h6><span style=\"color: #333333;\"><span style=\"color: #993300;\"><b>Garanteix el dret al joc:<\/b><\/span><span style=\"font-weight: 400;\"> El joc lliure \u00e9s l&#8217;eina m\u00e9s poderosa per aprendre i expressar-se.<\/span><\/span><\/h6>\n<\/li>\n<li style=\"font-weight: 400;\" aria-level=\"1\">\n<h6><span style=\"color: #333333;\"><span style=\"color: #993300;\"><b>Respecta els ritmes individuals:<\/b><\/span><span style=\"font-weight: 400;\"> Cada nen i nena t\u00e9 el dret d&#8217;aprendre al seu ritme, respectant la seva maduresa i evoluci\u00f3 \u00fanica.<\/span><\/span><\/h6>\n<\/li>\n<li style=\"font-weight: 400;\" aria-level=\"1\">\n<h6><span style=\"color: #333333;\"><span style=\"color: #993300;\"><b>Fomenta la participaci\u00f3 activa:<\/b><\/span><span style=\"font-weight: 400;\"> Els infants no s\u00f3n espectadors, sin\u00f3 protagonistes que aprenen a prendre decisions i a conviure en comunitat.<\/span><\/span><\/h6>\n<\/li>\n<\/ul>\n<h6><span style=\"font-weight: 400; color: #333333;\">A nivell intern, aquest exercici de democr\u00e0cia es materialitza a les converses, treballs en xarxa, i sobretot, quinzenalment ,en el nostre Consell de Cooperaci\u00f3. En aquest \u00f2rgan, els infants representants de cada espai posen en com\u00fa les propostes sorgides als seus grups de refer\u00e8ncia. L\u2019objectiu \u00e9s clar: prendre decisions compartides, establir acords i dissenyar actuacions conjuntes que transformin el dia a dia de la nostra escola, fent que cada alumne se senti protagonista i responsable del projecte educatiu comunitari.\u00a0<\/span><\/h6>\n<h6><\/h6>\n<h6><span style=\"color: #333333;\"><span style=\"font-weight: 400;\">Aquesta participaci\u00f3 va m\u00e9s enll\u00e0 de l&#8217;escola: com a part del nostre comprom\u00eds amb la ciutadania activa, participem en el <\/span><span style=\"text-decoration: underline;\"><a style=\"color: #333333; text-decoration: underline;\" href=\"https:\/\/www.montgat.cat\/serveis-i-tramits\/cataleg-de-serveis\/307-educacio\/consell-dels-infants-i-adolescents\"><span style=\"font-weight: 400;\">Consell d\u2019Infants i Adolescents de Montgat.<\/span><\/a><\/span><span style=\"font-weight: 400;\"> \u00c9s en aquest espai on els nostres alumnes porten la seva veu a l&#8217;ajuntament, aprenent que les seves idees poden millorar el poble on viuen.<\/span><\/span><\/h6>\n<\/div>\n<\/div>\n<\/div>\n<\/div>\n<\/div>\n<\/div>\n<\/section>\n<p>&nbsp;<\/p>\n<section id=\"h.p_I2rujSIEqPxq\" class=\"yaqOZd\">\n<div class=\"mYVXT\">\n<div class=\"LS81yb VICjCf\" tabindex=\"-1\">\n<div class=\"hJDwNd-AhqUyc-uQSCkd purZT-AhqUyc-II5mzb pSzOP-AhqUyc-qWD73c JNdkSc\">\n<p><img loading=\"lazy\" decoding=\"async\" class=\"size-full wp-image-3315 aligncenter\" src=\"https:\/\/agora.xtec.cat\/escola-norai-montgat\/wp-content\/uploads\/usu1780\/2026\/01\/LOGO-DUA-1.png\" alt=\"\" width=\"706\" height=\"228\" srcset=\"https:\/\/agora.xtec.cat\/escola-norai-montgat\/wp-content\/uploads\/usu1780\/2026\/01\/LOGO-DUA-1.png 706w, https:\/\/agora.xtec.cat\/escola-norai-montgat\/wp-content\/uploads\/usu1780\/2026\/01\/LOGO-DUA-1-300x97.png 300w\" sizes=\"auto, (max-width: 706px) 100vw, 706px\" \/><\/p>\n<p style=\"text-align: center;\"><b><i>\u201cEls infants no s\u00f3n el futur, s\u00f3n el present; tenen veu, tenen idees i <\/i><\/b><b><i>tenen dret a participar en la construcci\u00f3 del m\u00f3n on viuen.&#8221;\u00a0 \u00a0 Francesco Tonucci<\/i><\/b><\/p>\n<\/div>\n<\/div>\n<h6 class=\"tyJCtd mGzaTb baZpAe\" style=\"text-align: center;\"><\/h6>\n<div class=\"LS81yb VICjCf\" tabindex=\"-1\">\n<div class=\"hJDwNd-AhqUyc-uQSCkd purZT-AhqUyc-II5mzb pSzOP-AhqUyc-qWD73c JNdkSc\">\n<div class=\"oKdM2c\">\n<h5 id=\"h.p_LS5wRJmDxEpY\" class=\"hJDwNd-AhqUyc-II5mzb pSzOP-AhqUyc-II5mzb jXK9ad D2fZ2 OjCsFc wHaque\" style=\"text-align: center;\"><\/h5>\n<\/div>\n<\/div>\n<\/div>\n<\/div>\n<\/section>\n<div class=\"mYVXT\">\n<div class=\"LS81yb VICjCf\" tabindex=\"-1\">\n<div class=\"hJDwNd-AhqUyc-uQSCkd purZT-AhqUyc-II5mzb pSzOP-AhqUyc-qWD73c JNdkSc\">\n<div class=\"oKdM2c\">\n<div id=\"h.p_GcA3QF-6x0PQ\" class=\"hJDwNd-AhqUyc-uQSCkd jXK9ad D2fZ2 OjCsFc wHaque GNzUNc\">\n<div class=\"jXK9ad-SmKAyb jXK9ad-SmKAyb-c4YZDc\">\n<div class=\"tyJCtd mGzaTb baZpAe\"><\/div>\n<\/div>\n<\/div>\n<\/div>\n<\/div>\n<\/div>\n<\/div>\n<section id=\"h.p_5EF9DyVHx8Jl\" class=\"yaqOZd\">\n<h5 class=\"yaqOZd IFuOkc\"><\/h5>\n<h5 id=\"h.p_LS5wRJmDxEpY\" class=\"hJDwNd-AhqUyc-II5mzb pSzOP-AhqUyc-II5mzb jXK9ad D2fZ2 OjCsFc wHaque\"><\/h5>\n<h5><\/h5>\n<div class=\"mYVXT\">\n<div class=\"LS81yb VICjCf\" tabindex=\"-1\">\n<div class=\"hJDwNd-AhqUyc-uQSCkd purZT-AhqUyc-II5mzb pSzOP-AhqUyc-qWD73c JNdkSc\">\n<div class=\"oKdM2c\">\n<div id=\"h.p_QfgoMch4x8Jd\" class=\"hJDwNd-AhqUyc-Clt0zb jXK9ad D2fZ2 OjCsFc wHaque GNzUNc\">\n<div class=\"jXK9ad-SmKAyb jXK9ad-SmKAyb-c4YZDc\">\n<div class=\"tyJCtd mGzaTb baZpAe\">\n<h5 class=\"zfr3Q\"><\/h5>\n<\/div>\n<\/div>\n<\/div>\n<\/div>\n<\/div>\n<\/div>\n<\/div>\n<\/section>\n","protected":false},"excerpt":{"rendered":"<p>\u00a0Aprendre junts, cr\u00e9ixer amb drets<\/p>\n<p>Defensem l\u2019escola com un espai de vida on no nom\u00e9s s&#8217;apr\u00e8n, sin\u00f3 que es conviu. La nostra pr\u00e0ctica di\u00e0ria no \u00e9s fruit de l&#8217;atzar, sin\u00f3 que est\u00e0 guiada per un comprom\u00eds profund amb marcs de refer\u00e8ncia.<br \/>\nPer a nosaltres, l\u2019infant \u00e9s una&hellip;  <a href=\"https:\/\/agora.xtec.cat\/escola-norai-montgat\/pagines-dinici\/oferta-educativa\/\" title=\"Read La nostra mirada educativa\">Llegeix m\u00e9s\u00bb<\/a><\/p>\n","protected":false},"author":1,"featured_media":0,"parent":7,"menu_order":45,"comment_status":"closed","ping_status":"closed","template":"page-templates\/side-menu.php","meta":{"_bbp_topic_count":0,"_bbp_reply_count":0,"_bbp_total_topic_count":0,"_bbp_total_reply_count":0,"_bbp_voice_count":0,"_bbp_anonymous_reply_count":0,"_bbp_topic_count_hidden":0,"_bbp_reply_count_hidden":0,"_bbp_forum_subforum_count":0,"footnotes":""},"class_list":["post-34","page","type-page","status-publish","hentry"],"post_mailing_queue_ids":[],"_links":{"self":[{"href":"https:\/\/agora.xtec.cat\/escola-norai-montgat\/wp-json\/wp\/v2\/pages\/34","targetHints":{"allow":["GET"]}}],"collection":[{"href":"https:\/\/agora.xtec.cat\/escola-norai-montgat\/wp-json\/wp\/v2\/pages"}],"about":[{"href":"https:\/\/agora.xtec.cat\/escola-norai-montgat\/wp-json\/wp\/v2\/types\/page"}],"author":[{"embeddable":true,"href":"https:\/\/agora.xtec.cat\/escola-norai-montgat\/wp-json\/wp\/v2\/users\/1"}],"replies":[{"embeddable":true,"href":"https:\/\/agora.xtec.cat\/escola-norai-montgat\/wp-json\/wp\/v2\/comments?post=34"}],"version-history":[{"count":6,"href":"https:\/\/agora.xtec.cat\/escola-norai-montgat\/wp-json\/wp\/v2\/pages\/34\/revisions"}],"predecessor-version":[{"id":3317,"href":"https:\/\/agora.xtec.cat\/escola-norai-montgat\/wp-json\/wp\/v2\/pages\/34\/revisions\/3317"}],"up":[{"embeddable":true,"href":"https:\/\/agora.xtec.cat\/escola-norai-montgat\/wp-json\/wp\/v2\/pages\/7"}],"wp:attachment":[{"href":"https:\/\/agora.xtec.cat\/escola-norai-montgat\/wp-json\/wp\/v2\/media?parent=34"}],"curies":[{"name":"wp","href":"https:\/\/api.w.org\/{rel}","templated":true}]}}