{"id":3301,"date":"2026-01-29T14:49:38","date_gmt":"2026-01-29T13:49:38","guid":{"rendered":"https:\/\/agora.xtec.cat\/escola-norai-montgat\/?page_id=3301"},"modified":"2026-02-03T10:29:27","modified_gmt":"2026-02-03T09:29:27","slug":"com-acompanyem-la-diversitat","status":"publish","type":"page","link":"https:\/\/agora.xtec.cat\/escola-norai-montgat\/pagines-dinici\/oferta-educativa\/com-acompanyem-la-diversitat\/","title":{"rendered":"Com acompanyem la diversitat?"},"content":{"rendered":"<p><img loading=\"lazy\" decoding=\"async\" class=\" wp-image-3303 aligncenter\" src=\"https:\/\/agora.xtec.cat\/escola-norai-montgat\/wp-content\/uploads\/usu1780\/2026\/01\/Captura-de-pantalla-2026-01-29-095518.png\" alt=\"\" width=\"734\" height=\"271\" srcset=\"https:\/\/agora.xtec.cat\/escola-norai-montgat\/wp-content\/uploads\/usu1780\/2026\/01\/Captura-de-pantalla-2026-01-29-095518.png 796w, https:\/\/agora.xtec.cat\/escola-norai-montgat\/wp-content\/uploads\/usu1780\/2026\/01\/Captura-de-pantalla-2026-01-29-095518-300x111.png 300w, https:\/\/agora.xtec.cat\/escola-norai-montgat\/wp-content\/uploads\/usu1780\/2026\/01\/Captura-de-pantalla-2026-01-29-095518-768x284.png 768w\" sizes=\"auto, (max-width: 734px) 100vw, 734px\" \/><\/p>\n<p>Entenem la difer\u00e8ncia com una oportunitat. Garantir l\u2019equitat implica prendre decisions estrat\u00e8giques per transformar el centre en un entorn acollidor on tothom se sent valorat i pot avan\u00e7ar en funci\u00f3 del seu proc\u00e9s de creixement personal i maduratiu.<\/p>\n<h4 data-path-to-node=\"4\"><span style=\"color: #993300;\">Com ho fem possible?<\/span><\/h4>\n<p data-path-to-node=\"5\">Apostem per una resposta educativa graduada que s&#8217;adapta a les necessitats de cada infant, estructurada en tres nivells d&#8217;actuaci\u00f3:<\/p>\n<ol>\n<li data-path-to-node=\"6\">\n<h5><span style=\"color: #993300;\"><strong>Mesures Universals<\/strong><\/span><\/h5>\n<\/li>\n<\/ol>\n<p data-path-to-node=\"7\">S\u00f3n la base del nostre projecte i s&#8217;apliquen a tot l&#8217;alumnat per garantir la personalitzaci\u00f3:<\/p>\n<ul data-path-to-node=\"8\">\n<li>\n<p data-path-to-node=\"8,0,0\"><b data-path-to-node=\"9,0,0\" data-index-in-node=\"0\">Propostes multinivell:<\/b> Dissenyem propostes obertes\u00a0que s&#8217;adapten de manera natural a les necessitats de cada infant. En aquest proc\u00e9s, l&#8217;equip docent acompanya cada pas tenint sempre com a far el curr\u00edculum i, en els casos que es requereixi, el Pla Individualitzat (PI) de l&#8217;alumne.<\/p>\n<\/li>\n<li>\n<p data-path-to-node=\"8,1,0\"><b data-path-to-node=\"4,1,1,0\" data-index-in-node=\"0\">Organitzaci\u00f3 flexible i de centre:<\/b> Els infants aprenen a autoregular el seu temps i decideixen quina proposta volen realitzar segons el seu nivell. Potenciem la barreja d\u2019edats per fomentar la cooperaci\u00f3, el respecte als ritmes maduratius i l\u2019aprenentatge entre iguals. Tamb\u00e9 fem tallers en petit grup per poder fer un acompanyament m\u00e9s proper.<\/p>\n<\/li>\n<li>\n<p data-path-to-node=\"8,2,0\"><b data-path-to-node=\"8,2,0\" data-index-in-node=\"0\">Avaluaci\u00f3 formadora:<\/b> Entenem l&#8217;avaluaci\u00f3 com una eina que impulsa l&#8217;aprenentatge. Oferim recursos d&#8217;autoavaluaci\u00f3 perqu\u00e8 l&#8217;infant prengui consci\u00e8ncia dels seus \u00e8xits, fortaleses i debilitats. Aquest proc\u00e9s es nodreix d&#8217;un feedback constructiu i encoratjador, que ajuda l&#8217;alumne a orientar el seu esfor\u00e7, guanyar seguretat i descobrir el plaer de superar-se dia a dia.<\/p>\n<\/li>\n<li>\n<p data-path-to-node=\"8,3,0\"><b data-path-to-node=\"8,3,0\" data-index-in-node=\"0\">Acci\u00f3 tutorial:<\/b> Fem un acompanyament\u00a0 a trav\u00e9s de tutories individuals.<\/p>\n<\/li>\n<\/ul>\n<p>&nbsp;<\/p>\n<h5>2. <span style=\"color: #993300;\"><strong>Mesures Adicionals<\/strong><\/span><\/h5>\n<p>Son mesures que donen respostes m\u00e9s concretes:<\/p>\n<ul data-path-to-node=\"11\">\n<li>\n<p data-path-to-node=\"11,0,0\">Suport de mestres que acompanyen l&#8217;alumne dins el context d&#8217;aula.<\/p>\n<\/li>\n<li>\n<p data-path-to-node=\"11,1,0\">Seguiment i aplicaci\u00f3 dels Plans Individualitzats (PI).<\/p>\n<\/li>\n<li>\n<p data-path-to-node=\"11,2,0\">Acci\u00f3 tutorial espec\u00edfica i adaptada.<\/p>\n<\/li>\n<\/ul>\n<p>&nbsp;<\/p>\n<h5>3. <span style=\"color: #993300;\"><strong>Mesures Intensives<\/strong><\/span><\/h5>\n<p data-path-to-node=\"13\">Tamb\u00e9 rebem assessorament de l&#8217;EAP i d&#8217;altres serveis educatius externs com:<\/p>\n<ul data-path-to-node=\"14\">\n<li>\n<p data-path-to-node=\"14,0,0\"><b data-path-to-node=\"14,0,0\" data-index-in-node=\"0\"><a href=\"https:\/\/xtec.gencat.cat\/ca\/serveis\/see\/creda\/\">CREDA<\/a>:<\/b> Suport en l&#8217;\u00e0mbit de l&#8217;audici\u00f3 i el llenguatge.<\/p>\n<\/li>\n<li>\n<p data-path-to-node=\"14,0,0\"><strong><a href=\"https:\/\/xtec.gencat.cat\/ca\/serveis\/see\/credv\/\">CREDV<\/a>:<\/strong> Servei educatiu espec\u00edfic que encol\u00b7laboraci\u00f3 amb l&#8217;ONCE<\/p>\n<\/li>\n<li>\n<p data-path-to-node=\"14,1,0\"><b data-path-to-node=\"14,1,0\" data-index-in-node=\"0\"><a href=\"https:\/\/xtec.gencat.cat\/ca\/serveis\/see\/cretdic\/\">CRETDIC<\/a>:<\/b> Assessorament en trastorns del desenvolupament i la conducta<\/p>\n<\/li>\n<\/ul>\n","protected":false},"excerpt":{"rendered":"<p>Entenem la difer\u00e8ncia com una oportunitat. Garantir l\u2019equitat implica prendre decisions estrat\u00e8giques per transformar el centre en un entorn acollidor on tothom se sent valorat i pot avan\u00e7ar en funci\u00f3 del seu proc\u00e9s de creixement personal i maduratiu.<br \/>\nCom ho fem possible?<br \/>\nApostem per una resposta educativa&hellip;  <a href=\"https:\/\/agora.xtec.cat\/escola-norai-montgat\/pagines-dinici\/oferta-educativa\/com-acompanyem-la-diversitat\/\" title=\"Read Com acompanyem la diversitat?\">Llegeix m\u00e9s\u00bb<\/a><\/p>\n","protected":false},"author":1,"featured_media":0,"parent":34,"menu_order":50,"comment_status":"closed","ping_status":"closed","template":"page-templates\/side-menu.php","meta":{"_bbp_topic_count":0,"_bbp_reply_count":0,"_bbp_total_topic_count":0,"_bbp_total_reply_count":0,"_bbp_voice_count":0,"_bbp_anonymous_reply_count":0,"_bbp_topic_count_hidden":0,"_bbp_reply_count_hidden":0,"_bbp_forum_subforum_count":0,"footnotes":""},"class_list":["post-3301","page","type-page","status-publish","hentry"],"post_mailing_queue_ids":[],"_links":{"self":[{"href":"https:\/\/agora.xtec.cat\/escola-norai-montgat\/wp-json\/wp\/v2\/pages\/3301","targetHints":{"allow":["GET"]}}],"collection":[{"href":"https:\/\/agora.xtec.cat\/escola-norai-montgat\/wp-json\/wp\/v2\/pages"}],"about":[{"href":"https:\/\/agora.xtec.cat\/escola-norai-montgat\/wp-json\/wp\/v2\/types\/page"}],"author":[{"embeddable":true,"href":"https:\/\/agora.xtec.cat\/escola-norai-montgat\/wp-json\/wp\/v2\/users\/1"}],"replies":[{"embeddable":true,"href":"https:\/\/agora.xtec.cat\/escola-norai-montgat\/wp-json\/wp\/v2\/comments?post=3301"}],"version-history":[{"count":6,"href":"https:\/\/agora.xtec.cat\/escola-norai-montgat\/wp-json\/wp\/v2\/pages\/3301\/revisions"}],"predecessor-version":[{"id":3476,"href":"https:\/\/agora.xtec.cat\/escola-norai-montgat\/wp-json\/wp\/v2\/pages\/3301\/revisions\/3476"}],"up":[{"embeddable":true,"href":"https:\/\/agora.xtec.cat\/escola-norai-montgat\/wp-json\/wp\/v2\/pages\/34"}],"wp:attachment":[{"href":"https:\/\/agora.xtec.cat\/escola-norai-montgat\/wp-json\/wp\/v2\/media?parent=3301"}],"curies":[{"name":"wp","href":"https:\/\/api.w.org\/{rel}","templated":true}]}}