{"id":26,"date":"2014-09-18T12:24:32","date_gmt":"2014-09-18T11:24:32","guid":{"rendered":"http:\/\/agora.xtec.cat\/escola-norai-montgat\/?page_id=26"},"modified":"2026-02-01T21:28:28","modified_gmt":"2026-02-01T20:28:28","slug":"historia","status":"publish","type":"page","link":"https:\/\/agora.xtec.cat\/escola-norai-montgat\/pagines-dinici\/historia\/","title":{"rendered":"Les persones"},"content":{"rendered":"<p>&nbsp;<\/p>\n<p><img loading=\"lazy\" decoding=\"async\" class=\"wp-image-3332 aligncenter\" src=\"https:\/\/agora.xtec.cat\/escola-norai-montgat\/wp-content\/uploads\/usu1780\/2026\/02\/f.png\" alt=\"\" width=\"515\" height=\"380\" srcset=\"https:\/\/agora.xtec.cat\/escola-norai-montgat\/wp-content\/uploads\/usu1780\/2026\/02\/f.png 753w, https:\/\/agora.xtec.cat\/escola-norai-montgat\/wp-content\/uploads\/usu1780\/2026\/02\/f-300x222.png 300w\" sizes=\"auto, (max-width: 515px) 100vw, 515px\" \/><\/p>\n<p><strong>Espais blau i <\/strong><strong>verd: <\/strong>Jordi Pons i Sara Ortega<br \/>\n<strong>Espais groc i <\/strong><strong>taronja: <\/strong>Eva Pardo i Anna Crosas<br \/>\n<strong>Espais lila i rosa: <\/strong>N\u00faria Catal\u00e1n i Aida Ahufinger &#8211; Nat\u00e0lia Ribera<br \/>\n<strong>Espais vermell i marr\u00f3: <\/strong>Mireia Rodr\u00edguez i Aina Deulofeu\u00a0<strong><br \/>\nEspai blanc: <\/strong>Mireia Salat<\/p>\n<p><strong>Primer i segon nivell:<\/strong> Cristina S\u00e1nchez<\/p>\n<p><strong>Angl\u00e8s: <\/strong>Ra\u00fcl Jimenez<\/p>\n<p><strong>M\u00fasica: <\/strong>Txell Bascompte<\/p>\n<p><strong>Treball del cos: <\/strong>Judith Ruestes<\/p>\n<p><strong>Espai migdia<\/strong><\/p>\n<p style=\"margin: 0cm;\">Coordinadora: Laura M\u00e1rquez<br \/>\nAuxiliar de cuina: Belkies Josefina Rond\u00f3n<br \/>\nEspai blau: Aina Navarrete<br \/>\nEspai verd: Leyre Esp\u00edn<br \/>\nEspai groc: Zoe Mart\u00ednez<br \/>\nEspai taronja: Xenia Duran<br \/>\nEspai lila: Nerea Romero<br \/>\nEspai rosa: Nerea Garc\u00eda<br \/>\nEspai vermell: Enara Trinitat<\/p>\n<p style=\"margin: 0cm;\">Espai marr\u00f3: Biel L\u00f3pez<\/p>\n<p style=\"margin: 0cm;\">Espai blanc: Oriol Mellado<\/p>\n<p style=\"margin: 0cm;\">Monitora de suport: Laura Pujol<\/p>\n<p>&nbsp;<\/p>\n<p><strong>Consergeria<\/strong>: Rut Rarrasco<\/p>\n<p><strong>Administrativa<\/strong>: Teresa Alonso<\/p>\n<p><strong>Neteja<\/strong>:<br \/>\nAntonia Aguilera<br \/>\nM\u00aa carmen Egea<br \/>\nEnara Trinitat<\/p>\n<p><strong><span style=\"text-decoration: underline;\">Consell de direcci\u00f3<\/span><\/strong><br \/>\n<strong>Directora:<\/strong> Laura Escudero<br \/>\n<strong>Cap d&#8217;estudis: <\/strong>Ana Dionisio<br \/>\n<strong>Secret\u00e0ria: <\/strong>Noelia Montore<\/p>\n","protected":false},"excerpt":{"rendered":"<p>&nbsp;<\/p>\n<p>Espais blau i verd: Jordi Pons i Sara Ortega<br \/>\nEspais groc i taronja: Eva Pardo i Anna Crosas<br \/>\nEspais lila i rosa: N\u00faria Catal\u00e1n i Aida Ahufinger &#8211; Nat\u00e0lia Ribera<br \/>\nEspais vermell i marr\u00f3: Mireia Rodr\u00edguez i Aina Deulofeu\u00a0<br \/>\nEspai blanc: Mireia Salat<br \/>\nPrimer i segon nivell: Cristina S\u00e1nchez<br \/>\nAngl\u00e8s: Ra\u00fcl&hellip;  <a href=\"https:\/\/agora.xtec.cat\/escola-norai-montgat\/pagines-dinici\/historia\/\" title=\"Read Les persones\">Llegeix m\u00e9s\u00bb<\/a><\/p>\n","protected":false},"author":1,"featured_media":0,"parent":7,"menu_order":20,"comment_status":"closed","ping_status":"closed","template":"page-templates\/side-menu.php","meta":{"_bbp_topic_count":0,"_bbp_reply_count":0,"_bbp_total_topic_count":0,"_bbp_total_reply_count":0,"_bbp_voice_count":0,"_bbp_anonymous_reply_count":0,"_bbp_topic_count_hidden":0,"_bbp_reply_count_hidden":0,"_bbp_forum_subforum_count":0,"footnotes":""},"class_list":["post-26","page","type-page","status-publish","hentry"],"post_mailing_queue_ids":[],"_links":{"self":[{"href":"https:\/\/agora.xtec.cat\/escola-norai-montgat\/wp-json\/wp\/v2\/pages\/26","targetHints":{"allow":["GET"]}}],"collection":[{"href":"https:\/\/agora.xtec.cat\/escola-norai-montgat\/wp-json\/wp\/v2\/pages"}],"about":[{"href":"https:\/\/agora.xtec.cat\/escola-norai-montgat\/wp-json\/wp\/v2\/types\/page"}],"author":[{"embeddable":true,"href":"https:\/\/agora.xtec.cat\/escola-norai-montgat\/wp-json\/wp\/v2\/users\/1"}],"replies":[{"embeddable":true,"href":"https:\/\/agora.xtec.cat\/escola-norai-montgat\/wp-json\/wp\/v2\/comments?post=26"}],"version-history":[{"count":7,"href":"https:\/\/agora.xtec.cat\/escola-norai-montgat\/wp-json\/wp\/v2\/pages\/26\/revisions"}],"predecessor-version":[{"id":3334,"href":"https:\/\/agora.xtec.cat\/escola-norai-montgat\/wp-json\/wp\/v2\/pages\/26\/revisions\/3334"}],"up":[{"embeddable":true,"href":"https:\/\/agora.xtec.cat\/escola-norai-montgat\/wp-json\/wp\/v2\/pages\/7"}],"wp:attachment":[{"href":"https:\/\/agora.xtec.cat\/escola-norai-montgat\/wp-json\/wp\/v2\/media?parent=26"}],"curies":[{"name":"wp","href":"https:\/\/api.w.org\/{rel}","templated":true}]}}