{"id":806,"date":"2019-12-04T12:09:18","date_gmt":"2019-12-04T11:09:18","guid":{"rendered":"https:\/\/agora.xtec.cat\/escola-les-escomes\/?page_id=806"},"modified":"2026-04-09T13:57:08","modified_gmt":"2026-04-09T11:57:08","slug":"qui-som","status":"publish","type":"page","link":"https:\/\/agora.xtec.cat\/escola-les-escomes\/lescola\/qui-som\/","title":{"rendered":"Qui som?"},"content":{"rendered":"<div class=\"row\" style=\"margin-bottom: 1em !important;\">\n<div class=\"small-12 large-4 text-center columns\">\n<p><img loading=\"lazy\" decoding=\"async\" class=\"aligncenter wp-image-9242 size-medium\" src=\"https:\/\/agora.xtec.cat\/escola-les-escomes\/wp-content\/uploads\/usu361\/2025\/10\/PXL_20250925_105423223.PORTRAIT.ORIGINAL-225x300.jpg\" alt=\"\" width=\"225\" height=\"300\" srcset=\"https:\/\/agora.xtec.cat\/escola-les-escomes\/wp-content\/uploads\/usu361\/2025\/10\/PXL_20250925_105423223.PORTRAIT.ORIGINAL-225x300.jpg 225w, https:\/\/agora.xtec.cat\/escola-les-escomes\/wp-content\/uploads\/usu361\/2025\/10\/PXL_20250925_105423223.PORTRAIT.ORIGINAL-769x1024.jpg 769w, https:\/\/agora.xtec.cat\/escola-les-escomes\/wp-content\/uploads\/usu361\/2025\/10\/PXL_20250925_105423223.PORTRAIT.ORIGINAL-768x1023.jpg 768w, https:\/\/agora.xtec.cat\/escola-les-escomes\/wp-content\/uploads\/usu361\/2025\/10\/PXL_20250925_105423223.PORTRAIT.ORIGINAL.jpg 868w\" sizes=\"auto, (max-width: 225px) 100vw, 225px\" \/><\/p>\n<h3>Maria Collell<\/h3>\n<p style=\"margin-bottom: 0.2em;\">Directora \/ Referent Entorn<\/p>\n<\/div>\n<div class=\"small-12 large-4 text-center columns\">\n<p><img loading=\"lazy\" decoding=\"async\" class=\"aligncenter wp-image-9259 size-medium\" src=\"https:\/\/agora.xtec.cat\/escola-les-escomes\/wp-content\/uploads\/usu361\/2025\/10\/PXL_20250925_105901971.PORTRAIT-225x300.jpg\" alt=\"\" width=\"225\" height=\"300\" srcset=\"https:\/\/agora.xtec.cat\/escola-les-escomes\/wp-content\/uploads\/usu361\/2025\/10\/PXL_20250925_105901971.PORTRAIT-225x300.jpg 225w, https:\/\/agora.xtec.cat\/escola-les-escomes\/wp-content\/uploads\/usu361\/2025\/10\/PXL_20250925_105901971.PORTRAIT-769x1024.jpg 769w, https:\/\/agora.xtec.cat\/escola-les-escomes\/wp-content\/uploads\/usu361\/2025\/10\/PXL_20250925_105901971.PORTRAIT-768x1023.jpg 768w, https:\/\/agora.xtec.cat\/escola-les-escomes\/wp-content\/uploads\/usu361\/2025\/10\/PXL_20250925_105901971.PORTRAIT.jpg 868w\" sizes=\"auto, (max-width: 225px) 100vw, 225px\" \/><\/p>\n<h3>Jordi Hostench<\/h3>\n<p style=\"margin-bottom: 0.2em;\">Cap d&#8217;estudis \/ Especialista d&#8217;Educaci\u00f3 F\u00edsica CM i CS<\/p>\n<\/div>\n<div class=\"small-12 large-4 text-center columns\">\n<p><img loading=\"lazy\" decoding=\"async\" class=\"aligncenter size-medium wp-image-9685\" src=\"https:\/\/agora.xtec.cat\/escola-les-escomes\/wp-content\/uploads\/usu361\/2026\/04\/WhatsApp-Image-2026-04-09-at-13.54.11-236x300.jpeg\" alt=\"\" width=\"236\" height=\"300\" srcset=\"https:\/\/agora.xtec.cat\/escola-les-escomes\/wp-content\/uploads\/usu361\/2026\/04\/WhatsApp-Image-2026-04-09-at-13.54.11-236x300.jpeg 236w, https:\/\/agora.xtec.cat\/escola-les-escomes\/wp-content\/uploads\/usu361\/2026\/04\/WhatsApp-Image-2026-04-09-at-13.54.11-806x1024.jpeg 806w, https:\/\/agora.xtec.cat\/escola-les-escomes\/wp-content\/uploads\/usu361\/2026\/04\/WhatsApp-Image-2026-04-09-at-13.54.11-768x975.jpeg 768w, https:\/\/agora.xtec.cat\/escola-les-escomes\/wp-content\/uploads\/usu361\/2026\/04\/WhatsApp-Image-2026-04-09-at-13.54.11.jpeg 1174w\" sizes=\"auto, (max-width: 236px) 100vw, 236px\" \/><\/p>\n<h3>F\u00e0tima Casellas<\/h3>\n<p style=\"margin-bottom: 0.2em;\">Secret\u00e0ria<\/p>\n<\/div>\n<\/div>\n<div class=\"row\" style=\"margin-bottom: 1em !important;\">\n<div class=\"small-12 large-4 text-center columns\">\n<p><img loading=\"lazy\" decoding=\"async\" class=\"aligncenter wp-image-9252 size-medium\" src=\"https:\/\/agora.xtec.cat\/escola-les-escomes\/wp-content\/uploads\/usu361\/2025\/10\/PXL_20250925_105659945.PORTRAIT.ORIGINAL-225x300.jpg\" alt=\"\" width=\"225\" height=\"300\" srcset=\"https:\/\/agora.xtec.cat\/escola-les-escomes\/wp-content\/uploads\/usu361\/2025\/10\/PXL_20250925_105659945.PORTRAIT.ORIGINAL-225x300.jpg 225w, https:\/\/agora.xtec.cat\/escola-les-escomes\/wp-content\/uploads\/usu361\/2025\/10\/PXL_20250925_105659945.PORTRAIT.ORIGINAL-769x1024.jpg 769w, https:\/\/agora.xtec.cat\/escola-les-escomes\/wp-content\/uploads\/usu361\/2025\/10\/PXL_20250925_105659945.PORTRAIT.ORIGINAL-768x1023.jpg 768w, https:\/\/agora.xtec.cat\/escola-les-escomes\/wp-content\/uploads\/usu361\/2025\/10\/PXL_20250925_105659945.PORTRAIT.ORIGINAL.jpg 868w\" sizes=\"auto, (max-width: 225px) 100vw, 225px\" \/><\/p>\n<h3>Montse Picart<\/h3>\n<p style=\"margin-bottom: 0.2em;\">Tutora d&#8217;I3<\/p>\n<\/div>\n<div class=\"small-12 large-4 text-center columns\">\n<p><img loading=\"lazy\" decoding=\"async\" class=\"aligncenter wp-image-9248 size-medium\" src=\"https:\/\/agora.xtec.cat\/escola-les-escomes\/wp-content\/uploads\/usu361\/2025\/10\/PXL_20250925_105603810.PORTRAIT.ORIGINAL-225x300.jpg\" alt=\"\" width=\"225\" height=\"300\" srcset=\"https:\/\/agora.xtec.cat\/escola-les-escomes\/wp-content\/uploads\/usu361\/2025\/10\/PXL_20250925_105603810.PORTRAIT.ORIGINAL-225x300.jpg 225w, https:\/\/agora.xtec.cat\/escola-les-escomes\/wp-content\/uploads\/usu361\/2025\/10\/PXL_20250925_105603810.PORTRAIT.ORIGINAL-769x1024.jpg 769w, https:\/\/agora.xtec.cat\/escola-les-escomes\/wp-content\/uploads\/usu361\/2025\/10\/PXL_20250925_105603810.PORTRAIT.ORIGINAL-768x1023.jpg 768w, https:\/\/agora.xtec.cat\/escola-les-escomes\/wp-content\/uploads\/usu361\/2025\/10\/PXL_20250925_105603810.PORTRAIT.ORIGINAL.jpg 868w\" sizes=\"auto, (max-width: 225px) 100vw, 225px\" \/><\/p>\n<h3>Laura Quicios<\/h3>\n<p style=\"margin-bottom: 0.2em;\">Tutora d&#8217;I4 \/ Coordinadora de Riscos Laborals \/ Biblioteca<\/p>\n<\/div>\n<div class=\"small-12 large-4 text-center columns\">\n<p><img loading=\"lazy\" decoding=\"async\" class=\"aligncenter wp-image-9249 size-medium\" src=\"https:\/\/agora.xtec.cat\/escola-les-escomes\/wp-content\/uploads\/usu361\/2025\/10\/PXL_20250925_105614119.PORTRAIT.ORIGINAL-225x300.jpg\" alt=\"\" width=\"225\" height=\"300\" srcset=\"https:\/\/agora.xtec.cat\/escola-les-escomes\/wp-content\/uploads\/usu361\/2025\/10\/PXL_20250925_105614119.PORTRAIT.ORIGINAL-225x300.jpg 225w, https:\/\/agora.xtec.cat\/escola-les-escomes\/wp-content\/uploads\/usu361\/2025\/10\/PXL_20250925_105614119.PORTRAIT.ORIGINAL-769x1024.jpg 769w, https:\/\/agora.xtec.cat\/escola-les-escomes\/wp-content\/uploads\/usu361\/2025\/10\/PXL_20250925_105614119.PORTRAIT.ORIGINAL-768x1023.jpg 768w, https:\/\/agora.xtec.cat\/escola-les-escomes\/wp-content\/uploads\/usu361\/2025\/10\/PXL_20250925_105614119.PORTRAIT.ORIGINAL.jpg 868w\" sizes=\"auto, (max-width: 225px) 100vw, 225px\" \/><\/p>\n<h3>Cristina Marzo<\/h3>\n<p style=\"margin-bottom: 0.2em;\">Tutora d&#8217;I5<\/p>\n<\/div>\n<\/div>\n<div class=\"row\" style=\"margin-bottom: 1em !important;\">\n<div class=\"small-12 large-4 text-center columns\">\n<p><img loading=\"lazy\" decoding=\"async\" class=\"aligncenter wp-image-9246 size-medium\" src=\"https:\/\/agora.xtec.cat\/escola-les-escomes\/wp-content\/uploads\/usu361\/2025\/10\/PXL_20250925_105521078.PORTRAIT.ORIGINAL-225x300.jpg\" alt=\"\" width=\"225\" height=\"300\" srcset=\"https:\/\/agora.xtec.cat\/escola-les-escomes\/wp-content\/uploads\/usu361\/2025\/10\/PXL_20250925_105521078.PORTRAIT.ORIGINAL-225x300.jpg 225w, https:\/\/agora.xtec.cat\/escola-les-escomes\/wp-content\/uploads\/usu361\/2025\/10\/PXL_20250925_105521078.PORTRAIT.ORIGINAL-769x1024.jpg 769w, https:\/\/agora.xtec.cat\/escola-les-escomes\/wp-content\/uploads\/usu361\/2025\/10\/PXL_20250925_105521078.PORTRAIT.ORIGINAL-768x1023.jpg 768w, https:\/\/agora.xtec.cat\/escola-les-escomes\/wp-content\/uploads\/usu361\/2025\/10\/PXL_20250925_105521078.PORTRAIT.ORIGINAL.jpg 868w\" sizes=\"auto, (max-width: 225px) 100vw, 225px\" \/><\/p>\n<h3>Marta Segu\u00ed<\/h3>\n<p style=\"margin-bottom: 0.2em;\">Tutora de 1r \/ Coordinadora d&#8217;Infantil<\/p>\n<\/div>\n<div class=\"small-12 large-4 text-center columns\">\n<p><img loading=\"lazy\" decoding=\"async\" class=\"aligncenter wp-image-9261 size-medium\" src=\"https:\/\/agora.xtec.cat\/escola-les-escomes\/wp-content\/uploads\/usu361\/2025\/10\/PXL_20250925_110000784.PORTRAIT.ORIGINAL-225x300.jpg\" alt=\"\" width=\"225\" height=\"300\" srcset=\"https:\/\/agora.xtec.cat\/escola-les-escomes\/wp-content\/uploads\/usu361\/2025\/10\/PXL_20250925_110000784.PORTRAIT.ORIGINAL-225x300.jpg 225w, https:\/\/agora.xtec.cat\/escola-les-escomes\/wp-content\/uploads\/usu361\/2025\/10\/PXL_20250925_110000784.PORTRAIT.ORIGINAL-769x1024.jpg 769w, https:\/\/agora.xtec.cat\/escola-les-escomes\/wp-content\/uploads\/usu361\/2025\/10\/PXL_20250925_110000784.PORTRAIT.ORIGINAL-768x1023.jpg 768w, https:\/\/agora.xtec.cat\/escola-les-escomes\/wp-content\/uploads\/usu361\/2025\/10\/PXL_20250925_110000784.PORTRAIT.ORIGINAL.jpg 868w\" sizes=\"auto, (max-width: 225px) 100vw, 225px\" \/><\/p>\n<h3>Eva Arrey<\/h3>\n<p style=\"margin-bottom: 0.2em;\">Tutora de 2n \/ Coordinadora LIC<\/p>\n<\/div>\n<div class=\"small-12 large-4 text-center columns\">\n<p><img loading=\"lazy\" decoding=\"async\" class=\"aligncenter wp-image-9257 size-medium\" src=\"https:\/\/agora.xtec.cat\/escola-les-escomes\/wp-content\/uploads\/usu361\/2025\/10\/PXL_20250925_105836811.PORTRAIT.ORIGINAL-225x300.jpg\" alt=\"\" width=\"225\" height=\"300\" srcset=\"https:\/\/agora.xtec.cat\/escola-les-escomes\/wp-content\/uploads\/usu361\/2025\/10\/PXL_20250925_105836811.PORTRAIT.ORIGINAL-225x300.jpg 225w, https:\/\/agora.xtec.cat\/escola-les-escomes\/wp-content\/uploads\/usu361\/2025\/10\/PXL_20250925_105836811.PORTRAIT.ORIGINAL-769x1024.jpg 769w, https:\/\/agora.xtec.cat\/escola-les-escomes\/wp-content\/uploads\/usu361\/2025\/10\/PXL_20250925_105836811.PORTRAIT.ORIGINAL-768x1023.jpg 768w, https:\/\/agora.xtec.cat\/escola-les-escomes\/wp-content\/uploads\/usu361\/2025\/10\/PXL_20250925_105836811.PORTRAIT.ORIGINAL.jpg 868w\" sizes=\"auto, (max-width: 225px) 100vw, 225px\" \/><\/p>\n<h3>Jordi Bramon<\/h3>\n<p style=\"margin-bottom: 0.2em;\">Tutor de 3r<\/p>\n<\/div>\n<\/div>\n<div class=\"row\" style=\"margin-bottom: 1em !important;\">\n<div class=\"small-12 large-4 text-center columns\">\n<p><img loading=\"lazy\" decoding=\"async\" class=\"aligncenter wp-image-9256 size-medium\" src=\"https:\/\/agora.xtec.cat\/escola-les-escomes\/wp-content\/uploads\/usu361\/2025\/10\/PXL_20250925_105804662.PORTRAIT.ORIGINAL-225x300.jpg\" alt=\"\" width=\"225\" height=\"300\" srcset=\"https:\/\/agora.xtec.cat\/escola-les-escomes\/wp-content\/uploads\/usu361\/2025\/10\/PXL_20250925_105804662.PORTRAIT.ORIGINAL-225x300.jpg 225w, https:\/\/agora.xtec.cat\/escola-les-escomes\/wp-content\/uploads\/usu361\/2025\/10\/PXL_20250925_105804662.PORTRAIT.ORIGINAL-769x1024.jpg 769w, https:\/\/agora.xtec.cat\/escola-les-escomes\/wp-content\/uploads\/usu361\/2025\/10\/PXL_20250925_105804662.PORTRAIT.ORIGINAL-768x1023.jpg 768w, https:\/\/agora.xtec.cat\/escola-les-escomes\/wp-content\/uploads\/usu361\/2025\/10\/PXL_20250925_105804662.PORTRAIT.ORIGINAL.jpg 868w\" sizes=\"auto, (max-width: 225px) 100vw, 225px\" \/><\/p>\n<h3>Ivet Gabino<\/h3>\n<p style=\"margin-bottom: 0.2em;\">Tutora de 4t \/ Coordinadora de prim\u00e0ria<\/p>\n<\/div>\n<div class=\"small-12 large-4 text-center columns\">\n<p><img loading=\"lazy\" decoding=\"async\" class=\"aligncenter wp-image-9244 size-medium\" src=\"https:\/\/agora.xtec.cat\/escola-les-escomes\/wp-content\/uploads\/usu361\/2025\/10\/PXL_20250925_105459650.PORTRAIT.ORIGINAL-225x300.jpg\" alt=\"\" width=\"225\" height=\"300\" srcset=\"https:\/\/agora.xtec.cat\/escola-les-escomes\/wp-content\/uploads\/usu361\/2025\/10\/PXL_20250925_105459650.PORTRAIT.ORIGINAL-225x300.jpg 225w, https:\/\/agora.xtec.cat\/escola-les-escomes\/wp-content\/uploads\/usu361\/2025\/10\/PXL_20250925_105459650.PORTRAIT.ORIGINAL-769x1024.jpg 769w, https:\/\/agora.xtec.cat\/escola-les-escomes\/wp-content\/uploads\/usu361\/2025\/10\/PXL_20250925_105459650.PORTRAIT.ORIGINAL-768x1023.jpg 768w, https:\/\/agora.xtec.cat\/escola-les-escomes\/wp-content\/uploads\/usu361\/2025\/10\/PXL_20250925_105459650.PORTRAIT.ORIGINAL.jpg 868w\" sizes=\"auto, (max-width: 225px) 100vw, 225px\" \/><\/p>\n<h3>Laura Men\u00e9ndez<\/h3>\n<p style=\"margin-bottom: 0.2em;\">Tutora de 5\u00e8<\/p>\n<\/div>\n<div class=\"small-12 large-4 text-center columns\">\n<p><img loading=\"lazy\" decoding=\"async\" class=\"aligncenter wp-image-9254 size-medium\" src=\"https:\/\/agora.xtec.cat\/escola-les-escomes\/wp-content\/uploads\/usu361\/2025\/10\/PXL_20250925_105731285.PORTRAIT.ORIGINAL-225x300.jpg\" alt=\"\" width=\"225\" height=\"300\" srcset=\"https:\/\/agora.xtec.cat\/escola-les-escomes\/wp-content\/uploads\/usu361\/2025\/10\/PXL_20250925_105731285.PORTRAIT.ORIGINAL-225x300.jpg 225w, https:\/\/agora.xtec.cat\/escola-les-escomes\/wp-content\/uploads\/usu361\/2025\/10\/PXL_20250925_105731285.PORTRAIT.ORIGINAL-769x1024.jpg 769w, https:\/\/agora.xtec.cat\/escola-les-escomes\/wp-content\/uploads\/usu361\/2025\/10\/PXL_20250925_105731285.PORTRAIT.ORIGINAL-768x1023.jpg 768w, https:\/\/agora.xtec.cat\/escola-les-escomes\/wp-content\/uploads\/usu361\/2025\/10\/PXL_20250925_105731285.PORTRAIT.ORIGINAL.jpg 868w\" sizes=\"auto, (max-width: 225px) 100vw, 225px\" \/><\/p>\n<h3>Aleydis Vi\u00f1olas<\/h3>\n<p style=\"margin-bottom: 0.2em;\">Tutora de 6\u00e8 \/ Biblioteca<\/p>\n<\/div>\n<\/div>\n<div class=\"row\" style=\"margin-bottom: 1em !important;\">\n<div class=\"small-12 large-4 text-center columns\">\n<p><img loading=\"lazy\" decoding=\"async\" class=\"aligncenter wp-image-9247 size-medium\" src=\"https:\/\/agora.xtec.cat\/escola-les-escomes\/wp-content\/uploads\/usu361\/2025\/10\/PXL_20250925_105553727.PORTRAIT.ORIGINAL-225x300.jpg\" alt=\"\" width=\"225\" height=\"300\" srcset=\"https:\/\/agora.xtec.cat\/escola-les-escomes\/wp-content\/uploads\/usu361\/2025\/10\/PXL_20250925_105553727.PORTRAIT.ORIGINAL-225x300.jpg 225w, https:\/\/agora.xtec.cat\/escola-les-escomes\/wp-content\/uploads\/usu361\/2025\/10\/PXL_20250925_105553727.PORTRAIT.ORIGINAL-769x1024.jpg 769w, https:\/\/agora.xtec.cat\/escola-les-escomes\/wp-content\/uploads\/usu361\/2025\/10\/PXL_20250925_105553727.PORTRAIT.ORIGINAL-768x1023.jpg 768w, https:\/\/agora.xtec.cat\/escola-les-escomes\/wp-content\/uploads\/usu361\/2025\/10\/PXL_20250925_105553727.PORTRAIT.ORIGINAL.jpg 868w\" sizes=\"auto, (max-width: 225px) 100vw, 225px\" \/><\/p>\n<h3>Sandra Anglada<\/h3>\n<p style=\"margin-bottom: 0.2em;\">Suports a Educaci\u00f3 Prim\u00e0ria<\/p>\n<\/div>\n<div class=\"small-12 large-4 text-center columns\">\n<p><img loading=\"lazy\" decoding=\"async\" class=\"aligncenter wp-image-9245 size-medium\" src=\"https:\/\/agora.xtec.cat\/escola-les-escomes\/wp-content\/uploads\/usu361\/2025\/10\/PXL_20250925_105507123.PORTRAIT.ORIGINAL-225x300.jpg\" alt=\"\" width=\"225\" height=\"300\" srcset=\"https:\/\/agora.xtec.cat\/escola-les-escomes\/wp-content\/uploads\/usu361\/2025\/10\/PXL_20250925_105507123.PORTRAIT.ORIGINAL-225x300.jpg 225w, https:\/\/agora.xtec.cat\/escola-les-escomes\/wp-content\/uploads\/usu361\/2025\/10\/PXL_20250925_105507123.PORTRAIT.ORIGINAL-769x1024.jpg 769w, https:\/\/agora.xtec.cat\/escola-les-escomes\/wp-content\/uploads\/usu361\/2025\/10\/PXL_20250925_105507123.PORTRAIT.ORIGINAL-768x1023.jpg 768w, https:\/\/agora.xtec.cat\/escola-les-escomes\/wp-content\/uploads\/usu361\/2025\/10\/PXL_20250925_105507123.PORTRAIT.ORIGINAL.jpg 868w\" sizes=\"auto, (max-width: 225px) 100vw, 225px\" \/><\/p>\n<h3>Aina L\u00f3pez<\/h3>\n<p style=\"margin-bottom: 0.2em;\">Especialista Llengua Anglesa Cicle Inicial<\/p>\n<\/div>\n<div class=\"small-12 large-4 text-center columns\">\n<p><img loading=\"lazy\" decoding=\"async\" class=\"aligncenter wp-image-9253 size-medium\" src=\"https:\/\/agora.xtec.cat\/escola-les-escomes\/wp-content\/uploads\/usu361\/2025\/10\/PXL_20250925_105710159.PORTRAIT.ORIGINAL-225x300.jpg\" alt=\"\" width=\"225\" height=\"300\" srcset=\"https:\/\/agora.xtec.cat\/escola-les-escomes\/wp-content\/uploads\/usu361\/2025\/10\/PXL_20250925_105710159.PORTRAIT.ORIGINAL-225x300.jpg 225w, https:\/\/agora.xtec.cat\/escola-les-escomes\/wp-content\/uploads\/usu361\/2025\/10\/PXL_20250925_105710159.PORTRAIT.ORIGINAL-769x1024.jpg 769w, https:\/\/agora.xtec.cat\/escola-les-escomes\/wp-content\/uploads\/usu361\/2025\/10\/PXL_20250925_105710159.PORTRAIT.ORIGINAL-768x1023.jpg 768w, https:\/\/agora.xtec.cat\/escola-les-escomes\/wp-content\/uploads\/usu361\/2025\/10\/PXL_20250925_105710159.PORTRAIT.ORIGINAL.jpg 868w\" sizes=\"auto, (max-width: 225px) 100vw, 225px\" \/><\/p>\n<h3>Laia Oltra<\/h3>\n<p style=\"margin-bottom: 0.2em;\">Especialista Llengua Anglesa Cicle Mitj\u00e0\/Superior<\/p>\n<\/div>\n<\/div>\n<div class=\"row\" style=\"margin-bottom: 1em !important;\">\n<div class=\"small-12 large-4 text-center columns\">\n<p><img loading=\"lazy\" decoding=\"async\" class=\"aligncenter wp-image-9258 size-medium\" src=\"https:\/\/agora.xtec.cat\/escola-les-escomes\/wp-content\/uploads\/usu361\/2025\/10\/PXL_20250925_105855026.PORTRAIT.ORIGINAL-225x300.jpg\" alt=\"\" width=\"225\" height=\"300\" srcset=\"https:\/\/agora.xtec.cat\/escola-les-escomes\/wp-content\/uploads\/usu361\/2025\/10\/PXL_20250925_105855026.PORTRAIT.ORIGINAL-225x300.jpg 225w, https:\/\/agora.xtec.cat\/escola-les-escomes\/wp-content\/uploads\/usu361\/2025\/10\/PXL_20250925_105855026.PORTRAIT.ORIGINAL-769x1024.jpg 769w, https:\/\/agora.xtec.cat\/escola-les-escomes\/wp-content\/uploads\/usu361\/2025\/10\/PXL_20250925_105855026.PORTRAIT.ORIGINAL-768x1023.jpg 768w, https:\/\/agora.xtec.cat\/escola-les-escomes\/wp-content\/uploads\/usu361\/2025\/10\/PXL_20250925_105855026.PORTRAIT.ORIGINAL.jpg 868w\" sizes=\"auto, (max-width: 225px) 100vw, 225px\" \/><\/p>\n<h3>Isabel Gelis<\/h3>\n<p style=\"margin-bottom: 0.2em;\">Especialista Educaci\u00f3 Especial Prim\u00e0ria<\/p>\n<\/div>\n<div class=\"small-12 large-4 text-center columns\">\n<p><img loading=\"lazy\" decoding=\"async\" class=\"aligncenter wp-image-9255 size-medium\" src=\"https:\/\/agora.xtec.cat\/escola-les-escomes\/wp-content\/uploads\/usu361\/2025\/10\/PXL_20250925_105739249.PORTRAIT-225x300.jpg\" alt=\"\" width=\"225\" height=\"300\" srcset=\"https:\/\/agora.xtec.cat\/escola-les-escomes\/wp-content\/uploads\/usu361\/2025\/10\/PXL_20250925_105739249.PORTRAIT-225x300.jpg 225w, https:\/\/agora.xtec.cat\/escola-les-escomes\/wp-content\/uploads\/usu361\/2025\/10\/PXL_20250925_105739249.PORTRAIT-769x1024.jpg 769w, https:\/\/agora.xtec.cat\/escola-les-escomes\/wp-content\/uploads\/usu361\/2025\/10\/PXL_20250925_105739249.PORTRAIT-768x1023.jpg 768w, https:\/\/agora.xtec.cat\/escola-les-escomes\/wp-content\/uploads\/usu361\/2025\/10\/PXL_20250925_105739249.PORTRAIT.jpg 868w\" sizes=\"auto, (max-width: 225px) 100vw, 225px\" \/><\/p>\n<h3>Judit Masegur<\/h3>\n<p style=\"margin-bottom: 0.2em;\">Especialista educaci\u00f3 f\u00edsica 1r i psicomotricitat<\/p>\n<\/div>\n<div class=\"small-12 large-4 text-center columns\">\n<h3><img loading=\"lazy\" decoding=\"async\" class=\"aligncenter wp-image-8165 size-thumbnail\" src=\"https:\/\/agora.xtec.cat\/escola-les-escomes\/wp-content\/uploads\/usu361\/2024\/10\/IMG_1051-1-150x150.jpg\" alt=\"\" width=\"150\" height=\"150\" \/><\/h3>\n<h3>Lourdes Mas\u00f3<\/h3>\n<p style=\"margin-bottom: 0.2em;\">Mestra de rob\u00f2tica<\/p>\n<\/div>\n<\/div>\n<div class=\"row\" style=\"margin-bottom: 1em !important;\">\n<div class=\"small-12 large-4 text-center columns\">\n<p><img loading=\"lazy\" decoding=\"async\" class=\"aligncenter wp-image-9250 size-medium\" src=\"https:\/\/agora.xtec.cat\/escola-les-escomes\/wp-content\/uploads\/usu361\/2025\/10\/PXL_20250925_105628533.PORTRAIT.ORIGINAL-225x300.jpg\" alt=\"\" width=\"225\" height=\"300\" srcset=\"https:\/\/agora.xtec.cat\/escola-les-escomes\/wp-content\/uploads\/usu361\/2025\/10\/PXL_20250925_105628533.PORTRAIT.ORIGINAL-225x300.jpg 225w, https:\/\/agora.xtec.cat\/escola-les-escomes\/wp-content\/uploads\/usu361\/2025\/10\/PXL_20250925_105628533.PORTRAIT.ORIGINAL-769x1024.jpg 769w, https:\/\/agora.xtec.cat\/escola-les-escomes\/wp-content\/uploads\/usu361\/2025\/10\/PXL_20250925_105628533.PORTRAIT.ORIGINAL-768x1023.jpg 768w, https:\/\/agora.xtec.cat\/escola-les-escomes\/wp-content\/uploads\/usu361\/2025\/10\/PXL_20250925_105628533.PORTRAIT.ORIGINAL.jpg 868w\" sizes=\"auto, (max-width: 225px) 100vw, 225px\" \/><\/p>\n<h3>Laura Kimber<\/h3>\n<p style=\"margin-bottom: 0.2em;\">Especialista Educaci\u00f3 Especial Infantil<\/p>\n<\/div>\n<\/div>\n<p><img loading=\"lazy\" decoding=\"async\" class=\"aligncenter wp-image-9243 size-medium\" src=\"https:\/\/agora.xtec.cat\/escola-les-escomes\/wp-content\/uploads\/usu361\/2025\/10\/PXL_20250925_105447908.PORTRAIT.ORIGINAL-225x300.jpg\" alt=\"\" width=\"225\" height=\"300\" srcset=\"https:\/\/agora.xtec.cat\/escola-les-escomes\/wp-content\/uploads\/usu361\/2025\/10\/PXL_20250925_105447908.PORTRAIT.ORIGINAL-225x300.jpg 225w, https:\/\/agora.xtec.cat\/escola-les-escomes\/wp-content\/uploads\/usu361\/2025\/10\/PXL_20250925_105447908.PORTRAIT.ORIGINAL-769x1024.jpg 769w, https:\/\/agora.xtec.cat\/escola-les-escomes\/wp-content\/uploads\/usu361\/2025\/10\/PXL_20250925_105447908.PORTRAIT.ORIGINAL-768x1023.jpg 768w, https:\/\/agora.xtec.cat\/escola-les-escomes\/wp-content\/uploads\/usu361\/2025\/10\/PXL_20250925_105447908.PORTRAIT.ORIGINAL.jpg 868w\" sizes=\"auto, (max-width: 225px) 100vw, 225px\" \/><\/p>\n<h3>Albert Vila<\/h3>\n<p>Especialista Educaci\u00f3 Musical<\/p>\n<p><img loading=\"lazy\" decoding=\"async\" class=\"aligncenter wp-image-9251 size-medium\" src=\"https:\/\/agora.xtec.cat\/escola-les-escomes\/wp-content\/uploads\/usu361\/2025\/10\/PXL_20250925_105642690.PORTRAIT.ORIGINAL-225x300.jpg\" alt=\"\" width=\"225\" height=\"300\" srcset=\"https:\/\/agora.xtec.cat\/escola-les-escomes\/wp-content\/uploads\/usu361\/2025\/10\/PXL_20250925_105642690.PORTRAIT.ORIGINAL-225x300.jpg 225w, https:\/\/agora.xtec.cat\/escola-les-escomes\/wp-content\/uploads\/usu361\/2025\/10\/PXL_20250925_105642690.PORTRAIT.ORIGINAL-769x1024.jpg 769w, https:\/\/agora.xtec.cat\/escola-les-escomes\/wp-content\/uploads\/usu361\/2025\/10\/PXL_20250925_105642690.PORTRAIT.ORIGINAL-768x1023.jpg 768w, https:\/\/agora.xtec.cat\/escola-les-escomes\/wp-content\/uploads\/usu361\/2025\/10\/PXL_20250925_105642690.PORTRAIT.ORIGINAL.jpg 868w\" sizes=\"auto, (max-width: 225px) 100vw, 225px\" \/><\/p>\n<h3>Anna Xicoira<\/h3>\n<p>Suports a Educaci\u00f3 Infantil i Prim\u00e0ria<\/p>\n<table style=\"border-collapse: collapse; width: 100%;\">\n<tbody>\n<tr>\n<td style=\"width: 33.3333%;\"><img loading=\"lazy\" decoding=\"async\" class=\"size-medium wp-image-9441 aligncenter\" src=\"https:\/\/agora.xtec.cat\/escola-les-escomes\/wp-content\/uploads\/usu361\/2025\/11\/148c1d80-49ef-46e1-9209-8f648cc47d0a-139x300.jpg\" alt=\"\" width=\"139\" height=\"300\" srcset=\"https:\/\/agora.xtec.cat\/escola-les-escomes\/wp-content\/uploads\/usu361\/2025\/11\/148c1d80-49ef-46e1-9209-8f648cc47d0a-139x300.jpg 139w, https:\/\/agora.xtec.cat\/escola-les-escomes\/wp-content\/uploads\/usu361\/2025\/11\/148c1d80-49ef-46e1-9209-8f648cc47d0a-473x1024.jpg 473w, https:\/\/agora.xtec.cat\/escola-les-escomes\/wp-content\/uploads\/usu361\/2025\/11\/148c1d80-49ef-46e1-9209-8f648cc47d0a-768x1663.jpg 768w, https:\/\/agora.xtec.cat\/escola-les-escomes\/wp-content\/uploads\/usu361\/2025\/11\/148c1d80-49ef-46e1-9209-8f648cc47d0a-709x1536.jpg 709w, https:\/\/agora.xtec.cat\/escola-les-escomes\/wp-content\/uploads\/usu361\/2025\/11\/148c1d80-49ef-46e1-9209-8f648cc47d0a.jpg 942w\" sizes=\"auto, (max-width: 139px) 100vw, 139px\" \/><\/td>\n<td style=\"width: 33.3333%;\"><img loading=\"lazy\" decoding=\"async\" class=\"aligncenter size-medium wp-image-9449\" src=\"https:\/\/agora.xtec.cat\/escola-les-escomes\/wp-content\/uploads\/usu361\/2025\/11\/83cf29ab-d4c0-4f10-83f9-1b0fa076fd77-139x300.jpg\" alt=\"\" width=\"139\" height=\"300\" srcset=\"https:\/\/agora.xtec.cat\/escola-les-escomes\/wp-content\/uploads\/usu361\/2025\/11\/83cf29ab-d4c0-4f10-83f9-1b0fa076fd77-139x300.jpg 139w, https:\/\/agora.xtec.cat\/escola-les-escomes\/wp-content\/uploads\/usu361\/2025\/11\/83cf29ab-d4c0-4f10-83f9-1b0fa076fd77-473x1024.jpg 473w, https:\/\/agora.xtec.cat\/escola-les-escomes\/wp-content\/uploads\/usu361\/2025\/11\/83cf29ab-d4c0-4f10-83f9-1b0fa076fd77-768x1663.jpg 768w, https:\/\/agora.xtec.cat\/escola-les-escomes\/wp-content\/uploads\/usu361\/2025\/11\/83cf29ab-d4c0-4f10-83f9-1b0fa076fd77-709x1536.jpg 709w, https:\/\/agora.xtec.cat\/escola-les-escomes\/wp-content\/uploads\/usu361\/2025\/11\/83cf29ab-d4c0-4f10-83f9-1b0fa076fd77.jpg 942w\" sizes=\"auto, (max-width: 139px) 100vw, 139px\" \/><\/td>\n<td style=\"width: 33.3333%;\"><img loading=\"lazy\" decoding=\"async\" class=\"aligncenter size-medium wp-image-9447\" src=\"https:\/\/agora.xtec.cat\/escola-les-escomes\/wp-content\/uploads\/usu361\/2025\/11\/3b3d7074-a080-4fca-b067-ae0d0f3f0e42-139x300.jpg\" alt=\"\" width=\"139\" height=\"300\" srcset=\"https:\/\/agora.xtec.cat\/escola-les-escomes\/wp-content\/uploads\/usu361\/2025\/11\/3b3d7074-a080-4fca-b067-ae0d0f3f0e42-139x300.jpg 139w, https:\/\/agora.xtec.cat\/escola-les-escomes\/wp-content\/uploads\/usu361\/2025\/11\/3b3d7074-a080-4fca-b067-ae0d0f3f0e42-473x1024.jpg 473w, https:\/\/agora.xtec.cat\/escola-les-escomes\/wp-content\/uploads\/usu361\/2025\/11\/3b3d7074-a080-4fca-b067-ae0d0f3f0e42-768x1663.jpg 768w, https:\/\/agora.xtec.cat\/escola-les-escomes\/wp-content\/uploads\/usu361\/2025\/11\/3b3d7074-a080-4fca-b067-ae0d0f3f0e42-709x1536.jpg 709w, https:\/\/agora.xtec.cat\/escola-les-escomes\/wp-content\/uploads\/usu361\/2025\/11\/3b3d7074-a080-4fca-b067-ae0d0f3f0e42.jpg 942w\" sizes=\"auto, (max-width: 139px) 100vw, 139px\" \/><\/td>\n<\/tr>\n<tr>\n<td style=\"width: 33.3333%;\"><img loading=\"lazy\" decoding=\"async\" class=\"aligncenter size-medium wp-image-9445\" src=\"https:\/\/agora.xtec.cat\/escola-les-escomes\/wp-content\/uploads\/usu361\/2025\/11\/defca84b-7b5c-4666-885b-089b88586baa-169x300.jpg\" alt=\"\" width=\"169\" height=\"300\" srcset=\"https:\/\/agora.xtec.cat\/escola-les-escomes\/wp-content\/uploads\/usu361\/2025\/11\/defca84b-7b5c-4666-885b-089b88586baa-169x300.jpg 169w, https:\/\/agora.xtec.cat\/escola-les-escomes\/wp-content\/uploads\/usu361\/2025\/11\/defca84b-7b5c-4666-885b-089b88586baa-576x1024.jpg 576w, https:\/\/agora.xtec.cat\/escola-les-escomes\/wp-content\/uploads\/usu361\/2025\/11\/defca84b-7b5c-4666-885b-089b88586baa-768x1365.jpg 768w, https:\/\/agora.xtec.cat\/escola-les-escomes\/wp-content\/uploads\/usu361\/2025\/11\/defca84b-7b5c-4666-885b-089b88586baa-864x1536.jpg 864w, https:\/\/agora.xtec.cat\/escola-les-escomes\/wp-content\/uploads\/usu361\/2025\/11\/defca84b-7b5c-4666-885b-089b88586baa.jpg 1080w\" sizes=\"auto, (max-width: 169px) 100vw, 169px\" \/><\/td>\n<td style=\"width: 33.3333%;\"><img loading=\"lazy\" decoding=\"async\" class=\"aligncenter size-medium wp-image-9448\" src=\"https:\/\/agora.xtec.cat\/escola-les-escomes\/wp-content\/uploads\/usu361\/2025\/11\/7afeecc9-6cd6-481a-acc8-cbd8ca7cb80e-139x300.jpg\" alt=\"\" width=\"139\" height=\"300\" srcset=\"https:\/\/agora.xtec.cat\/escola-les-escomes\/wp-content\/uploads\/usu361\/2025\/11\/7afeecc9-6cd6-481a-acc8-cbd8ca7cb80e-139x300.jpg 139w, https:\/\/agora.xtec.cat\/escola-les-escomes\/wp-content\/uploads\/usu361\/2025\/11\/7afeecc9-6cd6-481a-acc8-cbd8ca7cb80e-473x1024.jpg 473w, https:\/\/agora.xtec.cat\/escola-les-escomes\/wp-content\/uploads\/usu361\/2025\/11\/7afeecc9-6cd6-481a-acc8-cbd8ca7cb80e-768x1663.jpg 768w, https:\/\/agora.xtec.cat\/escola-les-escomes\/wp-content\/uploads\/usu361\/2025\/11\/7afeecc9-6cd6-481a-acc8-cbd8ca7cb80e-709x1536.jpg 709w, https:\/\/agora.xtec.cat\/escola-les-escomes\/wp-content\/uploads\/usu361\/2025\/11\/7afeecc9-6cd6-481a-acc8-cbd8ca7cb80e.jpg 942w\" sizes=\"auto, (max-width: 139px) 100vw, 139px\" \/><\/td>\n<td style=\"width: 33.3333%;\"><img loading=\"lazy\" decoding=\"async\" class=\"aligncenter size-medium wp-image-9446\" src=\"https:\/\/agora.xtec.cat\/escola-les-escomes\/wp-content\/uploads\/usu361\/2025\/11\/1eb997ca-4cb5-4346-a6ec-727689956868-139x300.jpg\" alt=\"\" width=\"139\" height=\"300\" srcset=\"https:\/\/agora.xtec.cat\/escola-les-escomes\/wp-content\/uploads\/usu361\/2025\/11\/1eb997ca-4cb5-4346-a6ec-727689956868-139x300.jpg 139w, https:\/\/agora.xtec.cat\/escola-les-escomes\/wp-content\/uploads\/usu361\/2025\/11\/1eb997ca-4cb5-4346-a6ec-727689956868-473x1024.jpg 473w, https:\/\/agora.xtec.cat\/escola-les-escomes\/wp-content\/uploads\/usu361\/2025\/11\/1eb997ca-4cb5-4346-a6ec-727689956868-768x1663.jpg 768w, https:\/\/agora.xtec.cat\/escola-les-escomes\/wp-content\/uploads\/usu361\/2025\/11\/1eb997ca-4cb5-4346-a6ec-727689956868-709x1536.jpg 709w, https:\/\/agora.xtec.cat\/escola-les-escomes\/wp-content\/uploads\/usu361\/2025\/11\/1eb997ca-4cb5-4346-a6ec-727689956868.jpg 942w\" sizes=\"auto, (max-width: 139px) 100vw, 139px\" \/><\/td>\n<\/tr>\n<tr>\n<td style=\"width: 33.3333%;\"><img loading=\"lazy\" decoding=\"async\" class=\"aligncenter size-medium wp-image-9444\" src=\"https:\/\/agora.xtec.cat\/escola-les-escomes\/wp-content\/uploads\/usu361\/2025\/11\/c1e89b24-5b1b-4600-a064-2fbd7c5aae4d-139x300.jpg\" alt=\"\" width=\"139\" height=\"300\" srcset=\"https:\/\/agora.xtec.cat\/escola-les-escomes\/wp-content\/uploads\/usu361\/2025\/11\/c1e89b24-5b1b-4600-a064-2fbd7c5aae4d-139x300.jpg 139w, https:\/\/agora.xtec.cat\/escola-les-escomes\/wp-content\/uploads\/usu361\/2025\/11\/c1e89b24-5b1b-4600-a064-2fbd7c5aae4d-473x1024.jpg 473w, https:\/\/agora.xtec.cat\/escola-les-escomes\/wp-content\/uploads\/usu361\/2025\/11\/c1e89b24-5b1b-4600-a064-2fbd7c5aae4d-768x1663.jpg 768w, https:\/\/agora.xtec.cat\/escola-les-escomes\/wp-content\/uploads\/usu361\/2025\/11\/c1e89b24-5b1b-4600-a064-2fbd7c5aae4d-709x1536.jpg 709w, https:\/\/agora.xtec.cat\/escola-les-escomes\/wp-content\/uploads\/usu361\/2025\/11\/c1e89b24-5b1b-4600-a064-2fbd7c5aae4d.jpg 942w\" sizes=\"auto, (max-width: 139px) 100vw, 139px\" \/><\/td>\n<td style=\"width: 33.3333%;\"><img loading=\"lazy\" decoding=\"async\" class=\"aligncenter size-medium wp-image-9442\" src=\"https:\/\/agora.xtec.cat\/escola-les-escomes\/wp-content\/uploads\/usu361\/2025\/11\/444b20ed-d380-47eb-8947-9055a5d029a0-139x300.jpg\" alt=\"\" width=\"139\" height=\"300\" srcset=\"https:\/\/agora.xtec.cat\/escola-les-escomes\/wp-content\/uploads\/usu361\/2025\/11\/444b20ed-d380-47eb-8947-9055a5d029a0-139x300.jpg 139w, https:\/\/agora.xtec.cat\/escola-les-escomes\/wp-content\/uploads\/usu361\/2025\/11\/444b20ed-d380-47eb-8947-9055a5d029a0-473x1024.jpg 473w, https:\/\/agora.xtec.cat\/escola-les-escomes\/wp-content\/uploads\/usu361\/2025\/11\/444b20ed-d380-47eb-8947-9055a5d029a0-768x1663.jpg 768w, https:\/\/agora.xtec.cat\/escola-les-escomes\/wp-content\/uploads\/usu361\/2025\/11\/444b20ed-d380-47eb-8947-9055a5d029a0-709x1536.jpg 709w, https:\/\/agora.xtec.cat\/escola-les-escomes\/wp-content\/uploads\/usu361\/2025\/11\/444b20ed-d380-47eb-8947-9055a5d029a0.jpg 942w\" sizes=\"auto, (max-width: 139px) 100vw, 139px\" \/><\/td>\n<td style=\"width: 33.3333%;\"><img loading=\"lazy\" decoding=\"async\" class=\"size-medium wp-image-9443 aligncenter\" src=\"https:\/\/agora.xtec.cat\/escola-les-escomes\/wp-content\/uploads\/usu361\/2025\/11\/55024a26-44ca-4c43-9c47-28630d1462a4-139x300.jpg\" alt=\"\" width=\"139\" height=\"300\" srcset=\"https:\/\/agora.xtec.cat\/escola-les-escomes\/wp-content\/uploads\/usu361\/2025\/11\/55024a26-44ca-4c43-9c47-28630d1462a4-139x300.jpg 139w, https:\/\/agora.xtec.cat\/escola-les-escomes\/wp-content\/uploads\/usu361\/2025\/11\/55024a26-44ca-4c43-9c47-28630d1462a4-473x1024.jpg 473w, https:\/\/agora.xtec.cat\/escola-les-escomes\/wp-content\/uploads\/usu361\/2025\/11\/55024a26-44ca-4c43-9c47-28630d1462a4-768x1663.jpg 768w, https:\/\/agora.xtec.cat\/escola-les-escomes\/wp-content\/uploads\/usu361\/2025\/11\/55024a26-44ca-4c43-9c47-28630d1462a4-709x1536.jpg 709w, https:\/\/agora.xtec.cat\/escola-les-escomes\/wp-content\/uploads\/usu361\/2025\/11\/55024a26-44ca-4c43-9c47-28630d1462a4.jpg 942w\" sizes=\"auto, (max-width: 139px) 100vw, 139px\" \/><\/td>\n<\/tr>\n<\/tbody>\n<\/table>\n<h3>Cuina i monitores menjador<\/h3>\n<h3><\/h3>\n","protected":false},"excerpt":{"rendered":"<p>Maria Collell Directora \/ Referent Entorn Jordi Hostench Cap d&#8217;estudis \/ Especialista d&#8217;Educaci\u00f3 F\u00edsica CM i CS F\u00e0tima Casellas Secret\u00e0ria Montse Picart Tutora d&#8217;I3 Laura Quicios Tutora d&#8217;I4 \/ Coordinadora de Riscos Laborals \/ Biblioteca Cristina Marzo Tutora d&#8217;I5 Marta Segu\u00ed Tutora de 1r \/ Coordinadora d&#8217;Infantil Eva Arrey Tutora de 2n \/ Coordinadora LIC [&hellip;]<\/p>\n","protected":false},"author":1,"featured_media":0,"parent":22,"menu_order":7,"comment_status":"closed","ping_status":"closed","template":"","meta":{"_bbp_topic_count":0,"_bbp_reply_count":0,"_bbp_total_topic_count":0,"_bbp_total_reply_count":0,"_bbp_voice_count":0,"_bbp_anonymous_reply_count":0,"_bbp_topic_count_hidden":0,"_bbp_reply_count_hidden":0,"_bbp_forum_subforum_count":0,"site-sidebar-layout":"default","site-content-layout":"","ast-site-content-layout":"default","site-content-style":"default","site-sidebar-style":"default","ast-global-header-display":"","ast-banner-title-visibility":"","ast-main-header-display":"","ast-hfb-above-header-display":"","ast-hfb-below-header-display":"","ast-hfb-mobile-header-display":"","site-post-title":"","ast-breadcrumbs-content":"","ast-featured-img":"","footer-sml-layout":"","theme-transparent-header-meta":"","adv-header-id-meta":"","stick-header-meta":"","header-above-stick-meta":"","header-main-stick-meta":"","header-below-stick-meta":"","astra-migrate-meta-layouts":"set","ast-page-background-enabled":"default","ast-page-background-meta":{"desktop":{"background-color":"var(--ast-global-color-4)","background-image":"","background-repeat":"repeat","background-position":"center center","background-size":"auto","background-attachment":"scroll","background-type":"","background-media":"","overlay-type":"","overlay-color":"","overlay-opacity":"","overlay-gradient":""},"tablet":{"background-color":"","background-image":"","background-repeat":"repeat","background-position":"center center","background-size":"auto","background-attachment":"scroll","background-type":"","background-media":"","overlay-type":"","overlay-color":"","overlay-opacity":"","overlay-gradient":""},"mobile":{"background-color":"","background-image":"","background-repeat":"repeat","background-position":"center center","background-size":"auto","background-attachment":"scroll","background-type":"","background-media":"","overlay-type":"","overlay-color":"","overlay-opacity":"","overlay-gradient":""}},"ast-content-background-meta":{"desktop":{"background-color":"var(--ast-global-color-5)","background-image":"","background-repeat":"repeat","background-position":"center center","background-size":"auto","background-attachment":"scroll","background-type":"","background-media":"","overlay-type":"","overlay-color":"","overlay-opacity":"","overlay-gradient":""},"tablet":{"background-color":"var(--ast-global-color-5)","background-image":"","background-repeat":"repeat","background-position":"center center","background-size":"auto","background-attachment":"scroll","background-type":"","background-media":"","overlay-type":"","overlay-color":"","overlay-opacity":"","overlay-gradient":""},"mobile":{"background-color":"var(--ast-global-color-5)","background-image":"","background-repeat":"repeat","background-position":"center center","background-size":"auto","background-attachment":"scroll","background-type":"","background-media":"","overlay-type":"","overlay-color":"","overlay-opacity":"","overlay-gradient":""}},"footnotes":""},"class_list":["post-806","page","type-page","status-publish","hentry"],"post_mailing_queue_ids":[],"_links":{"self":[{"href":"https:\/\/agora.xtec.cat\/escola-les-escomes\/wp-json\/wp\/v2\/pages\/806","targetHints":{"allow":["GET"]}}],"collection":[{"href":"https:\/\/agora.xtec.cat\/escola-les-escomes\/wp-json\/wp\/v2\/pages"}],"about":[{"href":"https:\/\/agora.xtec.cat\/escola-les-escomes\/wp-json\/wp\/v2\/types\/page"}],"author":[{"embeddable":true,"href":"https:\/\/agora.xtec.cat\/escola-les-escomes\/wp-json\/wp\/v2\/users\/1"}],"replies":[{"embeddable":true,"href":"https:\/\/agora.xtec.cat\/escola-les-escomes\/wp-json\/wp\/v2\/comments?post=806"}],"version-history":[{"count":6,"href":"https:\/\/agora.xtec.cat\/escola-les-escomes\/wp-json\/wp\/v2\/pages\/806\/revisions"}],"predecessor-version":[{"id":9686,"href":"https:\/\/agora.xtec.cat\/escola-les-escomes\/wp-json\/wp\/v2\/pages\/806\/revisions\/9686"}],"up":[{"embeddable":true,"href":"https:\/\/agora.xtec.cat\/escola-les-escomes\/wp-json\/wp\/v2\/pages\/22"}],"wp:attachment":[{"href":"https:\/\/agora.xtec.cat\/escola-les-escomes\/wp-json\/wp\/v2\/media?parent=806"}],"curies":[{"name":"wp","href":"https:\/\/api.w.org\/{rel}","templated":true}]}}