{"id":3001,"date":"2021-09-20T15:15:14","date_gmt":"2021-09-20T13:15:14","guid":{"rendered":"https:\/\/agora.xtec.cat\/escola-les-escomes\/?page_id=3001"},"modified":"2023-06-20T10:28:49","modified_gmt":"2023-06-20T08:28:49","slug":"estrategia-digital-de-centre-edc","status":"publish","type":"page","link":"https:\/\/agora.xtec.cat\/escola-les-escomes\/projecte-educatiu\/estrategia-digital-de-centre-edc\/","title":{"rendered":"Estrat\u00e8gia digital de centre (EDC)"},"content":{"rendered":"<p>L\u2019EDC t\u00e9, b\u00e0sicament dues parts. Una primera part que \u00e9s m\u00e9s <strong>estrat\u00e8gica<\/strong>\u00a0(objectius, activitats, planificaci\u00f3, etc.), on es defineix on vol arribar el centre digitalment parlant. La segona part mostra la\u00a0<strong>cultura digital,<\/strong>\u00a0ja que \u00e9s on es va recollint el que el centre ja t\u00e9 establert en aquest sentit.<\/p>\n<p style=\"text-align: justify;\">Per entendre\u2019ns, la part estrat\u00e8gica \u00e9s com volem que acabi sent el centre i com aconseguir-ho,\u00a0<em><strong>on volem anar?,<\/strong><\/em>\u00a0i la part de cultura digital s\u00f3n els plans, procediments, protocols, normatives, serveis i acords que el centre ja utilitza,\u00a0<strong><em>que estem fent?<\/em><\/strong><\/p>\n<p style=\"text-align: center;\"><a class=\"button normal\" style=\"padding: 1em; font-weight: 400; margin: 0.1em; color: white !important; background-color: #55cd00;\" href=\"https:\/\/sites.google.com\/xtec.cat\/edc-escola-les-escomes\/inici\" rel=\"noopener noreferrer\">EDC Escola Les Escomes<\/a>\n<\/p>\n<p><img loading=\"lazy\" decoding=\"async\" class=\"aligncenter size-full wp-image-6644\" src=\"https:\/\/agora.xtec.cat\/escola-les-escomes\/wp-content\/uploads\/usu361\/2023\/05\/img_EDC_graph_01-574x1024-1.png\" alt=\"\" width=\"574\" height=\"1024\" srcset=\"https:\/\/agora.xtec.cat\/escola-les-escomes\/wp-content\/uploads\/usu361\/2023\/05\/img_EDC_graph_01-574x1024-1.png 574w, https:\/\/agora.xtec.cat\/escola-les-escomes\/wp-content\/uploads\/usu361\/2023\/05\/img_EDC_graph_01-574x1024-1-168x300.png 168w\" sizes=\"auto, (max-width: 574px) 100vw, 574px\" \/><\/p>\n","protected":false},"excerpt":{"rendered":"<p>L\u2019EDC t\u00e9, b\u00e0sicament dues parts. Una primera part que \u00e9s m\u00e9s estrat\u00e8gica\u00a0(objectius, activitats, planificaci\u00f3, etc.), on es defineix on vol arribar el centre digitalment parlant. La segona part mostra la\u00a0cultura digital,\u00a0ja que \u00e9s on es va recollint el que el centre ja t\u00e9 establert en aquest sentit. Per entendre\u2019ns, la part estrat\u00e8gica \u00e9s com volem [&hellip;]<\/p>\n","protected":false},"author":1,"featured_media":0,"parent":64,"menu_order":20,"comment_status":"closed","ping_status":"closed","template":"page-templates\/side-menu.php","meta":{"_bbp_topic_count":0,"_bbp_reply_count":0,"_bbp_total_topic_count":0,"_bbp_total_reply_count":0,"_bbp_voice_count":0,"_bbp_anonymous_reply_count":0,"_bbp_topic_count_hidden":0,"_bbp_reply_count_hidden":0,"_bbp_forum_subforum_count":0,"site-sidebar-layout":"default","site-content-layout":"","ast-site-content-layout":"","site-content-style":"default","site-sidebar-style":"default","ast-global-header-display":"","ast-banner-title-visibility":"","ast-main-header-display":"","ast-hfb-above-header-display":"","ast-hfb-below-header-display":"","ast-hfb-mobile-header-display":"","site-post-title":"","ast-breadcrumbs-content":"","ast-featured-img":"","footer-sml-layout":"","theme-transparent-header-meta":"","adv-header-id-meta":"","stick-header-meta":"","header-above-stick-meta":"","header-main-stick-meta":"","header-below-stick-meta":"","astra-migrate-meta-layouts":"default","ast-page-background-enabled":"default","ast-page-background-meta":{"desktop":{"background-color":"var(--ast-global-color-4)","background-image":"","background-repeat":"repeat","background-position":"center center","background-size":"auto","background-attachment":"scroll","background-type":"","background-media":"","overlay-type":"","overlay-color":"","overlay-opacity":"","overlay-gradient":""},"tablet":{"background-color":"","background-image":"","background-repeat":"repeat","background-position":"center center","background-size":"auto","background-attachment":"scroll","background-type":"","background-media":"","overlay-type":"","overlay-color":"","overlay-opacity":"","overlay-gradient":""},"mobile":{"background-color":"","background-image":"","background-repeat":"repeat","background-position":"center center","background-size":"auto","background-attachment":"scroll","background-type":"","background-media":"","overlay-type":"","overlay-color":"","overlay-opacity":"","overlay-gradient":""}},"ast-content-background-meta":{"desktop":{"background-color":"var(--ast-global-color-5)","background-image":"","background-repeat":"repeat","background-position":"center center","background-size":"auto","background-attachment":"scroll","background-type":"","background-media":"","overlay-type":"","overlay-color":"","overlay-opacity":"","overlay-gradient":""},"tablet":{"background-color":"var(--ast-global-color-5)","background-image":"","background-repeat":"repeat","background-position":"center center","background-size":"auto","background-attachment":"scroll","background-type":"","background-media":"","overlay-type":"","overlay-color":"","overlay-opacity":"","overlay-gradient":""},"mobile":{"background-color":"var(--ast-global-color-5)","background-image":"","background-repeat":"repeat","background-position":"center center","background-size":"auto","background-attachment":"scroll","background-type":"","background-media":"","overlay-type":"","overlay-color":"","overlay-opacity":"","overlay-gradient":""}},"footnotes":""},"class_list":["post-3001","page","type-page","status-publish","hentry"],"post_mailing_queue_ids":[],"_links":{"self":[{"href":"https:\/\/agora.xtec.cat\/escola-les-escomes\/wp-json\/wp\/v2\/pages\/3001","targetHints":{"allow":["GET"]}}],"collection":[{"href":"https:\/\/agora.xtec.cat\/escola-les-escomes\/wp-json\/wp\/v2\/pages"}],"about":[{"href":"https:\/\/agora.xtec.cat\/escola-les-escomes\/wp-json\/wp\/v2\/types\/page"}],"author":[{"embeddable":true,"href":"https:\/\/agora.xtec.cat\/escola-les-escomes\/wp-json\/wp\/v2\/users\/1"}],"replies":[{"embeddable":true,"href":"https:\/\/agora.xtec.cat\/escola-les-escomes\/wp-json\/wp\/v2\/comments?post=3001"}],"version-history":[{"count":3,"href":"https:\/\/agora.xtec.cat\/escola-les-escomes\/wp-json\/wp\/v2\/pages\/3001\/revisions"}],"predecessor-version":[{"id":6749,"href":"https:\/\/agora.xtec.cat\/escola-les-escomes\/wp-json\/wp\/v2\/pages\/3001\/revisions\/6749"}],"up":[{"embeddable":true,"href":"https:\/\/agora.xtec.cat\/escola-les-escomes\/wp-json\/wp\/v2\/pages\/64"}],"wp:attachment":[{"href":"https:\/\/agora.xtec.cat\/escola-les-escomes\/wp-json\/wp\/v2\/media?parent=3001"}],"curies":[{"name":"wp","href":"https:\/\/api.w.org\/{rel}","templated":true}]}}