{"id":780,"date":"2026-09-01T09:00:14","date_gmt":"2026-09-01T07:00:14","guid":{"rendered":"https:\/\/agora.xtec.cat\/escola-josep-orriols-i-roca\/?page_id=780"},"modified":"2026-08-28T16:09:01","modified_gmt":"2026-08-28T14:09:01","slug":"qui-som","status":"publish","type":"page","link":"https:\/\/agora.xtec.cat\/escola-josep-orriols-i-roca\/butlleti-informatiu\/qui-som\/","title":{"rendered":"Qui som. Curs 2026\/27"},"content":{"rendered":"<h5><span style=\"color: #ff0000;\">correu administraci\u00f3 (circulars fam\u00edlia-escola): escolajoseporriols@jor.cat<\/span><\/h5>\n<ul>\n<li><strong>EQUIP DIRECTIU I COORDINACIONS<\/strong><\/li>\n<\/ul>\n<table style=\"border-color: #f2f20a; background-color: #f5f5f0; width: 93.4617%; height: 388px;\">\n<tbody>\n<tr style=\"height: 31px;\">\n<td style=\"width: 16.8764%; height: 10px; background-color: #bdb7b7;\">\n<h5><strong>C\u00e0rrec<\/strong><\/h5>\n<\/td>\n<td style=\"width: 17.1899%; height: 10px; background-color: #bdb7b7;\">\n<h5 style=\"text-align: center;\"><strong>Nom<\/strong><\/h5>\n<\/td>\n<td style=\"width: 6.12557%; background-color: #bdb7b7; height: 10px;\">\n<h5 style=\"text-align: center;\"><strong>CORREU<\/strong><\/h5>\n<\/td>\n<\/tr>\n<tr style=\"height: 32px;\">\n<td style=\"width: 16.8764%; height: 32px;\"><strong>Directora<\/strong><\/td>\n<td style=\"width: 17.1899%; height: 32px;\">Raquel de la Sierra<\/td>\n<td style=\"width: 6.12557%; height: 90px;\" rowspan=\"3\">a8022094@xtec.cat<\/td>\n<\/tr>\n<tr style=\"height: 31px;\">\n<td style=\"width: 16.8764%; height: 10px;\"><strong>Cap d&#8217;estudis<\/strong><\/td>\n<td style=\"width: 17.1899%; height: 10px;\">Albert Rodr\u00edguez<\/td>\n<\/tr>\n<tr style=\"height: 48px;\">\n<td style=\"width: 16.8764%; height: 48px;\"><strong>Secret\u00e0ria<\/strong><\/td>\n<td style=\"width: 17.1899%; height: 48px;\">Aida Deig<\/td>\n<\/tr>\n<tr style=\"height: 32px;\">\n<td style=\"width: 16.8764%; height: 32px;\"><strong>Coordinaci\u00f3 EI<\/strong><\/td>\n<td style=\"width: 17.1899%; height: 32px;\">Fanny Garcia<\/td>\n<td style=\"width: 6.12557%; height: 32px;\"><\/td>\n<\/tr>\n<tr style=\"height: 32px;\">\n<td style=\"width: 16.8764%; height: 32px;\"><strong>Coordinaci\u00f3 CI<\/strong><\/td>\n<td style=\"width: 17.1899%; height: 32px;\">S\u00edlvia Casellas<\/td>\n<td style=\"width: 6.12557%; height: 32px;\"><\/td>\n<\/tr>\n<tr style=\"height: 48px;\">\n<td style=\"width: 16.8764%; height: 48px;\"><strong>Coordinaci\u00f3 CM<\/strong><\/td>\n<td style=\"width: 17.1899%; height: 48px;\">Vicki Tanti\u00f1\u00e0<\/td>\n<td style=\"width: 6.12557%; height: 48px;\"><\/td>\n<\/tr>\n<tr style=\"height: 32px;\">\n<td style=\"width: 16.8764%; height: 32px;\"><strong>Coordinaci\u00f3 CS<\/strong><\/td>\n<td style=\"width: 17.1899%; height: 32px;\">Montse Ramon<\/td>\n<td style=\"width: 6.12557%; height: 32px;\"><\/td>\n<\/tr>\n<tr style=\"height: 48px;\">\n<td style=\"width: 16.8764%; height: 48px;\"><strong>Coordinaci\u00f3 LIC, Erasmus CETE+ i GEP<\/strong><\/td>\n<td style=\"width: 17.1899%; height: 48px;\">Griselda Aragay<\/td>\n<td style=\"width: 6.12557%; height: 48px;\"><\/td>\n<\/tr>\n<tr style=\"height: 32px;\">\n<td style=\"width: 16.8764%; height: 32px;\"><strong>Coordinaci\u00f3 TAC<\/strong><\/td>\n<td style=\"width: 17.1899%; height: 32px;\">Gerard C\u00e9sar<\/td>\n<td style=\"width: 6.12557%; height: 32px;\"><\/td>\n<\/tr>\n<tr>\n<td style=\"width: 16.8764%;\"><strong>Coordinaci\u00f3 Coeducaci\u00f3<\/strong><\/td>\n<td style=\"width: 17.1899%;\">M\u00f2nica Sentias<\/td>\n<td style=\"width: 6.12557%;\"><\/td>\n<\/tr>\n<tr style=\"height: 32px;\">\n<td style=\"width: 16.8764%; height: 32px;\"><strong>Coordinaci\u00f3 Riscos<\/strong><\/td>\n<td style=\"width: 17.1899%; height: 32px;\">Montse Nogu\u00e9s<\/td>\n<td style=\"width: 6.12557%; height: 32px;\"><\/td>\n<\/tr>\n<\/tbody>\n<\/table>\n<ul>\n<li style=\"list-style-type: none;\">\n<ul>\n<li><strong>EQUIP DE MESTRES EDUCACI\u00d3 INFANTIL<\/strong><\/li>\n<\/ul>\n<\/li>\n<\/ul>\n<table style=\"border-color: #f2f20a; background-color: #f5f5f0; width: 93.4617%; height: 162px;\">\n<tbody>\n<tr style=\"height: 31px;\">\n<td style=\"width: 5.50316%; height: 10px; background-color: #bdb7b7;\">\n<h5><strong>GRUPS\u00a0<\/strong><\/h5>\n<\/td>\n<td style=\"width: 7.3733%; height: 10px; background-color: #bdb7b7;\">\n<h5 style=\"text-align: center;\"><strong>TUTORES<\/strong><\/h5>\n<\/td>\n<td style=\"width: 27.3155%; background-color: #bdb7b7; height: 10px;\">\n<h5 style=\"text-align: center;\"><strong>CORREU CORPORATIU<\/strong><\/h5>\n<\/td>\n<\/tr>\n<tr style=\"height: 32px;\">\n<td style=\"width: 5.50316%; height: 32px;\"><strong>I3 A<\/strong><\/td>\n<td style=\"width: 7.3733%; height: 31px;\">Anna B<\/td>\n<td style=\"width: 27.3155%; height: 31px;\">abarreiros<span style=\"background-color: #f5f5f0;\">@jor.cat<\/span><\/td>\n<\/tr>\n<tr style=\"height: 31px;\">\n<td style=\"width: 5.50316%; height: 10px;\"><strong>I3 B<\/strong><\/td>\n<td style=\"width: 7.3733%; height: 31px;\">N\u00faria R.<\/td>\n<td style=\"width: 27.3155%; height: 31px;\">nriera@jor.cat<\/td>\n<\/tr>\n<tr style=\"height: 31px;\">\n<td style=\"width: 5.50316%; height: 17px;\"><strong>I4 A<\/strong><\/td>\n<td style=\"width: 7.3733%; height: 32px;\">Fanny<\/td>\n<td style=\"width: 27.3155%; height: 32px;\">fgarcia@jor.cat<\/td>\n<\/tr>\n<tr style=\"height: 31px;\">\n<td style=\"width: 5.50316%; height: 31px;\"><strong>I4 B<\/strong><\/td>\n<td style=\"width: 7.3733%; height: 10px;\">Anna C.<\/td>\n<td style=\"width: 27.3155%; height: 10px;\">acamps@jor.cat<\/td>\n<\/tr>\n<tr style=\"height: 31px;\">\n<td style=\"width: 5.50316%; height: 31px;\"><strong>I5 A<\/strong><\/td>\n<td style=\"width: 7.3733%; height: 31px;\">N\u00faria C<\/td>\n<td style=\"width: 27.3155%; height: 31px;\">ncapdevila@jor.cat<\/td>\n<\/tr>\n<tr style=\"height: 31px;\">\n<td style=\"width: 5.50316%; height: 31px;\"><strong>I5 B<\/strong><\/td>\n<td style=\"width: 7.3733%; height: 31px;\">Susana<\/td>\n<td style=\"width: 27.3155%; height: 31px;\">smartinez@jor.cat<\/td>\n<\/tr>\n<\/tbody>\n<\/table>\n<p><strong>Especialitats i atenci\u00f3 diversitat<\/strong>:<\/p>\n<ul>\n<li><strong>TEI I3: <\/strong>Meritxell<\/li>\n<li><strong>Refor\u00e7 I4 i I5: <\/strong>Tutores paral\u00b7leles<\/li>\n<li><strong>Mestra Audici\u00f3 i llenguatge (MALL): <\/strong>Lourdes<\/li>\n<li><strong>SIEI:<\/strong> Vicki i Mireia<\/li>\n<li><strong>M\u00fasica<\/strong>: Francesc<\/li>\n<\/ul>\n<ul>\n<li style=\"list-style-type: none;\">\n<ul>\n<li><strong>EQUIP DE MESTRES CICLE INICIAL<\/strong><\/li>\n<\/ul>\n<\/li>\n<\/ul>\n<table style=\"border-color: #f2f20a; background-color: #f5f5f0; width: 93.4617%; height: 100px;\">\n<tbody>\n<tr style=\"height: 31px;\">\n<td style=\"width: 5.50316%; height: 10px; background-color: #bdb7b7;\">\n<h5><strong>GRUPS\u00a0<\/strong><\/h5>\n<\/td>\n<td style=\"width: 7.3733%; height: 10px; background-color: #bdb7b7;\">\n<h5 style=\"text-align: center;\"><strong>REFERENT AULA<\/strong><\/h5>\n<\/td>\n<td style=\"width: 27.3155%; background-color: #bdb7b7; height: 10px;\">\n<h5 style=\"text-align: center;\"><strong>CORREU CORPORATIU<\/strong><\/h5>\n<\/td>\n<\/tr>\n<tr style=\"height: 32px;\">\n<td style=\"width: 5.50316%; height: 32px;\"><strong>1r A<\/strong><\/td>\n<td style=\"width: 7.3733%; height: 32px;\">Isabel<\/td>\n<td style=\"width: 27.3155%; height: 32px;\">imarcos@jor.cat<\/td>\n<\/tr>\n<tr style=\"height: 31px;\">\n<td style=\"width: 5.50316%; height: 10px;\"><strong>1r B<\/strong><\/td>\n<td style=\"width: 7.3733%; height: 10px;\">S\u00edlvia<\/td>\n<td style=\"width: 27.3155%; height: 10px;\">scasellas@jor.cat<\/td>\n<\/tr>\n<tr style=\"height: 31px;\">\n<td style=\"width: 5.50316%; height: 17px;\"><strong>2n A<\/strong><\/td>\n<td style=\"width: 7.3733%; height: 32px;\">J\u00e8ssica<\/td>\n<td style=\"width: 27.3155%; height: 32px;\">jcomellas@jor.cat<\/td>\n<\/tr>\n<tr style=\"height: 31px;\">\n<td style=\"width: 5.50316%; height: 31px;\"><strong>2n B<\/strong><\/td>\n<td style=\"width: 7.3733%; height: 10px;\">Llu\u00eds<\/td>\n<td style=\"width: 27.3155%; height: 10px;\">lautonell@jor.cat<\/td>\n<\/tr>\n<\/tbody>\n<\/table>\n<p><strong>Especialitats i atenci\u00f3 diversitat<\/strong>:<\/p>\n<ul>\n<li><strong>\u00c0mbit Ling\u00fc\u00edstic:<\/strong>S\u00edlvia (1r) i J\u00e8ssica (2n)<\/li>\n<li><strong>\u00c0mbit matem\u00e0tic: <\/strong>Isabel (1r) i Llu\u00eds (2n)<\/li>\n<li><b>Refor\u00e7: <\/b>Tutores paral\u00b7leles, Joel i Aida<\/li>\n<li><strong>Especialista m\u00fasica:\u00a0<\/strong>Francesc<\/li>\n<li><strong>Especialista educaci\u00f3 f\u00edsica:\u00a0<\/strong>Montse R.i Llu\u00eds (2n)<\/li>\n<li><strong>Especialista llengua estrangera (angl\u00e8s): <\/strong>\u00c0ngels<\/li>\n<li><strong>MALL: <\/strong>Lourdes<\/li>\n<li><strong>SIEI:<\/strong> Vicki i Mireia<\/li>\n<\/ul>\n<ul>\n<li style=\"list-style-type: none;\">\n<ul>\n<li><strong>EQUIP DE MESTRES CICLE MITJ\u00c0<\/strong><\/li>\n<\/ul>\n<\/li>\n<\/ul>\n<table style=\"border-color: #f2f20a; background-color: #f5f5f0; width: 93.4617%; height: 100px;\">\n<tbody>\n<tr style=\"height: 31px;\">\n<td style=\"width: 5.50316%; height: 10px; background-color: #bdb7b7;\">\n<h5><strong>GRUPS\u00a0<\/strong><\/h5>\n<\/td>\n<td style=\"width: 7.3733%; height: 10px; background-color: #bdb7b7;\">\n<h5 style=\"text-align: center;\"><strong>REFERENTS AULA<\/strong><\/h5>\n<\/td>\n<td style=\"width: 27.3155%; background-color: #bdb7b7; height: 10px;\">\n<h5 style=\"text-align: center;\"><strong>CORREU CORPORATIU<\/strong><\/h5>\n<\/td>\n<\/tr>\n<tr style=\"height: 32px;\">\n<td style=\"width: 5.50316%; height: 32px;\"><strong>3r\u00a0<\/strong><\/td>\n<td style=\"width: 7.3733%; height: 32px;\">Gema<\/td>\n<td style=\"width: 27.3155%; height: 32px;\">gbernat@jor.cat<\/td>\n<\/tr>\n<tr style=\"height: 31px;\">\n<td style=\"width: 5.50316%; height: 10px;\"><\/td>\n<td style=\"width: 7.3733%; height: 10px;\"><\/td>\n<td style=\"width: 27.3155%; height: 10px;\"><\/td>\n<\/tr>\n<tr style=\"height: 31px;\">\n<td style=\"width: 5.50316%; height: 17px;\"><strong>4t A<\/strong><\/td>\n<td style=\"width: 7.3733%; height: 32px;\">Cristina<\/td>\n<td style=\"width: 27.3155%; height: 32px;\">cmorales@jor.cat<\/td>\n<\/tr>\n<tr style=\"height: 31px;\">\n<td style=\"width: 5.50316%; height: 31px;\"><strong>4t B<\/strong><\/td>\n<td style=\"width: 7.3733%; height: 31px;\">Carla<\/td>\n<td style=\"width: 27.3155%; height: 31px;\">ccasarramona@jor.cat<\/td>\n<\/tr>\n<\/tbody>\n<\/table>\n<p><strong>Especialitats i atenci\u00f3 diversitat<\/strong>:<\/p>\n<ul>\n<li><strong>\u00c0mbit Ling\u00fc\u00edstic:<\/strong> Gema (3r) i\u00a0 Carla (4t)<\/li>\n<li><strong>\u00c0mbit Cient\u00edfic: <\/strong>Albert (3r) i Cristina (4t)<\/li>\n<li><strong>Refor\u00e7: <\/strong>Albert i tutores paral\u00b7leles<\/li>\n<li><strong>Especialista m\u00fasica:\u00a0<\/strong>Francesc<\/li>\n<li><strong>Especialista educaci\u00f3 f\u00edsica:\u00a0<\/strong>Montse R.<\/li>\n<li><strong>Especialista llengua estrangera (angl\u00e8s): <\/strong>\u00a0Griselda (3r) i Belen (4t)<\/li>\n<li><strong>Educaci\u00f3 Especial : <\/strong>M\u00f2nica<\/li>\n<li><strong>SIEI:<\/strong> Vicki i Mireia<\/li>\n<\/ul>\n<ul>\n<li style=\"list-style-type: none;\">\n<ul>\n<li><strong>EQUIP DE MESTRES CICLE SUPERIOR<\/strong><\/li>\n<\/ul>\n<\/li>\n<\/ul>\n<table style=\"border-color: #f2f20a; background-color: #f5f5f0; width: 93.4617%; height: 100px;\">\n<tbody>\n<tr style=\"height: 31px;\">\n<td style=\"width: 5.50316%; height: 10px; background-color: #bdb7b7;\">\n<h5><strong>GRUPS\u00a0<\/strong><\/h5>\n<\/td>\n<td style=\"width: 7.3733%; height: 10px; background-color: #bdb7b7;\">\n<h5 style=\"text-align: center;\"><strong>REFERENTS AULA<\/strong><\/h5>\n<\/td>\n<td style=\"width: 27.3155%; background-color: #bdb7b7; height: 10px;\">\n<h5 style=\"text-align: center;\"><strong>CORREU CORPORATIU<\/strong><\/h5>\n<\/td>\n<\/tr>\n<tr style=\"height: 32px;\">\n<td style=\"width: 5.50316%; height: 32px;\"><strong>5\u00e8 A<\/strong><\/td>\n<td style=\"width: 7.3733%; height: 32px;\">Carmen<\/td>\n<td style=\"width: 27.3155%; height: 32px;\">cferron@jor.cat<\/td>\n<\/tr>\n<tr style=\"height: 31px;\">\n<td style=\"width: 5.50316%; height: 10px;\"><strong>5\u00e8 B<\/strong><\/td>\n<td style=\"width: 7.3733%; height: 10px;\">Arnau<\/td>\n<td style=\"width: 27.3155%; height: 10px;\">apons@jor.cat<\/td>\n<\/tr>\n<tr style=\"height: 31px;\">\n<td style=\"width: 5.50316%; height: 17px;\"><strong>6\u00e8 A<\/strong><\/td>\n<td style=\"width: 7.3733%; height: 17px;\">Gl\u00f2ria<\/td>\n<td style=\"width: 27.3155%; height: 17px;\">gmiranda@jor.cat<\/td>\n<\/tr>\n<tr style=\"height: 31px;\">\n<td style=\"width: 5.50316%; height: 31px;\"><strong>6\u00e8 B<\/strong><\/td>\n<td style=\"width: 7.3733%; height: 10px;\">Gerard<\/td>\n<td style=\"width: 27.3155%; height: 10px;\">gcesar@jor.cat<\/td>\n<\/tr>\n<\/tbody>\n<\/table>\n<p><strong>Especialitats i atenci\u00f3 diversitat<\/strong>:<\/p>\n<ul>\n<li><strong>\u00c0mbit Ling\u00fc\u00edstic: <\/strong>Carmen (5\u00e8) i Gl\u00f2ria (6\u00e8)<\/li>\n<li><strong>\u00c0mbit Cient\u00edfic: <\/strong>Arnau (5\u00e8) i Gerard (6\u00e8)<\/li>\n<li><strong>Refor\u00e7: <\/strong>Raquel i mestres paral\u00b7lels<\/li>\n<li><strong>Especialista m\u00fasica:\u00a0<\/strong>Francesc<\/li>\n<li><strong>Especialista educaci\u00f3 f\u00edsica:\u00a0<\/strong>Montse R<\/li>\n<li><strong>Especialista llengua estrangera (angl\u00e8s): <\/strong>Montse N i Griselda (science 5\u00e8 i codoc\u00e8ncia global scholar)<\/li>\n<li><strong>Educaci\u00f3 Especial: <\/strong>M\u00f2nica<\/li>\n<li><strong>SIEI:<\/strong> Vicki\u00a0 i Mireia<\/li>\n<\/ul>\n<p><strong>ALTRES DOCENTS QUE INTERVENEN A PRIM\u00c0RIA:<\/strong><\/p>\n<ul>\n<li style=\"list-style-type: none;\">\n<ul>\n<li><strong>CREDA<\/strong>:\n<ul>\n<li>Montserrat C.<\/li>\n<\/ul>\n<\/li>\n<li><strong>Religi\u00f3: <\/strong>\n<ul>\n<li>Olga<\/li>\n<\/ul>\n<\/li>\n<li><strong>Conversa angl\u00e8s Ministerio de Educaci\u00f3n CS):<\/strong>\n<ul>\n<li>Michell<\/li>\n<\/ul>\n<\/li>\n<\/ul>\n<\/li>\n<\/ul>\n<ul>\n<li><strong>PAS<\/strong>\n<ul>\n<li>Administrativa: Dolors<\/li>\n<li>Conserge: Cristina R.<\/li>\n<li>Vetlladores: Laia i Mireia<\/li>\n<\/ul>\n<\/li>\n<\/ul>\n","protected":false},"excerpt":{"rendered":"<p>correu administraci\u00f3 (circulars fam\u00edlia-escola): escolajoseporriols@jor.cat<\/p>\n<ul>\n<li>EQUIP DIRECTIU I COORDINACIONS<\/li>\n<\/ul>\n<p>C\u00e0rrec<\/p>\n<p>Nom<\/p>\n<p>CORREU<\/p>\n<p>Directora<br \/>\nRaquel de la Sierra<br \/>\na8022094@xtec.cat<\/p>\n<p>Cap d&#8217;estudis<br \/>\nAlbert Rodr\u00edguez<\/p>\n<p>Secret\u00e0ria<br \/>\nAida Deig<\/p>\n<p>Coordinaci\u00f3 EI<br \/>\nFanny Garcia<\/p>\n<p>Coordinaci\u00f3 CI<br \/>\nS\u00edlvia Casellas<\/p>\n<p>Coordinaci\u00f3 CM<br \/>\nVicki Tanti\u00f1\u00e0<\/p>\n<p>Coordinaci\u00f3 CS<br \/>\nMontse Ramon<\/p>\n<p>Coordinaci\u00f3 LIC, Erasmus CETE+ i GEP<br \/>\nGriselda Aragay<\/p>\n<p>Coordinaci\u00f3 TAC<br \/>\nGerard C\u00e9sar<\/p>\n<p>Coordinaci\u00f3 Coeducaci\u00f3<br \/>\nM\u00f2nica Sentias<\/p>\n<p>Coordinaci\u00f3 Riscos<br \/>\nMontse Nogu\u00e9s<\/p>\n<ul>\n<li style=\"list-style-type: none;\">\n<ul>\n<li>EQUIP DE MESTRES EDUCACI\u00d3 INFANTIL<\/li>\n<\/ul>\n<\/li>\n<\/ul>\n<p>GRUPS\u00a0<\/p>\n<p>TUTORES<\/p>\n<p>CORREU CORPORATIU<\/p>\n<p>I3 A<br \/>\nAnna B<br \/>\nabarreiros@jor.cat<\/p>\n<p>I3 B<br \/>\nN\u00faria R.<br \/>\nnriera@jor.cat<\/p>\n<p>I4&hellip;  <a href=\"https:\/\/agora.xtec.cat\/escola-josep-orriols-i-roca\/butlleti-informatiu\/qui-som\/\" title=\"Read Qui som. Curs 2026\/27\">Llegeix m\u00e9s\u00bb<\/a><\/p>\n","protected":false},"author":1,"featured_media":0,"parent":616,"menu_order":0,"comment_status":"closed","ping_status":"closed","template":"page-templates\/side-menu.php","meta":{"_bbp_topic_count":0,"_bbp_reply_count":0,"_bbp_total_topic_count":0,"_bbp_total_reply_count":0,"_bbp_voice_count":0,"_bbp_anonymous_reply_count":0,"_bbp_topic_count_hidden":0,"_bbp_reply_count_hidden":0,"_bbp_forum_subforum_count":0,"footnotes":""},"class_list":["post-780","page","type-page","status-publish","hentry"],"post_mailing_queue_ids":[],"_links":{"self":[{"href":"https:\/\/agora.xtec.cat\/escola-josep-orriols-i-roca\/wp-json\/wp\/v2\/pages\/780","targetHints":{"allow":["GET"]}}],"collection":[{"href":"https:\/\/agora.xtec.cat\/escola-josep-orriols-i-roca\/wp-json\/wp\/v2\/pages"}],"about":[{"href":"https:\/\/agora.xtec.cat\/escola-josep-orriols-i-roca\/wp-json\/wp\/v2\/types\/page"}],"author":[{"embeddable":true,"href":"https:\/\/agora.xtec.cat\/escola-josep-orriols-i-roca\/wp-json\/wp\/v2\/users\/1"}],"replies":[{"embeddable":true,"href":"https:\/\/agora.xtec.cat\/escola-josep-orriols-i-roca\/wp-json\/wp\/v2\/comments?post=780"}],"version-history":[{"count":6,"href":"https:\/\/agora.xtec.cat\/escola-josep-orriols-i-roca\/wp-json\/wp\/v2\/pages\/780\/revisions"}],"predecessor-version":[{"id":8770,"href":"https:\/\/agora.xtec.cat\/escola-josep-orriols-i-roca\/wp-json\/wp\/v2\/pages\/780\/revisions\/8770"}],"up":[{"embeddable":true,"href":"https:\/\/agora.xtec.cat\/escola-josep-orriols-i-roca\/wp-json\/wp\/v2\/pages\/616"}],"wp:attachment":[{"href":"https:\/\/agora.xtec.cat\/escola-josep-orriols-i-roca\/wp-json\/wp\/v2\/media?parent=780"}],"curies":[{"name":"wp","href":"https:\/\/api.w.org\/{rel}","templated":true}]}}